{"id":802,"name":"porozumienia-w-sprawie-odpadow-opakowaniowych","title":"Porozumienia w sprawie odpad\u00f3w opakowaniowych","desc":"","header":"Porozumienia w sprawie odpad\u00f3w opakowaniowych","lead":"","keywords":"","changes":"Edycja tre\u015bci strony","menu":"Porozumienia w sprawie odpad\u00f3w opakowaniowych","path":"\/dzialalnosc_urzedu\/srodowisko\/porozumienia-w-sprawie-odpadow-opakowaniowych.html","url":"\/dzialalnosc_urzedu\/srodowisko\/porozumienia-w-sprawie-odpadow-opakowaniowych.html","infoOwner":"Urz\u0105d Marsza\u0142kowski Wojew\u00f3dztwa \u015al\u0105skiego","dateFirstPublicate":"2014-07-25 09:27:20","dateLastVersionPublicate":"2025-07-24 08:01:42","dateAvailableFrom":"2024-05-20 15:00:31","dateAvailableTo":"","type":"Zwyk\u0142a","pageParams":[],"components":[{"id":"bf6d5eba-d119-11e7-80a9-005056b46601","type":"ContentWYSIWYG","name":"Tre\u015b\u0107","description":"Tre\u015b\u0107 strony","content":{"content":"\u003Ch2 style=\u0022text-align: center;\u0022\u003EPorozumienia zawarte z Marsza\u0142kiem Wojew\u00f3dztwa \u015al\u0105skiego\u003C\/h2\u003E\n\u003Cp\u003E\u003Cspan style=\u0022text-decoration: underline;\u0022\u003E\u003Cstrong\u003EPolska Izba Ekologii\u003C\/strong\u003E\u003C\/span\u003E\u003C\/p\u003E\n\u003Col\u003E\n\u003Cli\u003E\u003Ca href=\u0022https:\/\/bip.slaskie.pl\/resource\/file\/preview\/id.96070\u0022 title=\u0022Porozumienie nr 77\/OS\/2014\u0022\u003EPorozumienie nr 77\/OS\/2014\u003C\/a\u003E\u003C\/li\u003E\n\u003Cli\u003E\u003Ca href=\u0022https:\/\/bip.slaskie.pl\/resource\/file\/preview\/id.96071\u0022 title=\u0022Aneks do Porozumienia nr 77\/OS\/2014\u0022\u003EAneks do Porozumienia nr 77\/OS\/2014\u003C\/a\u003E\u003C\/li\u003E\n\u003Cli\u003E\u003Ca href=\u0022https:\/\/bip.slaskie.pl\/resource\/file\/preview\/id.96073\u0022 title=\u0022Porozumienie nr 80\/OS\/2014\u0022\u003EPorozumienie nr 80\/OS\/2014\u003C\/a\u003E\u003C\/li\u003E\n\u003Cli\u003E\u003Ca href=\u0022https:\/\/bip.slaskie.pl\/resource\/file\/preview\/id.96072\u0022 title=\u0022Aneks do Porozumienia nr 80\/OS\/2014\u0022\u003EAneks do Porozumienia nr 80\/OS\/2014\u003C\/a\u003E\u003C\/li\u003E\n\u003C\/ol\u003E\n\u003Cp\u003E\u003Cspan style=\u0022text-decoration: underline;\u0022\u003E\u003Cstrong\u003EJaworznicka Izba Gospodarcza w Jaworznie\u003C\/strong\u003E\u003C\/span\u003E\u003C\/p\u003E\n\u003Col\u003E\n\u003Cli\u003E\u003Ca href=\u0022https:\/\/bip.slaskie.pl\/resource\/file\/preview\/id.96069\u0022 title=\u0022Porozumienie nr 106\/OS\/2014\u0022\u003EPorozumienie nr 106\/OS\/2014\u003C\/a\u003E\u003C\/li\u003E\n\u003Cli\u003E\u003Ca href=\u0022https:\/\/bip.slaskie.pl\/resource\/file\/preview\/id.96068\u0022 title=\u0022Aneks do Porozumienia nr 106\/OS\/2014\u0022\u003EAneks do Porozumienia nr 106\/OS\/2014\u003C\/a\u003E\u003C\/li\u003E\n\u003C\/ol\u003E\n\u003Cp\u003E\u003Cspan style=\u0022text-decoration: underline;\u0022\u003E\u003Cstrong\u003EIzba Pracodawc\u00f3w Recyklingu Opakowa\u0144 EKOPAK w Katowicach\u003C\/strong\u003E\u003C\/span\u003E\u003C\/p\u003E\n\u003Col\u003E\n\u003Cli\u003E\u003Ca href=\u0022https:\/\/bip.slaskie.pl\/resource\/file\/preview\/id.96067\u0022 title=\u0022Porozumienie nr 1\/OS\/2018\u0022\u003EPorozumienie nr 1\/OS\/2018\u003C\/a\u003E\u003C\/li\u003E\n\u003Cli\u003E\u003Ca href=\u0022https:\/\/bip.slaskie.pl\/resource\/file\/preview\/id.96064\u0022 title=\u0022Aneks do Porozumienia nr 1\/OS\/2018\u0022\u003EAneks do Porozumienia nr 1\/OS\/2018\u003C\/a\u003E\u003C\/li\u003E\n\u003Cli\u003E\u003Ca href=\u0022https:\/\/bip.slaskie.pl\/resource\/file\/preview\/id.96066\u0022 title=\u0022Porozumienie nr 2\/OS\/2018\u0022\u003EPorozumienie nr 2\/OS\/2018\u003C\/a\u003E\u003C\/li\u003E\n\u003Cli\u003E\u003Ca href=\u0022https:\/\/bip.slaskie.pl\/resource\/file\/preview\/id.96065\u0022 title=\u0022Aneks do Porozumienia nr 2\/OS\/2018\u0022\u003EAneks do Porozumienia nr 2\/OS\/2018\u003C\/a\u003E\u003C\/li\u003E\n\u003C\/ol\u003E\n\u003Ch2 style=\u0022text-align: center;\u0022\u003E\u003C\/h2\u003E\n\u003Ch2 style=\u0022text-align: center;\u0022\u003ERaporty z Porozumie\u0144\u003C\/h2\u003E\n\u003Ch3\u003E\u003Cstrong\u003EPolska Izba Ekologii\u003C\/strong\u003E\u003C\/h3\u003E\n\u003Cp\u003EROK 2017\u003C\/p\u003E\n\u003Col\u003E\n\u003Cli\u003E\u003Ca href=\u0022https:\/\/bip.slaskie.pl\/resource\/file\/preview\/id.96075\u0022 title=\u0022Raport - opakowania po \u015brodkach niebezpiecznych\u0022\u003ERaport - opakowania po \u015brodkach niebezpiecznych\u003C\/a\u003E\u003C\/li\u003E\n\u003Cli\u003E\u003Ca href=\u0022https:\/\/bip.slaskie.pl\/resource\/file\/preview\/id.96117\u0022 title=\u0022Raport - opakowania wielomateria\u0142owe\u0022\u003ERaport - opakowania wielomateria\u0142owe\u003C\/a\u003E\u003C\/li\u003E\n\u003C\/ol\u003E\n\u003Cp\u003EROK 2018\u003C\/p\u003E\n\u003Col\u003E\n\u003Cli\u003E\u003Ca href=\u0022https:\/\/bip.slaskie.pl\/resource\/file\/preview\/id.96076\u0022 title=\u0022Raport - opakowania po \u015brodkach niebezpiecznych\u0022\u003ERaport - opakowania po \u015brodkach niebezpiecznych\u003C\/a\u003E\u003C\/li\u003E\n\u003Cli\u003E\u003Ca href=\u0022https:\/\/bip.slaskie.pl\/resource\/file\/preview\/id.96077\u0022 title=\u0022Raport - opakowania wielomateria\u0142owe\u0022\u003ERaport - opakowania wielomateria\u0142owe\u003C\/a\u003E\u003C\/li\u003E\n\u003C\/ol\u003E\n\u003Cp\u003EROK 2019\u003C\/p\u003E\n\u003Col\u003E\n\u003Cli\u003E\u003Ca href=\u0022https:\/\/bip.slaskie.pl\/resource\/file\/preview\/id.96079\u0022 title=\u0022Raport - opakowania po \u015brodkach niebezpiecznych\u0022\u003ERaport - opakowania po \u015brodkach niebezpiecznych\u003C\/a\u003E\u003C\/li\u003E\n\u003Cli\u003E\u003Ca href=\u0022https:\/\/bip.slaskie.pl\/resource\/file\/preview\/id.96078\u0022 title=\u0022Raport - opakowania wielomateria\u0142owe\u0022\u003ERaport - opakowania wielomateria\u0142owe\u003C\/a\u003E\u003C\/li\u003E\n\u003C\/ol\u003E\n\u003Cp\u003EROK 2020\u003C\/p\u003E\n\u003Col\u003E\n\u003Cli\u003E\u003Ca href=\u0022https:\/\/bip.slaskie.pl\/resource\/file\/preview\/id.96081\u0022 title=\u0022Raport - opakowania po \u015brodkach niebezpiecznych\u0022\u003ERaport - opakowania po \u015brodkach niebezpiecznych\u003C\/a\u003E\u003C\/li\u003E\n\u003Cli\u003E\u003Ca href=\u0022https:\/\/bip.slaskie.pl\/resource\/file\/preview\/id.96080\u0022 title=\u0022Raport - opakowania wielomateria\u0142owe\u0022\u003ERaport - opakowania wielomateria\u0142owe\u003C\/a\u003E\u003C\/li\u003E\n\u003C\/ol\u003E\n\u003Cp\u003EROK 2021\u003C\/p\u003E\n\u003Col\u003E\n\u003Cli\u003E\u003Ca href=\u0022https:\/\/bip.slaskie.pl\/resource\/file\/preview\/id.96082\u0022 title=\u0022Raport - opakowania po \u015brodkach niebezpiecznych\u0022\u003ERaport - opakowania po \u015brodkach niebezpiecznych\u003C\/a\u003E\u003C\/li\u003E\n\u003Cli\u003E\u003Ca href=\u0022https:\/\/bip.slaskie.pl\/resource\/file\/preview\/id.96074\u0022 title=\u0022Raport - opakowania wielomateria\u0142owe\u0022\u003ERaport - opakowania wielomateria\u0142owe\u003C\/a\u003E\u003C\/li\u003E\n\u003C\/ol\u003E\n\u003Cp\u003EROK 2022\u003C\/p\u003E\n\u003Col\u003E\n\u003Cli\u003E\u003Ca href=\u0022https:\/\/bip.slaskie.pl\/resource\/file\/preview\/id.96085\u0022 title=\u0022Raport - opakowania po \u015brodkach niebezpiecznych\u0022\u003ERaport - opakowania po \u015brodkach niebezpiecznych\u003C\/a\u003E\u003C\/li\u003E\n\u003Cli\u003E\u003Ca href=\u0022https:\/\/bip.slaskie.pl\/resource\/file\/preview\/id.96086\u0022 title=\u0022Raport - opakowania wielomateria\u0142owe\u0022\u003ERaport - opakowania wielomateria\u0142owe\u003C\/a\u003E\u003C\/li\u003E\n\u003C\/ol\u003E\n\u003Cp\u003EROK 2023\u003C\/p\u003E\n\u003Col\u003E\n\u003Cli\u003E\u003Ca href=\u0022https:\/\/bip.slaskie.pl\/resource\/file\/preview\/id.96087\u0022 title=\u0022Raport - opakowania po \u015brodkach niebezpiecznych\u0022\u003ERaport - opakowania po \u015brodkach niebezpiecznych\u003C\/a\u003E\u003C\/li\u003E\n\u003Cli\u003E\u003Ca href=\u0022https:\/\/bip.slaskie.pl\/resource\/file\/preview\/id.96088\u0022 title=\u0022Raport - opakowania wielomateria\u0142owe\u0022\u003ERaport - opakowania wielomateria\u0142owe\u003C\/a\u003E\u003C\/li\u003E\n\u003C\/ol\u003E\n\u003Cp\u003E\u00a0\u003C\/p\u003E\n\u003Ch3\u003E\u003Cstrong\u003EJaworznicka Izba Gospodarcza w Jaworznie\u003C\/strong\u003E\u003C\/h3\u003E\n\u003Cp\u003EROK 2017\u00a0\u003Ca href=\u0022https:\/\/bip.slaskie.pl\/resource\/file\/preview\/id.96097\u0022 title=\u0022Raport\u0022\u003ERaport\u003C\/a\u003E\u003C\/p\u003E\n\u003Cp\u003EROK 2018\u00a0\u003Ca href=\u0022https:\/\/bip.slaskie.pl\/resource\/file\/preview\/id.96098\u0022 title=\u0022Raport\u0022\u003ERaport\u003C\/a\u003E\u003C\/p\u003E\n\u003Cp\u003EROK 2019\u00a0\u003Ca href=\u0022https:\/\/bip.slaskie.pl\/resource\/file\/preview\/id.96096\u0022 title=\u0022Raport\u0022\u003ERaport\u003C\/a\u003E\u003C\/p\u003E\n\u003Cp\u003EROK 2020\u00a0\u003Ca href=\u0022https:\/\/bip.slaskie.pl\/resource\/file\/preview\/id.96099\u0022 title=\u0022Raport\u0022\u003ERaport\u003C\/a\u003E\u003C\/p\u003E\n\u003Cp\u003EROK 2021\u00a0\u003Ca href=\u0022https:\/\/bip.slaskie.pl\/resource\/file\/preview\/id.96102\u0022 title=\u0022Raport\u0022\u003ERaport\u003C\/a\u003E\u003C\/p\u003E\n\u003Cp\u003EROK 2022\u00a0\u003Ca href=\u0022https:\/\/bip.slaskie.pl\/resource\/file\/preview\/id.96103\u0022 title=\u0022Raport\u0022\u003ERaport\u003C\/a\u003E\u003C\/p\u003E\n\u003Cp\u003EROK 2023\u00a0\u003Ca href=\u0022https:\/\/bip.slaskie.pl\/resource\/file\/preview\/id.96107\u0022 title=\u0022Raport\u0022\u003ERaport\u003C\/a\u003E\u003C\/p\u003E\n\u003Cp\u003E\u00a0\u003C\/p\u003E\n\u003Ch3\u003E\u003Cstrong\u003EIzba Pracodawc\u00f3w Recyklingu Opakowa\u0144 EKOPAK w Katowicach\u003C\/strong\u003E\u003C\/h3\u003E\n\u003Cp\u003EROK 2018\u003C\/p\u003E\n\u003Col\u003E\n\u003Cli\u003E\u003Ca href=\u0022https:\/\/bip.slaskie.pl\/resource\/file\/preview\/id.96095\u0022 title=\u0022Raport - opakowania po \u015brodkach niebezpiecznych\u0022\u003ERaport - opakowania po \u015brodkach niebezpiecznych\u003C\/a\u003E\u003C\/li\u003E\n\u003Cli\u003E\u003Ca href=\u0022https:\/\/bip.slaskie.pl\/resource\/file\/preview\/id.96094\u0022 title=\u0022Raport - opakowania wielomateria\u0142owe\u0022\u003ERaport - opakowania wielomateria\u0142owe\u003C\/a\u003E\u003C\/li\u003E\n\u003C\/ol\u003E\n\u003Cp\u003EROK 2019\u00a0\u003Ca href=\u0022https:\/\/bip.slaskie.pl\/resource\/file\/preview\/id.96100\u0022 title=\u0022Raport opakowania wielomateria\u0142owe i opakowania po \u015brodkach niebezpiecznych\u0022\u003ERaport opakowania wielomateria\u0142owe i opakowania po \u015brodkach niebezpiecznych\u003C\/a\u003E\u003C\/p\u003E\n\u003Cp\u003EROK 2020\u00a0\u003Ca href=\u0022https:\/\/bip.slaskie.pl\/resource\/file\/preview\/id.96104\u0022 title=\u0022Raport opakowania wielomateria\u0142owe i opakowania po \u015brodkach niebezpiecznych\u0022\u003ERaport opakowania wielomateria\u0142owe i opakowania po \u015brodkach niebezpiecznych\u003C\/a\u003E\u003C\/p\u003E\n\u003Cp\u003EROK 2021\u00a0\u003Ca href=\u0022https:\/\/bip.slaskie.pl\/resource\/file\/preview\/id.96101\u0022 title=\u0022Raport opakowania wielomateria\u0142owe i opakowania po \u015brodkach niebezpiecznych\u0022\u003ERaport opakowania wielomateria\u0142owe i opakowania po \u015brodkach niebezpiecznych\u003C\/a\u003E\u003C\/p\u003E\n\u003Cp\u003EROK 2022\u00a0\u003Ca href=\u0022https:\/\/bip.slaskie.pl\/resource\/file\/preview\/id.96105\u0022 title=\u0022Raport opakowania wielomateria\u0142owe i opakowania po \u015brodkach niebezpiecznych\u0022\u003ERaport opakowania wielomateria\u0142owe i opakowania po \u015brodkach niebezpiecznych\u003C\/a\u003E\u003C\/p\u003E\n\u003Cp\u003EROK 2023\u00a0\u003Cspan style=\u0022text-decoration: underline;\u0022\u003E\u003Ca href=\u0022https:\/\/bip.slaskie.pl\/resource\/file\/preview\/id.96106\u0022 title=\u0022Raport opakowania wielomateria\u0142owe i opakowania po \u015brodkach niebezpiecznych\u0022\u003ERaport opakowania wielomateria\u0142owe i opakowania po \u015brodkach niebezpiecznych\u003C\/a\u003E\u003C\/span\u003E\u003C\/p\u003E","promotion":false}},{"id":"bf6dbc25-d119-11e7-80a9-005056b46601","type":"Gallery","name":"Galeria","description":"Galeria"},{"id":"bf6e1f6b-d119-11e7-80a9-005056b46601","type":"Attachment","name":"Za\u0142\u0105czniki","description":"Za\u0142\u0105czniki do strony"},{"id":"eba03b25-d9a7-11e7-b355-005056b70dba","type":"PageTitle","name":"","description":"Tytu\u0142 strony","content":{"title":"Porozumienia w sprawie odpad\u00f3w opakowaniowych"}},{"id":"eba07701-d9a7-11e7-b355-005056b70dba","type":"PageDescription","name":"","description":"Zajawka strony","content":[]},{"id":"1b1a7940-ff78-11e7-b81e-005056b7801d","type":"SectionDescription","name":"","description":"Zajawka sekcji","content":[]}]}