{"id":43518,"name":"dyplomy-marszalka-przyznane-w-roku-2022","title":"Dyplomy Marsza\u0142ka przyznane w roku 2022","desc":"","header":"Dyplomy Marsza\u0142ka przyznane w roku 2022","lead":"","keywords":"","changes":"zmiana nag\u0142\u00f3wka","menu":"Dyplomy Marsza\u0142ka przyznane w roku 2022","path":"\/dzialalnosc_urzedu\/turystyka\/dyplomy-marszalka-wojewodztwa-slaskiego-za-zaslugi-dla-rozwoju-turystyki\/dyplomy-marszalka-przyznane-w-roku-2022.html","url":"\/dzialalnosc_urzedu\/turystyka\/dyplomy-marszalka-wojewodztwa-slaskiego-za-zaslugi-dla-rozwoju-turystyki\/dyplomy-marszalka-przyznane-w-roku-2022.html","infoOwner":"Urz\u0105d Marsza\u0142kowski Wojew\u00f3dztwa \u015al\u0105skiego","dateFirstPublicate":"2023-03-29 08:51:56","dateLastVersionPublicate":"2023-03-29 09:04:50","dateAvailableFrom":"2023-03-29 08:48:41","dateAvailableTo":"","type":"Zwyk\u0142a","pageParams":[],"components":[{"id":"bf6d5eba-d119-11e7-80a9-005056b46601","type":"ContentWYSIWYG","name":"Tre\u015b\u0107","description":"Tre\u015b\u0107 strony","content":{"content":"\u003Cdiv class=\u0022component component-accepted\u0022 data-id=\u0022eba03b25-d9a7-11e7-b355-005056b70dba\u0022 data-is-editable=\u00221\u0022 data-name=\u0022Cms_PageTitle\u0022\u003E\n\u003Ch4\u003EZa\u0142\u0105cznik do Uchwa\u0142y 1595\/360\/VI \/2022 Zarz\u0105du Wojew\u00f3dztwa \u015al\u0105skiego z dnia\u00a0 8.09.2022 r. \u00a0\u00a0\u00a0\u00a0\u00a0\u00a0\u00a0\u00a0\u00a0\u00a0\u00a0\u00a0\u00a0\u00a0\u00a0\u00a0\u00a0\u00a0\u00a0\u00a0\u00a0\u00a0\u00a0\u00a0\u003C\/h4\u003E\n\u003Cp\u003E\u003Cstrong\u003E\u003C\/strong\u003E\u003C\/p\u003E\n\u003Cp\u003E\u003Cstrong\u003EOSOBY I INSTYTUCJE WYR\u00d3\u017bNIONE \u00a0DYPLOMEM MARSZA\u0141KA WOJEW\u00d3DZTWA \u015aL\u0104SKIEGO ZA ZAS\u0141UGI DLA ROZWOJU TURYSTYKI\u00a0\u00a0W ROKU 2022\u003C\/strong\u003E\u003C\/p\u003E\n\u003Cp\u003E\u00a0\u003C\/p\u003E\n\u003Col\u003E\n\u003Cli\u003E\u003Cstrong\u003E\u003Cu\u003E Kategoria: Osobowo\u015b\u0107 turystyczna roku \u003C\/u\u003E\u003C\/strong\u003E\u003C\/li\u003E\n\u003C\/ol\u003E\n\u003Cp\u003E\u00a0\u003C\/p\u003E\n\u003Cp\u003E1.Grzegorz Chmielewski \u2013 wyr\u00f3\u017cnienie g\u0142\u00f3wne\u003C\/p\u003E\n\u003Cp\u003EPrezes \u015al\u0105skiego Oddzia\u0142u Polskiej Izby Turystyki, wiceprezes Polskiej Izby Turystyki oraz wiceprezes \u015al\u0105skiej Organizacji Turystycznej. Jest inicjatorem wielu inicjatyw z zakresu promocji turystyki regionalnej, miast, obiekt\u00f3w i atrakcji turystycznych oraz kuchni regionalnej. Pomys\u0142odawca i organizator\u00a0 Meeting\u00f3w Polskich Biur Podr\u00f3\u017cy, study touru \u201ePoznaj nasz region\u201d oraz Akademii Turystycznej PIT. Wieloletni organizator stoiska \u015al\u0105skiego Oddzia\u0142u PIT na targach krajowych i zagranicznych. Wsp\u00f3\u0142organizator Mi\u0119dzynarodowej Konferencji Turystyki Dziedzictwa Przemys\u0142owego w Zabrzu oraz wielu festiwali kulinarnych. Bierze aktywny udzia\u0142 w pracach nad kreowaniem pozytywnego wizerunku Wojew\u00f3dztwa \u015al\u0105skiego i po\u015bwi\u0119ca sw\u00f3j czas na rzecz promocji i regionu jako atrakcyjnej destynacji dla turystyki.\u003C\/p\u003E\n\u003Cp\u003EZg\u0142aszaj\u0105cy: \u015al\u0105ska Organizacja Turystyczna\u003C\/p\u003E\n\u003Cp\u003E\u00a0\u003C\/p\u003E\n\u003Cp\u003E2.Tomasz Kope\u0107\u003C\/p\u003E\n\u003Cp\u003EJest entuzjast\u0105 swojej pracy. Dzi\u0119ki niezwyk\u0142emu zaanga\u017cowaniu Zabytkow\u0105 Stacj\u0119 Kolejki W\u0105skotorowej w Rudach dzisiaj odwiedza tysi\u0105ce turyst\u00f3w z Polski i zza granicy, kt\u00f3rzy nazywaj\u0105 j\u0105 \u201eindustrialn\u0105 pere\u0142k\u0105\u201d Szlaku Zabytk\u00f3w Techniki. Na co dzie\u0144 zarz\u0105dza stacj\u0105, a za jego kadencji ca\u0142kowicie odmieniono kolejk\u0119, kt\u00f3ra swoj\u0105 histori\u0105 si\u0119ga do XIX wieku. Dokonano kapitalnego remontu budynku wagonowni, lokomotywowni i budynku stacji. A dzi\u015b mo\u017cemy tam przenie\u015b\u0107 si\u0119 o 120 lat wstecz dzi\u0119ki multimedialnej \u015bcie\u017cce edukacyjnej.\u00a0\u003C\/p\u003E\n\u003Cp\u003EZg\u0142aszaj\u0105cy: Zwi\u0105zek Gmin i Powiat\u00f3w Subregionu Zachodniego Wojew\u00f3dztwa \u015al\u0105skiego\u00a0\u00a0\u00a0\u00a0\u00a0\u00a0\u00a0\u00a0\u00a0\u00a0\u00a0\u00a0\u00a0\u00a0\u00a0\u00a0\u00a0 \u00a0z siedzib\u0105 w Rybniku\u00a0\u003C\/p\u003E\n\u003Cp\u003E\u00a0\u003C\/p\u003E\n\u003Cp\u003E3.Grzegorz Nowak\u003C\/p\u003E\n\u003Cp\u003EJest jedn\u0105 z wa\u017cniejszych os\u00f3b dla historii ca\u0142ego powiatu raciborskiego, kt\u00f3re z tak\u0105 pasj\u0105 oddaj\u0105 si\u0119 swojej pracy. Zna kilka j\u0119zyk\u00f3w obcych, co jest niesamowicie przydatne w jego pracy \u2013 prowadzi certyfikowany, trzygwiazdkowy Punkt Informacji Turystycznej i oprowadza wycieczki po Zamku Piastowskim w Raciborzu, gdzie pracuje od kilkunastu lat. Jest pasjonatem fotografii. Posiada skarbnice wiedzy o powiecie raciborskim.\u00a0 \u00a0\u003C\/p\u003E\n\u003Cp\u003EZg\u0142aszaj\u0105cy: Zwi\u0105zek Gmin i Powiat\u00f3w Subregionu Zachodniego Wojew\u00f3dztwa \u015al\u0105skiego z siedzib\u0105 w Rybniku\u003C\/p\u003E\n\u003Cp\u003E\u00a0\u003C\/p\u003E\n\u003Cp\u003E4.Tadeusz Papierzy\u0144ski\u003C\/p\u003E\n\u003Cp\u003EKierownik Referatu Promocji, Turystyki, Kultury i Sportu w Urz\u0119dzie Miasta w Wi\u015ble. Od wielu lat zaanga\u017cowany w rozw\u00f3j i promocj\u0119 dziedzictwa kulturowego i przyrodniczego Beskidu \u015al\u0105skiego. Wieloletni kierownik i cz\u0142onek Zespo\u0142u Regionalnego \u201eIstebna\u201d. Jest inicjatorem sieciowania produkt\u00f3w turystycznych na obszarze Beskid\u00f3w i koordynatorem wielu wydarze\u0144 turystycznych. Odznaczony najwy\u017cszym polskim odznaczeniem w dziedzinie kultury ludowej \u2013 nagroda im. Oskara Kolberga \u201eZa zas\u0142ugi dla kultury ludowej.\u003C\/p\u003E\n\u003Cp\u003EZg\u0142aszaj\u0105cy: Lokalna Organizacja Turystyczna \u201eBeskidy\u201d\u003C\/p\u003E\n\u003Cp\u003E\u00a0\u003C\/p\u003E\n\u003Cp\u003E5.Ewa Mackiewicz\u003C\/p\u003E\n\u003Cp\u003EOd ponad 20 lat jest zwi\u0105zana z Zabytkow\u0105 Kopalni\u0105 Ignacy zar\u00f3wno poprzez dzia\u0142alno\u015b\u0107 spo\u0142eczn\u0105 jak i zawodow\u0105. Jest cz\u0142onkiem Stowarzyszenia Zabytkowej Kopalni Ignacy. Inicjatorka i organizatorka \u201e\u015awi\u0119ta Pary\u201d - wydarzenia promuj\u0105cego dziedzictwo g\u00f3rnicze Rybnika. Bra\u0142a czynny udzia\u0142 w tworzeniu Szlaku Zabytk\u00f3w Techniki w Wojew\u00f3dztwie \u015al\u0105skim. Pracuj\u0105c w \u015al\u0105skim Centrum Dziedzictwa Kulturowego wsp\u00f3\u0142tworzy\u0142a pierwszy przewodnik po zabytkach techniki. Od 2018 r. jest \u00a0dyrektorem Fundacji na Rzecz Ochrony D\u00f3br Kultury. Autorka ponad 20 publikacji po\u015bwi\u0119conych ochronie dziedzictwa i wykorzystaniu zabytk\u00f3w do cel\u00f3w turystycznych.\u003C\/p\u003E\n\u003Cp\u003E\u00a0Zg\u0142aszaj\u0105cy: Fundacja na Rzecz Ochrony D\u00f3br Kultury\u003C\/p\u003E\n\u003Cp\u003E\u00a0\u003C\/p\u003E\n\u003Cp\u003E6.Piotr Kenig\u003C\/p\u003E\n\u003Cp\u003E\u00a0\u003C\/p\u003E\n\u003Cp\u003EHistoryk Piotr Kenig jest pracownikiem naukowym Starej Fabryki Muzeum Historycznego \u00a0\u00a0\u00a0\u00a0\u00a0\u00a0\u00a0\u00a0\u00a0\u00a0\u00a0\u00a0\u00a0\u00a0\u00a0\u00a0\u00a0\u00a0\u00a0\u00a0w Bielsku \u2013 Bia\u0142ej, gdzie prowadzi badania nad dziejami miasta oraz przemys\u0142u. Autor kilkudziesi\u0119ciu publikacji naukowych i popularnych. Kurator wielu wystaw sta\u0142ych i czasowych. Jest wsp\u00f3\u0142tw\u00f3rc\u0105 Miejskiego Systemu Informacji. Wieloletni cz\u0142onek Zespo\u0142u Eksperckiego ds. Nazewnictwa Ulic, Plac\u00f3w, Cz\u0119\u015bci Miejscowo\u015bci oraz Obiekt\u00f3w Fizjograficznych.\u003C\/p\u003E\n\u003Cp\u003E\u00a0\u003C\/p\u003E\n\u003Cp\u003EZg\u0142aszaj\u0105cy: Prezydent Miasta Bielsko-Bia\u0142a\u003C\/p\u003E\n\u003Cp\u003E\u00a0\u003C\/p\u003E\n\u003Cp\u003E\u00a0\u003C\/p\u003E\n\u003Cp\u003E\u00a0\u003C\/p\u003E\n\u003Cp\u003E\u00a0\u003C\/p\u003E\n\u003Cp\u003E\u00a0\u003C\/p\u003E\n\u003Cp\u003E\u00a0\u003C\/p\u003E\n\u003Cp\u003E\u003Cstrong\u003E\u003Cu\u003EII Kategoria: Dzia\u0142alno\u015b\u0107 spo\u0142eczna\u003C\/u\u003E\u003C\/strong\u003E\u003C\/p\u003E\n\u003Cp\u003E\u00a0\u003C\/p\u003E\n\u003Cp\u003E1.Stowarzyszenie Dzia\u0142a\u0144 Lokalnych Spichlerz \u2013 wyr\u00f3\u017cnienie g\u0142\u00f3wne\u003C\/p\u003E\n\u003Cp\u003EOrganizacja pozarz\u0105dowa, dzia\u0142aj\u0105ca od 2012 roku w Czernicy. Dzia\u0142ania od pocz\u0105tku skupiaj\u0105 si\u0119 wok\u00f3\u0142 zabytkowego XIX-wiecznego pa\u0142ac\u00f3w von Roth\u00f3w. Organizacja zajmuje si\u0119 piel\u0119gnacj\u0105 lokalnej historii, tradycji i kultury. Stowarzyszenie, opr\u00f3cz zbierania informacji, rozm\u00f3w\u00a0\u00a0\u00a0\u00a0\u00a0\u00a0\u00a0\u00a0\u00a0\u00a0\u00a0\u00a0\u00a0\u00a0\u00a0\u00a0\u00a0\u00a0\u00a0\u00a0\u00a0 \u00a0z najstarszymi mieszka\u0144cami, stara si\u0119 wykorzysta\u0107 pozyskane materia\u0142y jako \u017ar\u00f3d\u0142o i przyczynek do dalszych bada\u0144 nad histori\u0105 ca\u0142ego regionu G\u00f3rnego \u015al\u0105ska.\u00a0\u00a0\u003C\/p\u003E\n\u003Cp\u003EZg\u0142aszaj\u0105cy: Zwi\u0105zek Gmin i Powiat\u00f3w Subregionu Zachodniego Wojew\u00f3dztwa \u015al\u0105skiego z siedzib\u0105 w Rybniku\u003C\/p\u003E\n\u003Cp\u003E\u00a0\u003C\/p\u003E\n\u003Cp\u003E2.Leszek Bensz\u003C\/p\u003E\n\u003Cp\u003EAktywnie anga\u017cuje si\u0119 w badanie i popularyzacj\u0119 historii oraz atrakcji turystycznych Piekar \u015al\u0105skich. Jest za\u0142o\u017cycielem i redaktorem naczelnym portalu historyczno-krajoznawczego \u201ePiekarskiWerk\u201d, na \u0142amach kt\u00f3rego zamieszczone s\u0105 artyku\u0142y popularnonaukowe ukazuj\u0105ce bogactwo historyczne i turystyczne Piekar \u015al\u0105skich oraz dziedzictwo kulturowe G\u00f3rnego \u015al\u0105ska.\u00a0 \u00a0\u003C\/p\u003E\n\u003Cp\u003EZg\u0142aszaj\u0105cy: Prezydent Miasta Piekary \u015al\u0105skie\u00a0\u00a0\u003C\/p\u003E\n\u003Cp\u003E\u00a0\u003C\/p\u003E\n\u003Col start=\u00223\u0022\u003E\n\u003Cli\u003EMarek Bazyl\u00f3w\u003C\/li\u003E\n\u003C\/ol\u003E\n\u003Cp\u003EMarek Bazyl\u00f3w nale\u017cy do najbardziej aktywnych os\u00f3b dzia\u0142aj\u0105cych na rzecz turystyki w Gliwicach. Wsp\u00f3\u0142za\u0142o\u017cyciel i prezes Gliwickiego Klubu Turystyki \u00a0G\u00f3rskiej \u201eSkalnik\u201d. Dzi\u0119ki powstaniu klubu i jego dzia\u0142alno\u015bci do \u015brodowiska do\u0142\u0105czy\u0142y osoby, kt\u00f3re w nast\u0119pnych latach zasili\u0142y kadry programowe PTTTK jako przewodnicy g\u00f3rscy, terenowi, piloci wycieczek \u00a0\u00a0\u00a0\u00a0\u00a0\u00a0\u00a0\u00a0\u00a0\u00a0\u00a0\u00a0\u00a0\u00a0\u00a0\u00a0\u00a0\u00a0\u00a0\u00a0\u00a0\u00a0\u00a0\u00a0\u00a0\u00a0\u00a0i przodownicy turystyki g\u00f3rskiej. Wyr\u00f3\u017cniony licznymi odznaczeniami pa\u0144stwowymi i turystycznymi.\u00a0\u00a0\u00a0\u00a0\u00a0\u003C\/p\u003E\n\u003Cp\u003EZg\u0142aszaj\u0105cy: Zarz\u0105d Oddzia\u0142u PTTK Ziemi Gliwickiej \u00a0\u00a0\u003C\/p\u003E\n\u003Cp\u003E\u00a0\u003C\/p\u003E\n\u003Cp\u003E4.Bytomski Turystyczny Klub Kolarski \u201eCatena\u201d\u003C\/p\u003E\n\u003Cp\u003EKlub powsta\u0142 w 1962 roku. Podstawowym jego celem jest organizowanie turystyczno-krajoznawczego wypoczynku i wycieczek, g\u0142ownie rowerowych. \u0141\u0105cznie w okresie 60-lecia zorganizowano 1151 wycieczek rowerowych, jak r\u00f3wnie\u017c oboz\u00f3w w\u0119drownych po r\u00f3\u017cnych regionach Polski (m.in. Szlak Orlich Gniazd). Klub wraz z Regionaln\u0105 Rad\u0105 Turystyki Kolarskiej PTTK w Katowicach \u00a0by\u0142 10-krotnie organizatorem kurs\u00f3w na przodownik\u00f3w turystyki kolarskiej PTTK, 3-krotnie Wojew\u00f3dzkich Spotka\u0144 Dzia\u0142aczy Turystyki Kolarskiej Woj. \u015al\u0105skiego, a tak\u017ce 3-krotnie Centralnych Zlot\u00f3w Turyst\u00f3w Kolarzy oraz Przodownik\u00f3w Turystyki Kolarskiej PTTK.\u00a0\u00a0\u00a0\u00a0\u00a0\u00a0\u003C\/p\u003E\n\u003Cp\u003EZg\u0142aszaj\u0105cy: Prezydent Miasta Bytomia \u00a0oraz Oddzia\u0142 PTTK im, Stefana Lachowicza\u003C\/p\u003E\n\u003Cp\u003E\u00a0\u003C\/p\u003E\n\u003Col start=\u00225\u0022\u003E\n\u003Cli\u003EKlub Fotograficzny \u201eStart\u201d przy Oddziale PTTK \u201eBeskid \u015al\u0105ski\u201d w Cieszynie\u003C\/li\u003E\n\u003C\/ol\u003E\n\u003Cp\u003EOd samego pocz\u0105tku, czyli od 2012 r. Klub zaznaczy\u0142 swoje istnienie, bior\u0105c na swoje barki dokumentacj\u0119 fotograficzn\u0105 wszystkich imprez organizowanych przy Oddziale PTTK \u201eBeskid \u015al\u0105ski\u201d w Ciszynie. Szczeg\u00f3lnie wa\u017cnym elementem jego dzia\u0142alno\u015bci jest organizacja regionalnych i og\u00f3lnopolskich imprez fotograficznych o charakterze turystycznym, Niezwykle cennymi inicjatywami s\u0105 te, skierowane do m\u0142odszych mieszka\u0144c\u00f3w regionu \u2013 np. konkurs \u201eZiemia Cieszy\u0144ska w oczach uczni\u00f3w\u201d. W ramach zesz\u0142orocznej edycji wp\u0142yn\u0119\u0142o kilkaset zdj\u0119\u0107\u00a0\u00a0\u00a0\u00a0\u00a0\u00a0\u00a0\u00a0\u00a0\u00a0\u00a0\u00a0 \u00a0z Polski i Czech.\u00a0 \u00a0\u003C\/p\u003E\n\u003Cp\u003EZg\u0142aszaj\u0105cy: Starosta Cieszy\u0144ski\u003C\/p\u003E\n\u003Cp\u003E\u00a0\u003C\/p\u003E\n\u003Cp\u003E6.\u0141ukasz Zimnoch\u003C\/p\u003E\n\u003Cp\u003EDr \u0141ukasz Zimnoch jest Prezesem Stowarzyszenia \u201eWrazidlok\u201d, pomys\u0142odawc\u0105 Szlaku Magnat\u00f3w Przemys\u0142owych, realizatorem widowisk multimedialnych w tym mappingowych w Piekarach \u015al\u0105skich, Tarnowskich G\u00f3rach, Chorzowie i \u015awierkla\u0144cu. Wraz ze Stowarzyszeniem \u201eWrazidlok\u201d stworzy\u0142 pokaz mappingowy \u201eMi\u0142o\u015b\u0107 Blanki i Guida\u201d, dzi\u0119ki \u015brodkom z Marsza\u0142kowskiego Bud\u017cetu Obywatelskiego.\u003C\/p\u003E\n\u003Cp\u003EZg\u0142aszaj\u0105cy: W\u00f3jt Gminy \u015awierklaniec\u003C\/p\u003E\n\u003Cp\u003E\u00a0\u003C\/p\u003E\n\u003Cp\u003E\u003Cstrong\u003E\u003Cu\u003EIII Kategoria: Dzia\u0142alno\u015b\u0107 biznesowa\u00a0 \u003C\/u\u003E\u003C\/strong\u003E\u003C\/p\u003E\n\u003Cp\u003E\u003Cstrong\u003E\u003Cu\u003E\u00a0\u003C\/u\u003E\u003C\/strong\u003E\u003C\/p\u003E\n\u003Cp\u003E1.Browar Zamkowy \u201eRacib\u00f3rz\u201d \u2013 wyr\u00f3\u017cnienie g\u0142\u00f3wne\u003C\/p\u003E\n\u003Cp\u003EBrowar Zamkowy w Raciborzu nie przestaje si\u0119 rozwija\u0107. Od 2005 r. kiedy to wznowiono jego dzia\u0142alno\u015b\u0107 browar przeszed\u0142 powa\u017cn\u0105 modernizacj\u0119, uruchomiono now\u0105 warzelni\u0119 i rozlewni\u0119. W 2021 roku powsta\u0142o przej\u015bcie, kt\u00f3re po\u0142\u0105czy\u0142o dziedziniec Zamku Piastowskiego w Raciborzu \u00a0z sal\u0105 degustacyjn\u0105 Browaru, gdzie dzia\u0142alno\u015b\u0107 rozpocz\u0105\u0142 Pub Maszynownia. Wraz z Zamkiem Piastowskim stanowi\u0105 doskona\u0142e po\u0142\u0105czon\u0105 atrakcj\u0119 turystyczn\u0105, kt\u00f3ra od niedawna cieszy si\u0119 du\u017ca popularno\u015bci\u0105.\u003C\/p\u003E\n\u003Cp\u003EZg\u0142aszaj\u0105cy;\u00a0\u00a0 Zwi\u0105zek Gmin i Powiat\u00f3w Subregionu Zachodniego Wojew\u00f3dztwa \u015al\u0105skiego \u00a0\u00a0\u00a0\u00a0\u00a0\u00a0\u00a0\u00a0\u00a0\u00a0\u00a0\u00a0\u00a0\u00a0\u00a0\u00a0\u00a0z siedzib\u0105 w Rybniku\u00a0\u003C\/p\u003E\n\u003Cp\u003E\u00a0\u003C\/p\u003E\n\u003Cp\u003E2.Gminny O\u015brodek Turystyki i Promocji w Rudach\u003C\/p\u003E\n\u003Cp\u003EGminny O\u015brodek Turystyki i Promocji w Rudach zarz\u0105dza Stacj\u0105 Kolejki W\u0105skotorowej, kt\u00f3ra ca\u0142kowicie skierowana jest ku dzia\u0142alno\u015bci turystycznej. Zabytkowe budynki, w tym ponad stuletnia hala lokomotywowni, s\u0105 sukcesywnie odrestaurowane. Na torach postojowych gromadzone s\u0105 unikatowe lokomotywy i wagony, a wi\u0119kszo\u015b\u0107 z tych eksponat\u00f3w w przysz\u0142o\u015bci b\u0119dzie mo\u017cna zobaczy\u0107 w ruchu. Tury\u015bci maj\u0105 do wyboru dwie trasy: Rudy-Rybnik Stodo\u0142y-Rybnik b\u0105d\u017a Rudy-Stanica-Rudy. Podczas przejazdu nimi mo\u017cna podziwia\u0107 Park Krajobrazowy Cysterskie Kompozycje Rud Wielkich.\u00a0\u00a0\u00a0\u003C\/p\u003E\n\u003Cp\u003E\u00a0\u003C\/p\u003E\n\u003Cp\u003EZg\u0142aszaj\u0105cy: Zwi\u0105zek Gmin i Powiat\u00f3w Subregionu Zachodniego Wojew\u00f3dztwa \u015al\u0105skiego \u00a0\u00a0\u00a0\u00a0\u00a0\u00a0\u00a0\u00a0\u00a0\u00a0\u00a0\u00a0\u00a0\u00a0z siedzib\u0105 w Rybniku\u00a0\u003C\/p\u003E\n\u003Cp\u003E3.Tadeusz Rzemyk\u003C\/p\u003E\n\u003Cp\u003EJest za\u0142o\u017cycielem Biura Podr\u00f3\u017cy \u201eRzemyk Travel\u201d. Organizator wycieczek, pielgrzymek, wczas\u00f3w dla doros\u0142ych oraz oboz\u00f3w dla dzieci i m\u0142odzie\u017cy z naszego regionu. B\u0119d\u0105c przedsi\u0119biorc\u0105 bierze czynny udzia\u0142 w akcjach charytatywnych. Wspiera szkolne kluby sportowe organizuj\u0105c bezp\u0142atny transport dzieci i m\u0142odzie\u017cy na zawody sportowe. Organizuje wycieczki do potrzeb os\u00f3b o r\u00f3\u017cnym stopniu niepe\u0142nosprawno\u015bci aby zapobiega\u0107 ich wykluczeniu spo\u0142ecznemu jednocze\u015bnie zach\u0119ci\u0107 do ich aktywnego uczestnictwa w \u017cyciu spo\u0142ecznym.\u003C\/p\u003E\n\u003Cp\u003EZg\u0142aszaj\u0105cy: \u015al\u0105ska Izba Turystyki\u003C\/p\u003E\n\u003Cp\u003E\u00a0\u003C\/p\u003E\n\u003Col\u003E\n\u003Cli\u003E\u003Cstrong\u003E\u003Cu\u003E Kategoria: Przedsi\u0119wzi\u0119cie turystyczne roku \u003C\/u\u003E\u003C\/strong\u003E\u003C\/li\u003E\n\u003C\/ol\u003E\n\u003Cp\u003E\u00a0\u003C\/p\u003E\n\u003Cp\u003E1.Zamek sp. z o.o - Mi\u0119dzynarodowy Festiwal Kultury Wczesnego \u015aredniowiecza Najazd Barbarzy\u0144c\u00f3w \u2013 wyr\u00f3\u017cnienie g\u0142\u00f3wne \u00a0\u003C\/p\u003E\n\u003Cp\u003EWidowiskowa impreza plenerowa prezentuj\u0105ca kultury europejskie wczesnych wiek\u00f3w \u015brednich. Na przedzamczu Zamku Ogrodzienieckiego obozowiska zak\u0142adaj\u0105 wojowie S\u0142owia\u0144scy, Wikingowie, Ba\u0142towie, Celtowie i Germanie. Impreza gromadzi oko\u0142o 600 rekonstruktor\u00f3w z wielu kraj\u00f3w \u015bwiata. Podczas wydarzenia odbywa si\u0119 turniej \u0142uczniczy, turniej bojowy woj\u00f3w, turniej zapas\u00f3w, walki bohurtowe, bitwa o most, pokaz mody wczesno\u015bredniowiecznej oraz wielka bitwa w\u0142adc\u00f3w o wzg\u00f3rze\u00a0 Zamku Ogrodzienieckiego. Przez ca\u0142y czas na terenie imprezy obecni s\u0105 wczesno\u015bredniowieczni rzemie\u015blnicy oraz kupcy, prezentuj\u0105cy dawne profesje oraz wyroby r\u0119kodzielnicze. Najazd Barbarzy\u0144c\u00f3w to wydarzenie cykliczne kt\u00f3re przyci\u0105ga tysi\u0105ce turyst\u00f3w ka\u017cdego sezonu.\u003C\/p\u003E\n\u003Cp\u003EZg\u0142aszaj\u0105cy: Burmistrz Miasta i Gminy Ogrodzieniec\u003C\/p\u003E\n\u003Cp\u003E\u00a0\u003C\/p\u003E\n\u003Cp\u003E2.Stowarzyszenie Mi\u0142o\u015bnik\u00f3w Ziemi \u00a0Tarnog\u00f3rskiej \u2013 \u201eWybory Pi\u0119knej z Rept\u201d\u003C\/p\u003E\n\u003Cp\u003E\u201eWybory Pi\u0119knej z Rept\u201d \u2013 24 kwietnia po raz pierwszy w Tarnowskich G\u00f3rach na otwarcie sezonu kulturalnego w mie\u015bcie odby\u0142o si\u0119 wydarzenie, dzi\u0119ki kt\u00f3remu lokalna spo\u0142eczno\u015b\u0107 lepiej pozna\u0142a histori\u0119 unikatowego na skal\u0119 \u015bwiatow\u0105 drzewka. Edukacja i ekologia zosta\u0142a po\u0142\u0105czona z dobr\u0105 zabaw\u0105. Pierwszym punktem programu by\u0142o zasadzenie jab\u0142oniowej alejki przy ul. Wodoci\u0105gowej. Nast\u0119pnie impreza przenios\u0142a si\u0119 na rynek. By\u0142y warsztaty dla dzieci i doros\u0142ych, wyk\u0142ady dla dzia\u0142kowc\u00f3w, zaj\u0119cia edukacyjne, czy te\u017c koncerty lokalnych zespo\u0142\u00f3w. Odmiana Pi\u0119knej z Rept pochodzi ze \u015al\u0105ska z miejscowo\u015bci Repty \u015al\u0105skie. Zosta\u0142a zasadzona pod koniec XIX wieku w ogrodzie przy pa\u0142acu rodziny Henckel von Donnmersmarck.\u00a0\u00a0\u00a0\u003C\/p\u003E\n\u003Cp\u003EZg\u0142aszaj\u0105cy: Stowarzyszenie Mi\u0142o\u015bnik\u00f3w Ziemi Tarnog\u00f3rskiej\u003C\/p\u003E\n\u003Cp\u003E\u00a0\u003C\/p\u003E\n\u003Cp\u003E\u00a0\u003C\/p\u003E\n\u003Cp\u003E3.Zamek Piastowski w Raciborzu \u201e\u015al\u0105ski Jarmark Bo\u017conarodzeniowy na Zamku Piastowskim \u00a0\u00a0\u00a0\u00a0\u00a0\u00a0\u00a0\u00a0\u00a0\u00a0\u00a0\u00a0\u00a0w Raciborzu\u201d\u003C\/p\u003E\n\u003Cp\u003EBez w\u0105tpienia wydarzeniem turystycznym w 2021 roku by\u0142 \u015al\u0105ski Jarmark Bo\u017conarodzeniowy na Zamku Piastowskim w Raciborzu, kt\u00f3ry mia\u0142 miejsce 11-18 grudnia. Swoj\u0105 wyj\u0105tkowo\u015bci\u0105 \u015bci\u0105gn\u0105\u0142 mieszka\u0144c\u00f3w z ca\u0142ego wojew\u00f3dztwa \u015bl\u0105skiego, opolskiego oraz zza granicy, szczeg\u00f3lnie z Czech i Niemiec. Niezwykle bogaty program, a w tym koncerty najwi\u0119kszych gwiazd polskiej sceny muzycznej sprawi\u0142y zachwyt w oczach turyst\u00f3w.\u00a0\u003C\/p\u003E\n\u003Cp\u003EZg\u0142aszaj\u0105cy: Zwi\u0105zek Gmin i Powiat\u00f3w Subregionu Zachodniego Wojew\u00f3dztwa \u015al\u0105skiego z siedzib\u0105 w Rybniku\u00a0\u003C\/p\u003E\n\u003Cp\u003E4.Kolejkowo \u2013 Gliwice \u2013 \u201eCudowne miasto z piernika\u201d\u003C\/p\u003E\n\u003Cp\u003EKolejkowo \u2013 to mo\u017cliwo\u015b\u0107 wej\u015bcia do \u015bwiata miniatur i zapoznanie si\u0119 z kultur\u0105, tradycj\u0105 i zabudow\u0105 \u015al\u0105ska. To najwi\u0119ksza makieta kolejowa. Umieszczono na niej 460 metr\u00f3w torowiska, 12 poci\u0105g\u00f3w z 58 wagonami, 235 budynk\u00f3w w tym miniatury autentycznych budowli ze \u015al\u0105ska (m.in. gliwicki dworzec kolejowy, ratusz oraz kamienice a dla podkre\u015blenia charakteru regionu przygotowano miniatur\u0119 XIX wiecznej \u015bl\u0105skiej kopalni, 195 samochod\u00f3w, 3200 figurek ludzi i zwierz\u0105t. Kolejkowo - Gliwice wznowi\u0142o edycje miasta piernikowego \u2013 jedynej na \u015bwiecie makiety w ca\u0142o\u015bci wykonanej z jadalnego piernika, lukru, ciasteczek i cukierk\u00f3w po kt\u00f3rej poruszaj\u0105 si\u0119 czekoladowe poci\u0105gi.\u003C\/p\u003E\n\u003Cp\u003E\u00a0\u003C\/p\u003E\n\u003Cp\u003EZg\u0142aszaj\u0105cy: \u015al\u0105ska Izba Turystyki\u003C\/p\u003E\n\u003Cp\u003E\u00a0\u003C\/p\u003E\n\u003Col\u003E\n\u003Cli\u003E\u003Cstrong\u003E\u003Cu\u003E Kategoria: Instytucja \u003C\/u\u003E\u003C\/strong\u003E\u003C\/li\u003E\n\u003C\/ol\u003E\n\u003Cp\u003E\u003Cstrong\u003E\u003Cu\u003E\u00a0\u003C\/u\u003E\u003C\/strong\u003E\u003C\/p\u003E\n\u003Cp\u003E1.Muzeum G\u00f3rnictwa W\u0119glowego w Zabrzu \u2013 wyr\u00f3\u017cnienie g\u0142\u00f3wne\u003C\/p\u003E\n\u003Cp\u003EMuzeum jest jedn\u0105 z najwi\u0119kszych i najch\u0119tniej odwiedzanych obiekt\u00f3w turystycznych w Polsce oraz niekwestionowanym liderem turystyki przemys\u0142owej w ca\u0142ej Europie. Przybli\u017ca odwiedzaj\u0105cym turystom\u00a0 cenne dziedzictwo \u015bl\u0105skiego g\u00f3rnictwa w\u0119gla kamiennego \u2013 zar\u00f3wno o charakterze materialnym, jak i niematerialnym w oparciu o nie prowadzona jest dzia\u0142alno\u015b\u0107 turystyczna, edukacyjna i kulturalna. Tworz\u0105c w autentycznych przestrzeniach \u015bwiat niepowtarzalnych dozna\u0144, Muzeum \u0142\u0105czy tradycj\u0119 z nowoczesno\u015bci\u0105, dbaj\u0105c o zachowanie dla przysz\u0142ych pokole\u0144 dziedzictwa dwustu lat uprzemys\u0142owienia \u015al\u0105ska. Ponadto Muzeum zarz\u0105dza dwoma unikatowymi kompleksami poprzemys\u0142owymi \u2013 Kopalni\u0105 Guido i Sztolni\u0105 Kr\u00f3lowa Luiza.\u003C\/p\u003E\n\u003Cp\u003EZg\u0142aszaj\u0105cy: Prezydent Miasta Zabrze\u003C\/p\u003E\n\u003Cp\u003E\u00a0\u003C\/p\u003E\n\u003Cp\u003E2.Zabytkowa Kopalnia Ignacy w Rybniku\u003C\/p\u003E\n\u003Cp\u003EZabytkowa Kopalnia Ignacy to miejsce niezwyk\u0142e w historii Rybnika, kt\u00f3re w nowoczesny spos\u00f3b \u0142\u0105czy funkcje muzealne z organizacj\u0105 nietuzinkowych wydarze\u0144 kulturalnych. Przez bez ma\u0142a dwa wieki kopalnia by\u0142a sercem Niewiadomia daj\u0105c prac\u0119 i rozwijaj\u0105c lokalne \u017cycie kulturalne. W latach dziewi\u0119\u0107dziesi\u0105tych zak\u0142ad nie przetrwa\u0142 restrukturyzacji g\u00f3rnictwa i popad\u0142 w ruin\u0119. Za spraw\u0105 pasjonat\u00f3w lokalnego dziedzictwa przemys\u0142owego obiektu nie zlikwidowano ca\u0142kowicie, a dzi\u015b jest pere\u0142k\u0105 dla turyst\u00f3w.\u00a0\u003C\/p\u003E\n\u003Cp\u003EZg\u0142aszaj\u0105cy: Zwi\u0105zek Gmin i Powiat\u00f3w Subregionu Zachodniego Wojew\u00f3dztwa \u015al\u0105skiego z siedzib\u0105 w Rybniku\u00a0\u003C\/p\u003E\n\u003Cp\u003E\u00a0\u003C\/p\u003E\n\u003Cp\u003E3.Wi\u015bla\u0144ska Organizacja Turystyczna\u003C\/p\u003E\n\u003Cp\u003EWOT jest organizacj\u0105 dzia\u0142aj\u0105c\u0105 na terenie Wis\u0142y od 2007 roku. Zrzesza oko\u0142o 60 podmiot\u00f3w z bran\u017cy turystyczno-hotelarskiej z terenu Wis\u0142y. G\u0142\u00f3wnymi celami dzia\u0142alno\u015bci WOT-u s\u0105: promocja miasta Wis\u0142a oraz przedsi\u0119biorc\u00f3w dzia\u0142aj\u0105cych na jego terenie, integracja spo\u0142eczno\u015bci lokalnej, d\u0105\u017cenie do sta\u0142ego wzrostu jako\u015bci oferowanych us\u0142ug oraz inicjowanie i wspieranie wsp\u00f3\u0142pracy z samorz\u0105dem lokalnym. W 2022 r. Wi\u015bla\u0144ska Organizacja Turystyczna obchodzi 15. Urodziny. Od pocz\u0105tku dzia\u0142alno\u015bci pr\u0119\u017cnie realizuje cele swojej dzia\u0142alno\u015bci m.in. poprzez opracowywanie i wydawnictwo folder\u00f3w, organizacj\u0119 szkole\u0144 dla swoich cz\u0142onk\u00f3w oraz pomoc w prowadzeniu informacji turystycznej.\u003C\/p\u003E\n\u003Cp\u003EZg\u0142aszaj\u0105cy: Burmistrz Miasta Wis\u0142a\u00a0\u00a0\u00a0\u00a0\u00a0\u003C\/p\u003E\n\u003Cp\u003E\u00a0\u003C\/p\u003E\n\u003Cp\u003E4.Towarzystwo Mi\u0142o\u015bnik\u00f3w Ziemi Pszczy\u0144skiej\u003C\/p\u003E\n\u003Cp\u003ETowarzystwo Mi\u0142o\u015bnik\u00f3w Ziemi Pszczy\u0144skiej od 1985 roku prowadzi Muzeum Prasy \u015al\u0105skiej \u00a0\u00a0\u00a0\u00a0\u00a0\u00a0\u00a0\u00a0\u00a0\u00a0\u00a0\u00a0w Pszczynie. Muzeum corocznie organizuje na terenie Pszczyny \u015awi\u0119to Szlaku Zabytk\u00f3w Techniki \u201eIndustriada\u201d. Towarzystwo Mi\u0142o\u015bnik\u00f3w Ziemi Pszczy\u0144skiej organizuje i wsp\u00f3\u0142organizuje szereg imprez prezentuj\u0105cych \u015bl\u0105ski folklor, muzyk\u0119 i poezj\u0119. Cz\u0142onkowie towarzystwa s\u0105 r\u00f3wnie\u017c inicjatorami budowy skansenu Zagroda Wsi Pszczy\u0144skiej.\u003C\/p\u003E\n\u003Cp\u003E\u00a0\u003C\/p\u003E\n\u003Cp\u003EZg\u0142aszaj\u0105cy: Burmistrz Miasta Pszczyna\u003C\/p\u003E\n\u003Cdiv class=\u0022component-title component-page-title\u0022\u003E\n\u003Cdiv class=\u0022component-wrapper\u0022\u003E\n\u003Cdiv class=\u0022component-head\u0022\u003E\n\u003Ch1\u003E\u003C\/h1\u003E\n\u003C\/div\u003E\n\u003C\/div\u003E\n\u003C\/div\u003E\n\u003C\/div\u003E\n\u003Cdiv class=\u0022component component-accepted\u0022 data-id=\u0022bf6d5eba-d119-11e7-80a9-005056b46601\u0022 data-is-editable=\u00227\u0022 data-name=\u0022Cms_ContentWYSIWYG\u0022\u003E\n\u003Cdiv class=\u0022component-main-content component-content-wysiwyg item\u0022\u003E\n\u003Cdiv class=\u0022component-wrapper\u0022\u003E\n\u003Cdiv class=\u0022component-content\u0022\u003E\n\u003Cdiv class=\u0022component-item clearfix\u0022\u003E\u003C\/div\u003E\n\u003C\/div\u003E\n\u003C\/div\u003E\n\u003C\/div\u003E\n\u003C\/div\u003E","promotion":false}},{"id":"bf6dbc25-d119-11e7-80a9-005056b46601","type":"Gallery","name":"Galeria","description":"Galeria"},{"id":"bf6e1f6b-d119-11e7-80a9-005056b46601","type":"Attachment","name":"Za\u0142\u0105czniki","description":"Za\u0142\u0105czniki do strony"},{"id":"eba03b25-d9a7-11e7-b355-005056b70dba","type":"PageTitle","name":"","description":"Tytu\u0142 strony","content":{"title":"Dyplomy Marsza\u0142ka przyznane w roku 2022"}},{"id":"eba07701-d9a7-11e7-b355-005056b70dba","type":"PageDescription","name":"","description":"Zajawka strony","content":[]},{"id":"1b1a7940-ff78-11e7-b81e-005056b7801d","type":"SectionDescription","name":"","description":"Zajawka sekcji","content":[]}]}