{"id":48619,"name":"dyplomy-marszalka-przyznane-w-roku-2023","title":"Dyplomy Marsza\u0142ka przyznane w roku 2023","desc":"","header":"Dyplomy Marsza\u0142ka przyznane w roku 2023","lead":"","keywords":"","changes":"publikacja nazwisk","menu":"Dyplomy Marsza\u0142ka przyznane w roku 2023","path":"\/dzialalnosc_urzedu\/turystyka\/dyplomy-marszalka-wojewodztwa-slaskiego-za-zaslugi-dla-rozwoju-turystyki\/dyplomy-marszalka-przyznane-w-roku-2023.html","url":"\/dzialalnosc_urzedu\/turystyka\/dyplomy-marszalka-wojewodztwa-slaskiego-za-zaslugi-dla-rozwoju-turystyki\/dyplomy-marszalka-przyznane-w-roku-2023.html","infoOwner":"Urz\u0105d Marsza\u0142kowski Wojew\u00f3dztwa \u015al\u0105skiego","dateFirstPublicate":"2023-09-18 11:54:00","dateLastVersionPublicate":"2023-09-18 11:54:00","dateAvailableFrom":"2023-09-18 11:42:13","dateAvailableTo":"","type":"Zwyk\u0142a","pageParams":[],"components":[{"id":"bf6d5eba-d119-11e7-80a9-005056b46601","type":"ContentWYSIWYG","name":"Tre\u015b\u0107","description":"Tre\u015b\u0107 strony","content":{"content":"\u003Cp style=\u0022text-align: center;\u0022\u003E\u003Cstrong\u003EZa\u0142\u0105cznik do Uchwa\u0142y nr 935\/446\/VI\/2023 z dnia 14.09.2023 r.\u00a0\u00a0\u00a0\u00a0\u00a0\u00a0\u00a0\u00a0\u00a0\u00a0\u00a0\u00a0\u00a0\u00a0\u00a0\u00a0\u00a0\u00a0\u00a0\u00a0\u00a0\u00a0\u00a0\u00a0\u00a0\u003C\/strong\u003E\u003C\/p\u003E\n\u003Cp style=\u0022text-align: center;\u0022\u003E\u003Cstrong\u003EOSOBY I INSTYTUCJE WYR\u00d3\u017bNIENE \u00a0DYPLOMEM MARSZA\u0141KA WOJEW\u00d3DZTWA \u015aL\u0104SKIEGO ZA ZAS\u0141UGI DLA ROZWOJU TURYSTYKI\u00a0\u00a0W ROKU 2023\u003C\/strong\u003E\u003C\/p\u003E\n\u003Cp\u003E\u00a0\u003C\/p\u003E\n\u003Cp\u003E\u003Cstrong\u003E\u003Cu\u003EI Kategoria: Osobowo\u015b\u0107 turystyczna roku\u003C\/u\u003E\u003C\/strong\u003E\u003C\/p\u003E\n\u003Cp\u003E\u003Cstrong\u003EWyr\u00f3\u017cnienie g\u0142\u00f3wne:\u00a0\u003C\/strong\u003E\u003C\/p\u003E\n\u003Cp\u003E\u003Cstrong\u003EZbigniew Cierniak\u003C\/strong\u003E\u003C\/p\u003E\n\u003Cp\u003EDyrektor Zespo\u0142u Pie\u015bni i Ta\u0144ca \u201e\u015al\u0105sk\u201d. Od wielu lat wsp\u00f3\u0142pracuje ze \u015al\u0105sk\u0105 Organizacj\u0105 Turystyczn\u0105 w ramach szeroko rozumianej promocji Wojew\u00f3dztwa \u015al\u0105skiego. Na przestrzeni lat Zesp\u00f3\u0142 \u015al\u0105sk i \u015aOT wsp\u00f3lnie brali udzia\u0142 w dzia\u0142aniach promocyjnych na rzecz rozwoju turystyki naszego regionu tj. targach turystycznych, krajowych i regionalnych imprezach promocyjnych. Zesp\u00f3\u0142 Pie\u015bni i Ta\u0144ca \u201d\u015al\u0105sk\u201d pod jego dyrekcj\u0105 przyst\u0105pi\u0142\u00a0 do Silesia Convention Bureau \u2013 konsorcjum produktowego zrzeszaj\u0105cego podmioty dzia\u0142aj\u0105ce na rzecz rozwoju turystyki biznesowej w Wojew\u00f3dztwie \u015al\u0105skim.\u003C\/p\u003E\n\u003Cp\u003E\u00a0\u003C\/p\u003E\n\u003Cp\u003EZg\u0142aszaj\u0105cy: \u015al\u0105ska Organizacja Turystyczna\u003C\/p\u003E\n\u003Cp\u003E\u00a0\u003C\/p\u003E\n\u003Cp\u003E\u003Cstrong\u003EWyr\u00f3\u017cnienia:\u003C\/strong\u003E\u00a0\u003C\/p\u003E\n\u003Col\u003E\n\u003Cli\u003E\u003Cstrong\u003EEwa Sternal\u003C\/strong\u003E\u003C\/li\u003E\n\u003C\/ol\u003E\n\u003Cp\u003E\u00a0\u003C\/p\u003E\n\u003Cp\u003EPomys\u0142odawczyni i wsp\u00f3\u0142tw\u00f3rczyni dzia\u0142aj\u0105cej w gliwickim porcie, na Kanale Gliwickim, przystani turystycznej \u201eMarina Gliwice\u201d. Prezeska Fundacji \u201eMesa\u201d, kt\u00f3ra pr\u0119\u017cnie dzia\u0142a na rzecz promocji, rozwijania i popularyzowania wszelkich odmian turystyki, w tym wodnej, kreowania i budowy szlak\u00f3w oraz baz turystycznych, edukacji w zakresie uprawiania sport\u00f3w w szczeg\u00f3lno\u015bci wodnych. Organizuje rejsy, kt\u00f3rych celem jest prezentacja walor\u00f3w przyrodniczych okolicy oraz przedstawienie Kana\u0142u Gliwickiego. \u00a0Wszystkie te dzia\u0142ania buduj\u0105 atrakcyjn\u0105 mark\u0119 turystyczn\u0105 Kana\u0142u Gliwickiego, propaguj\u0105 wiedz\u0119 turystyczn\u0105 oraz podwy\u017cszaj\u0105 jako\u015b\u0107 obs\u0142ugi turyst\u00f3w.\u003C\/p\u003E\n\u003Cp\u003EZg\u0142aszaj\u0105cy: Prezydent Miasta Gliwice\u003C\/p\u003E\n\u003Cp\u003E\u00a0\u003C\/p\u003E\n\u003Col\u003E\n\u003Cli\u003E\u003Cstrong\u003ETeresa Be\u0142zecka\u003C\/strong\u003E\u003C\/li\u003E\n\u003C\/ol\u003E\n\u003Cp\u003ECz\u0142onek \u2013 za\u0142o\u017cyciel Katowickiego Oddzia\u0142u Regionalnego PTTK. Oddzia\u0142 powsta\u0142 z\u00a0 inicjatywy m.in. ko\u0142a PTTK os\u00f3b niewidomych i niedowidz\u0105cych, dla kt\u00f3rych organizowa\u0142a rajdy, wycieczki i spotkania integracyjne. Pe\u0142ni\u0142a szereg funkcji spo\u0142ecznych zwi\u0105zanych r\u00f3wnie\u017c ze \u015brodowiskiem m\u0142odzie\u017cowym. W 1992 roku z inicjatywy Oddzia\u0142\u00f3w PTTK Wojew\u00f3dztwa \u015al\u0105skiego\u00a0 powo\u0142ana zosta\u0142a Regionalna Fundacja Turystyki i Krajoznawstwa PTTK, gdzie od 31 lat Teresa Be\u0142zecka jest kierownikiem biura.\u00a0 Wsp\u00f3\u0142pracuje z Regionaln\u0105 Pracowni\u0105 Krajoznawcz\u0105, spo\u0142ecznie udost\u0119pniaj\u0105c zbiory, prowadz\u0105c prace archiwizacyjne. Zajmuje si\u0119 prowadzeniem Biura Rady Prezes\u00f3w Oddzia\u0142\u00f3w PTTK w ca\u0142ym wojew\u00f3dztwie, koordynuj\u0105cego dzia\u0142alno\u015b\u0107 turystyczn\u0105\u00a0 w ca\u0142ym regionie.\u003C\/p\u003E\n\u003Cp\u003EZg\u0142aszaj\u0105cy: Regionalna Fundacja Turystyki i Krajoznawstwa PTTK\u00a0\u003C\/p\u003E\n\u003Cp\u003E\u00a0\u003C\/p\u003E\n\u003Col\u003E\n\u003Cli\u003E\u003Cstrong\u003EGrzegorz Pietraszewski\u003C\/strong\u003E\u003C\/li\u003E\n\u003C\/ol\u003E\n\u003Cp\u003EPomys\u0142odawca \u201eBajki Pana Kleksa\u201d. Bajka wystartowa\u0142a w grudniu 2019 r. w dawnej Fabryce Porcelany w Katowicach. Bajka to miejsce kultowe, kt\u00f3re nie tylko szerzy \u015bwiadomo\u015b\u0107 edukacyjn\u0105, ale tak\u017ce na dobre zago\u015bci\u0142o na \u015bl\u0105skiej mapie atrakcji dla ca\u0142ej rodziny. W wyj\u0105tkowym \u015bwiecie Profesora Kleksa ka\u017cdy mo\u017ce poczu\u0107 si\u0119 jak dziecko. Bajka dzi\u0119ki odpowiedniemu prowadzeniu w nied\u0142ugim czasie otrzyma\u0142a wiele wyr\u00f3\u017cnie\u0144 i\u00a0 og\u00f3lnopolskich nagr\u00f3d, m.in. Certyfikat Polskiej Organizacji Turystycznej jako Najlepszy Produkt Turystyczny 2021 roku. Panu Grzegorzowi uda\u0142o si\u0119 stworzy\u0107 miejsce, kt\u00f3re jest rozpoznawane w ca\u0142ej Polsce, a co najwa\u017cniejsze ka\u017cdego miesi\u0105ca przyci\u0105ga do Katowic fan\u00f3w \u015bwietnej zabawy.\u003C\/p\u003E\n\u003Cp\u003EZg\u0142aszaj\u0105cy: \u015al\u0105ska Izba Turystyki \u00a0\u00a0\u00a0\u003C\/p\u003E\n\u003Cp\u003E\u00a0\u003C\/p\u003E\n\u003Col\u003E\n\u003Cli\u003E\u003Cstrong\u003ETomasz Kucharski\u003C\/strong\u003E\u003C\/li\u003E\n\u003C\/ol\u003E\n\u003Cp\u003EBurmistrz Miasta i Gminy Olsztyn. Jego wieloletnia dzia\u0142alno\u015b\u0107 w obszarze rozwoju turystyki, turystyki rowerowej, podejmowanie nowych inicjatyw turystycznych, realizacja inwestycji infrastrukturalnych, przyczyni\u0142y si\u0119 do rozwoju turystki w ca\u0142ym regionie. Olsztyn z najwi\u0119kszymi ruinami zamku na Jurze sta\u0142 si\u0119 jednym z najbardziej rozpoznawalnych o\u015brodk\u00f3w turystyki w regionie. Dzi\u0119ki jego zaanga\u017cowaniu zosta\u0142a rozbudowana sie\u0107 \u015bcie\u017cek rowerowych na terenie gminy Olsztyn,\u00a0 a\u00a0 tak\u017ce po\u0142\u0105cze\u0144 rowerowych w ca\u0142ym regionie np. budowa trasy rowerowej ze Zr\u0119bic do Suliszowic w gminie \u017barki. Dzi\u0119ki dobrej wsp\u00f3\u0142pracy ze Wsp\u00f3lnot\u0105 Gruntow\u0105 zarz\u0105dzaj\u0105c\u0105 Zamkiem w Olsztynie uda\u0142o si\u0119 pozyska\u0107 unijne \u015brodki finansowe i przeprowadzi\u0107 prace restauracyjne i konserwacyjne cz\u0119\u015bci zamku.\u00a0\u00a0\u003C\/p\u003E\n\u003Cp\u003EZg\u0142aszaj\u0105cy: Urz\u0105d Miasta i Gminy Olsztyn\u003C\/p\u003E\n\u003Cp\u003E\u00a0\u003C\/p\u003E\n\u003Col\u003E\n\u003Cli\u003E\u003Cstrong\u003ESabina Bugaj\u003C\/strong\u003E\u003C\/li\u003E\n\u003C\/ol\u003E\n\u003Cp\u003EOd 20 lat dyrektor Miejskiego O\u015brodka Kultury, Promocji i Informacji im. Jana Wi\u0119zika w Szczyrku. Anga\u017cuje si\u0119 w promocj\u0119 regionu, jest koordynatork\u0105 wielu projekt\u00f3w i akcji promocyjnych Beskid\u00f3w, wsp\u00f3\u0142tw\u00f3rczyni Marki Turystycznej \u201eBeskidy\u201d i pomys\u0142odawczyni niezwyk\u0142ego przedsi\u0119wzi\u0119cia \u201eSzczyrk bez barier\u201d dla os\u00f3b z niepe\u0142nosprawno\u015bciami. Jest osob\u0105 niezwykle otwart\u0105, kreatywn\u0105, dbaj\u0105c\u0105 o promocj\u0119 turystyczn\u0105 miasta Szczyrk, powiatu bielskiego oraz ca\u0142ego regionu. Do jej najwa\u017cniejszych osi\u0105gni\u0119\u0107 nale\u017cy wsp\u00f3\u0142tworzenie nowej Marki Szczyrk w najwi\u0119kszym o\u015brodku narciarskim w Polsce z\u00a0 udzia\u0142em: Szczyrk Mountain Resort, Centralnym O\u015brodkiem Sportu, Beskid sport Arena.\u00a0\u00a0 \u00a0\u003C\/p\u003E\n\u003Cp\u003EZg\u0142aszaj\u0105cy: Powiat Bielski \u00a0\u003C\/p\u003E\n\u003Cp\u003E\u00a0\u003C\/p\u003E\n\u003Cp\u003E\u003Cstrong\u003E\u003Cu\u003EII Kategoria: Dzia\u0142alno\u015b\u0107 spo\u0142eczna\u003C\/u\u003E\u003C\/strong\u003E\u003C\/p\u003E\n\u003Cp\u003E\u003Cstrong\u003EWyr\u00f3\u017cnienie g\u0142\u00f3wne:\u003C\/strong\u003E\u003C\/p\u003E\n\u003Cp\u003E\u003Cstrong\u003EStowarzyszenie na rzecz Kultury \u201eKantata\u201d\u003C\/strong\u003E\u003C\/p\u003E\n\u003Cp\u003E\u00a0Od wielu lata dzia\u0142a na rzecz os\u00f3b niepe\u0142nosprawnych pragn\u0105cych zaczerpn\u0105\u0107 turystyki aktywnej w regionie. Zajmuje si\u0119 te\u017c szkoleniem kadr w zakresie asystowania osobom niepe\u0142nosprawnym podczas aktywno\u015bci turystycznych, czego doskona\u0142ym przyk\u0142adem jest projekt ATON \u2013 cykl szkole\u0144 dla asystent\u00f3w turystycznych os\u00f3b niepe\u0142nosprawnych, kt\u00f3ry by\u0142 realizowany m.in. w ramach programu Wojew\u00f3dztwa \u015al\u0105skiego pn. \u201e\u015al\u0105skie bez barier\u201d. Cz\u0142onkowie stowarzyszenia s\u0105 r\u00f3wnie\u017c bardzo zaanga\u017cowani w promocj\u0119 marki turystycznej Kraina G\u00f3rnej Odry \u2013 jako aktywnej i bezbarierowej.\u003C\/p\u003E\n\u003Cp\u003EZg\u0142aszaj\u0105cy: Zwi\u0105zek Gmin i Powiat\u00f3w Subregionu Zachodniego Wojew\u00f3dztwa \u015al\u0105skiego z siedzib\u0105 w Rybniku\u003C\/p\u003E\n\u003Cp\u003E\u00a0\u00a0\u00a0\u00a0\u00a0\u00a0\u00a0\u00a0\u00a0\u00a0\u00a0\u003C\/p\u003E\n\u003Cp\u003E\u003Cstrong\u003EWyr\u00f3\u017cnienia:\u003C\/strong\u003E\u003C\/p\u003E\n\u003Col\u003E\n\u003Cli\u003E\u003Cstrong\u003EMateusz Sarna\u003C\/strong\u003E\u003C\/li\u003E\n\u003C\/ol\u003E\n\u003Cp\u003ECz\u0142onek Oddzia\u0142u PTTK w Jaworznie od 2001 roku. Bardzo czynnie zaanga\u017cowany w dzia\u0142alno\u015b\u0107 turystyczn\u0105 na rzecz dzieci i m\u0142odzie\u017cy. Corocznie organizuje szereg rajd\u00f3w, \u00a0\u00a0przekazuj\u0105c m\u0142odzie\u017cy wiedz\u0119 i informacje krajoznawczo \u2013 turystyczne. Stale podnosi i\u00a0 rozszerza swoje uprawnienia kadry spo\u0142ecznej PTTK. Jest m.in: przodownikiem turystyki pieszej, przewodnikiem terenowym po Jurze Krakowsko -Cz\u0119stochowskiej i Wo\u017anicko -Wielu\u0144skiej oraz instruktorem krajoznawstwa Regionu PTTK.\u003C\/p\u003E\n\u003Cp\u003EZg\u0142aszaj\u0105cy: PTTK Oddzia\u0142 w Jaworznie\u003C\/p\u003E\n\u003Cp\u003E\u00a0\u003C\/p\u003E\n\u003Col\u003E\n\u003Cli\u003E\u003Cstrong\u003EKrystyna Go\u0142\u0105bek\u003C\/strong\u003E\u003C\/li\u003E\n\u003C\/ol\u003E\n\u003Cp\u003E\u00a0W\u0142a\u015bciciel firmy Business Service Galop zajmuj\u0105cej si\u0119 organizacj\u0105 kongres\u00f3w w Polsce, od wielu lat bierze udzia\u0142 w \u017cyciu przemys\u0142u spotka\u0144 pe\u0142ni\u0105c funkcj\u0119 wiceprezesa Stowarzyszenia Konferencje i Kongresy w Polsce oraz Cz\u0142onka Zarz\u0105du \u015al\u0105skiej Organizacji Turystycznej. Jest Cz\u0142onkiem prezydium \u015al\u0105skiej Rady Turystyki powo\u0142anej z inicjatywy Marsza\u0142ka Wojew\u00f3dztwa \u015al\u0105skiego. Wsp\u00f3\u0142tworzy\u0142a koncepcj\u0119 dzia\u0142ania regionalnego Silesia Convention Bureau.\u003C\/p\u003E\n\u003Cp\u003EZg\u0142aszaj\u0105cy: \u015al\u0105ska Organizacja Turystyczna\u003C\/p\u003E\n\u003Cp\u003E\u00a0\u003C\/p\u003E\n\u003Col\u003E\n\u003Cli\u003E\u003Cstrong\u003EGrzegorz Franki\u003C\/strong\u003E\u003C\/li\u003E\n\u003C\/ol\u003E\n\u003Cp\u003EAktywnie uczestniczy w pracach \u015al\u0105skiej Izby Turystyki, w kt\u00f3rej reprezentuje Zwi\u0105zek G\u00f3rno\u015bl\u0105ski \u2013 najstarsz\u0105 i najwi\u0119ksz\u0105 organizacj\u0119 regionaln\u0105 na G\u00f3rnym \u015al\u0105sku. Od 2015 r. pe\u0142ni funkcj\u0119 prezesa Zwi\u0105zku G\u00f3rno\u015bl\u0105skiego. Organizuje wieczory regionalne oraz prowadzi liczne spotkania z m\u0142odzie\u017c\u0105 szkoln\u0105 i zach\u0119ca ich do poznawania ciekawych miejsc naszego regionu. Propaguje programy wycieczek po \u015bl\u0105skich atrakcjach turystycznych. Jest inicjatorem i organizatorem wielu wydarze\u0144 o charakterze kulturalnym i edukacyjnym np. \u201e\u015awi\u0119to stroj\u00f3w ludowych G\u00f3rnego \u015al\u0105ska\u201d, regionalny Przegl\u0105d Pie\u015bni \u201e\u015al\u0105skie \u015bpiewanie\u201d czy og\u00f3lnopolski konkurs Krasom\u00f3wczy im .Wojciecha Korfantego.\u003C\/p\u003E\n\u003Cp\u003EZg\u0142aszaj\u0105cy: \u015al\u0105ska Izba Turystyki w Katowicach\u003C\/p\u003E\n\u003Cp\u003E\u00a0\u003C\/p\u003E\n\u003Col\u003E\n\u003Cli\u003E\u003Cstrong\u003EStowarzyszenie \u201eDrengowie znad G\u00f3rnej Odry\u201d\u003C\/strong\u003E\u003C\/li\u003E\n\u003C\/ol\u003E\n\u003Cp\u003EStowarzyszenie mi\u0142o\u015bnik\u00f3w wczesnego \u015bredniowiecza, kt\u00f3rzy dzia\u0142aj\u0105 nie tylko na rzecz edukacji oraz wychowania dzieci i m\u0142odzie\u017cy, ale tak\u017ce wyr\u00f3wnywania szans w dost\u0119pie do edukacji i wsp\u00f3\u0142pracy transgranicznej z Republik\u0105 Czesk\u0105. Ponadto, s\u0105 r\u00f3wnie\u017c organizatorem jednego z czo\u0142owych raciborskich wydarze\u0144, czyli \u201eRaciborskiego Festiwalu \u015aredniowiecznego\u201d, tworz\u0105c przy tym jedn\u0105 z unikatowych atrakcji turystycznych w skali ca\u0142ego Wojew\u00f3dztwa \u015al\u0105skiego.\u00a0\u00a0\u003C\/p\u003E\n\u003Cp\u003EZg\u0142aszaj\u0105cy: Zwi\u0105zek Gmin i Powiat\u00f3w Subregionu Zachodniego Wojew\u00f3dztwa \u015al\u0105skiego z siedzib\u0105 w Rybniku\u003C\/p\u003E\n\u003Cp\u003E\u00a0\u003C\/p\u003E\n\u003Col\u003E\n\u003Cli\u003E\u003Cstrong\u003EAnna Strzeszewska\u003C\/strong\u003E\u003C\/li\u003E\n\u003C\/ol\u003E\n\u003Cp\u003ENale\u017cy do PTTK od 1974 roku. Jako pracownik Urz\u0119du Miejskiego w Gliwicach realizowa\u0142a zadania zwi\u0105zane z promocj\u0105 walor\u00f3w turystycznych miasta i jego dziedzictwa kulturowego. By\u0142a pomys\u0142odawczyni\u0105 licznych wystaw promuj\u0105cych Gliwice oraz wydawnictw o tematyce kulturowej i turystycznej. Autor wielu artyku\u0142\u00f3w publikowanych w\u00a0 Gliwickim Magazynie Kulturalnym. W zakresie dzia\u0142alno\u015bci przewodnika turystycznego organizowa\u0142a wycieczki oraz spacery po mie\u015bcie.\u003C\/p\u003E\n\u003Cp\u003EZg\u0142aszaj\u0105cy: Ko\u0142o Przewodnik\u00f3w Turystycznych w Gliwicach przy Oddziale PTTK Ziemi Gliwickiej.\u003C\/p\u003E\n\u003Cp\u003E\u00a0\u003C\/p\u003E\n\u003Cp\u003E\u003Cstrong\u003E\u003Cu\u003EIII Kategoria: Dzia\u0142alno\u015b\u0107 biznesowa\u00a0\u003C\/u\u003E\u003C\/strong\u003E\u003C\/p\u003E\n\u003Cp\u003E\u003Cstrong\u003EWyr\u00f3\u017cnienie g\u0142\u00f3wne:\u003C\/strong\u003E\u003C\/p\u003E\n\u003Cp\u003E\u00a0\u00a0\u00a0\u00a0\u00a0\u00a0\u00a0\u00a0\u00a0\u003Cstrong\u003E\u00a0\u00a0\u00a0Grupa ATLAS TOURS sp. z o.o.\u003C\/strong\u003E\u003C\/p\u003E\n\u003Cp\u003EFirma jest organizatorem Rejs\u00f3w Wycieczkowych \u2013 wspania\u0142ej formy \u00a0poznawania \u015bwiata i nowego sposobu na sp\u0119dzenie wymarzonego urlopu \u201eWypoczywaj na morzu\u0022 to has\u0142o, kt\u00f3re z roku na rok realizuje coraz wi\u0119cej klient\u00f3w, pasa\u017cer\u00f3w wielu linii cruisingowych. Jest najwi\u0119kszym organizatorem rejs\u00f3w z polskim pilotem, co roku wyp\u0142ywa\u00a0 kilkadziesi\u0105t grup pod opiek\u0105 do\u015bwiadczonych pilot\u00f3w. Grupa ATLAS TOURS wsp\u00f3\u0142pracuje z najlepszymi liniami rejsowymi \u015bwiata. Klienci firmy\u00a0 p\u0142ywaj\u0105 niemal po ca\u0142ym \u015bwiecie. Organizowane s\u0105 rejsy dla klient\u00f3w indywidualnych, rejsy grupowe z polskim pilotem, rejsy integracyjne dla firm oraz \u201ekongresy na morzu\u201d czy podr\u00f3\u017ce po\u015blubne. Firma organizuje tak\u017ce przejazdy\/przeloty do portu wyp\u0142yni\u0119cia, transfery, noclegi przed lub po rejsie oraz s\u0142u\u017cy\u00a0 fachowym doradztwem przy organizacji i wyborze wycieczek fakultatywnych.\u003C\/p\u003E\n\u003Cp\u003EZg\u0142aszaj\u0105cy: Polska Izba Turystyki Oddzia\u0142 \u015al\u0105ski\u003C\/p\u003E\n\u003Cp\u003E\u00a0\u003C\/p\u003E\n\u003Cp\u003E\u003Cstrong\u003EWyr\u00f3\u017cnienia:\u003C\/strong\u003E\u003C\/p\u003E\n\u003Col\u003E\n\u003Cli\u003E\u003Cstrong\u003EZIAD Bielsko-Bia\u0142a SA\u003C\/strong\u003E\u003C\/li\u003E\n\u003C\/ol\u003E\n\u003Cp\u003E\u00a0Sp\u00f3\u0142ka ZIAD Bielsko-Bia\u0142a SA zarz\u0105dca marki \u201eSzyndzielnia Resort\u201d, kompleksu wypoczynkowego u podn\u00f3\u017ca Szyndzielni, w pobli\u017cu miasta Bielska-Bia\u0142ej. Kompleks oferuje r\u00f3\u017cne us\u0142ugi gastronomiczne oraz miejsca noclegowe, dzi\u0119ki czemu mo\u017cna tu wypocz\u0105\u0107 i zrelaksowa\u0107 si\u0119. Szyndzielnia Resort to m.in.: Kolej Linowa Szyndzielnia, Kolej Kanapowa D\u0119bowiec, Hotel Szyndzielnia***, Camper Park, G\u00f3rskie trasy rowerowe - Enduro Trails. Kolej Linowa Szyndzielnia \u00a0o d\u0142ugo\u015bci 1810 m, jest jedn\u0105 z wi\u0119kszych atrakcji turystycznych Bielska-Bia\u0142ej. Nowoczesne przeszklone gondole wo\u017c\u0105 codziennie pasa\u017cer\u00f3w i rowerzyst\u00f3w na g\u00f3r\u0119 Szyndzielni\u0119. Na przestrzeni zdobytych do\u015bwiadcze\u0144\u00a0 z\u00a0 wielu lat funkcjonowania Kolei oraz prowadzonych statystyk prognozuje si\u0119, \u017ce w tym roku Kolej Linowa przewiezie 7.000.000 pasa\u017cera.\u003C\/p\u003E\n\u003Cp\u003E\u00a0\u00a0\u00a0\u00a0\u00a0\u00a0\u00a0\u00a0\u00a0\u00a0\u00a0\u00a0 Zg\u0142aszaj\u0105cy: Lokalna Organizacja Turystyczna \u201eBeskidy\u201d w Bielsku-Bia\u0142ej\u003C\/p\u003E\n\u003Cp\u003E\u00a0\u003C\/p\u003E\n\u003Col\u003E\n\u003Cli\u003E\u003Cstrong\u003EMarcin Stolarz\u003C\/strong\u003E\u003C\/li\u003E\n\u003C\/ol\u003E\n\u003Cp\u003EManager posiadaj\u0105cy wiedz\u0119 popart\u0105 do\u015bwiadczeniem w zrz\u0105dzaniu projektami i obiektami oraz sprzeda\u017cy w sektorze MICE. Prezes zarz\u0105du w PTWP Event Center, sp\u00f3\u0142ce, kt\u00f3ra jest operatorem Mi\u0119dzynarodowego Centrum Kongresowego i Spodka w Katowicach. Do jego szczeg\u00f3lnych osi\u0105gni\u0119\u0107 nale\u017cy m.in. wypracowanie silnej pozycji rynkowej i marki Mi\u0119dzynarodowego Centrum Kongresowego w Katowicach, kontraktowanie i pozyskanie wci\u0105\u017c nowych wydarze\u0144 dla regionu, lobbowanie na rzecz organizacji presti\u017cowych i mi\u0119dzynarodowych wydarze\u0144 w regionie oraz pozyskanie dla regionu takich event\u00f3w jak IGF Szczyt Cyfrowy ONZ.\u003C\/p\u003E\n\u003Cp\u003EZg\u0142aszaj\u0105cy: \u015al\u0105ska Organizacja Turystyczna\u00a0\u003C\/p\u003E\n\u003Cp\u003E\u00a0\u003C\/p\u003E\n\u003Col\u003E\n\u003Cli\u003E\u003Cstrong\u003EKrzysztof Ziaja\u003C\/strong\u003E\u003C\/li\u003E\n\u003C\/ol\u003E\n\u003Cp\u003EW 1993 roku za\u0142o\u017cy\u0142 biuro turystyczne \u2013 PHU Vita S.C. Gliwice. Jego oferty skierowane s\u0105 do r\u00f3\u017cnych grup wiekowych i zawsze tworzone z dba\u0142o\u015bci\u0105 o potrzeby ka\u017cdego klienta. Dzieci i m\u0142odzie\u017c z terenu \u015al\u0105ska i o\u015bciennych wojew\u00f3dztw wyje\u017cd\u017caj\u0105 za jego po\u015brednictwem nad pi\u0119kny Ba\u0142tyk, w g\u00f3ry, nad jeziora w tereny czyste i nieska\u017cone. Jego dewiz\u0105 \u017cyciow\u0105 s\u0105 wymowne i wcielane w \u017cycie s\u0142owa wybitnego pedagoga-humanisty Janusza Korczaka \u201eMaksymalizowa\u0107 dzieci\u0119c\u0105 rado\u015b\u0107, minimalizowa\u0107 dzieci\u0119ce smutki\u201d. Specjalizuje si\u0119 r\u00f3wnie\u017c w wyjazdach dla senior\u00f3w.\u003C\/p\u003E\n\u003Cp\u003EZg\u0142aszaj\u0105cy: \u015al\u0105ska Izba Turystyki\u003C\/p\u003E\n\u003Cp\u003E\u00a0\u00a0\u003C\/p\u003E\n\u003Col\u003E\n\u003Cli\u003E\u003Cstrong\u003EFundacja \u201eStare Opactwo w Rudach\u201d\u003C\/strong\u003E\u003C\/li\u003E\n\u003C\/ol\u003E\n\u003Cp\u003EOd lat dzia\u0142a dla rozwoju turystyki Krainy G\u00f3rnej odry i ca\u0142ego Wojew\u00f3dztwa \u015al\u0105skiego, tworz\u0105c pe\u0142n\u0105 ofert\u0119 dla turyst\u00f3w, \u0142\u0105cz\u0105c obiekt noclegowy, obiekt gastronomiczny i\u00a0 atrakcj\u0119 turystyczn\u0105 w jednym. Opactwo bierze udzia\u0142 we wszelakich akacjach promuj\u0105cych region takich jak m.in. \u201e\u015al\u0105skie i Mazury \u2013 bliskie z natury\u201d czy organizacja i\u00a0 promocja \u015bwi\u0119ta Krainy G\u00f3rnej Odry. Wchodz\u0105ca w sk\u0142ad obiektu Restauracja Cysterska znajduje si\u0119 na szlaku kulinarnym \u201e\u015al\u0105skie Smaki\u201d.\u003C\/p\u003E\n\u003Cp\u003EZg\u0142aszaj\u0105cy: Zwi\u0105zek Gmin i Powiat\u00f3w Subregionu Zachodniego Wojew\u00f3dztwa \u015al\u0105skiego z siedzib\u0105 w Rybniku\u003C\/p\u003E\n\u003Cp\u003E\u00a0\u003C\/p\u003E\n\u003Col\u003E\n\u003Cli\u003E\u003Cstrong\u003EWehiku\u0142 Czasu na Jurajskim Szlaku\u003C\/strong\u003E\u003C\/li\u003E\n\u003C\/ol\u003E\n\u003Cp\u003E\u015aredniowieczny dom i ob\u00f3z rycerski, wizyta u kata i medyka i pr\u00f3ba pisania g\u0119sim pi\u00f3rem, jak skryba. To tylko kilka propozycji, jakie oferuje turystyczne miejsce w \u017barkach. Edukacyjny i interaktywny charakter ekspozycji sprawia, \u017ce ka\u017cdy \u015bwietnie si\u0119 tu bawi. Oferta dedykowana jest dla turyst\u00f3w indywidualnych i grup, od przedszkola zaczynaj\u0105c. Interesuj\u0105cy scenariusz zwiedzania, dostosowany do grup wiekowych, pozwala turystom na odkrywanie co jadano w \u015bredniowieczu, jak si\u0119 ubierano, jak leczono. Ka\u017cdy mo\u017ce sprawdzi\u0107 czy rycerstwo to lekki fach.\u003C\/p\u003E\n\u003Cp\u003EZg\u0142aszaj\u0105cy: Gmina \u017barki\u003C\/p\u003E\n\u003Cp\u003E\u00a0\u003C\/p\u003E\n\u003Cp\u003E\u003Cstrong\u003E\u003Cu\u003EIV Kategoria: Przedsi\u0119wzi\u0119cie turystyczne roku\u003C\/u\u003E\u003C\/strong\u003E\u003C\/p\u003E\n\u003Cp\u003E\u003Cstrong\u003EWyr\u00f3\u017cnienie g\u0142\u00f3wne:\u003C\/strong\u003E\u003C\/p\u003E\n\u003Cp\u003E\u003Cstrong\u003EZwi\u0105zek Gmin i Powiat\u00f3w Subregionu Zachodniego Wojew\u00f3dztwa \u015al\u0105skiego \u00a0\u00a0\u00a0\u00a0\u00a0\u00a0\u00a0\u00a0\u00a0\u00a0\u00a0\u00a0\u00a0\u00a0\u00a0\u00a0\u00a0\u00a0\u00a0\u00a0\u00a0\u00a0\u00a0\u00a0\u00a0\u00a0\u00a0\u00a0z\u00a0 siedzib\u0105 w Rybniku\u003C\/strong\u003E\u003C\/p\u003E\n\u003Cp\u003EZa \u015awi\u0119to marki turystycznej Kraina G\u00f3rnej Odry \u2013 Festiwal G\u00f3rnej Odry.\u00a0 To najwi\u0119ksze wydarzenie turystyczne o zasi\u0119gu regionalnym i transregionalnym w Wojew\u00f3dztwie \u015al\u0105skim. W 2022 roku Festiwal G\u00f3rnej Odry zosta\u0142 nagrodzony dwoma najwa\u017cniejszymi nagrodami bran\u017cy turystycznej w Polsce: Najlepszy produkt turystyczny 2022 \u2013 Certyfikat PPT, Najlepszy produkt turystyczny 2022 roku \u2013 Certyfikat Internaut\u00f3w\u201d, gromadz\u0105c od trzech edycji ponad 300 tys. odwiedzj\u0105cych. W sk\u0142ad \u015bwi\u0119ta marki Kraina G\u00f3rnej Odry wesz\u0142y kluczowe w tej cz\u0119\u015bci wojew\u00f3dztwa imprezy o tematyce wodnej, takie jak kultowe P\u0142ywad\u0142a, liczne sp\u0142ywy kajakowe, spektakl na wodzie czy inne wydarzenia o\u00a0 niecodziennym i wyj\u0105tkowym charakterze, co jest nowo\u015bci\u0105 w ofercie turystyki wodnej Wojew\u00f3dztwa \u015al\u0105skiego.\u00a0\u00a0\u00a0\u00a0\u003C\/p\u003E\n\u003Cp\u003EZg\u0142aszaj\u0105cy: \u015al\u0105ska Organizacja Turystyczna\u003C\/p\u003E\n\u003Cp\u003E\u00a0\u003C\/p\u003E\n\u003Cp\u003E\u003Cstrong\u003EWyr\u00f3\u017cnienia:\u003C\/strong\u003E\u003C\/p\u003E\n\u003Col\u003E\n\u003Cli\u003E\u003Cstrong\u003EMiasto i Gmina \u017barki\u003C\/strong\u003E\u003C\/li\u003E\n\u003C\/ol\u003E\n\u003Cp\u003EZa projekt pt. \u201eBudowa trasy rowerowej w ci\u0105gu Regionalnej Trasy Rowerowej na odcinku Zr\u0119bice, Krasawa \u2013 gmina Olsztyn; Suliszowice, Jarosz\u00f3w \u2013 Gmina \u017barki\u201d. Dok\u0142adnie 10,2 km nowych tras rowerowych na terenie gminy Olsztyn i \u017barki. Umow\u0119 o\u00a0 dofinansowanie projektu z Regionalnego Programu Operacyjnego podpisano w Urz\u0119dzie Marsza\u0142kowskim Wojew\u00f3dztwa \u015al\u0105skiego w 2020 roku. Zadanie zako\u0144czono wiosn\u0105 2023 roku. Liderem projektu by\u0142a Gmina Olsztyn, parterem Gmina \u017barki. Projekt polega\u0142 na budowie trasy rowerowej Zr\u0119bice, Krasawa \u2013 w gminie Olsztyn; Suliszowice, Jarosz\u00f3w \u2013 w gminie \u017barki. W ramach inwestycji powsta\u0142y Miejsca Odpoczynku Rowerzysty. \u00a0\u00a0\u00a0\u003C\/p\u003E\n\u003Cp\u003EZg\u0142aszaj\u0105cy: Zwi\u0105zek Gmin Jurajskich\u003C\/p\u003E\n\u003Cp\u003E\u00a0\u003C\/p\u003E\n\u003Col\u003E\n\u003Cli\u003E\u003Cstrong\u003EMiasto i Gmina Olsztyn\u003C\/strong\u003E\u003C\/li\u003E\n\u003C\/ol\u003E\n\u003Cp\u003EZa projekt pt. \u201eBudowa trasy rowerowej w ci\u0105gu Regionalnej Trasy Rowerowej na odcinku Zr\u0119bice, Krasawa \u2013 gmina Olsztyn; Suliszowice, Jarosz\u00f3w \u2013 Gmina \u017barki\u201d. Dok\u0142adnie 10,2 km nowych tras rowerowych na terenie gminy Olsztyn i \u017barki. Umow\u0119 o dofinansowanie projektu z Regionalnego Programu Operacyjnego podpisano w Urz\u0119dzie Marsza\u0142kowskim Wojew\u00f3dztwa \u015al\u0105skiego w 2020 roku. Zadanie zako\u0144czono wiosn\u0105 2023 roku. Liderem projektu by\u0142a Gmina Olsztyn, parterem Gmina \u017barki. Projekt polega\u0142 na budowie trasy rowerowej Zr\u0119bice, Krasawa \u2013 w gminie Olsztyn; Suliszowice, Jarosz\u00f3w \u2013 w gminie \u017barki. W ramach inwestycji powsta\u0142y Miejsca Odpoczynku Rowerzysty.\u00a0\u00a0\u00a0\u003C\/p\u003E\n\u003Cp\u003EZg\u0142aszaj\u0105cy: Zwi\u0105zek Gmin Jurajskich\u003C\/p\u003E\n\u003Cp\u003E\u00a0\u003C\/p\u003E\n\u003Col\u003E\n\u003Cli\u003E\u003Cstrong\u003ESanktuarium Matki Bo\u017cej Le\u015bniowskiej Patronki Rodzin\u003C\/strong\u003E\u003C\/li\u003E\n\u003C\/ol\u003E\n\u003Cp\u003EZa uruchomienie \u201eLe\u015bniowskiej Arki Noego\u201d. W ostatnim czasie Paulini w Le\u015bniowie otwieraj\u0105 si\u0119 na nowe przedsi\u0119wzi\u0119cia turystyczne. Przyst\u0105pili do wsp\u00f3\u0142organizacji Juromanii \u2013 \u015awi\u0119ta Jury Krakowsko-Cz\u0119stochowskiej. Ze wzgl\u0119du na ch\u0119\u0107 przyci\u0105gni\u0119cia nowych odbiorc\u00f3w w sezonie 2023 przyst\u0105pili do organizacji Le\u015bniowskich Niedziel \u2013 koncert\u00f3w w ogrodzie le\u015bniowskim. W 2023 roku uruchomiono tak\u017ce \u201eLe\u015bniowsk\u0105 Ark\u0119 Noego\u201d \u2013 w specjalnie przygotowanym miejscu pojawili si\u0119: kangur, strusie, paw kr\u00f3lewski, surykatki. Ojcowie paulini rozbudowali zwierzyniec i teraz sprawuj\u0105 opiek\u0119 nie tylko nad alpakami, kozami i owieczkami. Spotkamy tu tak\u017ce kozy i owce walliserskie, mar\u0119 patago\u0144sk\u0105, strusia emu.\u00a0\u00a0\u00a0\u00a0\u00a0\u003C\/p\u003E\n\u003Cp\u003EZg\u0142aszaj\u0105cy: Gmina \u017barki\u003C\/p\u003E\n\u003Cp\u003E\u00a0\u003C\/p\u003E\n\u003Col\u003E\n\u003Cli\u003E\u003Cstrong\u003EFundacja Ustronianka\u003C\/strong\u003E\u003C\/li\u003E\n\u003C\/ol\u003E\n\u003Cp\u003EZa rewitalizacj\u0119 Zamku w Grod\u017acu \u015al\u0105skim i stworzenie w nim muzeum oraz otwarcie go dla zwiedzaj\u0105cych. Fundacja Ustronianka z Ustronia maj\u0105ca w u\u017cyczeniu Zamek w Grod\u017acu \u015al\u0105skim nale\u017c\u0105cy do przedsi\u0119biorcy Micha\u0142a Bo\u017cka uzyska\u0142a dofinansowanie z Regionalnego Programu Operacyjnego Wojew\u00f3dztwa \u015al\u0105skiego na lata 2014-202. Celem projektu by\u0142a rewitalizacja Zamku w Grod\u017acu \u015al. I stworzenie w nim muzeum, w kt\u00f3rym udost\u0119pnione s\u0105 zbiory obecnego w\u0142a\u015bciciela Zamku, pana Micha\u0142a Bo\u017cka. Zamek w\u00a0 Grod\u017acu zosta\u0142 w\u0142\u0105czony do ofert turystycznych \u015al\u0105ska Cieszy\u0144skiego. \u00a0\u00a0\u00a0\u00a0\u00a0\u003C\/p\u003E\n\u003Cp\u003EZg\u0142aszaj\u0105cy: Stowarzyszenie Rozwoju i Wsp\u00f3\u0142pracy Regionalnej \u201eOlza\u201d\u003C\/p\u003E\n\u003Cp\u003E\u00a0\u003C\/p\u003E\n\u003Col\u003E\n\u003Cli\u003E\u003Cstrong\u003EUrz\u0105d Miejski w Bielsku-Bia\u0142ej \u2013 Wydzia\u0142 Kultury i Promocji\u003C\/strong\u003E\u003C\/li\u003E\n\u003C\/ol\u003E\n\u003Cp\u003EZa The Loop. Kompleksowy produkt turystyczny zintegrowany z sieci\u0105 schronisk g\u00f3rskich, kt\u00f3ry w ca\u0142o\u015bci oparty jest na szlakach Polskiego Towarzystwa Turystyczno-Krajoznawczego. To ambitna trasa wykorzystuj\u0105ca du\u017ce odcinki istniej\u0105cych szlak\u00f3w turystycznych w Beskidzie \u015al\u0105skim, \u017bywieckim i Ma\u0142ym. Jej przej\u015bcie oznacza konieczno\u015b\u0107 pokonania blisko 250 kilometr\u00f3w przy \u0142\u0105cznym przewy\u017cszeniu przekraczaj\u0105cym 11\u00a0000 metr\u00f3w. The Loop to jedyny w tej cz\u0119\u015bci Europy nielinearny szlak d\u0142ugodystansowy.\u003C\/p\u003E\n\u003Cp\u003EZg\u0142aszaj\u0105cy: Miasto Bielsko-Bia\u0142a \u00a0\u00a0\u003C\/p\u003E\n\u003Cp\u003E\u00a0\u003C\/p\u003E\n\u003Col\u003E\n\u003Cli\u003E\u003Cstrong\u003E\u003Cu\u003EKategoria: Instytucja\u003C\/u\u003E\u003C\/strong\u003E\u003C\/li\u003E\n\u003C\/ol\u003E\n\u003Cp\u003E\u003Cstrong\u003EWyr\u00f3\u017cnienie g\u0142\u00f3wne:\u003C\/strong\u003E\u003C\/p\u003E\n\u003Cp\u003E\u003Cstrong\u003E\u00a0 \u00a0Stowarzyszenie Rozwoju i Wsp\u00f3\u0142pracy Regionalnej \u201eOlza\u201d\u003C\/strong\u003E\u003C\/p\u003E\n\u003Cp\u003ECelem Stowarzyszenia jest wspieranie rozwoju lokalnego i regionalnego na terenach gmin i\u00a0\u00a0\u00a0 powiat\u00f3w cz\u0142onkowskich. Dzia\u0142a na rzecz rozwoju gospodarczego, upowszechniania dobrego wizerunku regionu, ochrony \u015brodowiska naturalnego, prowadzi dzia\u0142alno\u015b\u0107 edukacyjn\u0105, proeuropejsk\u0105, kulturaln\u0105 i sportow\u0105, wydawnicz\u0105, szkoleniow\u0105, promocyjn\u0105, dzia\u0142alno\u015b\u0107 z\u00a0obszaru turystyki, wsp\u00f3\u0142pracuje z samorz\u0105dami i innymi organizacjami Republiki Czeskiej. Stowarzyszenie wsp\u00f3\u0142tworzy polsko-czeski Euroregion \u015al\u0105sk Cieszy\u0144ski, podejmuj\u0105c w jego ramach liczne, transgraniczne dzia\u0142ania na rzecz rozwoju turystyki na \u015bl\u0105sko-morawskim pograniczu. Stowarzyszenie zarz\u0105dza Polsk\u0105 Mark\u0105 Turystyczn\u0105 \u015al\u0105sk Cieszy\u0144ski oraz jest koordynatorem \u017belaznego Szlaku Rowerowego.\u00a0 \u00a0\u00a0\u00a0\u00a0\u003C\/p\u003E\n\u003Cp\u003EZg\u0142aszaj\u0105cy: Stowarzyszenie Promocji i Rozwoju Ustronia\u003C\/p\u003E\n\u003Cp\u003E\u003Cstrong\u003EWyr\u00f3\u017cnienia:\u003C\/strong\u003E\u003C\/p\u003E\n\u003Col\u003E\n\u003Cli\u003E\u003Cstrong\u003EPa\u0142ac w Miechowicach \u2013 filia Bytomskiego Centrum Kultury\u003C\/strong\u003E\u003C\/li\u003E\n\u003C\/ol\u003E\n\u003Cp\u003EPa\u0142ac w Miechowicach jest fili\u0105 Bytomskiego Centrum Kultury, miejskiej instytucji kultury. Pa\u0142ac \u00a0z uwagi na g\u0142\u0119bokie osadzenie w dziedzictwie Bytomia i G\u00f3rnego \u015al\u0105ska stanowi wa\u017cn\u0105 dla miasta atrakcj\u0119 turystyczn\u0105. Prace rewitalizacyjne dobieg\u0142y w 2020 r. ko\u0144ca. Odrestaurowany gmach wzbudza od tego czasu du\u017ce zainteresowanie mieszka\u0144c\u00f3w i turyst\u00f3w. Dzi\u0119ki realizacji projektu zosta\u0142o zachowane dziedzictwo kulturowe materialne maj\u0105ce ogromne znaczenie w\u00a0 kontek\u015bcie ochrony dziedzictwa niematerialnego. Budynek odnowionego pa\u0142acu daje mo\u017cliwo\u015b\u0107 prowadzenia edukacji kulturowej dotycz\u0105cej dziedzictwa zwi\u0105zanego z to\u017csamo\u015bci\u0105 i histori\u0105 Miechowic, Bytomia oraz G\u00f3rnego \u015al\u0105ska w oparciu o kontekst historii rodu i histori\u0119 pa\u0142acu jako budynku. \u00a0\u00a0\u00a0\u00a0\u003C\/p\u003E\n\u003Cp\u003EZg\u0142aszaj\u0105cy: Prezydent Miasta Bytom\u003C\/p\u003E\n\u003Cp\u003E\u00a0\u003C\/p\u003E\n\u003Col\u003E\n\u003Cli\u003E\u003Cstrong\u003ESp\u00f3\u0142dzielnia Socjalna Wis\u0142a Otwarta Turystycznie\u003C\/strong\u003E\u003C\/li\u003E\n\u003C\/ol\u003E\n\u003Cp\u003ENadrz\u0119dnym celem Sp\u00f3\u0142dzielni jest prowadzenie wsp\u00f3lnego przedsi\u0119biorstwa w oparciu o\u00a0 prac\u0119 os\u00f3b zagro\u017conych wykluczeniem spo\u0142ecznym, dzia\u0142aj\u0105cego w\u00a0 szczeg\u00f3lno\u015bci poprzez wsp\u00f3ln\u0105 dzia\u0142alno\u015b\u0107 gospodarcz\u0105 oraz wyodr\u0119bnion\u0105 dzia\u0142alno\u015b\u0107 spo\u0142eczn\u0105, o\u015bwiatowo-kulturaln\u0105 i\u00a0 spo\u0142ecznie u\u017cyteczn\u0105 w sferze zada\u0144 publicznych. G\u0142\u00f3wnym zadaniem pracownik\u00f3w sp\u00f3\u0142dzielni jest obs\u0142uga turyst\u00f3w w dw\u00f3ch punktach informacji turystycznej w centrum miasta przy rynku oraz w Centrum Przesiadkowym. Stale zach\u0119caj\u0105 turyst\u00f3w do korzystania z szerokiego zakresu us\u0142ug wi\u015bla\u0144skich przedsi\u0119biorc\u00f3w oraz do uczestnictwa w\u00a0 organizowanych przez miasto i\u00a0 przedsi\u0119biorc\u00f3w imprezach.\u00a0\u00a0\u00a0 \u00a0\u003C\/p\u003E\n\u003Cp\u003EZg\u0142aszaj\u0105cy: Urz\u0105d Miejski w Wi\u015ble\u003C\/p\u003E\n\u003Cp\u003E\u00a0\u003C\/p\u003E\n\u003Col\u003E\n\u003Cli\u003E\u003Cstrong\u003EOddzia\u0142 PTTK BATORY w Chorzowie\u003C\/strong\u003E\u003C\/li\u003E\n\u003C\/ol\u003E\n\u003Cp\u003EHistoria Oddzia\u0142u PTTK Batory w Chorzowie nieod\u0142\u0105cznie zwi\u0105zana jest z Hut\u0105 Batory.\u00a0 Zacz\u0119\u0142a si\u0119 w okresie powojennym, gdzie g\u0142\u00f3wnym celem by\u0142o propagowanie turystyki w\u015br\u00f3d pracownik\u00f3w huty, ich rodzin i mieszka\u0144c\u00f3w Chorzowa Batorego. Oddzia\u0142 organizuje wiele wycieczek kwalifikowanych i wypoczynkowych, rajd\u00f3w g\u00f3rskich i zlot\u00f3w po Jurze Krakowsko \u2013 Cz\u0119stochowskiej. Przy Oddziale powo\u0142ano komisje m in.: Turystyki G\u00f3rskiej, Turystyki Pieszej, Krajoznawcz\u0105, Ochrony Przyrody, Kolarsk\u0105, Narciarsk\u0105 ,Fotograficzn\u0105. Do dnia dzisiejszego organizuje liczne wycieczki g\u00f3rskie jak\u00a0\u00a0 i\u00a0 krajoznawcze oraz sp\u0142ywy kajakowe. Cz\u0142onkowie z w\u0142asnej inicjatywy organizuj\u0105 w akcj\u0119 \u201eApteczka na szlaku\u201d, dzi\u0119ki kt\u00f3rej w g\u00f3rach i na innych szlakach lokowane s\u0105 apteczki z kt\u00f3rych nieodp\u0142atnie mog\u0105 korzysta\u0107 tury\u015bci.\u003C\/p\u003E\n\u003Cp\u003EZg\u0142aszaj\u0105cy: Oddzia\u0142 PTTK Batory w Chorzowie\u003C\/p\u003E\n\u003Cp\u003E\u00a0\u003C\/p\u003E\n\u003Col\u003E\n\u003Cli\u003E\u003Cstrong\u003EStowarzyszenie Promocji i Rozwoju Ustronia\u003C\/strong\u003E\u003C\/li\u003E\n\u003C\/ol\u003E\n\u003Cp\u003E\u00a0G\u0142\u00f3wnym celem Stowarzyszenia jest mi\u0119dzy innymi wspieranie wszelkich dzia\u0142a\u0144 zwi\u0105zanych z tworzeniem i rozbudow\u0105 infrastruktury turystycznej oraz uzdrowiskowej w Ustroniu. Stowarzyszenie organizuje szereg imprez turystyczno \u2013 rekreacyjnych m.in. Mi\u0119dzynarodowego Cyklu Wy\u015bcig\u00f3w UPHILL MTB Beskidy oraz Beskidzki Triathlon G\u00f3rski. Prowadzi r\u00f3wnie\u017c Ustro\u0144sk\u0105 Szko\u0142\u0119 Narciarstwa Biegowego oraz Miejsk\u0105 Informacj\u0119 Turystyczn\u0105, kt\u00f3ra promuje Ustro\u0144 jako wspania\u0142e miejsce dla aktywnego wypoczynku.\u003C\/p\u003E\n\u003Cp\u003EZg\u0142aszaj\u0105cy: Stowarzyszenie Rozwoju i Wsp\u00f3\u0142pracy Regionalnej \u201eOlza\u201d w Cieszynie\u003C\/p\u003E\n\u003Cp\u003E\u00a0\u003C\/p\u003E\n\u003Col\u003E\n\u003Cli\u003E\u003Cstrong\u003EBaseny Wis\u0142a sp. z o.o.\u003C\/strong\u003E\u003C\/li\u003E\n\u003C\/ol\u003E\n\u003Cp\u003EKompleks Baseny Wis\u0142a w nowej, zmodernizowanej ods\u0142onie zosta\u0142 uroczy\u015bcie otwarty w czerwcu 2021 r. Historia powstania basen\u00f3w w Wi\u015ble si\u0119ga okresu mi\u0119dzywojennego. W latach 90-tych kompleks basenowy straci\u0142 sw\u00f3j urok i zosta\u0142 do\u015b\u0107 powa\u017cnie nadszarpni\u0119ty z\u0119bem czasu. W roku 2016 miasto pozyska\u0142o tereny basen\u00f3w, a w roku 2017 utworzona zosta\u0142a sp\u00f3\u0142ka Baseny Wis\u0142a sp. z o.o. Przedmiotem dzia\u0142alno\u015bci sp\u00f3\u0142ki by\u0142a modernizacja kompleksu a obecnie zarz\u0105dzanie obiektem po modernizacji. Tworz\u0105c Baseny Wis\u0142a nawi\u0105zano do przestrzeni parku k\u0105pielowego i jej fantastycznych tradycji. W\u00a0 okresie zimowym na terenie Basen\u00f3w zorganizowane jest lodowisko.\u003C\/p\u003E\n\u003Cp\u003EZg\u0142aszaj\u0105cy: Urz\u0105d Miejski w Wi\u015ble\u003C\/p\u003E\n\u003Cp\u003E\u00a0\u003C\/p\u003E","promotion":false}},{"id":"bf6dbc25-d119-11e7-80a9-005056b46601","type":"Gallery","name":"Galeria","description":"Galeria"},{"id":"bf6e1f6b-d119-11e7-80a9-005056b46601","type":"Attachment","name":"Za\u0142\u0105czniki","description":"Za\u0142\u0105czniki do strony","content":[{"src":"\/resource\/69099\/Uchwa%25C5%2582a+nadanie+dyplom%25C3%25B3w.docx.pdf","extension":"PDF","name":"03c4fc6b51e1ef7168aa92c7f8334b71.docx.pdf","size":"27.77 KB"}]},{"id":"eba03b25-d9a7-11e7-b355-005056b70dba","type":"PageTitle","name":"","description":"Tytu\u0142 strony","content":{"title":"Dyplomy Marsza\u0142ka przyznane w roku 2023"}},{"id":"eba07701-d9a7-11e7-b355-005056b70dba","type":"PageDescription","name":"","description":"Zajawka strony","content":[]},{"id":"1b1a7940-ff78-11e7-b81e-005056b7801d","type":"SectionDescription","name":"","description":"Zajawka sekcji","content":[]}]}