{"id":55891,"name":"dyplomy-marszalka-przyznane-w-roku-2024","title":"Dyplomy Marsza\u0142ka przyznane w roku 2024","desc":"","header":"Dyplomy Marsza\u0142ka przyznane w roku 2024","lead":"","keywords":"","changes":"Publikacja","menu":"Dyplomy Marsza\u0142ka przyznane w roku 2024","path":"\/dzialalnosc_urzedu\/turystyka\/dyplomy-marszalka-wojewodztwa-slaskiego-za-zaslugi-dla-rozwoju-turystyki\/dyplomy-marszalka-przyznane-w-roku-2024.html","url":"\/dzialalnosc_urzedu\/turystyka\/dyplomy-marszalka-wojewodztwa-slaskiego-za-zaslugi-dla-rozwoju-turystyki\/dyplomy-marszalka-przyznane-w-roku-2024.html","infoOwner":"Urz\u0105d Marsza\u0142kowski Wojew\u00f3dztwa \u015al\u0105skiego","dateFirstPublicate":"2024-09-09 10:01:48","dateLastVersionPublicate":"2024-09-09 10:01:48","dateAvailableFrom":"2024-09-09 09:21:30","dateAvailableTo":"","type":"Zwyk\u0142a","pageParams":[],"components":[{"id":"bf6d5eba-d119-11e7-80a9-005056b46601","type":"ContentWYSIWYG","name":"Tre\u015b\u0107","description":"Tre\u015b\u0107 strony","content":{"content":"\u003Cp style=\u0022text-align: right;\u0022\u003EZa\u0142\u0105cznik do Uchwa\u0142y nr 1027\/25\/VII\/2024\u003C\/p\u003E\n\u003Cp style=\u0022text-align: right;\u0022\u003EZarz\u0105du Wojew\u00f3dztwa \u015al\u0105skiego\u003C\/p\u003E\n\u003Cp style=\u0022text-align: right;\u0022\u003Ez dnia 4.09.2024 r.\u003C\/p\u003E\n\u003Cp\u003E\u003Cstrong\u003EOSOBY I INSTYTUCJE WYR\u00d3\u017bNIENE \u00a0DYPLOMEM MARSZA\u0141KA WOJEW\u00d3DZTWA \u015aL\u0104SKIEGO ZA ZAS\u0141UGI DLA ROZWOJU TURYSTYKI\u00a0\u00a0W ROKU 2024\u003C\/strong\u003E\u003C\/p\u003E\n\u003Cp\u003E\u00a0\u003Cstrong\u003E\u003Cu\u003EI Kategoria: Osobowo\u015b\u0107 turystyczna roku \u003C\/u\u003E\u003C\/strong\u003E\u003C\/p\u003E\n\u003Cp\u003E1. Adam Wawoczny \u2013 wyr\u00f3\u017cnienie g\u0142\u00f3wne\u003C\/p\u003E\n\u003Cp\u003EPosta\u0107 \u00a0niezwykle znacz\u0105ca dla \u015bl\u0105skiej turystyki. Jego wieloletnie do\u015bwiadczenie, zaanga\u017cowanie oraz zdolno\u015b\u0107 do inicjowania pozytywnych zmian przynios\u0142y mu uznanie i szacunek w ca\u0142ym regionie. Jednym z najwa\u017cniejszych osi\u0105gni\u0119\u0107 Adama Wawowcznego jest skuteczne zarz\u0105dzanie mark\u0105 turystyczn\u0105 Kraina G\u00f3rnej Odry, kt\u00f3ra dzi\u015b jest laureatem projektu Polskie Marki Turystyczne oraz zwyci\u0119zc\u0105 czterech Certyfikat\u00f3w Polskiej Organizacji Turystycznej dla Najlepszego Produktu Turystycznego w 2022 i 2023 roku. Dzi\u0119ki jego wysi\u0142kom region ten zyska\u0142 na atrakcyjno\u015bci turystycznej, a jego bogactwo przyrodnicze i kulturowe sta\u0142o si\u0119 szerzej poznane.\u003C\/p\u003E\n\u003Cp\u003EZg\u0142aszaj\u0105cy: Zwi\u0105zek Gmin i Powiat\u00f3w Subregionu Zachodniego Wojew\u00f3dztwa \u015al\u0105skiego oraz Miasto Rybnik\u003C\/p\u003E\n\u003Cp\u003E\u00a0\u003C\/p\u003E\n\u003Cp\u003E2. Teresa Ebis (Bies Bytomski)\u003C\/p\u003E\n\u003Cp\u003EMi\u0142o\u015bniczka zabytkowej architektury, fotografka, blogerka (popularny blog Bies Bytomski), przewodniczka, aktywnie dzia\u0142aj\u0105ca w mediach spo\u0142eczno\u015bciowych pod pseudonimem Bies Bytomski. Wsp\u00f3\u0142organizatorka bytomskiej edycji Mobile Photo Trip, autorka tekst\u00f3w i zdj\u0119\u0107 do przewodnik\u00f3w turystycznych. Organizatorka spacer\u00f3w po Bytomiu dla Lokalnej Organizacji Turystycznej Miasta Gwark\u00f3w. W ramach \u015bwi\u0119ta G\u00f3rno\u015bl\u0105sko-Zag\u0142\u0119biowskiej Metropolii, tury\u015bci wraz z Teres\u0105 Ebis odkrywali architektoniczne pere\u0142ki ukryte w podw\u00f3rkach zabytkowych, bytomskich kamienic.\u00a0\u003C\/p\u003E\n\u003Cp\u003EZg\u0142aszaj\u0105cy: Prezydent Miasta Bytom\u003C\/p\u003E\n\u003Cp\u003E\u00a0\u003C\/p\u003E\n\u003Cp\u003E3. Adrian Lubszczyk\u003C\/p\u003E\n\u003Cp\u003EJest naczelnikiem Wydzia\u0142u Promocji, Kultury i Sportu w Urz\u0119dzie Miasta \u017bory, kt\u00f3ry nad wyraz anga\u017cuje si\u0119 we wszelkie przedsi\u0119wzi\u0119cia zwi\u0105zane z aktywn\u0105 turystyk\u0105 i rekreacj\u0105 na terenie Krainy G\u00f3rnej Odry, jak i w Mie\u015bcie \u017bory. W ramach prac w samorz\u0105dzie aktywnie organizuje i prowadzi miejskie imprezy takie jak \u017borska Wiosna M\u0142odo\u015bci, gale rozdania nagr\u00f3d Phonix Sariensis. Ponadto jest g\u0142\u00f3wnym pomys\u0142odawc\u0105 koncepcji \u015bwi\u0119ta marki Krainy G\u00f3rnej Odry w mie\u015bcie \u017bory.\u003C\/p\u003E\n\u003Cp\u003EZg\u0142aszaj\u0105cy: Zwi\u0105zek Gmin i Powiat\u00f3w Subregionu Zachodniego Wojew\u00f3dztwa \u015al\u0105skiego\u003C\/p\u003E\n\u003Cp\u003E\u00a0\u003C\/p\u003E\n\u003Cp\u003E4. Bogdan Dropik\u003C\/p\u003E\n\u003Cp\u003EJest przewodnikiem turystycznym po Wojew\u00f3dzkie \u015al\u0105skim oraz przewodnikiem g\u00f3rskim na obszar zachodni Beskid\u00f3w Zachodnich, dla kt\u00f3rego najwa\u017cniejszym celem jest pokazanie \u015al\u0105ska jak najszerszemu gronu odbiorc\u00f3w oraz propagowanie jego dziedzictwa, ze szczeg\u00f3lnym uwzgl\u0119dnieniem tego przemys\u0142owego. W ci\u0105gu ostatnich lat zorganizowa\u0142 i przeprowadzi\u0142 po terenie wojew\u00f3dztwa 70 wycieczek, w kt\u00f3rych uczestniczy\u0142o \u0142\u0105cznie 2040 os\u00f3b, w tym 341 dzieci i m\u0142odzie\u017cy szkolnej. Jest jednym z inicjator\u00f3w stworzenia oraz wsp\u00f3\u0142za\u0142o\u017cycielem Ko\u0142a PTTK pod nazw\u0105 G\u00f3rnicze Ko\u0142o Przyjaci\u00f3\u0142 \u015al\u0105skich Zabytk\u00f3w w Zabrzu. G\u0142\u00f3wnym motywem do stworzenia by\u0142a ch\u0119\u0107 przybli\u017cenia nietuzinkowej historii \u015al\u0105ska, w wielu jej aspektach.\u00a0\u00a0\u00a0\u003C\/p\u003E\n\u003Cp\u003EZg\u0142aszaj\u0105cy: PTTK Oddzia\u0142 im. Andrzeja Jakusa w Zabrzu\u003C\/p\u003E\n\u003Cp\u003E\u00a0\u003C\/p\u003E\n\u003Cp\u003E5. Gustaw Czy\u017c\u003C\/p\u003E\n\u003Cp\u003EWsp\u00f3\u0142za\u0142o\u017cyciel i prezes Ko\u0142a PTTK przy D.W. \u201eLimba\u201d, a od chwili za\u0142o\u017cenia w 1987 r. Oddzia\u0142u PTTK Wis\u0142a w Wi\u015ble. Niezwykle aktywny przewodnik, oprowadza\u0142 setki grup turystycznych rocznie, zapoznaj\u0105c go\u015bci z kultur\u0105 Wis\u0142y i \u015al\u0105ska Cieszy\u0144skiego oraz z niezwyk\u0142ymi turystycznie walorami Beskidu \u015al\u0105skiego. By\u0142 przewodnikiem po Zamku Prezydenta RP na Zadnim Groniu, pracowa\u0142 dla Oddzia\u0142u PTTK w Wi\u015ble jako organizator i komandor dziesi\u0119ciu edycji Mi\u0119dzynarodowych Rajd\u00f3w Narciarsko-Pieszych \u201eDo \u0179r\u00f3de\u0142 Wis\u0142y\u201d. Jako cz\u0142onek grup \u015bpiewaczych upowszechnia miejscowy folklor, tradycje i zwyczaje g\u00f3ralskie prowadz\u0105c w domach wypoczynkowych i hotelach prelekcje pt. \u201eHistoria Wis\u0142y\u201d i \u201ePoezja wi\u015bla\u0144ska\u201d.\u00a0\u00a0\u00a0\u003C\/p\u003E\n\u003Cp\u003EZg\u0142aszaj\u0105cy: Urz\u0105d Miejski w Wi\u015ble\u003C\/p\u003E\n\u003Cp\u003E\u00a0\u003C\/p\u003E\n\u003Cp\u003E6. Mariusz Dmetrecki\u003C\/p\u003E\n\u003Cp\u003ESpo\u0142ecznie pe\u0142ni funkcj\u0119 kierownika Regionalnej Pracowni Krajoznawczej PTTK w Katowicach, gdzie opiekuje si\u0119 specjalistyczn\u0105 bibliotek\u0105 zawieraj\u0105c\u0105 g\u0142\u00f3wnie prace\u00a0 z tematu turystyki, krajoznawstwa, historii, architektury, przyrody nie tylko kraju lecz ze szczeg\u00f3lnym uwzgl\u0119dnieniem \u015al\u0105ska. Przygotowuje te\u017c eliminacje i przeprowadza na szczeblu wojew\u00f3dzkim. organizowany corocznie przez Zarz\u0105d G\u0142\u00f3wny PTTK, konkurs skierowany do uczni\u00f3w szk\u00f3\u0142 podstawowych i \u015brednich \u201eOg\u00f3lnopolski M\u0142odzie\u017cowy Konkurs Krajoznawczy \u201ePoznajemy Ojcowizn\u0119\u201d. Posiada uprawnienia turystyczne: organizatora turystyki, przewodnika turystyki rowerowej, przewodnika Szlaku Zabytk\u00f3w Techniki, przewodnika turystycznego terenowego, instruktora krajoznawstwa Polski, przodownika turystyki g\u00f3rskiej, przodownika turystyki pieszej. Jest autorem i wsp\u00f3\u0142autorem licznych publikacji ksi\u0105\u017ckowych.\u00a0\u00a0 \u00a0\u00a0\u00a0\u003C\/p\u003E\n\u003Cp\u003EZg\u0142aszaj\u0105cy: Katowicki Oddzia\u0142 Regionalny PTTK\u003C\/p\u003E\n\u003Cp\u003E\u00a0\u003C\/p\u003E\n\u003Cp\u003E\u003Cstrong\u003E\u003Cu\u003EII Kategoria: Dzia\u0142alno\u015b\u0107 spo\u0142eczna\u003C\/u\u003E\u003C\/strong\u003E\u003C\/p\u003E\n\u003Cp\u003E1. Lech Tota \u2013 wyr\u00f3\u017cnienie g\u0142\u00f3wne\u003C\/p\u003E\n\u003Cp\u003EPrezes Regionalnego Oddzia\u0142u PTTK w Cz\u0119stochowie, przewodnik, Przodownik turystyk pieszej i g\u00f3rskiej, instruktor Krajoznawstwa Polski, nestor cz\u0119stochowskiej turystyki, kt\u00f3ry od lat kontynuuje tradycje krajoznawcze i turystyczne zapocz\u0105tkowane na pocz\u0105tku XX w. przez Aleksandra Janowskiego, a kt\u00f3re na lokalny grunt przeszczepi\u0142 dr W\u0142adys\u0142aw Biega\u0144ski. Z Polskim Towarzystwem Turystyczno-Krajoznawczym zwi\u0105zany jest od 1964 roku. Prowadzony przez niego od 1992 r. Regionalny Oddzia\u0142 PTTK w Cz\u0119stochowie zas\u0142yn\u0105\u0142 jako jeden z najwi\u0119kszych i najpr\u0119\u017cniej dzia\u0142aj\u0105cych w kraju. Przez lata funkcjonowania organizacji, w kt\u00f3rej Pan Tota odegra\u0142 kluczow\u0105 rol\u0119, uda\u0142o si\u0119 wyszkoli\u0107 tysi\u0105ce m\u0142odych adept\u00f3w turystyki z miasta i okolic. Wraz z w\u0142adzami gmin z wojew\u00f3dztwa \u015bl\u0105skiego oraz przedstawicielami bran\u017cy turystycznej z Cz\u0119stochowy i regionu wsp\u00f3\u0142zak\u0142ada\u0142 Cz\u0119stochowsk\u0105 Organizacj\u0119 Turystyczn\u0105, kt\u00f3ra w tym roku \u015bwi\u0119tuje 20-lecie powstania. Wielokrotnie nagradzany za wybitne osi\u0105gni\u0119cia na rzecz rozwoju turystyki przez w\u0142adze miasta Cz\u0119stochowy oraz instytucje regionalne i krajowe.\u003C\/p\u003E\n\u003Cp\u003EZg\u0142aszaj\u0105cy: Urz\u0105d Miasta Cz\u0119stochowy \u00a0\u003C\/p\u003E\n\u003Cp\u003E\u00a0\u003C\/p\u003E\n\u003Cp\u003E2. Barbara Jedynak\u003C\/p\u003E\n\u003Cp\u003ESekretarz Oddzia\u0142u Beskidzkiego PTSM od 2014 r. Cz\u0142onek Prezydium Zarz\u0105du G\u0142\u00f3wnego. Jako sekretarz prowadzi spo\u0142ecznie Biuro Oddzia\u0142u. Jest pomys\u0142odawc\u0105 i organizatorem Rajdu \u201eSzlakiem Szkolnych Schronisk M\u0142odzie\u017cowych\u201d. By\u0142a wolontariuszem dla uchod\u017ac\u00f3w z Ukrainy, przebywaj\u0105cych w Szkolnym Schronisku M\u0142odzie\u017cowym w Bielsku-Bia\u0142ej. Za prace na rzecz dzieci nagrodzona Medalem za zas\u0142ugi w Rozwoju Schronisk M\u0142odzie\u017cowych i Medalem Komisji Edukacji Narodowej.\u003C\/p\u003E\n\u003Cp\u003EZg\u0142aszaj\u0105cy: Oddzia\u0142 Beskidzki PTSM w Bielsku-Bia\u0142ej\u003C\/p\u003E\n\u003Cp\u003E\u00a0\u003C\/p\u003E\n\u003Cp\u003E3. Ma\u0142gorzata Kostrzewa\u003C\/p\u003E\n\u003Cp\u003EJest recepcjonistk\u0105 w Szkolnym Schronisku M\u0142odzie\u017cowym w Zarzeczu. Od 2014 r, jest cz\u0142onkiem Zarz\u0105du Oddzia\u0142u Beskidzkiego. Jako wolontariusz od roku 2021 jest skarbnikiem Oddzia\u0142u Beskidzkiego PTSM w Bielsku-Bia\u0142ej. Dzi\u0119ki jej zaanga\u017cowaniu, pracy, pomys\u0142owo\u015bci schronisko bardzo pr\u0119\u017cnie rozwija si\u0119. Posiada doskonale zorganizowany punkt informacyjny dla turyst\u00f3w, zabezpieczony w najnowsze foldery, mapy, przewodniki. Opracowa\u0142a trasy turystyczne w najbli\u017cszym rejonie. Jest wsp\u00f3\u0142organizatorem i koordynatorem rajd\u00f3w \u201eSzlakiem Szkolnych Schronisk M\u0142odzie\u017cowych\u201d.\u003C\/p\u003E\n\u003Cp\u003EZg\u0142aszaj\u0105cy: Oddzia\u0142 Beskidzki PTSM w Bielsku-Bia\u0142ej\u003C\/p\u003E\n\u003Cp\u003E\u00a0\u003C\/p\u003E\n\u003Cp\u003E4. Anna Ku\u015b\u003C\/p\u003E\n\u003Cp\u003EW\u0142a\u015bciciel Biura Podr\u00f3\u017cy \u201ePolan\u201d aktywnie promuj\u0105cego turystyk\u0119 krajow\u0105 w Wojew\u00f3dztwie \u015al\u0105ski, cz\u0142onek-za\u0142o\u017cyciel \u015al\u0105skiej Organizacji Turystycznej, cz\u0142onek Zarz\u0105du \u015aOT, od 5 lat pe\u0142ni funkcj\u0119 sekretarza. Cz\u0142onek Polskiej Izby Turystyki, obecnie pe\u0142ni funkcj\u0119 przewodnicz\u0105cej Komisji Rewizyjnej oraz wiceprezesa Oddzia\u0142u \u015al\u0105skiego PIT.\u003C\/p\u003E\n\u003Cp\u003EZg\u0142aszaj\u0105cy: Oddzia\u0142 \u015al\u0105ski Polskiej Izby Turystyki\u003C\/p\u003E\n\u003Cp\u003E\u00a0\u003C\/p\u003E\n\u003Cp\u003E5. Stowarzyszenie \u201eCieszy\u0144ski Szlak Wina\u201d\u003C\/p\u003E\n\u003Cp\u003EZosta\u0142o za\u0142o\u017cone w 2021 roku. Cz\u0142onkami stowarzyszenia obok winiarzy s\u0105 m.in. hotelarze, restauratorzy, pszczelarze, serowarzy a tak\u017ce ludzie kultury i sztuki. G\u0142\u00f3wnym celem dzia\u0142alno\u015bci Stowarzyszenia jest promocja kultury i dziedzictwa materialnego i niematerialnego \u015al\u0105ska Cieszy\u0144skiego oraz promocja enoturystyki (turystyki winiarskiej). Jednym z dzia\u0142a\u0144 Stowarzyszenia jest realizacja, wsp\u00f3lnie z czeskimi partnerami, projektu \u201ePoci\u0105g do wina\u201d (wyjazdy zabytkowym poci\u0105giem na \u015bwi\u0119to winobrania w Valticach w Rep. Czeskiej). Stowarzyszenie organizuje cykliczne imprezy, takie jak: \u201eCieszy\u0144skie winobranie\u201d, \u201eHerbatka u Hrabiny\u201d, \u201eMi\u0119dzynarodowy Rajd Pojazd\u00f3w Zabytkowych Szlakiem Zamk\u00f3w nad Piotr\u00f3wk\u0105\u201d. W najbli\u017cszych latach planowana jest kontynuacja rozpocz\u0119tych aktywno\u015bci oraz wspomaganie nowych winnic i winiarzy ze szczeg\u00f3lnym uwzgl\u0119dnieniem powstania winnicy w Cieszynie \u2013 historycznym miejscu pierwszej winnicy \u015al\u0105ska Cieszy\u0144skiego, znanej pod nazw\u0105 \u201eCieszy\u0144ski Winograd\u201d.\u003C\/p\u003E\n\u003Cp\u003E\u00a0Zg\u0142aszaj\u0105cy: Starostwo Powiatowe w Cieszynie\u003C\/p\u003E\n\u003Cp\u003E\u00a0\u003C\/p\u003E\n\u003Cp\u003E6. Damian Ber\u0142owski\u003C\/p\u003E\n\u003Cp\u003E\u015al\u0105ski tw\u00f3rca internetowy, kt\u00f3ry za po\u015brednictwem bloga \u201eRowerem po \u015al\u0105sku\u201d, dzieli si\u0119 swoj\u0105 rowerow\u0105 pasj\u0105, promuje turystyk\u0119 rowerow\u0105 w regionie i inspiruje do rowerowego odkrywania Wojew\u00f3dztwa \u015al\u0105skiego. Blog powsta\u0142 w styczniu 2015 roku, znajduje si\u0119 w nim mn\u00f3stwo ciekawych tras rowerowych, kt\u00f3rych punktem docelowym s\u0105 najciekawsze miejsce w regionie. Trasy s\u0105 dok\u0142adnie opisane, zawieraj\u0105 mapki i oznaczenie miejsc, kt\u00f3re warto zobaczy\u0107 po drodze. Ponadto mo\u017cna na nim znale\u017a\u0107 wiele praktycznych porad, dzi\u0119ki kt\u00f3rym ka\u017cdy b\u0119dzie w stanie dobrze przygotowa\u0107 si\u0119 do wycieczki rowerowej. Damian Ber\u0142owski, jako reprezentant Wojew\u00f3dztwa \u015al\u0105skiego, znalaz\u0142 si\u0119 \u00a0w\u00a0 fina\u0142owej szesnastce Turystycznych Mistrzostw Bloger\u00f3w, organizowanych przez Polsk\u0105 organizacj\u0119 Turystyczn\u0105.\u003C\/p\u003E\n\u003Cp\u003E\u00a0Zg\u0142aszaj\u0105cy: \u015al\u0105ska Organizacja Turystyczna\u00a0 \u00a0\u00a0\u00a0\u003C\/p\u003E\n\u003Cp\u003E\u00a0\u003C\/p\u003E\n\u003Cp\u003E\u00a0\u003Cstrong\u003E\u003Cu\u003EIII Kategoria: Dzia\u0142alno\u015b\u0107 biznesowa\u00a0 \u003C\/u\u003E\u003C\/strong\u003E\u003C\/p\u003E\n\u003Cp\u003E\u00a0\u003C\/p\u003E\n\u003Cp\u003E1. Kolej Linowa \u201eCzantoria\u201d SA \u2013 wyr\u00f3\u017cnienie g\u0142\u00f3wne\u003C\/p\u003E\n\u003Cp\u003ESzczyt \u201eCzantoria\u201d jest najpopularniejszym szczytem Beskidu \u015al\u0105skiego z nowoczesn\u0105 kolej\u0105, dostosowan\u0105 do os\u00f3b z niepe\u0142nosprawno\u015bciami. Jest ca\u0142orocznym obiektem turystycznym z 4-osobow\u0105 kanap\u0105\u00a0 o d\u0142ugo\u015bci 1640 m i przewy\u017cszeniu 462 m, kt\u00f3ra wje\u017cd\u017ca w oko\u0142o 8-10 minut na wysoko\u015b\u0107 851 m. n.p.m. Kolej linowa ka\u017cdego roku umo\u017cliwia tysi\u0105com turyst\u00f3w \u0142atwy i szybki dost\u0119p w g\u00f3rne partie Beskid\u00f3w. Wizyt\u00f3wka Czantorii to trasa narciarska nr 1 o d\u0142ugo\u015bci 1900 m, kt\u00f3ra jest na\u015bnie\u017cana oraz o\u015bwietlana na ca\u0142ej d\u0142ugo\u015bci , co czyni j\u0105 jedn\u0105 z najd\u0142u\u017cszych, o\u015bwietlonych tras czerwonych w Polsce, a tak\u017ce trasa nr 2, kt\u00f3ra otwierana jest w\u00f3wczas, kiedy naturalne warunki \u015bniegowe na to pozwol\u0105.\u00a0\u00a0\u003C\/p\u003E\n\u003Cp\u003EZg\u0142aszaj\u0105cy: Miasto Ustro\u0144\u003C\/p\u003E\n\u003Cp\u003E\u00a0\u003C\/p\u003E\n\u003Cp\u003E2. Biuro Podr\u00f3\u017cy \u201eAltamira\u201d sp. z o.o.\u003C\/p\u003E\n\u003Cp\u003EBiuro wykazuje si\u0119 niezwyk\u0142\u0105 staranno\u015bci\u0105 przy przygotowaniu oferty, dok\u0142ada wszelkich stara\u0144 by wycieczki by\u0142y dopracowane ze szczeg\u00f3ln\u0105 dba\u0142o\u015bci\u0105 zar\u00f3wno pod k\u0105tem atrakcji programowych jak r\u00f3wnie\u017c sposobu jego realizacji \u2013 zatrudniaj\u0105c profesjonalnych pilot\u00f3w z ogromnym do\u015bwiadczeniem, pasj\u0105 i mi\u0142o\u015bci\u0105 do podr\u00f3\u017cy, zapewniaj\u0105c noclegi na bardzo wysokim poziomie, transport \u2013 komfortowy i bezpieczny. Ca\u0142a za\u0142oga Altamiry jest doskonale zorientowana w realizowanych przez biuro projektach, s\u0142u\u017c\u0105 informacj\u0105 i pomoc\u0105 na ka\u017cdej p\u0142aszczy\u017anie. Biuro cechuje wysoki poziom obs\u0142ugi turysty \u2013 profesjonalizm, do\u015bwiadczenie os\u00f3b tam pracuj\u0105cych i ich pasja w wykonywaniu swojej pracy \u2013 przek\u0142ada si\u0119 na ogromne zadowolenie i bardzo wysokie opinie Klient\u00f3w.\u00a0\u00a0 \u00a0\u003C\/p\u003E\n\u003Cp\u003EZg\u0142aszaj\u0105cy: Polskie Towarzystwo Turystyczno-Krajoznawcze Oddzia\u0142 w Rybniku\u003C\/p\u003E\n\u003Cp\u003E\u00a0\u003C\/p\u003E\n\u003Cp\u003E3. Wis\u0142a Travel\u003C\/p\u003E\n\u003Cp\u003EPowsta\u0142a w roku 2010 jako efekt wieloletniej pasji do turystki g\u00f3rskiej ma\u0142\u017conk\u00f3w Iwony i Mariusza Bo\u015b. Ich celem jest przede wszystkim pokazanie i zapoznanie klient\u00f3w z przepi\u0119knymi zak\u0105tkami Beskid\u00f3w: \u015al\u0105skiego, \u017bywieckiego, Ma\u0142ego, Makowskiego. Organizuj\u0105 tak\u017ce wycieczki do ma\u0142o znanych zak\u0105tk\u00f3w pogranicza polsko-czesko-s\u0142owackiego, z kt\u00f3rych w g\u0142\u00f3wnej mierze korzystaj\u0105 mieszka\u0144cy Wojew\u00f3dztwa \u015al\u0105skiego. Wsp\u00f3\u0142pracuj\u0105 z biurami podr\u00f3\u017cy, firmami transportowymi, szko\u0142ami, hotelami i ca\u0142a szeroko poj\u0119t\u0105 bran\u017c\u0105 us\u0142ug turystycznych.\u00a0 \u00a0\u00a0\u003C\/p\u003E\n\u003Cp\u003EZg\u0142aszaj\u0105cy: Miasto Wis\u0142a\u003C\/p\u003E\n\u003Cp\u003E\u00a0\u003C\/p\u003E\n\u003Cp\u003E4. K Investment UHP Sp. z o.o.\u003C\/p\u003E\n\u003Cp\u003ESp\u00f3\u0142ka zarz\u0105dzana przez Macieja Ochmana od 10 lat z du\u017cym sukcesem prowadzi dzia\u0142alno\u015b\u0107 bran\u017cy noclegowej. Posiada dwa hostele: \u201eKlimczoka 6\u201d i \u201eOndraszka 12\u201d oferuj\u0105c blisko 150 pokoi w \u015bwietnej lokalizacji blisko centrum Katowic. Oferuje zakwaterowanie r\u00f3\u017cnego rodzaju grupom docelowym, istotnie wp\u0142ywaj\u0105c na turystyk\u0119 przyjazdow\u0105 na \u015al\u0105sk. Corocznie go\u015bci sportowc\u00f3w z r\u00f3\u017cnych kategorii wiekowych bior\u0105cych udzia\u0142 w lokalnych oraz og\u00f3lnopolskich turniejach sportowych z takich dyscyplin jak siatk\u00f3wka, koszyk\u00f3wka, pi\u0142ka no\u017cna, boks. Wsp\u00f3\u0142pracuje z Wydzia\u0142em Zarz\u0105dzania Kryzysowego Urz\u0119du Wojew\u00f3dzkiego. Od 2022 r. udzieli\u0142 wsparcia ponad 420 uchod\u017acom wojennym z Ukrainy. \u00a0\u00a0\u00a0\u003C\/p\u003E\n\u003Cp\u003EZg\u0142aszaj\u0105cy: \u015al\u0105ska Izba Turystyki\u003C\/p\u003E\n\u003Cp\u003E\u00a0\u003C\/p\u003E\n\u003Cp\u003E5. Lucyna Ligocka-Kohut\u003C\/p\u003E\n\u003Cp\u003EW 2018 r. powo\u0142a\u0142a Fundacj\u0119 Koronki Koniakowskie, a w kwietniu 2019 r. w swoim domu w Koniakowie, otworzy\u0142a Centrum Koronki Koniakowskiej, aby kultywowa\u0107, chroni\u0107, piel\u0119gnowa\u0107 i promowa\u0107 to pi\u0119kne r\u0119kodzie\u0142o. Turysta znajdzie tu Muzeum, w kt\u00f3rym pozna histori\u0119 oraz sklepik stacjonarny, w kt\u00f3rym zrobi zakupy. Po zako\u0144czonej wielkim sukcesem obecno\u015bci koronczarek na EXPO 2020 w Dubaju otworzy\u0142a si\u0119 szansa na mi\u0119dzynarodow\u0105 wsp\u00f3\u0142prac\u0119, a tak\u017ce na mocniejsze po\u0142\u0105czenie dzia\u0142alno\u015bci kulturalnej z biznesow\u0105. Dlatego w 2022 roku za\u0142o\u017cy\u0142a firm\u0119 Centrum Koronki Koniakowskiej Lucyna Ligocka-Kohut.\u003C\/p\u003E\n\u003Cp\u003EZg\u0142aszaj\u0105cy: \u00a0Starostwo Powiatowe w Cieszynie \u00a0\u003C\/p\u003E\n\u003Cp\u003E\u00a0\u003C\/p\u003E\n\u003Cp\u003E6. Marcin Lipski\u003C\/p\u003E\n\u003Cp\u003EJest charyzmatycznym, pe\u0142nym pasji prezesem stowarzyszenia Cieszy\u0144ski Szlak Wina, kt\u00f3re powsta\u0142o w pa\u017adzierniku 2021 r. w celu promowania regionu oraz rozwijania enoturystyki, czyli turystyki winiarskiej. Dzia\u0142ania Marcina Lipskiego pozwoli\u0142y na integracj\u0119 \u015brodowiska winiarskiego z obszaru Euroregionu \u015al\u0105sk Cieszy\u0144ski (Go\u0142kowice, Jastrz\u0119bie-Zdr\u00f3j, Kaczyce, Ko\u0144czyce Wielkie, Wi\u015blica) oraz \u017bywiecczyzny. Podejmuje tak\u017ce, we wsp\u00f3\u0142pracy z lokalnym samorz\u0105dem, aktywno\u015bci maj\u0105ce na celu odtworzenie historycznych tradycji winiarskich w Cieszynie (tzw. Winiogrady, dzisiaj osiedle Liburnia).\u00a0\u00a0\u003C\/p\u003E\n\u003Cp\u003EZg\u0142aszaj\u0105cy: Stowarzyszenie Rozwoju i Wsp\u00f3\u0142pracy Regionalnej \u201eOlza\u201d.\u003C\/p\u003E\n\u003Cp\u003E\u003Cstrong\u003E\u003Cu\u003E\u003C\/u\u003E\u003C\/strong\u003E\u003C\/p\u003E\n\u003Cp\u003E\u003Cstrong\u003E\u003Cu\u003EIV Kategoria: Przedsi\u0119wzi\u0119cie turystyczne roku \u003C\/u\u003E\u003C\/strong\u003E\u003C\/p\u003E\n\u003Cp\u003E\u00a0\u003C\/p\u003E\n\u003Cp\u003E1. Miasto Wis\u0142a \u2013 wyr\u00f3\u017cnienie g\u0142\u00f3wne\u003C\/p\u003E\n\u003Cp\u003EOtwarcie Habsburskiej osady gospodarczej \u201eU pocz\u0105tk\u00f3w Wis\u0142y\u201d. Osada to kompleks z\u0142o\u017cony z dw\u00f3ch zabytkowych, drewnianych budynk\u00f3w. Mniejszy pe\u0142ni\u0142 kiedy\u015b funkcj\u0119 mieszkalno-gospodarcz\u0105, a wi\u0119kszy by\u0142 cz\u0119\u015bci\u0105 zespo\u0142u Rezydencji Prezydenta RP \u201eZameczek\u201d. Oba pochodz\u0105 z pocz\u0105tku XX wieku. Ich odtworzenie i odrestaurowanie mo\u017cliwe by\u0142o dzi\u0119ki \u015brodkom pozyskanym w ramach Programu Interreg V-A Republika Czeska-Polska oraz z Rz\u0105dowego Funduszu Inwestycji Lokalnych przy wsparciu Euroregionu \u015al\u0105sk Cieszy\u0144ski. Pocz\u0105tkiem 2024 r. oba budynki zosta\u0142y udost\u0119pnione zwiedzaj\u0105cym, jako cz\u0119\u015b\u0107 transgranicznego produktu turystycznego- trasy tematycznej \u201e\u015aladami drewna, \u017celaza i ludzi\u201d, kt\u00f3ra po\u0142\u0105czy\u0142a nowe oraz istniej\u0105ce miejsca \u00a0\u00a0\u00a0\u00a0\u00a0\u00a0\u00a0\u00a0\u00a0\u00a0\u00a0\u00a0\u00a0\u00a0\u00a0\u00a0\u00a0\u00a0\u00a0\u00a0\u00a0\u00a0\u00a0\u00a0\u00a0\u00a0\u00a0\u00a0\u00a0z przygranicznego regionu \u015al\u0105ska Cieszy\u0144skiego.\u00a0\u00a0 \u00a0\u00a0\u003C\/p\u003E\n\u003Cp\u003EZg\u0142aszaj\u0105cy: Stowarzyszenie Rozwoju i Wsp\u00f3\u0142pracy Regionalnej \u201eOlza\u201d.\u003C\/p\u003E\n\u003Cp\u003E\u00a0\u003C\/p\u003E\n\u003Cp\u003E2. Fundacja Pozytywnie Nakr\u0119ceni\u003C\/p\u003E\n\u003Cp\u003EFundacja poprzez organizacj\u0119 Raciborskiego Festiwalu Gamingowego znacz\u0105co przyczynia si\u0119 do promocji turystki zar\u00f3wno w Krainie G\u00f3rnej Odry jak i ca\u0142ym wojew\u00f3dztwie \u015bl\u0105skim. Festiwal przyci\u0105ga uczestnik\u00f3w nie tylko z Polski. Ale r\u00f3wnie\u017c z zagranicy, co skutkuje zwi\u0119kszon\u0105 liczb\u0105 turyst\u00f3w odwiedzaj\u0105cych Racib\u00f3rz i okolice. Dzi\u0119ki temu ca\u0142y Powiat Raciborski zyskuje na rozpoznawalno\u015bci i buduje swoj\u0105 mark\u0119.\u00a0\u003C\/p\u003E\n\u003Cp\u003EZg\u0142aszaj\u0105cy: \u00a0Zwi\u0105zek Gmin i Powiat\u00f3w Subregionu Zachodniego Wojew\u00f3dztwa \u015al\u0105skiego\u003C\/p\u003E\n\u003Cp\u003E\u00a0\u003C\/p\u003E\n\u003Cp\u003E3. Powiat Pszczy\u0144ski\u003C\/p\u003E\n\u003Cp\u003EZa stworzenie Lokalnej Marki Ziemi Pszczy\u0144skiej, kt\u00f3ra jest znakiem jako\u015bci przyznawanym produktom wytwarzanym w powiecie pszczy\u0144skim, spe\u0142niaj\u0105cym okre\u015blone kryteria certyfikacyjne. Jej celem jest wspieranie lokalnej przedsi\u0119biorczo\u015bci, promowanie walor\u00f3w i zasob\u00f3w regionu, a tak\u017ce wzrost ruchu turystycznego na Ziemi Pszczy\u0144skiej. Artyku\u0142y oznaczone przedmiotow\u0105 mark\u0105 s\u0105 gwarancj\u0105 wysokiej jako\u015bci produkt\u00f3w, pochodz\u0105cych z terenu powiatu pszczy\u0144skiego. Lokalna Marka Ziemi Pszczy\u0144skiej powsta\u0142a i zosta\u0142a wdro\u017cona w ramach projektu pn. \u201eregionalne produkty \u2013 bogactwo pogranicza\u201d, realizowane wsp\u00f3lnie z czeskim partnerem \u2013 MAS Pobeskudyi. Projekt ten wsp\u00f3\u0142finansowany by\u0142 ze \u015brodk\u00f3w Europejskiego Funduszu Rozwoju Regionalnego i z bud\u017cetu pa\u0144stwa w ramach Funduszu Mikrpoprojekt\u00f3w Euregionu Beskidy Programu ITERREG V-A Republika Czeska -Polska 2014-2020. Na chwil\u0119 obecn\u0105 jest 88 produkt\u00f3w\/grup produkt\u00f3w certyfikowanych Lokaln\u0105 Mark\u0105 Ziemi Pszczy\u0144skiej, wytwarzanych przez 32 Producent\u00f3w z terenu powiatu pszczy\u0144skiego.\u003C\/p\u003E\n\u003Cp\u003EZg\u0142aszaj\u0105cy: Towarzystwo Mi\u0142o\u015bnik\u00f3w Ziemi Pszczy\u0144skiej\u003C\/p\u003E\n\u003Cp\u003E\u00a0\u003C\/p\u003E\n\u003Cp\u003E4. Ma\u0142gorzata Derus\u003C\/p\u003E\n\u003Cp\u003EZa organizacj\u0119 muzealnych spacer\u00f3w historycznych maj\u0105cych na celu przybli\u017cenie i poszerzenie wiedzy na temat zabytk\u00f3w i historii Siemianowic \u015al\u0105skich. Pani Ma\u0142gorzata wyr\u00f3\u017cnia si\u0119 szczeg\u00f3ln\u0105 wiedz\u0105 w zakresie turystyki przemys\u0142owej na prze\u0142omie XIX i XX wieku w Siemianowicach \u015al\u0105skich.\u00a0\u00a0 \u00a0\u003C\/p\u003E\n\u003Cp\u003EZg\u0142aszaj\u0105cy: Gmina Siemianowice \u015al\u0105skie \u00a0\u003C\/p\u003E\n\u003Cp\u003E\u00a0\u003C\/p\u003E\n\u003Cp\u003EVI.\u00a0\u003Cstrong\u003E\u003Cu\u003EKategoria: Instytucja\u003C\/u\u003E\u003C\/strong\u003E\u003C\/p\u003E\n\u003Cp\u003E\u00a0\u003C\/p\u003E\n\u003Cp\u003E1. Instytut Dziedzictwa i Dialogu \u0141a\u017ania Moszczenica \u2013 wyr\u00f3\u017cnienie g\u0142\u00f3wne\u003C\/p\u003E\n\u003Cp\u003EOd momentu swojego powstania wykaza\u0142 si\u0119 niezwyk\u0142\u0105 aktywno\u015bci\u0105 na polu popularyzacji turystyki, ale tak\u017ce dziedzictwa kulturowego i przemys\u0142owego regionu. Jego dzia\u0142ania obejmuj\u0105: ochron\u0119 i promocj\u0119 dziedzictwa kulturowego. Instytut z powodzeniem zaadaptowa\u0142 zabytkow\u0105 \u0142a\u017ani\u0119 g\u00f3rnicz\u0105 na potrzeby turystyczne, tworz\u0105c miejsce spotka\u0144 i dialogu mi\u0119dzypokoleniowego; organizacj\u0119 wydarze\u0144 kulturalnych i edukacyjnych; wsp\u00f3\u0142prac\u0119 z innymi instytucjami i organizacjami; o\u017cywienie turystyczne regionu; dzia\u0142ania na rzecz dialogu spo\u0142ecznego.\u00a0\u00a0\u00a0\u00a0\u00a0\u00a0\u00a0\u00a0\u003C\/p\u003E\n\u003Cp\u003EZg\u0142aszaj\u0105cy: Zwi\u0105zek Gmin i Powiat\u00f3w Subregionu Zachodniego Wojew\u00f3dztwa \u015al\u0105skiego.\u003C\/p\u003E\n\u003Cp\u003E\u00a0\u003C\/p\u003E\n\u003Cp\u003E2. Polskie Towarzystwo Turystyczno-Krajoznawcze \u2013 Miejskie Ko\u0142o by\u0142ej KWK \u201ePolska\u201d \u2013 \u015awi\u0119toch\u0142owice\u003C\/p\u003E\n\u003Cp\u003EKo\u0142o organizuje wycieczki turystyczne po Polsce, prowadzi szkolenia m\u0142odzie\u017cy, prelekcje, spotkania, rajdy, zloty, organizuje spotkania na Jurze, zwiedzanie miast GOP, wycieczki wielopokoleniowe po r\u00f3\u017cnych regionach kraju, wycieczki g\u00f3rskie nizinne i narciarskie. Obecnie Ko\u0142o posiada 126 cz\u0142onk\u00f3w i dalej pr\u0119\u017cnie\u00a0 dzia\u0142a na rzecz mieszka\u0144c\u00f3w miasta i nie tylko.\u003C\/p\u003E\n\u003Cp\u003EZg\u0142aszaj\u0105cy: Oddzia\u0142 PTTK w \u015awi\u0119toch\u0142owicach\u003C\/p\u003E\n\u003Cp\u003E\u00a0\u003C\/p\u003E\n\u003Cp\u003E3. FUNZEUM \u2013 Centrum Zabawy Edukacyjnej\u003C\/p\u003E\n\u003Cp\u003EMiejsce pe\u0142ne niespodzianek, gdzie na ka\u017cdym kroku czeka co\u015b nowego. Firm\u0119 prowadzi Adam Wicher, a dzia\u0142alno\u015b\u0107 rozpocz\u0119\u0142a w 2021 r. Wystawy s\u0105 zaprojektowane w taki spos\u00f3b, aby anga\u017cowa\u0107 odwiedzaj\u0105cych na r\u00f3\u017cne sposoby \u2013 od interaktywnych eksponat\u00f3w po kreatywne warsztaty. Zabawa jest kluczem do nauki. W Funzeum dzieci bawi\u0105 si\u0119 i jednocze\u015bnie zdobywaj\u0105 wiedz\u0119 w spos\u00f3b naturalny i przyjemny. Atrakcje s\u0105 tak zaprojektowane, aby pobudza\u0107 ciekawo\u015b\u0107 i zach\u0119ca\u0107 do aktywno\u015bci fizycznej, co sprawia, \u017ce nauka staje si\u0119 fascynuj\u0105c\u0105 przygod\u0105. Eksponaty i zaj\u0119cia edukacyjne s\u0105 opracowane we wsp\u00f3\u0142pracy z pedagogami i specjalistami, aby wspiera\u0107 rozw\u00f3j dzieci na wielu poziomach. Dzieci ucz\u0105 si\u0119 tu poprzez do\u015bwiadczenie, eksperymentowanie i\u00a0zabaw\u0119.\u003C\/p\u003E\n\u003Cp\u003EZg\u0142aszaj\u0105cy: \u015al\u0105ska Izba Turystyki \u00a0\u003C\/p\u003E\n\u003Cp\u003E\u00a0\u003C\/p\u003E\n\u003Cp\u003E4.Dworzec Dobrych My\u015bli\u003C\/p\u003E\n\u003Cp\u003EPrywatna inicjatywa muzealna, kt\u00f3ra powsta\u0142a w zabytkowym budynku Dworca Kolejowego w Ustroniu. W jego wn\u0119trzach mo\u017cna znale\u017a\u0107 cz\u0105stk\u0119 dzieci\u0144stwa w postaci ogromnej kolekcji misi\u00f3w oraz lalek. Obecnie na wystawie ogl\u0105da\u0107 mo\u017cna oko\u0142o 3\u00a0000 misi\u00f3w a kolekcja zmieniana jest co roku. Opr\u00f3cz misi\u00f3w mo\u017cna obejrze\u0107 ponad 600 lalek typu Barbi. Instytucja prowadzi dzia\u0142alno\u015b\u0107 edukacyjn\u0105, wydaj\u0105 trzymiesi\u0119cznik, za pomoc\u0105 kt\u00f3rego edukuj\u0105 w zakresie starych bajek, \u0142\u0105cz\u0105c pokolenia. Prowadz\u0105 lekcje muzealne i warsztaty artystyczne.\u003C\/p\u003E\n\u003Cp\u003EZg\u0142aszaj\u0105cy: Miasto Ustro\u0144\u003C\/p\u003E\n\u003Cp\u003E\u00a0\u003C\/p\u003E\n\u003Cp\u003E5. Polskie Towarzystwo Turystyczno-Krajoznawcze Oddzia\u0142 w Chorzowie\u003C\/p\u003E\n\u003Cp\u003EOddzia\u0142 wyda\u0142, opracowan\u0105 od postaw ksi\u0105\u017ceczk\u0119 Odznaki Krajoznawczej \u201eZnam Chorz\u00f3w\u201d. Ksi\u0105\u017ceczka w praktycznym formacie dost\u0119pna jest wszystkim zainteresowanym turystom, opisuje oraz ilustruje najciekawsze zabytki i miejsca Chorzowa, zach\u0119caj\u0105c do ich odwiedzenia. Zawiera miejsca na potwierdzenie odwiedzanych atrakcji (piecz\u0105tki, podpisy itd.), co po spe\u0142nieniu postanowie\u0144 za\u0142\u0105czonego regulaminu daje mo\u017cliwo\u015b\u0107 zdobycia odznaki krajoznawczej \u201eZnam Chorz\u00f3w\u201d.\u003C\/p\u003E\n\u003Cp\u003EZg\u0142aszaj\u0105cy: Urz\u0105d Miasta Chorz\u00f3w\u003C\/p\u003E","promotion":false}},{"id":"bf6dbc25-d119-11e7-80a9-005056b46601","type":"Gallery","name":"Galeria","description":"Galeria"},{"id":"bf6e1f6b-d119-11e7-80a9-005056b46601","type":"Attachment","name":"Za\u0142\u0105czniki","description":"Za\u0142\u0105czniki do strony"},{"id":"eba03b25-d9a7-11e7-b355-005056b70dba","type":"PageTitle","name":"","description":"Tytu\u0142 strony","content":{"title":"Dyplomy Marsza\u0142ka przyznane w roku 2024"}},{"id":"eba07701-d9a7-11e7-b355-005056b70dba","type":"PageDescription","name":"","description":"Zajawka strony","content":[]},{"id":"1b1a7940-ff78-11e7-b81e-005056b7801d","type":"SectionDescription","name":"","description":"Zajawka sekcji","content":[]}]}