{"id":23670,"name":"dofinansowanie-robot-budowlanych-ze-srodkow-pfron","title":"Dofinansowanie rob\u00f3t budowlanych ze \u015brodk\u00f3w PFRON","desc":"","header":"Dofinansowanie rob\u00f3t budowlanych ze \u015brodk\u00f3w PFRON","lead":"","keywords":"","changes":"Aktualizacja informacji o procedurze dot. dofinansowania do rob\u00f3t budowlanych w obiektach s\u0142u\u017c\u0105cych rehabilitacji os\u00f3b niepe\u0142nosprawnych oraz publikacja zaktualizowanych za\u0142\u0105cznik\u00f3w","menu":"","path":"\/katalog-uslug\/dofinansowanie-robot-budowlanych-ze-srodkow-pfron.html","url":"\/katalog-uslug\/dofinansowanie-robot-budowlanych-ze-srodkow-pfron.html","infoOwner":"Urz\u0105d Marsza\u0142kowski Wojew\u00f3dztwa \u015al\u0105skiego","dateFirstPublicate":"2021-12-16 15:00:25","dateLastVersionPublicate":"2026-02-23 13:13:05","dateAvailableFrom":"2026-02-23 14:33:59","dateAvailableTo":"","type":"Karta us\u0142ugi","pageParams":[{"id":"222","name":"Tytu\u0142","description":"Tytu\u0142","value":"Dofinansowanie ze \u015brodk\u00f3w PFRON rob\u00f3t budowlanych w obiektach s\u0142u\u017c\u0105cych rehabilitacji os\u00f3b niepe\u0142nosprawnych"},{"id":"350","name":"KATALOG_USLUG","description":"Katalog us\u0142ug","value":"59985"}],"components":[{"id":"bf6d5eba-d119-11e7-80a9-005056b46601","type":"ContentWYSIWYG","name":"Tre\u015b\u0107","description":"Tre\u015b\u0107 strony","content":{"content":"\u003Cfieldset style=\u0022margin-bottom: 20px;\u0022\u003E\u003Clegend\u003E\u003Cstrong\u003EOg\u00f3lny opis\u003C\/strong\u003E\u003Cbr \/\u003E\u003C\/legend\u003E\n\u003Cp\u003E\u003Cspan\u003EDofinansowanie ze \u015brodk\u00f3w Pa\u0144stwowego Funduszu Rehabilitacji Os\u00f3b Niepe\u0142nosprawnych rob\u00f3t budowlanych\u00a0 mo\u017ce by\u0107 przyznane przedsi\u0119biorcom albo podmiotom nieb\u0119d\u0105cym przedsi\u0119biorcami, prowadz\u0105cym dzia\u0142alno\u015b\u0107 w zakresie rehabilitacji os\u00f3b niepe\u0142nosprawnych przez okres co najmniej dw\u00f3ch lat przed dniem z\u0142o\u017cenia wniosku o dofinansowanie rob\u00f3t, je\u017celi spe\u0142niaj\u0105 \u0142\u0105cznie nast\u0119puj\u0105ce warunki:\u003C\/span\u003E\u003C\/p\u003E\n\u003Col\u003E\n\u003Cli\u003E\u003Cspan\u003ES\u0105 w\u0142a\u015bcicielami nieruchomo\u015bci lub u\u017cytkownikami wieczystymi nieruchomo\u015bci albo byli przez okres co najmniej jednego roku przed dniem z\u0142o\u017cenia wniosku o dofinansowanie rob\u00f3t i s\u0105 nadal posiadaczami cz\u0119\u015bci lub ca\u0142o\u015bci nieruchomo\u015bci.\u003C\/span\u003E\u003C\/li\u003E\n\u003Cli\u003E\u003Cspan\u003EUdokumentuj\u0105 posiadanie \u015brodk\u00f3w w\u0142asnych lub pozyskanych z innych \u017ar\u00f3de\u0142 na sfinansowanie koszt\u00f3w realizacji zadania w wysoko\u015bci nieobj\u0119tej dofinansowaniem.\u003C\/span\u003E\u003C\/li\u003E\n\u003Cli\u003E\u003Cspan\u003EPrzedstawi\u0105 pozwolenie na budow\u0119 lub zg\u0142oszenie przewidziane w przepisach prawa budowlanego.\u003C\/span\u003E\u003C\/li\u003E\n\u003C\/ol\u003E\n\u003Cp\u003EDofinansowanie rob\u00f3t nie mo\u017ce by\u0107 przyznane podmiotom, kt\u00f3re:\u003C\/p\u003E\n\u003Col\u003E\n\u003Cli\u003EMaj\u0105 zaleg\u0142o\u015bci w terminowym regulowaniu wymagalnych zobowi\u0105za\u0144 wobec Funduszu lub by\u0142y w ci\u0105gu trzech lat przed z\u0142o\u017ceniem wniosku stron\u0105 umowy zawartej z Funduszem i rozwi\u0105zanej z przyczyn le\u017c\u0105cych po stronie tego podmiotu.\u003C\/li\u003E\n\u003Cli\u003EW ci\u0105gu trzech lat przed z\u0142o\u017ceniem wniosku uzyska\u0142y dofinansowanie rob\u00f3t z \u015brodk\u00f3w Funduszu b\u0119d\u0105cych w dyspozycji samorz\u0105du wojew\u00f3dztwa, dotycz\u0105ce obiektu obj\u0119tego tym wnioskiem.\u003C\/li\u003E\n\u003C\/ol\u003E\n\u003Cp\u003E\u003Cstrong\u003EDofinansowanie rob\u00f3t nie mo\u017ce obejmowa\u0107 koszt\u00f3w poniesionych przed dniem zawarcia umowy.\u003C\/strong\u003E\u003C\/p\u003E\n\u003Cp\u003EWniosek sk\u0142ada si\u0119 w terminie \u003Cstrong\u003Edo dnia 30 listopada\u003C\/strong\u003E \u003Cstrong\u003Eroku poprzedzaj\u0105cego realizacj\u0119 zadania\u003C\/strong\u003E.\u003C\/p\u003E\n\u003Cp\u003EW terminie 14 dni od dnia z\u0142o\u017cenia wniosku w\u0142a\u015bciwy organ jednostki samorz\u0105du wojew\u00f3dztwa informuje wnioskodawc\u0119 o wyst\u0119puj\u0105cych we wniosku uchybieniach. Nieusuni\u0119cie uchybie\u0144 w terminie 30 dni powoduje pozostawienie wniosku bez rozpatrzenia.\u003C\/p\u003E\n\u003Cp\u003EJe\u017celi wnioskodawc\u0105 jest podmiot:\u003C\/p\u003E\n\u003Col\u003E\n\u003Cli\u003EB\u0119d\u0105cy przedsi\u0119biorc\u0105 - wysoko\u015b\u0107 dofinansowania rob\u00f3t nie mo\u017ce przekroczy\u0107 \u003Cstrong\u003E30%\u003C\/strong\u003E koszt\u00f3w realizacji zadania.\u003C\/li\u003E\n\u003Cli\u003ENieb\u0119d\u0105cy przedsi\u0119biorc\u0105 - wysoko\u015b\u0107 dofinansowania rob\u00f3t nie mo\u017ce przekroczy\u0107 \u003Cstrong\u003E50%\u003C\/strong\u003E koszt\u00f3w realizacji zadania.\u003C\/li\u003E\n\u003C\/ol\u003E\n\u003Cp\u003EPodstaw\u0119 dofinansowania rob\u00f3t stanowi umowa zawarta przez marsza\u0142ka wojew\u00f3dztwa z wnioskodawc\u0105.\u003C\/p\u003E\n\u003C\/fieldset\u003E\u003Cfieldset style=\u0022margin-bottom: 20px;\u0022\u003E\u003Clegend\u003E\u003Cstrong\u003EWymagane dokumenty\u003C\/strong\u003E\u003C\/legend\u003E\n\u003Col\u003E\n\u003Cli\u003EWype\u0142niony formularz wniosku.\u003C\/li\u003E\n\u003Cli\u003EWypis ze stosownego rejestru (np. KRS, ewidencja dzia\u0142alno\u015bci gospodarczej).\u003C\/li\u003E\n\u003Cli\u003EWypis z ksi\u0119gi wieczystej lub dokument stwierdzaj\u0105cy posiadanie cz\u0119\u015bci lub ca\u0142o\u015bci nieruchomo\u015bci.\u003C\/li\u003E\n\u003Cli\u003EPe\u0142nomocnictwo w przypadku, gdy wniosek\u00a0o dofinansowanie podpisany jest przez osoby nie upowa\u017cnione do reprezentowania wnioskodawcy.\u003C\/li\u003E\n\u003Cli\u003EDokument potwierdzaj\u0105cy posiadanie \u015brodk\u00f3w.\u003C\/li\u003E\n\u003Cli\u003EDokumenty potwierdzaj\u0105ce prowadzenie rehabilitacji spo\u0142ecznej i zawodowej os\u00f3b niepe\u0142nosprawnych.\u003C\/li\u003E\n\u003Cli\u003ESprawozdanie finansowe za poprzedni rok oraz na koniec III kwarta\u0142u roku, w kt\u00f3rym sk\u0142adany jest wniosek (w uk\u0142adzie okre\u015blonym stosownymi przepisami).\u003C\/li\u003E\n\u003Cli\u003EO\u015bwiadczenie o nieposiadaniu wymagalnych zobowi\u0105za\u0144 wobec PFRON.\u003C\/li\u003E\n\u003Cli\u003EO\u015bwiadczenie wnioskodawcy, \u017ce nie ma zaleg\u0142o\u015bci w terminowym regulowaniu wymagalnych zobowi\u0105za\u0144 wobec PFRON i nie by\u0142\u00a0w ci\u0105gu trzech lat przed z\u0142o\u017ceniem wniosku stron\u0105 umowy zawartej z PFRON, rozwi\u0105zanej z przyczyn le\u017c\u0105cych po stronie tego wnioskodawcy.\u003C\/li\u003E\n\u003Cli\u003EO\u015bwiadczenie wnioskodawcy, \u017ce w ci\u0105gu trzech lat przed z\u0142o\u017ceniem wniosku nie uzyska\u0142 dofinansowania rob\u00f3t budowlanych ze \u015brodk\u00f3w PFRON, b\u0119d\u0105cych w dyspozycji samorz\u0105du wojew\u00f3dztwa, dotycz\u0105cego obiektu obj\u0119tego tym wnioskiem.\u00a0\u003C\/li\u003E\n\u003Cli\u003EO\u015bwiadczenie wnioskodawcy, \u017ce jest \/ nie jest p\u0142atnikiem podatku VAT oraz za\u015bwiadczenie z Urz\u0119du Skarbowego o niezaleganiu z podatkami lub decyzja o ewentualnym zwolnieniu z podatk\u00f3w.\u003C\/li\u003E\n\u003Cli\u003EZa\u015bwiadczenie z Zak\u0142adu Ubezpiecze\u0144 Spo\u0142ecznych o niezaleganiu z op\u0142atami sk\u0142adek na ubezpieczenia spo\u0142eczne za zatrudnionych pracownik\u00f3w.\u003C\/li\u003E\n\u003Cli\u003EAktualna decyzja w sprawie przyznania statusu zak\u0142adu pracy chronionej - kopia decyzji potwierdzona przez organ, kt\u00f3ry j\u0105 wyda\u0142 - w terminie do 30 dni przed dat\u0105 z\u0142o\u017cenia wniosku (je\u017celi dotyczy).\u003C\/li\u003E\n\u003Cli\u003EZakres rzeczowy zadania przewidziany do realizacji w poszczeg\u00f3lnych latach; harmonogram rzeczowo-finansowy sporz\u0105dzony na ka\u017cdy rok osobno (maksymalnie 3 lata bud\u017cetowe).\u003C\/li\u003E\n\u003Cli\u003EPozwolenie na budow\u0119\u00a0lub stosowne zg\u0142oszenie oraz dokumentacja techniczna.\u003C\/li\u003E\n\u003Cli\u003EJe\u017celi wnioskodawca jest przedsi\u0119biorc\u0105 do\u0142\u0105cza:\n\u003Col\u003E\n\u003Cli\u003EZa\u015bwiadczenie o pomocy de minimis otrzymanej w okresie obejmuj\u0105cym bie\u017c\u0105cy rok podatkowy i poprzedzaj\u0105ce go 2 lata podatkowe oraz informacj\u0119 o innej pomocy dotycz\u0105cej tych samych koszt\u00f3w kwalifikuj\u0105cych si\u0119 do obj\u0119cia pomoc\u0105.\u003C\/li\u003E\n\u003Cli\u003EInformacje o ka\u017cdej pomocy innej ni\u017c de minimis, jak\u0105 otrzyma\u0142 w odniesieniu do tych samych koszt\u00f3w kwalifikuj\u0105cych si\u0119 do obj\u0119cia pomoc\u0105 oraz na dany projekt inwestycyjny, z kt\u00f3rym zwi\u0105zana jest pomoc de minimis.\u003C\/li\u003E\n\u003C\/ol\u003E\n\u003C\/li\u003E\n\u003C\/ol\u003E\n\u003C\/fieldset\u003E\u003Cfieldset style=\u0022margin-bottom: 20px;\u0022\u003E\u003Clegend\u003E\u003Cstrong\u003ESpos\u00f3b dostarczania dokument\u00f3w\u003C\/strong\u003E\u003C\/legend\u003E\n\u003Col\u003E\n\u003Cli\u003E\n\u003Cp\u003EWymagane dokumenty nale\u017cy dostarczy\u0107 do urz\u0119du na jeden z poni\u017cszych sposob\u00f3w:\u003C\/p\u003E\n\u003Col style=\u0022list-style-type: lower-alpha;\u0022\u003E\n\u003Cli\u003EDrog\u0105 elektroniczn\u0105 za pomoc\u0105 platformy ePUAP (wymagany podpis elektroniczny na adres: Skrytka ePUAP: \/UMWSL\/skrytka).\u003C\/li\u003E\n\u003Cli\u003E\u003Cspan style=\u0022background-color: #ffffff;\u0022\u003EDrog\u0105 elektroniczn\u0105 za pomoc\u0105 e-dor\u0119cze\u0144 (adres elektronicznej skrzynki e-dor\u0119cze\u0144 tut. Urz\u0119du (ADE):AE:PL-55754-97181-CHDVR-19).\u003C\/span\u003E\u003C\/li\u003E\n\u003Cli\u003EPrzes\u0142a\u0107 poczt\u0105 tradycyjn\u0105.\u003C\/li\u003E\n\u003Cli\u003EZ\u0142o\u017cy\u0107 bezpo\u015brednio w urz\u0119dzie.\u003C\/li\u003E\n\u003C\/ol\u003E\n\u003C\/li\u003E\n\u003C\/ol\u003E\n\u003C\/fieldset\u003E\u003Cfieldset style=\u0022margin-bottom: 20px;\u0022\u003E\u003Clegend\u003E\u003Cstrong\u003EMiejsce z\u0142o\u017cenia dokument\u00f3w w urz\u0119dzie\u003C\/strong\u003E\u003C\/legend\u003E\n\u003Col\u003E\n\u003Cli\u003EUrz\u0105d Marsza\u0142kowski Wojew\u00f3dztwa \u015al\u0105skiego, ul. Ligonia 46,40-037 Katowice,\n\u003Col style=\u0022list-style-type: lower-alpha;\u0022\u003E\n\u003Cli\u003Edokumenty, w tym na elektronicznych no\u015bnikach danych, nale\u017cy z\u0142o\u017cy\u0107 w biurze podawczym Kancelarii Og\u00f3lnej (pok. 164) przy ul. Ligonia 46, w godzinach 7:30\u201315:30.\u003C\/li\u003E\n\u003C\/ol\u003E\n\u003C\/li\u003E\n\u003Cli\u003EBiuro Zamiejscowe w Bielsku-Bia\u0142ej, Bielsko-Bia\u0142a, ul. Piastowska 40.\u003C\/li\u003E\n\u003Cli\u003EBiuro Zamiejscowe w Cz\u0119stochowie, Cz\u0119stochowa, ul. Sobieskiego 7.\u003C\/li\u003E\n\u003C\/ol\u003E\n\u003C\/fieldset\u003E\u003Cfieldset style=\u0022margin-bottom: 20px;\u0022\u003E\u003Clegend\u003E\u003Cstrong\u003EOp\u0142aty\u003C\/strong\u003E\u003C\/legend\u003E\n\u003Cp\u003E\u003Cspan id=\u0022przypis#jedorg2\u0022 class=\u0022inline\u0022 style=\u0022display: block;\u0022\u003EWniosek jest wolny od op\u0142at. \u003C\/span\u003E\u003C\/p\u003E\n\u003C\/fieldset\u003E\u003Cfieldset style=\u0022margin-bottom: 20px;\u0022\u003E\u003Clegend\u003E\u003Cstrong\u003ETerminy i spos\u00f3b za\u0142atwienia sprawy\u003C\/strong\u003E\u003C\/legend\u003E\n\u003Cp\u003E\u003Cspan id=\u0022przypis#jedorg2\u0022 class=\u0022inline\u0022 style=\u0022display: block;\u0022\u003EZarz\u0105d Wojew\u00f3dztwa \u015al\u0105skiego rozpatruje wnioski w terminie 30 dni od dnia, w kt\u00f3rym Sejmik Wojew\u00f3dztwa \u015al\u0105skiego w formie uchwa\u0142y okre\u015bli zadanie, na kt\u00f3re przeznacza \u015brodki. Nast\u0119pnie Urz\u0105d powiadamia wnioskodawc\u0119 pisemnie przekazuj\u0105c r\u00f3wnocze\u015bnie projekt umowy.\u003C\/span\u003E\u003C\/p\u003E\n\u003C\/fieldset\u003E\u003Cfieldset style=\u0022margin-bottom: 20px;\u0022\u003E\u003Clegend\u003E\u003Cstrong\u003EInformacje na temat przebiegu spraw\u003C\/strong\u003E\u003C\/legend\u003E\n\u003Cp\u003EWszelkie informacje na temat przebiegu sprawy mo\u017cna uzyska\u0107 kontaktuj\u0105c si\u0119 osobi\u015bcie, telefonicznie lub za po\u015brednictwem poczty elektronicznej z Departamentem Nadzoru Podmiot\u00f3w Leczniczych i Ochrony Zdrowia, Referat ds. \u015brodk\u00f3w PFRON, telefon: +48 (32) 77 40 698.\u003C\/p\u003E\n\u003C\/fieldset\u003E\u003Cfieldset style=\u0022margin-bottom: 20px;\u0022\u003E\u003Clegend\u003E\u003Cstrong\u003ETryb odwo\u0142awczy\u003C\/strong\u003E\u003C\/legend\u003E\n\u003Cp\u003E\u003Cspan id=\u0022przypis#jedorg2\u0022 class=\u0022inline\u0022 style=\u0022display: block;\u0022\u003E\u003Cspan id=\u0022przypis#dzial12\u0022 class=\u0022inline\u0022 style=\u0022display: block;\u0022\u003ETryb odwo\u0142awczy nie wyst\u0119puje. \u003C\/span\u003E\u003C\/span\u003E\u003C\/p\u003E\n\u003C\/fieldset\u003E\u003Cfieldset style=\u0022margin-bottom: 20px;\u0022\u003E\u003Clegend\u003E\u003Cstrong\u003ESkargi i wnioski\u003C\/strong\u003E\u003C\/legend\u003E\n\u003Cp\u003ESkargi i wnioski zwi\u0105zane z praca urz\u0119du mo\u017cna sk\u0142ada\u0107 na jeden z poni\u017cszych sposob\u00f3w:\u003C\/p\u003E\n\u003Col\u003E\n\u003Cli\u003EDrog\u0105 elektroniczn\u0105 za pomoc\u0105 platformy ePUAP (wymagany podpis elektroniczny na adres: Skrytka ePUAP: \/UMWSL\/skrytka).\u003C\/li\u003E\n\u003Cli\u003E\u003Cspan style=\u0022background-color: #ffffff;\u0022\u003EDrog\u0105 elektroniczn\u0105 za pomoc\u0105 e-dor\u0119cze\u0144 (adres elektronicznej skrzynki e-dor\u0119cze\u0144 tut. Urz\u0119du (ADE):AE:PL-55754-97181-CHDVR-19).\u003C\/span\u003E\u003C\/li\u003E\n\u003Cli\u003EPrzes\u0142a\u0107 poczt\u0105 tradycyjn\u0105.\u003C\/li\u003E\n\u003Cli\u003EZ\u0142o\u017cy\u0107 bezpo\u015brednio w urz\u0119dzie.\u003C\/li\u003E\n\u003C\/ol\u003E\n\u003C\/fieldset\u003E\u003Cfieldset style=\u0022margin-bottom: 20px;\u0022\u003E\u003Clegend\u003E\u003Cstrong\u003EPodstawa prawna\u003C\/strong\u003E\u003C\/legend\u003E\n\u003Col\u003E\n\u003Cli\u003EUstawa z dnia 27 sierpnia 1997 r. o rehabilitacji zawodowej i spo\u0142ecznej oraz zatrudnianiu os\u00f3b niepe\u0142nosprawnych (t.j. Dz.U. z 2025 r. poz. 913 z p\u00f3\u017an. zm.).\u003C\/li\u003E\n\u003Cli\u003EUstawa z dnia 7 lipca 1994 r. Prawo budowlane (t.j. Dz.U. z 2025 r. poz. 418).\u003C\/li\u003E\n\u003Cli\u003ERozporz\u0105dzenie Ministra Polityki Spo\u0142ecznej z dnia 6 sierpnia 2004 r. w sprawie okre\u015blenia zada\u0144 samorz\u0105du wojew\u00f3dztwa, kt\u00f3re mog\u0105 by\u0107 dofinansowane ze \u015brodk\u00f3w Pa\u0144stwowego Funduszu Rehabilitacji Os\u00f3b Niepe\u0142nosprawnych (tekst jednolity: Dz.U. z 2015 r.,\u00a0 poz. 937 z p\u00f3\u017an. zm.).\u003C\/li\u003E\n\u003Cli\u003EUstawa z\u00a0 dnia\u00a0 5\u00a0 czerwca\u00a0 1998\u00a0 r.\u00a0 o\u00a0 samorz\u0105dzie wojew\u00f3dztwa (t.j. Dz. U. z 2025 r. poz. 581 z p\u00f3\u017an. zm.)\u003C\/li\u003E\n\u003C\/ol\u003E\n\u003C\/fieldset\u003E\u003Cfieldset style=\u0022margin-bottom: 20px;\u0022\u003E\u003Clegend\u003E\u003Cstrong\u003EPrzetwarzanie danych osobowych\u003C\/strong\u003E\u003C\/legend\u003E\n\u003Cp\u003E\u003Cstrong\u003EInformacje dotycz\u0105ce przetwarzania danych osobowych\u003C\/strong\u003E\u003C\/p\u003E\n\u003Cp\u003EZgodnie z art. 13 ust. 1 i ust. 2 og\u00f3lnego rozporz\u0105dzenia UE o ochronie danych osobowych nr 2016\/679 informujemy, i\u017c:\u003C\/p\u003E\n\u003Col\u003E\n\u003Cli\u003EAdministratorem danych osobowych jest Zarz\u0105d Wojew\u00f3dztwa \u015al\u0105skiego, z siedzib\u0105 przy ul.\u00a0Ligonia 46, 40-037 Katowice, adres email: \u003Ca href=\u0022mailto:kancelaria@slaskie.pl\u0022\u003Ekancelaria@slaskie.pl\u003C\/a\u003E, strona internetowa: bip.slaskie.pl.\u003C\/li\u003E\n\u003Cli\u003EZosta\u0142a wyznaczona osoba do kontaktu w sprawie przetwarzania danych osobowych (inspektor ochrony danych), adres email: \u003Cspan\u003Edaneosobowe@slaskie.pl\u003C\/span\u003E\u003Cspan\u003E.\u003C\/span\u003E\u003C\/li\u003E\n\u003Cli\u003EPani\/Pana dane osobowe b\u0119d\u0105 przetwarzane w nast\u0119puj\u0105cych celach: udzielenia dofinansowania w zakresie rob\u00f3t budowlanych s\u0142u\u017c\u0105cych rehabilitacji w ramach PFRON oraz w celu archiwizacji dokumentacji\u003Cem\u003E.\u003C\/em\u003E\n\u003Cul\u003E\n\u003Cli style=\u0022text-align: justify;\u0022\u003EPodstaw\u0105 prawn\u0105 przetwarzania danych osobowych jest:\u003C\/li\u003E\n\u003Cli\u003Erealizacja zada\u0144 publicznych przez administratora lub sprawowanie w\u0142adzy publicznej powierzonej administratorowi (art. 6 ust. 1 lit. e rozporz\u0105dzenia o ochronie danych 2016\/679), wynikaj\u0105cy z art. 35 ust. 1 pkt. 5 Ustawy z dnia 27 sierpnia 1997r. o rehabilitacji zawodowej i spo\u0142ecznej oraz zatrudnianiu os\u00f3b niepe\u0142nosprawnych oraz rozporz\u0105dzenia Ministra Polityki Spo\u0142ecznej z dnia 6 sierpnia 2004 r. w sprawie okre\u015blenia zada\u0144 samorz\u0105du wojew\u00f3dztwa, kt\u00f3re mog\u0105 by\u0107 dofinansowane ze \u015brodk\u00f3w Pa\u0144stwowego Funduszu Rehabilitacji Os\u00f3b Niepe\u0142nosprawnych,\u003C\/li\u003E\n\u003Cli\u003Eobowi\u0105zek prawny ci\u0105\u017c\u0105cy na administratorze (art. 6 ust. 1 lit. c), wynikaj\u0105cy z ustawy z\u00a0dnia 14 lipca 1983 r. o narodowym zasobie archiwalnym i archiwach (w szczeg. art. 6) oraz Rozporz\u0105dzenie z dnia 18 stycznia 2011 r. Prezesa Rady Ministr\u00f3w w sprawie instrukcji kancelaryjnej, jednolitych rzeczowych wykaz\u00f3w akt oraz instrukcji w sprawie organizacji i\u00a0zakresu dzia\u0142ania archiw\u00f3w zak\u0142adowych.\u003C\/li\u003E\n\u003C\/ul\u003E\n\u003C\/li\u003E\n\u003Cli\u003EPani\/Pana dane osobowe b\u0119d\u0105 ujawniane wy\u0142\u0105cznie osobom upowa\u017cnionym przez administratora danych osobowych, podmiotom upowa\u017cnionym na podstawie przepis\u00f3w prawa, operatorowi pocztowemu lub kurierowi (w przypadku korespondencji papierowej) operatorom platform do\u00a0komunikacji elektronicznej (w przypadku komunikacji elektronicznej) podmiotom realizuj\u0105cym archiwizacj\u0119 oraz zapewniaj\u0105cym obs\u0142ug\u0119 teleinformatyczn\u0105 Urz\u0119du Marsza\u0142kowskiego Wojew\u00f3dztwa \u015al\u0105skiego.\n\u003Cul\u003E\n\u003Cli\u003EPonadto w zakresie stanowi\u0105cym informacj\u0119 publiczn\u0105 dane b\u0119d\u0105 ujawniane ka\u017cdemu zainteresowanemu tak\u0105 informacj\u0105 lub publikowane w BIP Urz\u0119du\u003Cem\u003E.\u003C\/em\u003E\u003C\/li\u003E\n\u003C\/ul\u003E\n\u003C\/li\u003E\n\u003Cli\u003EPani\/Pana dane osobowe b\u0119d\u0105 przechowywane przez okres 10 lat od momentu zako\u0144czenia sprawy.\u003C\/li\u003E\n\u003Cli\u003EPrzys\u0142uguje Pani\/Panu prawo dost\u0119pu do tre\u015bci swoich danych oraz prawo \u017c\u0105dania ich\u00a0sprostowania, ograniczenia przetwarzania, usuni\u0119cia (przy uwzgl\u0119dnieniu ogranicze\u0144 z art. 17 ust. 3 rozporz\u0105dzenia), prawo do sprzeciwu (wobec przetwarzania w zakresie cel\u00f3w obj\u0119tych prawnie uzasadnionym interesem administratora), prawo wniesienia skargi do Prezesa Urz\u0119du Ochrony Danych Osobowych.\u003C\/li\u003E\n\u003Cli\u003EPodanie danych jest obowi\u0105zkowe a konsekwencj\u0105 niepodania danych osobowych b\u0119dzie brak mo\u017cliwo\u015bci realizacji sprawy.\u003C\/li\u003E\n\u003Cli\u003EPani\/Pana dane osobowe nie b\u0119d\u0105 wykorzystywane do zautomatyzowanego podejmowania decyzji ani profilowania, o kt\u00f3rym mowa w art. 22 rozporz\u0105dzenia.\u003C\/li\u003E\n\u003C\/ol\u003E\n\u003C\/fieldset\u003E\u003Cfieldset style=\u0022margin-bottom: 20px;\u0022\u003E\u003Clegend\u003E\u003Cstrong\u003EKarta us\u0142ugi w ePUAP\u003C\/strong\u003E\u003C\/legend\u003E\n\u003Cp\u003Elink do Pisma og\u00f3lnego do podmiotu publicznego:\u003Ca href=\u0022https:\/\/epuap.gov.pl\/wps\/portal\/strefa-klienta\/katalog-spraw\/sprawy-ogolne\/ogolne-sprawy-urzedowe-2\/pismo-ogolne-do-podmiotu-publicznego-nowe\u0022 title=\u0022karta us\u0142ugi w serwisie ePUAP\u0022\u003Ekarta us\u0142ugi w serwisie ePUAP\u003C\/a\u003E\u003C\/p\u003E\n\u003Cp\u003E\u00a0\u003C\/p\u003E\n\u003C\/fieldset\u003E","promotion":false}},{"id":"bf6dbc25-d119-11e7-80a9-005056b46601","type":"Gallery","name":"Galeria","description":"Galeria"},{"id":"bf6e1f6b-d119-11e7-80a9-005056b46601","type":"Attachment","name":"Za\u0142\u0105czniki","description":"Za\u0142\u0105czniki do strony","content":[{"src":"\/resource\/43433\/zasady_dofinansowania_robot_budowlanych_ze_srodkow_pfron_zalacznik_nr_1_do_uchwaly_2282_119_vii_2025-2.pdf","extension":"PDF","name":"b0efa008be49826d7ab86c476dac1d57.pdf","size":"175.74 KB"},{"src":"\/resource\/43433\/zalacznik_nr_1_do_zasad_wniosek4%25281%2529.doc","extension":"DOC","name":"ef36d32347e6715b1cd135b2dc03f90f.doc","size":"95.5 KB"},{"src":"\/resource\/43433\/umowa_roczna_zalacznik_1.xls","extension":"XLS","name":"f28a6a9e1f5dae9d51f6b1a4ee8cc64b.xls","size":"90.5 KB"},{"src":"\/resource\/43433\/umowa_roczna_zalacznik_2.xls","extension":"XLS","name":"342c58c7019bdef08a2d5490c75c074f.xls","size":"89.5 KB"},{"src":"\/resource\/43433\/umowa_roczna_zalacznik_3.xls","extension":"XLS","name":"04c6294c6f6ecf0456f853682de3e762.xls","size":"93.5 KB"},{"src":"\/resource\/43433\/umowa_roczna_zalacznik_4.xls","extension":"XLS","name":"7f35622115b745551ce30e5f03dde5a1.xls","size":"92 KB"},{"src":"\/resource\/43433\/umowa_wieloletnia_zalacznik_1.xls","extension":"XLS","name":"980b04d8e72ee6454d863594030f92f9.xls","size":"90.5 KB"},{"src":"\/resource\/43433\/umowa_wieloletnia_zalacznik_2.xls","extension":"XLS","name":"9322d2da2d9ae5b66c7ef65dd3a25f27.xls","size":"89 KB"},{"src":"\/resource\/43433\/umowa_wieloletnia_zalacznik_3.xls","extension":"XLS","name":"1f0139febcaafd10f68ee4ae882b414d.xls","size":"93.5 KB"},{"src":"\/resource\/43433\/umowa_wieloletnia_zalacznik_4.xls","extension":"XLS","name":"c7e520438cab3d85be5311ff4f09fca0.xls","size":"92 KB"},{"src":"\/resource\/43433\/zalacznik_nr_2_do_zasad_ocena_formalna3.docx","extension":"DOCX","name":"c8895573d072606db373302ad3389f2d.docx","size":"25.83 KB"},{"src":"\/resource\/43433\/zalacznik_nr_3_do_zasad_regulamin_komisji.docx","extension":"DOCX","name":"0aaaec58518e12b49729ba50ffd7ea95.docx","size":"19.86 KB"},{"src":"\/resource\/43433\/zalacznik_nr_4_do_zasad_karta_oceny_merytorycznej3.docx","extension":"DOCX","name":"8e2a12b148863b91aea1d33ed38b1c8a.docx","size":"24.13 KB"},{"src":"\/resource\/43433\/zalacznik_nr_5_do_zasad_umowa_jednoroczna6.docx","extension":"DOCX","name":"84d30b118b733902a9bc286618b19311.docx","size":"116.05 KB"},{"src":"\/resource\/43433\/zalacznik_nr_6_do_zasad_umowa_wieloletnia5.docx","extension":"DOCX","name":"c20a1a5dce2e6a6d2d0e512a912b13d4.docx","size":"110.58 KB"},{"src":"\/resource\/43433\/regulamin_komisji_ds_oceny_merytorycznej_wnioskow.pdf","extension":"PDF","name":"2c9ba13863cb9c61cb02c32f72246243.pdf","size":"106.44 KB"}]},{"id":"eba03b25-d9a7-11e7-b355-005056b70dba","type":"PageTitle","name":"","description":"Tytu\u0142 strony","content":{"title":"Dofinansowanie rob\u00f3t budowlanych ze \u015brodk\u00f3w PFRON"}},{"id":"eba07701-d9a7-11e7-b355-005056b70dba","type":"PageDescription","name":"","description":"Zajawka strony","content":[]},{"id":"1b1a7940-ff78-11e7-b81e-005056b7801d","type":"SectionDescription","name":"","description":"Zajawka sekcji","content":[]}]}