{"id":23672,"name":"dofinansowanie-ze-srodkow-pfron-kosztow-tworzenia-i-dzialania-zakladow-aktywnosci-zawodowej","title":"Dofinansowanie ze \u015brodk\u00f3w PFRON koszt\u00f3w tworzenia i dzia\u0142ania Zak\u0142ad\u00f3w Aktywno\u015bci Zawodowej","desc":"","header":"Dofinansowanie ze \u015brodk\u00f3w PFRON koszt\u00f3w tworzenia i dzia\u0142ania Zak\u0142ad\u00f3w Aktywno\u015bci Zawodowej","lead":"","keywords":"","changes":"Aktualizacja danych na stronie BIP Urz\u0119du Marsza\u0142kowskiego Wojew\u00f3dztwa \u015al\u0105skiego w Katowicach w zwi\u0105zku z wprowadzeniem mo\u017cliwo\u015bci dor\u0119czania korespondencji w formie e-dor\u0119cze\u0144.","menu":"","path":"\/katalog-uslug\/dofinansowanie-ze-srodkow-pfron-kosztow-tworzenia-i-dzialania-zakladow-aktywnosci-zawodowej.html","url":"\/katalog-uslug\/dofinansowanie-ze-srodkow-pfron-kosztow-tworzenia-i-dzialania-zakladow-aktywnosci-zawodowej.html","infoOwner":"Urz\u0105d Marsza\u0142kowski Wojew\u00f3dztwa \u015al\u0105skiego","dateFirstPublicate":"2021-12-16 15:26:05","dateLastVersionPublicate":"2024-12-30 14:27:38","dateAvailableFrom":"2024-12-30 15:17:17","dateAvailableTo":"","type":"Karta us\u0142ugi","pageParams":[{"id":"222","name":"Tytu\u0142","description":"Tytu\u0142","value":"Dofinansowanie ze \u015brodk\u00f3w PFRON koszt\u00f3w tworzenia i dzia\u0142ania Zak\u0142ad\u00f3w Aktywno\u015bci Zawodowej"},{"id":"350","name":"KATALOG_USLUG","description":"Katalog us\u0142ug","value":"59985"}],"components":[{"id":"bf6d5eba-d119-11e7-80a9-005056b46601","type":"ContentWYSIWYG","name":"Tre\u015b\u0107","description":"Tre\u015b\u0107 strony","content":{"content":"\u003Cfieldset style=\u0022margin-bottom: 20px;\u0022\u003E\u003Clegend\u003E\u003Cstrong\u003EOg\u00f3lny opis\u003C\/strong\u003E\u003Cbr \/\u003E\u003C\/legend\u003E\n\u003Col\u003E\n\u003Cli\u003E\u003Cstrong\u003E \u003C\/strong\u003ECo to jest Zak\u0142ad Aktywno\u015bci Zawodowej? Idea i rola Zak\u0142ad\u00f3w Aktywno\u015bci Zawodowej.\u003C\/li\u003E\n\u003C\/ol\u003E\n\u003Cp\u003EPowiat, gmina oraz fundacja, stowarzyszenie lub inna organizacja, kt\u00f3rej statutowym zadaniem jest rehabilitacja zawodowa i spo\u0142eczna os\u00f3b niepe\u0142nosprawnych \u2013 mog\u0105 one utworzy\u0107 wyodr\u0119bnion\u0105 organizacyjnie i finansowo jednostk\u0119 i uzyska\u0107 dla niej status zak\u0142adu aktywno\u015bci zawodowej.\u003C\/p\u003E\n\u003Cp\u003EPodstaw\u0119 prawn\u0105 dla tworzenia zak\u0142ad\u00f3w aktywno\u015bci zawodowej stanowi ustawa z dnia 27 sierpnia 1997 r. o rehabilitacji zawodowej i spo\u0142ecznej oraz zatrudnianiu os\u00f3b niepe\u0142nosprawnych (Dz.U. z 2021 r. poz. 573).Warunki niezb\u0119dne do utworzenia zak\u0142adu aktywno\u015bci zawodowej oraz zasady ich funkcjonowania okre\u015bla rozporz\u0105dzenie Ministra Pracy i Polityki Spo\u0142ecznej z dnia 17 lipca 2012 r. (Dz.U. Nr 2012, poz. 850), Rozporz\u0105dzenie Ministra Rodziny i Polityki Spo\u0142ecznej z dnia 20.10.2020 r. zmieniaj\u0105ce rozporz\u0105dzenie w sprawie zak\u0142ad\u00f3w aktywno\u015bci zawodowej (Dz. U. z 2020 r. poz. 1921).\u003C\/p\u003E\n\u003Cp\u003EZak\u0142ad Aktywno\u015bci Zawodowej tworzy si\u0119 celem zatrudnienia os\u00f3b niepe\u0142nosprawnych zaliczonych do znacznego i umiarkowanego stopnia niepe\u0142nosprawno\u015bci, a tak\u017ce ma on do wype\u0142nienia misj\u0119 autentycznego towarzyszenia osobie niepe\u0142nosprawnej w jej d\u0105\u017ceniu do samodzielno\u015bci i jak najpe\u0142niejszym uczestnictwie w \u017cyciu spo\u0142ecznym.\u003C\/p\u003E\n\u003Cp\u003EW zak\u0142adzie aktywno\u015bci zawodowej co najmniej 70% og\u00f3\u0142u zatrudnionych stanowi\u0105 osoby niepe\u0142nosprawne, w szczeg\u00f3lno\u015bci skierowane do pracy przez powiatowe urz\u0119dy pracy: zaliczone do znacznego stopnia niepe\u0142nosprawno\u015bci oraz zaliczone do umiarkowanego stopnia niepe\u0142nosprawno\u015bci, u kt\u00f3rych stwierdzono autyzm, upo\u015bledzenie umys\u0142owe lub chorob\u0119 psychiczn\u0105; obiekty u\u017cytkowane przez zak\u0142ad musz\u0105 odpowiada\u0107 przepisom BHP; uzyskane dochody przez ZAZ musz\u0105 by\u0107 przeznaczone na cele okre\u015blone \u00a7 8 ust.1 Rozporz\u0105dzenia Ministra Pracy i Polityki Spo\u0142ecznej z dnia 17 lipca 2012 r. w sprawie zak\u0142ad\u00f3w aktywno\u015bci zawodowej (Dz.U. 2012 poz. 850).\u003C\/p\u003E\n\u003Cp\u003ERol\u0105 Zak\u0142ad\u00f3w Aktywno\u015bci Zawodowej jest realizacja trzech obszar\u00f3w rehabilitacji:\u003C\/p\u003E\n\u003Cul\u003E\n\u003Cli\u003Ezawodowej, rozumianej jako przygotowanie do wykonywania czynno\u015bci na danym stanowisku pracy, wyposa\u017cenia pracownika w niezb\u0119dne umiej\u0119tno\u015bci, a w miar\u0119 mo\u017cliwo\u015bci i kwalifikacje zawodowe (np. uprawnienia, certyfikaty),\u003C\/li\u003E\n\u003Cli\u003Eleczniczej, poprzez zapewnienie dost\u0119pu na terenie zak\u0142adu do us\u0142ug rehabilitacyjnych (urz\u0105dze\u0144 i fachowej kadry),\u003C\/li\u003E\n\u003Cli\u003Espo\u0142ecznej, poprzez pomoc w odnalezieniu si\u0119 w nowej roli, w pe\u0142nieniu r\u00f3\u017cnych r\u00f3l spo\u0142ecznych, codziennym funkcjonowaniu, poprawie jako\u015bci \u017cycia.\u003C\/li\u003E\n\u003C\/ul\u003E\n\u003Cp\u003EDobrze funkcjonuj\u0105cy Zak\u0142ad Aktywno\u015bci Zawodowej wykazuje du\u017c\u0105 warto\u015b\u0107 spo\u0142eczn\u0105, poniewa\u017c stanowi \u0142\u0105cznik mi\u0119dzy zako\u0144czonym procesem edukacji, warsztatami terapii zaj\u0119ciowej a otwartym rynkiem pracy, a tak\u017ce pozwala osobom niepe\u0142nosprawnym osi\u0105gn\u0105\u0107 dojrza\u0142o\u015b\u0107 i samodzielno\u015b\u0107.\u003C\/p\u003E\n\u003C\/fieldset\u003E\u003Cfieldset style=\u0022margin-bottom: 20px;\u0022\u003E\u003Clegend\u003E\u003Cstrong\u003EWymagane dokumenty\u003C\/strong\u003E\u003C\/legend\u003E\n\u003Cp\u003EWniosek z\u0142o\u017cony na druku zamieszczonym na stronie internetowej Urz\u0119du Marsza\u0142kowskiego Wojew\u00f3dztwa \u015al\u0105skiego wraz z za\u0142\u0105cznikami:\u003C\/p\u003E\n\u003Col\u003E\n\u003Cli\u003Epe\u0142nomocnictwo (w przypadku, gdy wniosek podpisany jest przez osoby upe\u0142nomocnione do reprezentowania organizatora),\u003C\/li\u003E\n\u003Cli\u003Estatut organizatora,\u003C\/li\u003E\n\u003Cli\u003Eodpis z w\u0142a\u015bciwego rejestru lub ewidencji aktualny na dzie\u0144 sk\u0142adania wniosku,\u003C\/li\u003E\n\u003Cli\u003Edokument potwierdzaj\u0105cy tytu\u0142 prawny do obiektu, lokalu lub nieruchomo\u015bci stanowi\u0105cej siedzib\u0119 zak\u0142adu,\u003C\/li\u003E\n\u003Cli\u003Edokument potwierdzaj\u0105cy zgod\u0119 w\u0142a\u015bciciela obiektu, lokalu lub nieruchomo\u015bci na utworzenie i dzia\u0142anie zak\u0142adu aktywno\u015bci zawodowej,\u003C\/li\u003E\n\u003Cli\u003Eplan dzia\u0142alno\u015bci wytw\u00f3rczej lub us\u0142ugowej zak\u0142adu uwzgl\u0119dniaj\u0105cy w szczeg\u00f3lno\u015bci dok\u0142adny opis planowanej dzia\u0142alno\u015bci, plan sprzeda\u017cy, plan ekonomiczny,\u003C\/li\u003E\n\u003Cli\u003Eprojekt programu rehabilitacji zawodowej i spo\u0142ecznej, w tym: zakres, metody, terminy realizacji,\u003C\/li\u003E\n\u003Cli\u003Eplan pomieszcze\u0144 zak\u0142adu,\u003C\/li\u003E\n\u003Cli\u003Eprojekt dostosowania obiekt\u00f3w i lokali do potrzeb prowadzonej produkcji w zak\u0142adzie z uwzgl\u0119dnieniem dostosowania do potrzeb i mo\u017cliwo\u015bci pracownik\u00f3w wynikaj\u0105cych z ich niepe\u0142nosprawno\u015bci,\u003C\/li\u003E\n\u003Cli\u003Eo\u015bwiadczenie organizatora, \u017ce dokumentacja projektowa (plan pomieszcze\u0144 zak\u0142adu i projekt dostosowania obiekt\u00f3w i lokali do potrzeb prowadzonej produkcji w zak\u0142adzie z uwzgl\u0119dnieniem dostosowania do potrzeb i mo\u017cliwo\u015bci pracownik\u00f3w wynikaj\u0105cych z ich niepe\u0142nosprawno\u015bci) spe\u0142nia wymogi okre\u015blone dla danego rodzaju obiektu w przepisach prawa budowlanego oraz innych obowi\u0105zuj\u0105cych w tym zakresie przepisach,\u003C\/li\u003E\n\u003Cli\u003Eprojekt regulaminu zak\u0142adu,\u003C\/li\u003E\n\u003Cli\u003Eprojekt regulaminu zak\u0142adowego funduszu aktywno\u015bci,\u003C\/li\u003E\n\u003Cli\u003Epreliminarz koszt\u00f3w utworzenia zak\u0142adu z uwzgl\u0119dnieniem podzia\u0142u na poszczeg\u00f3lne rodzaje koszt\u00f3w, o kt\u00f3rych mowa w \u00a7 7 rozporz\u0105dzenia Ministra Pracy i Polityki Spo\u0142ecznej z dnia 17 lipca 2012 r. w sprawie zak\u0142ad\u00f3w aktywno\u015bci zawodowej\u00a0 z kalkulacj\u0105 lub innym uzasadnieniem przyj\u0119tych koszt\u00f3w,\u003C\/li\u003E\n\u003Cli\u003Epreliminarz koszt\u00f3w dzia\u0142ania zak\u0142adu z podzia\u0142em na poszczeg\u00f3lne rodzaje koszt\u00f3w, o kt\u00f3rych mowa w \u00a7 8 rozporz\u0105dzenia Ministra Pracy i Polityki Spo\u0142ecznej z dnia 17 lipca 2012 r. w sprawie zak\u0142ad\u00f3w aktywno\u015bci zawodowej, z kalkulacj\u0105 lub innym uzasadnieniem przyj\u0119tych koszt\u00f3w,\u003C\/li\u003E\n\u003Cli\u003Edokumenty potwierdzaj\u0105cy wk\u0142ad organizatora na pokrycie koszt\u00f3w cz\u0119\u015bci zadania nieobj\u0119tych dofinansowaniem ze \u015brodk\u00f3w Funduszu,\u003C\/li\u003E\n\u003Cli\u003Edokument potwierdzaj\u0105cy rozeznanie organizatora na rynku dla planowanej dzia\u0142alno\u015bci,\u003C\/li\u003E\n\u003Cli\u003Ekopia ostatecznej decyzji o pozwoleniu na budow\u0119 lub zg\u0142oszenie rob\u00f3t budowlanych,\u003C\/li\u003E\n\u003Cli\u003Einformacja dotycz\u0105ca dotychczasowej dzia\u0142alno\u015bci organizatora na rzecz os\u00f3b niepe\u0142nosprawnych.\u003C\/li\u003E\n\u003C\/ol\u003E\n\u003C\/fieldset\u003E\u003Cfieldset style=\u0022margin-bottom: 20px;\u0022\u003E\u003Clegend\u003E\u003Cstrong\u003ESpos\u00f3b dostarczania dokument\u00f3w\u003C\/strong\u003E\u003C\/legend\u003E\n\u003Cp\u003EWymagane dokumenty nale\u017cy dostarczy\u0107 do urz\u0119du na jeden z poni\u017cszych sposob\u00f3w:\u003C\/p\u003E\n\u003Col\u003E\n\u003Cli\u003EDrog\u0105 elektroniczn\u0105 za pomoc\u0105 platformy ePUAP (wymagany podpis elektroniczny, na adres: Skrytka ePUAP: \/UMWSL\/skrytka).\u003C\/li\u003E\n\u003Cli\u003EDrog\u0105 elektroniczn\u0105 za pomoc\u0105 e-dor\u0119cze\u0144 (adres elektronicznej skrzynki e-dor\u0119cze\u0144 tut. Urz\u0119du (ADE):AE:PL-55754-97181-CHDVR-19)\u003C\/li\u003E\n\u003Cli\u003EPrzes\u0142a\u0107 poczt\u0105 tradycyjn\u0105.\u003C\/li\u003E\n\u003Cli\u003EZ\u0142o\u017cy\u0107 bezpo\u015brednio w urz\u0119dzie.\u003C\/li\u003E\n\u003C\/ol\u003E\n\u003C\/fieldset\u003E\u003Cfieldset style=\u0022margin-bottom: 20px;\u0022\u003E\u003Clegend\u003E\u003Cstrong\u003EMiejsce z\u0142o\u017cenia dokument\u00f3w w urz\u0119dzie\u003C\/strong\u003E\u003C\/legend\u003E\n\u003Col\u003E\n\u003Cli\u003EUrz\u0105d Marsza\u0142kowski Wojew\u00f3dztwa \u015al\u0105skiego, ul. Ligonia 46,40-037 Katowice\n\u003Col style=\u0022list-style-type: lower-alpha;\u0022\u003E\n\u003Cli\u003Edokumenty, w tym na elektronicznych no\u015bnikach danych, nale\u017cy z\u0142o\u017cy\u0107 w biurze podawczym Kancelarii Og\u00f3lnej (pok. 164) przy ul. Ligonia 46, w godzinach 7:30\u201315:30.\u003C\/li\u003E\n\u003C\/ol\u003E\n\u003C\/li\u003E\n\u003Cli\u003EBiuro Zamiejscowe w Bielsku-Bia\u0142ej, Bielsko-Bia\u0142a, ul. Piastowska 40.\u003C\/li\u003E\n\u003Cli\u003EBiuro Zamiejscowe w Cz\u0119stochowie, Cz\u0119stochowa, ul. Sobieskiego 7.\u003C\/li\u003E\n\u003C\/ol\u003E\n\u003C\/fieldset\u003E\u003Cfieldset style=\u0022margin-bottom: 20px;\u0022\u003E\u003Clegend\u003E\u003Cstrong\u003EOp\u0142aty\u003C\/strong\u003E\u003C\/legend\u003E\n\u003Cp\u003EWniosek jest wolny od op\u0142at.\u003C\/p\u003E\n\u003C\/fieldset\u003E\u003Cfieldset style=\u0022margin-bottom: 20px;\u0022\u003E\u003Clegend\u003E\u003Cstrong\u003ETerminy i spos\u00f3b za\u0142atwienia sprawy\u003C\/strong\u003E\u003C\/legend\u003E\n\u003Col\u003E\n\u003Cli\u003E\u003Cstrong\u003E \u003C\/strong\u003EJak utworzy\u0107 zak\u0142ad aktywno\u015bci zawodowej? Jak uzyska\u0107 dofinansowanie do koszt\u00f3w tworzenia i dzia\u0142ania zak\u0142ad\u00f3w aktywno\u015bci zawodowej?\u003C\/li\u003E\n\u003C\/ol\u003E\n\u003Cp\u003ENale\u017cy z\u0142o\u017cy\u0107 kompletny wniosek, kt\u00f3ry przedk\u0142adany jest do zaopiniowania przez starost\u0119. W terminie 30 dni od otrzymania opinii starosty (prezydenta miasta) powiadamia si\u0119 organizatora o sposobie rozpatrzenia wniosku pod wzgl\u0119dem prawid\u0142owo\u015bci planowanych koszt\u00f3w utworzenia i dzia\u0142ania zak\u0142adu, z uwzgl\u0119dnieniem w szczeg\u00f3lno\u015bci: wysoko\u015bci \u015brodk\u00f3w PFRON w danym roku, liczby os\u00f3b niepe\u0142nosprawnych zaliczonych do znacznego i umiarkowanego stopnia niepe\u0142nosprawno\u015bci zarejestrowanych w powiatowym urz\u0119dzie pracy, wk\u0142adu finansowego organizatora w kosztach utworzenia i dzia\u0142alno\u015bci zak\u0142adu. W przypadku pozytywnego rozpatrzenia wniosku w terminie 30 dni od dnia powiadomienia organizatora prowadzi si\u0119 z organizatorem negocjacje w przedmiocie warunk\u00f3w umowy i wysoko\u015bci dofinansowania ze \u015brodk\u00f3w Funduszu.\u003C\/p\u003E\n\u003C\/fieldset\u003E\u003Cfieldset style=\u0022margin-bottom: 20px;\u0022\u003E\u003Clegend\u003E\u003Cstrong\u003EInformacje na temat przebiegu spraw\u003C\/strong\u003E\u003C\/legend\u003E\n\u003Cp\u003EWszelkie informacje na temat przebiegu sprawy mo\u017cna uzyska\u0107 kontaktuj\u0105c si\u0119 osobi\u015bcie, telefonicznie lub za po\u015brednictwem poczty elektronicznej z Departamentem Nadzoru Podmiot\u00f3w Leczniczych i\u00a0Ochrony Zdrowia, siedziba ul. D\u0105browskiego 23, mail: \u003Ca href=\u0022mailto:zdrowie@slaskie.pl\u0022\u003Ezdrowie@slaskie.pl\u003C\/a\u003E, tel. (32) 77 40 593 lub (32) 77 40 591.\u003C\/p\u003E\n\u003C\/fieldset\u003E\u003Cfieldset style=\u0022margin-bottom: 20px;\u0022\u003E\u003Clegend\u003E\u003Cstrong\u003ETryb odwo\u0142awczy\u003C\/strong\u003E\u003C\/legend\u003E\n\u003Cp\u003ENie wyst\u0119puje.\u003C\/p\u003E\n\u003C\/fieldset\u003E\u003Cfieldset style=\u0022margin-bottom: 20px;\u0022\u003E\u003Clegend\u003E\u003Cstrong\u003ESkargi i wnioski\u003C\/strong\u003E\u003C\/legend\u003E\n\u003Cp\u003ESkargi i wnioski zwi\u0105zane z praca urz\u0119du mo\u017cna sk\u0142ada\u0107 na jeden z poni\u017cszych sposob\u00f3w:\u003C\/p\u003E\n\u003Col\u003E\n\u003Cli\u003EDrog\u0105 elektroniczn\u0105 za pomoc\u0105 platformy ePUAP (wymagany podpis elektroniczny, na adres: Skrytka ePUAP: \/UMWSL\/skrytka).\u003C\/li\u003E\n\u003Cli\u003EDrog\u0105 elektroniczn\u0105 za pomoc\u0105 e-dor\u0119cze\u0144 (adres elektronicznej skrzynki e-dor\u0119cze\u0144 tut. Urz\u0119du (ADE):AE:PL-55754-97181-CHDVR-19).\u003C\/li\u003E\n\u003Cli\u003EPrzes\u0142a\u0107 poczt\u0105 tradycyjn\u0105.\u003C\/li\u003E\n\u003Cli\u003EZ\u0142o\u017cy\u0107 bezpo\u015brednio w urz\u0119dzie.\u003C\/li\u003E\n\u003C\/ol\u003E\n\u003C\/fieldset\u003E\u003Cfieldset style=\u0022margin-bottom: 20px;\u0022\u003E\u003Clegend\u003E\u003Cstrong\u003EPodstawa prawna\u003C\/strong\u003E\u003C\/legend\u003E\n\u003Col\u003E\n\u003Cli\u003EUstawa z dnia 5 czerwca 1998 r. o samorz\u0105dzie wojew\u00f3dztwa (Dz. U. z 2024 r. poz. 566).\u003C\/li\u003E\n\u003Cli\u003EUstawa z dnia 27 sierpnia 1997 r. o rehabilitacji zawodowej i spo\u0142ecznej oraz zatrudnianiu os\u00f3b niepe\u0142nosprawnych (Dz.U. z 2024 r. poz. 44 z p\u00f3\u017an. zm.).\u003C\/li\u003E\n\u003Cli\u003ERozporz\u0105dzenie Ministra Pracy i Polityki Spo\u0142ecznej z dnia 17 lipca 2012 r. (Dz. U. z 2021 r.,\u00a0 poz. 1934 z p\u00f3\u017an. zm.) w sprawie zak\u0142ad\u00f3w aktywno\u015bci zawodowej.\u003C\/li\u003E\n\u003Cli\u003ERozporz\u0105dzenie Rady Ministr\u00f3w z dnia 13 maja 2003 r. w sprawie algorytmu\u00a0 przekazywania\u00a0 \u015brodk\u00f3w\u00a0 Pa\u0144stwowego\u00a0 Funduszu Rehabilitacji\u00a0 Os\u00f3b\u00a0 Niepe\u0142nosprawnych\u00a0 samorz\u0105dom\u00a0 wojew\u00f3dzkim\u00a0 i powiatowym (tj. Dz. U. z 2019 r. , poz. 1605 z p\u00f3\u017an. zm.)\u003C\/li\u003E\n\u003C\/ol\u003E\n\u003C\/fieldset\u003E\u003Cfieldset style=\u0022margin-bottom: 20px;\u0022\u003E\u003Clegend\u003E\u003Cstrong\u003EPrzetwarzanie danych osobowych\u003C\/strong\u003E\u003C\/legend\u003E\n\u003Cp\u003EInformacje dotycz\u0105ce przetwarzania danych osobowych:\u003C\/p\u003E\n\u003Cp\u003EZgodnie z art. 13 ust. 1 i ust. 2 og\u00f3lnego rozporz\u0105dzenia UE o ochronie danych osobowych nr 2016\/679 informujemy, i\u017c:\u003C\/p\u003E\n\u003Col\u003E\n\u003Cli\u003EAdministratorem Pani\/Pana danych osobowych jest Zarz\u0105d Wojew\u00f3dztwa \u015al\u0105skiego z siedzib\u0105 przy ul. Ligonia 46, 40-037 Katowice, adres email: \u003Ca href=\u0022mailto:kancelaria@slaskie.pl\u0022\u003Ekancelaria@slaskie.pl\u003C\/a\u003E, strona internetowa: \u003Ca href=\u0022http:\/\/bip.slaskie.pl\u0022 title=\u0022Biuletyn Informacji Publicznej Samorz\u0105du Wojew\u00f3dztwa \u015al\u0105skiego \u0022\u003Ehttp:\/\/bip.slaskie.pl\u003C\/a\u003E.\u003C\/li\u003E\n\u003Cli\u003EZosta\u0142a wyznaczona osoba do kontaktu w sprawie przetwarzania danych osobowych (inspektor ochrony danych), adres email: \u003Ca href=\u0022mailto:daneosobowe@slaskie.pl\u0022\u003Edaneosobowe@slaskie.pl\u003C\/a\u003E.\u003C\/li\u003E\n\u003Cli\u003EPani\/Pana dane osobowe b\u0119d\u0105 przetwarzane w nast\u0119puj\u0105cych celach:\n\u003Col style=\u0022list-style-type: lower-alpha;\u0022\u003E\n\u003Cli\u003EObs\u0142uga wniosk\u00f3w o dofinansowanie ze \u015brodk\u00f3w PFRON, przekazywanie wniosk\u00f3w do opinii w\u0142a\u015bciwym przedstawicielom Starostw, dofinansowywanie i rozliczanie dzia\u0142alno\u015bci Zak\u0142ad\u00f3w Aktywno\u015bci Zawodowej\u003C\/li\u003E\n\u003Cli\u003EArchiwizacja dokumentacji spraw do czasu jej przekazania do archiwum zak\u0142adowego\n\u003Cul style=\u0022list-style-type: disc;\u0022\u003E\n\u003Cli\u003EPodstaw\u0105 prawn\u0105 przetwarzania danych osobowych obowi\u0105zek prawny ci\u0105\u017c\u0105cy na administratorze (art. 6 ust. 1 lit. c rozporz\u0105dzenia), wynikaj\u0105cy z:\n\u003Cul style=\u0022list-style-type: disc;\u0022\u003E\n\u003Cli\u003EUstawy z dnia 27 sierpnia 1997 r. o rehabilitacji zawodowej i spo\u0142ecznej oraz zatrudnianiu os\u00f3b niepe\u0142nosprawnych (art. 35 ust. 1 pkt 6) oraz Rozporz\u0105dzenia Ministra Polityki Spo\u0142ecznej z dnia 17 lipca 2012 r. w sprawie zak\u0142ad\u00f3w aktywno\u015bci zawodowej (\u00a7 2, 3 i 10),\u003C\/li\u003E\n\u003Cli\u003EUstawy z dnia 14 lipca 1983 r. o narodowym zasobie archiwalnym i archiwach (w szczeg\u00f3lno\u015bci art. 6) oraz Rozporz\u0105dzenie z dnia 18 stycznia 2011 r. Prezesa Rady Ministr\u00f3w w sprawie instrukcji kancelaryjnej, jednolitych rzeczowych wykaz\u00f3w akt oraz instrukcji w sprawie organizacji i zakresu dzia\u0142ania archiw\u00f3w zak\u0142adowych.\u003C\/li\u003E\n\u003C\/ul\u003E\n\u003C\/li\u003E\n\u003C\/ul\u003E\n\u003C\/li\u003E\n\u003Cli\u003EPani\/Pana dane osobowe b\u0119d\u0105 ujawniane osobom upowa\u017cnionym przez administratora danych osobowych, podmiotom upowa\u017cnionym na podstawie przepis\u00f3w prawa, operatorowi pocztowemu lub kurierowi (w przypadku korespondencji papierowej), operatorom platform do komunikacji elektronicznej (w przypadku komunikacji elektronicznej), podmiotom realizuj\u0105cym archiwizacj\u0119 oraz zapewniaj\u0105cym obs\u0142ug\u0119 teleinformatyczn\u0105 Urz\u0119du Marsza\u0142kowskiego Wojew\u00f3dztwa \u015al\u0105skiego.\n\u003Cul style=\u0022list-style-type: disc;\u0022\u003E\n\u003Cli\u003EPonadto w zakresie stanowi\u0105cym informacj\u0119 publiczn\u0105 dane b\u0119d\u0105 ujawniane ka\u017cdemu zainteresowanemu tak\u0105 informacj\u0105 lub publikowane w BIP Urz\u0119du.\u003C\/li\u003E\n\u003C\/ul\u003E\n\u003C\/li\u003E\n\u003Cli\u003EPani\/Pana dane osobowe b\u0119d\u0105 przechowywane przez okres co najmniej 10 lat od momentu zako\u0144czenia sprawy.\u003C\/li\u003E\n\u003Cli\u003EPrzys\u0142uguje Pani\/Panu prawo dost\u0119pu do tre\u015bci swoich danych oraz prawo \u017c\u0105dania ich sprostowania, usuni\u0119cia (przy uwzgl\u0119dnieniu ogranicze\u0144 z art. 17 ust. 3 rozporz\u0105dzenia) lub ograniczenia przetwarzania, prawo wniesienia skargi do Prezesa Urz\u0119du Ochrony Danych Osobowych.\u003C\/li\u003E\n\u003Cli\u003EPodanie przez Pani\u0105\/Pana danych osobowych jest wymogiem ustawowym. Podanie danych jest obowi\u0105zkowe, a konsekwencj\u0105 niepodania danych osobowych b\u0119dzie brak mo\u017cliwo\u015bci rozpatrzenia wniosku i\/lub dofinansowania dzia\u0142alno\u015bci.\u003C\/li\u003E\n\u003Cli\u003EPani\/Pana dane osobowe nie b\u0119d\u0105 wykorzystywane do zautomatyzowanego podejmowania decyzji ani profilowania, o kt\u00f3rym mowa w art. 22 rozporz\u0105dzenia.\u003C\/li\u003E\n\u003C\/ol\u003E\n\u003C\/li\u003E\n\u003C\/ol\u003E\n\u003C\/fieldset\u003E\u003Cfieldset style=\u0022margin-bottom: 20px;\u0022\u003E\u003Clegend\u003E\u003Cstrong\u003EKarta us\u0142ugi w ePUAP\u003C\/strong\u003E\u003C\/legend\u003E\n\u003Cp\u003E\u003Cspan style=\u0022color: #242424; font-family: \u0027Segoe UI\u0027, system-ui, \u0027Apple Color Emoji\u0027, \u0027Segoe UI Emoji\u0027, sans-serif; font-size: 14px; font-style: normal; font-variant-ligatures: normal; font-variant-caps: normal; font-weight: 400; letter-spacing: normal; orphans: 2; text-align: start; text-indent: 0px; text-transform: none; white-space: normal; widows: 2; word-spacing: 0px; -webkit-text-stroke-width: 0px; background-color: #ffffff; text-decoration-style: initial; text-decoration-color: initial; display: inline !important; float: none;\u0022\u003Elink do Pisma og\u00f3lnego do podmiotu publicznego: \u003Ca href=\u0022https:\/\/epuap.gov.pl\/wps\/portal\/strefa-klienta\/katalog-spraw\/sprawy-ogolne\/ogolne-sprawy-urzedowe-2\/pismo-ogolne-do-podmiotu-publicznego-nowe\u0022 title=\u0022karta us\u0142ugi w serwisie ePUAP\u0022\u003Ekarta us\u0142ugi w serwisie ePUAP\u003C\/a\u003E\u003C\/span\u003E\u003C\/p\u003E\n\u003C\/fieldset\u003E","promotion":false}},{"id":"bf6dbc25-d119-11e7-80a9-005056b46601","type":"Gallery","name":"Galeria","description":"Galeria"},{"id":"bf6e1f6b-d119-11e7-80a9-005056b46601","type":"Attachment","name":"Za\u0142\u0105czniki","description":"Za\u0142\u0105czniki do strony","content":[{"src":"\/resource\/43435\/Preliminarz+koszt%25C3%25B3w+dzia%25C5%2582ania+zak%25C5%2582adu+aktywno%25C5%259Bci+zawodowej.xlsx","extension":"XLSX","name":"99cbd33782326e1b13335b45eaa5ba46.xlsx","size":"23.37 KB"},{"src":"\/resource\/43435\/Preliminarz+koszt%25C3%25B3w+tworzenia+zak%25C5%2582adu+aktywno%25C5%259Bci+zawodowej.xlsx","extension":"XLSX","name":"c9e40266f86096602b2218d4fc51cb54.xlsx","size":"12.89 KB"},{"src":"\/resource\/43435\/RODO+informacja+dot.+przetwarzania+danych+osobowych.docx","extension":"DOCX","name":"00c853ecb9f1f9b7ee904eb30b029253.docx","size":"18.29 KB"},{"src":"\/resource\/43435\/Wniosek+o+dofinansowanie+ze+%25C5%259Brodk%25C3%25B3w+PFRON+koszt%25C3%25B3w+tworzenia+i+dzia%25C5%2582ania+zak%25C5%2582adu+aktywno%25C5%259Bci+zawodowej.doc","extension":"DOC","name":"cc5714ba43931a2f23887a67019cd91c.doc","size":"70.5 KB"}]},{"id":"eba03b25-d9a7-11e7-b355-005056b70dba","type":"PageTitle","name":"","description":"Tytu\u0142 strony","content":{"title":"Dofinansowanie ze \u015brodk\u00f3w PFRON koszt\u00f3w tworzenia i dzia\u0142ania Zak\u0142ad\u00f3w Aktywno\u015bci Zawodowej"}},{"id":"eba07701-d9a7-11e7-b355-005056b70dba","type":"PageDescription","name":"","description":"Zajawka strony","content":[]},{"id":"1b1a7940-ff78-11e7-b81e-005056b7801d","type":"SectionDescription","name":"","description":"Zajawka sekcji","content":[]}]}