{"id":29498,"name":"obywatelska-inicjatywa-uchwalodawcza-mieszkancow-wojewodztwa-1","title":"Obywatelska inicjatywa uchwa\u0142odawcza mieszka\u0144c\u00f3w wojew\u00f3dztwa","desc":"","header":"Obywatelska inicjatywa uchwa\u0142odawcza mieszka\u0144c\u00f3w wojew\u00f3dztwa","lead":"","keywords":"","changes":"aktualizacja wpisu - zamieszczenie ADE","menu":"","path":"\/katalog-uslug\/obywatelska-inicjatywa-uchwalodawcza-mieszkancow-wojewodztwa-1.html","url":"\/katalog-uslug\/obywatelska-inicjatywa-uchwalodawcza-mieszkancow-wojewodztwa-1.html","infoOwner":"Urz\u0105d Marsza\u0142kowski Wojew\u00f3dztwa \u015al\u0105skiego","dateFirstPublicate":"2022-05-06 11:56:35","dateLastVersionPublicate":"2024-12-20 13:55:46","dateAvailableFrom":"","dateAvailableTo":"","type":"Karta us\u0142ugi","pageParams":[{"id":"222","name":"Tytu\u0142","description":"Tytu\u0142","value":"Obywatelska inicjatywa uchwa\u0142odawcza mieszka\u0144c\u00f3w wojew\u00f3dztwa"},{"id":"350","name":"KATALOG_USLUG","description":"Katalog us\u0142ug","value":"59988"}],"components":[{"id":"bf6d5eba-d119-11e7-80a9-005056b46601","type":"ContentWYSIWYG","name":"Tre\u015b\u0107","description":"Tre\u015b\u0107 strony","content":{"content":"\u003Cfieldset style=\u0022box-sizing: border-box; padding: 0px; border: 0px; margin: 0px 0px 20px; min-width: 0px; color: #555555; font-family: Arial, sans-serif; font-size: 14px; font-style: normal; font-variant-ligatures: normal; font-variant-caps: normal; font-weight: 400; letter-spacing: normal; orphans: 2; text-align: start; text-indent: 0px; text-transform: none; white-space: normal; widows: 2; word-spacing: 0px; -webkit-text-stroke-width: 0px; background-color: #ffffff; text-decoration-thickness: initial; text-decoration-style: initial; text-decoration-color: initial;\u0022\u003E\u003Cfieldset style=\u0022box-sizing: border-box; padding: 0px; border: 0px; margin: 0px 0px 20px; min-width: 0px; color: #555555; font-family: Arial, sans-serif; font-size: 14px; font-style: normal; font-variant-ligatures: normal; font-variant-caps: normal; font-weight: 400; letter-spacing: normal; orphans: 2; text-align: start; text-indent: 0px; text-transform: none; white-space: normal; widows: 2; word-spacing: 0px; -webkit-text-stroke-width: 0px; background-color: #ffffff; text-decoration-thickness: initial; text-decoration-style: initial; text-decoration-color: initial;\u0022\u003E\u003Clegend style=\u0022box-sizing: border-box; padding: 0px; border-width: 0px 0px 1px; border-image: initial; display: block; width: 853px; margin-bottom: 20px; font-size: 21px; line-height: inherit; color: #555555; border-color: initial initial #e5e5e5 initial; border-style: initial initial solid initial;\u0022\u003E\u003Cstrong style=\u0022box-sizing: border-box; font-weight: bold;\u0022\u003EOpis\u003C\/strong\u003E\u003C\/legend\u003EProcedura dotyczy mo\u017cliwo\u015bci wyst\u0105pienia przez grup\u0119 mieszka\u0144c\u00f3w wojew\u00f3dztwa licz\u0105c\u0105 co najmniej 1000 os\u00f3b (posiadaj\u0105cych czynne prawo wyborcze do organu stanowi\u0105cego) z obywatelsk\u0105 inicjatyw\u0105 uchwa\u0142odawcz\u0105.\u003C\/fieldset\u003E\u003Cfieldset style=\u0022box-sizing: border-box; padding: 0px; border: 0px; margin: 0px 0px 20px; min-width: 0px; color: #555555; font-family: Arial, sans-serif; font-size: 14px; font-style: normal; font-variant-ligatures: normal; font-variant-caps: normal; font-weight: 400; letter-spacing: normal; orphans: 2; text-align: start; text-indent: 0px; text-transform: none; white-space: normal; widows: 2; word-spacing: 0px; -webkit-text-stroke-width: 0px; background-color: #ffffff; text-decoration-thickness: initial; text-decoration-style: initial; text-decoration-color: initial;\u0022\u003E\u003Cstrong style=\u0022margin-bottom: 20px;\u0022\u003E1. \u003C\/strong\u003ESejmik wojew\u00f3dztwa okre\u015bli\u0142 w drodze uchwa\u0142y Nr V\/60\/3\/2018 z dnia 13.11.2018 r. w sprawie wyst\u0119powania mieszka\u0144c\u00f3w wojew\u00f3dztwa \u015bl\u0105skiego z obywatelsk\u0105 inicjatyw\u0105 uchwa\u0142odawcz\u0105 szczeg\u00f3\u0142owe zasady wnoszenia inicjatywy obywatelskiej, zasady tworzenia komitetu inicjatywy uchwa\u0142odawczej, zasady promocji obywatelskiej inicjatywy uchwa\u0142odawczej, wymogi formalne, jakim musi odpowiada\u0107 sk\u0142adany projekt uchwa\u0142y.\u003C\/fieldset\u003E\u003Cfieldset style=\u0022box-sizing: border-box; padding: 0px; border: 0px; margin: 0px 0px 20px; min-width: 0px; color: #555555; font-family: Arial, sans-serif; font-size: 14px; font-style: normal; font-variant-ligatures: normal; font-variant-caps: normal; font-weight: 400; letter-spacing: normal; orphans: 2; text-align: start; text-indent: 0px; text-transform: none; white-space: normal; widows: 2; word-spacing: 0px; -webkit-text-stroke-width: 0px; background-color: #ffffff; text-decoration-thickness: initial; text-decoration-style: initial; text-decoration-color: initial;\u0022\u003E\u003Cstrong\u003E2.\u003C\/strong\u003E Czynno\u015bci zwi\u0105zane z przygotowaniem projektu uchwa\u0142y, organizacj\u0105 zbierania podpis\u00f3w mieszka\u0144c\u00f3w wojew\u00f3dztwa \u015bl\u0105skiego zg\u0142aszaj\u0105cych projekt uchwa\u0142y, jego rozpowszechnianiem, a tak\u017ce promocj\u0105 wykonuje \u003Cstrong\u003Ekomitet inicjatywy uchwa\u0142odawczej\u003C\/strong\u003E.\u003C\/fieldset\u003E\u003Cfieldset style=\u0022box-sizing: border-box; padding: 0px; border: 0px; margin: 0px 0px 20px; min-width: 0px; color: #555555; font-family: Arial, sans-serif; font-size: 14px; font-style: normal; font-variant-ligatures: normal; font-variant-caps: normal; font-weight: 400; letter-spacing: normal; orphans: 2; text-align: start; text-indent: 0px; text-transform: none; white-space: normal; widows: 2; word-spacing: 0px; -webkit-text-stroke-width: 0px; background-color: #ffffff; text-decoration-thickness: initial; text-decoration-style: initial; text-decoration-color: initial;\u0022\u003E\u003Cstrong\u003EKomitet inicjatywy uchwa\u0142odawczej \u003C\/strong\u003Emo\u017ce utworzy\u0107 grupa co najmniej\u003Cstrong\u003E 5 os\u00f3b posiadaj\u0105cych czynne prawo wyborcze \u003C\/strong\u003Edo Sejmiku Wojew\u00f3dztwa \u015al\u0105skiego, kt\u00f3re z\u0142o\u017cy\u0142y pisemne o\u015bwiadczenie o przyst\u0105pieniu do komitetu, ze wskazaniem imienia (imion), nazwiska oraz adresu zamieszkania.\u003C\/fieldset\u003E\u003Cfieldset style=\u0022box-sizing: border-box; padding: 0px; border: 0px; margin: 0px 0px 20px; min-width: 0px; color: #555555; font-family: Arial, sans-serif; font-size: 14px; font-style: normal; font-variant-ligatures: normal; font-variant-caps: normal; font-weight: 400; letter-spacing: normal; orphans: 2; text-align: start; text-indent: 0px; text-transform: none; white-space: normal; widows: 2; word-spacing: 0px; -webkit-text-stroke-width: 0px; background-color: #ffffff; text-decoration-thickness: initial; text-decoration-style: initial; text-decoration-color: initial;\u0022\u003EKomitet podaje adres poczty elektronicznej oraz numer telefonu kontaktowego.\u003C\/fieldset\u003E\u003Cfieldset style=\u0022box-sizing: border-box; padding: 0px; border: 0px; margin: 0px 0px 20px; min-width: 0px; color: #555555; font-family: Arial, sans-serif; font-size: 14px; font-style: normal; font-variant-ligatures: normal; font-variant-caps: normal; font-weight: 400; letter-spacing: normal; orphans: 2; text-align: start; text-indent: 0px; text-transform: none; white-space: normal; widows: 2; word-spacing: 0px; -webkit-text-stroke-width: 0px; background-color: #ffffff; text-decoration-thickness: initial; text-decoration-style: initial; text-decoration-color: initial;\u0022\u003EKomitet zawiadamia Przewodnicz\u0105cego Sejmiku o swoim utworzeniu poprzez przekazanie pisemnych o\u015bwiadcze\u0144 cz\u0142onk\u00f3w o przyst\u0105pieniu do komitetu.\u003C\/fieldset\u003E\u003Cfieldset style=\u0022box-sizing: border-box; padding: 0px; border: 0px; margin: 0px 0px 20px; min-width: 0px; color: #555555; font-family: Arial, sans-serif; font-size: 14px; font-style: normal; font-variant-ligatures: normal; font-variant-caps: normal; font-weight: 400; letter-spacing: normal; orphans: 2; text-align: start; text-indent: 0px; text-transform: none; white-space: normal; widows: 2; word-spacing: 0px; -webkit-text-stroke-width: 0px; background-color: #ffffff; text-decoration-thickness: initial; text-decoration-style: initial; text-decoration-color: initial;\u0022\u003EKomitet przekazuje Przewodnicz\u0105cemu Sejmiku projekt uchwa\u0142y w formie pisemnej lub elektronicznej oraz formularze poparcia projektu uchwa\u0142y, o kt\u00f3rych mowa w pkt. 4.\u003C\/fieldset\u003E\u003Cfieldset style=\u0022box-sizing: border-box; padding: 0px; border: 0px; margin: 0px 0px 20px; min-width: 0px; color: #555555; font-family: Arial, sans-serif; font-size: 14px; font-style: normal; font-variant-ligatures: normal; font-variant-caps: normal; font-weight: 400; letter-spacing: normal; orphans: 2; text-align: start; text-indent: 0px; text-transform: none; white-space: normal; widows: 2; word-spacing: 0px; -webkit-text-stroke-width: 0px; background-color: #ffffff; text-decoration-thickness: initial; text-decoration-style: initial; text-decoration-color: initial;\u0022\u003EKomitet pokrywa wydatki zwi\u0105zane z wyst\u0119powaniem mieszka\u0144c\u00f3w z obywatelsk\u0105 inicjatyw\u0105 uchwa\u0142odawcz\u0105.\u003C\/fieldset\u003E\u003Cfieldset style=\u0022box-sizing: border-box; padding: 0px; border: 0px; margin: 0px 0px 20px; min-width: 0px; color: #555555; font-family: Arial, sans-serif; font-size: 14px; font-style: normal; font-variant-ligatures: normal; font-variant-caps: normal; font-weight: 400; letter-spacing: normal; orphans: 2; text-align: start; text-indent: 0px; text-transform: none; white-space: normal; widows: 2; word-spacing: 0px; -webkit-text-stroke-width: 0px; background-color: #ffffff; text-decoration-thickness: initial; text-decoration-style: initial; text-decoration-color: initial;\u0022\u003E\u003Cstrong\u003E3. \u003C\/strong\u003EProjekt uchwa\u0142y powinien by\u0107 sporz\u0105dzony zgodnie z zasadami techniki prawodawczej, wynikaj\u0105cymi z rozporz\u0105dzenia Prezesa Rady Ministr\u00f3w z dnia 20 czerwca 2002 r. w sprawie \u0022Zasad techniki prawodawczej\u0022 (tekst jednolity: Dz. U. z 2016 r. poz. 283).\u003C\/fieldset\u003E\u003Cfieldset style=\u0022box-sizing: border-box; padding: 0px; border: 0px; margin: 0px 0px 20px; min-width: 0px; color: #555555; font-family: Arial, sans-serif; font-size: 14px; font-style: normal; font-variant-ligatures: normal; font-variant-caps: normal; font-weight: 400; letter-spacing: normal; orphans: 2; text-align: start; text-indent: 0px; text-transform: none; white-space: normal; widows: 2; word-spacing: 0px; -webkit-text-stroke-width: 0px; background-color: #ffffff; text-decoration-thickness: initial; text-decoration-style: initial; text-decoration-color: initial;\u0022\u003EProjekt uchwa\u0142y nie mo\u017ce dotyczy\u0107 spraw, dla kt\u00f3rych obowi\u0105zuj\u0105ce przepisy prawa zastrzegaj\u0105 wy\u0142\u0105czn\u0105 w\u0142a\u015bciwo\u015b\u0107 innych podmiot\u00f3w, kt\u00f3rym przys\u0142uguje inicjatywa uchwa\u0142odawcza.\u003C\/fieldset\u003E\u003Cfieldset style=\u0022box-sizing: border-box; padding: 0px; border: 0px; margin: 0px 0px 20px; min-width: 0px; color: #555555; font-family: Arial, sans-serif; font-size: 14px; font-style: normal; font-variant-ligatures: normal; font-variant-caps: normal; font-weight: 400; letter-spacing: normal; orphans: 2; text-align: start; text-indent: 0px; text-transform: none; white-space: normal; widows: 2; word-spacing: 0px; -webkit-text-stroke-width: 0px; background-color: #ffffff; text-decoration-thickness: initial; text-decoration-style: initial; text-decoration-color: initial;\u0022\u003E\u003Cstrong\u003E4.\u003C\/strong\u003E Osobie zainteresowanej poparciem projektu uchwa\u0142y nale\u017cy udost\u0119pni\u0107 do wgl\u0105du tekst projektu uchwa\u0142y. Osoba popieraj\u0105ca projekt uchwa\u0142y sk\u0142ada sw\u00f3j w\u0142asnor\u0119czny podpis na formularzu poparcia projektu uchwa\u0142y.\u003C\/fieldset\u003E\u003Cfieldset style=\u0022box-sizing: border-box; padding: 0px; border: 0px; margin: 0px 0px 20px; min-width: 0px; color: #555555; font-family: Arial, sans-serif; font-size: 14px; font-style: normal; font-variant-ligatures: normal; font-variant-caps: normal; font-weight: 400; letter-spacing: normal; orphans: 2; text-align: start; text-indent: 0px; text-transform: none; white-space: normal; widows: 2; word-spacing: 0px; -webkit-text-stroke-width: 0px; background-color: #ffffff; text-decoration-thickness: initial; text-decoration-style: initial; text-decoration-color: initial;\u0022\u003EPodpisy popieraj\u0105ce projekt uchwa\u0142y mo\u017cna zbiera\u0107 w miejscu, czasie i w spos\u00f3b wykluczaj\u0105cy stosowanie jakichkolwiek nacisk\u00f3w zmierzaj\u0105cych do ich wymuszenia.\u003C\/fieldset\u003E\u003Cfieldset style=\u0022box-sizing: border-box; padding: 0px; border: 0px; margin: 0px 0px 20px; min-width: 0px; color: #555555; font-family: Arial, sans-serif; font-size: 14px; font-style: normal; font-variant-ligatures: normal; font-variant-caps: normal; font-weight: 400; letter-spacing: normal; orphans: 2; text-align: start; text-indent: 0px; text-transform: none; white-space: normal; widows: 2; word-spacing: 0px; -webkit-text-stroke-width: 0px; background-color: #ffffff; text-decoration-thickness: initial; text-decoration-style: initial; text-decoration-color: initial;\u0022\u003EWycofanie poparcia udzielonego projektowi uchwa\u0142y jest nieskuteczne.\u003C\/fieldset\u003E\u003Cfieldset style=\u0022box-sizing: border-box; padding: 0px; border: 0px; margin: 0px 0px 20px; min-width: 0px; color: #555555; font-family: Arial, sans-serif; font-size: 14px; font-style: normal; font-variant-ligatures: normal; font-variant-caps: normal; font-weight: 400; letter-spacing: normal; orphans: 2; text-align: start; text-indent: 0px; text-transform: none; white-space: normal; widows: 2; word-spacing: 0px; -webkit-text-stroke-width: 0px; background-color: #ffffff; text-decoration-thickness: initial; text-decoration-style: initial; text-decoration-color: initial;\u0022\u003EZbieranie lub sk\u0142adanie podpis\u00f3w w zamian za korzy\u015b\u0107 maj\u0105tkow\u0105 lub osobist\u0105 jest zabronione.\u003C\/fieldset\u003E\u003Cfieldset style=\u0022box-sizing: border-box; padding: 0px; border: 0px; margin: 0px 0px 20px; min-width: 0px; color: #555555; font-family: Arial, sans-serif; font-size: 14px; font-style: normal; font-variant-ligatures: normal; font-variant-caps: normal; font-weight: 400; letter-spacing: normal; orphans: 2; text-align: start; text-indent: 0px; text-transform: none; white-space: normal; widows: 2; word-spacing: 0px; -webkit-text-stroke-width: 0px; background-color: #ffffff; text-decoration-thickness: initial; text-decoration-style: initial; text-decoration-color: initial;\u0022\u003E\u003Cstrong\u003E5.\u003C\/strong\u003E Po przyj\u0119ciu projektu uchwa\u0142y Przewodnicz\u0105cy Sejmiku niezw\u0142ocznie nadaje mu bieg zgodnie z przepisami ustawy o samorz\u0105dzie wojew\u00f3dztwa i Statutu Wojew\u00f3dztwa \u015al\u0105skiego.\u003C\/fieldset\u003E\u003Cfieldset style=\u0022box-sizing: border-box; padding: 0px; border: 0px; margin: 0px 0px 20px; min-width: 0px; color: #555555; font-family: Arial, sans-serif; font-size: 14px; font-style: normal; font-variant-ligatures: normal; font-variant-caps: normal; font-weight: 400; letter-spacing: normal; orphans: 2; text-align: start; text-indent: 0px; text-transform: none; white-space: normal; widows: 2; word-spacing: 0px; -webkit-text-stroke-width: 0px; background-color: #ffffff; text-decoration-thickness: initial; text-decoration-style: initial; text-decoration-color: initial;\u0022\u003E\u003Cstrong\u003E6.\u003C\/strong\u003E Promocja inicjatywy uchwa\u0142odawczej s\u0142u\u017cy przedstawieniu i wyja\u015bnieniu przez komitet tre\u015bci projektu uchwa\u0142y, stanowi\u0105cego przedmiot inicjatywy uchwa\u0142odawczej.\u003C\/fieldset\u003E\u003Cfieldset style=\u0022box-sizing: border-box; padding: 0px; border: 0px; margin: 0px 0px 20px; min-width: 0px; color: #555555; font-family: Arial, sans-serif; font-size: 14px; font-style: normal; font-variant-ligatures: normal; font-variant-caps: normal; font-weight: 400; letter-spacing: normal; orphans: 2; text-align: start; text-indent: 0px; text-transform: none; white-space: normal; widows: 2; word-spacing: 0px; -webkit-text-stroke-width: 0px; background-color: #ffffff; text-decoration-thickness: initial; text-decoration-style: initial; text-decoration-color: initial;\u0022\u003EPromocj\u0119 inicjatywy uchwa\u0142odawczej mo\u017cna prowadzi\u0107 od dnia przyj\u0119cia przez Przewodnicz\u0105cego Sejmiku zawiadomienia o utworzeniu komitetu.\u003C\/fieldset\u003E\u003Cfieldset style=\u0022box-sizing: border-box; padding: 0px; border: 0px; margin: 0px 0px 20px; min-width: 0px; color: #555555; font-family: Arial, sans-serif; font-size: 14px; font-style: normal; font-variant-ligatures: normal; font-variant-caps: normal; font-weight: 400; letter-spacing: normal; orphans: 2; text-align: start; text-indent: 0px; text-transform: none; white-space: normal; widows: 2; word-spacing: 0px; -webkit-text-stroke-width: 0px; background-color: #ffffff; text-decoration-thickness: initial; text-decoration-style: initial; text-decoration-color: initial;\u0022\u003EMateria\u0142em promocyjnym jest ka\u017cdy pochodz\u0105cy od komitetu upubliczniony i utrwalony przekaz informacji maj\u0105cy zwi\u0105zek z inicjatyw\u0105 uchwa\u0142odawcz\u0105. Materia\u0142y promocyjne powinny zawiera\u0107 wyra\u017ane oznaczenie komitetu, od kt\u00f3rego pochodz\u0105.\u003C\/fieldset\u003E\u003Cfieldset style=\u0022box-sizing: border-box; padding: 0px; border: 0px; margin: 0px 0px 20px; min-width: 0px; color: #555555; font-family: Arial, sans-serif; font-size: 14px; font-style: normal; font-variant-ligatures: normal; font-variant-caps: normal; font-weight: 400; letter-spacing: normal; orphans: 2; text-align: start; text-indent: 0px; text-transform: none; white-space: normal; widows: 2; word-spacing: 0px; -webkit-text-stroke-width: 0px; background-color: #ffffff; text-decoration-thickness: initial; text-decoration-style: initial; text-decoration-color: initial;\u0022\u003EZabrania si\u0119 promocji inicjatywy uchwa\u0142odawczej: na terenie urz\u0119d\u00f3w administracji rz\u0105dowej i administracji samorz\u0105du terytorialnego oraz s\u0105d\u00f3w, na terenie zak\u0142ad\u00f3w pracy w spos\u00f3b i formach zak\u0142\u00f3caj\u0105cych ich normalne funkcjonowanie, na terenie szk\u00f3\u0142 wobec uczni\u00f3w.\u003C\/fieldset\u003E\u003C\/fieldset\u003E\u003Cfieldset style=\u0022box-sizing: border-box; padding: 0px; border: 0px; margin: 0px 0px 20px; min-width: 0px; color: #555555; font-family: Arial, sans-serif; font-size: 14px; font-style: normal; font-variant-ligatures: normal; font-variant-caps: normal; font-weight: 400; letter-spacing: normal; orphans: 2; text-align: start; text-indent: 0px; text-transform: none; white-space: normal; widows: 2; word-spacing: 0px; -webkit-text-stroke-width: 0px; background-color: #ffffff; text-decoration-thickness: initial; text-decoration-style: initial; text-decoration-color: initial;\u0022\u003E\u003Clegend style=\u0022box-sizing: border-box; padding: 0px; border-width: 0px 0px 1px; border-image: initial; display: block; width: 853px; margin-bottom: 20px; font-size: 21px; line-height: inherit; color: #555555; font-family: Arial, sans-serif; font-style: normal; font-variant-ligatures: normal; font-variant-caps: normal; font-weight: 400; letter-spacing: normal; orphans: 2; text-align: start; text-indent: 0px; text-transform: none; white-space: normal; widows: 2; word-spacing: 0px; -webkit-text-stroke-width: 0px; background-color: #ffffff; text-decoration-thickness: initial; text-decoration-style: initial; text-decoration-color: initial; border-color: initial initial #e5e5e5 initial; border-style: initial initial solid initial;\u0022\u003E\u003Cstrong style=\u0022box-sizing: border-box; font-weight: bold;\u0022\u003EWymagane dokumenty\u003C\/strong\u003E\u003C\/legend\u003E\n\u003Cp\u003E\u003Cstrong\u003E1. \u003Ca href=\u0022https:\/\/bip.slaskie.pl\/resource\/69751\/81650\/zal_do_uchwaly+zarzadu+2104_454_VI_2023+nr+1+utw.+komitetu.rtf\u0022 title=\u0022O\u015bwiadczenie o utworzeniu Komitetu Inicjatywy Uchwa\u0142odawczej - za\u0142\u0105cznik nr 1 do uchwa\u0142y Nr 2104\/454\/VI\/2023 Zarz\u0105du Wojew\u00f3dztwa \u015al\u0105skiego z dnia 04.10.2023 r.\u0022\u003EO\u015bwiadczenie o utworzeniu Komitetu Inicjatywy Uchwa\u0142odawczej\u003C\/a\u003E - forma pisemna\u003C\/strong\u003E\u003C\/p\u003E\n\u003Cp\u003E\u003Cstrong\u003E2. Projekt uchwa\u0142y - forma pisemna lub elektroniczna\u003C\/strong\u003E\u003C\/p\u003E\n\u003Cp\u003E\u003Cstrong\u003E3. \u003Ca href=\u0022https:\/\/bip.slaskie.pl\/resource\/69751\/81651\/zal_do_uchwaly+zarzadu+2104_454_VI_2023+nr+2+poparcie+inicjatywy.rtf\u0022 title=\u0022Formularz poparcia projektu uchwa\u0142y - za\u0142\u0105cznik nr 2 do uchwa\u0142y Nr 2104\/454\/VI\/2023 Zarz\u0105du Wojew\u00f3dztwa \u015al\u0105skiego z dnia 04.10.2023 r.\u0022\u003EFormularz poparcia projektu uchwa\u0142y\u003C\/a\u003E (od ka\u017cdej z co najmniej 1000 os\u00f3b) - forma pisemna\u003C\/strong\u003E\u003C\/p\u003E\n\u003C\/fieldset\u003E\u003Cfieldset style=\u0022box-sizing: border-box; padding: 0px; border: 0px; margin: 0px 0px 20px; min-width: 0px; color: #555555; font-family: Arial, sans-serif; font-size: 14px; font-style: normal; font-variant-ligatures: normal; font-variant-caps: normal; font-weight: 400; letter-spacing: normal; orphans: 2; text-align: start; text-indent: 0px; text-transform: none; white-space: normal; widows: 2; word-spacing: 0px; -webkit-text-stroke-width: 0px; background-color: #ffffff; text-decoration-thickness: initial; text-decoration-style: initial; text-decoration-color: initial;\u0022\u003E\u003Clegend style=\u0022box-sizing: border-box; padding: 0px; border-width: 0px 0px 1px; border-image: initial; display: block; width: 853px; margin-bottom: 20px; font-size: 21px; line-height: inherit; color: #555555; border-color: initial initial #e5e5e5 initial; border-style: initial initial solid initial;\u0022\u003E\u003Cstrong style=\u0022box-sizing: border-box; margin: 0px 0px 20px;\u0022\u003ESpos\u00f3b dostarczania dokument\u00f3w\u003C\/strong\u003E\u003C\/legend\u003E\n\u003Cp style=\u0022box-sizing: border-box; margin: 0px 0px 20px;\u0022\u003E\u003Cstrong style=\u0022box-sizing: border-box; font-weight: bold;\u0022\u003EDokumenty nale\u017cy z\u0142o\u017cy\u0107 w formie pisemnej\u003C\/strong\u003E\u003Cstrong style=\u0022box-sizing: border-box; font-weight: bold;\u0022\u003E:\u003C\/strong\u003E\u003C\/p\u003E\n\u003Cul style=\u0022box-sizing: border-box; margin-top: 0px; margin-bottom: 20px;\u0022\u003E\n\u003Cli style=\u0022box-sizing: border-box; margin-bottom: 10px;\u0022\u003Eosobi\u015bcie w Kancelarii Og\u00f3lnej w siedzibie Urz\u0119du Marsza\u0142kowskiego Wojew\u00f3dztwa \u015al\u0105skiego przy ul. Ligonia 46 w Katowicach (pok\u00f3j nr 164, parter)\u003C\/li\u003E\n\u003Cli style=\u0022box-sizing: border-box; margin-bottom: 10px;\u0022\u003Eza po\u015brednictwem operatora pocztowego na adres: \u003Cstrong style=\u0022box-sizing: border-box; font-weight: bold;\u0022\u003EKancelaria Sejmiku\u003C\/strong\u003E\u003Cbr \/\u003E\u003Cstrong\u003E\u00a0 \u00a0 \u00a0 \u00a0 \u00a0 \u00a0 \u00a0 \u00a0 \u00a0 \u00a0 \u00a0 \u00a0 \u00a0 \u00a0 \u00a0 \u00a0 \u00a0 \u00a0 \u00a0 \u00a0 \u00a0 \u00a0 \u00a0 \u00a0 \u00a0 \u00a0 \u00a0 \u00a0 \u00a0 \u00a0 \u00a0 \u00a0 \u00a0 \u00a0 \u00a0\u00a0 \u00a0\u00a0 \u00a0 \u00a0 \u00a0\u00a0 U\u003C\/strong\u003E\u003Cstrong style=\u0022box-sizing: border-box; font-weight: bold;\u0022\u003Erz\u0105d Marsza\u0142kowski Wojew\u00f3dztwa \u015al\u0105skiego\u003Cbr \/\u003E\u003C\/strong\u003E\u003Cstrong style=\u0022box-sizing: border-box; font-weight: bold;\u0022\u003E\u00a0 \u00a0 \u00a0 \u00a0 \u00a0 \u00a0 \u00a0 \u00a0 \u00a0 \u00a0 \u00a0 \u00a0 \u00a0 \u00a0 \u00a0 \u00a0 \u00a0 \u00a0 \u00a0 \u00a0 \u00a0 \u00a0 \u00a0 \u00a0 \u00a0 \u00a0 \u00a0 \u00a0 \u00a0 \u00a0 \u00a0 \u00a0 \u00a0 \u00a0\u00a0 \u00a0\u00a0 \u00a0 \u00a0 \u00a0 \u00a0\u00a0 ul. Ligonia 46, 40-037 Katowice\u003C\/strong\u003E\u003C\/li\u003E\n\u003Cli style=\u0022box-sizing: border-box; margin-bottom: 10px;\u0022\u003Eelektronicznie\u00a0mo\u017ce zosta\u0107 przekazany \u003Cstrong style=\u0022box-sizing: border-box; font-weight: bold;\u0022\u003Ewy\u0142\u0105cznie projekt uchwa\u0142y\u003C\/strong\u003E: \u003Cbr \/\u003E- adres e-mail: \u003Ca href=\u0022mailto:sejmik@slaskie.pl\u0022\u003Esejmik@slaskie.pl\u003C\/a\u003E lub \u003Cbr \/\u003E- adres do dor\u0119cze\u0144 elektronicznych (ADE) Urz\u0119du Marsza\u0142kowskiego Wojew\u00f3dztwa \u015al\u0105skiego: \u003Cstrong style=\u0022box-sizing: border-box; font-weight: bold;\u0022\u003EAE:PL-55754-97181-CHDVR-19\u003C\/strong\u003E\u003C\/li\u003E\n\u003C\/ul\u003E\n\u003Clegend style=\u0022box-sizing: border-box; padding: 0px; border-width: 0px 0px 1px; border-image: initial; display: block; width: 853px; margin-bottom: 20px; font-size: 21px; line-height: inherit; color: #555555; border-color: initial initial #e5e5e5 initial; border-style: initial initial solid initial;\u0022\u003E\u003Cstrong style=\u0022box-sizing: border-box; margin: 0px 0px 20px;\u0022\u003ETermin i spos\u00f3b za\u0142atwienia\/informacje o przebiegu sprawy\u003Cbr \/\u003E\u003C\/strong\u003E\u003C\/legend\u003E\n\u003Cp style=\u0022box-sizing: border-box; margin: 0px 0px 20px;\u0022\u003EProjekt uchwa\u0142y zg\u0142oszony w ramach obywatelskiej inicjatywy uchwa\u0142odawczej staje si\u0119 przedmiotem obrad sejmiku na najbli\u017cszej sesji po z\u0142o\u017ceniu projektu, jednak nie p\u00f3\u017aniej ni\u017c po up\u0142ywie 3 miesi\u0119cy od dnia z\u0142o\u017cenia projektu.\u003Cstrong style=\u0022box-sizing: border-box; font-weight: bold;\u0022\u003E\u003C\/strong\u003E\u003C\/p\u003E\n\u003Cp\u003E\u003Cstrong style=\u0022box-sizing: border-box; font-weight: bold;\u0022\u003EO podj\u0119ciu b\u0105d\u017a odrzuceniu uchwa\u0142y decyduj\u0105 radni sejmiku wojew\u00f3dztwa w trakcie g\u0142osowania na sesji, podczas kt\u00f3rej projekt uchwa\u0142y b\u0119dzie procedowany.\u003C\/strong\u003E\u003C\/p\u003E\n\u003Cp\u003EInformacje o przebiegu sprawy mo\u017cna uzyska\u0107 osobi\u015bcie, telefonicznie b\u0105d\u017a poczt\u0105 elektroniczn\u0105 kontaktuj\u0105c si\u0119 z Kancelari\u0105 Sejmiku:\u003Cstrong style=\u0022box-sizing: border-box; font-weight: bold;\u0022\u003E \u003C\/strong\u003E\u003C\/p\u003E\n\u003Cp\u003EKancelaria Sejmiku\u003Cbr \/\u003EUrz\u0105d Marsza\u0142kowski Wojew\u00f3dztwa \u015al\u0105skiego\u003Cbr \/\u003Eul. Ligonia 46, 40-037 Katowice\u003C\/p\u003E\n\u003Cp\u003Etel. +48 (32) 20 78 279, 273; e-mail: \u003Ca href=\u0022mailto:sejmik@slaskie.pl\u0022\u003Esejmik@slaskie.pl\u003C\/a\u003E\u003C\/p\u003E\n\u003Clegend style=\u0022box-sizing: border-box; padding: 0px; border-width: 0px 0px 1px; border-image: initial; display: block; width: 853px; margin-bottom: 20px; font-size: 21px; line-height: inherit; color: #555555; border-color: initial initial #e5e5e5 initial; border-style: initial initial solid initial;\u0022\u003E\u003Cstrong style=\u0022box-sizing: border-box; font-weight: bold;\u0022\u003EPodstawa prawna\u003Cbr \/\u003E\u003C\/strong\u003E\u003C\/legend\u003E\n\u003Col\u003E\n\u003Cli style=\u0022box-sizing: border-box; padding: 0px; border: 0px; margin: 0px 0px 20px; min-width: 0px; color: #555555; font-family: Arial, sans-serif; font-size: 14px; font-style: normal; font-variant-ligatures: normal; font-variant-caps: normal; font-weight: 400; letter-spacing: normal; orphans: 2; text-align: start; text-indent: 0px; text-transform: none; white-space: normal; widows: 2; word-spacing: 0px; -webkit-text-stroke-width: 0px; background-color: #ffffff; text-decoration-thickness: initial; text-decoration-style: initial; text-decoration-color: initial;\u0022\u003EUstawa z dnia 5 czerwca 1998 r. o samorz\u0105dzie wojew\u00f3dztwa (tekst jednolity: Dz.\u00a0U. z\u00a02022 roku, poz.\u00a02094\u00a0z\u00a0p\u00f3\u017an. zm.)\u003C\/li\u003E\n\u003Cli style=\u0022box-sizing: border-box; padding: 0px; border: 0px; margin: 0px 0px 20px; min-width: 0px; color: #555555; font-family: Arial, sans-serif; font-size: 14px; font-style: normal; font-variant-ligatures: normal; font-variant-caps: normal; font-weight: 400; letter-spacing: normal; orphans: 2; text-align: start; text-indent: 0px; text-transform: none; white-space: normal; widows: 2; word-spacing: 0px; -webkit-text-stroke-width: 0px; background-color: #ffffff; text-decoration-thickness: initial; text-decoration-style: initial; text-decoration-color: initial;\u0022\u003EUchwa\u0142a Nr V\/60\/3\/2018 Sejmiku Wojew\u00f3dztwa \u015al\u0105skiego z dnia 13 listopada 2018 r. w sprawie wyst\u0119powania mieszka\u0144c\u00f3w wojew\u00f3dztwa \u015bl\u0105skiego z obywatelsk\u0105 inicjatyw\u0105 uchwa\u0142odawcz\u0105\u003C\/li\u003E\n\u003Cli style=\u0022box-sizing: border-box; padding: 0px; border: 0px; margin: 0px 0px 20px; min-width: 0px; color: #555555; font-family: Arial, sans-serif; font-size: 14px; font-style: normal; font-variant-ligatures: normal; font-variant-caps: normal; font-weight: 400; letter-spacing: normal; orphans: 2; text-align: start; text-indent: 0px; text-transform: none; white-space: normal; widows: 2; word-spacing: 0px; -webkit-text-stroke-width: 0px; background-color: #ffffff; text-decoration-thickness: initial; text-decoration-style: initial; text-decoration-color: initial;\u0022\u003EUchwa\u0142a nr 2104\/454\/VI\/2023 Zarz\u0105du Wojew\u00f3dztwa \u015al\u0105skiego z dnia 4 pa\u017adziernika 2023 r. w sprawie \u003Cspan style=\u0022color: #555555; font-family: Arial, sans-serif; font-size: 14px; font-style: normal; font-variant-ligatures: normal; font-variant-caps: normal; font-weight: 400; letter-spacing: normal; orphans: 2; text-align: start; text-indent: 0px; text-transform: none; widows: 2; word-spacing: 0px; -webkit-text-stroke-width: 0px; white-space: normal; background-color: #ffffff; text-decoration-thickness: initial; text-decoration-style: initial; text-decoration-color: initial; display: inline !important; float: none;\u0022\u003Eokre\u015blenia wzor\u00f3w formularzy dotycz\u0105cych wyst\u0119powania mieszka\u0144c\u00f3w wojew\u00f3dztwa \u015bl\u0105skiego z obywatelsk\u0105 inicjatyw\u0105 uchwa\u0142odawcz\u0105\u003C\/span\u003E\u003C\/li\u003E\n\u003C\/ol\u003E\n\u003C\/fieldset\u003E\u003Cfieldset style=\u0022box-sizing: border-box; padding: 0px; border: 0px; margin: 0px 0px 20px; min-width: 0px; color: #555555; font-family: Arial, sans-serif; font-size: 14px; font-style: normal; font-variant-ligatures: normal; font-variant-caps: normal; font-weight: 400; letter-spacing: normal; orphans: 2; text-align: start; text-indent: 0px; text-transform: none; white-space: normal; widows: 2; word-spacing: 0px; -webkit-text-stroke-width: 0px; background-color: #ffffff; text-decoration-thickness: initial; text-decoration-style: initial; text-decoration-color: initial;\u0022\u003E\u003Clegend style=\u0022box-sizing: border-box; padding: 0px; border-width: 0px 0px 1px; border-image: initial; display: block; width: 853px; margin-bottom: 20px; font-size: 21px; line-height: inherit; color: #555555; border-color: initial initial #e5e5e5 initial; border-style: initial initial solid initial;\u0022\u003E\u003Cstrong style=\u0022box-sizing: border-box; font-weight: bold;\u0022\u003EPrzetwarzanie danych osobowych\u003C\/strong\u003E\u003C\/legend\u003E\u003Cstrong style=\u0022box-sizing: border-box; font-weight: bold;\u0022\u003E\u003C\/strong\u003EInformacja Administratora danych osobowych, zgodnie z art. 13 ust. 1 i 2 og\u00f3lnego rozporz\u0105dzenia o ochronie danych osobowych nr 2016\/679 z dnia 27 kwietnia 2016 r., zwanego dalej \u201erozporz\u0105dzeniem\u201d:\u003C\/fieldset\u003E\u003Cfieldset style=\u0022box-sizing: border-box; padding: 0px; border: 0px; margin: 0px 0px 20px; min-width: 0px; color: #555555; font-family: Arial, sans-serif; font-size: 14px; font-style: normal; font-variant-ligatures: normal; font-variant-caps: normal; font-weight: 400; letter-spacing: normal; orphans: 2; text-align: start; text-indent: 0px; text-transform: none; white-space: normal; widows: 2; word-spacing: 0px; -webkit-text-stroke-width: 0px; background-color: #ffffff; text-decoration-thickness: initial; text-decoration-style: initial; text-decoration-color: initial;\u0022\u003E\n\u003Col\u003E\n\u003Cli\u003Eadministratorem Pani\/Pana danych osobowych \u003Cu\u003Epo ich wp\u0142ywie\u003C\/u\u003E do Urz\u0119du Marsza\u0142kowskiego Wojew\u00f3dztwa \u015al\u0105skiego jest Zarz\u0105d Wojew\u00f3dztwa \u015al\u0105skiego z siedzib\u0105 w\u00a0Katowicach, ul.\u00a0Ligonia 46, adres e-mail: \u003Ca href=\u0022mailto:kancelaria@slaskie.pl\u0022\u003Ekancelaria@slaskie.pl\u003C\/a\u003E, strona internetowa: bip.slaskie.pl;\u003C\/li\u003E\n\u003Cli\u003Ewyznaczony zosta\u0142 inspektor ochrony danych: e-mail: daneosobowe@slaskie.pl;\u003C\/li\u003E\n\u003Cli\u003EPani\/Pana dane osobowe przetwarzane b\u0119d\u0105 w celu wykonania inicjatywy uchwa\u0142odawczej przez mieszka\u0144c\u00f3w wojew\u00f3dztwa \u015bl\u0105skiego;\u003C\/li\u003E\n\u003Cli\u003Epodstaw\u0105 prawn\u0105 przetwarzania danych osobowych jest obowi\u0105zek prawny ci\u0105\u017c\u0105cy na administratorze (art.\u00a06 ust. 1 lit. c rozporz\u0105dzenia), wynikaj\u0105cy z art. 89a ustawy z dnia 5 czerwca 1998 r. o samorz\u0105dzie wojew\u00f3dztwa;\u003C\/li\u003E\n\u003Cli\u003EPani\/Pana dane osobowe b\u0119d\u0105 ujawniane osobom upowa\u017cnionym przez administratora, podmiotom upowa\u017cnionym na\u00a0podstawie przepis\u00f3w prawa, operatorowi pocztowemu lub kurierowi w zakresie prowadzonej korespondencji, podmiotom przetwarzaj\u0105cym, kt\u00f3rym mo\u017ce zosta\u0107 zlecone \/ zosta\u0142o zlecone przetwarzanie: dostawcy system\u00f3w informatycznych i us\u0142ug IT, podmioty realizuj\u0105ce archiwizacj\u0119. Ponadto w zakresie stanowi\u0105cym informacj\u0119 publiczn\u0105 dane b\u0119d\u0105 ujawniane ka\u017cdemu zainteresowanemu tak\u0105 informacj\u0105 lub publikowane w BIP Urz\u0119du;\u003C\/li\u003E\n\u003Cli\u003EPani\/Pana dane osobowe b\u0119d\u0105 przechowywane zgodnie z przepisami dotycz\u0105cymi instrukcji kancelaryjnej oraz archiwalnej, jednak nie kr\u00f3cej ni\u017c przez okres 5 lat od ich zebrania;\u003C\/li\u003E\n\u003Cli\u003Eprzys\u0142uguje Pani\/Panu prawo dost\u0119pu do tre\u015bci swoich danych oraz prawo ich sprostowania, usuni\u0119cia, ograniczenia przetwarzania, prawo wniesienia sprzeciwu wobec przetwarzania, prawo wniesienia skargi do Prezesa Urz\u0119du Ochrony Danych Osobowych;\u003C\/li\u003E\n\u003Cli\u003Epodanie przez Pani\u0105\/Pana danych osobowych wynika z tre\u015bci art. 89a ustawy z dnia 5 czerwca 1998 r. o\u00a0samorz\u0105dzie wojew\u00f3dztwa oraz uchwa\u0142y nr V\/60\/3\/2018 Sejmiku Wojew\u00f3dztwa \u015al\u0105skiego z dnia 13 listopada 2018\u00a0r. i jest niezb\u0119dne do wykonania inicjatywy uchwa\u0142odawczej przez mieszka\u0144c\u00f3w wojew\u00f3dztwa \u015bl\u0105skiego. Jest Pani\/Pan zobowi\u0105zana do ich podania, a konsekwencj\u0105 niepodania danych osobowych b\u0119dzie odrzucenie formularza z uwagi na braki formalne;\u003C\/li\u003E\n\u003Cli\u003EPani\/Pana dane osobowe nie b\u0119d\u0105 wykorzystywane do zautomatyzowanego podejmowania decyzji ani profilowania, o kt\u00f3rym mowa w art. 22 rozporz\u0105dzenia).\u003C\/li\u003E\n\u003C\/ol\u003E\n\u003Cfieldset style=\u0022box-sizing: border-box; padding: 0px; border: 0px; margin: 0px 0px 20px; min-width: 0px; color: #555555; font-family: Arial, sans-serif; font-size: 14px; font-style: normal; font-variant-ligatures: normal; font-variant-caps: normal; font-weight: 400; letter-spacing: normal; orphans: 2; text-align: start; text-indent: 0px; text-transform: none; white-space: normal; widows: 2; word-spacing: 0px; -webkit-text-stroke-width: 0px; background-color: #ffffff; text-decoration-thickness: initial; text-decoration-style: initial; text-decoration-color: initial;\u0022\u003E\u003Clegend style=\u0022box-sizing: border-box; padding: 0px; border-width: 0px 0px 1px; border-image: initial; display: block; width: 853px; margin-bottom: 20px; font-size: 21px; line-height: inherit; color: #555555; border-color: initial initial #e5e5e5 initial; border-style: initial initial solid initial;\u0022\u003E\u003Cstrong style=\u0022box-sizing: border-box; font-weight: bold;\u0022\u003ESkargi i wnioski\u003C\/strong\u003E\u003C\/legend\u003E\u003Cspan class=\u0022inline\u0022 style=\u0022box-sizing: border-box; display: block;\u0022\u003ESkargi i wnioski zwi\u0105zane z prac\u0105 urz\u0119du mo\u017cna sk\u0142ada\u0107 na jeden z poni\u017cszych sposob\u00f3w:\u003C\/span\u003E\u003C\/fieldset\u003E\u003Cfieldset style=\u0022box-sizing: border-box; padding: 0px; border: 0px; margin: 0px 0px 20px; min-width: 0px; color: #555555; font-family: Arial, sans-serif; font-size: 14px; font-style: normal; font-variant-ligatures: normal; font-variant-caps: normal; font-weight: 400; letter-spacing: normal; orphans: 2; text-align: start; text-indent: 0px; text-transform: none; white-space: normal; widows: 2; word-spacing: 0px; -webkit-text-stroke-width: 0px; background-color: #ffffff; text-decoration-thickness: initial; text-decoration-style: initial; text-decoration-color: initial;\u0022\u003E\n\u003Col style=\u0022box-sizing: border-box; margin-top: 0px; margin-bottom: 20px;\u0022\u003E\n\u003Cli style=\u0022box-sizing: border-box; margin-bottom: 10px;\u0022\u003Episemnie przy pomocy formularza elektronicznego\u003Cspan\u003E\u00a0\u003C\/span\u003E\u003Cem style=\u0022box-sizing: border-box;\u0022\u003E\u003Ca href=\u0022https:\/\/epuap.gov.pl\/wps\/portal\/strefa-klienta\/katalog-spraw\/opis-uslugi\/skargi-wnioski-zapytania-do-urzedu\u0022 target=\u0022_blank\u0022 rel=\u0022noopener noreferrer\u0022 title=\u0022Skargi, wnioski, zapytania do urz\u0119du\u0022 style=\u0022box-sizing: border-box; background-color: transparent; color: #0067b2; text-decoration: none;\u0022\u003ESkargi, wnioski, zapytania do urz\u0119du\u003C\/a\u003E\u003C\/em\u003E\u003Cspan\u003E\u00a0\u003C\/span\u003Epoprzez elektroniczn\u0105 Platform\u0119 Us\u0142ug Administracji Publicznej\u003Cspan style=\u0022box-sizing: border-box; color: #000000;\u0022\u003E\u003Cspan\u003E\u00a0\u003C\/span\u003E\u003Ca href=\u0022https:\/\/epuap.gov.pl\/wps\/portal\/strefa-klienta\/pomoc\u0022 target=\u0022_blank\u0022 rel=\u0022noopener noreferrer\u0022 style=\u0022box-sizing: border-box; background-color: transparent; color: #000000; text-decoration: none;\u0022\u003EePUAP\u003C\/a\u003E,\u003C\/span\u003E\u003C\/li\u003E\n\u003Cli style=\u0022box-sizing: border-box; margin-bottom: 10px;\u0022\u003Episemnie poczt\u0105 tradycyjn\u0105,\u003C\/li\u003E\n\u003Cli style=\u0022box-sizing: border-box; margin-bottom: 10px;\u0022\u003Episemnie bezpo\u015brednio w urz\u0119dzie w godzinach pracy,\u003C\/li\u003E\n\u003Cli style=\u0022box-sizing: border-box; margin-bottom: 10px;\u0022\u003Eustnie do protoko\u0142u bezpo\u015brednio u wyznaczonego pracownika urz\u0119du.\u003C\/li\u003E\n\u003C\/ol\u003E\n\u003Cp\u003ESkargi i wnioski s\u0105 wolne od op\u0142at.\u003C\/p\u003E\n\u003C\/fieldset\u003E\u003C\/fieldset\u003E","promotion":false}},{"id":"bf6dbc25-d119-11e7-80a9-005056b46601","type":"Gallery","name":"Galeria","description":"Galeria"},{"id":"bf6e1f6b-d119-11e7-80a9-005056b46601","type":"Attachment","name":"Za\u0142\u0105czniki","description":"Za\u0142\u0105czniki do strony"},{"id":"eba03b25-d9a7-11e7-b355-005056b70dba","type":"PageTitle","name":"","description":"Tytu\u0142 strony","content":{"title":"Obywatelska inicjatywa uchwa\u0142odawcza mieszka\u0144c\u00f3w wojew\u00f3dztwa"}},{"id":"eba07701-d9a7-11e7-b355-005056b70dba","type":"PageDescription","name":"","description":"Zajawka strony","content":[]},{"id":"1b1a7940-ff78-11e7-b81e-005056b7801d","type":"SectionDescription","name":"","description":"Zajawka sekcji","content":[]}]}