{"id":24161,"name":"prosba-o-objecie-patronatu-marszalka-wojewodztwa-slaskiego-nad-przedsiewzieciem-z-dziedziny-kultury-organizowanym-przez-podmioty-z-terenu-wojewodztwa-slaskiego-oraz-kraju","title":"Pro\u015bba o obj\u0119cie patronatu Marsza\u0142ka Wojew\u00f3dztwa \u015al\u0105skiego nad przedsi\u0119wzi\u0119ciem z dziedziny kultury organizowanym przez podmioty z terenu wojew\u00f3dztwa \u015bl\u0105skiego oraz kraju","desc":"","header":"Pro\u015bba o obj\u0119cie patronatu Marsza\u0142ka Wojew\u00f3dztwa \u015al\u0105skiego nad przedsi\u0119wzi\u0119ciem z dziedziny kultury organizowanym przez podmioty z terenu wojew\u00f3dztwa \u015bl\u0105skiego oraz kraju","lead":"","keywords":"","changes":"aktualizacja danych.","menu":"","path":"\/katalog-uslug\/prosba-o-objecie-patronatu-marszalka-wojewodztwa-slaskiego-nad-przedsiewzieciem-z-dziedziny-kultury-organizowanym-przez-podmioty-z-terenu-wojewodztwa-slaskiego-oraz-kraju.html","url":"\/katalog-uslug\/prosba-o-objecie-patronatu-marszalka-wojewodztwa-slaskiego-nad-przedsiewzieciem-z-dziedziny-kultury-organizowanym-przez-podmioty-z-terenu-wojewodztwa-slaskiego-oraz-kraju.html","infoOwner":"Urz\u0105d Marsza\u0142kowski Wojew\u00f3dztwa \u015al\u0105skiego","dateFirstPublicate":"2021-12-27 10:36:02","dateLastVersionPublicate":"2025-01-24 10:37:45","dateAvailableFrom":"2025-01-24 10:40:00","dateAvailableTo":"","type":"Karta us\u0142ugi","pageParams":[{"id":"222","name":"Tytu\u0142","description":"Tytu\u0142","value":"Pro\u015bba o obj\u0119cie patronatu Marsza\u0142ka Wojew\u00f3dztwa \u015al\u0105skiego nad przedsi\u0119wzi\u0119ciem z dziedziny kultury organizowanym przez podmioty z terenu wojew\u00f3dztwa \u015bl\u0105skiego oraz kraju"},{"id":"350","name":"KATALOG_USLUG","description":"Katalog us\u0142ug","value":"59994"}],"components":[{"id":"bf6d5eba-d119-11e7-80a9-005056b46601","type":"ContentWYSIWYG","name":"Tre\u015b\u0107","description":"Tre\u015b\u0107 strony","content":{"content":"\u003Cfieldset style=\u0022box-sizing: border-box; padding: 0px; border: 0px; margin: 0px 0px 20px; min-width: 0px; color: #555555; font-family: Arial, sans-serif; font-size: 14px; font-style: normal; font-variant-ligatures: normal; font-variant-caps: normal; font-weight: 400; letter-spacing: normal; orphans: 2; text-align: start; text-indent: 0px; text-transform: none; white-space: normal; widows: 2; word-spacing: 0px; -webkit-text-stroke-width: 0px; background-color: #ffffff; text-decoration-thickness: initial; text-decoration-style: initial; text-decoration-color: initial;\u0022\u003E\u003Clegend style=\u0022box-sizing: border-box; padding: 0px; border-width: 0px 0px 1px; border-image: initial; display: block; width: 853px; margin-bottom: 20px; font-size: 21px; line-height: inherit; color: #555555; border-color: initial initial #e5e5e5 initial; border-style: initial initial solid initial;\u0022\u003E\u003Cstrong style=\u0022box-sizing: border-box; font-weight: bold;\u0022\u003EOg\u00f3lny opis\u003C\/strong\u003E\u003Cbr style=\u0022box-sizing: border-box;\u0022 \/\u003E\u003C\/legend\u003E\n\u003Cp style=\u0022box-sizing: border-box; margin: 0px 0px 20px;\u0022\u003EPatronat jest wyr\u00f3\u017cnieniem honorowym podkre\u015blaj\u0105cym szczeg\u00f3lny charakter przedsi\u0119wzi\u0119cia.\u00a0Patronatem mog\u0105 by\u0107 obj\u0119te przedsi\u0119wzi\u0119cia organizowane na terenie wojew\u00f3dztwa \u015bl\u0105skiego o zasi\u0119gu lokalnym, regionalnym, og\u00f3lnopolskim lub mi\u0119dzynarodowym.\u003C\/p\u003E\n\u003C\/fieldset\u003E\u003Cfieldset style=\u0022box-sizing: border-box; padding: 0px; border: 0px; margin: 0px 0px 20px; min-width: 0px; color: #555555; font-family: Arial, sans-serif; font-size: 14px; font-style: normal; font-variant-ligatures: normal; font-variant-caps: normal; font-weight: 400; letter-spacing: normal; orphans: 2; text-align: start; text-indent: 0px; text-transform: none; white-space: normal; widows: 2; word-spacing: 0px; -webkit-text-stroke-width: 0px; background-color: #ffffff; text-decoration-thickness: initial; text-decoration-style: initial; text-decoration-color: initial;\u0022\u003E\u003Clegend style=\u0022box-sizing: border-box; padding: 0px; border-width: 0px 0px 1px; border-image: initial; display: block; width: 853px; margin-bottom: 20px; font-size: 21px; line-height: inherit; color: #555555; border-color: initial initial #e5e5e5 initial; border-style: initial initial solid initial;\u0022\u003E\u003Cstrong style=\u0022box-sizing: border-box; font-weight: bold;\u0022\u003EWymagane dokumenty\u003C\/strong\u003E\u003C\/legend\u003E\n\u003Cp style=\u0022box-sizing: border-box; margin: 0px 0px 20px;\u0022\u003EWniosek zgodnie z\u00a0\u003Cspan style=\u0022box-sizing: border-box;\u0022\u003EZarz\u0105dzeniem nr 71\/19\u003C\/span\u003E\u00a0Marsza\u0142ka Wojew\u00f3dztwa \u015al\u0105skiego z dnia 18 czerwca 2019 r.\u003Cspan style=\u0022box-sizing: border-box;\u0022\u003E\u00a0wraz z za\u0142\u0105cznikami.\u003C\/span\u003E\u003C\/p\u003E\n\u003C\/fieldset\u003E\u003Cfieldset style=\u0022box-sizing: border-box; padding: 0px; border: 0px; margin: 0px 0px 20px; min-width: 0px; color: #555555; font-family: Arial, sans-serif; font-size: 14px; font-style: normal; font-variant-ligatures: normal; font-variant-caps: normal; font-weight: 400; letter-spacing: normal; orphans: 2; text-align: start; text-indent: 0px; text-transform: none; white-space: normal; widows: 2; word-spacing: 0px; -webkit-text-stroke-width: 0px; background-color: #ffffff; text-decoration-thickness: initial; text-decoration-style: initial; text-decoration-color: initial;\u0022\u003E\u003Clegend style=\u0022box-sizing: border-box; padding: 0px; border-width: 0px 0px 1px; border-image: initial; display: block; width: 853px; margin-bottom: 20px; font-size: 21px; line-height: inherit; color: #555555; border-color: initial initial #e5e5e5 initial; border-style: initial initial solid initial;\u0022\u003E\u003Cstrong style=\u0022box-sizing: border-box; font-weight: bold;\u0022\u003ESpos\u00f3b dostarczania dokument\u00f3w\u003C\/strong\u003E\u003C\/legend\u003E\n\u003Cp style=\u0022box-sizing: border-box; margin: 0px 0px 20px;\u0022\u003EWype\u0142niony wniosek wraz z za\u0142\u0105cznikami nale\u017cy przes\u0142a\u0107 poczt\u0105 tradycyjn\u0105 na adres: Urz\u0105d Marsza\u0142kowski Wojew\u00f3dztwa \u015al\u0105skiego, ul. Ligonia 46, 40-037 Katowice lub przes\u0142a\u0107 poczt\u0105 elektroniczn\u0105 na adres e-mail: kancelaria@slaskie.pl, lub z\u0142o\u017cy\u0107 osobi\u015bcie w Kancelarii Og\u00f3lnej Urz\u0119du z dopiskiem na kopercie \u201ePatronat Honorowy\u201d lub na adres elektronicznej skrzynki \u003Cstrong\u003Ee-dor\u0119cze\u0144: AE:PL-55754-97181-CHDVR-19\u003C\/strong\u003E\u00a0 oraz adres elektronicznej skrzynki podawczej \u003Cstrong\u003EePUAP: \/UMWSL\/skrytka. \u003C\/strong\u003E\u003C\/p\u003E\n\u003C\/fieldset\u003E\u003Cfieldset style=\u0022box-sizing: border-box; padding: 0px; border: 0px; margin: 0px 0px 20px; min-width: 0px; color: #555555; font-family: Arial, sans-serif; font-size: 14px; font-style: normal; font-variant-ligatures: normal; font-variant-caps: normal; font-weight: 400; letter-spacing: normal; orphans: 2; text-align: start; text-indent: 0px; text-transform: none; white-space: normal; widows: 2; word-spacing: 0px; -webkit-text-stroke-width: 0px; background-color: #ffffff; text-decoration-thickness: initial; text-decoration-style: initial; text-decoration-color: initial;\u0022\u003E\u003Clegend style=\u0022box-sizing: border-box; padding: 0px; border-width: 0px 0px 1px; border-image: initial; display: block; width: 853px; margin-bottom: 20px; font-size: 21px; line-height: inherit; color: #555555; border-color: initial initial #e5e5e5 initial; border-style: initial initial solid initial;\u0022\u003E\u003Cstrong style=\u0022box-sizing: border-box; font-weight: bold;\u0022\u003EMiejsce z\u0142o\u017cenia dokument\u00f3w w urz\u0119dzie\u003C\/strong\u003E\u003C\/legend\u003E\n\u003Cp style=\u0022box-sizing: border-box; margin: 0px 0px 20px;\u0022\u003E\u003Cspan style=\u0022box-sizing: border-box;\u0022\u003EUrz\u0105d Marsza\u0142kowski Wojew\u00f3dztwa \u015al\u0105skiego\u003C\/span\u003E\u003Cbr style=\u0022box-sizing: border-box;\u0022 \/\u003E\u003Cspan style=\u0022box-sizing: border-box;\u0022\u003Eul. J. Ligonia 46\u003C\/span\u003E\u003Cbr style=\u0022box-sizing: border-box;\u0022 \/\u003E\u003Cspan style=\u0022box-sizing: border-box;\u0022\u003E40-037 Katowice\u003C\/span\u003E\u003Cbr style=\u0022box-sizing: border-box;\u0022 \/\u003E\u003Cspan style=\u0022box-sizing: border-box;\u0022\u003EKancelaria Og\u00f3lna - pok\u00f3j 164\u003C\/span\u003E\u003C\/p\u003E\n\u003C\/fieldset\u003E\u003Cfieldset style=\u0022box-sizing: border-box; padding: 0px; border: 0px; margin: 0px 0px 20px; min-width: 0px; color: #555555; font-family: Arial, sans-serif; font-size: 14px; font-style: normal; font-variant-ligatures: normal; font-variant-caps: normal; font-weight: 400; letter-spacing: normal; orphans: 2; text-align: start; text-indent: 0px; text-transform: none; white-space: normal; widows: 2; word-spacing: 0px; -webkit-text-stroke-width: 0px; background-color: #ffffff; text-decoration-thickness: initial; text-decoration-style: initial; text-decoration-color: initial;\u0022\u003E\u003Clegend style=\u0022box-sizing: border-box; padding: 0px; border-width: 0px 0px 1px; border-image: initial; display: block; width: 853px; margin-bottom: 20px; font-size: 21px; line-height: inherit; color: #555555; border-color: initial initial #e5e5e5 initial; border-style: initial initial solid initial;\u0022\u003E\u003Cstrong style=\u0022box-sizing: border-box; font-weight: bold;\u0022\u003EOp\u0142aty\u003C\/strong\u003E\u003C\/legend\u003E\n\u003Cp style=\u0022box-sizing: border-box; margin: 0px 0px 20px;\u0022\u003E\u00a0\u003Cspan style=\u0022box-sizing: border-box;\u0022\u003EWolne od op\u0142at.\u003C\/span\u003E\u003C\/p\u003E\n\u003C\/fieldset\u003E\u003Cfieldset style=\u0022box-sizing: border-box; padding: 0px; border: 0px; margin: 0px 0px 20px; min-width: 0px; color: #555555; font-family: Arial, sans-serif; font-size: 14px; font-style: normal; font-variant-ligatures: normal; font-variant-caps: normal; font-weight: 400; letter-spacing: normal; orphans: 2; text-align: start; text-indent: 0px; text-transform: none; white-space: normal; widows: 2; word-spacing: 0px; -webkit-text-stroke-width: 0px; background-color: #ffffff; text-decoration-thickness: initial; text-decoration-style: initial; text-decoration-color: initial;\u0022\u003E\u003Clegend style=\u0022box-sizing: border-box; padding: 0px; border-width: 0px 0px 1px; border-image: initial; display: block; width: 853px; margin-bottom: 20px; font-size: 21px; line-height: inherit; color: #555555; border-color: initial initial #e5e5e5 initial; border-style: initial initial solid initial;\u0022\u003E\u003Cstrong style=\u0022box-sizing: border-box; font-weight: bold;\u0022\u003ETerminy i spos\u00f3b za\u0142atwienia sprawy\u003C\/strong\u003E\u003C\/legend\u003E\n\u003Cp style=\u0022box-sizing: border-box; margin: 0px 0px 20px;\u0022\u003EW terminie 30 dni od daty z\u0142o\u017cenia wniosku.\u003C\/p\u003E\n\u003C\/fieldset\u003E\u003Cfieldset style=\u0022box-sizing: border-box; padding: 0px; border: 0px; margin: 0px 0px 20px; min-width: 0px; color: #555555; font-family: Arial, sans-serif; font-size: 14px; font-style: normal; font-variant-ligatures: normal; font-variant-caps: normal; font-weight: 400; letter-spacing: normal; orphans: 2; text-align: start; text-indent: 0px; text-transform: none; white-space: normal; widows: 2; word-spacing: 0px; -webkit-text-stroke-width: 0px; background-color: #ffffff; text-decoration-thickness: initial; text-decoration-style: initial; text-decoration-color: initial;\u0022\u003E\u003Clegend style=\u0022box-sizing: border-box; padding: 0px; border-width: 0px 0px 1px; border-image: initial; display: block; width: 853px; margin-bottom: 20px; font-size: 21px; line-height: inherit; color: #555555; border-color: initial initial #e5e5e5 initial; border-style: initial initial solid initial;\u0022\u003E\u003Cstrong style=\u0022box-sizing: border-box; font-weight: bold;\u0022\u003EInformacje na temat przebiegu spraw\u003C\/strong\u003E\u003C\/legend\u003E\n\u003Cp style=\u0022box-sizing: border-box; margin: 0px 0px 20px;\u0022\u003EDecyzja o przyznanym honorowym patronacie lub udzia\u0142u Marsza\u0142ka Wojew\u00f3dztwa \u015al\u0105skiego\u00a0w Honorowym Komitecie wys\u0142ana b\u0119dzie poczt\u0105 na adres wnioskodawcy.\u003C\/p\u003E\n\u003Clegend style=\u0022box-sizing: border-box; padding: 0px; border-width: 0px 0px 1px; border-image: initial; display: block; width: 853px; margin-bottom: 20px; font-size: 21px; line-height: inherit; color: #555555; border-color: initial initial #e5e5e5 initial; border-style: initial initial solid initial;\u0022\u003E\u003Cstrong style=\u0022box-sizing: border-box; font-weight: bold;\u0022\u003E\u003C\/strong\u003E\u003C\/legend\u003E\u003C\/fieldset\u003E\u003Cfieldset style=\u0022box-sizing: border-box; padding: 0px; border: 0px; margin: 0px 0px 20px; min-width: 0px; color: #555555; font-family: Arial, sans-serif; font-size: 14px; font-style: normal; font-variant-ligatures: normal; font-variant-caps: normal; font-weight: 400; letter-spacing: normal; orphans: 2; text-align: start; text-indent: 0px; text-transform: none; white-space: normal; widows: 2; word-spacing: 0px; -webkit-text-stroke-width: 0px; background-color: #ffffff; text-decoration-thickness: initial; text-decoration-style: initial; text-decoration-color: initial;\u0022\u003E\u003Clegend style=\u0022box-sizing: border-box; padding: 0px; border-width: 0px 0px 1px; border-image: initial; display: block; width: 853px; margin-bottom: 20px; font-size: 21px; line-height: inherit; color: #555555; border-color: initial initial #e5e5e5 initial; border-style: initial initial solid initial;\u0022\u003E\u003Cstrong style=\u0022box-sizing: border-box; font-weight: bold;\u0022\u003EPrzetwarzanie danych osobowych\u003Cbr \/\u003E\u003C\/strong\u003E\u003C\/legend\u003E\n\u003Col\u003E\n\u003Cli\u003EAdministratorem Danych Osobowych jest Wojew\u00f3dztwo \u015al\u0105skie, dane kontaktowe: Urz\u0105d Marsza\u0142kowski Wojew\u00f3dztwa \u015al\u0105skiego w\u00a0Katowicach, ul. Ligonia 46, 40-037 Katowice, \u003Cbr \/\u003E tel. +48 (32) 20 78 888, e-mail:\u00a0\u003Ca href=\u0022mailto:kancelaria@slaskie.pl\u0022\u003Ekancelaria@slaskie.pl\u003C\/a\u003E\u003C\/li\u003E\n\u003Cli\u003EDane kontaktowe do\u00a0inspektora ochrony danych to\u00a0e-mail:\u00a0\u003Ca href=\u0022mailto:iod@slaskie.pl\u0022\u003Eiod@slaskie.pl\u003C\/a\u003E.\u003C\/li\u003E\n\u003Cli\u003EPani\/Pana dane osobowe:\u003C\/li\u003E\n\u003Cul\u003E\n\u003Cli\u003Eb\u0119d\u0105 przetwarzane zgodnie z\u00a0art. 6\u00a0ust. 1\u00a0lit. e\u00a0rozporz\u0105dzenia Parlamentu i\u00a0Rady UE\u00a0z\u00a0dnia 27\u00a0kwietnia 2016 r.\u00a0w\u00a0sprawie ochrony os\u00f3b fizycznych w\u00a0zwi\u0105zku z\u00a0przetwarzaniem danych osobowych i\u00a0w sprawie swobodnego przep\u0142ywu takich danych oraz uchylenia dyrektywy 95\/46\/WE (og\u00f3lne rozporz\u0105dzenie o\u00a0ochronie danych) w\u00a0celu realizacji zada\u0144 publicznych w\u00a0zakresie promocji walor\u00f3w i\u00a0mo\u017cliwo\u015bci rozwojowych na\u00a0podstawie art. 11\u00a0ust. 2\u00a0ustawy z\u00a0dnia 5\u00a0czerwca 1998 r.\u00a0o\u00a0samorz\u0105dzie wojew\u00f3dztwa (Dz. U.\u00a01998 Nr\u00a091 poz. 576);\u003C\/li\u003E\n\u003Cli\u003Emog\u0105 zosta\u0107 udost\u0119pnione podmiotom \u015bwiadcz\u0105cym obs\u0142ug\u0119 administracyjno-organizacyjn\u0105 administratora oraz podmiotom uprawnionym na\u00a0podstawie przepis\u00f3w prawa;\u003C\/li\u003E\n\u003Cli\u003Eb\u0119d\u0105 przechowywane nie d\u0142u\u017cej, ni\u017c to\u00a0wynika z\u00a0przepis\u00f3w o\u00a0archiwizacji;\u003C\/li\u003E\n\u003Cli\u003Enie b\u0119d\u0105 przetwarzane w\u00a0spos\u00f3b zautomatyzowany, w\u00a0celu podj\u0119cia decyzji w\u00a0sprawie indywidualnej.\u003C\/li\u003E\n\u003C\/ul\u003E\n\u003Cli\u003EW granicach i\u00a0na\u00a0zasadach okre\u015blonych w\u00a0przepisach prawa przys\u0142uguje Pani\/Panu prawo \u017c\u0105dania:\u003C\/li\u003E\n\u003Cul\u003E\n\u003Cli\u003Edost\u0119pu do\u00a0swoich danych osobowych, ich sprostowania, usuni\u0119cia lub ograniczenia przetwarzania,\u003C\/li\u003E\n\u003Cli\u003Ewniesienia sprzeciwu \u2013\u00a0z przyczyn zwi\u0105zanych ze\u00a0szczeg\u00f3ln\u0105 sytuacj\u0105 \u2013\u00a0wobec przetwarzania;\u003C\/li\u003E\n\u003Cli\u003Ewniesienia skargi do\u00a0organu nadzorczego, kt\u00f3rym jest Prezes Urz\u0119du Ochrony Danych Osobowych.\u003C\/li\u003E\n\u003C\/ul\u003E\n\u003Cli\u003EPodanie danych jest dobrowolne.\u003C\/li\u003E\n\u003C\/ol\u003E\n\u003C\/fieldset\u003E\u003Cfieldset style=\u0022box-sizing: border-box; padding: 0px; border: 0px; margin: 0px 0px 20px; min-width: 0px; color: #555555; font-family: Arial, sans-serif; font-size: 14px; font-style: normal; font-variant-ligatures: normal; font-variant-caps: normal; font-weight: 400; letter-spacing: normal; orphans: 2; text-align: start; text-indent: 0px; text-transform: none; white-space: normal; widows: 2; word-spacing: 0px; -webkit-text-stroke-width: 0px; background-color: #ffffff; text-decoration-thickness: initial; text-decoration-style: initial; text-decoration-color: initial;\u0022\u003E\u003Clegend style=\u0022box-sizing: border-box; padding: 0px; border-width: 0px 0px 1px; border-image: initial; display: block; width: 853px; margin-bottom: 20px; font-size: 21px; line-height: inherit; color: #555555; border-color: initial initial #e5e5e5 initial; border-style: initial initial solid initial;\u0022\u003E\u003Cstrong style=\u0022box-sizing: border-box; font-weight: bold;\u0022\u003EInformacje dodatkowe\u003C\/strong\u003E\u003C\/legend\u003E\n\u003Cp style=\u0022box-sizing: border-box; margin: 0px 0px 20px;\u0022\u003EAdam Le\u015bniak\u003Cbr style=\u0022box-sizing: border-box;\u0022 \/\u003Etel. +48 32 77 40 640\u003C\/p\u003E\n\u003C\/fieldset\u003E","promotion":false}},{"id":"bf6dbc25-d119-11e7-80a9-005056b46601","type":"Gallery","name":"Galeria","description":"Galeria"},{"id":"bf6e1f6b-d119-11e7-80a9-005056b46601","type":"Attachment","name":"Za\u0142\u0105czniki","description":"Za\u0142\u0105czniki do strony","content":[{"src":"\/resource\/43938\/Regulamin+przyznawania+honorowego+patronatu+Marsza%25C5%2582ka.docx","extension":"DOCX","name":"2194a457da942bb48f0379d0f487dba9.docx","size":"17.81 KB"},{"src":"\/resource\/43938\/wniosek+o+patronat.pdf.rtf.doc","extension":"DOC","name":"d08c8e5cbaa7ef821c2584f47afc250e.doc","size":"51.5 KB"}]},{"id":"eba03b25-d9a7-11e7-b355-005056b70dba","type":"PageTitle","name":"","description":"Tytu\u0142 strony","content":{"title":"Pro\u015bba o obj\u0119cie patronatu Marsza\u0142ka Wojew\u00f3dztwa \u015al\u0105skiego nad przedsi\u0119wzi\u0119ciem z dziedziny kultury organizowanym przez podmioty z terenu wojew\u00f3dztwa \u015bl\u0105skiego oraz kraju"}},{"id":"eba07701-d9a7-11e7-b355-005056b70dba","type":"PageDescription","name":"","description":"Zajawka strony","content":[]},{"id":"1b1a7940-ff78-11e7-b81e-005056b7801d","type":"SectionDescription","name":"","description":"Zajawka sekcji","content":[]}]}