{"id":23806,"name":"sprawozdanie-o-pojazdach-wycofanych-z-eksploatacji","title":"Sprawozdanie o pojazdach wycofanych z eksploatacji","desc":"","header":"Sprawozdanie o pojazdach wycofanych z eksploatacji","lead":"","keywords":"","changes":"aktualizacja danych adresowych","menu":"","path":"\/katalog-uslug\/sprawozdanie-o-pojazdach-wycofanych-z-eksploatacji.html","url":"\/katalog-uslug\/sprawozdanie-o-pojazdach-wycofanych-z-eksploatacji.html","infoOwner":"Urz\u0105d Marsza\u0142kowski Wojew\u00f3dztwa \u015al\u0105skiego","dateFirstPublicate":"2021-12-19 21:06:08","dateLastVersionPublicate":"2026-03-12 10:48:47","dateAvailableFrom":"","dateAvailableTo":"","type":"Karta us\u0142ugi","pageParams":[{"id":"222","name":"Tytu\u0142","description":"Tytu\u0142","value":"Sprawozdanie o pojazdach wycofanych z eksploatacji"},{"id":"350","name":"KATALOG_USLUG","description":"Katalog us\u0142ug","value":"59987"}],"components":[{"id":"bf6d5eba-d119-11e7-80a9-005056b46601","type":"ContentWYSIWYG","name":"Tre\u015b\u0107","description":"Tre\u015b\u0107 strony","content":{"content":"\u003Cfieldset style=\u0022margin-bottom: 20px;\u0022\u003E\u003Clegend\u003E\u003Cstrong\u003EOg\u00f3lny opis\u003C\/strong\u003E\u003C\/legend\u003E\n\u003Cp\u003E\u003Cstrong\u003EZgodnie z art. 30 ustawy z dnia 20 stycznia 2005 r. o recyklingu pojazd\u00f3w wycofanych z eksploatacji \u003C\/strong\u003E(tekst jednolity Dz. U. z 2020 r. poz. 2056) przedsi\u0119biorca prowadz\u0105cy stacj\u0119 demonta\u017cu jest obowi\u0105zany do sporz\u0105dzenia rocznego sprawozdania zawieraj\u0105cego informacje, o kt\u00f3rych mowa w art. 75 ust. 2 pkt 1 i 4 ustawy z dnia 14 grudnia 2012 r. o odpadach (t.j. Dz.U. z 2022 r. poz. 699), na zasadach i w trybie okre\u015blonych w tej ustawie.\u003C\/p\u003E\n\u003Cp\u003E\u003Cstrong\u003E\u003C\/strong\u003E\u003C\/p\u003E\n\u003Cp\u003E\u003Cstrong\u003EUWAGA\u003C\/strong\u003E \u003Cbr \/\u003E Od \u003Cstrong\u003E1 stycznia 2020 r\u003C\/strong\u003E. sprawozdanie roczne sporz\u0105dzamy tylko i wy\u0142\u0105cznie za po\u015brednictwem bazy BDO loguj\u0105c si\u0119 na indywidualne konto w Bazie danych o produktach i opakowaniach oraz o gospodarce odpadami.\u003C\/p\u003E\n\u003Cul\u003E\n\u003Cli\u003E\u003Cstrong\u003EPrzedsi\u0119biorca prowadz\u0105cy stacj\u0119 demonta\u017cu\u003C\/strong\u003E jest obowi\u0105zany do sporz\u0105dzenia rocznego sprawozdania zawieraj\u0105cego informacje, o kt\u00f3rych mowa w art. 75 ust. 2 pkt 1 i 4 ustawy z dnia 14 grudnia 2012 r. o odpadach, na zasadach i w trybie okre\u015blonych w tej ustawie.\u003C\/li\u003E\n\u003Cli\u003E\u003Cstrong\u003EPrzedsi\u0119biorca prowadz\u0105cy strz\u0119piark\u0119\u003C\/strong\u003E sporz\u0105dza roczne sprawozdanie zawieraj\u0105ce informacje, o kt\u00f3rych mowa w art. 75 ust. 2 pkt 1 i 5 ustawy z dnia 14 grudnia 2012 r. o odpadach, na zasadach i w trybie okre\u015blonych w tej ustawie.\u003C\/li\u003E\n\u003C\/ul\u003E\n\u003Cp\u003E\u003Cstrong\u003EPrzed sporz\u0105dzeniem rocznego sprawozdania o pojazdach wycofanych z eksploatacji nale\u017cy zapozna\u0107 si\u0119 z obja\u015bnieniami zawartymi \u003C\/strong\u003E\u003Cem\u003Ew Rozporz\u0105dzeniu Ministra \u015arodowiska z dnia 14 pa\u017adziernika 2010 r. w sprawie obliczania poziom\u00f3w odzysku i recyklingu pojazd\u00f3w wycofanych z eksploatacji (Dz. U. 2010, nr 202, poz. 1340).\u003C\/em\u003E\u003C\/p\u003E\n\u003Cp\u003EZgodnie z art. 28a ust. 1 ustawy przedsi\u0119biorca prowadz\u0105cy stacje demonta\u017cu jest obowi\u0105zany do \u003Cstrong\u003Eobliczenia i uiszczenia bez wezwania op\u0142aty\u003C\/strong\u003E za nieosi\u0105gni\u0119cie wymaganego poziomu odzysku i recyklingu odpad\u00f3w. Op\u0142at\u0119 oblicza si\u0119 odr\u0119bnie w przypadku nieosi\u0105gni\u0119cia wymaganego poziomu odzysku lub recyklingu.\u003C\/p\u003E\n\u003Cp\u003E\u00a0\u003C\/p\u003E\n\u003Cp\u003E\u003Cstrong\u003EWysoko\u015bci poziom\u00f3w odzysku i recyklingu odpad\u00f3w \u003C\/strong\u003Epochodz\u0105cych z pojazd\u00f3w wycofanych z eksploatacji jakie zobowi\u0105zany jest osi\u0105gn\u0105\u0107 przedsi\u0119biorca prowadz\u0105cy stacj\u0119 demonta\u017cu:\u003C\/p\u003E\n\u003Cul\u003E\n\u003Cli\u003E\u003Cstrong\u003EPoziom odzysku \u003C\/strong\u003Eodpad\u00f3w pochodz\u0105cych z pojazd\u00f3w wycofanych z eksploatacji w wysoko\u015bci \u003Cstrong\u003E\u003Cu\u003E95 % masy pojazd\u00f3w przyj\u0119tych do stacji demonta\u017cu rocznie\u003C\/u\u003E\u003C\/strong\u003E.\u003C\/li\u003E\n\u003Cli\u003E\u003Cstrong\u003EPoziom recyklingu \u003C\/strong\u003Eodpad\u00f3w pochodz\u0105cych z pojazd\u00f3w wycofanych z eksploatacji w wysoko\u015bci \u003Cstrong\u003E\u003Cu\u003E85 % masy pojazd\u00f3w przyj\u0119tych do stacji demonta\u017cu rocznie\u003C\/u\u003E\u003C\/strong\u003E.\u003C\/li\u003E\n\u003C\/ul\u003E\n\u003Cp\u003E\u00a0\u003C\/p\u003E\n\u003Cp\u003E\u003Cbr \/\u003E \u003Cstrong\u003EOp\u0142ata za nieosi\u0105gni\u0119cie wymaganego poziomu odzysku i recyklingu odpad\u00f3w pochodz\u0105cych z pojazd\u00f3w wycofanych z eksploatacji. \u003C\/strong\u003E\u003C\/p\u003E\n\u003Cp\u003E\u003Cstrong\u003E\u00a0 \u003C\/strong\u003EZgodnie z art. 28a ust. 1 ustawy przedsi\u0119biorca prowadz\u0105cy stacje demonta\u017cu jest obowi\u0105zany do \u003Cstrong\u003Eobliczenia i uiszczenia bez wezwania op\u0142aty\u003C\/strong\u003E za nieosi\u0105gni\u0119cie wymaganego poziomu odzysku i recyklingu odpad\u00f3w. Op\u0142at\u0119 oblicza si\u0119 odr\u0119bnie w przypadku nieosi\u0105gni\u0119cia wymaganego poziomu odzysku lub recyklingu.\u003C\/p\u003E\n\u003Cp\u003E\u00a0\u003C\/p\u003E\n\u003Cp\u003E\u003Cstrong\u003ESpos\u00f3b wyliczenia op\u0142aty: \u003C\/strong\u003E\u003C\/p\u003E\n\u003Cp\u003EOp\u0142at\u0119 za nieosi\u0105gni\u0119cie wymaganego poziomu odzysku i recyklingu odpad\u00f3w pochodz\u0105cych z pojazd\u00f3w wycofanych z eksploatacji oblicza si\u0119 jako \u003Cstrong\u003Eiloczyn stawki op\u0142aty i brakuj\u0105cej masy odpad\u00f3w niezb\u0119dnej do osi\u0105gni\u0119cia wymaganego poziomu odzysku lub recyklingu odpad\u00f3w pochodz\u0105cych z pojazd\u00f3w wycofanych z eksploatacji\u003C\/strong\u003E.\u003C\/p\u003E\n\u003Cp\u003E\u003Cstrong\u003EStawki: \u003C\/strong\u003E\u003C\/p\u003E\n\u003Col\u003E\n\u003Cli\u003E\u00a0\u00a0 \u003Cstrong\u003E0,05 z\u0142 \u003C\/strong\u003Eza ka\u017cdy kilogram brakuj\u0105cej masy odpad\u00f3w niezb\u0119dnej do osi\u0105gni\u0119cia wymaganego poziomu odzysku lub recyklingu odpad\u00f3w pochodz\u0105cych z pojazd\u00f3w wycofanych z eksploatacji, w przypadku gdy do osi\u0105gni\u0119cia wymaganego poziomu \u003Cstrong\u003Ebrakuje nie wi\u0119cej ni\u017c 5%\u003C\/strong\u003E; \u00a0\u003C\/li\u003E\n\u003Cli\u003E\u00a0\u00a0 \u003Cstrong\u003E0,1 z\u0142 \u003C\/strong\u003Eza ka\u017cdy kilogram brakuj\u0105cej masy odpad\u00f3w niezb\u0119dnej do osi\u0105gni\u0119cia wymaganego poziomu odzysku lub recyklingu odpad\u00f3w pochodz\u0105cych z pojazd\u00f3w wycofanych z eksploatacji, w przypadku gdy do osi\u0105gni\u0119cia wymaganego poziomu \u003Cstrong\u003Ebrakuje wi\u0119cej ni\u017c 5%.\u003C\/strong\u003E \u00a0\u003C\/li\u003E\n\u003C\/ol\u003E\n\u003Cp\u003EOp\u0142ata za nieosi\u0105gni\u0119cie wymaganego poziomu odzysku i recyklingu odpad\u00f3w pochodz\u0105cych z pojazd\u00f3w wycofanych z eksploatacji wnosi si\u0119 na rachunek Urz\u0119du Marsza\u0142kowskiego Wojew\u00f3dztwa \u015al\u0105skiego \u003Cstrong\u003Ew terminie do dnia 15 marca roku nast\u0119puj\u0105cego po roku, kt\u00f3rego op\u0142ata dotyczy.\u003C\/strong\u003E\u003C\/p\u003E\n\u003C\/fieldset\u003E\u003Cfieldset style=\u0022margin-bottom: 20px;\u0022\u003E\u003Clegend\u003E\u003Cstrong\u003EWymagane dokumenty\u003C\/strong\u003E\u003C\/legend\u003E\n\u003Cp\u003ESprawozdania wynikaj\u0105ce z art. 75 ustawy o odpadach z 14 grudnia 2012 r.\u003C\/p\u003E\n\u003C\/fieldset\u003E\u003Cfieldset style=\u0022margin-bottom: 20px;\u0022\u003E\u003Clegend\u003E\u003Cstrong\u003ESpos\u00f3b dostarczania dokument\u00f3w\u003C\/strong\u003E\u003C\/legend\u003E\n\u003Cp\u003E\u003Cspan\u003EFormularz elektroniczny dost\u0119pny na stronie \u003Ca href=\u0022http:\/\/www.bdo.mos.gov.pl\u0022 title=\u0022Baza danych o produktach i opakowaniach oraz o gospodarce odpadami otwarcie w nowym oknie\u0022 target=\u0022_blank\u0022 rel=\u0022noopener noreferrer\u0022\u003Ewww.bdo.mos.gov.pl\u003C\/a\u003E.\u003Cbr \/\u003E\u003C\/span\u003E\u003C\/p\u003E\n\u003C\/fieldset\u003E\u003Cfieldset style=\u0022margin-bottom: 20px;\u0022\u003E\u003Clegend\u003E\u003Cstrong\u003EMiejsce z\u0142o\u017cenia dokument\u00f3w w urz\u0119dzie\u003C\/strong\u003E\u003C\/legend\u003E\n\u003Cp\u003E\u003Cstrong\u003ESprawozdania oraz korekty ju\u017c z\u0142o\u017conych sprawozda\u0144 za lata 2015-2018\u003C\/strong\u003E \u00a0sporz\u0105dzamy w formie papierowej na formularzu znajduj\u0105cym si\u0119 poni\u017cej.\u003C\/p\u003E\n\u003Cp\u003E\u003Cspan\u003EUrz\u0105d Marsza\u0142kowski Wojew\u00f3dztwa \u015al\u0105skiego\u003C\/span\u003E\u003Cbr \/\u003E\u003Cspan\u003Eul. Ligonia 46\u003C\/span\u003E\u003Cbr \/\u003E\u003Cspan\u003E40-037 Katowice\u003C\/span\u003E\u003C\/p\u003E\n\u003Cp\u003E\u003Cspan\u003EKancelaria Og\u00f3lna Urz\u0119du Marsza\u0142kowskiego w Katowicach\u003C\/span\u003E\u003C\/p\u003E\n\u003Cp\u003E\u003Cspan\u003Epok\u00f3j 164 na parterze budynku\u003C\/span\u003E\u003C\/p\u003E\n\u003Cp\u003E\u003Cspan\u003EOd poniedzia\u0142ku do pi\u0105tku w godzinach 7:30 - 15:30.\u003C\/span\u003E\u003C\/p\u003E\n\u003C\/fieldset\u003E\u003Cfieldset style=\u0022margin-bottom: 20px;\u0022\u003E\u003Clegend\u003E\u003Cstrong\u003EOp\u0142aty\u003C\/strong\u003E\u003C\/legend\u003E\n\u003Cp\u003EDo op\u0142at wnoszonych po ustawowym terminie nale\u017cy samodzielnie doliczy\u0107 odsetki, jak od zobowi\u0105za\u0144 podatkowych (dzia\u0142 III ustawy \u2013 Ordynacja podatkowa).\u003C\/p\u003E\n\u003Cp\u003EOdsetek za zw\u0142ok\u0119 od zaleg\u0142o\u015bci podatkowych nie wp\u0142aca si\u0119, je\u017celi ich wysoko\u015b\u0107 nie przekracza kwoty 8,70\u00a0z\u0142 tj.\u00a0trzykrotno\u015bci warto\u015bci op\u0142aty pobieranej przez operatora wyznaczonego w\u00a0rozumieniu ustawy z dnia 23 listopada 2012\u00a0r. - Prawo pocztowe za traktowanie przesy\u0142ki listowej jako przesy\u0142ki poleconej (tj. 3 x 2,90 z\u0142). Obowi\u0105zki operatora wyznaczonego pe\u0142ni Poczta Polska S.A.\u003C\/p\u003E\n\u003Cp\u003E\u00a0\u003C\/p\u003E\n\u003Cp\u003EUrz\u0105d Marsza\u0142kowski Wojew\u00f3dztwa \u015al\u0105skiego\u003C\/p\u003E\n\u003Cp\u003EBank Pekao SA, nr konta: 60 12406292 1111 0010 7178 0455\u003C\/p\u003E\n\u003Cp\u003E\u00a0W celu prawid\u0142owego zaksi\u0119gowania op\u0142aty w opisie przelewu nale\u017cy wskaza\u0107 zar\u00f3wno p\u0142atnika (nr REGON), okres nale\u017cno\u015bci i rodzaj op\u0142aty (op\u0142ata pojazdy) np.:\u003C\/p\u003E\n\u003Cp\u003E\u00a0\u0022REGON-999999999 - 2021 rok Op\u0142ata pojazdy \u0022.\u003C\/p\u003E\n\u003C\/fieldset\u003E\u003Cfieldset style=\u0022margin-bottom: 20px;\u0022\u003E\u003Clegend\u003E\u003Cstrong\u003ETerminy i spos\u00f3b za\u0142atwienia sprawy\u003C\/strong\u003E\u003C\/legend\u003E\n\u003Cp\u003EPrzedsi\u0119biorca prowadz\u0105cy stacj\u0119 demonta\u017cu jest obowi\u0105zany do sporz\u0105dzenia rocznego sprawozdania o pojazdach wycofanych z eksploatacji i przekazania go w\u0142a\u015bciwemu marsza\u0142kowi wojew\u00f3dztwa \u003Cstrong\u003Ew terminie do dnia 15 marca\u003C\/strong\u003E roku nast\u0119puj\u0105cego po roku, kt\u00f3rego sprawozdanie dotyczy.\u003C\/p\u003E\n\u003C\/fieldset\u003E\u003Cfieldset style=\u0022margin-bottom: 20px;\u0022\u003E\u003Clegend\u003E\u003Cstrong\u003EInformacje na temat przebiegu spraw\u003C\/strong\u003E\u003C\/legend\u003E\n\u003Cp\u003EInformacj\u0119 mo\u017cna uzyska\u0107 pod numerami telefon\u00f3w:\u003C\/p\u003E\n\u003Cp\u003E(32) 77 44\u00a0526\u003C\/p\u003E\n\u003Cp\u003E(32) 77 44 525\u003C\/p\u003E\n\u003Cp\u003E(34) 39 01\u00a0256\u003C\/p\u003E\n\u003Cp\u003E(33) 48 53\u00a0280\u003C\/p\u003E\n\u003C\/fieldset\u003E\u003Cfieldset style=\u0022margin-bottom: 20px;\u0022\u003E\u003Clegend\u003E\u003Cstrong\u003EPodstawa prawna\u003C\/strong\u003E\u003C\/legend\u003E\n\u003Cul\u003E\n\u003Cli\u003EUstawa z dnia 20 stycznia 2005 r. o recyklingu pojazd\u00f3w wycofanych z eksploatacji (t.j. Dz. U. z 2020 r. poz. 2056)\u003C\/li\u003E\n\u003Cli\u003EUstawa z dnia 14 grudnia 2012 r. o odpadach (t.j. Dz. U. 2022 r. poz. 699)\u003C\/li\u003E\n\u003Cli\u003ERozporz\u0105dzenie Ministra \u015arodowiska z dnia 14 pa\u017adziernika 2010 r. w sprawie obliczania poziom\u00f3w odzysku i recyklingu pojazd\u00f3w wycofanych z eksploatacji (Dz. U. 2010, nr 202, poz. 1340)\u003C\/li\u003E\n\u003C\/ul\u003E\n\u003Cp\u003E\u003Cspan\u003E\u00a0\u003C\/span\u003E\u003C\/p\u003E\n\u003C\/fieldset\u003E\u003Cfieldset style=\u0022margin-bottom: 20px;\u0022\u003E\u003Clegend\u003E\u003Cstrong\u003EPrzetwarzanie danych osobowych\u003C\/strong\u003E\u003C\/legend\u003E\n\u003Cp\u003EZgodnie z art. 13 ust. 1 i ust. 2 og\u00f3lnego rozporz\u0105dzenia UE o ochronie danych osobowych nr 2016\/679 informujemy, i\u017c:\u003C\/p\u003E\n\u003Col\u003E\n\u003Cli\u003EAdministratorem Pani\/Pana przetwarzanych danych osobowych jest:\n\u003Cul style=\u0022list-style-type: disc;\u0022\u003E\n\u003Cli\u003Ew celu realizacji zada\u0144 zwi\u0105zanych z prowadzeniem BDO jest Marsza\u0142ek Wojew\u00f3dztwa \u015al\u0105skiego, dane kontaktowe: Urz\u0105d Marsza\u0142kowski Wojew\u00f3dztwa \u015al\u0105skiego w Katowicach, ul. Ligonia 46, 40-037 Katowice;\u003C\/li\u003E\n\u003Cli\u003Ew celu realizacji zada\u0144 przetwarzania w elektronicznym systemie BDO jest Minister \u015arodowiska, ul. Wawelska 52\/54, 00-922 Warszawa tel. (22) 36-92-900, email: \u003Ca href=\u0022mailto:info@mos.gov.pl\u0022\u003Einfo@mos.gov.pl\u003C\/a\u003E, ePUAP: \/mos\/SkrytkaESP.\u003C\/li\u003E\n\u003C\/ul\u003E\n\u003C\/li\u003E\n\u003Cli\u003EZosta\u0142a wyznaczona osoba do kontaktu w sprawie przetwarzania danych osobowych (inspektor ochrony danych):\n\u003Cul style=\u0022list-style-type: disc;\u0022\u003E\n\u003Cli\u003Edla administratora Marsza\u0142ka Wojew\u00f3dztwa adres email: \u003Ca href=\u0022mailto:daneosobowe@slaskie.pl\u0022\u003Edaneosobowe@slaskie.pl\u003C\/a\u003E;\u003C\/li\u003E\n\u003Cli\u003Edla administratora Ministerstwa \u015arodowiska adresem email: \u003Ca href=\u0022mailto:inspektor.ochrony.danych@mos.gov.pl\u0022\u003Eochrony.danych@mos.gov.pl\u003C\/a\u003E\u003C\/li\u003E\n\u003C\/ul\u003E\n\u003C\/li\u003E\n\u003Cli\u003EPani\/Pana dane osobowe b\u0119d\u0105 przetwarzane zgodnie z art. 6 ust. 1 lit. c rozporz\u0105dzenia Parlamentu Europejskiego i Rady (UE) 2016\/679 z dnia 27 kwietnia 2016 r.\u00a0 (RODO) w zwi\u0105zku z:\n\u003Cul style=\u0022list-style-type: disc;\u0022\u003E\n\u003Cli\u003E80 ust. 1a ustawy z dnia 14 grudnia 2012 r. o odpadach (Dz.U. z 2021 r. poz. 779 z p\u00f3\u017an. zm.) w celu realizacji przez Marsza\u0142ka Wojew\u00f3dztwa zada\u0144 zwi\u0105zanych z prowadzeniem BDO.\u003C\/li\u003E\n\u003Cli\u003EPrzetwarzanie dotyczy nast\u0119puj\u0105cych kategorii danych osobowych: imi\u0119\u00a0 i nazwisko, nazw\u0119 podmiotu, adres zamieszkania lub siedziby, kod pocztowy, miejscowo\u015b\u0107, nazw\u0119 i numer ulicy, kraj, numer telefonu i faksu, e-mail, numer identyfikacji podatkowej (NIP).\u003C\/li\u003E\n\u003C\/ul\u003E\n\u003C\/li\u003E\n\u003Cli\u003EPani\/Pana dane osobowe mog\u0105 by\u0107 udost\u0119pnione:\n\u003Cul style=\u0022list-style-type: disc;\u0022\u003E\n\u003Cli\u003Euprawnionym podmiotom na podstawie przepis\u00f3w prawa,\u003C\/li\u003E\n\u003Cli\u003Epodmiotom \u015bwiadcz\u0105cym obs\u0142ug\u0119 organizacyjno-administracyjn\u0105 Urz\u0119du,\u003C\/li\u003E\n\u003Cli\u003Eu\u017cytkownikom strony \u003Ca href=\u0022https:\/\/www.bdo.mos.gov.pl\u0022 title=\u0022Baza danych o produktach i opakowaniach oraz o gospodarce odpadami otwarcie w nowym oknie\u0022 target=\u0022_blank\u0022 rel=\u0022noopener noreferrer\u0022\u003Ewww.bdo.mos.gov.pl\u003C\/a\u003E.\u003C\/li\u003E\n\u003C\/ul\u003E\n\u003C\/li\u003E\n\u003Cli\u003EPani\/Pana dane osobowe b\u0119d\u0105 przechowywane przez okres 100 lat.\u003C\/li\u003E\n\u003Cli\u003EPani\/Pana dane nie b\u0119d\u0105 profilowane i nie b\u0119d\u0105 przetwarzane w spos\u00f3b zautomatyzowany, w celu podj\u0119cia decyzji w sprawie indywidualnej.\u003C\/li\u003E\n\u003Cli\u003EW granicach i na zasadach opisanych w przepisach prawa przys\u0142uguje Pani\/Panu prawo \u017c\u0105dania dost\u0119pu do swoich danych osobowych, ich sprostowania, ich usuni\u0119cia, ograniczenia przetwarzania, wniesienia skargi do organu nadzorczego, kt\u00f3rym jest Prezes Urz\u0119du Ochrony Danych Osobowych.\u003C\/li\u003E\n\u003Cli\u003EPodanie przez Pani\u0105\/Pana danych osobowych jest wymogiem ustawowym, a\u00a0konsekwencj\u0105 niepodania danych osobowych b\u0119dzie brak mo\u017cliwo\u015bci rejestracji w BDO.\u003C\/li\u003E\n\u003Cli\u003EDane osobowe os\u00f3b skar\u017c\u0105cych nie s\u0105 jawne dla stron post\u0119powania skargowego zgodnie z art. 73 \u00a71 pkt 1b, w zwi\u0105zku z art. 233 zdanie drugie, art. 234 pkt 2, art. 235 oraz art. 236\u00a0 \u00a7 2 Kodeksu post\u0119powania administracyjnego.\u003C\/li\u003E\n\u003C\/ol\u003E\n\u003C\/fieldset\u003E\u003Cfieldset style=\u0022margin-bottom: 20px;\u0022\u003E\u003Clegend\u003E\u003Cstrong\u003EKarta us\u0142ugi w ePUAP\u003C\/strong\u003E\u003C\/legend\u003E\n\u003Cp\u003E\u00a0link: \u003Ca title=\u0022link do karty us\u0142ugi w serwisie ePUAP (elektroniczna Platforma Us\u0142ug Administracji Publicznej) - otwarcie w nowym oknie\u0022 href=\u0022https:\/\/epuap.gov.pl\/wps\/portal\u0022 target=\u0022_blank\u0022 rel=\u0022noopener noreferrer\u0022\u003Ekarta us\u0142ugi w serwisie ePUAP\u003C\/a\u003E.\u003C\/p\u003E\n\u003C\/fieldset\u003E\n\u003Cp\u003E\u00a0\u003C\/p\u003E","promotion":false}},{"id":"bf6dbc25-d119-11e7-80a9-005056b46601","type":"Gallery","name":"Galeria","description":"Galeria"},{"id":"bf6e1f6b-d119-11e7-80a9-005056b46601","type":"Attachment","name":"Za\u0142\u0105czniki","description":"Za\u0142\u0105czniki do strony","content":[{"src":"\/resource\/43569\/d20051672.pdf","extension":"PDF","name":"a889efd727ba52ff61ca852ba94678d6.pdf","size":"235.19 KB"}]},{"id":"eba03b25-d9a7-11e7-b355-005056b70dba","type":"PageTitle","name":"","description":"Tytu\u0142 strony","content":{"title":"Sprawozdanie o pojazdach wycofanych z eksploatacji"}},{"id":"eba07701-d9a7-11e7-b355-005056b70dba","type":"PageDescription","name":"","description":"Zajawka strony","content":[]},{"id":"1b1a7940-ff78-11e7-b81e-005056b7801d","type":"SectionDescription","name":"","description":"Zajawka sekcji","content":[]}]}