{"id":23724,"name":"zawiadomienie-o-przystapieniu-do-sporzadzenia-projektu-miejscowego-planu-zagospodarowania-przestrzennego","title":"Zawiadomienie o przyst\u0105pieniu do sporz\u0105dzenia projektu miejscowego planu zagospodarowania przestrzennego","desc":"","header":"Zawiadomienie o przyst\u0105pieniu do sporz\u0105dzenia projektu miejscowego planu zagospodarowania przestrzennego","lead":"","keywords":"","changes":"uzupe\u0142nienie informacji o adres e-dor\u0119cze\u0144","menu":"","path":"\/katalog-uslug\/zawiadomienie-o-przystapieniu-do-sporzadzenia-projektu-miejscowego-planu-zagospodarowania-przestrzennego.html","url":"\/katalog-uslug\/zawiadomienie-o-przystapieniu-do-sporzadzenia-projektu-miejscowego-planu-zagospodarowania-przestrzennego.html","infoOwner":"Urz\u0105d Marsza\u0142kowski Wojew\u00f3dztwa \u015al\u0105skiego","dateFirstPublicate":"2021-12-17 11:33:26","dateLastVersionPublicate":"2025-01-16 13:11:08","dateAvailableFrom":"","dateAvailableTo":"","type":"Karta us\u0142ugi","pageParams":[{"id":"222","name":"Tytu\u0142","description":"Tytu\u0142","value":"Zawiadomienie o przyst\u0105pieniu do sporz\u0105dzenia projektu miejscowego planu zagospodarowania przestrzennego"},{"id":"350","name":"KATALOG_USLUG","description":"Katalog us\u0142ug","value":"60002"}],"components":[{"id":"bf6d5eba-d119-11e7-80a9-005056b46601","type":"ContentWYSIWYG","name":"Tre\u015b\u0107","description":"Tre\u015b\u0107 strony","content":{"content":"\u003Cfieldset style=\u0022margin-bottom: 20px;\u0022\u003E\u003Clegend\u003E\u003Cstrong\u003EOg\u00f3lny opis\u003C\/strong\u003E\u003Cbr \/\u003E\u003C\/legend\u003E\n\u003Col\u003E\n\u003Cli\u003EW\u00f3jt, burmistrz, prezydent miasta zawiadamia o przyst\u0105pieniu do sporz\u0105dzenia projektu miejscowego planu zagospodarowania przestrzennego gminy.\u003C\/li\u003E\n\u003Cli\u003EZarz\u0105d Wojew\u00f3dztwa b\u0119d\u0105cy organem uzgadniaj\u0105cym w zakresie swojej w\u0142a\u015bciwo\u015bci rzeczowej i miejscowej jest zobowi\u0105zany do wsp\u00f3\u0142pracy przy sporz\u0105dzaniu projektu planu miejscowego, polegaj\u0105cej na wyra\u017caniu opinii, sk\u0142adaniu wniosk\u00f3w oraz udost\u0119pnianiu informacji.\u003C\/li\u003E\n\u003C\/ol\u003E\n\u003C\/fieldset\u003E\u003Cfieldset style=\u0022margin-bottom: 20px;\u0022\u003E\u003Clegend\u003E\u003Cstrong\u003EWymagane dokumenty\u003C\/strong\u003E\u003C\/legend\u003E\n\u003Col\u003E\n\u003Cli\u003EWniosek w\u00f3jta, burmistrza, prezydenta miasta w sprawie zawiadomienia o przyst\u0105pieniu do sporz\u0105dzenia projektu miejscowego planu zagospodarowania przestrzennego gminy.\u003C\/li\u003E\n\u003Cli\u003EUchwa\u0142a o przyst\u0105pieniu do sporz\u0105dzenia projektu mpzp.\u003C\/li\u003E\n\u003Cli\u003EOrientacja \u2013 granice obszaru obj\u0119tego projektem mpzp.\u003C\/li\u003E\n\u003C\/ol\u003E\n\u003C\/fieldset\u003E\u003Cfieldset style=\u0022margin-bottom: 20px;\u0022\u003E\u003Clegend\u003E\u003Cstrong\u003ESpos\u00f3b dostarczania dokument\u00f3w\u003C\/strong\u003E\u003C\/legend\u003E\n\u003Cp\u003E\u00a0Wymagane dokumenty nale\u017cy dostarczy\u0107 do urz\u0119du na jeden z poni\u017cszych sposob\u00f3w:\u003C\/p\u003E\n\u003Col\u003E\n\u003Cli\u003EPrzes\u0142a\u0107 drog\u0105 elektroniczn\u0105 na adres elektronicznej skrzynki e-dor\u0119cze\u0144 tut. Urz\u0119du (ADE): AE:PL-55754-97181-CHDVR-19 lub skrzynki kontaktowej na platformie ePUAP - opatruj\u0105c dokumenty kwalifikowanym podpisem elektronicznym albo podpisem potwierdzonym profilem zaufanym ePUAP.\u003C\/li\u003E\n\u003Cli\u003EPrzes\u0142a\u0107 poczt\u0105 tradycyjn\u0105 (dla cel\u00f3w dowodowych zaleca si\u0119 przes\u0142anie listem poleconym).\u003C\/li\u003E\n\u003Cli\u003EZ\u0142o\u017cy\u0107 bezpo\u015brednio w kancelarii urz\u0119du w godzinach jego pracy.\u003C\/li\u003E\n\u003C\/ol\u003E\n\u003Cp\u003EW przypadku brak\u00f3w w dostarczonych dokumentach Wnioskodawca zostanie pisemnie wezwany do ich uzupe\u0142nienia w terminie 7 dni.\u003C\/p\u003E\n\u003C\/fieldset\u003E\u003Cfieldset style=\u0022margin-bottom: 20px;\u0022\u003E\u003Clegend\u003E\u003Cstrong\u003EMiejsce z\u0142o\u017cenia dokument\u00f3w w urz\u0119dzie\u003C\/strong\u003E\u003C\/legend\u003E\n\u003Cp\u003E\u003Cspan class=\u0022inline\u0022 style=\u0022display: block;\u0022\u003EZarz\u0105d Wojew\u00f3dztwa \u015al\u0105skiego (Urz\u0105d Marsza\u0142kowski Wojew\u00f3dztwa \u015al\u0105skiego) \u003Cbr \/\u003E\u003C\/span\u003E\u003C\/p\u003E\n\u003Cp\u003EKancelaria Og\u00f3lna\u003C\/p\u003E\n\u003Cp\u003Epok. nr 164, tel. (032) 20 78 164 \u003Cbr \/\u003E \u003Cb\u003EGodziny pracy:\u003C\/b\u003E \u003Cbr \/\u003Eponiedzia\u0142ek - pi\u0105tek: od 7.30 do 15.30\u003C\/p\u003E\n\u003C\/fieldset\u003E\u003Cfieldset style=\u0022margin-bottom: 20px;\u0022\u003E\u003Clegend\u003E\u003Cstrong\u003EOp\u0142aty\u003C\/strong\u003E\u003C\/legend\u003E\n\u003Cp\u003E\u003Cspan id=\u0022przypis#jedorg2\u0022 class=\u0022inline\u0022 style=\u0022display: block;\u0022\u003EWolne od op\u0142at.\u003C\/span\u003E\u003C\/p\u003E\n\u003C\/fieldset\u003E\u003Cfieldset style=\u0022margin-bottom: 20px;\u0022\u003E\u003Clegend\u003E\u003Cstrong\u003ETerminy i spos\u00f3b za\u0142atwienia sprawy\u003C\/strong\u003E\u003C\/legend\u003E\n\u003Cp\u003E\u00a0Dokument mo\u017ce by\u0107 odebrany przez Wnioskodawc\u0119:\u003C\/p\u003E\n\u003Col\u003E\n\u003Cli\u003Edrog\u0105 elektroniczn\u0105,\u003C\/li\u003E\n\u003Cli\u003Epoprzez poczt\u0119 tradycyjn\u0105,\u003C\/li\u003E\n\u003Cli\u003Eosobi\u015bcie w siedzibie Urz\u0119du.\u003C\/li\u003E\n\u003C\/ol\u003E\n\u003C\/fieldset\u003E\u003Cfieldset style=\u0022margin-bottom: 20px;\u0022\u003E\u003Clegend\u003E\u003Cstrong\u003ETryb odwo\u0142awczy\u003C\/strong\u003E\u003C\/legend\u003E\n\u003Cp\u003E\u003Cspan id=\u0022przypis#jedorg2\u0022 class=\u0022inline\u0022 style=\u0022display: block;\u0022\u003E\u003Cspan id=\u0022przypis#dzial12\u0022 class=\u0022inline\u0022 style=\u0022display: block;\u0022\u003ETryb odwo\u0142awczy nie wyst\u0119puje.\u003C\/span\u003E\u003C\/span\u003E\u003C\/p\u003E\n\u003C\/fieldset\u003E\u003Cfieldset style=\u0022margin-bottom: 20px;\u0022\u003E\u003Clegend\u003E\u003Cstrong\u003ESkargi i wnioski\u003C\/strong\u003E\u003C\/legend\u003E\n\u003Col\u003E\n\u003Cli\u003ESkargi i wnioski zwi\u0105zane z prac\u0105 urz\u0119du mo\u017cna sk\u0142ada\u0107 na jeden z poni\u017cszych sposob\u00f3w: \u003Cbr \/\u003E\n\u003Col style=\u0022list-style-type: lower-alpha;\u0022\u003E\n\u003Cli\u003EPisemnie, poprzez skrzynk\u0119 kontaktow\u0105 ePUAP.\u003C\/li\u003E\n\u003Cli\u003EPisemnie poczt\u0105 tradycyjn\u0105.\u003C\/li\u003E\n\u003Cli\u003EPisemnie bezpo\u015brednio w urz\u0119dzie w godzinach jego pracy.\u003C\/li\u003E\n\u003Cli\u003EUstnie do protoko\u0142u bezpo\u015brednio u wyznaczonego pracownika urz\u0119du.\u003C\/li\u003E\n\u003C\/ol\u003E\n\u003C\/li\u003E\n\u003Cli\u003ESkargi i wnioski s\u0105 wolne od op\u0142at.\u003C\/li\u003E\n\u003C\/ol\u003E\n\u003C\/fieldset\u003E\u003Cfieldset style=\u0022margin-bottom: 20px;\u0022\u003E\u003Cfieldset style=\u0022margin-bottom: 20px;\u0022\u003E\u003Clegend\u003E\u003Cstrong\u003EPodstawa prawna\u003C\/strong\u003E\u003C\/legend\u003E\n\u003Cp\u003E\u003Cspan id=\u0022przypis#jedorg2\u0022 class=\u0022inline\u0022 style=\u0022display: block;\u0022\u003E\u003Cspan id=\u0022przypis#dzial15\u0022 class=\u0022inline\u0022 style=\u0022display: block;\u0022\u003Eart. 23, 17 pkt. 2 Ustawy z dnia 27 marca 2003 r. o planowaniu i zagospodarowaniu przestrzennym \u003Cbr \/\u003E(tekst jednolity Dz.U. z\u00a02021 r., poz. 741 z p\u00f3\u017an. zm.).\u003C\/span\u003E\u003C\/span\u003E\u003C\/p\u003E\n\u003C\/fieldset\u003E\u003C\/fieldset\u003E\u003Cfieldset style=\u0022margin-bottom: 20px;\u0022\u003E\u003Clegend\u003E\u003Cstrong\u003EPrzetwarzanie danych osobowych\u003Cbr \/\u003E\u003C\/strong\u003E\u003C\/legend\u003E\n\u003Cp\u003EZgodnie z art. 13 ust. 1 i ust. 2 og\u00f3lnego rozporz\u0105dzenia UE o ochronie danych osobowych nr 2016\/679 informujemy, i\u017c:\u003C\/p\u003E\n\u003Col\u003E\n\u003Cli\u003EAdministratorem Pani\/Pana danych osobowych jest Zarz\u0105d Wojew\u00f3dztwa \u015al\u0105skiego, \u003Cbr \/\u003E z siedzib\u0105 przy ul. Ligonia 46, 40-037 Katowice, adres email: \u003Ca href=\u0022mailto:kancelaria@slaskie.pl\u0022\u003Ekancelaria@slaskie.pl\u003C\/a\u003E, strona internetowa: bip.slaskie.pl.\u003C\/li\u003E\n\u003Cli\u003EZosta\u0142a wyznaczona osoba do kontaktu w sprawie przetwarzania danych osobowych (inspektor danych osobowych), adres email: \u003Ca href=\u0022mailto:daneosobowe@slaskie.pl\u0022\u003Edaneosobowe@slaskie.pl\u003C\/a\u003E.\u003C\/li\u003E\n\u003Cli\u003EPani\/Pana dane osobowe b\u0119d\u0105 przetwarzane w nast\u0119puj\u0105cych celach:\u003C\/li\u003E\n\u003Col style=\u0022list-style-type: lower-alpha;\u0022\u003E\n\u003Cli\u003Erozpatrzenia zawiadomienia o przyst\u0105pieniu do sporz\u0105dzenia projektu miejscowego planu zagospodarowania przestrzennego,\u003C\/li\u003E\n\u003Cli\u003Earchiwizacji dokumentacji.\u003C\/li\u003E\n\u003C\/ol\u003E\n\u003C\/ol\u003E\n\u003Cp\u003EPodstaw\u0105 prawn\u0105 przetwarzania danych osobowych jest:\u003C\/p\u003E\n\u003Cul\u003E\n\u003Cli\u003Eobowi\u0105zek prawny ci\u0105\u017c\u0105cy na administratorze, wynikaj\u0105cy z\u00a0 art. 14 ust. 1 pkt 7 ustawy z dnia 5 czerwca 1998 r. samorz\u0105d wojew\u00f3dztwa oraz art. 23, 17 pkt.2 ustawy \u003Cbr \/\u003E z dnia 27 marca 2003 r. o\u00a0planowaniu i\u00a0zagospodarowaniu przestrzennym (art. 6 ust. 1 lit. c RODO),\u003C\/li\u003E\n\u003Cli\u003Eobowi\u0105zek prawny ci\u0105\u017c\u0105cy na administratorze, wynikaj\u0105cy w szczeg\u00f3lno\u015bci z\u00a0 art. 6 ustawy z dnia 14 lipca 1983\u00a0r. o narodowym zasobie archiwalnym i archiwach oraz Rozporz\u0105dzenie z dnia 18 stycznia 2011 r. Prezesa rady Ministr\u00f3w w sprawie instrukcji kancelaryjnej jednolitych rzeczowych wykaz\u00f3w akt oraz instrukcji w sprawie organizacji i zakresu dzia\u0142ania archiw\u00f3w zak\u0142adowych (art. 6 ust. 1 lit. c RODO).\u003C\/li\u003E\n\u003C\/ul\u003E\n\u003Col\u003E\n\u003Cli\u003EPani\/Pana dane osobowe b\u0119d\u0105 ujawnione osobom upowa\u017cnionym przez administratora danych osobowych, podmiotom upowa\u017cnionym na podstawie przepis\u00f3w prawa, dostawcy system\u00f3w informatycznych i us\u0142ug IT, a tak\u017ce operatorowi pocztowemu lub kurierowi (w przypadku korespondencji papierowej) operatorowi platformy do komunikacji elektronicznej (w przypadku komunikacji elektronicznej), podmiotom realizuj\u0105cym archiwizacj\u0119. Ponadto w zakresie stanowi\u0105cym informacj\u0119 publiczn\u0105 dane b\u0119d\u0105 ujawniane ka\u017cdemu zainteresowanemu tak\u0105 informacj\u0105 lub publikowane na BIP Urz\u0119du.\u003C\/li\u003E\n\u003Cli\u003EPani\/Pana dane osobowe b\u0119d\u0105 przechowywane przez okres co najmniej 5 lat od momentu zako\u0144czenia sprawy. Po up\u0142ywie tego okresu akta sprawy b\u0119d\u0105 podlega\u0107 ekspertyzie ze wzgl\u0119du na ich charakter, tre\u015b\u0107 i znaczenie. Na tej podstawie nast\u0105pi\u0107 mo\u017ce zmiana okresu przechowywania dokumentacji w\u0142\u0105cznie z uznaniem jej za materia\u0142y podlegaj\u0105ce wieczystemu przechowywaniu w Archiwum Pa\u0144stwowym.\u003C\/li\u003E\n\u003Cli\u003EPrzys\u0142uguje Pani\/Panu prawo dost\u0119pu do tre\u015bci swoich danych oraz prawo \u017c\u0105dania ich sprostowania, usuni\u0119cia (przy uwzgl\u0119dnieniu ogranicze\u0144 z art. 17 ust. 3 rozporz\u0105dzenia) lub ograniczenia przetwarzania, prawo wniesienia skargi do Prezesa Urz\u0119du Ochrony Danych Osobowych.\u003C\/li\u003E\n\u003Cli\u003EPodanie danych osobowych jest obowi\u0105zkowe, a konsekwencj\u0105 niepodania danych osobowych b\u0119dzie brak mo\u017cliwo\u015bci realizacji sprawy.\u003C\/li\u003E\n\u003Cli\u003E\u003Cspan id=\u0022przypis#jedorg2\u0022 class=\u0022inline\u0022 style=\u0022display: block;\u0022\u003E\u003Cspan id=\u0022przypis#dzial15\u0022 class=\u0022inline\u0022 style=\u0022display: block;\u0022\u003EPani\/Pana dane osobowe nie b\u0119d\u0105 wykorzystane do zautomatyzowanego podejmowania decyzji ani profilowania, o kt\u00f3rym mowa w art. 22 RODO.\u003C\/span\u003E\u003C\/span\u003E\u003Cspan id=\u0022przypis#jedorg2\u0022 class=\u0022inline\u0022 style=\u0022display: block;\u0022\u003E\u003Cspan id=\u0022przypis#dzial15\u0022 class=\u0022inline\u0022 style=\u0022display: block;\u0022\u003E\u003C\/span\u003E\u003C\/span\u003E\u003C\/li\u003E\n\u003C\/ol\u003E\n\u003C\/fieldset\u003E","promotion":false}},{"id":"bf6dbc25-d119-11e7-80a9-005056b46601","type":"Gallery","name":"Galeria","description":"Galeria"},{"id":"bf6e1f6b-d119-11e7-80a9-005056b46601","type":"Attachment","name":"Za\u0142\u0105czniki","description":"Za\u0142\u0105czniki do strony"},{"id":"eba03b25-d9a7-11e7-b355-005056b70dba","type":"PageTitle","name":"","description":"Tytu\u0142 strony","content":{"title":"Zawiadomienie o przyst\u0105pieniu do sporz\u0105dzenia projektu miejscowego planu zagospodarowania przestrzennego"}},{"id":"eba07701-d9a7-11e7-b355-005056b70dba","type":"PageDescription","name":"","description":"Zajawka strony","content":[]},{"id":"1b1a7940-ff78-11e7-b81e-005056b7801d","type":"SectionDescription","name":"","description":"Zajawka sekcji","content":[]}]}