{"id":23671,"name":"zgloszenie-wpisu-do-rejestru-osrodkow-w-ktorych-moga-odbywac-sie-turnusy-rehabilitacyjne","title":"Zg\u0142oszenie wpisu do rejestru o\u015brodk\u00f3w, w kt\u00f3rych mog\u0105 odbywa\u0107 si\u0119 turnusy rehabilitacyjne","desc":"","header":"Zg\u0142oszenie wpisu do rejestru o\u015brodk\u00f3w, w kt\u00f3rych mog\u0105 odbywa\u0107 si\u0119 turnusy rehabilitacyjne","lead":"","keywords":"","changes":"Aktualizacja danych na stronie BIP Urz\u0119du Marsza\u0142kowskiego Wojew\u00f3dztwa \u015al\u0105skiego \r\nw Katowicach w zwi\u0105zku z wprowadzeniem mo\u017cliwo\u015bci dor\u0119czania korespondencji w formie e-dor\u0119cze\u0144.","menu":"","path":"\/katalog-uslug\/zgloszenie-wpisu-do-rejestru-osrodkow-w-ktorych-moga-odbywac-sie-turnusy-rehabilitacyjne.html","url":"\/katalog-uslug\/zgloszenie-wpisu-do-rejestru-osrodkow-w-ktorych-moga-odbywac-sie-turnusy-rehabilitacyjne.html","infoOwner":"Urz\u0105d Marsza\u0142kowski Wojew\u00f3dztwa \u015al\u0105skiego","dateFirstPublicate":"2021-12-16 15:12:29","dateLastVersionPublicate":"2024-12-31 11:26:46","dateAvailableFrom":"2024-12-30 15:05:06","dateAvailableTo":"","type":"Karta us\u0142ugi","pageParams":[{"id":"222","name":"Tytu\u0142","description":"Tytu\u0142","value":"Zg\u0142oszenie wpisu do rejestru o\u015brodk\u00f3w, w kt\u00f3rych mog\u0105 odbywa\u0107 si\u0119 turnusy rehabilitacyjne"},{"id":"350","name":"KATALOG_USLUG","description":"Katalog us\u0142ug","value":"59985"}],"components":[{"id":"bf6d5eba-d119-11e7-80a9-005056b46601","type":"ContentWYSIWYG","name":"Tre\u015b\u0107","description":"Tre\u015b\u0107 strony","content":{"content":"\u003Cfieldset style=\u0022margin-bottom: 20px;\u0022\u003E\u003Clegend\u003E\u003Cstrong\u003EOg\u00f3lny opis\u003C\/strong\u003E\u003Cbr \/\u003E\u003C\/legend\u003E\n\u003Col\u003E\n\u003Cli\u003ERejestr o\u015brodk\u00f3w, w kt\u00f3rych mog\u0105 odbywa\u0107 si\u0119 turnusy rehabilitacyjne dla os\u00f3b niepe\u0142nosprawnych korzystaj\u0105cych z dofinansowania z Pa\u0144stwowego Funduszu Rehabilitacji Os\u00f3b Niepe\u0142nosprawnych prowadzony jest przez wojewod\u0119.\u003C\/li\u003E\n\u003Cli\u003EWpisu do rejestru dokonuje si\u0119 na okres 3 lat, na wniosek w\u0142a\u015bciciela lub u\u017cytkownika wieczystego nieruchomo\u015bci, w kt\u00f3rej zlokalizowany jest o\u015brodek, albo na wniosek prowadz\u0105cego o\u015brodek.\u003C\/li\u003E\n\u003Cli\u003EO\u015brodki ubiegaj\u0105ce si\u0119 o uzyskanie wpisu do rejestru o\u015brodk\u00f3w, w kt\u00f3rych mog\u0105 odbywa\u0107 si\u0119 turnusy rehabilitacyjne powinny z\u0142o\u017cy\u0107 wniosek do samorz\u0105du wojew\u00f3dztwa, kt\u00f3ry po zaopiniowaniu wniosku przekazuje go wojewodzie.\u003C\/li\u003E\n\u003Cli\u003EOpinia Samorz\u0105du Wojew\u00f3dztwa sporz\u0105dzona jest na podstawie wizji lokalnej o\u015brodka i zawiera:\n\u003Col style=\u0022list-style-type: lower-alpha;\u0022\u003E\n\u003Cli\u003EStwierdzenie zgodno\u015bci lub braku zgodno\u015bci informacji zawartych we wniosku o\u015brodka ze stanem faktycznym.\u003C\/li\u003E\n\u003Cli\u003EInformacj\u0119 o standardzie o\u015brodka.\u003C\/li\u003E\n\u003Cli\u003EOcen\u0119 warunk\u00f3w sanitarno-higienicznych.\u003C\/li\u003E\n\u003Cli\u003EOcen\u0119 warunk\u00f3w sanitarno-higienicznych, dokonan\u0105 przez Pa\u0144stwowego Powiatowego Inspektora Sanitarnego.\u003C\/li\u003E\n\u003Cli\u003EOcen\u0119 mo\u017cliwo\u015bci zapewnienia osobom niepe\u0142nosprawnym dogodnych warunk\u00f3w pobytu, odpowiednich do rodzaju ich niepe\u0142nosprawno\u015bci.\u003C\/li\u003E\n\u003Cli\u003EOcen\u0119 zaplecza i jego wyposa\u017cenia do realizacji program\u00f3w turnus\u00f3w i prowadzenia r\u00f3\u017cnych form aktywnej rehabilitacji, w tym zaj\u0119\u0107 maj\u0105cych na celu popraw\u0119 psychofizycznej sprawno\u015bci uczestnik\u00f3w tych turnus\u00f3w i zaj\u0119\u0107 wypoczynkowych, oraz zaplecza do przeprowadzenia zabieg\u00f3w fizjoterapeutycznych w przypadku turnusu z programem zawieraj\u0105cym takie zabiegi, w zale\u017cno\u015bci od rodzaju turnus\u00f3w, kt\u00f3re b\u0119d\u0105 odbywa\u0142y si\u0119 w o\u015brodku.\u003C\/li\u003E\n\u003Cli\u003EStwierdzenie spe\u0142niania warunk\u00f3w okre\u015blonych w \u00a7 15 ust. 1 pkt 2-4 Rozporz\u0105dzenia Ministra Pracy i Polityki Spo\u0142ecznej z dnia 15 listopada 2007 r. w sprawie turnus\u00f3w rehabilitacyjnych (Dz.U. 2007 r., Nr 230, poz. 1694 ze zm.).\u003C\/li\u003E\n\u003Cli\u003EInne uznane za istotne informacje o o\u015brodku.\u003C\/li\u003E\n\u003C\/ol\u003E\n\u003C\/li\u003E\n\u003C\/ol\u003E\n\u003C\/fieldset\u003E\u003Cfieldset style=\u0022margin-bottom: 20px;\u0022\u003E\u003Clegend\u003E\u003Cstrong\u003EWymagane dokumenty\u003C\/strong\u003E\u003C\/legend\u003E\n\u003Col\u003E\n\u003Cli\u003EWype\u0142niony formularz wniosku.\u003C\/li\u003E\n\u003Cli\u003ETytu\u0142 prawny do obiektu - kopi\u0119 aktualnego odpisu ksi\u0119gi wieczystej nieruchomo\u015bci w kt\u00f3rej zlokalizowany jest o\u015brodek, wydan\u0105 nie p\u00f3\u017aniej ni\u017c 3 miesi\u0105ce przed z\u0142o\u017ceniem wniosku, potwierdzon\u0105 za zgodno\u015b\u0107 z orygina\u0142em przez osoby uprawnione do reprezentowania podmiotu.\u003C\/li\u003E\n\u003Cli\u003EKopi\u0119 umowy dzier\u017cawy lub najmu nieruchomo\u015bci w przypadku gdy o\u015brodek nie jest prowadzony przez w\u0142a\u015bciciela nieruchomo\u015bci, potwierdzon\u0105 za zgodno\u015b\u0107 z orygina\u0142em przez osoby uprawnione do reprezentowania podmiotu.\u003C\/li\u003E\n\u003Cli\u003EZgod\u0119 w\u0142a\u015bciciela nieruchomo\u015bci na prowadzenie o\u015brodka, w przypadku dzier\u017cawy, najmu, wsp\u00f3\u0142w\u0142asno\u015bci nieruchomo\u015bci.\u003C\/li\u003E\n\u003Cli\u003EKopi\u0119 za\u015bwiadczenia o wpisie do ewidencji dzia\u0142alno\u015bci gospodarczej w przypadku os\u00f3b fizycznych prowadz\u0105cych t\u0119 dzia\u0142alno\u015b\u0107 (wydane nie p\u00f3\u017aniej ni\u017c 3 miesi\u0105ce przed z\u0142o\u017ceniem wniosku), potwierdzonego za zgodno\u015b\u0107 z orygina\u0142em przez osoby uprawnione do reprezentowania podmiotu.\u003C\/li\u003E\n\u003Cli\u003EKopi\u0119 aktualnego odpisu z Krajowego Rejestru S\u0105dowego lub inny dokument potwierdzaj\u0105cy osobowo\u015b\u0107 prawn\u0105 jednostki w przypadku jednostek posiadaj\u0105cych osobowo\u015b\u0107 prawn\u0105 (wydany nie p\u00f3\u017aniej ni\u017c 3 miesi\u0105ce przed z\u0142o\u017ceniem wniosku), potwierdzon\u0105 za zgodno\u015b\u0107 z orygina\u0142em przez osoby uprawnione do reprezentowania podmiotu.\u003C\/li\u003E\n\u003Cli\u003EKopie za\u015bwiadcze\u0144 o nadaniu nr NIP, REGON, potwierdzone za zgodno\u015b\u0107 z orygina\u0142em przez osoby uprawnione do reprezentowania podmiotu.\u003C\/li\u003E\n\u003Cli\u003EKopi\u0119 statutu (w przypadku jego posiadania), potwierdzon\u0105 za zgodno\u015b\u0107 z orygina\u0142em przez osoby uprawnione do reprezentowania podmiotu.\u003C\/li\u003E\n\u003Cli\u003EKopi\u0119 umowy zawartej z innym podmiotem, w przypadku gdy o\u015brodek nie posiada w\u0142asnego, pe\u0142nego zaplecza rekreacyjno-wypoczynkowego oraz do prowadzenia zaj\u0119\u0107 sportowych i zapewnia osobom niepe\u0142nosprawnym mo\u017cliwo\u015b\u0107 dogodnego korzystania poza o\u015brodkiem z takiego zaplecza, potwierdzon\u0105 za zgodno\u015b\u0107 z orygina\u0142em przez osoby uprawnione do reprezentowania podmiotu.\u003C\/li\u003E\n\u003Cli\u003EPe\u0142nomocnictwo - w przypadku ustanowienia pe\u0142nomocnika (orygina\u0142 lub urz\u0119dowo po\u015bwiadczony odpis) wraz z dowodem uiszczenia op\u0142aty skarbowej.\u003C\/li\u003E\n\u003C\/ol\u003E\n\u003C\/fieldset\u003E\u003Cfieldset style=\u0022margin-bottom: 20px;\u0022\u003E\u003Clegend\u003E\u003Cstrong\u003ESpos\u00f3b dostarczania dokument\u00f3w\u003C\/strong\u003E\u003C\/legend\u003E\n\u003Cp\u003EWymagane dokumenty nale\u017cy dostarczy\u0107 do urz\u0119du na jeden z poni\u017cszych sposob\u00f3w:\u003C\/p\u003E\n\u003Col style=\u0022list-style-type: lower-alpha;\u0022\u003E\n\u003Cli\u003E\u003Cspan style=\u0022background-color: #ffffff;\u0022\u003EDrog\u0105 elektroniczn\u0105 za pomoc\u0105 platformy ePUAP (wymagany podpis elektroniczny, na adres: Skrytka ePUAP: \/UMWSL\/skrytka).\u003C\/span\u003E\u003C\/li\u003E\n\u003Cli\u003E\u003Cspan style=\u0022background-color: #ffffff;\u0022\u003EDrog\u0105 elektroniczn\u0105 za pomoc\u0105 e-dor\u0119cze\u0144 (adres elektronicznej skrzynki e-dor\u0119cze\u0144 tut. Urz\u0119du (ADE):AE:PL-55754-97181-CHDVR-19).\u003C\/span\u003E\u003C\/li\u003E\n\u003Cli\u003EPrzes\u0142a\u0107 poczt\u0105 tradycyjn\u0105.\u003C\/li\u003E\n\u003Cli\u003EZ\u0142o\u017cy\u0107 bezpo\u015brednio w urz\u0119dzie.\u003C\/li\u003E\n\u003C\/ol\u003E\n\u003C\/fieldset\u003E\u003Cfieldset style=\u0022margin-bottom: 20px;\u0022\u003E\u003Clegend\u003E\u003Cstrong\u003EMiejsce z\u0142o\u017cenia dokument\u00f3w w urz\u0119dzie\u003C\/strong\u003E\u003C\/legend\u003E\n\u003Col\u003E\n\u003Cli\u003EUrz\u0105d Marsza\u0142kowski Wojew\u00f3dztwa \u015al\u0105skiego, ul. Ligonia 46,40-037 Katowice\n\u003Col style=\u0022list-style-type: lower-alpha;\u0022\u003E\n\u003Cli\u003Edokumenty, w tym na elektronicznych no\u015bnikach danych, nale\u017cy z\u0142o\u017cy\u0107 w biurze podawczym Kancelarii Og\u00f3lnej (pok. 164) przy ul. Ligonia 46, w godzinach 7:30\u201315:30.\u003C\/li\u003E\n\u003C\/ol\u003E\n\u003C\/li\u003E\n\u003Cli\u003EBiuro Zamiejscowe w Bielsku-Bia\u0142ej, Bielsko-Bia\u0142a, ul. Piastowska 40.\u003C\/li\u003E\n\u003Cli\u003EBiuro Zamiejscowe w Cz\u0119stochowie, Cz\u0119stochowa, ul. Sobieskiego 7.\u003C\/li\u003E\n\u003C\/ol\u003E\n\u003C\/fieldset\u003E\u003Cfieldset style=\u0022margin-bottom: 20px;\u0022\u003E\u003Clegend\u003E\u003Cstrong\u003EOp\u0142aty\u003C\/strong\u003E\u003C\/legend\u003E\n\u003Cp\u003EWniosek jest wolny od op\u0142at\u003C\/p\u003E\n\u003C\/fieldset\u003E\u003Cfieldset style=\u0022margin-bottom: 20px;\u0022\u003E\u003Clegend\u003E\u003Cstrong\u003ETerminy i spos\u00f3b za\u0142atwienia sprawy\u003C\/strong\u003E\u003C\/legend\u003E\n\u003Col\u003E\n\u003Cli\u003EO\u015brodki ubiegaj\u0105ce si\u0119 o uzyskanie wpisu do rejestru o\u015brodk\u00f3w przyjmuj\u0105cych grupy turnusowe sk\u0142adaj\u0105 wniosek o wpis do rejestru do w\u0142a\u015bciwego terytorialnie samorz\u0105du wojew\u00f3dztwa, kt\u00f3ry po zaopiniowaniu kompletnego wniosku oraz przeprowadzeniu wizji lokalnej w o\u015brodku w terminie 30 dni przekazuje postanowienie w sprawie opinii wojewodzie. W sprawach szczeg\u00f3lnie skomplikowanych termin ten mo\u017ce ulec wyd\u0142u\u017ceniu do 2 miesi\u0119cy.\u003C\/li\u003E\n\u003Cli\u003EW przypadku brak\u00f3w formalnych w dostarczonych dokumentach Wnioskodawca zostanie pisemnie wezwany do ich uzupe\u0142nienia w terminie 30 dni.\u003C\/li\u003E\n\u003Cli\u003ENieusuni\u0119cie brak\u00f3w w wyznaczonym terminie powoduje niewydanie opinii i pozostawienie wniosku bez rozpatrzenia.\u003C\/li\u003E\n\u003C\/ol\u003E\n\u003C\/fieldset\u003E\u003Cfieldset style=\u0022margin-bottom: 20px;\u0022\u003E\u003Clegend\u003E\u003Cstrong\u003EInformacje na temat przebiegu spraw\u003C\/strong\u003E\u003C\/legend\u003E\n\u003Cp\u003EWszelkie informacje na temat przebiegu sprawy mo\u017cna uzyska\u0107 kontaktuj\u0105c si\u0119 osobi\u015bcie, telefonicznie lub za po\u015brednictwem poczty elektronicznej z Departamentem Nadzoru Podmiot\u00f3w Leczniczych i\u00a0Ochrony Zdrowia, ul. Ligonia 46 \/siedziba - ul. D\u0105browskiego 23 Katowice, telefon: +48 (32) 77 40 593 lub +48 (32) 77 40 698; mail:\u003Ca href=\u0022mailto:zdrowie@slaskie.pl\u0022\u003Ezdrowie@slaskie.pl\u003C\/a\u003E.\u003C\/p\u003E\n\u003C\/fieldset\u003E\u003Cfieldset style=\u0022margin-bottom: 20px;\u0022\u003E\u003Clegend\u003E\u003Cstrong\u003ETryb odwo\u0142awczy\u003C\/strong\u003E\u003C\/legend\u003E\n\u003Cp\u003ENie wyst\u0119puje.\u003C\/p\u003E\n\u003C\/fieldset\u003E\u003Cfieldset style=\u0022margin-bottom: 20px;\u0022\u003E\u003Clegend\u003E\u003Cstrong\u003ESkargi i wnioski\u003C\/strong\u003E\u003C\/legend\u003E\n\u003Cp\u003ESkargi i wnioski zwi\u0105zane z praca urz\u0119du mo\u017cna sk\u0142ada\u0107 na jeden z poni\u017cszych sposob\u00f3w:\u003C\/p\u003E\n\u003Col\u003E\n\u003Cli\u003E\u003Cspan style=\u0022background-color: #ffffff;\u0022\u003EDrog\u0105 elektroniczn\u0105 za pomoc\u0105 platformy ePUAP (wymagany podpis elektroniczny, na adres: Skrytka ePUAP: \/UMWSL\/skrytka).\u003C\/span\u003E\u003C\/li\u003E\n\u003Cli\u003E\u003Cspan style=\u0022background-color: #ffffff;\u0022\u003EDrog\u0105 elektroniczn\u0105 za pomoc\u0105 e-dor\u0119cze\u0144 (adres elektronicznej skrzynki e-dor\u0119cze\u0144 tut. Urz\u0119du (ADE):AE:PL-55754-97181-CHDVR-19).\u003C\/span\u003E\u003C\/li\u003E\n\u003Cli\u003EPrzes\u0142a\u0107 poczt\u0105 tradycyjn\u0105.\u003C\/li\u003E\n\u003Cli\u003Ez\u0142o\u017cy\u0107 bezpo\u015brednio w urz\u0119dzie.\u003C\/li\u003E\n\u003C\/ol\u003E\n\u003C\/fieldset\u003E\u003Cfieldset style=\u0022margin-bottom: 20px;\u0022\u003E\u003Clegend\u003E\u003Cstrong\u003EInformacje dodatkowe\u003C\/strong\u003E\u003C\/legend\u003E\n\u003Col\u003E\n\u003Cli\u003EWpis do rejestru mo\u017ce otrzyma\u0107 o\u015brodek, je\u017celi wniosek o\u015brodka zosta\u0142 z\u0142o\u017cony przez w\u0142a\u015bciciela lub u\u017cytkownika wieczystego nieruchomo\u015bci, w kt\u00f3rej zlokalizowany jest o\u015brodek, albo prowadz\u0105cego o\u015brodek.\u003C\/li\u003E\n\u003Cli\u003EPosiada:\n\u003Cul class=\u0022noindent\u0022 style=\u0022list-style-type: disc;\u0022\u003E\n\u003Cli\u003Ebaz\u0119 noclegow\u0105 i \u017cywieniow\u0105 umo\u017cliwiaj\u0105c\u0105 realizacj\u0119 turnus\u00f3w dla co najmniej 20-osobowej zorganizowanej grupy os\u00f3b niepe\u0142nosprawnych oraz dla niezb\u0119dnych opiekun\u00f3w i kadry,\u003C\/li\u003E\n\u003Cli\u003Ezaplecze do realizacji program\u00f3w turnus\u00f3w oraz aktywnych form rehabilitacji, w tym prowadzenia zaj\u0119\u0107 maj\u0105cych na celu popraw\u0119 psychofizycznej sprawno\u015bci uczestnik\u00f3w turnus\u00f3w i zaj\u0119\u0107 wypoczynkowych oraz zaplecze do przeprowadzenia zabieg\u00f3w fizjoterapeutycznych w przypadku turnus\u00f3w z programem zawieraj\u0105cym takie zabiegi oraz innych zaj\u0119\u0107 wynikaj\u0105cych z programu turnusu,\u003C\/li\u003E\n\u003Cli\u003Ezaplecze do realizacji zaj\u0119\u0107 kulturalno-o\u015bwiatowych,\u003C\/li\u003E\n\u003Cli\u003Ezaplecze rekreacyjno-wypoczynkowe,\u003C\/li\u003E\n\u003Cli\u003Egabinet lekarski lub zabiegowy wyposa\u017cony w umywalk\u0119 z bie\u017c\u0105c\u0105 wod\u0105, le\u017cank\u0119 lekarsk\u0105, wag\u0119 lekarsk\u0105, aparat do mierzenia ci\u015bnienia oraz podstawowy zestaw do udzielania pierwszej pomocy.\u003C\/li\u003E\n\u003C\/ul\u003E\n\u003C\/li\u003E\n\u003Cli\u003EObiekty, pomieszczenia, infrastruktura i otoczenie o\u015brodka dost\u0119pne s\u0105 dla grup os\u00f3b niepe\u0142nosprawnych, wskazanych we wniosku oraz zapewniaj\u0105 bezpieczne i samodzielne u\u017cytkowanie,\u003C\/li\u003E\n\u003Cli\u003ESpe\u0142nia dla poszczeg\u00f3lnych grup os\u00f3b niepe\u0142nosprawnych okre\u015blone w rozporz\u0105dzeniu warunki dost\u0119pno\u015bci,\u003C\/li\u003E\n\u003Cli\u003EUzyska\u0142 opini\u0119 samorz\u0105du wojew\u00f3dztwa,\u003C\/li\u003E\n\u003Cli\u003EUzyska\u0142 pozytywn\u0105 ocen\u0119 wojewody.\u003C\/li\u003E\n\u003C\/ol\u003E\n\u003C\/fieldset\u003E\u003Cfieldset style=\u0022margin-bottom: 20px;\u0022\u003E\u003Clegend\u003E\u003Cstrong\u003EPodstawa prawna\u003C\/strong\u003E\u003C\/legend\u003E\n\u003Col\u003E\n\u003Cli\u003EUstawa z dnia 27 sierpnia 1997 r. o rehabilitacji zawodowej i spo\u0142ecznej oraz zatrudnianiu os\u00f3b niepe\u0142nosprawnych (tekst jednolity: Dz.U. z 2024 r., poz. 44 z p\u00f3\u017an. zm.).\u003C\/li\u003E\n\u003Cli\u003ERozporz\u0105dzenie Ministra Pracy i Polityki Spo\u0142ecznej z dnia 15 listopada 2007 r. w sprawie turnus\u00f3w rehabilitacyjnych (Dz.U. 2007 r., Nr 230, poz. 1694 ze zm.).\u003C\/li\u003E\n\u003Cli\u003EUstawa z dnia 5 czerwca 1998 r. o samorz\u0105dzie wojew\u00f3dztwa (tekst jednolity: Dz.U. z 2024 r. , poz. 566 )\u003C\/li\u003E\n\u003C\/ol\u003E\n\u003C\/fieldset\u003E\u003Cfieldset style=\u0022margin-bottom: 20px;\u0022\u003E\u003Clegend\u003E\u003Cstrong\u003EPrzetwarzanie danych osobowych\u003C\/strong\u003E\u003C\/legend\u003E\n\u003Cp\u003E\u003Cstrong\u003EInformacje dotycz\u0105ce przetwarzania danych osobowych\u003C\/strong\u003E\u003C\/p\u003E\n\u003Cp\u003EZgodnie z art. 13 ust. 1 i ust. 2 og\u00f3lnego rozporz\u0105dzenia UE o ochronie danych osobowych nr\u00a02016\/679 informujemy, i\u017c:\u003C\/p\u003E\n\u003Col\u003E\n\u003Cli\u003EAdministratorem Pani\/Pana danych osobowych jest Marsza\u0142ek Wojew\u00f3dztwa \u015al\u0105skiego,\u003Cbr \/\u003E z siedzib\u0105 przy ul. Ligonia 46, 40-037 Katowice, adres email: \u003Ca href=\u0022mailto:kancelaria@slaskie.pl\u0022\u003Ekancelaria@slaskie.pl\u003C\/a\u003E, strona internetowa: bip.slaskie.pl.\u003C\/li\u003E\n\u003Cli\u003EZosta\u0142a wyznaczona osoba do kontaktu w sprawie przetwarzania danych osobowych (inspektor ochrony danych), adres email: \u003Ca href=\u0022mailto:daneosobowe@slaskie.pl\u0022\u003Edaneosobowe@slaskie.pl\u003C\/a\u003E.\u003C\/li\u003E\n\u003Cli\u003EPani\/Pana dane osobowe b\u0119d\u0105 przetwarzane w nast\u0119puj\u0105cych celach: obs\u0142ugi wniosk\u00f3w do rejestru o\u015brodk\u00f3w, w kt\u00f3rych mog\u0105 odbywa\u0107 si\u0119 turnusy rehabilitacyjne (przyjmowanie, opiniowanie wniosk\u00f3w, przekazanie wniosk\u00f3w do Wojewody) oraz w celu ich archiwizacji.\n\u003Cul style=\u0022list-style-type: circle;\u0022\u003E\n\u003Cli\u003EPodstaw\u0105 prawn\u0105 przetwarzania danych osobowych jest obowi\u0105zek prawny ci\u0105\u017c\u0105cy na\u00a0administratorze (art. 6 ust. 1 lit. c) wynikaj\u0105cy z art. 10d ust. 2 ustawy z dnia 27 sierpnia 1997 r. o rehabilitacji zawodowej i spo\u0142ecznej oraz zatrudnianiu os\u00f3b niepe\u0142nosprawnych i\u00a0Rozporz\u0105dzenia Ministra Pracy i Polityki Spo\u0142ecznej z dnia 15 listopada 2007 r. w sprawie turnus\u00f3w rehabilitacyjnych oraz art. 6 ustawy z dnia 14 lipca 1983 r. o narodowym zasobie archiwalnym i archiwach i rozporz\u0105dzenia z dnia 18 stycznia 2011 r. Prezesa Rady Ministr\u00f3w w sprawie instrukcji kancelaryjnej, jednolitych rzeczowych wykaz\u00f3w akt oraz instrukcji w sprawie organizacji i zakresu dzia\u0142ania archiw\u00f3w zak\u0142adowych\u003Cem\u003E.\u003C\/em\u003E\u003C\/li\u003E\n\u003C\/ul\u003E\n\u003C\/li\u003E\n\u003Cli\u003EPani\/Pana dane osobowe b\u0119d\u0105 ujawniane osobom upowa\u017cnionym przez administratora danych osobowych, podmiotom upowa\u017cnionym na podstawie przepis\u00f3w prawa, operatorowi pocztowemu lub kurierowi (w przypadku korespondencji papierowej), operatorom platform do komunikacji elektronicznej (w przypadku komunikacji elektronicznej), podmiotom realizuj\u0105cym archiwizacj\u0119 oraz zapewniaj\u0105cym obs\u0142ug\u0119 teleinformatyczn\u0105 Urz\u0119du Marsza\u0142kowskiego Wojew\u00f3dztwa \u015al\u0105skiego.\n\u003Cul style=\u0022list-style-type: circle;\u0022\u003E\n\u003Cli\u003EDane zawarte we wniosku zostan\u0105 przekazane Wojewodzie \u015al\u0105skiemu.\u003C\/li\u003E\n\u003Cli\u003EPonadto w zakresie stanowi\u0105cym informacj\u0119 publiczn\u0105 dane b\u0119d\u0105 ujawniane ka\u017cdemu zainteresowanemu tak\u0105 informacj\u0105 lub publikowane w BIP Urz\u0119du.\u003C\/li\u003E\n\u003C\/ul\u003E\n\u003C\/li\u003E\n\u003Cli\u003EPani\/Pana dane osobowe b\u0119d\u0105 przechowywane przez okres co najmniej 10 lat od\u00a0momentu zako\u0144czenia sprawy. Po up\u0142ywie tego okresu akta sprawy b\u0119d\u0105 podlega\u0107 ekspertyzie ze wzgl\u0119du na ich charakter, tre\u015b\u0107 i znaczenie. Na tej podstawie nast\u0105pi\u0107 mo\u017ce zmiana okresu przechowywania dokumentacji, w\u0142\u0105cznie z uznaniem jej za materia\u0142y podlegaj\u0105ce wieczystemu przechowywaniu w Archiwum Pa\u0144stwowym.\u003C\/li\u003E\n\u003Cli\u003EPrzys\u0142uguje Pani\/Panu prawo dost\u0119pu do tre\u015bci swoich danych oraz prawo \u017c\u0105dania ich\u00a0sprostowania, ograniczenia przetwarzania, usuni\u0119cia (przy uwzgl\u0119dnieniu ogranicze\u0144 z art. 17 ust. 3 rozporz\u0105dzenia), prawo wniesienia skargi do Prezesa Urz\u0119du Ochrony Danych Osobowych.\u003C\/li\u003E\n\u003Cli\u003EPodanie przez Pani\u0105\/Pana danych osobowych jest wymogiem ustawowym. Podanie danych jest obowi\u0105zkowe a konsekwencj\u0105 niepodania danych osobowych b\u0119dzie brak mo\u017cliwo\u015bci realizacji sprawy.\u003C\/li\u003E\n\u003Cli\u003EPani\/Pana dane osobowe nie b\u0119d\u0105 wykorzystywane do zautomatyzowanego podejmowania decyzji ani profilowania, o kt\u00f3rym mowa w art. 22 rozporz\u0105dzenia.\u003Cspan style=\u0022background-color: #ff0000;\u0022\u003E\u003Cbr \/\u003E\u003C\/span\u003E\u003C\/li\u003E\n\u003C\/ol\u003E\n\u003C\/fieldset\u003E\u003Cfieldset style=\u0022margin-bottom: 20px;\u0022\u003E\u003Clegend\u003E\u003Cstrong\u003EKarta us\u0142ugi w ePUAP\u003C\/strong\u003E\u003C\/legend\u003E\n\u003Cp\u003E\u003Cspan style=\u0022color: #242424; font-family: \u0027Segoe UI\u0027, system-ui, \u0027Apple Color Emoji\u0027, \u0027Segoe UI Emoji\u0027, sans-serif; font-size: 14px; font-style: normal; font-variant-ligatures: normal; font-variant-caps: normal; font-weight: 400; letter-spacing: normal; orphans: 2; text-align: start; text-indent: 0px; text-transform: none; white-space: normal; widows: 2; word-spacing: 0px; -webkit-text-stroke-width: 0px; background-color: #ffffff; text-decoration-style: initial; text-decoration-color: initial; display: inline !important; float: none;\u0022\u003Elink do Pisma og\u00f3lnego do podmiotu publicznego:\u003Ca href=\u0022https:\/\/epuap.gov.pl\/wps\/portal\/strefa-klienta\/katalog-spraw\/sprawy-ogolne\/ogolne-sprawy-urzedowe-2\/pismo-ogolne-do-podmiotu-publicznego-nowe\u0022 title=\u0022karta us\u0142ugi w serwisie ePUAP\u0022\u003Ekarta us\u0142ugi w serwisie ePUAP\u003C\/a\u003E\u003C\/span\u003E\u003C\/p\u003E\n\u003C\/fieldset\u003E\n\u003Cp\u003E\u00a0\u003C\/p\u003E","promotion":false}},{"id":"bf6dbc25-d119-11e7-80a9-005056b46601","type":"Gallery","name":"Galeria","description":"Galeria"},{"id":"bf6e1f6b-d119-11e7-80a9-005056b46601","type":"Attachment","name":"Za\u0142\u0105czniki","description":"Za\u0142\u0105czniki do strony","content":[{"src":"\/resource\/43434\/Klauzula+informacyjna+TURNUSY+REBILIACYJNE.docx","extension":"DOCX","name":"c51e834a1668e96f3dea8591c82b498a.docx","size":"38.07 KB"},{"src":"\/resource\/43434\/O%25C5%259Bwiadczenie.doc","extension":"DOC","name":"e3d9940e2ef63a0326755ef9da266f57.doc","size":"30 KB"},{"src":"\/resource\/43434\/Wniosek+o+wpis+do+rejestru+o%25C5%259Brodk%25C3%25B3w.pdf","extension":"PDF","name":"04e1929efe8d77a265909179fe23fd63.pdf","size":"37.54 KB"}]},{"id":"eba03b25-d9a7-11e7-b355-005056b70dba","type":"PageTitle","name":"","description":"Tytu\u0142 strony","content":{"title":"Zg\u0142oszenie wpisu do rejestru o\u015brodk\u00f3w, w kt\u00f3rych mog\u0105 odbywa\u0107 si\u0119 turnusy rehabilitacyjne"}},{"id":"eba07701-d9a7-11e7-b355-005056b70dba","type":"PageDescription","name":"","description":"Zajawka strony","content":[]},{"id":"1b1a7940-ff78-11e7-b81e-005056b7801d","type":"SectionDescription","name":"","description":"Zajawka sekcji","content":[]}]}