{"id":10183,"name":"zarzad-wojewodztwa-slaskiego-oglasza-konkurs-konkurs-na-kandydata-na-stanowisko-dyrektora-regionalnego-osrodka-kultury-w-bielsku-bialej-z-siedziba-przy-ul-1-maja-8-43-300-bielsko-biala","title":"Konkurs na kandydata na stanowisko dyrektora  Regionalnego O\u015brodka Kultury w Bielsku-Bia\u0142ej z siedzib\u0105 przy ul. 1 Maja 8,  43-300 Bielsko-Bia\u0142a","desc":"","header":"Zarz\u0105d Wojew\u00f3dztwa \u015al\u0105skiego og\u0142asza konkurs: Konkurs na kandydata na stanowisko dyrektora  Regionalnego O\u015brodka Kultury w Bielsku-Bia\u0142ej z siedzib\u0105 przy ul. 1 Maja 8,  43-300 Bielsko-Bia\u0142a","lead":"","keywords":"","changes":"zako\u0144czenie publikacji za\u0142\u0105cznika \u201ewykaz os\u00f3b dopuszczonych do II etapu konkursu\u201d","menu":"","path":"\/ogloszenia_i_aktualnosci\/konkursy\/konkursy_2\/zarzad-wojewodztwa-slaskiego-oglasza-konkurs-konkurs-na-kandydata-na-stanowisko-dyrektora-regionalnego-osrodka-kultury-w-bielsku-bialej-z-siedziba-przy-ul-1-maja-8-43-300-bielsko-biala.html","url":"\/ogloszenia_i_aktualnosci\/konkursy\/konkursy_2\/zarzad-wojewodztwa-slaskiego-oglasza-konkurs-konkurs-na-kandydata-na-stanowisko-dyrektora-regionalnego-osrodka-kultury-w-bielsku-bialej-z-siedziba-przy-ul-1-maja-8-43-300-bielsko-biala.html","infoOwner":"Urz\u0105d Marsza\u0142kowski Wojew\u00f3dztwa \u015al\u0105skiego","dateFirstPublicate":"2019-10-25 13:11:27","dateLastVersionPublicate":"2023-06-12 13:23:25","dateAvailableFrom":"2020-02-17 15:13:25","dateAvailableTo":"","type":"Konkursy_umws","pageParams":[{"id":"247","name":"Kategoria_konkursy_umws","description":"Kategoria konkursu","value":"10041"},{"id":"248","name":"Status_konkursu_umws","description":"Status konkursu","value":"10044"},{"id":"213","name":"Tytu\u0142 artyku\u0142u","description":"Tytu\u0142 artyku\u0142u","value":"Konkurs na kandydata na stanowisko dyrektora  Regionalnego O\u015brodka Kultury w Bielsku-Bia\u0142ej z siedzib\u0105 przy ul. 1 Maja 8,  43-300 Bielsko-Bia\u0142a"},{"id":"249","name":"TERMIN_SKLADANIA_DOKUMENTOW_FILTR_ODv2","description":"Termin sk\u0142adania ofert od","value":"2019-10-25"},{"id":"250","name":"TERMIN_SKLADANIA_DOKUMENTOW_FILTR_DOv2","description":"Termin sk\u0142adania ofert do","value":"2019-11-24"},{"id":"19","name":"DATA","description":"Data","value":"2019-10-25"}],"components":[{"id":"bf6d5eba-d119-11e7-80a9-005056b46601","type":"ContentWYSIWYG","name":"Tre\u015b\u0107","description":"Tre\u015b\u0107 strony","content":{"content":"","promotion":false}},{"id":"bf6dbc25-d119-11e7-80a9-005056b46601","type":"Gallery","name":"Galeria","description":"Galeria"},{"id":"bf6e1f6b-d119-11e7-80a9-005056b46601","type":"Attachment","name":"Za\u0142\u0105czniki","description":"Za\u0142\u0105czniki do strony","content":[{"src":"\/resource\/19972\/konkurs+ROK+BB+og%25C5%2582oszenie.doc","extension":"DOC","name":"a32810d5bc2b8e17d7ad55488389bbcb.doc","size":"66.5 KB"},{"src":"\/resource\/19972\/konkurs+ROK+BB+regulamin.doc","extension":"DOC","name":"9630d88049d048b034a6021c2e3a791a.doc","size":"50 KB"},{"src":"\/resource\/19972\/konkurs+ROK+BB+kwestionariusz+osobowy.doc","extension":"DOC","name":"3535d016e946fb2e07f84c868dd271c8.doc","size":"37 KB"},{"src":"\/resource\/19972\/konkurs+ROK+BB++o%25C5%259Bwiadczenia+kandydata.doc","extension":"DOC","name":"f73e6440794d07fffb2624f1c30ab506.doc","size":"25.5 KB"},{"src":"\/resource\/19972\/konkurs+ROK+BB++kauzula+informacyjna.docx","extension":"DOCX","name":"c30ace0bb68857212fae97ad565d2462.docx","size":"12.81 KB"},{"src":"\/resource\/19972\/konkurs+ROK+BB++adres+email+kandydata.doc","extension":"DOC","name":"6bf6cace1e24e521de5c138687e77bed.doc","size":"23.5 KB"},{"src":"\/resource\/24052\/0562.docx","extension":"DOCX","name":"f667b4f476e070438441e5278f6f6543.docx","size":"24.28 KB"}]},{"id":"eba03b25-d9a7-11e7-b355-005056b70dba","type":"PageTitle","name":"","description":"Tytu\u0142 strony","content":{"title":"Konkurs na kandydata na stanowisko dyrektora  Regionalnego O\u015brodka Kultury w Bielsku-Bia\u0142ej z siedzib\u0105 przy ul. 1 Maja 8,  43-300 Bielsko-Bia\u0142a"}},{"id":"eba07701-d9a7-11e7-b355-005056b70dba","type":"PageDescription","name":"","description":"Zajawka strony","content":[]},{"id":"1b1a7940-ff78-11e7-b81e-005056b7801d","type":"SectionDescription","name":"","description":"Zajawka sekcji","content":[]}]}