{"id":13094,"name":"uchwala-zarzadu-nr-1135-127-vi-2020-z-dnia-2020-05-20","title":"Uchwa\u0142a zarz\u0105du nr 1135\/127\/VI\/2020 z dnia 2020-05-20","desc":"","header":"Uchwa\u0142a zarz\u0105du nr 1135\/127\/VI\/2020 z dnia 2020-05-20","lead":"","keywords":"","changes":"Dodanie Uchwa\u0142y","menu":"","path":"\/samorzad_wojewodztwa\/zarzad_wojewodztwa\/uchwaly_zarzadu\/uchwala-zarzadu-nr-1135-127-vi-2020-z-dnia-2020-05-20.html","url":"\/samorzad_wojewodztwa\/zarzad_wojewodztwa\/uchwaly_zarzadu\/uchwala-zarzadu-nr-1135-127-vi-2020-z-dnia-2020-05-20.html","infoOwner":"Urz\u0105d Marsza\u0142kowski Wojew\u00f3dztwa \u015al\u0105skiego","dateFirstPublicate":"2020-05-22 13:15:04","dateLastVersionPublicate":"2020-05-22 13:15:04","dateAvailableFrom":"","dateAvailableTo":"","type":"Uchwa\u0142a Zarz\u0105du","pageParams":[{"id":"263","name":"Data posiedzenia","description":"Data posiedzenia","value":"2020-05-20"},{"id":"235","name":"W sprawie","description":"W sprawie","value":"udzielenia pe\u0142nomocnictw Panu Grzegorzowi Baranowskiemu \u2013 Dyrektorowi Regionalnego O\u015brodka Polityki Spo\u0142ecznej Wojew\u00f3dztwa \u015al\u0105skiego oraz Pani Joannie Jeleniewskiej \u2013 p.o. Zast\u0119pcy Dyrektora Regionalnego O\u015brodka Polityki Spo\u0142ecznej Wojew\u00f3dztwa \u015al\u0105skiego do podejmowania wszelkich czynno\u015bci zwi\u0105zanych z realizacj\u0105 projektu pn. \u015al\u0105skie Kadry DPS vs COVID 19 w ramach Programu Operacyjnego Wiedza Edukacja Rozw\u00f3j, Dzia\u0142anie 2.8 Rozw\u00f3j us\u0142ug spo\u0142ecznych \u015bwiadczonych w \u015brodowisku lokalnym \u2013 tryb nadzwyczajny"},{"id":"273","name":"NUMER_UCHWALY_ZARZADU","description":"Numer uchwa\u0142y","value":"1135\/127\/VI\/2020"},{"id":"278","name":"Numer posiedzenia zarz\u0105du","description":"Numer posiedzenia zarz\u0105du","value":"127"},{"id":"261","name":"Na podstawie","description":"podstawa prawna","value":"art. 41 ust. 1 oraz art. 56 ust. 2 ustawy z dnia 5 czerwca 1998 roku o samorz\u0105dzie wojew\u00f3dztwa (tekst jednolity: Dz. U. z 2019 r. poz. 512 ze zm.)"}],"components":[{"id":"bf6d5eba-d119-11e7-80a9-005056b46601","type":"ContentWYSIWYG","name":"Tre\u015b\u0107","description":"Tre\u015b\u0107 strony","content":{"content":"","promotion":false}},{"id":"bf6dbc25-d119-11e7-80a9-005056b46601","type":"Gallery","name":"Galeria","description":"Galeria"},{"id":"bf6e1f6b-d119-11e7-80a9-005056b46601","type":"Attachment","name":"Za\u0142\u0105czniki","description":"Za\u0142\u0105czniki do strony","content":[{"src":"\/resource\/26056\/Uchwa%25C5%2582a+1135.127.VI.2020+z++20.05.2020+r..rtf","extension":"RTF","name":"6124a9c1471a21baee16961c92e2fbf1.rtf","size":"60.42 KB"},{"src":"\/resource\/26056\/Za%25C5%2582.+nr+1+do+Uchwa%25C5%2582y++1135.127.VI.2020.rtf","extension":"RTF","name":"f2fd96b50ab5573ca23b9fe8055b7916.rtf","size":"378.56 KB"},{"src":"\/resource\/26056\/Za%25C5%2582.+nr+2+do+Uchwa%25C5%2582y++1135.127.VI.2020.rtf","extension":"RTF","name":"fc6de3fd7195163325f8b83cb535bfeb.rtf","size":"379.1 KB"}]},{"id":"eba03b25-d9a7-11e7-b355-005056b70dba","type":"PageTitle","name":"","description":"Tytu\u0142 strony","content":{"title":"Uchwa\u0142a zarz\u0105du nr 1135\/127\/VI\/2020 z dnia 2020-05-20"}},{"id":"eba07701-d9a7-11e7-b355-005056b70dba","type":"PageDescription","name":"","description":"Zajawka strony","content":[]},{"id":"1b1a7940-ff78-11e7-b81e-005056b7801d","type":"SectionDescription","name":"","description":"Zajawka sekcji","content":[]}]}