{"id":47843,"name":"uchwala-zarzadu-nr-1782442vi2023-z-dnia-2023-08-16","title":"Uchwa\u0142a zarz\u0105du nr 1782\/442\/VI\/2023 z dnia 2023-08-16","desc":"","header":"Uchwa\u0142a zarz\u0105du nr 1782\/442\/VI\/2023 z dnia 2023-08-16","lead":"Uchwa\u0142a Zarz\u0105du","keywords":"","changes":"wprowadzenie Uchwa\u0142y Zarz\u0105du","menu":"","path":"\/samorzad_wojewodztwa\/zarzad_wojewodztwa\/uchwaly_zarzadu\/uchwala-zarzadu-nr-1782442vi2023-z-dnia-2023-08-16.html","url":"\/samorzad_wojewodztwa\/zarzad_wojewodztwa\/uchwaly_zarzadu\/uchwala-zarzadu-nr-1782442vi2023-z-dnia-2023-08-16.html","infoOwner":"Urz\u0105d Marsza\u0142kowski Wojew\u00f3dztwa \u015al\u0105skiego","dateFirstPublicate":"2023-08-21 14:29:40","dateLastVersionPublicate":"2023-08-21 14:29:40","dateAvailableFrom":"2023-08-21 14:35:10","dateAvailableTo":"","type":"Uchwa\u0142a Zarz\u0105du","pageParams":[{"id":"263","name":"Data posiedzenia","description":"Data posiedzenia","value":"2023-08-16"},{"id":"235","name":"W sprawie","description":"W sprawie","value":"wyra\u017cenia zgody na zainicjowanie projektu pn. ,,Utworzenie systemu zarz\u0105dzania terenami poprzemys\u0142owymi wojew\u00f3dztwa \u015bl\u0105skiego poprzez rozszerzenie istniej\u0105cego systemu zarz\u0105dzania terenami pog\u00f3rniczymi (OPI TPP 3.0)\u0022 oraz na podj\u0119cie dzia\u0142a\u0144 niezb\u0119dnych\r\nw procesie inicjowania projektu"},{"id":"273","name":"NUMER_UCHWALY_ZARZADU","description":"Numer uchwa\u0142y","value":"1782\/442\/VI\/2023"},{"id":"278","name":"Numer posiedzenia zarz\u0105du","description":"Numer posiedzenia zarz\u0105du","value":"442"},{"id":"261","name":"Na podstawie","description":"podstawa prawna","value":"art. 14 ust. 1 pkt 7 i 8; art. 41 ust. 1 ustawy z dnia 5 czerwca 1998 r. o samorz\u0105dzie wojew\u00f3dztwa (tekst jednolity: Dz. U. z 2022 roku, poz. 2094 z p\u00f3\u017an. zm.); art. 39 ust. 1 ustawy z dnia 28 kwietnia 2022 r. o zasadach realizacji zada\u0144 finansowanych ze \u015brodk\u00f3w europejskich\r\nw perspektywie finansowej 2021\u20132027 (Dz. U. z 2022 roku, poz. 1079); \u00a7 9 w zwi\u0105zku z \u00a7 2 ust. 1, \u00a7 4 ust. 6 i ust. 9 pkt 3, 4 i 6 \u201eZasad prowadzenia dzia\u0142a\u0144 projektowych przez jednostki organizacyjne Wojew\u00f3dztwa \u015al\u0105skiego\u0022 przyj\u0119tych przez Zarz\u0105d Wojew\u00f3dztwa \u015al\u0105skiego Uchwa\u0142\u0105 nr 170\/14\/VI\/2019 z dnia 30 stycznia 2019 r."}],"components":[{"id":"bf6d5eba-d119-11e7-80a9-005056b46601","type":"ContentWYSIWYG","name":"Tre\u015b\u0107","description":"Tre\u015b\u0107 strony","content":{"content":"","promotion":false}},{"id":"bf6dbc25-d119-11e7-80a9-005056b46601","type":"Gallery","name":"Galeria","description":"Galeria"},{"id":"bf6e1f6b-d119-11e7-80a9-005056b46601","type":"Attachment","name":"Za\u0142\u0105czniki","description":"Za\u0142\u0105czniki do strony","content":[{"src":"\/resource\/68288\/Uchwa%25C5%2582a+Zarz%25C4%2585du+1782+442+VI+2023.doc","extension":"DOC","name":"a6e7ab6d95d32313672b766b859fb541.doc","size":"60 KB"}]},{"id":"eba03b25-d9a7-11e7-b355-005056b70dba","type":"PageTitle","name":"","description":"Tytu\u0142 strony","content":{"title":"Uchwa\u0142a zarz\u0105du nr 1782\/442\/VI\/2023 z dnia 2023-08-16"}},{"id":"eba07701-d9a7-11e7-b355-005056b70dba","type":"PageDescription","name":"","description":"Zajawka strony","content":{"desc":"Uchwa\u0142a Zarz\u0105du"}},{"id":"1b1a7940-ff78-11e7-b81e-005056b7801d","type":"SectionDescription","name":"","description":"Zajawka sekcji","content":[]}]}