{"id":50154,"name":"uchwala-zarzadu-nr-2266459vi2023-z-dnia-2023-10-27","title":"Uchwa\u0142a zarz\u0105du nr 2266\/459\/VI\/2023 z dnia 2023-10-27","desc":"","header":"Uchwa\u0142a zarz\u0105du nr 2266\/459\/VI\/2023 z dnia 2023-10-27","lead":"","keywords":"","changes":"wprowadzenie artyku\u0142u","menu":"","path":"\/samorzad_wojewodztwa\/zarzad_wojewodztwa\/uchwaly_zarzadu\/uchwala-zarzadu-nr-2266459vi2023-z-dnia-2023-10-27.html","url":"\/samorzad_wojewodztwa\/zarzad_wojewodztwa\/uchwaly_zarzadu\/uchwala-zarzadu-nr-2266459vi2023-z-dnia-2023-10-27.html","infoOwner":"Urz\u0105d Marsza\u0142kowski Wojew\u00f3dztwa \u015al\u0105skiego","dateFirstPublicate":"2023-11-07 13:32:59","dateLastVersionPublicate":"2023-11-07 13:32:59","dateAvailableFrom":"","dateAvailableTo":"","type":"Uchwa\u0142a Zarz\u0105du","pageParams":[{"id":"263","name":"Data posiedzenia","description":"Data posiedzenia","value":"2023-10-27"},{"id":"235","name":"W sprawie","description":"W sprawie","value":"przyj\u0119cia Zasad przekazywania albo u\u017cyczania przeno\u015bnego komputera typu laptop przez dyrektor\u00f3w szk\u00f3\u0142 rodzicom albo opiekunom prawnym uprawnionych uczni\u00f3w klas IV"},{"id":"273","name":"NUMER_UCHWALY_ZARZADU","description":"Numer uchwa\u0142y","value":"2266\/459\/VI\/2023"},{"id":"278","name":"Numer posiedzenia zarz\u0105du","description":"Numer posiedzenia zarz\u0105du","value":"459"},{"id":"261","name":"Na podstawie","description":"podstawa prawna","value":"art. 41 ust. 1 ustawy z dnia 5 czerwca 1998 r. o samorz\u0105dzie wojew\u00f3dztwa (tekst jednolity: Dz. U. z 2022 r. poz. 2094 z p\u00f3\u017an. zm.), art. 7 i art. 8 ustawy z dnia 7 lipca 2023 r. o wsparciu rozwoju kompetencji cyfrowych uczni\u00f3w i nauczycieli (Dz. U. poz. 1369) oraz art. 28 ust. 3 i ust. 9 Rozporz\u0105dzenia Parlamentu Europejskiego i Rady (UE) 2016\/679 z dnia 27 kwietnia 2016 r. w sprawie ochrony os\u00f3b fizycznych w zwi\u0105zku z przetwarzaniem danych osobowych i w sprawie swobodnego przep\u0142ywu takich danych oraz uchylenia dyrektywy 95\/46\/WE \u2013 og\u00f3lne rozporz\u0105dzenie o ochronie danych \u2013 (Dz. Urz. UE L 119 z 4 maja 2016 r., Dz. Urz. UE L 127 z 23 maja 2018 r. oraz Dz. Urz. UE L 74 z 4 marca 2021 r."}],"components":[{"id":"bf6d5eba-d119-11e7-80a9-005056b46601","type":"ContentWYSIWYG","name":"Tre\u015b\u0107","description":"Tre\u015b\u0107 strony","content":{"content":"","promotion":false}},{"id":"bf6dbc25-d119-11e7-80a9-005056b46601","type":"Gallery","name":"Galeria","description":"Galeria"},{"id":"bf6e1f6b-d119-11e7-80a9-005056b46601","type":"Attachment","name":"Za\u0142\u0105czniki","description":"Za\u0142\u0105czniki do strony","content":[{"src":"\/resource\/70664\/2266u.docx","extension":"DOCX","name":"8013c701ef954d98f3c917d42707aa9d.docx","size":"26.65 KB"},{"src":"\/resource\/70664\/2266z1.docx","extension":"DOCX","name":"d6c8b8378b2ae57f8a64e296ec1d69ec.docx","size":"28.29 KB"},{"src":"\/resource\/70664\/2266z2.docx","extension":"DOCX","name":"22aa25bd24743736c97d2576b58e51f2.docx","size":"19.85 KB"},{"src":"\/resource\/70664\/2266z3.docx","extension":"DOCX","name":"dd0b655265a29e479bdd64c1e828c2c4.docx","size":"22.82 KB"}]},{"id":"eba03b25-d9a7-11e7-b355-005056b70dba","type":"PageTitle","name":"","description":"Tytu\u0142 strony","content":{"title":"Uchwa\u0142a zarz\u0105du nr 2266\/459\/VI\/2023 z dnia 2023-10-27"}},{"id":"eba07701-d9a7-11e7-b355-005056b70dba","type":"PageDescription","name":"","description":"Zajawka strony","content":[]},{"id":"1b1a7940-ff78-11e7-b81e-005056b7801d","type":"SectionDescription","name":"","description":"Zajawka sekcji","content":[]}]}