{"id":41214,"name":"uchwala-zarzadu-nr-70392vi2023-z-dnia-2023-01-18","title":"Uchwa\u0142a zarz\u0105du nr 70\/392\/VI\/2023 z dnia 2023-01-18","desc":"","header":"Uchwa\u0142a zarz\u0105du nr 70\/392\/VI\/2023 z dnia 2023-01-18","lead":"","keywords":"","changes":"dodanie artyku\u0142u","menu":"","path":"\/samorzad_wojewodztwa\/zarzad_wojewodztwa\/uchwaly_zarzadu\/uchwala-zarzadu-nr-70392vi2023-z-dnia-2023-01-18.html","url":"\/samorzad_wojewodztwa\/zarzad_wojewodztwa\/uchwaly_zarzadu\/uchwala-zarzadu-nr-70392vi2023-z-dnia-2023-01-18.html","infoOwner":"Urz\u0105d Marsza\u0142kowski Wojew\u00f3dztwa \u015al\u0105skiego","dateFirstPublicate":"2023-01-20 14:09:51","dateLastVersionPublicate":"2023-01-20 14:09:51","dateAvailableFrom":"","dateAvailableTo":"","type":"Uchwa\u0142a Zarz\u0105du","pageParams":[{"id":"263","name":"Data posiedzenia","description":"Data posiedzenia","value":"2023-01-18"},{"id":"235","name":"W sprawie","description":"W sprawie","value":"Przyj\u0119cia zaktualizowanych wzor\u00f3w um\u00f3w o dofinansowanie zawieranych pomi\u0119dzy Wojew\u00f3dztwem \u015al\u0105skim a Lokaln\u0105 Grup\u0105 Dzia\u0142ania w sektorze rybo\u0142\u00f3wstwa, zwi\u0105zanych \r\nz realizacj\u0105 operacji w ramach dzia\u0142ania koszty bie\u017c\u0105ce i aktywizacja, obj\u0119tych Priorytetem 4. Zwi\u0119kszenie zatrudnienia i sp\u00f3jno\u015bci terytorialnej, zawartym w Programie Operacyjnym \u201eRybactwo i Morze\u201d na lata 2014-2020."},{"id":"273","name":"NUMER_UCHWALY_ZARZADU","description":"Numer uchwa\u0142y","value":"70\/392\/VI\/2023"},{"id":"278","name":"Numer posiedzenia zarz\u0105du","description":"Numer posiedzenia zarz\u0105du","value":"392"},{"id":"261","name":"Na podstawie","description":"podstawa prawna","value":"art. 41 ust. 1  Ustawy z dnia 5 czerwca 1998 roku o samorz\u0105dzie wojew\u00f3dztwa (tekst jednolity: Dz. U. z 2022 r., poz. 547 z p\u00f3\u017an. zm.); art.  6 ust. 1 pkt 2 oraz art. 17 ust. 2 pkt 1 Ustawy \r\nz dnia 10 lipca 2015 roku o wspieraniu zr\u00f3wnowa\u017conego rozwoju sektora rybackiego z udzia\u0142em Europejskiego Funduszu Morskiego i Rybackiego (Dz. U. z 2020 r., poz. 2140); \u00a7 2 ust. 1 pkt 1 lit. c) Rozporz\u0105dzenia Ministra Gospodarki Morskiej i \u017beglugi \u015ar\u00f3dl\u0105dowej z dnia 19 pa\u017adziernika 2016 r. \r\nw sprawie warunk\u00f3w i sposobu wykonywania przez samorz\u0105d wojew\u00f3dztwa zada\u0144 instytucji zarz\u0105dzaj\u0105cej Programem Operacyjnym \u201eRybactwo i Morze\u201d oraz warunk\u00f3w finansowania samorz\u0105du wojew\u00f3dztwa w zwi\u0105zku z wykonywaniem tych zada\u0144 (tekst jednolity: Dz. U. z 2019 r., poz. 1366); \u00a7 61 ust. 1 Rozporz\u0105dzenia Ministra Gospodarki Morskiej i \u017beglugi \u015ar\u00f3dl\u0105dowej z dnia 6 wrze\u015bnia 2016 r. w sprawie szczeg\u00f3\u0142owych warunk\u00f3w i trybu przyznawania, wyp\u0142aty i zwrotu pomocy finansowej na realizacj\u0119 operacji w ramach dzia\u0142a\u0144 wsparcie przygotowawcze i realizacja lokalnych strategii rozwoju kierowanych przez spo\u0142eczno\u015b\u0107, w tym koszty bie\u017c\u0105ce i aktywizacja, obj\u0119tych Priorytetem 4. Zwi\u0119kszenie zatrudnienia i sp\u00f3jno\u015bci terytorialnej, zawartym w Programie Operacyjnym \u201eRybactwo i Morze\u201d (tekst jednolity: Dz. U. z 2019 r., poz. 1442, Dz. U z 2022 r., poz. 1921); Rozporz\u0105dzenie Ministra Gospodarki Morskiej i \u017beglugi \u015ar\u00f3dl\u0105dowej z dnia 28 lutego 2018 r. w sprawie warunk\u00f3w i trybu udzielania i rozliczania zaliczek oraz zakresu i termin\u00f3w sk\u0142adania wniosk\u00f3w o p\u0142atno\u015b\u0107 w ramach programu finansowanego z udzia\u0142em \u015brodk\u00f3w Europejskiego Funduszu Morskiego i Rybackiego (Dz.U. 2018 poz. 458)."}],"components":[{"id":"bf6d5eba-d119-11e7-80a9-005056b46601","type":"ContentWYSIWYG","name":"Tre\u015b\u0107","description":"Tre\u015b\u0107 strony","content":{"content":"","promotion":false}},{"id":"bf6dbc25-d119-11e7-80a9-005056b46601","type":"Gallery","name":"Galeria","description":"Galeria"},{"id":"bf6e1f6b-d119-11e7-80a9-005056b46601","type":"Attachment","name":"Za\u0142\u0105czniki","description":"Za\u0142\u0105czniki do strony","content":[{"src":"\/resource\/61489\/Uchwa%25C5%2582a+Zarz%25C4%2585du+70_392_VI_2023.rtf","extension":"RTF","name":"c30a69e9b4a693e5e6d5c2dedfa4d8de.rtf","size":"96.44 KB"}]},{"id":"eba03b25-d9a7-11e7-b355-005056b70dba","type":"PageTitle","name":"","description":"Tytu\u0142 strony","content":{"title":"Uchwa\u0142a zarz\u0105du nr 70\/392\/VI\/2023 z dnia 2023-01-18"}},{"id":"eba07701-d9a7-11e7-b355-005056b70dba","type":"PageDescription","name":"","description":"Zajawka strony","content":[]},{"id":"1b1a7940-ff78-11e7-b81e-005056b7801d","type":"SectionDescription","name":"","description":"Zajawka sekcji","content":[]}]}