{"id":1226,"name":"komisja-sportu-turystyki-i-rekreacji","title":"Komisja Sportu, Turystyki i Rekreacji","desc":"","header":"Komisja Sportu, Turystyki i Rekreacji","lead":"","keywords":"","changes":"aktualizacja wpisu - zmiana sk\u0142adu Komisji zgodnie z uchwa\u0142ami Sejmiku Wojew\u00f3dztwa \u015al\u0105skiego z dnia 21.10.2024 r.","menu":"Sk\u0142ad","path":"\/sejmik_wojewodztwa\/komisje_sejmiku\/komisja_sportu_turystyki_i_rekreacji\/komisja-sportu-turystyki-i-rekreacji.html","url":"\/sejmik_wojewodztwa\/komisje_sejmiku\/komisja_sportu_turystyki_i_rekreacji\/komisja-sportu-turystyki-i-rekreacji.html","infoOwner":"Urz\u0105d Marsza\u0142kowski Wojew\u00f3dztwa \u015al\u0105skiego","dateFirstPublicate":"2014-12-09 10:22:07","dateLastVersionPublicate":"2024-10-28 13:45:40","dateAvailableFrom":"","dateAvailableTo":"","type":"Zwyk\u0142a","pageParams":[],"components":[{"id":"bf6d5eba-d119-11e7-80a9-005056b46601","type":"ContentWYSIWYG","name":"Tre\u015b\u0107","description":"Tre\u015b\u0107 strony","content":{"content":"\u003Cp\u003E\u003Cspan style=\u0022text-decoration: underline;\u0022\u003EVII kadencja\u003C\/span\u003E\u003C\/p\u003E\n\u003Ctable style=\u0022width: 477.183px;\u0022 border=\u00221\u0022\u003E\n\u003Ctbody\u003E\n\u003Ctr\u003E\n\u003Ctd style=\u0022width: 209px;\u0022\u003EPrzewodnicz\u0105cy:\u003C\/td\u003E\n\u003Ctd style=\u0022width: 245.183px;\u0022\u003E\u003Cstrong\u003EMaciej Kolon\u003C\/strong\u003E\u003C\/td\u003E\n\u003C\/tr\u003E\n\u003Ctr\u003E\n\u003Ctd style=\u0022width: 209px;\u0022\u003EZast\u0119pca Przewodnicz\u0105cego:\u003C\/td\u003E\n\u003Ctd style=\u0022width: 245.183px;\u0022\u003E\u003Cstrong\u003EAleksandra Targosz-Bernaciak\u003C\/strong\u003E\u003C\/td\u003E\n\u003C\/tr\u003E\n\u003Ctr\u003E\n\u003Ctd style=\u0022width: 209px;\u0022\u003EZast\u0119pca Przewodnicz\u0105cego:\u003C\/td\u003E\n\u003Ctd style=\u0022width: 245.183px;\u0022\u003E\u003Cstrong\u003EJulia Kloc-Kondracka\u003C\/strong\u003E\u003C\/td\u003E\n\u003C\/tr\u003E\n\u003Ctr\u003E\n\u003Ctd style=\u0022width: 209px;\u0022\u003EZast\u0119pca Przewodnicz\u0105cego:\u003C\/td\u003E\n\u003Ctd style=\u0022width: 245.183px;\u0022\u003E\u003Cstrong\u003EBart\u0142omiej Kowalski\u003C\/strong\u003E\u003C\/td\u003E\n\u003C\/tr\u003E\n\u003Ctr\u003E\n\u003Ctd style=\u0022width: 209px;\u0022\u003ECz\u0142onek Komisji:\u003C\/td\u003E\n\u003Ctd style=\u0022width: 245.183px;\u0022\u003E\u003Cstrong\u003EPawe\u0142 Ba\u0144kowski\u003C\/strong\u003E\u003C\/td\u003E\n\u003C\/tr\u003E\n\u003Ctr\u003E\n\u003Ctd style=\u0022width: 209px;\u0022\u003ECz\u0142onek Komisji:\u003C\/td\u003E\n\u003Ctd style=\u0022width: 245.183px;\u0022\u003E\u003Cstrong\u003EBeata Bia\u0142ow\u0105s\u003C\/strong\u003E\u003C\/td\u003E\n\u003C\/tr\u003E\n\u003Ctr\u003E\n\u003Ctd style=\u0022width: 209px;\u0022\u003ECz\u0142onek Komisji:\u003C\/td\u003E\n\u003Ctd style=\u0022width: 245.183px;\u0022\u003E\u003Cstrong\u003E\u0141ukasz Dwornik\u003C\/strong\u003E\u003C\/td\u003E\n\u003C\/tr\u003E\n\u003Ctr\u003E\n\u003Ctd style=\u0022width: 209px;\u0022\u003ECz\u0142onek Komisji:\u003C\/td\u003E\n\u003Ctd style=\u0022width: 245.183px;\u0022\u003E\u003Cstrong\u003EBarbara Gadowska\u003C\/strong\u003E\u003C\/td\u003E\n\u003C\/tr\u003E\n\u003Ctr\u003E\n\u003Ctd style=\u0022width: 209px;\u0022\u003ECz\u0142onek Komisji:\u003C\/td\u003E\n\u003Ctd style=\u0022width: 245.183px;\u0022\u003E\u003Cstrong\u003EMarek Kopel\u003C\/strong\u003E\u003C\/td\u003E\n\u003C\/tr\u003E\n\u003Ctr\u003E\n\u003Ctd style=\u0022width: 209px;\u0022\u003ECz\u0142onek Komisji:\u003C\/td\u003E\n\u003Ctd style=\u0022width: 245.183px;\u0022\u003E\u003Cstrong\u003EDariusz Starzycki\u003C\/strong\u003E\u003C\/td\u003E\n\u003C\/tr\u003E\n\u003Ctr\u003E\n\u003Ctd style=\u0022width: 209px;\u0022\u003ECz\u0142onek Komisji:\u003C\/td\u003E\n\u003Ctd style=\u0022width: 245.183px;\u0022\u003E\u003Cstrong\u003EMarcin Szarek\u003C\/strong\u003E\u003C\/td\u003E\n\u003C\/tr\u003E\n\u003Ctr\u003E\n\u003Ctd style=\u0022width: 209px;\u0022\u003ECz\u0142onek Komisji:\u003C\/td\u003E\n\u003Ctd style=\u0022width: 245.183px;\u0022\u003E\u003Cstrong\u003ERafa\u0142 Ryplewicz\u003C\/strong\u003E\u003C\/td\u003E\n\u003C\/tr\u003E\n\u003Ctr\u003E\n\u003Ctd style=\u0022width: 209px;\u0022\u003ECz\u0142onek Komisji:\u003C\/td\u003E\n\u003Ctd style=\u0022width: 245.183px;\u0022\u003E\u003Cstrong\u003EDorota Tobiszowska\u003C\/strong\u003E\u003C\/td\u003E\n\u003C\/tr\u003E\n\u003Ctr\u003E\n\u003Ctd style=\u0022width: 209px;\u0022\u003ECz\u0142onek Komisji:\u003C\/td\u003E\n\u003Ctd style=\u0022width: 245.183px;\u0022\u003E\u003Cstrong\u003EKatarzyna Twardzik\u003C\/strong\u003E\u003C\/td\u003E\n\u003C\/tr\u003E\n\u003C\/tbody\u003E\n\u003C\/table\u003E\n\u003Cp\u003E\u003Cstrong\u003EZadania:\u003C\/strong\u003E\u003Cbr \/\u003E- opiniowanie spraw zwi\u0105zanych z rozwojem i promocj\u0105 kultury fizycznej, turystyki i rekreacji,\u003Cbr \/\u003E- opiniowanie plan\u00f3w rozwoju bazy (urz\u0105dze\u0144) sportowo-turystycznej,\u003Cbr \/\u003E- opiniowanie wydatkowania \u015brodk\u00f3w finansowych z bud\u017cetu Wojew\u00f3dztwa na cele kultury fizycznej rekreacji i turystyki,\u003Cbr \/\u003E- problematyka potrzeb os\u00f3b niepe\u0142nosprawnych w dziedzinie rehabilitacji ruchowej.\u003C\/p\u003E","promotion":false}},{"id":"bf6dbc25-d119-11e7-80a9-005056b46601","type":"Gallery","name":"Galeria","description":"Galeria"},{"id":"bf6e1f6b-d119-11e7-80a9-005056b46601","type":"Attachment","name":"Za\u0142\u0105czniki","description":"Za\u0142\u0105czniki do strony"},{"id":"eba03b25-d9a7-11e7-b355-005056b70dba","type":"PageTitle","name":"","description":"Tytu\u0142 strony","content":{"title":"Komisja Sportu, Turystyki i Rekreacji"}},{"id":"eba07701-d9a7-11e7-b355-005056b70dba","type":"PageDescription","name":"","description":"Zajawka strony","content":[]},{"id":"1b1a7940-ff78-11e7-b81e-005056b7801d","type":"SectionDescription","name":"","description":"Zajawka sekcji","content":[]}]}