{"id":1957,"name":"radni-iii-kadencji-2006-2010","title":"Radni III kadencji (2006-2010)","desc":"","header":"Radni III kadencji (2006-2010)","lead":"","keywords":"","changes":"dodanie artyku\u0142u","menu":"Radni III kadencji (2006-2010)","path":"\/sejmik_wojewodztwa\/radni_poprzednich_kadencji\/radni-iii-kadencji-2006-2010.html","url":"\/sejmik_wojewodztwa\/radni_poprzednich_kadencji\/radni-iii-kadencji-2006-2010.html","infoOwner":"Urz\u0105d Marsza\u0142kowski Wojew\u00f3dztwa \u015al\u0105skiego","dateFirstPublicate":"2018-05-08 11:58:33","dateLastVersionPublicate":"2018-05-08 11:58:33","dateAvailableFrom":"2018-05-08 11:58:33","dateAvailableTo":"","type":"Zwyk\u0142a","pageParams":[],"components":[{"id":"bf6d5eba-d119-11e7-80a9-005056b46601","type":"ContentWYSIWYG","name":"Tre\u015b\u0107","description":"Tre\u015b\u0107 strony","content":{"content":"\u003Cul\u003E\n\u003Cli\u003EBorzymowski Jan\u003C\/li\u003E\n\u003Cli\u003EBrudny Alfred\u003C\/li\u003E\n\u003Cli\u003EBuszman J\u00f3zef\u003C\/li\u003E\n\u003Cli\u003EBuzek Ludgarda\u003C\/li\u003E\n\u003Cli\u003ECzarski Micha\u0142\u003C\/li\u003E\n\u003Cli\u003EDworak Barbara\u003C\/li\u003E\n\u003Cli\u003EGajda Marian\u003C\/li\u003E\n\u003Cli\u003EGajewska Aleksandra\u003C\/li\u003E\n\u003Cli\u003EHutnik Andrzej\u003C\/li\u003E\n\u003Cli\u003EJagie\u0142\u0142o Mieczys\u0142aw\u003C\/li\u003E\n\u003Cli\u003EJarosz Marian\u003C\/li\u003E\n\u003Cli\u003EKaleta Pawe\u0142\u003C\/li\u003E\n\u003Cli\u003EKami\u0144ski Andrzej\u003C\/li\u003E\n\u003Cli\u003EKania Wac\u0142aw\u003C\/li\u003E\n\u003Cli\u003EKarasek Bronis\u0142aw\u003C\/li\u003E\n\u003Cli\u003EKarpi\u0144ski Sergiusz\u003C\/li\u003E\n\u003Cli\u003EKawulok Jan\u003C\/li\u003E\n\u003Cli\u003EK\u0119dracki Marcin\u003C\/li\u003E\n\u003Cli\u003EKleszczewski Mariusz\u003C\/li\u003E\n\u003Cli\u003EKlosa Zygmunt\u003C\/li\u003E\n\u003Cli\u003EKowalski S\u0142awomir\u003C\/li\u003E\n\u003Cli\u003ELenartowicz Gabriela\u003C\/li\u003E\n\u003Cli\u003ELewandowska Ewa\u003C\/li\u003E\n\u003Cli\u003ELewandowski Piotr\u003C\/li\u003E\n\u003Cli\u003EMajer Ryszard\u003C\/li\u003E\n\u003Cli\u003EMaras Wies\u0142aw\u003C\/li\u003E\n\u003Cli\u003EMigas Marek\u003C\/li\u003E\n\u003Cli\u003EMoskwa Henryk\u003C\/li\u003E\n\u003Cli\u003EMoszy\u0144ski Janusz\u003C\/li\u003E\n\u003Cli\u003ENaturski Witold\u003C\/li\u003E\n\u003Cli\u003EOrmaniec Marian\u003C\/li\u003E\n\u003Cli\u003EParkitny Marek\u003C\/li\u003E\n\u003Cli\u003EPiechniczek Antoni\u003C\/li\u003E\n\u003Cli\u003EPiotrowski Leszek\u003C\/li\u003E\n\u003Cli\u003ERybka Krzysztof\u003C\/li\u003E\n\u003Cli\u003ESkalik W\u0142odzimierz\u003C\/li\u003E\n\u003Cli\u003ESobczy\u0144ska Leokadia\u003C\/li\u003E\n\u003Cli\u003ESobierajski Czes\u0142aw\u003C\/li\u003E\n\u003Cli\u003ESpyra Piotr\u003C\/li\u003E\n\u003Cli\u003EStachowicz Krzysztof\u003C\/li\u003E\n\u003Cli\u003EStarc Martyna\u003C\/li\u003E\n\u003Cli\u003EStryjak Cezary\u003C\/li\u003E\n\u003Cli\u003ESzewi\u0144ski Andrzej\u003C\/li\u003E\n\u003Cli\u003ESzpyrka Grzegorz\u003C\/li\u003E\n\u003Cli\u003ESztolcman Grzegorz\u003C\/li\u003E\n\u003Cli\u003ESzymonik Tadeusz\u003C\/li\u003E\n\u003Cli\u003E\u015alaski Krzysztof\u003C\/li\u003E\n\u003Cli\u003E\u015amigielski Bogus\u0142aw\u003C\/li\u003E\n\u003Cli\u003E\u015awierkocki Jacek\u003C\/li\u003E\n\u003Cli\u003E\u015awietlicki Jacek\u003C\/li\u003E\n\u003Cli\u003Evan der Coghen Piotr\u003C\/li\u003E\n\u003Cli\u003EW\u0119glarzy Karol\u003C\/li\u003E\n\u003Cli\u003EWilk Zygmunt\u003C\/li\u003E\n\u003Cli\u003EWolak Adam\u003C\/li\u003E\n\u003Cli\u003EWrona Tomasz\u003C\/li\u003E\n\u003Cli\u003EZamorski Wojciech\u003C\/li\u003E\n\u003Cli\u003EZarzycki Piotr\u003C\/li\u003E\n\u003Cli\u003EZdzieb\u0142o Adam\u003C\/li\u003E\n\u003Cli\u003EZienc Piotr\u003C\/li\u003E\n\u003Cli\u003EZi\u0119tek Jerzy\u003C\/li\u003E\n\u003C\/ul\u003E","promotion":false}},{"id":"bf6dbc25-d119-11e7-80a9-005056b46601","type":"Gallery","name":"Galeria","description":"Galeria"},{"id":"bf6e1f6b-d119-11e7-80a9-005056b46601","type":"Attachment","name":"Za\u0142\u0105czniki","description":"Za\u0142\u0105czniki do strony"},{"id":"eba03b25-d9a7-11e7-b355-005056b70dba","type":"PageTitle","name":"","description":"Tytu\u0142 strony","content":{"title":"Radni III kadencji (2006-2010)"}},{"id":"eba07701-d9a7-11e7-b355-005056b70dba","type":"PageDescription","name":"","description":"Zajawka strony","content":[]},{"id":"1b1a7940-ff78-11e7-b81e-005056b7801d","type":"SectionDescription","name":"","description":"Zajawka sekcji","content":[]}]}