{"id":10525,"name":"alina-bednarz","title":"Alina Bednarz","desc":"","header":"Alina Bednarz","lead":"Wiceprzewodnicz\u0105ca Sejmiku","keywords":"","changes":"aktualizacja wpisu - zamieszczenie zdj\u0119cia","menu":"","path":"\/sejmik_wojewodztwa\/radni_sejmiku\/alina-bednarz.html","url":"\/sejmik_wojewodztwa\/radni_sejmiku\/alina-bednarz.html","infoOwner":"Urz\u0105d Marsza\u0142kowski Wojew\u00f3dztwa \u015al\u0105skiego","dateFirstPublicate":"2019-11-19 14:18:57","dateLastVersionPublicate":"2024-09-11 14:10:19","dateAvailableFrom":"","dateAvailableTo":"","type":"Radni Wojew\u00f3dztwa aktualne","pageParams":[{"id":"227","name":"Imi\u0119","description":"Imi\u0119","value":"Alina"},{"id":"228","name":"Nazwisko","description":"Nazwisko","value":"Bednarz"}],"components":[{"id":"6b835e6b-59b6-493f-8431-3eedaa3e4e39","type":"ContentWYSIWYG","name":"Tre\u015b\u0107","description":"Tre\u015b\u0107 strony","content":{"content":"\u003Cp style=\u0022box-sizing: border-box; margin: 0px 0px 20px; color: #555555; font-family: Arial, sans-serif; font-size: 14px; font-style: normal; font-variant-ligatures: normal; font-variant-caps: normal; font-weight: 400; letter-spacing: normal; orphans: 2; text-align: start; text-indent: 0px; text-transform: none; widows: 2; word-spacing: 0px; -webkit-text-stroke-width: 0px; white-space: normal; background-color: #ffffff; text-decoration-thickness: initial; text-decoration-style: initial; text-decoration-color: initial;\u0022\u003E\u003Cimg class=\u0022img-responsive\u0022 src=\u0022https:\/\/bip.slaskie.pl\/resource\/image\/2\/613\/75892\/94235\/0x0.jpg\u0022 alt=\u0022Alina Bednarz zdj\u0119cie portretowe\u0022 caption=\u0022false\u0022 width=\u0022210\u0022 height=\u0022290\u0022 \/\u003E\u003C\/p\u003E\n\u003Cp style=\u0022box-sizing: border-box; margin: 0px 0px 20px; color: #555555; font-family: Arial, sans-serif; font-size: 14px; font-style: normal; font-variant-ligatures: normal; font-variant-caps: normal; font-weight: 400; letter-spacing: normal; orphans: 2; text-align: start; text-indent: 0px; text-transform: none; widows: 2; word-spacing: 0px; -webkit-text-stroke-width: 0px; white-space: normal; background-color: #ffffff; text-decoration-thickness: initial; text-decoration-style: initial; text-decoration-color: initial;\u0022\u003Etel. +48 (32) 20 78 273\u003Cbr \/\u003E\u003Ca href=\u0022mailto:alina.bednarz@slaskie.pl\u0022\u003Ealina.bednarz@slaskie.pl\u003C\/a\u003E\u003C\/p\u003E\n\u003Cp style=\u0022box-sizing: border-box; margin: 0px 0px 20px; color: #555555; font-family: Arial, sans-serif; font-size: 14px; font-style: normal; font-variant-ligatures: normal; font-variant-caps: normal; font-weight: 400; letter-spacing: normal; orphans: 2; text-align: start; text-indent: 0px; text-transform: none; widows: 2; word-spacing: 0px; -webkit-text-stroke-width: 0px; white-space: normal; text-decoration-thickness: initial; text-decoration-style: initial; text-decoration-color: initial; background-color: #ffffff;\u0022\u003EWybrana z listy:\u003Cspan\u003E\u00a0\u003C\/span\u003E\u003Cstrong style=\u0022box-sizing: border-box; font-weight: bold;\u0022\u003EKoalicyjny Komitet Wyborczy Koalicja Obywatelska\u003C\/strong\u003E\u003Cbr style=\u0022box-sizing: border-box;\u0022 \/\u003EOkr\u0119g wyborczy:\u003Cspan\u003E\u00a0\u003C\/span\u003E\u003Cstrong style=\u0022box-sizing: border-box; font-weight: bold;\u0022\u003Enr 2\u003C\/strong\u003E\u003Cbr style=\u0022box-sizing: border-box;\u0022 \/\u003ELiczba uzyskanych g\u0142os\u00f3w:\u003Cstrong style=\u0022box-sizing: border-box; font-weight: bold;\u0022\u003E\u003Cspan\u003E\u00a0\u003C\/span\u003E21 080\u003C\/strong\u003E\u003C\/p\u003E\n\u003Chr \/\u003E\n\u003Cp style=\u0022box-sizing: border-box; margin: 0px 0px 20px; color: #555555; font-family: Arial, sans-serif; font-size: 14px; font-style: normal; font-variant-ligatures: normal; font-variant-caps: normal; font-weight: 400; letter-spacing: normal; orphans: 2; text-align: start; text-indent: 0px; text-transform: none; widows: 2; word-spacing: 0px; -webkit-text-stroke-width: 0px; white-space: normal; text-decoration-thickness: initial; text-decoration-style: initial; text-decoration-color: initial; background-color: #ffffff;\u0022\u003E\u003Cstrong style=\u0022box-sizing: border-box; font-weight: bold;\u0022\u003E\u003Cstrong style=\u0022box-sizing: border-box; font-weight: bold; color: #555555; font-family: Arial, sans-serif; font-size: 14px; font-style: normal; font-variant-ligatures: normal; font-variant-caps: normal; letter-spacing: normal; orphans: 2; text-align: start; text-indent: 0px; text-transform: none; widows: 2; word-spacing: 0px; -webkit-text-stroke-width: 0px; white-space: normal; background-color: #ffffff; text-decoration-thickness: initial; text-decoration-style: initial; text-decoration-color: initial;\u0022\u003E\u003Cspan style=\u0022box-sizing: border-box; color: #555555; font-family: Arial, sans-serif; font-size: 14px; font-style: normal; font-variant-ligatures: normal; font-variant-caps: normal; font-weight: 400; letter-spacing: normal; orphans: 2; text-align: start; text-indent: 0px; text-transform: none; widows: 2; word-spacing: 0px; -webkit-text-stroke-width: 0px; white-space: normal; text-decoration-thickness: initial; text-decoration-style: initial; text-decoration-color: initial;\u0022\u003EData i miejsce urodzenia:\u003Cspan style=\u0022box-sizing: border-box;\u0022\u003E \u003C\/span\u003E\u003Cstrong\u003E14.04.1958, Tychy\u003C\/strong\u003E\u003Cbr style=\u0022box-sizing: border-box;\u0022 \/\u003EStan cywilny:\u003Cspan style=\u0022box-sizing: border-box;\u0022\u003E \u003C\/span\u003E\u003Cstrong\u003Em\u0119\u017catka\u003C\/strong\u003E\u003Cbr style=\u0022box-sizing: border-box;\u0022 \/\u003EWykszta\u0142cenie:\u003Cspan style=\u0022box-sizing: border-box;\u0022\u003E\u00a0\u003C\/span\u003E\u003Cstrong\u003Ewy\u017csze\u003C\/strong\u003E\u003Cbr style=\u0022box-sizing: border-box;\u0022 \/\u003ENazwa uko\u0144czonej szko\u0142y\/uczelni:\u003Cstrong\u003E\u003Cspan style=\u0022box-sizing: border-box;\u0022\u003E Uniwersytet \u015al\u0105ski\u003C\/span\u003E\u003C\/strong\u003E,\u003Cbr \/\u003E\u00a0\u00a0\u00a0\u00a0\u00a0\u00a0\u00a0\u00a0\u00a0\u00a0\u00a0\u00a0\u00a0\u00a0\u00a0\u00a0\u00a0\u00a0\u00a0\u00a0\u00a0\u00a0\u00a0\u00a0\u00a0\u00a0\u00a0\u00a0\u00a0\u00a0\u00a0\u00a0\u00a0\u00a0\u00a0\u00a0\u00a0\u00a0\u00a0\u00a0\u00a0\u00a0\u00a0\u00a0\u00a0\u00a0\u00a0\u00a0\u00a0\u00a0\u00a0\u00a0 \u003Cstrong\u003EUniwersytet Ekonomiczny - studia podyplomowe\u003C\/strong\u003E\u003Cbr style=\u0022box-sizing: border-box;\u0022 \/\u003EKierunek:\u003Cspan style=\u0022box-sizing: border-box;\u0022\u003E \u003C\/span\u003E\u003Cstrong\u003Efilologia germa\u0144ska,\u003C\/strong\u003E\u003Cbr \/\u003E\u00a0\u00a0\u00a0\u00a0\u00a0\u00a0\u00a0\u00a0\u00a0\u00a0\u00a0\u00a0\u00a0\u00a0\u00a0 \u003Cstrong\u003Epublic relations\u003C\/strong\u003E\u003Cbr style=\u0022box-sizing: border-box;\u0022 \/\u003E\u003C\/span\u003E\u003Cspan style=\u0022box-sizing: border-box; color: #555555; font-family: Arial, sans-serif; font-size: 14px; font-style: normal; font-variant-ligatures: normal; font-variant-caps: normal; font-weight: 400; letter-spacing: normal; orphans: 2; text-align: start; text-indent: 0px; text-transform: none; widows: 2; word-spacing: 0px; -webkit-text-stroke-width: 0px; white-space: normal; text-decoration-thickness: initial; text-decoration-style: initial; text-decoration-color: initial;\u0022\u003EG\u0142\u00f3wne punkty kariery zawodowej: \u003Cstrong\u003ELewiatan Detal Holding S.A. - dyrektor marketingu (1998-2003),\u003C\/strong\u003E\u003Cbr \/\u003E\u00a0\u00a0\u00a0\u00a0\u00a0\u00a0\u00a0\u00a0\u00a0\u00a0\u00a0\u00a0\u00a0\u00a0\u00a0\u00a0\u00a0\u00a0\u00a0\u00a0\u00a0\u00a0\u00a0\u00a0\u00a0\u00a0\u00a0\u00a0\u00a0\u00a0\u00a0\u00a0\u00a0\u00a0\u00a0\u00a0\u00a0\u00a0\u00a0\u00a0\u00a0\u00a0\u00a0\u00a0\u00a0\u00a0\u00a0\u00a0\u00a0\u00a0\u00a0\u00a0\u00a0\u00a0 \u003Cstrong\u003EP.H.U. Marko sp. z o.o. - prezes zarz\u0105du (2003-2018)\u003C\/strong\u003E\u003C\/span\u003E\u003C\/strong\u003E\u003C\/strong\u003E\u003Cspan style=\u0022font-size: 14px;\u0022\u003E\u003Cstrong\u003E\u003Cspan style=\u0022box-sizing: border-box; color: #555555; font-family: Arial, sans-serif; font-style: normal; font-variant-ligatures: normal; font-variant-caps: normal; letter-spacing: normal; text-align: start; text-indent: 0px; text-transform: none; word-spacing: 0px; -webkit-text-stroke-width: 0px; white-space: normal; text-decoration-thickness: initial; text-decoration-style: initial; text-decoration-color: initial;\u0022\u003E,\u003C\/span\u003E\u003C\/strong\u003E\u003C\/span\u003E\u003Cstrong style=\u0022box-sizing: border-box; font-weight: bold;\u0022\u003E\u003Cstrong style=\u0022box-sizing: border-box; font-weight: bold; color: #555555; font-family: Arial, sans-serif; font-size: 14px; font-style: normal; font-variant-ligatures: normal; font-variant-caps: normal; letter-spacing: normal; orphans: 2; text-align: start; text-indent: 0px; text-transform: none; widows: 2; word-spacing: 0px; -webkit-text-stroke-width: 0px; white-space: normal; background-color: #ffffff; text-decoration-thickness: initial; text-decoration-style: initial; text-decoration-color: initial;\u0022\u003E\u003Cspan style=\u0022box-sizing: border-box; color: #555555; font-family: Arial, sans-serif; font-size: 14px; font-style: normal; font-variant-ligatures: normal; font-variant-caps: normal; font-weight: 400; letter-spacing: normal; orphans: 2; text-align: start; text-indent: 0px; text-transform: none; widows: 2; word-spacing: 0px; -webkit-text-stroke-width: 0px; white-space: normal; text-decoration-thickness: initial; text-decoration-style: initial; text-decoration-color: initial;\u0022\u003E\u003Cbr \/\u003E\u00a0\u00a0\u00a0\u00a0\u00a0\u00a0\u00a0\u00a0\u00a0\u00a0\u00a0\u00a0\u00a0\u00a0\u00a0\u00a0\u00a0\u00a0\u00a0\u00a0\u00a0\u00a0\u00a0\u00a0\u00a0\u00a0\u00a0\u00a0\u00a0\u00a0\u00a0\u00a0\u00a0\u00a0\u00a0\u00a0\u00a0\u00a0\u00a0\u00a0\u00a0\u00a0\u00a0\u00a0\u00a0\u00a0\u00a0\u00a0\u00a0\u00a0\u00a0\u00a0\u00a0\u00a0 \u003Cstrong\u003EStowarzyszenie ON\/OFF - prezes (2012 - teraz)\u003C\/strong\u003E\u003Cbr \/\u003E\u003C\/span\u003E\u003C\/strong\u003E\u003Cspan style=\u0022box-sizing: border-box; color: #555555; font-family: Arial, sans-serif; font-size: 14px; font-style: normal; font-variant-ligatures: normal; font-variant-caps: normal; font-weight: 400; letter-spacing: normal; orphans: 2; text-align: start; text-indent: 0px; text-transform: none; widows: 2; word-spacing: 0px; -webkit-text-stroke-width: 0px; white-space: normal; background-color: #ffffff; text-decoration-thickness: initial; text-decoration-style: initial; text-decoration-color: initial;\u0022\u003EInne pe\u0142nione funkcje:\u003Cspan style=\u0022box-sizing: border-box;\u0022\u003E \u003C\/span\u003E\u003C\/span\u003E\u003C\/strong\u003E\u003Cstrong\u003E\u003Cspan style=\u0022box-sizing: border-box; color: #555555; font-family: Arial, sans-serif; font-size: 14px; font-style: normal; font-variant-ligatures: normal; font-variant-caps: normal; letter-spacing: normal; text-align: start; text-indent: 0px; text-transform: none; word-spacing: 0px; -webkit-text-stroke-width: 0px; white-space: normal; background-color: #ffffff; text-decoration-thickness: initial; text-decoration-style: initial; text-decoration-color: initial;\u0022\u003Eprzewodnicz\u0105ca dora\u017anej Komisji ds. R\u00f3wnego Traktowania, Dialogu Obywatelskiego \u003Cbr \/\u003E\u00a0\u00a0\u00a0\u00a0\u00a0\u00a0\u00a0\u00a0\u00a0\u00a0\u00a0\u00a0\u00a0\u00a0\u00a0\u00a0\u00a0\u00a0\u00a0\u00a0\u00a0\u00a0\u00a0\u00a0\u00a0\u00a0\u00a0\u00a0\u00a0\u00a0\u00a0\u00a0\u00a0\u00a0\u00a0 i Wielokulturowo\u015bci\u003C\/span\u003E\u003Cspan style=\u0022box-sizing: border-box; color: #555555; font-family: Arial, sans-serif; font-size: 14px; font-style: normal; font-variant-ligatures: normal; font-variant-caps: normal; letter-spacing: normal; text-align: start; text-indent: 0px; text-transform: none; word-spacing: 0px; -webkit-text-stroke-width: 0px; white-space: normal; text-decoration-thickness: initial; text-decoration-style: initial; text-decoration-color: initial;\u0022\u003E,\u003C\/span\u003E\u003Cspan style=\u0022box-sizing: border-box; color: #555555; font-family: Arial, sans-serif; font-size: 14px; font-style: normal; font-variant-ligatures: normal; font-variant-caps: normal; letter-spacing: normal; text-align: start; text-indent: 0px; text-transform: none; word-spacing: 0px; -webkit-text-stroke-width: 0px; white-space: normal; text-decoration-thickness: initial; text-decoration-style: initial; text-decoration-color: initial;\u0022\u003E\u003Cbr style=\u0022box-sizing: border-box;\u0022 \/\u003E\u00a0\u00a0\u00a0\u00a0\u00a0\u00a0\u00a0\u00a0\u00a0\u00a0\u00a0\u00a0\u00a0\u00a0\u00a0\u00a0\u00a0\u00a0\u00a0\u00a0\u00a0\u00a0\u00a0\u00a0\u00a0\u00a0\u00a0\u00a0\u00a0\u00a0\u00a0\u00a0\u00a0\u00a0\u00a0\u003Cspan style=\u0022box-sizing: border-box;\u0022\u003E przewodnicz\u0105ca Rady Spo\u0142ecznej Okr\u0119gowego Szpitala Kolejowego w Katowicach\u003C\/span\u003E\u003Cbr style=\u0022box-sizing: border-box;\u0022 \/\u003E\u003C\/span\u003E\u003C\/strong\u003E\u003Cspan style=\u0022box-sizing: border-box; color: #555555; font-family: Arial, sans-serif; font-size: 14px; font-style: normal; font-variant-ligatures: normal; font-variant-caps: normal; letter-spacing: normal; text-align: start; text-indent: 0px; text-transform: none; word-spacing: 0px; -webkit-text-stroke-width: 0px; white-space: normal; text-decoration-thickness: initial; text-decoration-style: initial; text-decoration-color: initial;\u0022\u003ES\u003C\/span\u003E\u003Cspan style=\u0022box-sizing: border-box; color: #555555; font-family: Arial, sans-serif; font-size: 14px; font-style: normal; font-variant-ligatures: normal; font-variant-caps: normal; letter-spacing: normal; text-align: start; text-indent: 0px; text-transform: none; word-spacing: 0px; -webkit-text-stroke-width: 0px; white-space: normal; text-decoration-thickness: initial; text-decoration-style: initial; text-decoration-color: initial;\u0022\u003Eta\u017c w Sejmiku Wojew\u00f3dztwa:\u003C\/span\u003E\u003Cstrong\u003E\u003Cspan style=\u0022box-sizing: border-box; color: #555555; font-family: Arial, sans-serif; font-size: 14px; font-style: normal; font-variant-ligatures: normal; font-variant-caps: normal; letter-spacing: normal; text-align: start; text-indent: 0px; text-transform: none; word-spacing: 0px; -webkit-text-stroke-width: 0px; white-space: normal; text-decoration-thickness: initial; text-decoration-style: initial; text-decoration-color: initial;\u0022\u003E\u003Cspan style=\u0022box-sizing: border-box;\u0022\u003E\u00a0\u003C\/span\u003Eradna VI kadencji\u003C\/span\u003E\u003C\/strong\u003E\u003C\/p\u003E\n\u003Chr \/\u003E\n\u003Cp\u003E\u003Cstrong style=\u0022box-sizing: border-box; font-weight: bold; color: #555555; font-family: Arial, sans-serif; font-size: 14px; font-style: normal; font-variant-ligatures: normal; font-variant-caps: normal; letter-spacing: normal; orphans: 2; text-align: start; text-indent: 0px; text-transform: none; widows: 2; word-spacing: 0px; -webkit-text-stroke-width: 0px; white-space: normal; text-decoration-thickness: initial; text-decoration-style: initial; text-decoration-color: initial;\u0022\u003ECz\u0142onek nast\u0119puj\u0105cych komisji Sejmiku:\u003C\/strong\u003E\u003C\/p\u003E\n\u003Cp style=\u0022box-sizing: border-box; margin: 0px 0px 20px; color: #555555; font-family: Arial, sans-serif; font-size: 14px; font-style: normal; font-variant-ligatures: normal; font-variant-caps: normal; font-weight: 400; letter-spacing: normal; orphans: 2; text-align: start; text-indent: 0px; text-transform: none; widows: 2; word-spacing: 0px; -webkit-text-stroke-width: 0px; white-space: normal; text-decoration-thickness: initial; text-decoration-style: initial; text-decoration-color: initial; background-color: #ffffff;\u0022\u003E1) Cz\u0142onek Komisji Edukacji, Nauki i Kultury\u003Cbr \/\u003E2) Cz\u0142onek Komisji Polityki Spo\u0142ecznej i Ochrony Zdrowia\u003Cbr \/\u003E3) Cz\u0142onek Komisji Wsp\u00f3\u0142pracy Zagranicznej i Integracji Europejskiej\u003C\/p\u003E","promotion":false}},{"id":"f63071a9-09dc-4012-8cce-b3cf724aef0f","type":"Gallery","name":"Galeria","description":"Galeria"},{"id":"f8898214-fd0e-4b99-9503-4c7d14dcff0f","type":"Attachment","name":"Za\u0142\u0105czniki","description":"Za\u0142\u0105czniki do strony"},{"id":"d30eb9af-40c3-4af2-870f-5f79386e1384","type":"PageTitle","name":"","description":"Tytu\u0142 strony","content":{"title":"Alina Bednarz"}},{"id":"35511207-2200-11e8-b81e-005056b7801d","type":"SectionDescription","name":"","description":"Zajawka sekcji","content":[]}]}