{"id":28725,"name":"uchwala-sejmiku-nr-i11191999-z-dnia-1999-08-30","title":"Uchwa\u0142a Sejmiku nr I\/11\/19\/1999 z dnia 1999-08-30","desc":"","header":"Uchwa\u0142a Sejmiku nr I\/11\/19\/1999 z dnia 1999-08-30","lead":"","keywords":"","changes":"migracja danych","menu":"","path":"\/sejmik_wojewodztwa\/sesje_sejmiku\/uchwaly\/uchwala-sejmiku-nr-i11191999-z-dnia-1999-08-30.html","url":"\/sejmik_wojewodztwa\/sesje_sejmiku\/uchwaly\/uchwala-sejmiku-nr-i11191999-z-dnia-1999-08-30.html","infoOwner":"Urz\u0105d Marsza\u0142kowski Wojew\u00f3dztwa \u015al\u0105skiego","dateFirstPublicate":"2022-03-31 09:39:08","dateLastVersionPublicate":"2022-03-31 09:39:08","dateAvailableFrom":"","dateAvailableTo":"","type":"Uchwa\u0142a Sejmiku","pageParams":[{"id":"225","name":"DATA_OGLOSZENIA","description":"Data og\u0142oszenia","value":"1999-08-30"},{"id":"235","name":"W sprawie","description":"W sprawie","value":"zasad i trybu umarzania wierzytelno\u015bci wojew\u00f3dzkich samorz\u0105dowych jednostek organizacyjnych z tytu\u0142u nale\u017cno\u015bci pieni\u0119\u017cnych,do kt\u00f3rych nie stosuje si\u0119 przepis\u00f3w ustawy z dnia 29 sierpnia 1997 roku - Ordynacja podatkowa, udzielania innych ulg w sp\u0142acaniu"},{"id":"299","name":"NUMER_UCHWALY_SEJMIKU","description":"Numer uchwa\u0142y","value":"I\/11\/19\/1999"}],"components":[{"id":"bf6d5eba-d119-11e7-80a9-005056b46601","type":"ContentWYSIWYG","name":"Tre\u015b\u0107","description":"Tre\u015b\u0107 strony","content":{"content":"\u003Cdiv class=\u0022lead1\u0022\u003ENa podstawie\u003Cbr \/\u003Eart. 18 pkt. 20 ustawy z dnia 5 czerwca 1998 roku\u003Cbr \/\u003E o samorz\u0105dzie wojew\u00f3dztwa\u003Cbr \/\u003E (Dz. U. z 1998 roku, Nr 91, poz.576 z p\u00f3\u017an. zm.)\u003Cbr \/\u003E oraz art. 34 a ustawy z dnia 26 listopada 1998 roku o finansach publicznych \u003Cbr \/\u003E (Dz. U. z 1998 roku, Nr 155, poz.1014 z p\u00f3\u017an. zm.)\u003C\/div\u003E\n\u003Cdiv class=\u0022tresc\u0022\u003E\n\u003Cdiv align=\u0022center\u0022\u003E\u00a7 1\u003C\/div\u003E\n\u003Cbr \/\u003E \u003Cbr \/\u003E Zasady i tryb umarzania wierzytelno\u015bci samorz\u0105dowych jednostek organizacyjnych Wojew\u00f3dztwa \u015al\u0105skiego z tytu\u0142u nale\u017cno\u015bci pieni\u0119\u017cnych, do kt\u00f3rych nie stosuje si\u0119 przepis\u00f3w ustawy - Ordynacja podatkowa (Dz. U. z 1997 r., nr 137, poz. 926 z p\u00f3\u017an. zm.) oraz udzielania innych ulg w sp\u0142acaniu tych nale\u017cno\u015bci, stanowi\u0105ce za\u0142\u0105cznik nr 1 do uchwa\u0142y.\u003Cbr \/\u003E \u003Cbr \/\u003E\n\u003Cdiv align=\u0022center\u0022\u003E\u00a7 2\u003C\/div\u003E\n\u003Cbr \/\u003E \u003Cbr \/\u003E Wskaza\u0107 nast\u0119puj\u0105ce organy uprawnione do umarzania, rozk\u0142adania na raty, odraczania termin\u00f3w p\u0142atno\u015bci nale\u017cno\u015bci pieni\u0119\u017cnych:\u003Cbr \/\u003E \u003Cbr \/\u003E 1. Zarz\u0105d Wojew\u00f3dztwa - powy\u017cej 2 - krotnego przeci\u0119tnego wynagrodzenia, okre\u015blonego w za\u0142\u0105czniku nr 1 do niniejszej uchwa\u0142y, dla roku poprzedzaj\u0105cego umorzenie, roz\u0142o\u017cenie na raty, odroczenie termin\u00f3w p\u0142atno\u015bci - w stosunku do jednego d\u0142u\u017cnika rocznie.\u003Cbr \/\u003E \u003Cbr \/\u003E 2. Dyrektorzy wojew\u00f3dzkich samorz\u0105dowych jednostek organizacyjnych - do wysoko\u015bci 2 - krotnego przeci\u0119tnego wynagrodzenia, okre\u015blonego w za\u0142\u0105czniku nr 1 do niniejszej uchwa\u0142y, dla roku poprzedzaj\u0105cego umorzenie, roz\u0142o\u017cenie na raty, odroczenie termin\u00f3w p\u0142atno\u015bci w stosunku do jednego d\u0142u\u017cnika rocznie. \u003Cbr \/\u003E \u003Cbr \/\u003E\n\u003Cdiv align=\u0022center\u0022\u003E\u00a7 3\u003C\/div\u003E\n\u003Cbr \/\u003E \u003Cbr \/\u003E Wykonanie uchwa\u0142y powierzy\u0107 Zarz\u0105dowi Wojew\u00f3dztwa \u015al\u0105skiego.\u003Cbr \/\u003E \u003Cbr \/\u003E\n\u003Cdiv align=\u0022center\u0022\u003E\u00a7 4\u003C\/div\u003E\n\u003Cbr \/\u003E \u003Cbr \/\u003E Uchwa\u0142a wchodzi w \u017cycie z dniem podj\u0119cia.\u003Cbr \/\u003E \u003Cbr \/\u003E Ryszard Ostrowski\u003Cbr \/\u003EPrzewodnicz\u0105cy Sejmiku\u003Cbr \/\u003EWojew\u00f3dztwa \u015al\u0105skiego\u003C\/div\u003E\n\u003Cdiv class=\u0022tresc\u0022\u003E\u003C\/div\u003E\n\u003Cdiv class=\u0022tresc\u0022\u003E\n\u003Cdiv align=\u0022right\u0022\u003E\n\u003Ctable width=\u0022620\u0022 cellspacing=\u00220\u0022 cellpadding=\u00220\u0022 border=\u00220\u0022 align=\u0022center\u0022\u003E\n\u003Ctbody\u003E\n\u003Ctr\u003E\n\u003Ctd colspan=\u00223\u0022\u003E\n\u003Cdiv align=\u0022right\u0022\u003E\n\u003Cp class=\u0022tekst\u0022 style=\u0022text-align: left;\u0022\u003E\u003Cspan style=\u0022font-size: xx-small;\u0022 size=\u00221\u0022\u003EZa\u0142\u0105cznik nr 1\u003Cbr \/\u003E do uchwa\u0142y Sejmiku \u003Cbr \/\u003E Wojew\u00f3dztwa \u015al\u0105skiego\u003Cbr \/\u003E Nr I\/11\/19\/99 z dnia 30 sierpnia 1999 roku \u003C\/span\u003E\u003C\/p\u003E\n\u003Cspan style=\u0022font-size: xx-small;\u0022 size=\u00221\u0022\u003E \u003C\/span\u003E\u003C\/div\u003E\n\u003Cp class=\u0022tekst\u0022\u003E\u003Cbr \/\u003E \u003Cb\u003EZasady i tryb umarzania wierzytelno\u015bci wojew\u00f3dzkich samorz\u0105dowych jednostek organizacyjnych z tytu\u0142u nale\u017cno\u015bci pieni\u0119\u017cnych oraz udzielania innych ulg w sp\u0142acaniu tych nale\u017cno\u015bci, do kt\u00f3rych nie stosuje si\u0119 przepis\u00f3w ustawy z dnia 29 sierpnia 1997 roku - Ordynacja podatkowa\u003C\/b\u003E\u003C\/p\u003E\n\u003Cp\u003E\u00a0\u003C\/p\u003E\n\u003Cp class=\u0022tekst\u0022\u003E1. Ilekro\u0107 w uchwale i w za\u0142\u0105czniku jest mowa o:\u003C\/p\u003E\n\u003Cp class=\u0022tekst\u0022\u003E1\/ decyzji - rozumie si\u0119 przez to wyra\u017cone na pi\u015bmie o\u015bwiadczenie woli uprawnionego organu w sprawie umorzenia nale\u017cno\u015bci pieni\u0119\u017cnej, odroczenia terminu zap\u0142aty lub roz\u0142o\u017cenia jej na raty. Zarz\u0105d Wojew\u00f3dztwa podejmie w tym przedmiocie uchwa\u0142\u0119.\u003C\/p\u003E\n\u003Cp class=\u0022tekst\u0022\u003E2\/ nale\u017cno\u015bci - rozumie si\u0119 przez to nale\u017cno\u015b\u0107 pieni\u0119\u017cn\u0105 (nale\u017cno\u015b\u0107 g\u0142\u00f3wn\u0105) przypadaj\u0105c\u0105 od jednego d\u0142u\u017cnika warz z nale\u017cnymi odsetkami i kosztami dochodzenia nale\u017cno\u015bci (nale\u017cno\u015bci uboczne) wed\u0142ug stanu w chwili podejmowania decyzji, a je\u017celi nale\u017cno\u015b\u0107 g\u0142\u00f3wna zasta\u0142a zap\u0142acona i pozosta\u0142y do zap\u0142aty odsetki i koszty - sum\u0119 tych nale\u017cno\u015bci ubocznych,\u003C\/p\u003E\n\u003Cp class=\u0022tekst\u0022\u003E3\/ przeci\u0119tnym wynagrodzeniu - rozumie si\u0119 przez to kwot\u0119 wynagrodzenia miesi\u0119cznego okre\u015blon\u0105 w obwieszczeniu Prezesa G\u0142\u00f3wnego Urz\u0119du Statystycznego w celu naliczenia odpisu na zak\u0142adowy fundusz \u015bwiadcze\u0144 socjalnych, dla roku poprzedzaj\u0105cego rok wydania decyzji o kt\u00f3rej mowa w pkt. 1.\u003C\/p\u003E\n\u003Cp class=\u0022tekst\u0022\u003E4\/ organie uprawnionym - rozumie si\u0119 przez to dyrektora wojew\u00f3dzkiej samorz\u0105dowej jednostki organizacyjnej lub Zarz\u0105d Wojew\u00f3dztwa, zgodnie z uchwa\u0142\u0105 Sejmiku Wojew\u00f3dztwa \u015al\u0105skiego wskazuj\u0105c\u0105 ten organ w zale\u017cno\u015bci od wysoko\u015bci zad\u0142u\u017cenia.\u003C\/p\u003E\n\u003Cp class=\u0022tekst\u0022\u003E\u003Cbr \/\u003E 2. Nale\u017cno\u015b\u0107 mo\u017ce zosta\u0107 umorzona w ca\u0142o\u015bci lub w cz\u0119\u015bci, je\u017celi:\u003C\/p\u003E\n\u003Cp class=\u0022tekst\u0022\u003E1\/ nale\u017cno\u015bci nie \u015bci\u0105gni\u0119to w toku zako\u0144czonego post\u0119powania likwidacyjnego lub upad\u0142o\u015bciowego,\u003Cbr \/\u003E 2\/ nie mo\u017cna ustali\u0107 d\u0142u\u017cnika,\u003Cbr \/\u003E 3\/ d\u0142u\u017cnik zmar\u0142,\u003Cbr \/\u003E 4\/ \u015bci\u0105gni\u0119cie nale\u017cno\u015bci zagra\u017ca wa\u017cnym interesom d\u0142u\u017cnika, a w szczeg\u00f3lno\u015bci jego egzystencji,\u003Cbr \/\u003E 5\/ zachodzi uzasadnione przypuszczenie, \u017ce w post\u0119powaniu egzekucyjnym nie uzyska si\u0119 kwoty wy\u017cszej od koszt\u00f3w dochodzenia i egzekucji tej nale\u017cno\u015bci, lub post\u0119powanie egzekucyjne okaza\u0142o si\u0119 nieskuteczne,\u003Cbr \/\u003E 6\/ nale\u017cno\u015b\u0107 g\u0142\u00f3wna jest mniejsza lub r\u00f3wna podw\u00f3jnej kwocie najni\u017cszego wpisu s\u0105dowego od pozwu.\u003C\/p\u003E\n\u003Cp class=\u0022tekst\u0022\u003E\u003Cbr \/\u003E 3. Umorzenie w przypadkach okre\u015blonych w pkt 2 ppkt 1, 4, 5, mo\u017ce nast\u0105pi\u0107 na wniosek d\u0142u\u017cnika, a w przypadkach okre\u015blonych w pkt 2 ppkt 2, 3, 5, i 6 - r\u00f3wnie\u017c z urz\u0119du.\u003Cbr \/\u003E \u003Cbr \/\u003E 4. W przypadkach uzasadnionych wzgl\u0119dami spo\u0142ecznymi lub gospodarczymi organ uprawniony, na wniosek d\u0142u\u017cnika, mo\u017ce odroczy\u0107 termin zap\u0142aty ca\u0142o\u015bci lub cz\u0119\u015bci nale\u017cno\u015bci lub roz\u0142o\u017cy\u0107 p\u0142atno\u015b\u0107 ca\u0142o\u015bci lub cz\u0119\u015bci nale\u017cno\u015bci na raty, bior\u0105c pod uwag\u0119 mo\u017cliwo\u015bci p\u0142atnicze d\u0142u\u017cnika oraz uzasadniony interes jednostki.\u003Cbr \/\u003E \u003Cbr \/\u003E 5. Organ w\u0142a\u015bciwy do umarzania wierzytelno\u015bci jest r\u00f3wnie\u017c uprawniony do umarzania odsetek oraz innych nale\u017cno\u015bci ubocznych.\u003Cbr \/\u003E \u003Cbr \/\u003E 6. Umorzenie nale\u017cno\u015bci pieni\u0119\u017cnej, za kt\u00f3r\u0105 odpowiada solidarnie wi\u0119cej ni\u017c jeden d\u0142u\u017cnik, mo\u017ce nast\u0105pi\u0107, gdy okoliczno\u015bci uzasadniaj\u0105ce umorzenie zachodz\u0105 co do wszystkich zobowi\u0105zanych.\u003Cbr \/\u003E \u003Cbr \/\u003E 7. Nale\u017cno\u015b\u0107 g\u0142\u00f3wna z tytu\u0142u odszkodowania za zagarni\u0119cie mienia spo\u0142ecznego nie mo\u017ce by\u0107 umorzona przed up\u0142ywem 10 lat od daty pope\u0142nienia tego przest\u0119pstwa, chyba \u017ce zachodz\u0105 okoliczno\u015bci okre\u015blone w pkt 2. ppkt 3.\u003Cbr \/\u003E \u003Cbr \/\u003E 8. Umorzenie nale\u017cno\u015bci g\u0142\u00f3wnej poci\u0105ga za sob\u0105 umorzenie nale\u017cno\u015bci ubocznych. Je\u017celi umorzenie dotyczy cz\u0119\u015bci nale\u017cno\u015bci g\u0142\u00f3wnej, w odpowiednim stosunku do tej nale\u017cno\u015bci podlegaj\u0105 umorzeniu nale\u017cno\u015bci uboczne.\u003Cbr \/\u003E \u003Cbr \/\u003E 9. Okres odroczenia terminu p\u0142atno\u015bci nie mo\u017ce by\u0107 d\u0142u\u017cszy ni\u017c 1 rok.\u003C\/p\u003E\n\u003Cp class=\u0022tekst\u0022\u003E10. Okres sp\u0142aty nale\u017cno\u015bci roz\u0142o\u017conej na raty nie mo\u017ce by\u0107 d\u0142u\u017cszy ni\u017c 24 miesi\u0105ce.\u003Cbr \/\u003E \u003Cbr \/\u003E 11. Od nale\u017cno\u015bci pieni\u0119\u017cnej, kt\u00f3rej termin p\u0142atno\u015bci odroczono lub kt\u00f3r\u0105 roz\u0142o\u017cono na raty, nie pobiera si\u0119 odsetek za zw\u0142ok\u0119 za okres od wydania decyzji do up\u0142ywu terminu zap\u0142aty.\u003Cbr \/\u003E \u003Cbr \/\u003E 12. Je\u017celi d\u0142u\u017cnik nie sp\u0142aci w terminie albo w pe\u0142nej wysoko\u015bci ustalonych rat, pozosta\u0142a do sp\u0142aty nale\u017cno\u015b\u0107 staje si\u0119 natychmiast wymagalna wraz z nale\u017cnymi odsetkami za zw\u0142ok\u0119, w tym r\u00f3wnie\u017c z odsetkami o kt\u00f3rych mowa w pkt 11.\u003Cbr \/\u003E \u003Cbr \/\u003E 13. Uprawniony organ mo\u017ce cofn\u0105\u0107 swoj\u0105 decyzj\u0119 o umorzeniu lub udzieleniu ulg w sp\u0142acaniu nale\u017cno\u015bci, je\u017celi dowody, na podstawie kt\u00f3rych nale\u017cno\u015b\u0107 umorzono lub udzielono ulg w jej sp\u0142acaniu, okaza\u0142y si\u0119 fa\u0142szywe b\u0105d\u017a, \u017ce decyzja zosta\u0142a wydana w wyniku przest\u0119pstwa, albo \u017ce d\u0142u\u017cnik wprowadzi\u0142 ten organ w b\u0142\u0105d co do okoliczno\u015bci, kt\u00f3re stanowi\u0142y podstaw\u0119 decyzji.\u003Cbr \/\u003E \u003Cbr \/\u003E 14. Dyrektorzy wojew\u00f3dzkich samorz\u0105dowych jednostek organizacyjnych przedstawiaj\u0105 dyrektorowi wydzia\u0142u nadzoruj\u0105cego dan\u0105 jednostk\u0119 kwartalne sprawozdanie dotycz\u0105ce umorzonych nale\u017cno\u015bci oraz o udzielonych ulgach do 10 - tego dnia miesi\u0105ca po zako\u0144czeniu kwarta\u0142u.\u003Cbr \/\u003E \u003Cbr \/\u003E 15. Dane w sprawozdaniach, o kt\u00f3rych mowa w pkt 14 wykazuje si\u0119 narastaj\u0105co, od pocz\u0105tku roku, wed\u0142ug wzoru okre\u015blonego w za\u0142\u0105czeniu.\u003C\/p\u003E\n\u003Cp class=\u0022tekst\u0022\u003E\u003Cbr \/\u003E WZ\u00d3R\u003Cbr \/\u003E ...........................................................................\u003Cbr \/\u003E (nazwa jednostki)\u003C\/p\u003E\n\u003Cp class=\u0022tekst\u0022\u003E\u003Cb\u003ESPRAWOZDANIE Z DOKONANYCH UMORZE\u0143 NALE\u017bNO\u015aCI\u003Cbr \/\u003E ORAZ UDZIELONYCH ULG\u003C\/b\u003E\u003C\/p\u003E\n\u003Cp class=\u0022tekst\u0022\u003EZA OKRES OD POCZ\u0104TKU ROKU DO DNIA .............................................\u003C\/p\u003E\n\u003Ctable width=\u0022620\u0022 cellspacing=\u00220\u0022 cellpadding=\u00220\u0022 bordercolor=\u0022#999999\u0022 border=\u00221\u0022 align=\u0022center\u0022\u003E\n\u003Ctbody\u003E\n\u003Ctr\u003E\n\u003Ctd width=\u002215\u0022\u003E\n\u003Cdiv align=\u0022center\u0022\u003E\u003Cspan style=\u0022font-family: Verdana, Arial, Helvetica, sans-serif; font-size: xx-small;\u0022 size=\u00221\u0022 face=\u0022Verdana, Arial, Helvetica, sans-serif\u0022\u003ELp.\u003C\/span\u003E\u003C\/div\u003E\n\u003Cspan style=\u0022font-family: Verdana, Arial, Helvetica, sans-serif; font-size: xx-small;\u0022 size=\u00221\u0022 face=\u0022Verdana, Arial, Helvetica, sans-serif\u0022\u003E \u00a0\u003C\/span\u003E\u003C\/td\u003E\n\u003Ctd colspan=\u00222\u0022\u003E\n\u003Cdiv align=\u0022center\u0022\u003E\u003Cspan style=\u0022font-family: Verdana, Arial, Helvetica, sans-serif; font-size: xx-small;\u0022 size=\u00221\u0022 face=\u0022Verdana, Arial, Helvetica, sans-serif\u0022\u003EWyszczeg\u00f3lnienie\u003C\/span\u003E\u003C\/div\u003E\n\u003Cspan style=\u0022font-family: Verdana, Arial, Helvetica, sans-serif; font-size: xx-small;\u0022 size=\u00221\u0022 face=\u0022Verdana, Arial, Helvetica, sans-serif\u0022\u003E \u00a0\u003C\/span\u003E\u003C\/td\u003E\n\u003Ctd width=\u002250\u0022\u003E\n\u003Cdiv align=\u0022center\u0022\u003E\u003Cspan style=\u0022font-family: Verdana, Arial, Helvetica, sans-serif; font-size: xx-small;\u0022 size=\u00221\u0022 face=\u0022Verdana, Arial, Helvetica, sans-serif\u0022\u003ENazwa d\u0142u\u017cnika \u003Cbr \/\u003E symbol d\u0142u\u017cnika \u003Cbr \/\u003E *\u003C\/span\u003E\u003C\/div\u003E\n\u003Cspan style=\u0022font-family: Verdana, Arial, Helvetica, sans-serif; font-size: xx-small;\u0022 size=\u00221\u0022 face=\u0022Verdana, Arial, Helvetica, sans-serif\u0022\u003E \u00a0\u003C\/span\u003E\u003C\/td\u003E\n\u003Ctd width=\u002250\u0022\u003E\n\u003Cdiv align=\u0022center\u0022\u003E\u003Cspan style=\u0022font-family: Verdana, Arial, Helvetica, sans-serif; font-size: xx-small;\u0022 size=\u00221\u0022 face=\u0022Verdana, Arial, Helvetica, sans-serif\u0022\u003ELiczba d\u0142u\u017cnik\u00f3w\u003C\/span\u003E\u003C\/div\u003E\n\u003Cspan style=\u0022font-family: Verdana, Arial, Helvetica, sans-serif; font-size: xx-small;\u0022 size=\u00221\u0022 face=\u0022Verdana, Arial, Helvetica, sans-serif\u0022\u003E \u00a0\u003C\/span\u003E\u003C\/td\u003E\n\u003Ctd width=\u002259\u0022\u003E\n\u003Cdiv align=\u0022center\u0022\u003E\u003Cspan style=\u0022font-family: Verdana, Arial, Helvetica, sans-serif; font-size: xx-small;\u0022 size=\u00221\u0022 face=\u0022Verdana, Arial, Helvetica, sans-serif\u0022\u003EKwota nale\u017cno\u015bci\u003C\/span\u003E\u003C\/div\u003E\n\u003Cspan style=\u0022font-family: Verdana, Arial, Helvetica, sans-serif; font-size: xx-small;\u0022 size=\u00221\u0022 face=\u0022Verdana, Arial, Helvetica, sans-serif\u0022\u003E \u00a0\u003C\/span\u003E\u003C\/td\u003E\n\u003Ctd width=\u002267\u0022\u003E\n\u003Cdiv align=\u0022center\u0022\u003E\u003Cspan style=\u0022font-family: Verdana, Arial, Helvetica, sans-serif; font-size: xx-small;\u0022 size=\u00221\u0022 face=\u0022Verdana, Arial, Helvetica, sans-serif\u0022\u003EKwota umorzenia, odroczenia roz\u0142o\u017cenia na raty\u003C\/span\u003E\u003C\/div\u003E\n\u003Cspan style=\u0022font-family: Verdana, Arial, Helvetica, sans-serif; font-size: xx-small;\u0022 size=\u00221\u0022 face=\u0022Verdana, Arial, Helvetica, sans-serif\u0022\u003E \u00a0\u003C\/span\u003E\u003C\/td\u003E\n\u003Ctd width=\u002235\u0022\u003E\n\u003Cdiv align=\u0022center\u0022\u003E\u003Cspan style=\u0022font-family: Verdana, Arial, Helvetica, sans-serif; font-size: xx-small;\u0022 size=\u00221\u0022 face=\u0022Verdana, Arial, Helvetica, sans-serif\u0022\u003ELiczba rat\u003C\/span\u003E\u003C\/div\u003E\n\u003Cspan style=\u0022font-family: Verdana, Arial, Helvetica, sans-serif; font-size: xx-small;\u0022 size=\u00221\u0022 face=\u0022Verdana, Arial, Helvetica, sans-serif\u0022\u003E \u00a0\u003C\/span\u003E\u003C\/td\u003E\n\u003Ctd width=\u002269\u0022\u003E\n\u003Cdiv align=\u0022center\u0022\u003E\u003Cspan style=\u0022font-family: Verdana, Arial, Helvetica, sans-serif; font-size: xx-small;\u0022 size=\u00221\u0022 face=\u0022Verdana, Arial, Helvetica, sans-serif\u0022\u003ETermin odroczenia roz\u0142o\u017cenia na raty (ostatnia rata)\u003C\/span\u003E\u003C\/div\u003E\n\u003Cspan style=\u0022font-family: Verdana, Arial, Helvetica, sans-serif; font-size: xx-small;\u0022 size=\u00221\u0022 face=\u0022Verdana, Arial, Helvetica, sans-serif\u0022\u003E \u00a0\u003C\/span\u003E\u003C\/td\u003E\n\u003Ctd width=\u002272\u0022\u003E\n\u003Cdiv align=\u0022center\u0022\u003E\u003Cspan style=\u0022font-family: Verdana, Arial, Helvetica, sans-serif; font-size: xx-small;\u0022 size=\u00221\u0022 face=\u0022Verdana, Arial, Helvetica, sans-serif\u0022\u003EPodstawa \u003Cbr \/\u003E prawna \u003Cbr \/\u003E powsta\u0142ej wierzytelno\u015bci\u003C\/span\u003E\u003C\/div\u003E\n\u003Cspan style=\u0022font-family: Verdana, Arial, Helvetica, sans-serif; font-size: xx-small;\u0022 size=\u00221\u0022 face=\u0022Verdana, Arial, Helvetica, sans-serif\u0022\u003E \u00a0\u003C\/span\u003E\u003C\/td\u003E\n\u003Ctd width=\u002271\u0022\u003E\n\u003Cdiv align=\u0022center\u0022\u003E\u003Cspan style=\u0022font-family: Verdana, Arial, Helvetica, sans-serif; font-size: xx-small;\u0022 size=\u00221\u0022 face=\u0022Verdana, Arial, Helvetica, sans-serif\u0022\u003EOrgan \u003Cbr \/\u003E umarzaj\u0105cy \u003Cbr \/\u003E lub \u003Cbr \/\u003E udzielaj\u0105cy \u003Cbr \/\u003E ulg\u003C\/span\u003E\u003C\/div\u003E\n\u003Cspan style=\u0022font-family: Verdana, Arial, Helvetica, sans-serif; font-size: xx-small;\u0022 size=\u00221\u0022 face=\u0022Verdana, Arial, Helvetica, sans-serif\u0022\u003E \u00a0\u003C\/span\u003E\u003C\/td\u003E\n\u003C\/tr\u003E\n\u003Ctr\u003E\n\u003Ctd width=\u002215\u0022\u003E\n\u003Cdiv align=\u0022center\u0022\u003E\u003Cspan style=\u0022font-family: Verdana, Arial, Helvetica, sans-serif; font-size: xx-small;\u0022 size=\u00221\u0022 face=\u0022Verdana, Arial, Helvetica, sans-serif\u0022\u003E1\u003C\/span\u003E\u003C\/div\u003E\n\u003Cspan style=\u0022font-family: Verdana, Arial, Helvetica, sans-serif; font-size: xx-small;\u0022 size=\u00221\u0022 face=\u0022Verdana, Arial, Helvetica, sans-serif\u0022\u003E \u00a0\u003C\/span\u003E\u003C\/td\u003E\n\u003Ctd colspan=\u00222\u0022\u003E\n\u003Cdiv align=\u0022center\u0022\u003E\u003Cspan style=\u0022font-family: Verdana, Arial, Helvetica, sans-serif; font-size: xx-small;\u0022 size=\u00221\u0022 face=\u0022Verdana, Arial, Helvetica, sans-serif\u0022\u003E2\u003C\/span\u003E\u003C\/div\u003E\n\u003Cspan style=\u0022font-family: Verdana, Arial, Helvetica, sans-serif; font-size: xx-small;\u0022 size=\u00221\u0022 face=\u0022Verdana, Arial, Helvetica, sans-serif\u0022\u003E \u00a0\u003C\/span\u003E\u003C\/td\u003E\n\u003Ctd width=\u002250\u0022\u003E\n\u003Cdiv align=\u0022center\u0022\u003E\u003Cspan style=\u0022font-family: Verdana, Arial, Helvetica, sans-serif; font-size: xx-small;\u0022 size=\u00221\u0022 face=\u0022Verdana, Arial, Helvetica, sans-serif\u0022\u003E3\u003C\/span\u003E\u003C\/div\u003E\n\u003Cspan style=\u0022font-family: Verdana, Arial, Helvetica, sans-serif; font-size: xx-small;\u0022 size=\u00221\u0022 face=\u0022Verdana, Arial, Helvetica, sans-serif\u0022\u003E \u00a0\u003C\/span\u003E\u003C\/td\u003E\n\u003Ctd width=\u002250\u0022\u003E\n\u003Cdiv align=\u0022center\u0022\u003E\u003Cspan style=\u0022font-family: Verdana, Arial, Helvetica, sans-serif; font-size: xx-small;\u0022 size=\u00221\u0022 face=\u0022Verdana, Arial, Helvetica, sans-serif\u0022\u003E4\u003C\/span\u003E\u003C\/div\u003E\n\u003Cspan style=\u0022font-family: Verdana, Arial, Helvetica, sans-serif; font-size: xx-small;\u0022 size=\u00221\u0022 face=\u0022Verdana, Arial, Helvetica, sans-serif\u0022\u003E \u00a0\u003C\/span\u003E\u003C\/td\u003E\n\u003Ctd width=\u002259\u0022\u003E\n\u003Cdiv align=\u0022center\u0022\u003E\u003Cspan style=\u0022font-family: Verdana, Arial, Helvetica, sans-serif; font-size: xx-small;\u0022 size=\u00221\u0022 face=\u0022Verdana, Arial, Helvetica, sans-serif\u0022\u003E5\u003C\/span\u003E\u003C\/div\u003E\n\u003Cspan style=\u0022font-family: Verdana, Arial, Helvetica, sans-serif; font-size: xx-small;\u0022 size=\u00221\u0022 face=\u0022Verdana, Arial, Helvetica, sans-serif\u0022\u003E \u00a0\u003C\/span\u003E\u003C\/td\u003E\n\u003Ctd width=\u002267\u0022\u003E\n\u003Cdiv align=\u0022center\u0022\u003E\u003Cspan style=\u0022font-family: Verdana, Arial, Helvetica, sans-serif; font-size: xx-small;\u0022 size=\u00221\u0022 face=\u0022Verdana, Arial, Helvetica, sans-serif\u0022\u003E6\u003C\/span\u003E\u003C\/div\u003E\n\u003Cspan style=\u0022font-family: Verdana, Arial, Helvetica, sans-serif; font-size: xx-small;\u0022 size=\u00221\u0022 face=\u0022Verdana, Arial, Helvetica, sans-serif\u0022\u003E \u00a0\u003C\/span\u003E\u003C\/td\u003E\n\u003Ctd width=\u002235\u0022\u003E\n\u003Cdiv align=\u0022center\u0022\u003E\u003Cspan style=\u0022font-family: Verdana, Arial, Helvetica, sans-serif; font-size: xx-small;\u0022 size=\u00221\u0022 face=\u0022Verdana, Arial, Helvetica, sans-serif\u0022\u003E7\u003C\/span\u003E\u003C\/div\u003E\n\u003Cspan style=\u0022font-family: Verdana, Arial, Helvetica, sans-serif; font-size: xx-small;\u0022 size=\u00221\u0022 face=\u0022Verdana, Arial, Helvetica, sans-serif\u0022\u003E \u00a0\u003C\/span\u003E\u003C\/td\u003E\n\u003Ctd width=\u002269\u0022\u003E\n\u003Cdiv align=\u0022center\u0022\u003E\u003Cspan style=\u0022font-family: Verdana, Arial, Helvetica, sans-serif; font-size: xx-small;\u0022 size=\u00221\u0022 face=\u0022Verdana, Arial, Helvetica, sans-serif\u0022\u003E8\u003C\/span\u003E\u003C\/div\u003E\n\u003Cspan style=\u0022font-family: Verdana, Arial, Helvetica, sans-serif; font-size: xx-small;\u0022 size=\u00221\u0022 face=\u0022Verdana, Arial, Helvetica, sans-serif\u0022\u003E \u00a0\u003C\/span\u003E\u003C\/td\u003E\n\u003Ctd width=\u002272\u0022\u003E\n\u003Cdiv align=\u0022center\u0022\u003E\u003Cspan style=\u0022font-family: Verdana, Arial, Helvetica, sans-serif; font-size: xx-small;\u0022 size=\u00221\u0022 face=\u0022Verdana, Arial, Helvetica, sans-serif\u0022\u003E9\u003C\/span\u003E\u003C\/div\u003E\n\u003Cspan style=\u0022font-family: Verdana, Arial, Helvetica, sans-serif; font-size: xx-small;\u0022 size=\u00221\u0022 face=\u0022Verdana, Arial, Helvetica, sans-serif\u0022\u003E \u00a0\u003C\/span\u003E\u003C\/td\u003E\n\u003Ctd width=\u002271\u0022\u003E\n\u003Cdiv align=\u0022center\u0022\u003E\u003Cspan style=\u0022font-family: Verdana, Arial, Helvetica, sans-serif; font-size: xx-small;\u0022 size=\u00221\u0022 face=\u0022Verdana, Arial, Helvetica, sans-serif\u0022\u003E10\u003C\/span\u003E\u003C\/div\u003E\n\u003Cspan style=\u0022font-family: Verdana, Arial, Helvetica, sans-serif; font-size: xx-small;\u0022 size=\u00221\u0022 face=\u0022Verdana, Arial, Helvetica, sans-serif\u0022\u003E \u00a0\u003C\/span\u003E\u003C\/td\u003E\n\u003C\/tr\u003E\n\u003Ctr\u003E\n\u003Ctd width=\u002215\u0022\u003E\n\u003Cdiv align=\u0022center\u0022\u003E\u003Cspan style=\u0022font-family: Verdana, Arial, Helvetica, sans-serif; font-size: xx-small;\u0022 size=\u00221\u0022 face=\u0022Verdana, Arial, Helvetica, sans-serif\u0022\u003E1\u003C\/span\u003E\u003C\/div\u003E\n\u003Cspan style=\u0022font-family: Verdana, Arial, Helvetica, sans-serif; font-size: xx-small;\u0022 size=\u00221\u0022 face=\u0022Verdana, Arial, Helvetica, sans-serif\u0022\u003E \u00a0\u003C\/span\u003E\u003C\/td\u003E\n\u003Ctd colspan=\u00222\u0022\u003E\n\u003Cdiv align=\u0022center\u0022\u003E\u003Cspan style=\u0022font-family: Verdana, Arial, Helvetica, sans-serif; font-size: xx-small;\u0022 size=\u00221\u0022 face=\u0022Verdana, Arial, Helvetica, sans-serif\u0022\u003EUmorzenie \u003C\/span\u003E\u003C\/div\u003E\n\u003Cspan style=\u0022font-family: Verdana, Arial, Helvetica, sans-serif; font-size: xx-small;\u0022 size=\u00221\u0022 face=\u0022Verdana, Arial, Helvetica, sans-serif\u0022\u003E \u00a0\u003C\/span\u003E\u003C\/td\u003E\n\u003Ctd width=\u002250\u0022\u003E\u003Cspan style=\u0022color: #ffffff; font-family: Verdana, Arial, Helvetica, sans-serif; font-size: xx-small;\u0022 size=\u00221\u0022 face=\u0022Verdana, Arial, Helvetica, sans-serif\u0022 color=\u0022#FFFFFF\u0022\u003E. \u00a0\u003C\/span\u003E\u003C\/td\u003E\n\u003Ctd width=\u002250\u0022\u003E\u003Cspan style=\u0022color: #ffffff; font-family: Verdana, Arial, Helvetica, sans-serif; font-size: xx-small;\u0022 size=\u00221\u0022 face=\u0022Verdana, Arial, Helvetica, sans-serif\u0022 color=\u0022#FFFFFF\u0022\u003E. \u00a0\u003C\/span\u003E\u003C\/td\u003E\n\u003Ctd width=\u002259\u0022\u003E\u003Cspan style=\u0022color: #ffffff;\u0022 color=\u0022#FFFFFF\u0022\u003E.\u00a0\u003C\/span\u003E\u003C\/td\u003E\n\u003Ctd width=\u002267\u0022\u003E\u003Cspan style=\u0022color: #ffffff; font-family: Verdana, Arial, Helvetica, sans-serif; font-size: xx-small;\u0022 size=\u00221\u0022 face=\u0022Verdana, Arial, Helvetica, sans-serif\u0022 color=\u0022#FFFFFF\u0022\u003E.\u00a0\u003C\/span\u003E\u003C\/td\u003E\n\u003Ctd width=\u002235\u0022\u003E\u003Cspan style=\u0022color: #ffffff; font-family: Verdana, Arial, Helvetica, sans-serif; font-size: xx-small;\u0022 size=\u00221\u0022 face=\u0022Verdana, Arial, Helvetica, sans-serif\u0022 color=\u0022#FFFFFF\u0022\u003E.\u00a0\u003C\/span\u003E\u003C\/td\u003E\n\u003Ctd width=\u002269\u0022\u003E\u003Cspan style=\u0022color: #ffffff; font-family: Verdana, Arial, Helvetica, sans-serif; font-size: xx-small;\u0022 size=\u00221\u0022 face=\u0022Verdana, Arial, Helvetica, sans-serif\u0022 color=\u0022#FFFFFF\u0022\u003E.\u00a0\u003C\/span\u003E\u003C\/td\u003E\n\u003Ctd width=\u002272\u0022\u003E\u003Cspan style=\u0022color: #ffffff; font-family: Verdana, Arial, Helvetica, sans-serif; font-size: xx-small;\u0022 size=\u00221\u0022 face=\u0022Verdana, Arial, Helvetica, sans-serif\u0022 color=\u0022#FFFFFF\u0022\u003E.\u00a0\u003C\/span\u003E\u003C\/td\u003E\n\u003Ctd width=\u002271\u0022\u003E\u003Cspan style=\u0022color: #ffffff; font-family: Verdana, Arial, Helvetica, sans-serif; font-size: xx-small;\u0022 size=\u00221\u0022 face=\u0022Verdana, Arial, Helvetica, sans-serif\u0022 color=\u0022#FFFFFF\u0022\u003E.\u00a0\u003C\/span\u003E\u003C\/td\u003E\n\u003C\/tr\u003E\n\u003Ctr\u003E\n\u003Ctd width=\u002215\u0022\u003E\n\u003Cdiv align=\u0022center\u0022\u003E\u003Cspan style=\u0022font-family: Verdana, Arial, Helvetica, sans-serif; font-size: xx-small;\u0022 size=\u00221\u0022 face=\u0022Verdana, Arial, Helvetica, sans-serif\u0022\u003E2\u003C\/span\u003E\u003C\/div\u003E\n\u003Cspan style=\u0022font-family: Verdana, Arial, Helvetica, sans-serif; font-size: xx-small;\u0022 size=\u00221\u0022 face=\u0022Verdana, Arial, Helvetica, sans-serif\u0022\u003E \u00a0\u003C\/span\u003E\u003C\/td\u003E\n\u003Ctd rowspan=\u00222\u0022 width=\u002270\u0022\u003E\n\u003Cdiv align=\u0022center\u0022\u003E\u003Cspan style=\u0022font-family: Verdana, Arial, Helvetica, sans-serif; font-size: xx-small;\u0022 size=\u00221\u0022 face=\u0022Verdana, Arial, Helvetica, sans-serif\u0022\u003EOdroczenie\u003C\/span\u003E\u003C\/div\u003E\n\u003Cspan style=\u0022font-family: Verdana, Arial, Helvetica, sans-serif; font-size: xx-small;\u0022 size=\u00221\u0022 face=\u0022Verdana, Arial, Helvetica, sans-serif\u0022\u003E \u00a0\u003C\/span\u003E\u003C\/td\u003E\n\u003Ctd width=\u002262\u0022\u003E\n\u003Cdiv align=\u0022center\u0022\u003E\u003Cspan style=\u0022font-family: Verdana, Arial, Helvetica, sans-serif; font-size: xx-small;\u0022 size=\u00221\u0022 face=\u0022Verdana, Arial, Helvetica, sans-serif\u0022\u003Ebez roz\u0142o\u017cenia na raty\u003C\/span\u003E\u003C\/div\u003E\n\u003Cspan style=\u0022font-family: Verdana, Arial, Helvetica, sans-serif; font-size: xx-small;\u0022 size=\u00221\u0022 face=\u0022Verdana, Arial, Helvetica, sans-serif\u0022\u003E \u00a0\u003C\/span\u003E\u003C\/td\u003E\n\u003Ctd width=\u002250\u0022\u003E\u003Cspan style=\u0022color: #ffffff; font-family: Verdana, Arial, Helvetica, sans-serif; font-size: xx-small;\u0022 size=\u00221\u0022 face=\u0022Verdana, Arial, Helvetica, sans-serif\u0022 color=\u0022#FFFFFF\u0022\u003E. \u00a0\u003C\/span\u003E\u003C\/td\u003E\n\u003Ctd width=\u002250\u0022\u003E\u003Cspan style=\u0022color: #ffffff; font-family: Verdana, Arial, Helvetica, sans-serif; font-size: xx-small;\u0022 size=\u00221\u0022 face=\u0022Verdana, Arial, Helvetica, sans-serif\u0022 color=\u0022#FFFFFF\u0022\u003E. \u00a0\u003C\/span\u003E\u003C\/td\u003E\n\u003Ctd width=\u002259\u0022\u003E\u003Cspan style=\u0022color: #ffffff; font-family: Verdana, Arial, Helvetica, sans-serif; font-size: xx-small;\u0022 size=\u00221\u0022 face=\u0022Verdana, Arial, Helvetica, sans-serif\u0022 color=\u0022#FFFFFF\u0022\u003E. \u00a0\u003C\/span\u003E\u003C\/td\u003E\n\u003Ctd width=\u002267\u0022\u003E\u003Cspan style=\u0022color: #ffffff; font-family: Verdana, Arial, Helvetica, sans-serif; font-size: xx-small;\u0022 size=\u00221\u0022 face=\u0022Verdana, Arial, Helvetica, sans-serif\u0022 color=\u0022#FFFFFF\u0022\u003E. \u00a0\u003C\/span\u003E\u003C\/td\u003E\n\u003Ctd width=\u002235\u0022\u003E\u003Cspan style=\u0022color: #ffffff; font-family: Verdana, Arial, Helvetica, sans-serif; font-size: xx-small;\u0022 size=\u00221\u0022 face=\u0022Verdana, Arial, Helvetica, sans-serif\u0022 color=\u0022#FFFFFF\u0022\u003E. \u00a0\u003C\/span\u003E\u003C\/td\u003E\n\u003Ctd width=\u002269\u0022\u003E\u003Cspan style=\u0022color: #ffffff; font-family: Verdana, Arial, Helvetica, sans-serif; font-size: xx-small;\u0022 size=\u00221\u0022 face=\u0022Verdana, Arial, Helvetica, sans-serif\u0022 color=\u0022#FFFFFF\u0022\u003E.\u00a0\u003C\/span\u003E\u003C\/td\u003E\n\u003Ctd width=\u002272\u0022\u003E\u003Cspan style=\u0022color: #ffffff; font-family: Verdana, Arial, Helvetica, sans-serif; font-size: xx-small;\u0022 size=\u00221\u0022 face=\u0022Verdana, Arial, Helvetica, sans-serif\u0022 color=\u0022#FFFFFF\u0022\u003E.\u00a0\u003C\/span\u003E\u003C\/td\u003E\n\u003Ctd width=\u002271\u0022\u003E\u003Cspan style=\u0022color: #ffffff; font-family: Verdana, Arial, Helvetica, sans-serif; font-size: xx-small;\u0022 size=\u00221\u0022 face=\u0022Verdana, Arial, Helvetica, sans-serif\u0022 color=\u0022#FFFFFF\u0022\u003E.\u00a0\u003C\/span\u003E\u003C\/td\u003E\n\u003C\/tr\u003E\n\u003Ctr\u003E\n\u003Ctd width=\u002215\u0022\u003E\n\u003Cdiv align=\u0022center\u0022\u003E\u003Cspan style=\u0022color: #ffffff; font-family: Verdana, Arial, Helvetica, sans-serif; font-size: xx-small;\u0022 size=\u00221\u0022 face=\u0022Verdana, Arial, Helvetica, sans-serif\u0022 color=\u0022#FFFFFF\u0022\u003E.\u003C\/span\u003E\u003C\/div\u003E\n\u003Cspan style=\u0022color: #ffffff; font-family: Verdana, Arial, Helvetica, sans-serif; font-size: xx-small;\u0022 size=\u00221\u0022 face=\u0022Verdana, Arial, Helvetica, sans-serif\u0022 color=\u0022#FFFFFF\u0022\u003E \u00a0\u003C\/span\u003E\u003C\/td\u003E\n\u003Ctd width=\u002262\u0022\u003E\n\u003Cdiv align=\u0022center\u0022\u003E\u003Cspan style=\u0022font-family: Verdana, Arial, Helvetica, sans-serif; font-size: xx-small;\u0022 size=\u00221\u0022 face=\u0022Verdana, Arial, Helvetica, sans-serif\u0022\u003Ez roz\u0142o\u017ceniem na raty\u003C\/span\u003E\u003C\/div\u003E\n\u003Cspan style=\u0022font-family: Verdana, Arial, Helvetica, sans-serif; font-size: xx-small;\u0022 size=\u00221\u0022 face=\u0022Verdana, Arial, Helvetica, sans-serif\u0022\u003E \u00a0\u003C\/span\u003E\u003C\/td\u003E\n\u003Ctd width=\u002250\u0022\u003E\u003Cspan style=\u0022color: #ffffff; font-family: Verdana, Arial, Helvetica, sans-serif; font-size: xx-small;\u0022 size=\u00221\u0022 face=\u0022Verdana, Arial, Helvetica, sans-serif\u0022 color=\u0022#FFFFFF\u0022\u003E.\u00a0\u003C\/span\u003E\u003C\/td\u003E\n\u003Ctd width=\u002250\u0022\u003E\u003Cspan style=\u0022color: #ffffff; font-family: Verdana, Arial, Helvetica, sans-serif; font-size: xx-small;\u0022 size=\u00221\u0022 face=\u0022Verdana, Arial, Helvetica, sans-serif\u0022 color=\u0022#FFFFFF\u0022\u003E.\u00a0\u003C\/span\u003E\u003C\/td\u003E\n\u003Ctd width=\u002259\u0022\u003E\u003Cspan style=\u0022color: #ffffff; font-family: Verdana, Arial, Helvetica, sans-serif; font-size: xx-small;\u0022 size=\u00221\u0022 face=\u0022Verdana, Arial, Helvetica, sans-serif\u0022 color=\u0022#FFFFFF\u0022\u003E.\u00a0\u003C\/span\u003E\u003C\/td\u003E\n\u003Ctd width=\u002267\u0022\u003E\u003Cspan style=\u0022color: #ffffff; font-family: Verdana, Arial, Helvetica, sans-serif; font-size: xx-small;\u0022 size=\u00221\u0022 face=\u0022Verdana, Arial, Helvetica, sans-serif\u0022 color=\u0022#FFFFFF\u0022\u003E.\u00a0\u003C\/span\u003E\u003C\/td\u003E\n\u003Ctd width=\u002235\u0022\u003E\u003Cspan style=\u0022color: #ffffff; font-family: Verdana, Arial, Helvetica, sans-serif; font-size: xx-small;\u0022 size=\u00221\u0022 face=\u0022Verdana, Arial, Helvetica, sans-serif\u0022 color=\u0022#FFFFFF\u0022\u003E.\u00a0\u003C\/span\u003E\u003C\/td\u003E\n\u003Ctd width=\u002269\u0022\u003E\u003Cspan style=\u0022color: #ffffff; font-family: Verdana, Arial, Helvetica, sans-serif; font-size: xx-small;\u0022 size=\u00221\u0022 face=\u0022Verdana, Arial, Helvetica, sans-serif\u0022 color=\u0022#FFFFFF\u0022\u003E.\u00a0\u003C\/span\u003E\u003C\/td\u003E\n\u003Ctd width=\u002272\u0022\u003E\u003Cspan style=\u0022color: #ffffff; font-family: Verdana, Arial, Helvetica, sans-serif; font-size: xx-small;\u0022 size=\u00221\u0022 face=\u0022Verdana, Arial, Helvetica, sans-serif\u0022 color=\u0022#FFFFFF\u0022\u003E.\u00a0\u003C\/span\u003E\u003C\/td\u003E\n\u003Ctd width=\u002271\u0022\u003E\u003Cspan style=\u0022color: #ffffff; font-family: Verdana, Arial, Helvetica, sans-serif; font-size: xx-small;\u0022 size=\u00221\u0022 face=\u0022Verdana, Arial, Helvetica, sans-serif\u0022 color=\u0022#FFFFFF\u0022\u003E.\u00a0\u003C\/span\u003E\u003C\/td\u003E\n\u003C\/tr\u003E\n\u003Ctr\u003E\n\u003Ctd width=\u002215\u0022\u003E\n\u003Cdiv align=\u0022center\u0022\u003E\u003Cspan style=\u0022font-family: Verdana, Arial, Helvetica, sans-serif; font-size: xx-small;\u0022 size=\u00221\u0022 face=\u0022Verdana, Arial, Helvetica, sans-serif\u0022\u003E3\u003C\/span\u003E\u003C\/div\u003E\n\u003Cspan style=\u0022font-family: Verdana, Arial, Helvetica, sans-serif; font-size: xx-small;\u0022 size=\u00221\u0022 face=\u0022Verdana, Arial, Helvetica, sans-serif\u0022\u003E \u00a0\u003C\/span\u003E\u003C\/td\u003E\n\u003Ctd colspan=\u00222\u0022\u003E\n\u003Cdiv align=\u0022center\u0022\u003E\u003Cspan style=\u0022font-family: Verdana, Arial, Helvetica, sans-serif; font-size: xx-small;\u0022 size=\u00221\u0022 face=\u0022Verdana, Arial, Helvetica, sans-serif\u0022\u003ERoz\u0142o\u017cenie na raty **\u003C\/span\u003E\u003C\/div\u003E\n\u003Cspan style=\u0022font-family: Verdana, Arial, Helvetica, sans-serif; font-size: xx-small;\u0022 size=\u00221\u0022 face=\u0022Verdana, Arial, Helvetica, sans-serif\u0022\u003E \u00a0\u003C\/span\u003E\u003C\/td\u003E\n\u003Ctd width=\u002250\u0022\u003E\u003Cspan style=\u0022color: #ffffff; font-family: Verdana, Arial, Helvetica, sans-serif; font-size: xx-small;\u0022 size=\u00221\u0022 face=\u0022Verdana, Arial, Helvetica, sans-serif\u0022 color=\u0022#FFFFFF\u0022\u003E.\u00a0\u003C\/span\u003E\u003C\/td\u003E\n\u003Ctd width=\u002250\u0022\u003E\u003Cspan style=\u0022color: #ffffff; font-family: Verdana, Arial, Helvetica, sans-serif; font-size: xx-small;\u0022 size=\u00221\u0022 face=\u0022Verdana, Arial, Helvetica, sans-serif\u0022 color=\u0022#FFFFFF\u0022\u003E.\u00a0\u003C\/span\u003E\u003C\/td\u003E\n\u003Ctd width=\u002259\u0022\u003E\u003Cspan style=\u0022color: #ffffff; font-family: Verdana, Arial, Helvetica, sans-serif; font-size: xx-small;\u0022 size=\u00221\u0022 face=\u0022Verdana, Arial, Helvetica, sans-serif\u0022 color=\u0022#FFFFFF\u0022\u003E.\u00a0\u003C\/span\u003E\u003C\/td\u003E\n\u003Ctd width=\u002267\u0022\u003E\u003Cspan style=\u0022color: #ffffff; font-family: Verdana, Arial, Helvetica, sans-serif; font-size: xx-small;\u0022 size=\u00221\u0022 face=\u0022Verdana, Arial, Helvetica, sans-serif\u0022 color=\u0022#FFFFFF\u0022\u003E.\u00a0\u003C\/span\u003E\u003C\/td\u003E\n\u003Ctd width=\u002235\u0022\u003E\u003Cspan style=\u0022color: #ffffff; font-family: Verdana, Arial, Helvetica, sans-serif; font-size: xx-small;\u0022 size=\u00221\u0022 face=\u0022Verdana, Arial, Helvetica, sans-serif\u0022 color=\u0022#FFFFFF\u0022\u003E.\u00a0\u003C\/span\u003E\u003C\/td\u003E\n\u003Ctd width=\u002269\u0022\u003E\u003Cspan style=\u0022color: #ffffff; font-family: Verdana, Arial, Helvetica, sans-serif; font-size: xx-small;\u0022 size=\u00221\u0022 face=\u0022Verdana, Arial, Helvetica, sans-serif\u0022 color=\u0022#FFFFFF\u0022\u003E.\u00a0\u003C\/span\u003E\u003C\/td\u003E\n\u003Ctd width=\u002272\u0022\u003E\u003Cspan style=\u0022color: #ffffff; font-family: Verdana, Arial, Helvetica, sans-serif; font-size: xx-small;\u0022 size=\u00221\u0022 face=\u0022Verdana, Arial, Helvetica, sans-serif\u0022 color=\u0022#FFFFFF\u0022\u003E.\u00a0\u003C\/span\u003E\u003C\/td\u003E\n\u003Ctd width=\u002271\u0022\u003E\u003Cspan style=\u0022color: #ffffff; font-family: Verdana, Arial, Helvetica, sans-serif; font-size: xx-small;\u0022 size=\u00221\u0022 face=\u0022Verdana, Arial, Helvetica, sans-serif\u0022 color=\u0022#FFFFFF\u0022\u003E.\u00a0\u003C\/span\u003E\u003C\/td\u003E\n\u003C\/tr\u003E\n\u003C\/tbody\u003E\n\u003C\/table\u003E\n\u003Cp\u003E\u003Cspan style=\u0022font-size: xx-small;\u0022 size=\u00221\u0022\u003E. \u003C\/span\u003E\u003C\/p\u003E\n\u003Cspan style=\u0022font-size: xx-small;\u0022 size=\u00221\u0022\u003E \u003C\/span\u003E\u003C\/td\u003E\n\u003C\/tr\u003E\n\u003Ctr valign=\u0022top\u0022\u003E\n\u003Ctd\u003E\n\u003Cdiv align=\u0022center\u0022\u003E\n\u003Cp\u003E\u003Cspan style=\u0022font-family: Verdana, Arial, Helvetica, sans-serif; font-size: xx-small;\u0022 size=\u00221\u0022 face=\u0022Verdana, Arial, Helvetica, sans-serif\u0022\u003E.................................................\u003Cbr \/\u003E (G\u0142\u00f3wny ksi\u0119gowy)\u003Cbr \/\u003E \u003C\/span\u003E\u003C\/p\u003E\n\u003Cp\u003E\u00a0\u003C\/p\u003E\n\u003Cp align=\u0022left\u0022\u003E\u003C\/p\u003E\n\u003Cp class=\u0022tekst\u0022\u003E\u003Cspan style=\u0022font-size: xx-small;\u0022 size=\u00221\u0022\u003E* Wstawi\u0107 odpowiednio: A - osoba fizyczna\u003Cbr \/\u003E B - osoba prawna\u003Cbr \/\u003E C - jednostka organizacyjna nie posiadaj\u0105ca osobowo\u015bci prawnej\u003C\/span\u003E\u003C\/p\u003E\n\u003Cp align=\u0022left\u0022\u003E\u003C\/p\u003E\n\u003Cp class=\u0022tekst\u0022\u003E\u003Cspan style=\u0022font-size: xx-small;\u0022 size=\u00221\u0022\u003E\u003Cbr \/\u003E ** Wype\u0142nia si\u0119 w sytuacji, kiedy nie nast\u0119puje odroczenie, o kt\u00f3rym mowa pod lp. 2.\u003Cbr \/\u003E \u003C\/span\u003E\u003C\/p\u003E\n\u003C\/div\u003E\n\u003Cspan style=\u0022font-family: Verdana, Arial, Helvetica, sans-serif; font-size: xx-small;\u0022 size=\u00221\u0022 face=\u0022Verdana, Arial, Helvetica, sans-serif\u0022\u003E\u003Cspan style=\u0022font-size: xx-small;\u0022 size=\u00221\u0022\u003E \u00a0\u003C\/span\u003E\u003C\/span\u003E\u003C\/td\u003E\n\u003Ctd\u003E\n\u003Cdiv align=\u0022center\u0022\u003E\u003Cspan style=\u0022font-family: Verdana, Arial, Helvetica, sans-serif; font-size: xx-small;\u0022 size=\u00221\u0022 face=\u0022Verdana, Arial, Helvetica, sans-serif\u0022\u003E.................................................\u003Cbr \/\u003E (dzie\u0144, miesi\u0105c, rok)\u003Cbr \/\u003E \u003C\/span\u003E\u003C\/div\u003E\n\u003Cspan style=\u0022font-family: Verdana, Arial, Helvetica, sans-serif; font-size: xx-small;\u0022 size=\u00221\u0022 face=\u0022Verdana, Arial, Helvetica, sans-serif\u0022\u003E \u00a0\u003C\/span\u003E\u003C\/td\u003E\n\u003Ctd\u003E\n\u003Cdiv align=\u0022center\u0022\u003E\u003Cspan style=\u0022font-family: Verdana, Arial, Helvetica, sans-serif; font-size: xx-small;\u0022 size=\u00221\u0022 face=\u0022Verdana, Arial, Helvetica, sans-serif\u0022\u003E.................................................\u003Cbr \/\u003E (Dyrektor jednostki)\u003C\/span\u003E\u003C\/div\u003E\n\u003Cspan style=\u0022font-family: Verdana, Arial, Helvetica, sans-serif; font-size: xx-small;\u0022 size=\u00221\u0022 face=\u0022Verdana, Arial, Helvetica, sans-serif\u0022\u003E \u00a0\u003C\/span\u003E\u003C\/td\u003E\n\u003C\/tr\u003E\n\u003C\/tbody\u003E\n\u003C\/table\u003E\n\u003C\/div\u003E\n\u003C\/div\u003E","promotion":false}},{"id":"bf6dbc25-d119-11e7-80a9-005056b46601","type":"Gallery","name":"Galeria","description":"Galeria"},{"id":"bf6e1f6b-d119-11e7-80a9-005056b46601","type":"Attachment","name":"Za\u0142\u0105czniki","description":"Za\u0142\u0105czniki do strony"},{"id":"eba03b25-d9a7-11e7-b355-005056b70dba","type":"PageTitle","name":"","description":"Tytu\u0142 strony","content":{"title":"Uchwa\u0142a Sejmiku nr I\/11\/19\/1999 z dnia 1999-08-30"}},{"id":"eba07701-d9a7-11e7-b355-005056b70dba","type":"PageDescription","name":"","description":"Zajawka strony","content":[]},{"id":"1b1a7940-ff78-11e7-b81e-005056b7801d","type":"SectionDescription","name":"","description":"Zajawka sekcji","content":[]}]}