{"id":27630,"name":"uchwala-sejmiku-nr-i39422001-z-dnia-2001-08-28","title":"Uchwa\u0142a Sejmiku nr I\/39\/42\/2001 z dnia 2001-08-28","desc":"","header":"Uchwa\u0142a Sejmiku nr I\/39\/42\/2001 z dnia 2001-08-28","lead":"","keywords":"","changes":"migracja danych","menu":"","path":"\/sejmik_wojewodztwa\/sesje_sejmiku\/uchwaly\/uchwala-sejmiku-nr-i39422001-z-dnia-2001-08-28.html","url":"\/sejmik_wojewodztwa\/sesje_sejmiku\/uchwaly\/uchwala-sejmiku-nr-i39422001-z-dnia-2001-08-28.html","infoOwner":"Urz\u0105d Marsza\u0142kowski Wojew\u00f3dztwa \u015al\u0105skiego","dateFirstPublicate":"2022-03-11 11:08:53","dateLastVersionPublicate":"2022-03-11 11:08:53","dateAvailableFrom":"","dateAvailableTo":"","type":"Uchwa\u0142a Sejmiku","pageParams":[{"id":"225","name":"DATA_OGLOSZENIA","description":"Data og\u0142oszenia","value":"2001-08-28"},{"id":"235","name":"W sprawie","description":"W sprawie","value":"przyj\u0119cia Zasad Etyki Radnego Sejmiku Wojew\u00f3dztwa \u015al\u0105skiego"},{"id":"299","name":"NUMER_UCHWALY_SEJMIKU","description":"Numer uchwa\u0142y","value":"I\/39\/42\/2001"}],"components":[{"id":"bf6d5eba-d119-11e7-80a9-005056b46601","type":"ContentWYSIWYG","name":"Tre\u015b\u0107","description":"Tre\u015b\u0107 strony","content":{"content":"\u003Cdiv class=\u0022tresc1\u0022\u003E\n\u003Cdiv class=\u0022lead1\u0022\u003ENa podstawie\u003Cbr \/\u003Eart. 18 pkt 21\u003Cbr \/\u003E ustawy z dnia 5 czerwca 1998 roku o samorz\u0105dzie wojew\u00f3dztwa\u003Cbr \/\u003E (Dz.U. Nr 91, poz. 576 z p\u00f3\u017an. zm)\u003C\/div\u003E\n\u003Cdiv class=\u0022tresc\u0022\u003E\n\u003Cdiv align=\u0022center\u0022\u003E\u00a7 1\u003C\/div\u003E\n\u003Cbr \/\u003E \u003Cbr \/\u003E Przyj\u0105\u0107 \u0022Zasady Etyki Radnego Sejmiku Wojew\u00f3dztwa \u015al\u0105skiego\u0022, stanowi\u0105ce za\u0142\u0105cznik do uchwa\u0142y.\u003Cbr \/\u003E \u003Cbr \/\u003E\n\u003Cdiv align=\u0022center\u0022\u003E\u00a7 2\u003C\/div\u003E\n\u003Cbr \/\u003E \u003Cbr \/\u003E Uchwa\u0142a wchodzi w \u017cycie z dniem podj\u0119cia.\u003Cbr \/\u003E \u003Cbr \/\u003E Ryszard Ostrowski\u003Cbr \/\u003EPrzewodnicz\u0105cy Sejmiku\u003Cbr \/\u003EWojew\u00f3dztwa \u015al\u0105skiego\u003C\/div\u003E\n\u003C\/div\u003E\n\u003Cdiv class=\u0022tresc2\u0022\u003E\u003C\/div\u003E\n\u003Cdiv class=\u0022tresc2\u0022\u003E\u003C\/div\u003E\n\u003Cdiv class=\u0022tresc2\u0022\u003E\n\u003Cdiv align=\u0022right\u0022\u003E\n\u003Cp class=\u0022tekst\u0022 style=\u0022text-align: left;\u0022\u003E\u003Cspan style=\u0022font-size: xx-small;\u0022 size=\u00221\u0022\u003EZa\u0142\u0105cznik do uchwa\u0142y\u003Cbr \/\u003E Sejmiku Wojew\u00f3dztwa \u015al\u0105skiego\u003Cbr \/\u003E Nr I\/39\/42\/2001\u003Cbr \/\u003E z dnia 28 sierpnia 2001 roku \u003C\/span\u003E\u003C\/p\u003E\n\u003C\/div\u003E\n\u003Cp align=\u0022center\u0022\u003E\u003C\/p\u003E\n\u003Cp class=\u0022tekst\u0022\u003E\u003Cb\u003EZasady Etyki Radnego Sejmiku Wojew\u00f3dztwa \u015al\u0105skiego\u003C\/b\u003E\u003C\/p\u003E\n\u003Cp align=\u0022center\u0022\u003E\u003C\/p\u003E\n\u003Cp class=\u0022tekst\u0022\u003E\u003Cbr \/\u003E Art. 1\u003C\/p\u003E\n\u003Cp\u003E\u00a0\u003C\/p\u003E\n\u003Cp class=\u0022tekst\u0022\u003ERadny Sejmiku Wojew\u00f3dztwa \u015al\u0105skiego, zwany dalej Radnym, na mocy \u015blubowania sk\u0142adanego zgodnie z art. 22 ustawy z dnia 5 czerwca 1998 roku o samorz\u0105dzie wojew\u00f3dztwa (Dz. U. Nr 91, poz. 576 z p\u00f3\u017an. zm.) w swojej s\u0142u\u017cbie publicznej kieruje si\u0119 obowi\u0105zuj\u0105cym porz\u0105dkiem prawnym, trosk\u0105 o interes Pa\u0144stwa, wojew\u00f3dzkiej wsp\u00f3lnoty samorz\u0105dowej i obywateli, post\u0119puje zgodnie z og\u00f3lnie przyj\u0119tymi zasadami etycznymi.\u003C\/p\u003E\n\u003Cp align=\u0022center\u0022\u003E\u003C\/p\u003E\n\u003Cp class=\u0022tekst\u0022\u003EArt. 2\u003C\/p\u003E\n\u003Cp\u003E\u00a0\u003C\/p\u003E\n\u003Cp class=\u0022tekst\u0022\u003ERadny powinien zachowywa\u0107 si\u0119 w spos\u00f3b odpowiadaj\u0105cy godno\u015bci Radnego, kieruj\u0105c si\u0119 w szczeg\u00f3lno\u015bci zasadami:\u003Cbr \/\u003E 1) rzetelno\u015bci,\u003Cbr \/\u003E 2) bezinteresowno\u015bci,\u003Cbr \/\u003E 3) odpowiedzialno\u015bci,\u003Cbr \/\u003E 4) jawno\u015bci,\u003Cbr \/\u003E 5) dba\u0142o\u015bci o dobre imi\u0119 Sejmiku Wojew\u00f3dztwa \u015al\u0105skiego.\u003C\/p\u003E\n\u003Cp align=\u0022center\u0022\u003E\u003C\/p\u003E\n\u003Cp class=\u0022tekst\u0022\u003EArt. 3\u003C\/p\u003E\n\u003Cp\u003E\u00a0\u003C\/p\u003E\n\u003Cp class=\u0022tekst\u0022\u003ERadny powinien nale\u017cycie wype\u0142nia\u0107 swoje obowi\u0105zki. W sprawach tego wymagaj\u0105cych Radny powinien kierowa\u0107 si\u0119 wzgl\u0119dami merytorycznymi (zasada rzetelno\u015bci).\u003C\/p\u003E\n\u003Cp align=\u0022center\u0022\u003E\u003C\/p\u003E\n\u003Cp class=\u0022tekst\u0022\u003EArt. 4\u003C\/p\u003E\n\u003Cp\u003E\u00a0\u003C\/p\u003E\n\u003Cp class=\u0022tekst\u0022\u003ERadny powinien kierowa\u0107 si\u0119 interesem publicznym. Radny nie powinien wykorzystywa\u0107 swej funkcji w celu uzyskania korzy\u015bci dla siebie samego i os\u00f3b bliskich oraz przyjmowa\u0107 korzy\u015bci, kt\u00f3re mog\u0142yby mie\u0107 wp\u0142yw na jego dzia\u0142anie jako Radnego (zasada bezinteresowno\u015bci).\u003C\/p\u003E\n\u003Cp align=\u0022center\u0022\u003E\u003C\/p\u003E\n\u003Cp class=\u0022tekst\u0022\u003EArt. 5\u003C\/p\u003E\n\u003Cp\u003E\u00a0\u003C\/p\u003E\n\u003Cp class=\u0022tekst\u0022\u003ERadny odpowiada za swoje decyzje i dzia\u0142ania. Radny powinien podda\u0107 si\u0119 obowi\u0105zuj\u0105cym go procedurom wyja\u015bniaj\u0105cym i kontrolnym (zasada odpowiedzialno\u015bci).\u003C\/p\u003E\n\u003Cp align=\u0022center\u0022\u003E\u003C\/p\u003E\n\u003Cp class=\u0022tekst\u0022\u003EArt. 6\u003C\/p\u003E\n\u003Cp\u003E\u00a0\u003C\/p\u003E\n\u003Cp class=\u0022tekst\u0022\u003ERadny, przy podejmowaniu decyzji, powinien w mo\u017cliwie najszerszym zakresie post\u0119powa\u0107 w spos\u00f3b dost\u0119pny dla opinii publicznej. Radny powinien ujawni\u0107 zwi\u0105zek interesu osobistego z decyzj\u0105, w podj\u0119ciu kt\u00f3rej uczestniczy (zasada jawno\u015bci).\u003C\/p\u003E\n\u003Cp align=\u0022center\u0022\u003E\u003C\/p\u003E\n\u003Cp class=\u0022tekst\u0022\u003EArt. 7\u003C\/p\u003E\n\u003Cp\u003E\u00a0\u003C\/p\u003E\n\u003Cp class=\u0022tekst\u0022\u003ERadny powinien unika\u0107 zachowa\u0144, kt\u00f3re mog\u0105 godzi\u0107 w dobre imi\u0119 Sejmiku Wojew\u00f3dztwa \u015al\u0105skiego. Radny powinien szanowa\u0107 godno\u015b\u0107 innych os\u00f3b (zasada dba\u0142o\u015bci o dobre imi\u0119 Sejmiku.)\u003C\/p\u003E\n\u003Cspan style=\u0022font-size: xx-small;\u0022 size=\u00221\u0022\u003E\u00a0\u003C\/span\u003E\u003C\/div\u003E","promotion":false}},{"id":"bf6dbc25-d119-11e7-80a9-005056b46601","type":"Gallery","name":"Galeria","description":"Galeria"},{"id":"bf6e1f6b-d119-11e7-80a9-005056b46601","type":"Attachment","name":"Za\u0142\u0105czniki","description":"Za\u0142\u0105czniki do strony"},{"id":"eba03b25-d9a7-11e7-b355-005056b70dba","type":"PageTitle","name":"","description":"Tytu\u0142 strony","content":{"title":"Uchwa\u0142a Sejmiku nr I\/39\/42\/2001 z dnia 2001-08-28"}},{"id":"eba07701-d9a7-11e7-b355-005056b70dba","type":"PageDescription","name":"","description":"Zajawka strony","content":[]},{"id":"1b1a7940-ff78-11e7-b81e-005056b7801d","type":"SectionDescription","name":"","description":"Zajawka sekcji","content":[]}]}