{"id":27002,"name":"uchwala-sejmiku-nr-i4822002-z-dnia-2002-03-18","title":"Uchwa\u0142a Sejmiku nr I\/48\/2\/2002 z dnia 2002-03-18","desc":"","header":"Uchwa\u0142a Sejmiku nr I\/48\/2\/2002 z dnia 2002-03-18","lead":"","keywords":"","changes":"migracja danych","menu":"","path":"\/sejmik_wojewodztwa\/sesje_sejmiku\/uchwaly\/uchwala-sejmiku-nr-i4822002-z-dnia-2002-03-18.html","url":"\/sejmik_wojewodztwa\/sesje_sejmiku\/uchwaly\/uchwala-sejmiku-nr-i4822002-z-dnia-2002-03-18.html","infoOwner":"Urz\u0105d Marsza\u0142kowski Wojew\u00f3dztwa \u015al\u0105skiego","dateFirstPublicate":"2022-02-21 12:14:53","dateLastVersionPublicate":"2022-02-21 13:07:01","dateAvailableFrom":"","dateAvailableTo":"","type":"Uchwa\u0142a Sejmiku","pageParams":[{"id":"225","name":"DATA_OGLOSZENIA","description":"Data og\u0142oszenia","value":"2002-03-18"},{"id":"235","name":"W sprawie","description":"W sprawie","value":"uchwalenia Wojew\u00f3dzkiego Programu Rozwoju Bazy Sportowej z uwzgl\u0119dnieniem dofinansowania przez Urz\u0105d Kultury Fizycznej i Sportu w roku 2002"},{"id":"299","name":"NUMER_UCHWALY_SEJMIKU","description":"Numer uchwa\u0142y","value":"I\/48\/02\/2002"}],"components":[{"id":"bf6d5eba-d119-11e7-80a9-005056b46601","type":"ContentWYSIWYG","name":"Tre\u015b\u0107","description":"Tre\u015b\u0107 strony","content":{"content":"\u003Cdiv class=\u0022lead1\u0022\u003ENa podstawie\u003Cbr \/\u003Eart. 18 pkt 2 i art. 14 ust.1 pkt 11\u003Cbr \/\u003E ustawy z dnia 5 czerwca 1998 roku o samorz\u0105dzie wojew\u00f3dztwa\u003Cbr \/\u003E (t.j. Dz.U. Nr 142 z 2001 roku, poz. 1590)\u003Cbr \/\u003E w zwi\u0105zku z \u00a7 2 pkt 3\u003Cbr \/\u003E Rozporz\u0105dzenia Ministra Finans\u00f3w z dnia 25 kwietnia 1997 roku\u003Cbr \/\u003E w sprawie szczeg\u00f3\u0142owych zasad dofinansowania inwestycji sportowych\u003Cbr \/\u003E ze \u015brodk\u00f3w pochodz\u0105cych z dop\u0142at do stawek w grach liczbowych, trybu sk\u0142adania wniosk\u00f3w oraz przekazywania \u015brodk\u00f3w i ich rozliczania\u003Cbr \/\u003E (Dz.U. Nr 46, poz. 293 z p\u00f3\u017an. zm.)\u003C\/div\u003E\n\u003Cdiv class=\u0022tresc\u0022\u003E\n\u003Cp align=\u0022center\u0022\u003E\u00a7 1\u003C\/p\u003E\n\u003Cbr \/\u003E\n\u003Cp\u003EUchwali\u0107 Wojew\u00f3dzki Program Rozwoju Bazy Sportowej z uwzgl\u0119dnieniem dofinansowania przez Urz\u0105d Kultury Fizycznej i Sportu w roku 2002, stanowi\u0105cy za\u0142\u0105cznik do niniejszej uchwa\u0142y.\u003C\/p\u003E\n\u003Cbr \/\u003E\n\u003Cp align=\u0022center\u0022\u003E\u00a7 2\u003C\/p\u003E\n\u003Cbr \/\u003E\n\u003Cp\u003ETraci moc uchwa\u0142a nr I\/42\/32\/2001 z dnia 22 pa\u017adziernika 2001 roku w sprawie zmiany uchwa\u0142y nr I\/40\/1\/2001 z dnia 26 wrze\u015bnia 2001 roku w sprawie uchwalenia Wojew\u00f3dzkiego Programu Rozwoju Bazy Sportowej z uwzgl\u0119dnieniem rozdysponowania niewykorzystanych \u015brodk\u00f3w przyznanych przez Sejmik Wojew\u00f3dztwa \u015al\u0105skiego gminom na realizacj\u0119 inwestycji sportowych w ramach przyznanego przez Urz\u0105d Kultury Fizycznej i Sportu limitu \u015brodk\u00f3w na rok 2001.\u003C\/p\u003E\n\u003Cbr \/\u003E\n\u003Cp align=\u0022center\u0022\u003E\u00a7 3\u003C\/p\u003E\n\u003Cbr \/\u003E\n\u003Cp\u003EWykonanie uchwa\u0142y powierzy\u0107 Zarz\u0105dowi Wojew\u00f3dztwa \u015al\u0105skiego.\u003C\/p\u003E\n\u003Cbr \/\u003E\n\u003Cp align=\u0022center\u0022\u003E\u00a7 4\u003C\/p\u003E\n\u003Cbr \/\u003E\n\u003Cp\u003EUchwa\u0142a wchodzi w \u017cycie z dniem podj\u0119cia.\u003C\/p\u003E\n\u003Cbr \/\u003E \u003Cbr \/\u003E Ryszard Ostrowski\u003Cbr \/\u003EPrzewodnicz\u0105cy Sejmiku\u003Cbr \/\u003EWojew\u00f3dztwa \u015al\u0105skiego\u003C\/div\u003E\n\u003Cdiv class=\u0022tresc\u0022\u003E\u003C\/div\u003E\n\u003Cdiv class=\u0022tresc\u0022\u003E\n\u003Cp class=\u0022tekst\u0022 align=\u0022center\u0022\u003E\u003Cspan style=\u0022font-size: small;\u0022 size=\u00222\u0022\u003E\u003Cb\u003EWojew\u00f3dzki Program Bazy Sportowej Wojew\u00f3dztwo \u015alaskie rok 2002\u003C\/b\u003E\u003C\/span\u003E\u003C\/p\u003E\n\u003Ctable cellspacing=\u00221\u0022 cellpadding=\u00221\u0022 border=\u00221\u0022 align=\u0022center\u0022\u003E\n\u003Ctbody\u003E\n\u003Ctr bgcolor=\u0022#CCCCCC\u0022\u003E\n\u003Ctd class=\u0022tekst\u0022 rowspan=\u00222\u0022 width=\u002217\u0022\u003E\n\u003Cdiv align=\u0022center\u0022\u003EL.p\u003C\/div\u003E\n\u003C\/td\u003E\n\u003Ctd class=\u0022tekst\u0022 rowspan=\u00222\u0022 width=\u002290\u0022\u003E\n\u003Cdiv align=\u0022center\u0022\u003EInwestor - wnioskodawca, adres\u003C\/div\u003E\n\u003C\/td\u003E\n\u003Ctd class=\u0022tekst\u0022 rowspan=\u00222\u0022 width=\u002295\u0022\u003E\n\u003Cdiv align=\u0022center\u0022\u003Edocelowy u\u017cytkownik\u003C\/div\u003E\n\u003C\/td\u003E\n\u003Ctd class=\u0022tekst\u0022 rowspan=\u00222\u0022 width=\u002245\u0022\u003E\n\u003Cdiv align=\u0022center\u0022\u003ERodzaj nak\u0142a\u003Cbr \/\u003E -d\u00f3w: N,M,K,R\u003C\/div\u003E\n\u003C\/td\u003E\n\u003Ctd class=\u0022tekst\u0022 rowspan=\u00222\u0022 width=\u0022109\u0022\u003E\n\u003Cdiv align=\u0022center\u0022\u003ECharakteryzacja przedsi\u0119wzi\u0119cia\u003C\/div\u003E\n\u003C\/td\u003E\n\u003Ctd class=\u0022tekst\u0022 rowspan=\u00222\u0022 width=\u002252\u0022\u003E\n\u003Cdiv align=\u0022center\u0022\u003EOkres realizacji\u003C\/div\u003E\n\u003C\/td\u003E\n\u003Ctd class=\u0022tekst\u0022 rowspan=\u00222\u0022 width=\u002278\u0022\u003E\n\u003Cdiv align=\u0022center\u0022\u003EWarto\u015b\u0107 zadania\u003C\/div\u003E\n\u003C\/td\u003E\n\u003Ctd class=\u0022tekst\u0022 colspan=\u00224\u0022\u003E\n\u003Cdiv align=\u0022center\u0022\u003EUdzia\u0142 \u015brodk\u00f3w z dop\u0142at do stawek w grach liczbowych\u003C\/div\u003E\n\u003C\/td\u003E\n\u003Ctd class=\u0022tekst\u0022 rowspan=\u00222\u0022 width=\u002248\u0022\u003E\n\u003Cdiv align=\u0022center\u0022\u003EUwagi\u003C\/div\u003E\n\u003C\/td\u003E\n\u003C\/tr\u003E\n\u003Ctr\u003E\n\u003Ctd class=\u0022tekst\u0022 width=\u002279\u0022\u003E\n\u003Cdiv align=\u0022center\u0022\u003EOg\u00f3\u0142em\u003C\/div\u003E\n\u003C\/td\u003E\n\u003Ctd class=\u0022tekst\u0022 width=\u002279\u0022\u003E\n\u003Cdiv align=\u0022center\u0022\u003E2001\u003C\/div\u003E\n\u003C\/td\u003E\n\u003Ctd class=\u0022tekst\u0022 width=\u002273\u0022\u003E\n\u003Cdiv align=\u0022center\u0022\u003E2002\u003C\/div\u003E\n\u003C\/td\u003E\n\u003Ctd class=\u0022tekst\u0022 width=\u002273\u0022\u003E\n\u003Cdiv align=\u0022center\u0022\u003E2003\u003C\/div\u003E\n\u003C\/td\u003E\n\u003C\/tr\u003E\n\u003Ctr bgcolor=\u0022#CCCCCC\u0022\u003E\n\u003Ctd class=\u0022tekst\u0022 width=\u002217\u0022\u003E\n\u003Cdiv align=\u0022center\u0022\u003E\u003Cb\u003E1\u003C\/b\u003E\u003C\/div\u003E\n\u003C\/td\u003E\n\u003Ctd class=\u0022tekst\u0022 width=\u002290\u0022\u003E\n\u003Cdiv align=\u0022center\u0022\u003E\u003Cb\u003E2\u003C\/b\u003E\u003C\/div\u003E\n\u003C\/td\u003E\n\u003Ctd class=\u0022tekst\u0022 width=\u002295\u0022\u003E\n\u003Cdiv align=\u0022center\u0022\u003E\u003Cb\u003E3\u003C\/b\u003E\u003C\/div\u003E\n\u003C\/td\u003E\n\u003Ctd class=\u0022tekst\u0022 width=\u002245\u0022\u003E\n\u003Cdiv align=\u0022center\u0022\u003E\u003Cb\u003E4\u003C\/b\u003E\u003C\/div\u003E\n\u003C\/td\u003E\n\u003Ctd class=\u0022tekst\u0022 width=\u0022109\u0022\u003E\n\u003Cdiv align=\u0022center\u0022\u003E\u003Cb\u003E5\u003C\/b\u003E\u003C\/div\u003E\n\u003C\/td\u003E\n\u003Ctd class=\u0022tekst\u0022 width=\u002252\u0022\u003E\n\u003Cdiv align=\u0022center\u0022\u003E\u003Cb\u003E6\u003C\/b\u003E\u003C\/div\u003E\n\u003C\/td\u003E\n\u003Ctd class=\u0022tekst\u0022 width=\u002278\u0022\u003E\n\u003Cdiv align=\u0022center\u0022\u003E\u003Cb\u003E7\u003C\/b\u003E\u003C\/div\u003E\n\u003C\/td\u003E\n\u003Ctd class=\u0022tekst\u0022 width=\u002279\u0022\u003E\n\u003Cdiv align=\u0022center\u0022\u003E\u003Cb\u003E8\u003C\/b\u003E\u003C\/div\u003E\n\u003C\/td\u003E\n\u003Ctd class=\u0022tekst\u0022 width=\u002279\u0022\u003E\n\u003Cdiv align=\u0022center\u0022\u003E\u003Cb\u003E9\u003C\/b\u003E\u003C\/div\u003E\n\u003C\/td\u003E\n\u003Ctd class=\u0022tekst\u0022 width=\u002273\u0022\u003E\n\u003Cdiv align=\u0022center\u0022\u003E\u003Cb\u003E10\u003C\/b\u003E\u003C\/div\u003E\n\u003C\/td\u003E\n\u003Ctd class=\u0022tekst\u0022 width=\u002273\u0022\u003E\n\u003Cdiv align=\u0022center\u0022\u003E\u003Cb\u003E11\u003C\/b\u003E\u003C\/div\u003E\n\u003C\/td\u003E\n\u003Ctd class=\u0022tekst\u0022 width=\u002248\u0022\u003E\n\u003Cdiv align=\u0022center\u0022\u003E\u003Cb\u003E12\u003C\/b\u003E\u003C\/div\u003E\n\u003C\/td\u003E\n\u003C\/tr\u003E\n\u003Ctr\u003E\n\u003Ctd class=\u0022tekst\u0022 colspan=\u002212\u0022\u003E\n\u003Cdiv align=\u0022right\u0022\u003Ewarto\u015bci podano w tys. z\u0142.\u003C\/div\u003E\n\u003C\/td\u003E\n\u003C\/tr\u003E\n\u003Ctr\u003E\n\u003Ctd class=\u0022tekst\u0022 width=\u002217\u0022\u003E1\u003C\/td\u003E\n\u003Ctd class=\u0022tekst\u0022 width=\u002290\u0022\u003EStarostwo Powiatowe Myszk\u00f3w\u003C\/td\u003E\n\u003Ctd class=\u0022tekst\u0022 width=\u002295\u0022\u003ELO Myszk\u00f3w\u003C\/td\u003E\n\u003Ctd class=\u0022tekst\u0022 width=\u002245\u0022\u003E\n\u003Cdiv align=\u0022center\u0022\u003EN\u003C\/div\u003E\n\u003C\/td\u003E\n\u003Ctd class=\u0022tekst\u0022 width=\u0022109\u0022\u003Ehala sportowa\u003C\/td\u003E\n\u003Ctd class=\u0022tekst\u0022 width=\u002252\u0022\u003E\n\u003Cdiv align=\u0022center\u0022\u003E99-01\u003C\/div\u003E\n\u003C\/td\u003E\n\u003Ctd class=\u0022tekst\u0022 width=\u002278\u0022\u003E\n\u003Cdiv align=\u0022center\u0022\u003E3 450,0\u003C\/div\u003E\n\u003C\/td\u003E\n\u003Ctd class=\u0022tekst\u0022 width=\u002279\u0022\u003E\n\u003Cdiv align=\u0022center\u0022\u003E1 823,0\u003C\/div\u003E\n\u003C\/td\u003E\n\u003Ctd class=\u0022tekst\u0022 width=\u002279\u0022\u003E\n\u003Cdiv align=\u0022center\u0022\u003E1 176,0\u003C\/div\u003E\n\u003C\/td\u003E\n\u003Ctd class=\u0022tekst\u0022 width=\u002273\u0022\u003E\n\u003Cdiv align=\u0022center\u0022\u003E6,0\u003C\/div\u003E\n\u003C\/td\u003E\n\u003Ctd class=\u0022tekst\u0022 width=\u002273\u0022\u003E\n\u003Cdiv align=\u0022center\u0022\u003E\u00a0\u003C\/div\u003E\n\u003C\/td\u003E\n\u003Ctd class=\u0022tekst\u0022 width=\u002248\u0022\u003E\n\u003Cdiv align=\u0022center\u0022\u003EK\u003C\/div\u003E\n\u003C\/td\u003E\n\u003C\/tr\u003E\n\u003Ctr\u003E\n\u003Ctd class=\u0022tekst\u0022 width=\u002217\u0022\u003E2\u003C\/td\u003E\n\u003Ctd class=\u0022tekst\u0022 width=\u002290\u0022\u003EUrz\u0105d Miasta Bielsko-Bia\u0142a\u003C\/td\u003E\n\u003Ctd class=\u0022tekst\u0022 width=\u002295\u0022\u003EZSSiO Bielsko Bia\u0142a\u003C\/td\u003E\n\u003Ctd class=\u0022tekst\u0022 width=\u002245\u0022\u003E\n\u003Cdiv align=\u0022center\u0022\u003EN\u003C\/div\u003E\n\u003C\/td\u003E\n\u003Ctd class=\u0022tekst\u0022 width=\u0022109\u0022\u003Ehala sportowa 45x24m\u003C\/td\u003E\n\u003Ctd class=\u0022tekst\u0022 width=\u002252\u0022\u003E\n\u003Cdiv align=\u0022center\u0022\u003E99-02\u003C\/div\u003E\n\u003C\/td\u003E\n\u003Ctd class=\u0022tekst\u0022 width=\u002278\u0022\u003E\n\u003Cdiv align=\u0022center\u0022\u003E3 867,0\u003C\/div\u003E\n\u003C\/td\u003E\n\u003Ctd class=\u0022tekst\u0022 width=\u002279\u0022\u003E\n\u003Cdiv align=\u0022center\u0022\u003E1 289,0\u003C\/div\u003E\n\u003C\/td\u003E\n\u003Ctd class=\u0022tekst\u0022 width=\u002279\u0022\u003E\n\u003Cdiv align=\u0022center\u0022\u003E1 000,0\u003C\/div\u003E\n\u003C\/td\u003E\n\u003Ctd class=\u0022tekst\u0022 width=\u002273\u0022\u003E\n\u003Cdiv align=\u0022center\u0022\u003E289,0\u003C\/div\u003E\n\u003C\/td\u003E\n\u003Ctd class=\u0022tekst\u0022 width=\u002273\u0022\u003E\n\u003Cdiv align=\u0022center\u0022\u003E\u00a0\u003C\/div\u003E\n\u003C\/td\u003E\n\u003Ctd class=\u0022tekst\u0022 width=\u002248\u0022\u003E\n\u003Cdiv align=\u0022center\u0022\u003EK\u003C\/div\u003E\n\u003C\/td\u003E\n\u003C\/tr\u003E\n\u003Ctr\u003E\n\u003Ctd class=\u0022tekst\u0022 width=\u002217\u0022\u003E3\u003C\/td\u003E\n\u003Ctd class=\u0022tekst\u0022 width=\u002290\u0022\u003EUrz\u0105d Miasta Tychy\u003C\/td\u003E\n\u003Ctd class=\u0022tekst\u0022 width=\u002295\u0022\u003EMOSiR Tychy\u003C\/td\u003E\n\u003Ctd class=\u0022tekst\u0022 width=\u002245\u0022\u003E\n\u003Cdiv align=\u0022center\u0022\u003EN\u003C\/div\u003E\n\u003C\/td\u003E\n\u003Ctd class=\u0022tekst\u0022 width=\u0022109\u0022\u003Ezesp\u00f3\u0142 boisk z zapleczem\u003C\/td\u003E\n\u003Ctd class=\u0022tekst\u0022 width=\u002252\u0022\u003E\n\u003Cdiv align=\u0022center\u0022\u003E97-01\u003C\/div\u003E\n\u003C\/td\u003E\n\u003Ctd class=\u0022tekst\u0022 width=\u002278\u0022\u003E\n\u003Cdiv align=\u0022center\u0022\u003E3 963,0\u003C\/div\u003E\n\u003C\/td\u003E\n\u003Ctd class=\u0022tekst\u0022 width=\u002279\u0022\u003E\n\u003Cdiv align=\u0022center\u0022\u003E1 133,0\u003C\/div\u003E\n\u003C\/td\u003E\n\u003Ctd class=\u0022tekst\u0022 width=\u002279\u0022\u003E\n\u003Cdiv align=\u0022center\u0022\u003E249,0\u003C\/div\u003E\n\u003C\/td\u003E\n\u003Ctd class=\u0022tekst\u0022 width=\u002273\u0022\u003E\n\u003Cdiv align=\u0022center\u0022\u003E870,0\u003C\/div\u003E\n\u003C\/td\u003E\n\u003Ctd class=\u0022tekst\u0022 width=\u002273\u0022\u003E\n\u003Cdiv align=\u0022center\u0022\u003E\u00a0\u003C\/div\u003E\n\u003C\/td\u003E\n\u003Ctd class=\u0022tekst\u0022 width=\u002248\u0022\u003E\n\u003Cdiv align=\u0022center\u0022\u003EK\u003C\/div\u003E\n\u003C\/td\u003E\n\u003C\/tr\u003E\n\u003Ctr\u003E\n\u003Ctd class=\u0022tekst\u0022 width=\u002217\u0022\u003E4\u003C\/td\u003E\n\u003Ctd class=\u0022tekst\u0022 width=\u002290\u0022\u003EUrz\u0105d Miasta Tychy\u003C\/td\u003E\n\u003Ctd class=\u0022tekst\u0022 width=\u002295\u0022\u003ESP-10 Tychy\u003C\/td\u003E\n\u003Ctd class=\u0022tekst\u0022 width=\u002245\u0022\u003E\n\u003Cdiv align=\u0022center\u0022\u003EN\u003C\/div\u003E\n\u003C\/td\u003E\n\u003Ctd class=\u0022tekst\u0022 width=\u0022109\u0022\u003Ehala sportowa 36x18m, zesp\u00f3\u0142 boisk\u003C\/td\u003E\n\u003Ctd class=\u0022tekst\u0022 width=\u002252\u0022\u003E\n\u003Cdiv align=\u0022center\u0022\u003E97-01\u003C\/div\u003E\n\u003C\/td\u003E\n\u003Ctd class=\u0022tekst\u0022 width=\u002278\u0022\u003E\n\u003Cdiv align=\u0022center\u0022\u003E7 000,0\u003C\/div\u003E\n\u003C\/td\u003E\n\u003Ctd class=\u0022tekst\u0022 width=\u002279\u0022\u003E\n\u003Cdiv align=\u0022center\u0022\u003E1 800,0\u003C\/div\u003E\n\u003C\/td\u003E\n\u003Ctd class=\u0022tekst\u0022 width=\u002279\u0022\u003E\n\u003Cdiv align=\u0022center\u0022\u003E495,0\u003C\/div\u003E\n\u003C\/td\u003E\n\u003Ctd class=\u0022tekst\u0022 width=\u002273\u0022\u003E\n\u003Cdiv align=\u0022center\u0022\u003E50,0\u003C\/div\u003E\n\u003C\/td\u003E\n\u003Ctd class=\u0022tekst\u0022 width=\u002273\u0022\u003E\n\u003Cdiv align=\u0022center\u0022\u003E\u00a0\u003C\/div\u003E\n\u003C\/td\u003E\n\u003Ctd class=\u0022tekst\u0022 width=\u002248\u0022\u003E\n\u003Cdiv align=\u0022center\u0022\u003EK\u003C\/div\u003E\n\u003C\/td\u003E\n\u003C\/tr\u003E\n\u003Ctr\u003E\n\u003Ctd class=\u0022tekst\u0022 width=\u002217\u0022\u003E5\u003C\/td\u003E\n\u003Ctd class=\u0022tekst\u0022 width=\u002290\u0022\u003EUrz\u0105d Miasta Chorz\u00f3w\u003C\/td\u003E\n\u003Ctd class=\u0022tekst\u0022 width=\u002295\u0022\u003EDzielnicowy O\u015brodek Sportu w Chorzowie\u003C\/td\u003E\n\u003Ctd class=\u0022tekst\u0022 width=\u002245\u0022\u003E\n\u003Cdiv align=\u0022center\u0022\u003EN\u003C\/div\u003E\n\u003C\/td\u003E\n\u003Ctd class=\u0022tekst\u0022 width=\u0022109\u0022\u003Ehala sportowa i kryta p\u0142ywalnia\u003C\/td\u003E\n\u003Ctd class=\u0022tekst\u0022 width=\u002252\u0022\u003E\n\u003Cdiv align=\u0022center\u0022\u003E99-01\u003C\/div\u003E\n\u003C\/td\u003E\n\u003Ctd class=\u0022tekst\u0022 width=\u002278\u0022\u003E\n\u003Cdiv align=\u0022center\u0022\u003E14 953,0\u003C\/div\u003E\n\u003C\/td\u003E\n\u003Ctd class=\u0022tekst\u0022 width=\u002279\u0022\u003E\n\u003Cdiv align=\u0022center\u0022\u003E4 066,0\u003C\/div\u003E\n\u003C\/td\u003E\n\u003Ctd class=\u0022tekst\u0022 width=\u002279\u0022\u003E\n\u003Cdiv align=\u0022center\u0022\u003E1 395,0\u003C\/div\u003E\n\u003C\/td\u003E\n\u003Ctd class=\u0022tekst\u0022 width=\u002273\u0022\u003E\n\u003Cdiv align=\u0022center\u0022\u003E176,0\u003C\/div\u003E\n\u003C\/td\u003E\n\u003Ctd class=\u0022tekst\u0022 width=\u002273\u0022\u003E\n\u003Cdiv align=\u0022center\u0022\u003E\u00a0\u003C\/div\u003E\n\u003C\/td\u003E\n\u003Ctd class=\u0022tekst\u0022 width=\u002248\u0022\u003E\n\u003Cdiv align=\u0022center\u0022\u003EK\u003C\/div\u003E\n\u003C\/td\u003E\n\u003C\/tr\u003E\n\u003Ctr\u003E\n\u003Ctd class=\u0022tekst\u0022 width=\u002217\u0022\u003E6\u003C\/td\u003E\n\u003Ctd class=\u0022tekst\u0022 width=\u002290\u0022\u003EUrz\u0105d Gminy Suszec\u003C\/td\u003E\n\u003Ctd class=\u0022tekst\u0022 width=\u002295\u0022\u003EUrz\u0105d Gminy Suszec\u003C\/td\u003E\n\u003Ctd class=\u0022tekst\u0022 width=\u002245\u0022\u003E\n\u003Cdiv align=\u0022center\u0022\u003EN\u003C\/div\u003E\n\u003C\/td\u003E\n\u003Ctd class=\u0022tekst\u0022 width=\u0022109\u0022\u003Ehala sportowa 44x22m\u003C\/td\u003E\n\u003Ctd class=\u0022tekst\u0022 width=\u002252\u0022\u003E\n\u003Cdiv align=\u0022center\u0022\u003E99-02\u003C\/div\u003E\n\u003C\/td\u003E\n\u003Ctd class=\u0022tekst\u0022 width=\u002278\u0022\u003E\n\u003Cdiv align=\u0022center\u0022\u003E10 658,0\u003C\/div\u003E\n\u003C\/td\u003E\n\u003Ctd class=\u0022tekst\u0022 width=\u002279\u0022\u003E\n\u003Cdiv align=\u0022center\u0022\u003E3 166,0\u003C\/div\u003E\n\u003C\/td\u003E\n\u003Ctd class=\u0022tekst\u0022 width=\u002279\u0022\u003E\n\u003Cdiv align=\u0022center\u0022\u003E1 188,0\u003C\/div\u003E\n\u003C\/td\u003E\n\u003Ctd class=\u0022tekst\u0022 width=\u002273\u0022\u003E\n\u003Cdiv align=\u0022center\u0022\u003E1 312,0\u003C\/div\u003E\n\u003C\/td\u003E\n\u003Ctd class=\u0022tekst\u0022 width=\u002273\u0022\u003E\n\u003Cdiv align=\u0022center\u0022\u003E\u00a0\u003C\/div\u003E\n\u003C\/td\u003E\n\u003Ctd class=\u0022tekst\u0022 width=\u002248\u0022\u003E\n\u003Cdiv align=\u0022center\u0022\u003EK\u003C\/div\u003E\n\u003C\/td\u003E\n\u003C\/tr\u003E\n\u003Ctr\u003E\n\u003Ctd class=\u0022tekst\u0022 width=\u002217\u0022\u003E7\u003C\/td\u003E\n\u003Ctd class=\u0022tekst\u0022 width=\u002290\u0022\u003EUrz\u0105d Miasta Rybnik\u003C\/td\u003E\n\u003Ctd class=\u0022tekst\u0022 width=\u002295\u0022\u003EMOSiR Rybnik\u003C\/td\u003E\n\u003Ctd class=\u0022tekst\u0022 width=\u002245\u0022\u003E\n\u003Cdiv align=\u0022center\u0022\u003EM\u003C\/div\u003E\n\u003C\/td\u003E\n\u003Ctd class=\u0022tekst\u0022 width=\u0022109\u0022\u003Estadion \u017cu\u017clowy\u003C\/td\u003E\n\u003Ctd class=\u0022tekst\u0022 width=\u002252\u0022\u003E\n\u003Cdiv align=\u0022center\u0022\u003E99-03\u003C\/div\u003E\n\u003C\/td\u003E\n\u003Ctd class=\u0022tekst\u0022 width=\u002278\u0022\u003E\n\u003Cdiv align=\u0022center\u0022\u003E15 343,0\u003C\/div\u003E\n\u003C\/td\u003E\n\u003Ctd class=\u0022tekst\u0022 width=\u002279\u0022\u003E\n\u003Cdiv align=\u0022center\u0022\u003E4 997,0\u003C\/div\u003E\n\u003C\/td\u003E\n\u003Ctd class=\u0022tekst\u0022 width=\u002279\u0022\u003E\n\u003Cdiv align=\u0022center\u0022\u003E\u00a0\u003C\/div\u003E\n\u003C\/td\u003E\n\u003Ctd class=\u0022tekst\u0022 width=\u002273\u0022\u003E\n\u003Cdiv align=\u0022center\u0022\u003E3 294,0\u003C\/div\u003E\n\u003C\/td\u003E\n\u003Ctd class=\u0022tekst\u0022 width=\u002273\u0022\u003E\n\u003Cdiv align=\u0022center\u0022\u003E1 034,0\u003C\/div\u003E\n\u003C\/td\u003E\n\u003Ctd class=\u0022tekst\u0022 width=\u002248\u0022\u003E\n\u003Cdiv align=\u0022center\u0022\u003EK\u003C\/div\u003E\n\u003C\/td\u003E\n\u003C\/tr\u003E\n\u003Ctr\u003E\n\u003Ctd class=\u0022tekst\u0022 width=\u002217\u0022\u003E8\u003C\/td\u003E\n\u003Ctd class=\u0022tekst\u0022 width=\u002290\u0022\u003EUrz\u0105d Gminy Golesz\u00f3w\u003C\/td\u003E\n\u003Ctd class=\u0022tekst\u0022 width=\u002295\u0022\u003ELKS \u0022Tempo\u0022 Pu\u0144c\u00f3w\u003C\/td\u003E\n\u003Ctd class=\u0022tekst\u0022 width=\u002245\u0022\u003E\n\u003Cdiv align=\u0022center\u0022\u003EN\u003C\/div\u003E\n\u003C\/td\u003E\n\u003Ctd class=\u0022tekst\u0022 width=\u0022109\u0022\u003Eboiska sportowe+pawilon sportowy\u003C\/td\u003E\n\u003Ctd class=\u0022tekst\u0022 width=\u002252\u0022\u003E\n\u003Cdiv align=\u0022center\u0022\u003E98-01\u003C\/div\u003E\n\u003C\/td\u003E\n\u003Ctd class=\u0022tekst\u0022 width=\u002278\u0022\u003E\n\u003Cdiv align=\u0022center\u0022\u003E482,0\u003C\/div\u003E\n\u003C\/td\u003E\n\u003Ctd class=\u0022tekst\u0022 width=\u002279\u0022\u003E\n\u003Cdiv align=\u0022center\u0022\u003E139,0\u003C\/div\u003E\n\u003C\/td\u003E\n\u003Ctd class=\u0022tekst\u0022 width=\u002279\u0022\u003E\n\u003Cdiv align=\u0022center\u0022\u003E77,0\u003C\/div\u003E\n\u003C\/td\u003E\n\u003Ctd class=\u0022tekst\u0022 width=\u002273\u0022\u003E\n\u003Cdiv align=\u0022center\u0022\u003E62,0\u003C\/div\u003E\n\u003C\/td\u003E\n\u003Ctd class=\u0022tekst\u0022 width=\u002273\u0022\u003E\n\u003Cdiv align=\u0022center\u0022\u003E\u00a0\u003C\/div\u003E\n\u003C\/td\u003E\n\u003Ctd class=\u0022tekst\u0022 width=\u002248\u0022\u003E\n\u003Cdiv align=\u0022center\u0022\u003EK\u003C\/div\u003E\n\u003C\/td\u003E\n\u003C\/tr\u003E\n\u003Ctr\u003E\n\u003Ctd class=\u0022tekst\u0022 width=\u002217\u0022\u003E9\u003C\/td\u003E\n\u003Ctd class=\u0022tekst\u0022 width=\u002290\u0022\u003EUrz\u0105d Gminy Opat\u00f3w\u003C\/td\u003E\n\u003Ctd class=\u0022tekst\u0022 width=\u002295\u0022\u003EGimnazjum - Opat\u00f3w\u003C\/td\u003E\n\u003Ctd class=\u0022tekst\u0022 width=\u002245\u0022\u003E\n\u003Cdiv align=\u0022center\u0022\u003EN\u003C\/div\u003E\n\u003C\/td\u003E\n\u003Ctd class=\u0022tekst\u0022 width=\u0022109\u0022\u003Esala gimnastyczna 24x12m\u003C\/td\u003E\n\u003Ctd class=\u0022tekst\u0022 width=\u002252\u0022\u003E\n\u003Cdiv align=\u0022center\u0022\u003E01\u003C\/div\u003E\n\u003C\/td\u003E\n\u003Ctd class=\u0022tekst\u0022 width=\u002278\u0022\u003E\n\u003Cdiv align=\u0022center\u0022\u003E1 072,0\u003C\/div\u003E\n\u003C\/td\u003E\n\u003Ctd class=\u0022tekst\u0022 width=\u002279\u0022\u003E\n\u003Cdiv align=\u0022center\u0022\u003E290,0\u003C\/div\u003E\n\u003C\/td\u003E\n\u003Ctd class=\u0022tekst\u0022 width=\u002279\u0022\u003E\n\u003Cdiv align=\u0022center\u0022\u003E267,0\u003C\/div\u003E\n\u003C\/td\u003E\n\u003Ctd class=\u0022tekst\u0022 width=\u002273\u0022\u003E\n\u003Cdiv align=\u0022center\u0022\u003E23,0\u003C\/div\u003E\n\u003C\/td\u003E\n\u003Ctd class=\u0022tekst\u0022 width=\u002273\u0022\u003E\n\u003Cdiv align=\u0022center\u0022\u003E\u00a0\u003C\/div\u003E\n\u003C\/td\u003E\n\u003Ctd class=\u0022tekst\u0022 width=\u002248\u0022\u003E\n\u003Cdiv align=\u0022center\u0022\u003EK\u003C\/div\u003E\n\u003C\/td\u003E\n\u003C\/tr\u003E\n\u003Ctr\u003E\n\u003Ctd class=\u0022tekst\u0022 width=\u002217\u0022\u003E10\u003C\/td\u003E\n\u003Ctd class=\u0022tekst\u0022 width=\u002290\u0022\u003EZarz\u0105d Wojew\u00f3dztwa \u015al\u0105skiego\u003C\/td\u003E\n\u003Ctd class=\u0022tekst\u0022 width=\u002295\u0022\u003EStadion \u015al\u0105ski w Chorzowie\u003C\/td\u003E\n\u003Ctd class=\u0022tekst\u0022 width=\u002245\u0022\u003E\n\u003Cdiv align=\u0022center\u0022\u003EK\u003C\/div\u003E\n\u003C\/td\u003E\n\u003Ctd class=\u0022tekst\u0022 width=\u0022109\u0022\u003Etor \u017cu\u017clowy\u003C\/td\u003E\n\u003Ctd class=\u0022tekst\u0022 width=\u002252\u0022\u003E\n\u003Cdiv align=\u0022center\u0022\u003E99-01\u003C\/div\u003E\n\u003C\/td\u003E\n\u003Ctd class=\u0022tekst\u0022 width=\u002278\u0022\u003E\n\u003Cdiv align=\u0022center\u0022\u003E28 000,0\u003C\/div\u003E\n\u003C\/td\u003E\n\u003Ctd class=\u0022tekst\u0022 width=\u002279\u0022\u003E\n\u003Cdiv align=\u0022center\u0022\u003E1 210,0\u003C\/div\u003E\n\u003C\/td\u003E\n\u003Ctd class=\u0022tekst\u0022 width=\u002279\u0022\u003E\n\u003Cdiv align=\u0022center\u0022\u003E1 129,0\u003C\/div\u003E\n\u003C\/td\u003E\n\u003Ctd class=\u0022tekst\u0022 width=\u002273\u0022\u003E\n\u003Cdiv align=\u0022center\u0022\u003E81,0\u003C\/div\u003E\n\u003C\/td\u003E\n\u003Ctd class=\u0022tekst\u0022 width=\u002273\u0022\u003E\n\u003Cdiv align=\u0022center\u0022\u003E\u00a0\u003C\/div\u003E\n\u003C\/td\u003E\n\u003Ctd class=\u0022tekst\u0022 width=\u002248\u0022\u003E\n\u003Cdiv align=\u0022center\u0022\u003EK\u003C\/div\u003E\n\u003C\/td\u003E\n\u003C\/tr\u003E\n\u003Ctr\u003E\n\u003Ctd class=\u0022tekst\u0022 width=\u002217\u0022\u003E11\u003C\/td\u003E\n\u003Ctd class=\u0022tekst\u0022 width=\u002290\u0022\u003EUrz\u0105d Miasta Katowice\u003C\/td\u003E\n\u003Ctd class=\u0022tekst\u0022 width=\u002295\u0022\u003EPWS \u0022Spodek\u0022 Katowice\u003C\/td\u003E\n\u003Ctd class=\u0022tekst\u0022 width=\u002245\u0022\u003E\n\u003Cdiv align=\u0022center\u0022\u003EM\u003C\/div\u003E\n\u003C\/td\u003E\n\u003Ctd class=\u0022tekst\u0022 width=\u0022109\u0022\u003Ehala widowiskowo-sportowa \u0022Spodek\u0022 Katowice\u003C\/td\u003E\n\u003Ctd class=\u0022tekst\u0022 width=\u002252\u0022\u003E\n\u003Cdiv align=\u0022center\u0022\u003E01\u003C\/div\u003E\n\u003C\/td\u003E\n\u003Ctd class=\u0022tekst\u0022 width=\u002278\u0022\u003E\n\u003Cdiv align=\u0022center\u0022\u003E2 019,0\u003C\/div\u003E\n\u003C\/td\u003E\n\u003Ctd class=\u0022tekst\u0022 width=\u002279\u0022\u003E\n\u003Cdiv align=\u0022center\u0022\u003E500,0\u003C\/div\u003E\n\u003C\/td\u003E\n\u003Ctd class=\u0022tekst\u0022 width=\u002279\u0022\u003E\n\u003Cdiv align=\u0022center\u0022\u003E437,0\u003C\/div\u003E\n\u003C\/td\u003E\n\u003Ctd class=\u0022tekst\u0022 width=\u002273\u0022\u003E\n\u003Cdiv align=\u0022center\u0022\u003E63,0\u003C\/div\u003E\n\u003C\/td\u003E\n\u003Ctd class=\u0022tekst\u0022 width=\u002273\u0022\u003E\n\u003Cdiv align=\u0022center\u0022\u003E\u00a0\u003C\/div\u003E\n\u003C\/td\u003E\n\u003Ctd class=\u0022tekst\u0022 width=\u002248\u0022\u003E\n\u003Cdiv align=\u0022center\u0022\u003EK\u003C\/div\u003E\n\u003C\/td\u003E\n\u003C\/tr\u003E\n\u003Ctr\u003E\n\u003Ctd class=\u0022tekst\u0022 width=\u002217\u0022\u003E12\u003C\/td\u003E\n\u003Ctd class=\u0022tekst\u0022 width=\u002290\u0022\u003EUrz\u0105d Gminy B\u0119dzin\u003C\/td\u003E\n\u003Ctd class=\u0022tekst\u0022 width=\u002295\u0022\u003EGimnazjum nr 6 w B\u0119dzinie\u003C\/td\u003E\n\u003Ctd class=\u0022tekst\u0022 width=\u002245\u0022\u003E\n\u003Cdiv align=\u0022center\u0022\u003EN\u003C\/div\u003E\n\u003C\/td\u003E\n\u003Ctd class=\u0022tekst\u0022 width=\u0022109\u0022\u003Ehala sportowa 44x24m\u003C\/td\u003E\n\u003Ctd class=\u0022tekst\u0022 width=\u002252\u0022\u003E\n\u003Cdiv align=\u0022center\u0022\u003E00-01\u003C\/div\u003E\n\u003C\/td\u003E\n\u003Ctd class=\u0022tekst\u0022 width=\u002278\u0022\u003E\n\u003Cdiv align=\u0022center\u0022\u003E4 371,0\u003C\/div\u003E\n\u003C\/td\u003E\n\u003Ctd class=\u0022tekst\u0022 width=\u002279\u0022\u003E\n\u003Cdiv align=\u0022center\u0022\u003E1 150,0\u003C\/div\u003E\n\u003C\/td\u003E\n\u003Ctd class=\u0022tekst\u0022 width=\u002279\u0022\u003E\n\u003Cdiv align=\u0022center\u0022\u003E1 149,0\u003C\/div\u003E\n\u003C\/td\u003E\n\u003Ctd class=\u0022tekst\u0022 width=\u002273\u0022\u003E\n\u003Cdiv align=\u0022center\u0022\u003E1,0\u003C\/div\u003E\n\u003C\/td\u003E\n\u003Ctd class=\u0022tekst\u0022 width=\u002273\u0022\u003E\n\u003Cdiv align=\u0022center\u0022\u003E\u00a0\u003C\/div\u003E\n\u003C\/td\u003E\n\u003Ctd class=\u0022tekst\u0022 width=\u002248\u0022\u003E\n\u003Cdiv align=\u0022center\u0022\u003EK\u003C\/div\u003E\n\u003C\/td\u003E\n\u003C\/tr\u003E\n\u003Ctr\u003E\n\u003Ctd class=\u0022tekst\u0022 width=\u002217\u0022\u003E13\u003C\/td\u003E\n\u003Ctd class=\u0022tekst\u0022 width=\u002290\u0022\u003EUrz\u0105d Gminy Zbros\u0142awice\u003C\/td\u003E\n\u003Ctd class=\u0022tekst\u0022 width=\u002295\u0022\u003ESP w Miedarach\u003C\/td\u003E\n\u003Ctd class=\u0022tekst\u0022 width=\u002245\u0022\u003E\n\u003Cdiv align=\u0022center\u0022\u003EN\u003C\/div\u003E\n\u003C\/td\u003E\n\u003Ctd class=\u0022tekst\u0022 width=\u0022109\u0022\u003Ehala sportowa 31x18m\u003C\/td\u003E\n\u003Ctd class=\u0022tekst\u0022 width=\u002252\u0022\u003E\n\u003Cdiv align=\u0022center\u0022\u003E00-02\u003C\/div\u003E\n\u003C\/td\u003E\n\u003Ctd class=\u0022tekst\u0022 width=\u002278\u0022\u003E\n\u003Cdiv align=\u0022center\u0022\u003E966,0\u003C\/div\u003E\n\u003C\/td\u003E\n\u003Ctd class=\u0022tekst\u0022 width=\u002279\u0022\u003E\n\u003Cdiv align=\u0022center\u0022\u003E319,0\u003C\/div\u003E\n\u003C\/td\u003E\n\u003Ctd class=\u0022tekst\u0022 width=\u002279\u0022\u003E\n\u003Cdiv align=\u0022center\u0022\u003E\u00a0\u003C\/div\u003E\n\u003C\/td\u003E\n\u003Ctd class=\u0022tekst\u0022 width=\u002273\u0022\u003E\n\u003Cdiv align=\u0022center\u0022\u003E319,0\u003C\/div\u003E\n\u003C\/td\u003E\n\u003Ctd class=\u0022tekst\u0022 width=\u002273\u0022\u003E\n\u003Cdiv align=\u0022center\u0022\u003E\u00a0\u003C\/div\u003E\n\u003C\/td\u003E\n\u003Ctd class=\u0022tekst\u0022 width=\u002248\u0022\u003E\n\u003Cdiv align=\u0022center\u0022\u003EK\u003C\/div\u003E\n\u003C\/td\u003E\n\u003C\/tr\u003E\n\u003Ctr\u003E\n\u003Ctd class=\u0022tekst\u0022 width=\u002217\u0022\u003E14\u003C\/td\u003E\n\u003Ctd class=\u0022tekst\u0022 width=\u002290\u0022\u003EUrz\u0105d Gminy Mszana\u003C\/td\u003E\n\u003Ctd class=\u0022tekst\u0022 width=\u002295\u0022\u003ESP w Gogo\u0142owej\u003C\/td\u003E\n\u003Ctd class=\u0022tekst\u0022 width=\u002245\u0022\u003E\n\u003Cdiv align=\u0022center\u0022\u003EN\u003C\/div\u003E\n\u003C\/td\u003E\n\u003Ctd class=\u0022tekst\u0022 width=\u0022109\u0022\u003Eterenowe urz\u0105dzenia sportowe\u003C\/td\u003E\n\u003Ctd class=\u0022tekst\u0022 width=\u002252\u0022\u003E\n\u003Cdiv align=\u0022center\u0022\u003E01-02\u003C\/div\u003E\n\u003C\/td\u003E\n\u003Ctd class=\u0022tekst\u0022 width=\u002278\u0022\u003E\n\u003Cdiv align=\u0022center\u0022\u003E282,0\u003C\/div\u003E\n\u003C\/td\u003E\n\u003Ctd class=\u0022tekst\u0022 width=\u002279\u0022\u003E\n\u003Cdiv align=\u0022center\u0022\u003E66,0\u003C\/div\u003E\n\u003C\/td\u003E\n\u003Ctd class=\u0022tekst\u0022 width=\u002279\u0022\u003E\n\u003Cdiv align=\u0022center\u0022\u003E\u00a0\u003C\/div\u003E\n\u003C\/td\u003E\n\u003Ctd class=\u0022tekst\u0022 width=\u002273\u0022\u003E\n\u003Cdiv align=\u0022center\u0022\u003E66,0\u003C\/div\u003E\n\u003C\/td\u003E\n\u003Ctd class=\u0022tekst\u0022 width=\u002273\u0022\u003E\n\u003Cdiv align=\u0022center\u0022\u003E\u00a0\u003C\/div\u003E\n\u003C\/td\u003E\n\u003Ctd class=\u0022tekst\u0022 width=\u002248\u0022\u003E\n\u003Cdiv align=\u0022center\u0022\u003EK\u003C\/div\u003E\n\u003C\/td\u003E\n\u003C\/tr\u003E\n\u003Ctr\u003E\n\u003Ctd class=\u0022tekst\u0022 width=\u002217\u0022\u003E15\u003C\/td\u003E\n\u003Ctd class=\u0022tekst\u0022 width=\u002290\u0022\u003EUrz\u0105d Gminy Kruszyna\u003C\/td\u003E\n\u003Ctd class=\u0022tekst\u0022 width=\u002295\u0022\u003ESP i Gimnazjum w Kruszynie\u003C\/td\u003E\n\u003Ctd class=\u0022tekst\u0022 width=\u002245\u0022\u003E\n\u003Cdiv align=\u0022center\u0022\u003EN\u003C\/div\u003E\n\u003C\/td\u003E\n\u003Ctd class=\u0022tekst\u0022 width=\u0022109\u0022\u003Esala gimnastyczna 24x12m\u003C\/td\u003E\n\u003Ctd class=\u0022tekst\u0022 width=\u002252\u0022\u003E\n\u003Cdiv align=\u0022center\u0022\u003E00-02\u003C\/div\u003E\n\u003C\/td\u003E\n\u003Ctd class=\u0022tekst\u0022 width=\u002278\u0022\u003E\n\u003Cdiv align=\u0022center\u0022\u003E987,0\u003C\/div\u003E\n\u003C\/td\u003E\n\u003Ctd class=\u0022tekst\u0022 width=\u002279\u0022\u003E\n\u003Cdiv align=\u0022center\u0022\u003E322,0\u003C\/div\u003E\n\u003C\/td\u003E\n\u003Ctd class=\u0022tekst\u0022 width=\u002279\u0022\u003E\n\u003Cdiv align=\u0022center\u0022\u003E200,0\u003C\/div\u003E\n\u003C\/td\u003E\n\u003Ctd class=\u0022tekst\u0022 width=\u002273\u0022\u003E\n\u003Cdiv align=\u0022center\u0022\u003E122,0\u003C\/div\u003E\n\u003C\/td\u003E\n\u003Ctd class=\u0022tekst\u0022 width=\u002273\u0022\u003E\n\u003Cdiv align=\u0022center\u0022\u003E\u00a0\u003C\/div\u003E\n\u003C\/td\u003E\n\u003Ctd class=\u0022tekst\u0022 width=\u002248\u0022\u003E\n\u003Cdiv align=\u0022center\u0022\u003EK\u003C\/div\u003E\n\u003C\/td\u003E\n\u003C\/tr\u003E\n\u003Ctr\u003E\n\u003Ctd class=\u0022tekst\u0022 width=\u002217\u0022\u003E16\u003C\/td\u003E\n\u003Ctd class=\u0022tekst\u0022 width=\u002290\u0022\u003EUrz\u0105d Gminy \u015alemie\u0144\u003C\/td\u003E\n\u003Ctd class=\u0022tekst\u0022 width=\u002295\u0022\u003ESP i Gimnazjum w \u015alemieniu\u003C\/td\u003E\n\u003Ctd class=\u0022tekst\u0022 width=\u002245\u0022\u003E\n\u003Cdiv align=\u0022center\u0022\u003EN\u003C\/div\u003E\n\u003C\/td\u003E\n\u003Ctd class=\u0022tekst\u0022 width=\u0022109\u0022\u003Esala gimnastyczna 24x12m\u003C\/td\u003E\n\u003Ctd class=\u0022tekst\u0022 width=\u002252\u0022\u003E\n\u003Cdiv align=\u0022center\u0022\u003E01-02\u003C\/div\u003E\n\u003C\/td\u003E\n\u003Ctd class=\u0022tekst\u0022 width=\u002278\u0022\u003E\n\u003Cdiv align=\u0022center\u0022\u003E1 301,0\u003C\/div\u003E\n\u003C\/td\u003E\n\u003Ctd class=\u0022tekst\u0022 width=\u002279\u0022\u003E\n\u003Cdiv align=\u0022center\u0022\u003E420,0\u003C\/div\u003E\n\u003C\/td\u003E\n\u003Ctd class=\u0022tekst\u0022 width=\u002279\u0022\u003E\n\u003Cdiv align=\u0022center\u0022\u003E\u00a0\u003C\/div\u003E\n\u003C\/td\u003E\n\u003Ctd class=\u0022tekst\u0022 width=\u002273\u0022\u003E\n\u003Cdiv align=\u0022center\u0022\u003E420,0\u003C\/div\u003E\n\u003C\/td\u003E\n\u003Ctd class=\u0022tekst\u0022 width=\u002273\u0022\u003E\n\u003Cdiv align=\u0022center\u0022\u003E\u00a0\u003C\/div\u003E\n\u003C\/td\u003E\n\u003Ctd class=\u0022tekst\u0022 width=\u002248\u0022\u003E\n\u003Cdiv align=\u0022center\u0022\u003EK\u003C\/div\u003E\n\u003C\/td\u003E\n\u003C\/tr\u003E\n\u003Ctr\u003E\n\u003Ctd class=\u0022tekst\u0022 width=\u002217\u0022\u003E17\u003C\/td\u003E\n\u003Ctd class=\u0022tekst\u0022 width=\u002290\u0022\u003EUrz\u0105d Gminy Istebna\u003C\/td\u003E\n\u003Ctd class=\u0022tekst\u0022 width=\u002295\u0022\u003EUrz\u0105d Gminy Istebna\u003C\/td\u003E\n\u003Ctd class=\u0022tekst\u0022 width=\u002245\u0022\u003E\n\u003Cdiv align=\u0022center\u0022\u003EN\u003C\/div\u003E\n\u003C\/td\u003E\n\u003Ctd class=\u0022tekst\u0022 width=\u0022109\u0022\u003Eboisko sportowe\u003C\/td\u003E\n\u003Ctd class=\u0022tekst\u0022 width=\u002252\u0022\u003E\n\u003Cdiv align=\u0022center\u0022\u003E00-02\u003C\/div\u003E\n\u003C\/td\u003E\n\u003Ctd class=\u0022tekst\u0022 width=\u002278\u0022\u003E\n\u003Cdiv align=\u0022center\u0022\u003E523,0\u003C\/div\u003E\n\u003C\/td\u003E\n\u003Ctd class=\u0022tekst\u0022 width=\u002279\u0022\u003E\n\u003Cdiv align=\u0022center\u0022\u003E141,0\u003C\/div\u003E\n\u003C\/td\u003E\n\u003Ctd class=\u0022tekst\u0022 width=\u002279\u0022\u003E\n\u003Cdiv align=\u0022center\u0022\u003E100,0\u003C\/div\u003E\n\u003C\/td\u003E\n\u003Ctd class=\u0022tekst\u0022 width=\u002273\u0022\u003E\n\u003Cdiv align=\u0022center\u0022\u003E41,0\u003C\/div\u003E\n\u003C\/td\u003E\n\u003Ctd class=\u0022tekst\u0022 width=\u002273\u0022\u003E\n\u003Cdiv align=\u0022center\u0022\u003E\u00a0\u003C\/div\u003E\n\u003C\/td\u003E\n\u003Ctd class=\u0022tekst\u0022 width=\u002248\u0022\u003E\n\u003Cdiv align=\u0022center\u0022\u003EK\u003C\/div\u003E\n\u003C\/td\u003E\n\u003C\/tr\u003E\n\u003Ctr\u003E\n\u003Ctd class=\u0022tekst\u0022 width=\u002217\u0022\u003E18\u003C\/td\u003E\n\u003Ctd class=\u0022tekst\u0022 width=\u002290\u0022\u003EUrz\u0105d Gminy Por\u0105bka\u003C\/td\u003E\n\u003Ctd class=\u0022tekst\u0022 width=\u002295\u0022\u003ESP w Cza\u0144cu\u003C\/td\u003E\n\u003Ctd class=\u0022tekst\u0022 width=\u002245\u0022\u003E\n\u003Cdiv align=\u0022center\u0022\u003EN\u003C\/div\u003E\n\u003C\/td\u003E\n\u003Ctd class=\u0022tekst\u0022 width=\u0022109\u0022\u003Ehala sportowa 36x19m\u003C\/td\u003E\n\u003Ctd class=\u0022tekst\u0022 width=\u002252\u0022\u003E\n\u003Cdiv align=\u0022center\u0022\u003E01-02\u003C\/div\u003E\n\u003C\/td\u003E\n\u003Ctd class=\u0022tekst\u0022 width=\u002278\u0022\u003E\n\u003Cdiv align=\u0022center\u0022\u003E3 965,0\u003C\/div\u003E\n\u003C\/td\u003E\n\u003Ctd class=\u0022tekst\u0022 width=\u002279\u0022\u003E\n\u003Cdiv align=\u0022center\u0022\u003E1 078,0\u003C\/div\u003E\n\u003C\/td\u003E\n\u003Ctd class=\u0022tekst\u0022 width=\u002279\u0022\u003E\n\u003Cdiv align=\u0022center\u0022\u003E310,0\u003C\/div\u003E\n\u003C\/td\u003E\n\u003Ctd class=\u0022tekst\u0022 width=\u002273\u0022\u003E\n\u003Cdiv align=\u0022center\u0022\u003E768,0\u003C\/div\u003E\n\u003C\/td\u003E\n\u003Ctd class=\u0022tekst\u0022 width=\u002273\u0022\u003E\n\u003Cdiv align=\u0022center\u0022\u003E\u00a0\u003C\/div\u003E\n\u003C\/td\u003E\n\u003Ctd class=\u0022tekst\u0022 width=\u002248\u0022\u003E\n\u003Cdiv align=\u0022center\u0022\u003EK\u003C\/div\u003E\n\u003C\/td\u003E\n\u003C\/tr\u003E\n\u003Ctr\u003E\n\u003Ctd class=\u0022tekst\u0022 width=\u002217\u0022\u003E19\u003C\/td\u003E\n\u003Ctd class=\u0022tekst\u0022 width=\u002290\u0022\u003EUrz\u0105d Gminy Giera\u0142towice\u003C\/td\u003E\n\u003Ctd class=\u0022tekst\u0022 width=\u002295\u0022\u003ESP i Gimnazjum w Giera\u0142towicach\u003C\/td\u003E\n\u003Ctd class=\u0022tekst\u0022 width=\u002245\u0022\u003E\n\u003Cdiv align=\u0022center\u0022\u003EN\u003C\/div\u003E\n\u003C\/td\u003E\n\u003Ctd class=\u0022tekst\u0022 width=\u0022109\u0022\u003Esala gimnastyczna 24x12m\u003C\/td\u003E\n\u003Ctd class=\u0022tekst\u0022 width=\u002252\u0022\u003E\n\u003Cdiv align=\u0022center\u0022\u003E00-03\u003C\/div\u003E\n\u003C\/td\u003E\n\u003Ctd class=\u0022tekst\u0022 width=\u002278\u0022\u003E\n\u003Cdiv align=\u0022center\u0022\u003E2 409,0\u003C\/div\u003E\n\u003C\/td\u003E\n\u003Ctd class=\u0022tekst\u0022 width=\u002279\u0022\u003E\n\u003Cdiv align=\u0022center\u0022\u003E396,0\u003C\/div\u003E\n\u003C\/td\u003E\n\u003Ctd class=\u0022tekst\u0022 width=\u002279\u0022\u003E\n\u003Cdiv align=\u0022center\u0022\u003E\u00a0\u003C\/div\u003E\n\u003C\/td\u003E\n\u003Ctd class=\u0022tekst\u0022 width=\u002273\u0022\u003E\n\u003Cdiv align=\u0022center\u0022\u003E346,0\u003C\/div\u003E\n\u003C\/td\u003E\n\u003Ctd class=\u0022tekst\u0022 width=\u002273\u0022\u003E\n\u003Cdiv align=\u0022center\u0022\u003E50,0\u003C\/div\u003E\n\u003C\/td\u003E\n\u003Ctd class=\u0022tekst\u0022 width=\u002248\u0022\u003E\n\u003Cdiv align=\u0022center\u0022\u003EK\u003C\/div\u003E\n\u003C\/td\u003E\n\u003C\/tr\u003E\n\u003Ctr\u003E\n\u003Ctd class=\u0022tekst\u0022 colspan=\u00228\u0022\u003E\n\u003Cdiv align=\u0022center\u0022\u003E\u00a0\u003C\/div\u003E\n\u003C\/td\u003E\n\u003Ctd class=\u0022tekst\u0022 width=\u002279\u0022\u003E\n\u003Cdiv align=\u0022right\u0022\u003ERazem\u003C\/div\u003E\n\u003C\/td\u003E\n\u003Ctd class=\u0022tekst\u0022 width=\u002273\u0022\u003E\n\u003Cdiv align=\u0022center\u0022\u003E8 309,0\u003C\/div\u003E\n\u003C\/td\u003E\n\u003Ctd class=\u0022tekst\u0022 colspan=\u00222\u0022\u003E\u00a0\u003C\/td\u003E\n\u003C\/tr\u003E\n\u003Ctr\u003E\n\u003Ctd class=\u0022tekst\u0022 width=\u002217\u0022\u003E20\u003C\/td\u003E\n\u003Ctd class=\u0022tekst\u0022 width=\u002290\u0022\u003EUrz\u0105d Gminy Bobrowniki\u003C\/td\u003E\n\u003Ctd class=\u0022tekst\u0022 width=\u002295\u0022\u003EGimnazjum w Siemonii\u003C\/td\u003E\n\u003Ctd class=\u0022tekst\u0022 width=\u002245\u0022\u003E\n\u003Cdiv align=\u0022center\u0022\u003EN\u003C\/div\u003E\n\u003C\/td\u003E\n\u003Ctd class=\u0022tekst\u0022 width=\u0022109\u0022\u003Esala gimnastyczna 24x12m z obiektami otwartymi\u003C\/td\u003E\n\u003Ctd class=\u0022tekst\u0022 width=\u002252\u0022\u003E\n\u003Cdiv align=\u0022center\u0022\u003E92-02\u003C\/div\u003E\n\u003C\/td\u003E\n\u003Ctd class=\u0022tekst\u0022 width=\u002278\u0022\u003E\n\u003Cdiv align=\u0022center\u0022\u003E617,0\u003C\/div\u003E\n\u003C\/td\u003E\n\u003Ctd class=\u0022tekst\u0022 width=\u002279\u0022\u003E\n\u003Cdiv align=\u0022center\u0022\u003E203,1\u003C\/div\u003E\n\u003C\/td\u003E\n\u003Ctd class=\u0022tekst\u0022 width=\u002279\u0022\u003E\n\u003Cdiv align=\u0022center\u0022\u003E\u00a0\u003C\/div\u003E\n\u003C\/td\u003E\n\u003Ctd class=\u0022tekst\u0022 width=\u002273\u0022\u003E\n\u003Cdiv align=\u0022center\u0022\u003E203,1\u003C\/div\u003E\n\u003C\/td\u003E\n\u003Ctd class=\u0022tekst\u0022 width=\u002273\u0022\u003E\n\u003Cdiv align=\u0022center\u0022\u003E\u00a0\u003C\/div\u003E\n\u003C\/td\u003E\n\u003Ctd class=\u0022tekst\u0022 width=\u002248\u0022\u003E\n\u003Cdiv align=\u0022center\u0022\u003E\u00a0\u003C\/div\u003E\n\u003C\/td\u003E\n\u003C\/tr\u003E\n\u003Ctr\u003E\n\u003Ctd class=\u0022tekst\u0022 width=\u002217\u0022\u003E21\u003C\/td\u003E\n\u003Ctd class=\u0022tekst\u0022 width=\u002290\u0022\u003EZarz\u0105d Gminy w Brennej\u003C\/td\u003E\n\u003Ctd class=\u0022tekst\u0022 width=\u002295\u0022\u003ESzko\u0142a Podstawowa nr 2 w Brennej\u003C\/td\u003E\n\u003Ctd class=\u0022tekst\u0022 width=\u002245\u0022\u003E\n\u003Cdiv align=\u0022center\u0022\u003EN\u003C\/div\u003E\n\u003C\/td\u003E\n\u003Ctd class=\u0022tekst\u0022 width=\u0022109\u0022\u003Esala gimnastyczna 29x17m\u003C\/td\u003E\n\u003Ctd class=\u0022tekst\u0022 width=\u002252\u0022\u003E\n\u003Cdiv align=\u0022center\u0022\u003E01-02\u003C\/div\u003E\n\u003C\/td\u003E\n\u003Ctd class=\u0022tekst\u0022 width=\u002278\u0022\u003E\n\u003Cdiv align=\u0022center\u0022\u003E1 300,0\u003C\/div\u003E\n\u003C\/td\u003E\n\u003Ctd class=\u0022tekst\u0022 width=\u002279\u0022\u003E\n\u003Cdiv align=\u0022center\u0022\u003E240,0\u003C\/div\u003E\n\u003C\/td\u003E\n\u003Ctd class=\u0022tekst\u0022 width=\u002279\u0022\u003E\n\u003Cdiv align=\u0022center\u0022\u003E\u00a0\u003C\/div\u003E\n\u003C\/td\u003E\n\u003Ctd class=\u0022tekst\u0022 width=\u002273\u0022\u003E\n\u003Cdiv align=\u0022center\u0022\u003E240,0\u003C\/div\u003E\n\u003C\/td\u003E\n\u003Ctd class=\u0022tekst\u0022 width=\u002273\u0022\u003E\n\u003Cdiv align=\u0022center\u0022\u003E\u00a0\u003C\/div\u003E\n\u003C\/td\u003E\n\u003Ctd class=\u0022tekst\u0022 width=\u002248\u0022\u003E\n\u003Cdiv align=\u0022center\u0022\u003E\u00a0\u003C\/div\u003E\n\u003C\/td\u003E\n\u003C\/tr\u003E\n\u003Ctr\u003E\n\u003Ctd class=\u0022tekst\u0022 width=\u002217\u0022\u003E22\u003C\/td\u003E\n\u003Ctd class=\u0022tekst\u0022 width=\u002290\u0022\u003EUrz\u0105d Gminy Ciasna\u003C\/td\u003E\n\u003Ctd class=\u0022tekst\u0022 width=\u002295\u0022\u003EGmina\u003C\/td\u003E\n\u003Ctd class=\u0022tekst\u0022 width=\u002245\u0022\u003E\n\u003Cdiv align=\u0022center\u0022\u003EN\u003C\/div\u003E\n\u003C\/td\u003E\n\u003Ctd class=\u0022tekst\u0022 width=\u0022109\u0022\u003EWielofunkcyjny pawilon sportowy przy stadionie w Sierakowie \u015alaskim\u003C\/td\u003E\n\u003Ctd class=\u0022tekst\u0022 width=\u002252\u0022\u003E\n\u003Cdiv align=\u0022center\u0022\u003E91-02\u003C\/div\u003E\n\u003C\/td\u003E\n\u003Ctd class=\u0022tekst\u0022 width=\u002278\u0022\u003E\n\u003Cdiv align=\u0022center\u0022\u003E945,0\u003C\/div\u003E\n\u003C\/td\u003E\n\u003Ctd class=\u0022tekst\u0022 width=\u002279\u0022\u003E\n\u003Cdiv align=\u0022center\u0022\u003E312,0\u003C\/div\u003E\n\u003C\/td\u003E\n\u003Ctd class=\u0022tekst\u0022 width=\u002279\u0022\u003E\n\u003Cdiv align=\u0022center\u0022\u003E\u00a0\u003C\/div\u003E\n\u003C\/td\u003E\n\u003Ctd class=\u0022tekst\u0022 width=\u002273\u0022\u003E\n\u003Cdiv align=\u0022center\u0022\u003E312,0\u003C\/div\u003E\n\u003C\/td\u003E\n\u003Ctd class=\u0022tekst\u0022 width=\u002273\u0022\u003E\n\u003Cdiv align=\u0022center\u0022\u003E\u00a0\u003C\/div\u003E\n\u003C\/td\u003E\n\u003Ctd class=\u0022tekst\u0022 width=\u002248\u0022\u003E\n\u003Cdiv align=\u0022center\u0022\u003E\u00a0\u003C\/div\u003E\n\u003C\/td\u003E\n\u003C\/tr\u003E\n\u003Ctr\u003E\n\u003Ctd class=\u0022tekst\u0022 width=\u002217\u0022\u003E23\u003C\/td\u003E\n\u003Ctd class=\u0022tekst\u0022 width=\u002290\u0022\u003EZarz\u0105d Miasta Cieszyn\u003C\/td\u003E\n\u003Ctd class=\u0022tekst\u0022 width=\u002295\u0022\u003EGimnazjum nr 2 w Cieszynie\u003C\/td\u003E\n\u003Ctd class=\u0022tekst\u0022 width=\u002245\u0022\u003E\n\u003Cdiv align=\u0022center\u0022\u003EN\u003C\/div\u003E\n\u003C\/td\u003E\n\u003Ctd class=\u0022tekst\u0022 width=\u0022109\u0022\u003Ehala 36x18m\u003C\/td\u003E\n\u003Ctd class=\u0022tekst\u0022 width=\u002252\u0022\u003E\n\u003Cdiv align=\u0022center\u0022\u003E01-02\u003C\/div\u003E\n\u003C\/td\u003E\n\u003Ctd class=\u0022tekst\u0022 width=\u002278\u0022\u003E\n\u003Cdiv align=\u0022center\u0022\u003E2 800,0\u003C\/div\u003E\n\u003C\/td\u003E\n\u003Ctd class=\u0022tekst\u0022 width=\u002279\u0022\u003E\n\u003Cdiv align=\u0022center\u0022\u003E724,0\u003C\/div\u003E\n\u003C\/td\u003E\n\u003Ctd class=\u0022tekst\u0022 width=\u002279\u0022\u003E\n\u003Cdiv align=\u0022center\u0022\u003E\u00a0\u003C\/div\u003E\n\u003C\/td\u003E\n\u003Ctd class=\u0022tekst\u0022 width=\u002273\u0022\u003E\n\u003Cdiv align=\u0022center\u0022\u003E724,0\u003C\/div\u003E\n\u003C\/td\u003E\n\u003Ctd class=\u0022tekst\u0022 width=\u002273\u0022\u003E\n\u003Cdiv align=\u0022center\u0022\u003E\u00a0\u003C\/div\u003E\n\u003C\/td\u003E\n\u003Ctd class=\u0022tekst\u0022 width=\u002248\u0022\u003E\n\u003Cdiv align=\u0022center\u0022\u003E\u00a0\u003C\/div\u003E\n\u003C\/td\u003E\n\u003C\/tr\u003E\n\u003Ctr\u003E\n\u003Ctd class=\u0022tekst\u0022 width=\u002217\u0022\u003E24\u003C\/td\u003E\n\u003Ctd class=\u0022tekst\u0022 width=\u002290\u0022\u003EUrz\u0105d Miejski w Czechowicach Dz.\u003C\/td\u003E\n\u003Ctd class=\u0022tekst\u0022 width=\u002295\u0022\u003EGmina, MOSiR\u003C\/td\u003E\n\u003Ctd class=\u0022tekst\u0022 width=\u002245\u0022\u003E\n\u003Cdiv align=\u0022center\u0022\u003EM\u003C\/div\u003E\n\u003C\/td\u003E\n\u003Ctd class=\u0022tekst\u0022 width=\u0022109\u0022\u003Estadion pi\u0142karski\u003C\/td\u003E\n\u003Ctd class=\u0022tekst\u0022 width=\u002252\u0022\u003E\n\u003Cdiv align=\u0022center\u0022\u003E00-02\u003C\/div\u003E\n\u003C\/td\u003E\n\u003Ctd class=\u0022tekst\u0022 width=\u002278\u0022\u003E\n\u003Cdiv align=\u0022center\u0022\u003E701,0\u003C\/div\u003E\n\u003C\/td\u003E\n\u003Ctd class=\u0022tekst\u0022 width=\u002279\u0022\u003E\n\u003Cdiv align=\u0022center\u0022\u003E231,0\u003C\/div\u003E\n\u003C\/td\u003E\n\u003Ctd class=\u0022tekst\u0022 width=\u002279\u0022\u003E\n\u003Cdiv align=\u0022center\u0022\u003E\u00a0\u003C\/div\u003E\n\u003C\/td\u003E\n\u003Ctd class=\u0022tekst\u0022 width=\u002273\u0022\u003E\n\u003Cdiv align=\u0022center\u0022\u003E231,0\u003C\/div\u003E\n\u003C\/td\u003E\n\u003Ctd class=\u0022tekst\u0022 width=\u002273\u0022\u003E\n\u003Cdiv align=\u0022center\u0022\u003E\u00a0\u003C\/div\u003E\n\u003C\/td\u003E\n\u003Ctd class=\u0022tekst\u0022 width=\u002248\u0022\u003E\n\u003Cdiv align=\u0022center\u0022\u003E\u00a0\u003C\/div\u003E\n\u003C\/td\u003E\n\u003C\/tr\u003E\n\u003Ctr\u003E\n\u003Ctd class=\u0022tekst\u0022 width=\u002217\u0022\u003E25\u003C\/td\u003E\n\u003Ctd class=\u0022tekst\u0022 width=\u002290\u0022\u003EGmina D\u0119bowiec\u003C\/td\u003E\n\u003Ctd class=\u0022tekst\u0022 width=\u002295\u0022\u003ELKS \u0022Wyzwolenie\u0022 w Simoradzu\u003C\/td\u003E\n\u003Ctd class=\u0022tekst\u0022 width=\u002245\u0022\u003E\n\u003Cdiv align=\u0022center\u0022\u003E\u00a0\u003C\/div\u003E\n\u003C\/td\u003E\n\u003Ctd class=\u0022tekst\u0022 width=\u0022109\u0022\u003Epawilon sportowy+korty w Simoradzu\u003C\/td\u003E\n\u003Ctd class=\u0022tekst\u0022 width=\u002252\u0022\u003E\n\u003Cdiv align=\u0022center\u0022\u003E99-02\u003C\/div\u003E\n\u003C\/td\u003E\n\u003Ctd class=\u0022tekst\u0022 width=\u002278\u0022\u003E\n\u003Cdiv align=\u0022center\u0022\u003E185,0\u003C\/div\u003E\n\u003C\/td\u003E\n\u003Ctd class=\u0022tekst\u0022 width=\u002279\u0022\u003E\n\u003Cdiv align=\u0022center\u0022\u003E61,0\u003C\/div\u003E\n\u003C\/td\u003E\n\u003Ctd class=\u0022tekst\u0022 width=\u002279\u0022\u003E\n\u003Cdiv align=\u0022center\u0022\u003E\u00a0\u003C\/div\u003E\n\u003C\/td\u003E\n\u003Ctd class=\u0022tekst\u0022 width=\u002273\u0022\u003E\n\u003Cdiv align=\u0022center\u0022\u003E61,0\u003C\/div\u003E\n\u003C\/td\u003E\n\u003Ctd class=\u0022tekst\u0022 width=\u002273\u0022\u003E\n\u003Cdiv align=\u0022center\u0022\u003E\u00a0\u003C\/div\u003E\n\u003C\/td\u003E\n\u003Ctd class=\u0022tekst\u0022 width=\u002248\u0022\u003E\n\u003Cdiv align=\u0022center\u0022\u003E\u00a0\u003C\/div\u003E\n\u003C\/td\u003E\n\u003C\/tr\u003E\n\u003Ctr\u003E\n\u003Ctd class=\u0022tekst\u0022 width=\u002217\u0022\u003E26\u003C\/td\u003E\n\u003Ctd class=\u0022tekst\u0022 width=\u002290\u0022\u003EZarz\u0105d Miasta Gliwice\u003C\/td\u003E\n\u003Ctd class=\u0022tekst\u0022 width=\u002295\u0022\u003ESzko\u0142a, Klub, Gmina Gliwice\u003C\/td\u003E\n\u003Ctd class=\u0022tekst\u0022 width=\u002245\u0022\u003E\n\u003Cdiv align=\u0022center\u0022\u003EN\u003C\/div\u003E\n\u003C\/td\u003E\n\u003Ctd class=\u0022tekst\u0022 width=\u0022109\u0022\u003Ebasen 25x12,5, hala 36x18m\u003C\/td\u003E\n\u003Ctd class=\u0022tekst\u0022 width=\u002252\u0022\u003E\n\u003Cdiv align=\u0022center\u0022\u003E01-02\u003C\/div\u003E\n\u003C\/td\u003E\n\u003Ctd class=\u0022tekst\u0022 width=\u002278\u0022\u003E\n\u003Cdiv align=\u0022center\u0022\u003E15 712,0\u003C\/div\u003E\n\u003C\/td\u003E\n\u003Ctd class=\u0022tekst\u0022 width=\u002279\u0022\u003E\n\u003Cdiv align=\u0022center\u0022\u003E1 500,0\u003C\/div\u003E\n\u003C\/td\u003E\n\u003Ctd class=\u0022tekst\u0022 width=\u002279\u0022\u003E\n\u003Cdiv align=\u0022center\u0022\u003E\u00a0\u003C\/div\u003E\n\u003C\/td\u003E\n\u003Ctd class=\u0022tekst\u0022 width=\u002273\u0022\u003E\n\u003Cdiv align=\u0022center\u0022\u003E1 500,0\u003C\/div\u003E\n\u003C\/td\u003E\n\u003Ctd class=\u0022tekst\u0022 width=\u002273\u0022\u003E\n\u003Cdiv align=\u0022center\u0022\u003E\u00a0\u003C\/div\u003E\n\u003C\/td\u003E\n\u003Ctd class=\u0022tekst\u0022 width=\u002248\u0022\u003E\u00a0\u003C\/td\u003E\n\u003C\/tr\u003E\n\u003Ctr\u003E\n\u003Ctd class=\u0022tekst\u0022 width=\u002217\u0022\u003E27\u003C\/td\u003E\n\u003Ctd class=\u0022tekst\u0022 width=\u002290\u0022\u003EGmina Gorzyce\u003C\/td\u003E\n\u003Ctd class=\u0022tekst\u0022 width=\u002295\u0022\u003ESP - Gorzyczki\u003C\/td\u003E\n\u003Ctd class=\u0022tekst\u0022 width=\u002245\u0022\u003E\n\u003Cdiv align=\u0022center\u0022\u003EN\u003C\/div\u003E\n\u003C\/td\u003E\n\u003Ctd class=\u0022tekst\u0022 width=\u0022109\u0022\u003Ehala sportowa 36x19m\u003C\/td\u003E\n\u003Ctd class=\u0022tekst\u0022 width=\u002252\u0022\u003E\n\u003Cdiv align=\u0022center\u0022\u003E96-02\u003C\/div\u003E\n\u003C\/td\u003E\n\u003Ctd class=\u0022tekst\u0022 width=\u002278\u0022\u003E\n\u003Cdiv align=\u0022center\u0022\u003E3 940,60\u003C\/div\u003E\n\u003C\/td\u003E\n\u003Ctd class=\u0022tekst\u0022 width=\u002279\u0022\u003E\n\u003Cdiv align=\u0022center\u0022\u003E1 300,0\u003C\/div\u003E\n\u003C\/td\u003E\n\u003Ctd class=\u0022tekst\u0022 width=\u002279\u0022\u003E\n\u003Cdiv align=\u0022center\u0022\u003E\u00a0\u003C\/div\u003E\n\u003C\/td\u003E\n\u003Ctd class=\u0022tekst\u0022 width=\u002273\u0022\u003E\n\u003Cdiv align=\u0022center\u0022\u003E700,0\u003C\/div\u003E\n\u003C\/td\u003E\n\u003Ctd class=\u0022tekst\u0022 width=\u002273\u0022\u003E\n\u003Cdiv align=\u0022center\u0022\u003E600,0\u003C\/div\u003E\n\u003C\/td\u003E\n\u003Ctd class=\u0022tekst\u0022 width=\u002248\u0022\u003E\u00a0\u003C\/td\u003E\n\u003C\/tr\u003E\n\u003Ctr\u003E\n\u003Ctd class=\u0022tekst\u0022 width=\u002217\u0022\u003E28\u003C\/td\u003E\n\u003Ctd class=\u0022tekst\u0022 width=\u002290\u0022\u003EZarz\u0105d Miasta Jaworzno\u003C\/td\u003E\n\u003Ctd class=\u0022tekst\u0022 width=\u002295\u0022\u003EKS Garbarnia - Szczakowianka\u003C\/td\u003E\n\u003Ctd class=\u0022tekst\u0022 width=\u002245\u0022\u003E\n\u003Cdiv align=\u0022center\u0022\u003EM\u003C\/div\u003E\n\u003C\/td\u003E\n\u003Ctd class=\u0022tekst\u0022 width=\u0022109\u0022\u003Estadion sportowy\u003C\/td\u003E\n\u003Ctd class=\u0022tekst\u0022 width=\u002252\u0022\u003E\n\u003Cdiv align=\u0022center\u0022\u003E00-02\u003C\/div\u003E\n\u003C\/td\u003E\n\u003Ctd class=\u0022tekst\u0022 width=\u002278\u0022\u003E\n\u003Cdiv align=\u0022center\u0022\u003E772,0\u003C\/div\u003E\n\u003C\/td\u003E\n\u003Ctd class=\u0022tekst\u0022 width=\u002279\u0022\u003E\n\u003Cdiv align=\u0022center\u0022\u003E250,0\u003C\/div\u003E\n\u003C\/td\u003E\n\u003Ctd class=\u0022tekst\u0022 width=\u002279\u0022\u003E\n\u003Cdiv align=\u0022center\u0022\u003E\u00a0\u003C\/div\u003E\n\u003C\/td\u003E\n\u003Ctd class=\u0022tekst\u0022 width=\u002273\u0022\u003E\n\u003Cdiv align=\u0022center\u0022\u003E250,0\u003C\/div\u003E\n\u003C\/td\u003E\n\u003Ctd class=\u0022tekst\u0022 width=\u002273\u0022\u003E\n\u003Cdiv align=\u0022center\u0022\u003E\u00a0\u003C\/div\u003E\n\u003C\/td\u003E\n\u003Ctd class=\u0022tekst\u0022 width=\u002248\u0022\u003E\u00a0\u003C\/td\u003E\n\u003C\/tr\u003E\n\u003Ctr\u003E\n\u003Ctd class=\u0022tekst\u0022 width=\u002217\u0022\u003E29\u003C\/td\u003E\n\u003Ctd class=\u0022tekst\u0022 width=\u002290\u0022\u003EAkademia Ekonomiczna Katowice\u003C\/td\u003E\n\u003Ctd class=\u0022tekst\u0022 width=\u002295\u0022\u003EAkademia Ekonomiczna Katowice\u003C\/td\u003E\n\u003Ctd class=\u0022tekst\u0022 width=\u002245\u0022\u003E\n\u003Cdiv align=\u0022center\u0022\u003ER\u003C\/div\u003E\n\u003C\/td\u003E\n\u003Ctd class=\u0022tekst\u0022 width=\u0022109\u0022\u003Ebasen kryty 25x12,5m\u003C\/td\u003E\n\u003Ctd class=\u0022tekst\u0022 width=\u002252\u0022\u003E\n\u003Cdiv align=\u0022center\u0022\u003E02\u003C\/div\u003E\n\u003C\/td\u003E\n\u003Ctd class=\u0022tekst\u0022 width=\u002278\u0022\u003E\n\u003Cdiv align=\u0022center\u0022\u003E1 072,0\u003C\/div\u003E\n\u003C\/td\u003E\n\u003Ctd class=\u0022tekst\u0022 width=\u002279\u0022\u003E\n\u003Cdiv align=\u0022center\u0022\u003E300,0\u003C\/div\u003E\n\u003C\/td\u003E\n\u003Ctd class=\u0022tekst\u0022 width=\u002279\u0022\u003E\n\u003Cdiv align=\u0022center\u0022\u003E\u00a0\u003C\/div\u003E\n\u003C\/td\u003E\n\u003Ctd class=\u0022tekst\u0022 width=\u002273\u0022\u003E\n\u003Cdiv align=\u0022center\u0022\u003E300,0\u003C\/div\u003E\n\u003C\/td\u003E\n\u003Ctd class=\u0022tekst\u0022 width=\u002273\u0022\u003E\n\u003Cdiv align=\u0022center\u0022\u003E\u00a0\u003C\/div\u003E\n\u003C\/td\u003E\n\u003Ctd class=\u0022tekst\u0022 width=\u002248\u0022\u003E\u00a0\u003C\/td\u003E\n\u003C\/tr\u003E\n\u003Ctr\u003E\n\u003Ctd class=\u0022tekst\u0022 width=\u002217\u0022\u003E30\u003C\/td\u003E\n\u003Ctd class=\u0022tekst\u0022 width=\u002290\u0022\u003EUrz\u0105d Miasta Katowice\u003C\/td\u003E\n\u003Ctd class=\u0022tekst\u0022 width=\u002295\u0022\u003EPWS \u0022Spodek\u0022\u003C\/td\u003E\n\u003Ctd class=\u0022tekst\u0022 width=\u002245\u0022\u003E\n\u003Cdiv align=\u0022center\u0022\u003EM\u003C\/div\u003E\n\u003C\/td\u003E\n\u003Ctd class=\u0022tekst\u0022 width=\u0022109\u0022\u003Ehala widowiskowo sportowa\u003C\/td\u003E\n\u003Ctd class=\u0022tekst\u0022 width=\u002252\u0022\u003E\n\u003Cdiv align=\u0022center\u0022\u003E02-03\u003C\/div\u003E\n\u003C\/td\u003E\n\u003Ctd class=\u0022tekst\u0022 width=\u002278\u0022\u003E\n\u003Cdiv align=\u0022center\u0022\u003E5 419,0\u003C\/div\u003E\n\u003C\/td\u003E\n\u003Ctd class=\u0022tekst\u0022 width=\u002279\u0022\u003E\n\u003Cdiv align=\u0022center\u0022\u003E600,0\u003C\/div\u003E\n\u003C\/td\u003E\n\u003Ctd class=\u0022tekst\u0022 width=\u002279\u0022\u003E\n\u003Cdiv align=\u0022center\u0022\u003E\u00a0\u003C\/div\u003E\n\u003C\/td\u003E\n\u003Ctd class=\u0022tekst\u0022 width=\u002273\u0022\u003E\n\u003Cdiv align=\u0022center\u0022\u003E600,0\u003C\/div\u003E\n\u003C\/td\u003E\n\u003Ctd class=\u0022tekst\u0022 width=\u002273\u0022\u003E\n\u003Cdiv align=\u0022center\u0022\u003E\u00a0\u003C\/div\u003E\n\u003C\/td\u003E\n\u003Ctd class=\u0022tekst\u0022 width=\u002248\u0022\u003E\u00a0\u003C\/td\u003E\n\u003C\/tr\u003E\n\u003Ctr\u003E\n\u003Ctd class=\u0022tekst\u0022 width=\u002217\u0022\u003E31\u003C\/td\u003E\n\u003Ctd class=\u0022tekst\u0022 width=\u002290\u0022\u003EUrz\u0105d Gminy Kornowac\u003C\/td\u003E\n\u003Ctd class=\u0022tekst\u0022 width=\u002295\u0022\u003ESzko\u0142a w Kornowacu\u003C\/td\u003E\n\u003Ctd class=\u0022tekst\u0022 width=\u002245\u0022\u003E\n\u003Cdiv align=\u0022center\u0022\u003EN\u003C\/div\u003E\n\u003C\/td\u003E\n\u003Ctd class=\u0022tekst\u0022 width=\u0022109\u0022\u003Ehala 37x32m\u003C\/td\u003E\n\u003Ctd class=\u0022tekst\u0022 width=\u002252\u0022\u003E\n\u003Cdiv align=\u0022center\u0022\u003E01-03\u003C\/div\u003E\n\u003C\/td\u003E\n\u003Ctd class=\u0022tekst\u0022 width=\u002278\u0022\u003E\n\u003Cdiv align=\u0022center\u0022\u003E2 046,0\u003C\/div\u003E\n\u003C\/td\u003E\n\u003Ctd class=\u0022tekst\u0022 width=\u002279\u0022\u003E\n\u003Cdiv align=\u0022center\u0022\u003E675,0\u003C\/div\u003E\n\u003C\/td\u003E\n\u003Ctd class=\u0022tekst\u0022 width=\u002279\u0022\u003E\n\u003Cdiv align=\u0022center\u0022\u003E\u00a0\u003C\/div\u003E\n\u003C\/td\u003E\n\u003Ctd class=\u0022tekst\u0022 width=\u002273\u0022\u003E\n\u003Cdiv align=\u0022center\u0022\u003E100,0\u003C\/div\u003E\n\u003C\/td\u003E\n\u003Ctd class=\u0022tekst\u0022 width=\u002273\u0022\u003E\n\u003Cdiv align=\u0022center\u0022\u003E575,0\u003C\/div\u003E\n\u003C\/td\u003E\n\u003Ctd class=\u0022tekst\u0022 width=\u002248\u0022\u003E\u00a0\u003C\/td\u003E\n\u003C\/tr\u003E\n\u003Ctr\u003E\n\u003Ctd class=\u0022tekst\u0022 width=\u002217\u0022\u003E32\u003C\/td\u003E\n\u003Ctd class=\u0022tekst\u0022 width=\u002290\u0022\u003EUrz\u0105d Gminy Krupski M\u0142yn\u003C\/td\u003E\n\u003Ctd class=\u0022tekst\u0022 width=\u002295\u0022\u003EKlub Sportowy, Szko\u0142y, Gmina\u003C\/td\u003E\n\u003Ctd class=\u0022tekst\u0022 width=\u002245\u0022\u003E\n\u003Cdiv align=\u0022center\u0022\u003EN\u003C\/div\u003E\n\u003C\/td\u003E\n\u003Ctd class=\u0022tekst\u0022 width=\u0022109\u0022\u003Epawilon sportowy przy stadionie sportowym\u003C\/td\u003E\n\u003Ctd class=\u0022tekst\u0022 width=\u002252\u0022\u003E\n\u003Cdiv align=\u0022center\u0022\u003E99-02\u003C\/div\u003E\n\u003C\/td\u003E\n\u003Ctd class=\u0022tekst\u0022 width=\u002278\u0022\u003E\n\u003Cdiv align=\u0022center\u0022\u003E763,0\u003C\/div\u003E\n\u003C\/td\u003E\n\u003Ctd class=\u0022tekst\u0022 width=\u002279\u0022\u003E\n\u003Cdiv align=\u0022center\u0022\u003E200,0\u003C\/div\u003E\n\u003C\/td\u003E\n\u003Ctd class=\u0022tekst\u0022 width=\u002279\u0022\u003E\n\u003Cdiv align=\u0022center\u0022\u003E\u00a0\u003C\/div\u003E\n\u003C\/td\u003E\n\u003Ctd class=\u0022tekst\u0022 width=\u002273\u0022\u003E\n\u003Cdiv align=\u0022center\u0022\u003E200,0\u003C\/div\u003E\n\u003C\/td\u003E\n\u003Ctd class=\u0022tekst\u0022 width=\u002273\u0022\u003E\n\u003Cdiv align=\u0022center\u0022\u003E\u00a0\u003C\/div\u003E\n\u003C\/td\u003E\n\u003Ctd class=\u0022tekst\u0022 width=\u002248\u0022\u003E\u00a0\u003C\/td\u003E\n\u003C\/tr\u003E\n\u003Ctr\u003E\n\u003Ctd class=\u0022tekst\u0022 width=\u002217\u0022\u003E33\u003C\/td\u003E\n\u003Ctd class=\u0022tekst\u0022 width=\u002290\u0022\u003EZarz\u0105d Gminy Mied\u017ano\u003C\/td\u003E\n\u003Ctd class=\u0022tekst\u0022 width=\u002295\u0022\u003EGimnazjum w Mied\u017anie\u003C\/td\u003E\n\u003Ctd class=\u0022tekst\u0022 width=\u002245\u0022\u003E\n\u003Cdiv align=\u0022center\u0022\u003EN\u003C\/div\u003E\n\u003C\/td\u003E\n\u003Ctd class=\u0022tekst\u0022 width=\u0022109\u0022\u003Esala gimnastyczna 24x12m\u003C\/td\u003E\n\u003Ctd class=\u0022tekst\u0022 width=\u002252\u0022\u003E\n\u003Cdiv align=\u0022center\u0022\u003E01-02\u003C\/div\u003E\n\u003C\/td\u003E\n\u003Ctd class=\u0022tekst\u0022 width=\u002278\u0022\u003E\n\u003Cdiv align=\u0022center\u0022\u003E710,0\u003C\/div\u003E\n\u003C\/td\u003E\n\u003Ctd class=\u0022tekst\u0022 width=\u002279\u0022\u003E\n\u003Cdiv align=\u0022center\u0022\u003E230,0\u003C\/div\u003E\n\u003C\/td\u003E\n\u003Ctd class=\u0022tekst\u0022 width=\u002279\u0022\u003E\n\u003Cdiv align=\u0022center\u0022\u003E\u00a0\u003C\/div\u003E\n\u003C\/td\u003E\n\u003Ctd class=\u0022tekst\u0022 width=\u002273\u0022\u003E\n\u003Cdiv align=\u0022center\u0022\u003E230,0\u003C\/div\u003E\n\u003C\/td\u003E\n\u003Ctd class=\u0022tekst\u0022 width=\u002273\u0022\u003E\n\u003Cdiv align=\u0022center\u0022\u003E\u00a0\u003C\/div\u003E\n\u003C\/td\u003E\n\u003Ctd class=\u0022tekst\u0022 width=\u002248\u0022\u003E\u00a0\u003C\/td\u003E\n\u003C\/tr\u003E\n\u003Ctr\u003E\n\u003Ctd class=\u0022tekst\u0022 width=\u002217\u0022\u003E34\u003C\/td\u003E\n\u003Ctd class=\u0022tekst\u0022 width=\u002290\u0022\u003EZarz\u0105d Gminy Niegowa\u003C\/td\u003E\n\u003Ctd class=\u0022tekst\u0022 width=\u002295\u0022\u003ESzko\u0142y Gminne i Klub\u003C\/td\u003E\n\u003Ctd class=\u0022tekst\u0022 width=\u002245\u0022\u003E\n\u003Cdiv align=\u0022center\u0022\u003EN\u003C\/div\u003E\n\u003C\/td\u003E\n\u003Ctd class=\u0022tekst\u0022 width=\u0022109\u0022\u003EZesp\u00f3\u0142 boisk z pawilonem sportowym\u003C\/td\u003E\n\u003Ctd class=\u0022tekst\u0022 width=\u002252\u0022\u003E\n\u003Cdiv align=\u0022center\u0022\u003E99-02\u003C\/div\u003E\n\u003C\/td\u003E\n\u003Ctd class=\u0022tekst\u0022 width=\u002278\u0022\u003E\n\u003Cdiv align=\u0022center\u0022\u003E1 870,0\u003C\/div\u003E\n\u003C\/td\u003E\n\u003Ctd class=\u0022tekst\u0022 width=\u002279\u0022\u003E\n\u003Cdiv align=\u0022center\u0022\u003E617,0\u003C\/div\u003E\n\u003C\/td\u003E\n\u003Ctd class=\u0022tekst\u0022 width=\u002279\u0022\u003E\n\u003Cdiv align=\u0022center\u0022\u003E\u00a0\u003C\/div\u003E\n\u003C\/td\u003E\n\u003Ctd class=\u0022tekst\u0022 width=\u002273\u0022\u003E\n\u003Cdiv align=\u0022center\u0022\u003E617,0\u003C\/div\u003E\n\u003C\/td\u003E\n\u003Ctd class=\u0022tekst\u0022 width=\u002273\u0022\u003E\n\u003Cdiv align=\u0022center\u0022\u003E\u00a0\u003C\/div\u003E\n\u003C\/td\u003E\n\u003Ctd class=\u0022tekst\u0022 width=\u002248\u0022\u003E\u00a0\u003C\/td\u003E\n\u003C\/tr\u003E\n\u003Ctr\u003E\n\u003Ctd class=\u0022tekst\u0022 width=\u002217\u0022\u003E35\u003C\/td\u003E\n\u003Ctd class=\u0022tekst\u0022 width=\u002290\u0022\u003EZarz\u0105d Gminy Paw\u0142owice\u003C\/td\u003E\n\u003Ctd class=\u0022tekst\u0022 width=\u002295\u0022\u003ESzko\u0142y i Kluby Gminy Paw\u0142owice\u003C\/td\u003E\n\u003Ctd class=\u0022tekst\u0022 width=\u002245\u0022\u003E\n\u003Cdiv align=\u0022center\u0022\u003EN\u003C\/div\u003E\n\u003C\/td\u003E\n\u003Ctd class=\u0022tekst\u0022 width=\u0022109\u0022\u003EGminny kompleks Sportowy II etap- hala 46x24m\u003C\/td\u003E\n\u003Ctd class=\u0022tekst\u0022 width=\u002252\u0022\u003E\n\u003Cdiv align=\u0022center\u0022\u003E01-03\u003C\/div\u003E\n\u003C\/td\u003E\n\u003Ctd class=\u0022tekst\u0022 width=\u002278\u0022\u003E\n\u003Cdiv align=\u0022center\u0022\u003E9 300,0\u003C\/div\u003E\n\u003C\/td\u003E\n\u003Ctd class=\u0022tekst\u0022 width=\u002279\u0022\u003E\n\u003Cdiv align=\u0022center\u0022\u003E3 069,0\u003C\/div\u003E\n\u003C\/td\u003E\n\u003Ctd class=\u0022tekst\u0022 width=\u002279\u0022\u003E\n\u003Cdiv align=\u0022center\u0022\u003E\u00a0\u003C\/div\u003E\n\u003C\/td\u003E\n\u003Ctd class=\u0022tekst\u0022 width=\u002273\u0022\u003E\n\u003Cdiv align=\u0022center\u0022\u003E900,0\u003C\/div\u003E\n\u003C\/td\u003E\n\u003Ctd class=\u0022tekst\u0022 width=\u002273\u0022\u003E\n\u003Cdiv align=\u0022center\u0022\u003E2 169,0\u003C\/div\u003E\n\u003C\/td\u003E\n\u003Ctd class=\u0022tekst\u0022 width=\u002248\u0022\u003E\u00a0\u003C\/td\u003E\n\u003C\/tr\u003E\n\u003Ctr\u003E\n\u003Ctd class=\u0022tekst\u0022 width=\u002217\u0022\u003E36\u003C\/td\u003E\n\u003Ctd class=\u0022tekst\u0022 width=\u002290\u0022\u003EZarz\u0105d Gminy Poraj\u003C\/td\u003E\n\u003Ctd class=\u0022tekst\u0022 width=\u002295\u0022\u003ESzko\u0142a Podstawowa w \u017barkach Letnisku\u003C\/td\u003E\n\u003Ctd class=\u0022tekst\u0022 width=\u002245\u0022\u003E\n\u003Cdiv align=\u0022center\u0022\u003EN\u003C\/div\u003E\n\u003C\/td\u003E\n\u003Ctd class=\u0022tekst\u0022 width=\u0022109\u0022\u003Esala gimnastyczna 24x12m\u003C\/td\u003E\n\u003Ctd class=\u0022tekst\u0022 width=\u002252\u0022\u003E\n\u003Cdiv align=\u0022center\u0022\u003E01-02\u003C\/div\u003E\n\u003C\/td\u003E\n\u003Ctd class=\u0022tekst\u0022 width=\u002278\u0022\u003E\n\u003Cdiv align=\u0022center\u0022\u003E1 016,90\u003C\/div\u003E\n\u003C\/td\u003E\n\u003Ctd class=\u0022tekst\u0022 width=\u002279\u0022\u003E\n\u003Cdiv align=\u0022center\u0022\u003E300,0\u003C\/div\u003E\n\u003C\/td\u003E\n\u003Ctd class=\u0022tekst\u0022 width=\u002279\u0022\u003E\n\u003Cdiv align=\u0022center\u0022\u003E\u00a0\u003C\/div\u003E\n\u003C\/td\u003E\n\u003Ctd class=\u0022tekst\u0022 width=\u002273\u0022\u003E\n\u003Cdiv align=\u0022center\u0022\u003E300,0\u003C\/div\u003E\n\u003C\/td\u003E\n\u003Ctd class=\u0022tekst\u0022 width=\u002273\u0022\u003E\n\u003Cdiv align=\u0022center\u0022\u003E\u00a0\u003C\/div\u003E\n\u003C\/td\u003E\n\u003Ctd class=\u0022tekst\u0022 width=\u002248\u0022\u003E\u00a0\u003C\/td\u003E\n\u003C\/tr\u003E\n\u003Ctr\u003E\n\u003Ctd class=\u0022tekst\u0022 width=\u002217\u0022\u003E37\u003C\/td\u003E\n\u003Ctd class=\u0022tekst\u0022 width=\u002290\u0022\u003EUrz\u0105d Gminy Przyr\u00f3w\u003C\/td\u003E\n\u003Ctd class=\u0022tekst\u0022 width=\u002295\u0022\u003ESP i Gimnazjum w Przyrowie\u003C\/td\u003E\n\u003Ctd class=\u0022tekst\u0022 width=\u002245\u0022\u003E\n\u003Cdiv align=\u0022center\u0022\u003EN\u003C\/div\u003E\n\u003C\/td\u003E\n\u003Ctd class=\u0022tekst\u0022 width=\u0022109\u0022\u003Ehala sportowa 36x19m\u003C\/td\u003E\n\u003Ctd class=\u0022tekst\u0022 width=\u002252\u0022\u003E\n\u003Cdiv align=\u0022center\u0022\u003E01-02\u003C\/div\u003E\n\u003C\/td\u003E\n\u003Ctd class=\u0022tekst\u0022 width=\u002278\u0022\u003E\n\u003Cdiv align=\u0022center\u0022\u003E2 107,90\u003C\/div\u003E\n\u003C\/td\u003E\n\u003Ctd class=\u0022tekst\u0022 width=\u002279\u0022\u003E\n\u003Cdiv align=\u0022center\u0022\u003E695,0\u003C\/div\u003E\n\u003C\/td\u003E\n\u003Ctd class=\u0022tekst\u0022 width=\u002279\u0022\u003E\n\u003Cdiv align=\u0022center\u0022\u003E\u00a0\u003C\/div\u003E\n\u003C\/td\u003E\n\u003Ctd class=\u0022tekst\u0022 width=\u002273\u0022\u003E\n\u003Cdiv align=\u0022center\u0022\u003E695,0\u003C\/div\u003E\n\u003C\/td\u003E\n\u003Ctd class=\u0022tekst\u0022 width=\u002273\u0022\u003E\n\u003Cdiv align=\u0022center\u0022\u003E\u00a0\u003C\/div\u003E\n\u003C\/td\u003E\n\u003Ctd class=\u0022tekst\u0022 width=\u002248\u0022\u003E\u00a0\u003C\/td\u003E\n\u003C\/tr\u003E\n\u003Ctr\u003E\n\u003Ctd class=\u0022tekst\u0022 width=\u002217\u0022\u003E38\u003C\/td\u003E\n\u003Ctd class=\u0022tekst\u0022 width=\u002290\u0022\u003EUrz\u0105d Miasta Psz\u00f3w\u003C\/td\u003E\n\u003Ctd class=\u0022tekst\u0022 width=\u002295\u0022\u003EGmina i Miasto Psz\u00f3w\u003C\/td\u003E\n\u003Ctd class=\u0022tekst\u0022 width=\u002245\u0022\u003E\n\u003Cdiv align=\u0022center\u0022\u003EM\u003C\/div\u003E\n\u003C\/td\u003E\n\u003Ctd class=\u0022tekst\u0022 width=\u0022109\u0022\u003Ewielofunkcyjny obiekt rekr-sport. - lodowisko\u003C\/td\u003E\n\u003Ctd class=\u0022tekst\u0022 width=\u002252\u0022\u003E\n\u003Cdiv align=\u0022center\u0022\u003E01-03\u003C\/div\u003E\n\u003C\/td\u003E\n\u003Ctd class=\u0022tekst\u0022 width=\u002278\u0022\u003E\n\u003Cdiv align=\u0022center\u0022\u003E4 650,0\u003C\/div\u003E\n\u003C\/td\u003E\n\u003Ctd class=\u0022tekst\u0022 width=\u002279\u0022\u003E\n\u003Cdiv align=\u0022center\u0022\u003E1 535,0\u003C\/div\u003E\n\u003C\/td\u003E\n\u003Ctd class=\u0022tekst\u0022 width=\u002279\u0022\u003E\n\u003Cdiv align=\u0022center\u0022\u003E\u00a0\u003C\/div\u003E\n\u003C\/td\u003E\n\u003Ctd class=\u0022tekst\u0022 width=\u002273\u0022\u003E\n\u003Cdiv align=\u0022center\u0022\u003E538,0\u003C\/div\u003E\n\u003C\/td\u003E\n\u003Ctd class=\u0022tekst\u0022 width=\u002273\u0022\u003E\n\u003Cdiv align=\u0022center\u0022\u003E997,0\u003C\/div\u003E\n\u003C\/td\u003E\n\u003Ctd class=\u0022tekst\u0022 width=\u002248\u0022\u003E\u00a0\u003C\/td\u003E\n\u003C\/tr\u003E\n\u003Ctr\u003E\n\u003Ctd class=\u0022tekst\u0022 width=\u002217\u0022\u003E39\u003C\/td\u003E\n\u003Ctd class=\u0022tekst\u0022 width=\u002290\u0022\u003EMiasto Ruda \u015al\u0105ska\u003C\/td\u003E\n\u003Ctd class=\u0022tekst\u0022 width=\u002295\u0022\u003ESzko\u0142a\u003C\/td\u003E\n\u003Ctd class=\u0022tekst\u0022 width=\u002245\u0022\u003E\n\u003Cdiv align=\u0022center\u0022\u003EN\u003C\/div\u003E\n\u003C\/td\u003E\n\u003Ctd class=\u0022tekst\u0022 width=\u0022109\u0022\u003Ehala 30x18m basen 25x12,5m, obiekty otwarte\u003C\/td\u003E\n\u003Ctd class=\u0022tekst\u0022 width=\u002252\u0022\u003E\n\u003Cdiv align=\u0022center\u0022\u003E99-02\u003C\/div\u003E\n\u003C\/td\u003E\n\u003Ctd class=\u0022tekst\u0022 width=\u002278\u0022\u003E\n\u003Cdiv align=\u0022center\u0022\u003E13 895,0\u003C\/div\u003E\n\u003C\/td\u003E\n\u003Ctd class=\u0022tekst\u0022 width=\u002279\u0022\u003E\n\u003Cdiv align=\u0022center\u0022\u003E700,0\u003C\/div\u003E\n\u003C\/td\u003E\n\u003Ctd class=\u0022tekst\u0022 width=\u002279\u0022\u003E\n\u003Cdiv align=\u0022center\u0022\u003E\u00a0\u003C\/div\u003E\n\u003C\/td\u003E\n\u003Ctd class=\u0022tekst\u0022 width=\u002273\u0022\u003E\n\u003Cdiv align=\u0022center\u0022\u003E700,0\u003C\/div\u003E\n\u003C\/td\u003E\n\u003Ctd class=\u0022tekst\u0022 width=\u002273\u0022\u003E\n\u003Cdiv align=\u0022center\u0022\u003E\u00a0\u003C\/div\u003E\n\u003C\/td\u003E\n\u003Ctd class=\u0022tekst\u0022 width=\u002248\u0022\u003E\u00a0\u003C\/td\u003E\n\u003C\/tr\u003E\n\u003Ctr\u003E\n\u003Ctd class=\u0022tekst\u0022 width=\u002217\u0022\u003E40\u003C\/td\u003E\n\u003Ctd class=\u0022tekst\u0022 width=\u002290\u0022\u003EUrz\u0105d Miasta Siemianowice \u015al.\u003C\/td\u003E\n\u003Ctd class=\u0022tekst\u0022 width=\u002295\u0022\u003ESP - 11 w Siemianowicach \u015bl.\u003C\/td\u003E\n\u003Ctd class=\u0022tekst\u0022 width=\u002245\u0022\u003E\n\u003Cdiv align=\u0022center\u0022\u003EN\u003C\/div\u003E\n\u003C\/td\u003E\n\u003Ctd class=\u0022tekst\u0022 width=\u0022109\u0022\u003Esala gimnastyczna 25x22m\u003C\/td\u003E\n\u003Ctd class=\u0022tekst\u0022 width=\u002252\u0022\u003E\n\u003Cdiv align=\u0022center\u0022\u003E01-02\u003C\/div\u003E\n\u003C\/td\u003E\n\u003Ctd class=\u0022tekst\u0022 width=\u002278\u0022\u003E\n\u003Cdiv align=\u0022center\u0022\u003E1 874,41\u003C\/div\u003E\n\u003C\/td\u003E\n\u003Ctd class=\u0022tekst\u0022 width=\u002279\u0022\u003E\n\u003Cdiv align=\u0022center\u0022\u003E619,0\u003C\/div\u003E\n\u003C\/td\u003E\n\u003Ctd class=\u0022tekst\u0022 width=\u002279\u0022\u003E\n\u003Cdiv align=\u0022center\u0022\u003E\u00a0\u003C\/div\u003E\n\u003C\/td\u003E\n\u003Ctd class=\u0022tekst\u0022 width=\u002273\u0022\u003E\n\u003Cdiv align=\u0022center\u0022\u003E619,0\u003C\/div\u003E\n\u003C\/td\u003E\n\u003Ctd class=\u0022tekst\u0022 width=\u002273\u0022\u003E\n\u003Cdiv align=\u0022center\u0022\u003E\u00a0\u003C\/div\u003E\n\u003C\/td\u003E\n\u003Ctd class=\u0022tekst\u0022 width=\u002248\u0022\u003E\u00a0\u003C\/td\u003E\n\u003C\/tr\u003E\n\u003Ctr\u003E\n\u003Ctd class=\u0022tekst\u0022 width=\u002217\u0022\u003E41\u003C\/td\u003E\n\u003Ctd class=\u0022tekst\u0022 width=\u002290\u0022\u003EUrz\u0105d Miasta i Gminy Szczekociny\u003C\/td\u003E\n\u003Ctd class=\u0022tekst\u0022 width=\u002295\u0022\u003ESzko\u0142a Podstawowa nr 1 w Szczekocinach\u003C\/td\u003E\n\u003Ctd class=\u0022tekst\u0022 width=\u002245\u0022\u003E\n\u003Cdiv align=\u0022center\u0022\u003EN\u003C\/div\u003E\n\u003C\/td\u003E\n\u003Ctd class=\u0022tekst\u0022 width=\u0022109\u0022\u003Ehala sportowa 30x18m z \u0142\u0105cznikiem\u003C\/td\u003E\n\u003Ctd class=\u0022tekst\u0022 width=\u002252\u0022\u003E\n\u003Cdiv align=\u0022center\u0022\u003E98-02\u003C\/div\u003E\n\u003C\/td\u003E\n\u003Ctd class=\u0022tekst\u0022 width=\u002278\u0022\u003E\n\u003Cdiv align=\u0022center\u0022\u003E2 400,60\u003C\/div\u003E\n\u003C\/td\u003E\n\u003Ctd class=\u0022tekst\u0022 width=\u002279\u0022\u003E\n\u003Cdiv align=\u0022center\u0022\u003E700,0\u003C\/div\u003E\n\u003C\/td\u003E\n\u003Ctd class=\u0022tekst\u0022 width=\u002279\u0022\u003E\n\u003Cdiv align=\u0022center\u0022\u003E\u00a0\u003C\/div\u003E\n\u003C\/td\u003E\n\u003Ctd class=\u0022tekst\u0022 width=\u002273\u0022\u003E\n\u003Cdiv align=\u0022center\u0022\u003E700,0\u003C\/div\u003E\n\u003C\/td\u003E\n\u003Ctd class=\u0022tekst\u0022 width=\u002273\u0022\u003E\n\u003Cdiv align=\u0022center\u0022\u003E\u00a0\u003C\/div\u003E\n\u003C\/td\u003E\n\u003Ctd class=\u0022tekst\u0022 width=\u002248\u0022\u003E\u00a0\u003C\/td\u003E\n\u003C\/tr\u003E\n\u003Ctr\u003E\n\u003Ctd class=\u0022tekst\u0022 width=\u002217\u0022\u003E42\u003C\/td\u003E\n\u003Ctd class=\u0022tekst\u0022 width=\u002290\u0022\u003EZarz\u0105d Miasta Szczyrk\u003C\/td\u003E\n\u003Ctd class=\u0022tekst\u0022 width=\u002295\u0022\u003ESzko\u0142a, Kluby Gminy Szczyrk\u003C\/td\u003E\n\u003Ctd class=\u0022tekst\u0022 width=\u002245\u0022\u003E\n\u003Cdiv align=\u0022center\u0022\u003EN\u003C\/div\u003E\n\u003C\/td\u003E\n\u003Ctd class=\u0022tekst\u0022 width=\u0022109\u0022\u003Eboisko sportowe\u003C\/td\u003E\n\u003Ctd class=\u0022tekst\u0022 width=\u002252\u0022\u003E\n\u003Cdiv align=\u0022center\u0022\u003E00-02\u003C\/div\u003E\n\u003C\/td\u003E\n\u003Ctd class=\u0022tekst\u0022 width=\u002278\u0022\u003E\n\u003Cdiv align=\u0022center\u0022\u003E500,0\u003C\/div\u003E\n\u003C\/td\u003E\n\u003Ctd class=\u0022tekst\u0022 width=\u002279\u0022\u003E\n\u003Cdiv align=\u0022center\u0022\u003E145,0\u003C\/div\u003E\n\u003C\/td\u003E\n\u003Ctd class=\u0022tekst\u0022 width=\u002279\u0022\u003E\n\u003Cdiv align=\u0022center\u0022\u003E\u00a0\u003C\/div\u003E\n\u003C\/td\u003E\n\u003Ctd class=\u0022tekst\u0022 width=\u002273\u0022\u003E\n\u003Cdiv align=\u0022center\u0022\u003E145,0\u003C\/div\u003E\n\u003C\/td\u003E\n\u003Ctd class=\u0022tekst\u0022 width=\u002273\u0022\u003E\n\u003Cdiv align=\u0022center\u0022\u003E\u00a0\u003C\/div\u003E\n\u003C\/td\u003E\n\u003Ctd class=\u0022tekst\u0022 width=\u002248\u0022\u003E\u00a0\u003C\/td\u003E\n\u003C\/tr\u003E\n\u003Ctr\u003E\n\u003Ctd class=\u0022tekst\u0022 width=\u002217\u0022\u003E43\u003C\/td\u003E\n\u003Ctd class=\u0022tekst\u0022 width=\u002290\u0022\u003EZarz\u0105d Gminy Zebrzydowice\u003C\/td\u003E\n\u003Ctd class=\u0022tekst\u0022 width=\u002295\u0022\u003EZesp\u00f3\u0142 Szk\u00f3\u0142 w Zebrzydowicach\u003C\/td\u003E\n\u003Ctd class=\u0022tekst\u0022 width=\u002245\u0022\u003E\n\u003Cdiv align=\u0022center\u0022\u003EN\u003C\/div\u003E\n\u003C\/td\u003E\n\u003Ctd class=\u0022tekst\u0022 width=\u0022109\u0022\u003Ehala sportowa 30x18m\u003C\/td\u003E\n\u003Ctd class=\u0022tekst\u0022 width=\u002252\u0022\u003E\n\u003Cdiv align=\u0022center\u0022\u003E01-02\u003C\/div\u003E\n\u003C\/td\u003E\n\u003Ctd class=\u0022tekst\u0022 width=\u002278\u0022\u003E\n\u003Cdiv align=\u0022center\u0022\u003E1 159,0\u003C\/div\u003E\n\u003C\/td\u003E\n\u003Ctd class=\u0022tekst\u0022 width=\u002279\u0022\u003E\n\u003Cdiv align=\u0022center\u0022\u003E345,0\u003C\/div\u003E\n\u003C\/td\u003E\n\u003Ctd class=\u0022tekst\u0022 width=\u002279\u0022\u003E\n\u003Cdiv align=\u0022center\u0022\u003E\u00a0\u003C\/div\u003E\n\u003C\/td\u003E\n\u003Ctd class=\u0022tekst\u0022 width=\u002273\u0022\u003E\n\u003Cdiv align=\u0022center\u0022\u003E345,0\u003C\/div\u003E\n\u003C\/td\u003E\n\u003Ctd class=\u0022tekst\u0022 width=\u002273\u0022\u003E\n\u003Cdiv align=\u0022center\u0022\u003E\u00a0\u003C\/div\u003E\n\u003C\/td\u003E\n\u003Ctd class=\u0022tekst\u0022 width=\u002248\u0022\u003E\u00a0\u003C\/td\u003E\n\u003C\/tr\u003E\n\u003Ctr\u003E\n\u003Ctd class=\u0022tekst\u0022 width=\u002217\u0022\u003E44\u003C\/td\u003E\n\u003Ctd class=\u0022tekst\u0022 width=\u002290\u0022\u003EUrz\u0105d Miasta \u017bory\u003C\/td\u003E\n\u003Ctd class=\u0022tekst\u0022 width=\u002295\u0022\u003EKS, Miasto\u003C\/td\u003E\n\u003Ctd class=\u0022tekst\u0022 width=\u002245\u0022\u003E\n\u003Cdiv align=\u0022center\u0022\u003EM\u003C\/div\u003E\n\u003C\/td\u003E\n\u003Ctd class=\u0022tekst\u0022 width=\u0022109\u0022\u003Eboisko do baseballa\u003C\/td\u003E\n\u003Ctd class=\u0022tekst\u0022 width=\u002252\u0022\u003E\n\u003Cdiv align=\u0022center\u0022\u003E97-02\u003C\/div\u003E\n\u003C\/td\u003E\n\u003Ctd class=\u0022tekst\u0022 width=\u002278\u0022\u003E\n\u003Cdiv align=\u0022center\u0022\u003E351,40\u003C\/div\u003E\n\u003C\/td\u003E\n\u003Ctd class=\u0022tekst\u0022 width=\u002279\u0022\u003E\n\u003Cdiv align=\u0022center\u0022\u003E116,0\u003C\/div\u003E\n\u003C\/td\u003E\n\u003Ctd class=\u0022tekst\u0022 width=\u002279\u0022\u003E\n\u003Cdiv align=\u0022center\u0022\u003E\u00a0\u003C\/div\u003E\n\u003C\/td\u003E\n\u003Ctd class=\u0022tekst\u0022 width=\u002273\u0022\u003E\n\u003Cdiv align=\u0022center\u0022\u003E116,0\u003C\/div\u003E\n\u003C\/td\u003E\n\u003Ctd class=\u0022tekst\u0022 width=\u002273\u0022\u003E\n\u003Cdiv align=\u0022center\u0022\u003E\u00a0\u003C\/div\u003E\n\u003C\/td\u003E\n\u003Ctd class=\u0022tekst\u0022 width=\u002248\u0022\u003E\u00a0\u003C\/td\u003E\n\u003C\/tr\u003E\n\u003Ctr\u003E\n\u003Ctd class=\u0022tekst\u0022 width=\u002217\u0022\u003E45\u003C\/td\u003E\n\u003Ctd class=\u0022tekst\u0022 width=\u002290\u0022\u003ESp\u00f3\u0142dzielczy Klub Sportowy \u0022So\u0142a\u0022 \u017bywiec\u003C\/td\u003E\n\u003Ctd class=\u0022tekst\u0022 width=\u002295\u0022\u003ESKS SO\u0141A\u003C\/td\u003E\n\u003Ctd class=\u0022tekst\u0022 width=\u002245\u0022\u003E\n\u003Cdiv align=\u0022center\u0022\u003ER\u003C\/div\u003E\n\u003C\/td\u003E\n\u003Ctd class=\u0022tekst\u0022 width=\u0022109\u0022\u003Ebudynek klubowy\u003C\/td\u003E\n\u003Ctd class=\u0022tekst\u0022 width=\u002252\u0022\u003E\n\u003Cdiv align=\u0022center\u0022\u003E02\u003C\/div\u003E\n\u003C\/td\u003E\n\u003Ctd class=\u0022tekst\u0022 width=\u002278\u0022\u003E\n\u003Cdiv align=\u0022center\u0022\u003E150,0\u003C\/div\u003E\n\u003C\/td\u003E\n\u003Ctd class=\u0022tekst\u0022 width=\u002279\u0022\u003E\n\u003Cdiv align=\u0022center\u0022\u003E50,0\u003C\/div\u003E\n\u003C\/td\u003E\n\u003Ctd class=\u0022tekst\u0022 width=\u002279\u0022\u003E\n\u003Cdiv align=\u0022center\u0022\u003E\u00a0\u003C\/div\u003E\n\u003C\/td\u003E\n\u003Ctd class=\u0022tekst\u0022 width=\u002273\u0022\u003E\n\u003Cdiv align=\u0022center\u0022\u003E50,0\u003C\/div\u003E\n\u003C\/td\u003E\n\u003Ctd class=\u0022tekst\u0022 width=\u002273\u0022\u003E\n\u003Cdiv align=\u0022center\u0022\u003E\u00a0\u003C\/div\u003E\n\u003C\/td\u003E\n\u003Ctd class=\u0022tekst\u0022 width=\u002248\u0022\u003E\u00a0\u003C\/td\u003E\n\u003C\/tr\u003E\n\u003Ctr\u003E\n\u003Ctd class=\u0022tekst\u0022 colspan=\u00227\u0022\u003E\n\u003Cdiv align=\u0022center\u0022\u003E\u00a0\u003C\/div\u003E\n\u003C\/td\u003E\n\u003Ctd class=\u0022tekst\u0022 colspan=\u00222\u0022\u003E\n\u003Cdiv align=\u0022right\u0022\u003ERazem\u003C\/div\u003E\n\u003C\/td\u003E\n\u003Ctd class=\u0022tekst\u0022 width=\u002273\u0022\u003E\n\u003Cdiv align=\u0022center\u0022\u003E11 376,1\u003C\/div\u003E\n\u003C\/td\u003E\n\u003Ctd class=\u0022tekst\u0022 colspan=\u00222\u0022\u003E\u00a0\u003C\/td\u003E\n\u003C\/tr\u003E\n\u003Ctr\u003E\n\u003Ctd class=\u0022tekst\u0022 colspan=\u00227\u0022\u003E\u00a0\u003C\/td\u003E\n\u003Ctd class=\u0022tekst\u0022 colspan=\u00222\u0022\u003E\n\u003Cdiv align=\u0022right\u0022\u003E\u0141\u0105cznie\u003C\/div\u003E\n\u003C\/td\u003E\n\u003Ctd class=\u0022tekst\u0022 width=\u002273\u0022\u003E\n\u003Cdiv align=\u0022center\u0022\u003E19 685,1\u003C\/div\u003E\n\u003C\/td\u003E\n\u003Ctd class=\u0022tekst\u0022 colspan=\u00222\u0022\u003E\u00a0\u003C\/td\u003E\n\u003C\/tr\u003E\n\u003C\/tbody\u003E\n\u003C\/table\u003E\n\u003Cp class=\u0022tekst\u0022 align=\u0022center\u0022\u003E\u003Cb\u003EN\u003C\/b\u003E- nowa inwestycja, \u003Cb\u003EM\u003C\/b\u003E- modernizacja, \u003Cb\u003EK\u003C\/b\u003E- kontynuacja, \u003Cb\u003ER\u003C\/b\u003E- remont\u003C\/p\u003E\n\u003C\/div\u003E","promotion":false}},{"id":"bf6dbc25-d119-11e7-80a9-005056b46601","type":"Gallery","name":"Galeria","description":"Galeria"},{"id":"bf6e1f6b-d119-11e7-80a9-005056b46601","type":"Attachment","name":"Za\u0142\u0105czniki","description":"Za\u0142\u0105czniki do strony"},{"id":"eba03b25-d9a7-11e7-b355-005056b70dba","type":"PageTitle","name":"","description":"Tytu\u0142 strony","content":{"title":"Uchwa\u0142a Sejmiku nr I\/48\/2\/2002 z dnia 2002-03-18"}},{"id":"eba07701-d9a7-11e7-b355-005056b70dba","type":"PageDescription","name":"","description":"Zajawka strony","content":[]},{"id":"1b1a7940-ff78-11e7-b81e-005056b7801d","type":"SectionDescription","name":"","description":"Zajawka sekcji","content":[]}]}