{"id":26940,"name":"uchwala-sejmiku-nr-i51112002-z-dnia-2002-06-17","title":"Uchwa\u0142a Sejmiku nr I\/51\/11\/2002 z dnia 2002-06-17","desc":"","header":"Uchwa\u0142a Sejmiku nr I\/51\/11\/2002 z dnia 2002-06-17","lead":"","keywords":"","changes":"migracja danych","menu":"","path":"\/sejmik_wojewodztwa\/sesje_sejmiku\/uchwaly\/uchwala-sejmiku-nr-i51112002-z-dnia-2002-06-17.html","url":"\/sejmik_wojewodztwa\/sesje_sejmiku\/uchwaly\/uchwala-sejmiku-nr-i51112002-z-dnia-2002-06-17.html","infoOwner":"Urz\u0105d Marsza\u0142kowski Wojew\u00f3dztwa \u015al\u0105skiego","dateFirstPublicate":"2022-02-21 08:19:02","dateLastVersionPublicate":"2022-02-21 08:19:02","dateAvailableFrom":"","dateAvailableTo":"","type":"Uchwa\u0142a Sejmiku","pageParams":[{"id":"225","name":"DATA_OGLOSZENIA","description":"Data og\u0142oszenia","value":"2002-06-17"},{"id":"235","name":"W sprawie","description":"W sprawie","value":"zmian bud\u017cetu Wojew\u00f3dztwa \u015al\u0105skiego na rok 2002"},{"id":"299","name":"NUMER_UCHWALY_SEJMIKU","description":"Numer uchwa\u0142y","value":"I\/51\/11\/2002"}],"components":[{"id":"bf6d5eba-d119-11e7-80a9-005056b46601","type":"ContentWYSIWYG","name":"Tre\u015b\u0107","description":"Tre\u015b\u0107 strony","content":{"content":"\u003Cdiv class=\u0022tresc1\u0022\u003E\n\u003Cdiv class=\u0022lead1\u0022\u003ENa podstawie\u003Cbr \/\u003Eart. 18 pkt 6\u003Cbr \/\u003E ustawy z dnia 5 czerwca 1998 roku o samorz\u0105dzie wojew\u00f3dztwa\u003Cbr \/\u003E (t.j. Dz.U. z 2001 roku Nr 142, poz. 1590)\u003Cbr \/\u003E oraz art.12 pkt 4\u003Cbr \/\u003E ustawy z dnia 26 listopada 1998 roku\u003Cbr \/\u003E o dochodach jednostek samorz\u0105du terytorialnego w latach 1999-2002\u003Cbr \/\u003E (Dz.U. Nr 150, poz. 983 z p\u00f3\u017an. zm.)\u003Cbr \/\u003E i Rozporz\u0105dzenia Ministra Finans\u00f3w z dnia 22 kwietnia 2002 roku\u003Cbr \/\u003E zmieniaj\u0105cego rozporz\u0105dzenie w sprawie szczeg\u00f3\u0142owej klasyfikacji\u003Cbr \/\u003E dochod\u00f3w i wydatk\u00f3w oraz przychod\u00f3w i rozchod\u00f3w\u003Cbr \/\u003E (Dz.U. Nr 46, poz. 436)\u003C\/div\u003E\n\u003Cdiv class=\u0022tresc\u0022\u003E\n\u003Cp align=\u0022center\u0022\u003E\u00a7 1\u003C\/p\u003E\n\u003Cbr \/\u003E\n\u003Cp\u003EZwi\u0119kszy\u0107 dochody bud\u017cetu Wojew\u00f3dztwa \u015al\u0105skiego na rok 2002: \u003Cbr \/\u003Ew dziale 750 \u2013 Administracja publiczna \u003Cbr \/\u003Ew rozdziale 75018 \u2013 Urz\u0119dy marsza\u0142kowskie, \u003Cbr \/\u003E\u00a7 626 \u2013 Dotacje otrzymane z funduszy celowych na finansowanie lub dofinansowanie koszt\u00f3w realizacji inwestycji i zakup\u00f3w inwestycyjnych jednostek sektora finans\u00f3w publicznych\u003C\/p\u003E\n\u003Cbr \/\u003E\n\u003Cp align=\u0022center\u0022\u003E\u003Cstrong\u003Eo kwot\u0119 100.000 z\u0142 \u003C\/strong\u003E\u003C\/p\u003E\n\u003Cbr \/\u003E\n\u003Cp align=\u0022center\u0022\u003E\u00a7 2\u003C\/p\u003E\n\u003Cbr \/\u003E\n\u003Cp\u003EZwi\u0119kszy\u0107 wydatki bud\u017cetu Wojew\u00f3dztwa \u015al\u0105skiego na rok 2002: \u003Cbr \/\u003Ew dziale 750 \u2013 Administracja publiczna \u003Cbr \/\u003Ew rozdziale 75018 \u2013 Urz\u0119dy marsza\u0142kowskie, \u003Cbr \/\u003E\u00a7 6060 \u2013 Wydatki na zakupy inwestycyjne jednostek bud\u017cetowych\u003C\/p\u003E\n\u003Cbr \/\u003E\n\u003Cp align=\u0022center\u0022\u003E\u003Cstrong\u003Eo kwot\u0119 100.000 z\u0142 \u003C\/strong\u003E\u003C\/p\u003E\n\u003Cbr \/\u003E\n\u003Cp align=\u0022center\u0022\u003E\u00a7 3\u003C\/p\u003E\n\u003Cbr \/\u003E\n\u003Cp\u003EPowy\u017cszego zwi\u0119kszenia dokona\u0107 w zwi\u0105zku z podpisaniem pomi\u0119dzy Wojew\u00f3dzkim Funduszem Ochrony \u015arodowiska i Gospodarki Wodnej w Katowicach a Wojew\u00f3dztwem \u015al\u0105skim umowy dotacji nr 497\/OI\/2002 w sprawie sfinansowania zakupu sprz\u0119tu komputerowego z przeznaczeniem na wykonywanie zada\u0144 zwi\u0105zanych z wnoszeniem op\u0142at za gospodarcze korzystanie ze \u015brodowiska.\u003C\/p\u003E\n\u003Cbr \/\u003E\n\u003Cp align=\u0022center\u0022\u003E\u00a7 4\u003C\/p\u003E\n\u003Cbr \/\u003E\n\u003Cp\u003EDokona\u0107 zmiany polegaj\u0105cej na przeniesieniu w planie wydatk\u00f3w kwoty 295.280 z\u0142 mi\u0119dzy dzia\u0142ami i rozdzia\u0142ami, wed\u0142ug poni\u017cszego wyszczeg\u00f3lnienia:\u003C\/p\u003E\n\u003Cp\u003Ew z\u0142:\u003C\/p\u003E\n\u003Cbr \/\u003E\n\u003Ctable width=\u0022520\u0022 cellspacing=\u00220\u0022 cellpadding=\u00220\u0022 border=\u00221\u0022\u003E\n\u003Ctbody\u003E\n\u003Ctr\u003E\n\u003Ctd width=\u002251\u0022\u003E\u003Cbr \/\u003E\n\u003Cdiv align=\u0022center\u0022\u003E\u003Cspan style=\u0022font-family: Verdana, Arial, Helvetica, sans-serif; font-size: xx-small;\u0022 size=\u00221\u0022 face=\u0022Verdana, Arial, Helvetica, sans-serif\u0022\u003EDZIA\u0141\u003C\/span\u003E\u003C\/div\u003E\n\u003C\/td\u003E\n\u003Ctd width=\u0022106\u0022\u003E\u003Cbr \/\u003E\n\u003Cdiv align=\u0022center\u0022\u003E\u003Cspan style=\u0022font-family: Verdana, Arial, Helvetica, sans-serif; font-size: xx-small;\u0022 size=\u00221\u0022 face=\u0022Verdana, Arial, Helvetica, sans-serif\u0022\u003EROZDZIA\u0141\u003C\/span\u003E\u003C\/div\u003E\n\u003C\/td\u003E\n\u003Ctd width=\u002245\u0022\u003E\u003Cbr \/\u003E\n\u003Cdiv align=\u0022center\u0022\u003E\u003Cspan style=\u0022font-family: Verdana, Arial, Helvetica, sans-serif; font-size: xx-small;\u0022 size=\u00221\u0022 face=\u0022Verdana, Arial, Helvetica, sans-serif\u0022\u003E\u00a7\u003C\/span\u003E\u003C\/div\u003E\n\u003C\/td\u003E\n\u003Ctd width=\u0022116\u0022\u003E\u003Cbr \/\u003E\n\u003Cdiv align=\u0022center\u0022\u003E\u003Cspan style=\u0022font-family: Verdana, Arial, Helvetica, sans-serif; font-size: xx-small;\u0022 size=\u00221\u0022 face=\u0022Verdana, Arial, Helvetica, sans-serif\u0022\u003ENAZWA\u003C\/span\u003E\u003C\/div\u003E\n\u003C\/td\u003E\n\u003Ctd width=\u0022105\u0022\u003E\u003Cbr \/\u003E\n\u003Cdiv align=\u0022center\u0022\u003E\u003Cspan style=\u0022font-family: Verdana, Arial, Helvetica, sans-serif; font-size: xx-small;\u0022 size=\u00221\u0022 face=\u0022Verdana, Arial, Helvetica, sans-serif\u0022\u003EZMNIEJSZENIE\u003C\/span\u003E\u003C\/div\u003E\n\u003C\/td\u003E\n\u003Ctd width=\u002283\u0022\u003E\u003Cbr \/\u003E\n\u003Cdiv align=\u0022center\u0022\u003E\u003Cspan style=\u0022font-family: Verdana, Arial, Helvetica, sans-serif; font-size: xx-small;\u0022 size=\u00221\u0022 face=\u0022Verdana, Arial, Helvetica, sans-serif\u0022\u003EZWI\u0118KSZENIE\u003C\/span\u003E\u003C\/div\u003E\n\u003C\/td\u003E\n\u003C\/tr\u003E\n\u003Ctr\u003E\n\u003Ctd width=\u002251\u0022\u003E\u003Cbr \/\u003E\n\u003Cdiv align=\u0022center\u0022\u003E\u003Cspan style=\u0022font-family: Verdana, Arial, Helvetica, sans-serif; font-size: xx-small;\u0022 size=\u00221\u0022 face=\u0022Verdana, Arial, Helvetica, sans-serif\u0022\u003E754\u003C\/span\u003E\u003Cspan style=\u0022font-size: xx-small;\u0022 size=\u00221\u0022\u003E\u003C\/span\u003E\u003C\/div\u003E\n\u003C\/td\u003E\n\u003Ctd width=\u0022106\u0022\u003E\u003Cbr \/\u003E\n\u003Cdiv align=\u0022center\u0022\u003E\u003Cspan style=\u0022font-size: xx-small;\u0022 size=\u00221\u0022\u003E\u003C\/span\u003E\u003C\/div\u003E\n\u003C\/td\u003E\n\u003Ctd width=\u002245\u0022\u003E\u003Cbr \/\u003E\n\u003Cdiv align=\u0022center\u0022\u003E\u003Cspan style=\u0022font-size: xx-small;\u0022 size=\u00221\u0022\u003E\u003C\/span\u003E\u003C\/div\u003E\n\u003C\/td\u003E\n\u003Ctd width=\u0022116\u0022\u003E\u003Cbr \/\u003E\n\u003Cdiv align=\u0022center\u0022\u003E\u003Cspan style=\u0022font-family: Verdana, Arial, Helvetica, sans-serif; font-size: xx-small;\u0022 size=\u00221\u0022 face=\u0022Verdana, Arial, Helvetica, sans-serif\u0022\u003E\u003Cb\u003EBezpiecze\u0144stwo publicznei ochrona przeciwpo\u017carowa\u003C\/b\u003E\u003C\/span\u003E\u003C\/div\u003E\n\u003C\/td\u003E\n\u003Ctd width=\u0022105\u0022\u003E\u003Cbr \/\u003E\n\u003Cdiv align=\u0022center\u0022\u003E\u003Cspan style=\u0022font-size: xx-small;\u0022 size=\u00221\u0022\u003E\u003C\/span\u003E\u003C\/div\u003E\n\u003C\/td\u003E\n\u003Ctd width=\u002283\u0022\u003E\u003Cbr \/\u003E\n\u003Cdiv align=\u0022center\u0022\u003E\u003Cspan style=\u0022font-family: Verdana, Arial, Helvetica, sans-serif; font-size: xx-small;\u0022 size=\u00221\u0022 face=\u0022Verdana, Arial, Helvetica, sans-serif\u0022\u003E295.280\u003C\/span\u003E\u003Cspan style=\u0022font-size: xx-small;\u0022 size=\u00221\u0022\u003E\u003C\/span\u003E\u003C\/div\u003E\n\u003C\/td\u003E\n\u003C\/tr\u003E\n\u003Ctr\u003E\n\u003Ctd width=\u002251\u0022\u003E\u003Cbr \/\u003E\n\u003Cdiv align=\u0022center\u0022\u003E\u003C\/div\u003E\n\u003C\/td\u003E\n\u003Ctd width=\u0022106\u0022\u003E\u003Cbr \/\u003E\n\u003Cdiv align=\u0022center\u0022\u003E\u003Cspan style=\u0022font-family: Verdana, Arial, Helvetica, sans-serif; font-size: xx-small;\u0022 size=\u00221\u0022 face=\u0022Verdana, Arial, Helvetica, sans-serif\u0022\u003E75415\u003C\/span\u003E\u003C\/div\u003E\n\u003C\/td\u003E\n\u003Ctd width=\u002245\u0022\u003E\u003Cbr \/\u003E\n\u003Cdiv align=\u0022center\u0022\u003E\u003C\/div\u003E\n\u003C\/td\u003E\n\u003Ctd width=\u0022116\u0022\u003E\u003Cspan style=\u0022font-family: Verdana, Arial, Helvetica, sans-serif; font-size: xx-small;\u0022 size=\u00221\u0022 face=\u0022Verdana, Arial, Helvetica, sans-serif\u0022\u003EZadania ratownictwag\u00f3rskiego i wodnego\u003C\/span\u003E\u003C\/td\u003E\n\u003Ctd width=\u0022105\u0022\u003E\u003Cbr \/\u003E\n\u003Cdiv align=\u0022center\u0022\u003E\u003C\/div\u003E\n\u003C\/td\u003E\n\u003Ctd width=\u002283\u0022\u003E\u003Cbr \/\u003E\n\u003Cdiv align=\u0022center\u0022\u003E\u003Cspan style=\u0022font-family: Verdana, Arial, Helvetica, sans-serif; font-size: xx-small;\u0022 size=\u00221\u0022 face=\u0022Verdana, Arial, Helvetica, sans-serif\u0022\u003E295.280\u003C\/span\u003E\u003C\/div\u003E\n\u003C\/td\u003E\n\u003C\/tr\u003E\n\u003Ctr\u003E\n\u003Ctd width=\u002251\u0022\u003E\u003Cbr \/\u003E\n\u003Cdiv align=\u0022center\u0022\u003E\u003C\/div\u003E\n\u003C\/td\u003E\n\u003Ctd width=\u0022106\u0022\u003E\u003Cbr \/\u003E\n\u003Cdiv align=\u0022center\u0022\u003E\u003C\/div\u003E\n\u003C\/td\u003E\n\u003Ctd width=\u002245\u0022\u003E\u003Cbr \/\u003E\n\u003Cdiv align=\u0022center\u0022\u003E\u003Cspan style=\u0022font-family: Verdana, Arial, Helvetica, sans-serif; font-size: xx-small;\u0022 size=\u00221\u0022 face=\u0022Verdana, Arial, Helvetica, sans-serif\u0022\u003E2580\u003C\/span\u003E\u003C\/div\u003E\n\u003C\/td\u003E\n\u003Ctd width=\u0022116\u0022\u003E\u003Cspan style=\u0022font-family: Verdana, Arial, Helvetica, sans-serif; font-size: xx-small;\u0022 size=\u00221\u0022 face=\u0022Verdana, Arial, Helvetica, sans-serif\u0022\u003EDotacja podmiotowa z bud\u017cetu dla jednostek nie zaliczanych do sektora finans\u00f3w publicznych\u003C\/span\u003E\u003C\/td\u003E\n\u003Ctd width=\u0022105\u0022\u003E\u003Cbr \/\u003E\n\u003Cdiv align=\u0022center\u0022\u003E\u003C\/div\u003E\n\u003C\/td\u003E\n\u003Ctd width=\u002283\u0022\u003E\u003Cbr \/\u003E\n\u003Cdiv align=\u0022center\u0022\u003E\u003Cspan style=\u0022font-family: Verdana, Arial, Helvetica, sans-serif; font-size: xx-small;\u0022 size=\u00221\u0022 face=\u0022Verdana, Arial, Helvetica, sans-serif\u0022\u003E295.280\u003C\/span\u003E\u003C\/div\u003E\n\u003C\/td\u003E\n\u003C\/tr\u003E\n\u003Ctr\u003E\n\u003Ctd width=\u002251\u0022\u003E\u003Cbr \/\u003E\n\u003Cdiv align=\u0022center\u0022\u003E\u003Cspan style=\u0022font-family: Verdana, Arial, Helvetica, sans-serif; font-size: xx-small;\u0022 size=\u00221\u0022 face=\u0022Verdana, Arial, Helvetica, sans-serif\u0022\u003E926\u003C\/span\u003E\u003C\/div\u003E\n\u003C\/td\u003E\n\u003Ctd width=\u0022106\u0022\u003E\u003Cbr \/\u003E\n\u003Cdiv align=\u0022center\u0022\u003E\u003C\/div\u003E\n\u003C\/td\u003E\n\u003Ctd width=\u002245\u0022\u003E\u003Cbr \/\u003E\n\u003Cdiv align=\u0022center\u0022\u003E\u003C\/div\u003E\n\u003C\/td\u003E\n\u003Ctd width=\u0022116\u0022\u003E\u003Cbr \/\u003E\n\u003Cdiv align=\u0022center\u0022\u003E\u003Cspan style=\u0022font-family: Verdana, Arial, Helvetica, sans-serif; font-size: xx-small;\u0022 size=\u00221\u0022 face=\u0022Verdana, Arial, Helvetica, sans-serif\u0022\u003E\u003Cb\u003EKultura fizyczna i sport \u003C\/b\u003E\u003C\/span\u003E\u003C\/div\u003E\n\u003C\/td\u003E\n\u003Ctd width=\u0022105\u0022\u003E\u003Cbr \/\u003E\n\u003Cdiv align=\u0022center\u0022\u003E\u003Cspan style=\u0022font-family: Verdana, Arial, Helvetica, sans-serif; font-size: xx-small;\u0022 size=\u00221\u0022 face=\u0022Verdana, Arial, Helvetica, sans-serif\u0022\u003E295.280\u003C\/span\u003E\u003C\/div\u003E\n\u003C\/td\u003E\n\u003Ctd width=\u002283\u0022\u003E\u003Cbr \/\u003E\n\u003Cdiv align=\u0022center\u0022\u003E\u003C\/div\u003E\n\u003C\/td\u003E\n\u003C\/tr\u003E\n\u003Ctr\u003E\n\u003Ctd width=\u002251\u0022\u003E\u003Cbr \/\u003E\n\u003Cdiv align=\u0022center\u0022\u003E\u003C\/div\u003E\n\u003C\/td\u003E\n\u003Ctd width=\u0022106\u0022\u003E\u003Cbr \/\u003E\n\u003Cdiv align=\u0022center\u0022\u003E\u003Cspan style=\u0022font-family: Verdana, Arial, Helvetica, sans-serif; font-size: xx-small;\u0022 size=\u00221\u0022 face=\u0022Verdana, Arial, Helvetica, sans-serif\u0022\u003E92602\u003C\/span\u003E\u003C\/div\u003E\n\u003C\/td\u003E\n\u003Ctd width=\u002245\u0022\u003E\u003Cbr \/\u003E\n\u003Cdiv align=\u0022center\u0022\u003E\u003C\/div\u003E\n\u003C\/td\u003E\n\u003Ctd width=\u0022116\u0022\u003E\u003Cspan style=\u0022font-family: Verdana, Arial, Helvetica, sans-serif; font-size: xx-small;\u0022 size=\u00221\u0022 face=\u0022Verdana, Arial, Helvetica, sans-serif\u0022\u003EZadania ratownictwa g\u00f3rskiego i wodnego\u003C\/span\u003E\u003C\/td\u003E\n\u003Ctd width=\u0022105\u0022\u003E\u003Cbr \/\u003E\n\u003Cdiv align=\u0022center\u0022\u003E\u003Cspan style=\u0022font-family: Verdana, Arial, Helvetica, sans-serif; font-size: xx-small;\u0022 size=\u00221\u0022 face=\u0022Verdana, Arial, Helvetica, sans-serif\u0022\u003E295.280\u003C\/span\u003E\u003C\/div\u003E\n\u003C\/td\u003E\n\u003Ctd width=\u002283\u0022\u003E\u003Cbr \/\u003E\n\u003Cdiv align=\u0022center\u0022\u003E\u003C\/div\u003E\n\u003C\/td\u003E\n\u003C\/tr\u003E\n\u003Ctr\u003E\n\u003Ctd width=\u002251\u0022\u003E\u003Cbr \/\u003E\n\u003Cdiv align=\u0022center\u0022\u003E\u003C\/div\u003E\n\u003C\/td\u003E\n\u003Ctd width=\u0022106\u0022\u003E\u003Cbr \/\u003E\n\u003Cdiv align=\u0022center\u0022\u003E\u003C\/div\u003E\n\u003C\/td\u003E\n\u003Ctd width=\u002245\u0022\u003E\u003Cbr \/\u003E\n\u003Cdiv align=\u0022center\u0022\u003E\u003Cspan style=\u0022font-family: Verdana, Arial, Helvetica, sans-serif; font-size: xx-small;\u0022 size=\u00221\u0022 face=\u0022Verdana, Arial, Helvetica, sans-serif\u0022\u003E2580\u003C\/span\u003E\u003C\/div\u003E\n\u003C\/td\u003E\n\u003Ctd width=\u0022116\u0022\u003E\u003Cspan style=\u0022font-family: Verdana, Arial, Helvetica, sans-serif; font-size: xx-small;\u0022 size=\u00221\u0022 face=\u0022Verdana, Arial, Helvetica, sans-serif\u0022\u003EDotacja podmiotowa z bud\u017cetu dla jednostek nie zaliczanych do sektora finans\u00f3w publicznych\u003C\/span\u003E\u003C\/td\u003E\n\u003Ctd width=\u0022105\u0022\u003E\u003Cbr \/\u003E\n\u003Cp align=\u0022center\u0022\u003E\u003Cspan style=\u0022font-family: Verdana, Arial, Helvetica, sans-serif; font-size: xx-small;\u0022 size=\u00221\u0022 face=\u0022Verdana, Arial, Helvetica, sans-serif\u0022\u003E295.280 \u003C\/span\u003E\u003C\/p\u003E\n\u003C\/td\u003E\n\u003Ctd width=\u002283\u0022\u003E\u003Cbr \/\u003E\n\u003Cdiv align=\u0022center\u0022\u003E\u003C\/div\u003E\n\u003C\/td\u003E\n\u003C\/tr\u003E\n\u003C\/tbody\u003E\n\u003C\/table\u003E\n\u003Cbr \/\u003E\n\u003Cp\u003E\u00a0\u003C\/p\u003E\n\u003Cbr \/\u003E\n\u003Cp\u003EPowy\u017cszej zmiany dokonuje si\u0119 na podstawie Rozporz\u0105dzenia Ministra Finans\u00f3w z dnia 22 kwietnia 2002 roku zmieniaj\u0105cego rozporz\u0105dzenie w sprawie szczeg\u00f3\u0142owej klasyfikacji dochod\u00f3w i wydatk\u00f3w oraz przychod\u00f3w i rozchod\u00f3w, celem dostosowania planu wydatk\u00f3w do obowi\u0105zuj\u0105cej klasyfikacji bud\u017cetowej.\u003C\/p\u003E\n\u003Cbr \/\u003E\n\u003Cp align=\u0022center\u0022\u003E\u00a7 5\u003C\/p\u003E\n\u003Cbr \/\u003E\n\u003Cp\u003EWykonanie uchwa\u0142y powierzy\u0107 Zarz\u0105dowi Wojew\u00f3dztwa \u015al\u0105skiego.\u003C\/p\u003E\n\u003Cbr \/\u003E\n\u003Cp align=\u0022center\u0022\u003E\u00a7 6\u003C\/p\u003E\n\u003Cbr \/\u003E\n\u003Cp\u003EUchwa\u0142a wchodzi w \u017cycie z dniem podj\u0119cia.\u003C\/p\u003E\n\u003Cbr \/\u003E \u003Cbr \/\u003E Ryszard Ostrowski\u003Cbr \/\u003EPrzewodnicz\u0105cy Sejmiku\u003Cbr \/\u003EWojew\u00f3dztwa \u015al\u0105skiego\u003C\/div\u003E\n\u003C\/div\u003E","promotion":false}},{"id":"bf6dbc25-d119-11e7-80a9-005056b46601","type":"Gallery","name":"Galeria","description":"Galeria"},{"id":"bf6e1f6b-d119-11e7-80a9-005056b46601","type":"Attachment","name":"Za\u0142\u0105czniki","description":"Za\u0142\u0105czniki do strony"},{"id":"eba03b25-d9a7-11e7-b355-005056b70dba","type":"PageTitle","name":"","description":"Tytu\u0142 strony","content":{"title":"Uchwa\u0142a Sejmiku nr I\/51\/11\/2002 z dnia 2002-06-17"}},{"id":"eba07701-d9a7-11e7-b355-005056b70dba","type":"PageDescription","name":"","description":"Zajawka strony","content":[]},{"id":"1b1a7940-ff78-11e7-b81e-005056b7801d","type":"SectionDescription","name":"","description":"Zajawka sekcji","content":[]}]}