{"id":26935,"name":"uchwala-sejmiku-nr-i5172002-z-dnia-2002-06-17","title":"Uchwa\u0142a Sejmiku nr I\/51\/7\/2002 z dnia 2002-06-17","desc":"","header":"Uchwa\u0142a Sejmiku nr I\/51\/7\/2002 z dnia 2002-06-17","lead":"","keywords":"","changes":"migracja danych","menu":"","path":"\/sejmik_wojewodztwa\/sesje_sejmiku\/uchwaly\/uchwala-sejmiku-nr-i5172002-z-dnia-2002-06-17.html","url":"\/sejmik_wojewodztwa\/sesje_sejmiku\/uchwaly\/uchwala-sejmiku-nr-i5172002-z-dnia-2002-06-17.html","infoOwner":"Urz\u0105d Marsza\u0142kowski Wojew\u00f3dztwa \u015al\u0105skiego","dateFirstPublicate":"2022-02-21 08:11:14","dateLastVersionPublicate":"2022-02-21 08:11:14","dateAvailableFrom":"","dateAvailableTo":"","type":"Uchwa\u0142a Sejmiku","pageParams":[{"id":"225","name":"DATA_OGLOSZENIA","description":"Data og\u0142oszenia","value":"2002-06-17"},{"id":"235","name":"W sprawie","description":"W sprawie","value":"zmian bud\u017cetu Wojew\u00f3dztwa \u015al\u0105skiego na rok 2002"},{"id":"299","name":"NUMER_UCHWALY_SEJMIKU","description":"Numer uchwa\u0142y","value":"I\/51\/07\/2002"}],"components":[{"id":"bf6d5eba-d119-11e7-80a9-005056b46601","type":"ContentWYSIWYG","name":"Tre\u015b\u0107","description":"Tre\u015b\u0107 strony","content":{"content":"\u003Cdiv class=\u0022tresc1\u0022\u003E\n\u003Cdiv class=\u0022lead1\u0022\u003ENa podstawie\u003Cbr \/\u003Eart. 18 pkt 6\u003Cbr \/\u003E ustawy z dnia 5 czerwca 1998 roku o samorz\u0105dzie wojew\u00f3dztwa\u003Cbr \/\u003E (t.j. Dz.U. z 2001 roku Nr 142, poz. 1590)\u003Cbr \/\u003E oraz art.12 pkt 4 a\u003Cbr \/\u003E ustawy z dnia 26 listopada 1998 roku\u003Cbr \/\u003E o dochodach jednostek samorz\u0105du terytorialnego w latach 1999-2002\u003Cbr \/\u003E (Dz.U. Nr 150, poz. 983 z p\u00f3\u017an. zm.)\u003C\/div\u003E\n\u003Cdiv class=\u0022tresc\u0022\u003E\n\u003Cp align=\u0022center\u0022\u003E\u00a7 1\u003C\/p\u003E\n\u003Cbr \/\u003E\n\u003Cp\u003EZwi\u0119kszy\u0107 dochody bud\u017cetu Wojew\u00f3dztwa \u015al\u0105skiego na rok 2002 o kwot\u0119 per saldo 4.078.022 z\u0142, stanowi\u0105c\u0105:\u003C\/p\u003E\n\u003Cbr \/\u003E\n\u003Cp\u003Ea) wielko\u015bci wynikaj\u0105ce z pism: Ministra Finans\u00f3w Nr ST4-4820-383\/2002 z dnia 9 kwietnia 2002 roku oraz Ministra Finans\u00f3w Nr ST4-4820-398\/2002 z dnia 11 kwietnia 2002 roku o ostatecznych wysoko\u015bciach przyznanych na rok 2002 kwot poszczeg\u00f3lnych cz\u0119\u015bci subwencji og\u00f3lnej oraz o planowanej na rok 2002 kwocie dochod\u00f3w z tytu\u0142u udzia\u0142u we wp\u0142ywach z podatku dochodowego od os\u00f3b fizycznych \u2013 kwota per saldo 3.852.722 z\u0142,\u003C\/p\u003E\n\u003Cbr \/\u003E\n\u003Cp\u003Eb) \u015brodki Unii Europejskiej w wysoko\u015bci 172.800 z\u0142 w ramach program\u00f3w RIS-SILESIA, PRELUDE,\u003C\/p\u003E\n\u003Cbr \/\u003E\n\u003Cp\u003Ec) wp\u0142aty uczestnik\u00f3w w projekcie LIMBURG-SILESIA \u2013 PLATO w kwocie 52.500 z\u0142, zgodnie z za\u0142\u0105cznikiem nr 1 do uchwa\u0142y.\u003C\/p\u003E\n\u003Cbr \/\u003E\n\u003Cp align=\u0022center\u0022\u003E\u00a7 2\u003C\/p\u003E\n\u003Cbr \/\u003E\n\u003Cp\u003EZwi\u0119kszy\u0107 wydatki bud\u017cetu Wojew\u00f3dztwa \u015al\u0105skiego na rok 2002 o \u0142\u0105czn\u0105 kwot\u0119 4.078.022 z\u0142: a) w dziale 600 \u2013 Transport i \u0142\u0105czno\u015b\u0107 o kwot\u0119 3.464.272 z\u0142 przeznaczon\u0105 na:\u003C\/p\u003E\n\u003Cbr \/\u003E\n\u003Cp\u003E-\u00a0zwi\u0119kszenie dotacji celowych dla powiat\u00f3w, kt\u00f3re w ramach zawartych porozumie\u0144 realizuj\u0105 zimowe i letnie utrzymanie dr\u00f3g wojew\u00f3dzkich \u2013 w wysoko\u015bci 988.260 z\u0142,\u003C\/p\u003E\n\u003Cbr \/\u003E\n\u003Cp\u003E-\u00a0bie\u017c\u0105ce utrzymanie dr\u00f3g wojew\u00f3dzkich realizowane przez Zarz\u0105d Dr\u00f3g Wojew\u00f3dzkich w Katowicach na terenach powiat\u00f3w bielskiego, gliwickiego i b\u0119dzi\u0144skiego \u2013 w wysoko\u015bci 284.695 z\u0142,\u003C\/p\u003E\n\u003Cbr \/\u003E\n\u003Cp\u003E-\u00a0rozszerzenie zakresu rzeczowo-finansowego \u201ePlanu inwestycji i remont\u00f3w dr\u00f3g wojew\u00f3dzkich w roku 2002\u201d \u2013 w wysoko\u015bci 991.317 z\u0142,\u003C\/p\u003E\n\u003Cbr \/\u003E\n\u003Cp\u003E-\u00a0finansowanie opracowa\u0144 zwi\u0105zanych z wykonywaniem zada\u0144 zarz\u0105dcy drogami wojew\u00f3dzkimi i organu zarz\u0105dzaj\u0105cego ruchem \u2013 w wysoko\u015bci 200.000 z\u0142,\u003C\/p\u003E\n\u003Cbr \/\u003E\n\u003Cp\u003E- zakup nieruchomo\u015bci przy ulicy Lechickiej 24 w Katowicach, dzier\u017cawionej w cz\u0119\u015bci przez Zarz\u0105d Dr\u00f3g Wojew\u00f3dzkich w Katowicach na swoj\u0105 siedzib\u0119 w wysoko\u015bci 1.000.000 z\u0142,\u003C\/p\u003E\n\u003Cbr \/\u003E\n\u003Cp\u003Eb) w dziale 750 \u2013 Administracja publiczna o kwot\u0119 225.300 z\u0142 przeznaczon\u0105 na wydatki zwi\u0105zane z wdra\u017caniem 3 program\u00f3w Unii Europejskiej RIS SILESIA, PRELUDE, LIMBURG - SILESIA\u00a0- PLATO,\u003C\/p\u003E\n\u003Cbr \/\u003E\n\u003Cp\u003Ec) w dziale 801 \u2013 O\u015bwiata i wychowanie o kwot\u0119 388.450 z\u0142 przeznaczon\u0105 na cz\u0119\u015bciowe uzupe\u0142nienie nale\u017cno\u015bci odpisu na ZF\u015aS, zgodnie z za\u0142\u0105cznikiem nr 2 do uchwa\u0142y.\u003C\/p\u003E\n\u003Cbr \/\u003E\n\u003Cp align=\u0022center\u0022\u003E\u00a7 3\u003C\/p\u003E\n\u003Cbr \/\u003E\n\u003Cp\u003EWykonanie uchwa\u0142y powierzy\u0107 Zarz\u0105dowi Wojew\u00f3dztwa \u015al\u0105skiego.\u003C\/p\u003E\n\u003Cbr \/\u003E\n\u003Cp align=\u0022center\u0022\u003E\u00a7 4\u003C\/p\u003E\n\u003Cbr \/\u003E\n\u003Cp\u003EUchwa\u0142a wchodzi w \u017cycie z dniem podj\u0119cia.\u003C\/p\u003E\n\u003Cbr \/\u003E \u003Cbr \/\u003E Ryszard Ostrowski\u003Cbr \/\u003EPrzewodnicz\u0105cy Sejmiku\u003Cbr \/\u003EWojew\u00f3dztwa \u015al\u0105skiego\u003C\/div\u003E\n\u003C\/div\u003E\n\u003Cdiv class=\u0022tresc2\u0022\u003E\u003C\/div\u003E\n\u003Cdiv class=\u0022tresc2\u0022\u003E\u003C\/div\u003E\n\u003Cdiv class=\u0022tresc2\u0022\u003E\n\u003Ctable class=\u0022tekst\u0022 width=\u0022620\u0022 cellspacing=\u00220\u0022 cellpadding=\u00220\u0022 align=\u0022center\u0022\u003E\n\u003Ctbody\u003E\n\u003Ctr\u003E\n\u003Ctd\u003E\n\u003Cp style=\u0022text-align: left;\u0022 align=\u0022right\u0022\u003E\u003Cspan style=\u0022font-size: xx-small;\u0022 size=\u00221\u0022\u003EZa\u0142\u0105cznik nr 1\u003Cbr \/\u003E do uchwa\u0142y Sejmiku Wojew\u00f3dztwa \u015al\u0105skiego\u003Cbr \/\u003E Nr I\/51\/7\/2002\u003Cbr \/\u003E z dnia 17 czerwca 2002 roku \u003C\/span\u003E\u003C\/p\u003E\n\u003Cp align=\u0022center\u0022\u003E\u003Cb\u003EDOCHODY BUD\u017bETU WOJEW\u00d3DZTWA \u015aL\u0104SKIEGO NA 2002 ROK\u003C\/b\u003E\u003C\/p\u003E\n\u003Cp align=\u0022right\u0022\u003Ew z\u0142\u003C\/p\u003E\n\u003Ctable class=\u0022tekst\u0022 width=\u0022618\u0022 cellspacing=\u00221\u0022 cellpadding=\u00221\u0022 border=\u00221\u0022\u003E\n\u003Ctbody\u003E\n\u003Ctr\u003E\n\u003Ctd width=\u002248\u0022\u003E\n\u003Cdiv align=\u0022center\u0022\u003E\u003Cb\u003EDz.\u003C\/b\u003E\u003C\/div\u003E\n\u003C\/td\u003E\n\u003Ctd width=\u002263\u0022\u003E\n\u003Cdiv align=\u0022center\u0022\u003E\u003Cb\u003ERozdz.\u003C\/b\u003E\u003C\/div\u003E\n\u003C\/td\u003E\n\u003Ctd width=\u002242\u0022\u003E\n\u003Cdiv align=\u0022center\u0022\u003E\u003Cb\u003E\u00a7\u003C\/b\u003E\u003C\/div\u003E\n\u003C\/td\u003E\n\u003Ctd width=\u0022271\u0022\u003E\n\u003Cdiv align=\u0022center\u0022\u003E\u003Cb\u003ENazwa\u003C\/b\u003E\u003C\/div\u003E\n\u003C\/td\u003E\n\u003Ctd width=\u002290\u0022\u003E\n\u003Cdiv align=\u0022center\u0022\u003E\u003Cb\u003EZwi\u0119kszenie\u003C\/b\u003E\u003C\/div\u003E\n\u003C\/td\u003E\n\u003Ctd width=\u0022102\u0022\u003E\n\u003Cdiv align=\u0022center\u0022\u003E\u003Cb\u003EZmniejszenie\u003C\/b\u003E\u003C\/div\u003E\n\u003C\/td\u003E\n\u003C\/tr\u003E\n\u003Ctr\u003E\n\u003Ctd width=\u002248\u0022\u003E\n\u003Cdiv align=\u0022center\u0022\u003E750\u003C\/div\u003E\n\u003C\/td\u003E\n\u003Ctd width=\u002263\u0022\u003E\n\u003Cdiv align=\u0022center\u0022\u003E\u00a0\u003C\/div\u003E\n\u003C\/td\u003E\n\u003Ctd width=\u002242\u0022\u003E\n\u003Cdiv align=\u0022center\u0022\u003E\u00a0\u003C\/div\u003E\n\u003C\/td\u003E\n\u003Ctd width=\u0022271\u0022\u003EAdministracja publiczna\u003C\/td\u003E\n\u003Ctd width=\u002290\u0022\u003E\n\u003Cdiv align=\u0022center\u0022\u003E225.300\u003C\/div\u003E\n\u003C\/td\u003E\n\u003Ctd width=\u0022102\u0022\u003E\n\u003Cdiv align=\u0022center\u0022\u003E\u00a0\u003C\/div\u003E\n\u003C\/td\u003E\n\u003C\/tr\u003E\n\u003Ctr\u003E\n\u003Ctd width=\u002248\u0022\u003E\n\u003Cdiv align=\u0022center\u0022\u003E\u00a0\u003C\/div\u003E\n\u003C\/td\u003E\n\u003Ctd width=\u002263\u0022\u003E\n\u003Cdiv align=\u0022center\u0022\u003E75000\u003C\/div\u003E\n\u003C\/td\u003E\n\u003Ctd width=\u002242\u0022\u003E\n\u003Cdiv align=\u0022center\u0022\u003E\u00a0\u003C\/div\u003E\n\u003C\/td\u003E\n\u003Ctd width=\u0022271\u0022\u003EIntegracja z Uni\u0105 Europejsk\u0105\u003C\/td\u003E\n\u003Ctd width=\u002290\u0022\u003E\n\u003Cdiv align=\u0022center\u0022\u003E225.300\u003C\/div\u003E\n\u003C\/td\u003E\n\u003Ctd width=\u0022102\u0022\u003E\n\u003Cdiv align=\u0022center\u0022\u003E\u00a0\u003C\/div\u003E\n\u003C\/td\u003E\n\u003C\/tr\u003E\n\u003Ctr\u003E\n\u003Ctd width=\u002248\u0022\u003E\n\u003Cdiv align=\u0022center\u0022\u003E\u00a0\u003C\/div\u003E\n\u003C\/td\u003E\n\u003Ctd width=\u002263\u0022\u003E\n\u003Cdiv align=\u0022center\u0022\u003E\u00a0\u003C\/div\u003E\n\u003C\/td\u003E\n\u003Ctd width=\u002242\u0022\u003E\n\u003Cdiv align=\u0022center\u0022\u003E270\u003C\/div\u003E\n\u003C\/td\u003E\n\u003Ctd width=\u0022271\u0022\u003E\u015arodki na dofinansowanie w\u0142asnych zada\u0144 bie\u017c\u0105cych gmin zwi\u0105zk\u00f3w gmin), powiat\u00f3w (zwi\u0105zk\u00f3w powiat\u00f3w), samorz\u0105d\u00f3w wojew\u00f3dztw pozyskane z innych \u017ar\u00f3de\u0142\u003C\/td\u003E\n\u003Ctd width=\u002290\u0022\u003E\n\u003Cdiv align=\u0022center\u0022\u003E225.300\u003C\/div\u003E\n\u003C\/td\u003E\n\u003Ctd width=\u0022102\u0022\u003E\n\u003Cdiv align=\u0022center\u0022\u003E\u00a0\u003C\/div\u003E\n\u003C\/td\u003E\n\u003C\/tr\u003E\n\u003Ctr\u003E\n\u003Ctd width=\u002248\u0022\u003E\n\u003Cdiv align=\u0022center\u0022\u003E758\u003C\/div\u003E\n\u003C\/td\u003E\n\u003Ctd width=\u002263\u0022\u003E\n\u003Cdiv align=\u0022center\u0022\u003E\u00a0\u003C\/div\u003E\n\u003C\/td\u003E\n\u003Ctd width=\u002242\u0022\u003E\n\u003Cdiv align=\u0022center\u0022\u003E\u00a0\u003C\/div\u003E\n\u003C\/td\u003E\n\u003Ctd width=\u0022271\u0022\u003ER\u00f3\u017cne rozliczenia\u003C\/td\u003E\n\u003Ctd width=\u002290\u0022\u003E\n\u003Cdiv align=\u0022center\u0022\u003E4.967.898\u003C\/div\u003E\n\u003C\/td\u003E\n\u003Ctd width=\u0022102\u0022\u003E\n\u003Cdiv align=\u0022center\u0022\u003E(-) 1.115.176\u003C\/div\u003E\n\u003C\/td\u003E\n\u003C\/tr\u003E\n\u003Ctr\u003E\n\u003Ctd width=\u002248\u0022\u003E\n\u003Cdiv align=\u0022center\u0022\u003E\u00a0\u003C\/div\u003E\n\u003C\/td\u003E\n\u003Ctd width=\u002263\u0022\u003E\n\u003Cdiv align=\u0022center\u0022\u003E75801\u003C\/div\u003E\n\u003C\/td\u003E\n\u003Ctd width=\u002242\u0022\u003E\n\u003Cdiv align=\u0022center\u0022\u003E\u00a0\u003C\/div\u003E\n\u003C\/td\u003E\n\u003Ctd width=\u0022271\u0022\u003ECz\u0119\u015b\u0107 o\u015bwiatowa subwencji og\u00f3lnej dla jednostek samorz\u0105du terytorialnego\u003C\/td\u003E\n\u003Ctd width=\u002290\u0022\u003E\n\u003Cdiv align=\u0022center\u0022\u003E\u00a0\u003C\/div\u003E\n\u003C\/td\u003E\n\u003Ctd width=\u0022102\u0022\u003E\n\u003Cdiv align=\u0022center\u0022\u003E(-) 789.999\u003C\/div\u003E\n\u003C\/td\u003E\n\u003C\/tr\u003E\n\u003Ctr\u003E\n\u003Ctd width=\u002248\u0022\u003E\n\u003Cdiv align=\u0022center\u0022\u003E\u00a0\u003C\/div\u003E\n\u003C\/td\u003E\n\u003Ctd width=\u002263\u0022\u003E\n\u003Cdiv align=\u0022center\u0022\u003E\u00a0\u003C\/div\u003E\n\u003C\/td\u003E\n\u003Ctd width=\u002242\u0022\u003E\n\u003Cdiv align=\u0022center\u0022\u003E292\u003C\/div\u003E\n\u003C\/td\u003E\n\u003Ctd width=\u0022271\u0022\u003ESubwencje og\u00f3lne z bud\u017cetu pa\u0144stwa\u003C\/td\u003E\n\u003Ctd width=\u002290\u0022\u003E\n\u003Cdiv align=\u0022center\u0022\u003E\u00a0\u003C\/div\u003E\n\u003C\/td\u003E\n\u003Ctd width=\u0022102\u0022\u003E\n\u003Cdiv align=\u0022center\u0022\u003E(-) 789.999\u003C\/div\u003E\n\u003C\/td\u003E\n\u003C\/tr\u003E\n\u003Ctr\u003E\n\u003Ctd width=\u002248\u0022\u003E\n\u003Cdiv align=\u0022center\u0022\u003E\u00a0\u003C\/div\u003E\n\u003C\/td\u003E\n\u003Ctd width=\u002263\u0022\u003E\n\u003Cdiv align=\u0022center\u0022\u003E75804\u003C\/div\u003E\n\u003C\/td\u003E\n\u003Ctd width=\u002242\u0022\u003E\n\u003Cdiv align=\u0022center\u0022\u003E\u00a0\u003C\/div\u003E\n\u003C\/td\u003E\n\u003Ctd width=\u0022271\u0022\u003ECz\u0119\u015b\u0107 wyr\u00f3wnawcza subwencji og\u00f3lnej dla wojew\u00f3dztw\u003C\/td\u003E\n\u003Ctd width=\u002290\u0022\u003E\n\u003Cdiv align=\u0022center\u0022\u003E\u00a0\u003C\/div\u003E\n\u003C\/td\u003E\n\u003Ctd width=\u0022102\u0022\u003E\n\u003Cdiv align=\u0022center\u0022\u003E(-) 325.177\u003C\/div\u003E\n\u003C\/td\u003E\n\u003C\/tr\u003E\n\u003Ctr\u003E\n\u003Ctd width=\u002248\u0022\u003E\n\u003Cdiv align=\u0022center\u0022\u003E\u00a0\u003C\/div\u003E\n\u003C\/td\u003E\n\u003Ctd width=\u002263\u0022\u003E\n\u003Cdiv align=\u0022center\u0022\u003E\u00a0\u003C\/div\u003E\n\u003C\/td\u003E\n\u003Ctd width=\u002242\u0022\u003E\n\u003Cdiv align=\u0022center\u0022\u003E292\u003C\/div\u003E\n\u003C\/td\u003E\n\u003Ctd width=\u0022271\u0022\u003ESubwencje og\u00f3lne z bud\u017cetu pa\u0144stwa\u003C\/td\u003E\n\u003Ctd width=\u002290\u0022\u003E\n\u003Cdiv align=\u0022center\u0022\u003E\u00a0\u003C\/div\u003E\n\u003C\/td\u003E\n\u003Ctd width=\u0022102\u0022\u003E\n\u003Cdiv align=\u0022center\u0022\u003E(-) 325.177\u003C\/div\u003E\n\u003C\/td\u003E\n\u003C\/tr\u003E\n\u003Ctr\u003E\n\u003Ctd width=\u002248\u0022\u003E\n\u003Cdiv align=\u0022center\u0022\u003E\u00a0\u003C\/div\u003E\n\u003C\/td\u003E\n\u003Ctd width=\u002263\u0022\u003E\n\u003Cdiv align=\u0022center\u0022\u003E75806\u003C\/div\u003E\n\u003C\/td\u003E\n\u003Ctd width=\u002242\u0022\u003E\n\u003Cdiv align=\u0022center\u0022\u003E\u00a0\u003C\/div\u003E\n\u003C\/td\u003E\n\u003Ctd width=\u0022271\u0022\u003ECz\u0119\u015b\u0107 drogowa subwencji og\u00f3lnej dla powiat\u00f3w i wojew\u00f3dztw\u003C\/td\u003E\n\u003Ctd width=\u002290\u0022\u003E\n\u003Cdiv align=\u0022center\u0022\u003E4.967.898\u003C\/div\u003E\n\u003C\/td\u003E\n\u003Ctd width=\u0022102\u0022\u003E\n\u003Cdiv align=\u0022center\u0022\u003E\u00a0\u003C\/div\u003E\n\u003C\/td\u003E\n\u003C\/tr\u003E\n\u003Ctr\u003E\n\u003Ctd width=\u002248\u0022\u003E\n\u003Cdiv align=\u0022center\u0022\u003E\u00a0\u003C\/div\u003E\n\u003C\/td\u003E\n\u003Ctd width=\u002263\u0022\u003E\n\u003Cdiv align=\u0022center\u0022\u003E\u00a0\u003C\/div\u003E\n\u003C\/td\u003E\n\u003Ctd width=\u002242\u0022\u003E\n\u003Cdiv align=\u0022center\u0022\u003E292\u003C\/div\u003E\n\u003C\/td\u003E\n\u003Ctd width=\u0022271\u0022\u003ESubwencje og\u00f3lne z bud\u017cetu pa\u0144stwa\u003C\/td\u003E\n\u003Ctd width=\u002290\u0022\u003E\n\u003Cdiv align=\u0022center\u0022\u003E4.967.898\u003C\/div\u003E\n\u003C\/td\u003E\n\u003Ctd width=\u0022102\u0022\u003E\n\u003Cdiv align=\u0022center\u0022\u003E\u00a0\u003C\/div\u003E\n\u003C\/td\u003E\n\u003C\/tr\u003E\n\u003Ctr\u003E\n\u003Ctd width=\u002248\u0022\u003E\n\u003Cdiv align=\u0022center\u0022\u003E\u00a0\u003C\/div\u003E\n\u003C\/td\u003E\n\u003Ctd width=\u002263\u0022\u003E\n\u003Cdiv align=\u0022center\u0022\u003E\u00a0\u003C\/div\u003E\n\u003C\/td\u003E\n\u003Ctd width=\u002242\u0022\u003E\n\u003Cdiv align=\u0022center\u0022\u003E\u00a0\u003C\/div\u003E\n\u003C\/td\u003E\n\u003Ctd width=\u0022271\u0022\u003ERAZEM\u003C\/td\u003E\n\u003Ctd width=\u002290\u0022\u003E\n\u003Cdiv align=\u0022center\u0022\u003E5.193.198\u003C\/div\u003E\n\u003C\/td\u003E\n\u003Ctd width=\u0022102\u0022\u003E\n\u003Cp align=\u0022center\u0022\u003E\u003Cbr \/\u003E (-) 1.115.176\u003C\/p\u003E\n\u003Cp align=\u0022center\u0022\u003E\u003C\/p\u003E\n\u003Cp align=\u0022center\u0022\u003E\u003C\/p\u003E\n\u003Cp align=\u0022center\u0022\u003E\u003C\/p\u003E\n\u003Cp align=\u0022center\u0022\u003E\u003C\/p\u003E\n\u003C\/td\u003E\n\u003C\/tr\u003E\n\u003C\/tbody\u003E\n\u003C\/table\u003E\n\u003C\/td\u003E\n\u003C\/tr\u003E\n\u003C\/tbody\u003E\n\u003C\/table\u003E\n\u003Cp\u003E\u00a0\u003C\/p\u003E\n\u003Cp style=\u0022text-align: left;\u0022 align=\u0022right\u0022\u003E\u003Cspan style=\u0022font-size: xx-small;\u0022 size=\u00221\u0022\u003EZa\u0142\u0105cznik nr 2\u003Cbr \/\u003E do uchwa\u0142y Sejmiku Wojew\u00f3dztwa \u015al\u0105skiego\u003Cbr \/\u003E Nr I\/51\/7\/2002\u003Cbr \/\u003E z dnia 17 czerwca 2002 roku\u003Cbr \/\u003E \u003C\/span\u003E\u003C\/p\u003E\n\u003Cp align=\u0022center\u0022\u003E\u003Cb\u003EWYDATKI BUD\u017bETU WOJEW\u00d3DZTWA \u015aL\u0104SKIEGO \u003Cbr \/\u003E NA 2002 ROK\u003C\/b\u003E\u003C\/p\u003E\n\u003Cp align=\u0022right\u0022\u003Ew z\u0142\u003C\/p\u003E\n\u003Ctable class=\u0022tekst\u0022 width=\u0022618\u0022 cellspacing=\u00221\u0022 cellpadding=\u00221\u0022 border=\u00221\u0022\u003E\n\u003Ctbody\u003E\n\u003Ctr\u003E\n\u003Ctd width=\u002245\u0022\u003E\n\u003Cdiv align=\u0022center\u0022\u003E\u003Cb\u003EDz. \u003C\/b\u003E\u003C\/div\u003E\n\u003C\/td\u003E\n\u003Ctd width=\u002254\u0022\u003E\n\u003Cdiv align=\u0022center\u0022\u003E\u003Cb\u003ERozdz.\u003C\/b\u003E\u003C\/div\u003E\n\u003C\/td\u003E\n\u003Ctd width=\u002254\u0022\u003E\n\u003Cdiv align=\u0022center\u0022\u003E\u003Cb\u003E\u00a7\u003C\/b\u003E\u003C\/div\u003E\n\u003C\/td\u003E\n\u003Ctd width=\u0022327\u0022\u003E\n\u003Cdiv align=\u0022center\u0022\u003E\u003Cb\u003ENazwa\u003C\/b\u003E\u003C\/div\u003E\n\u003C\/td\u003E\n\u003Ctd width=\u0022110\u0022\u003E\n\u003Cdiv align=\u0022center\u0022\u003E\u003Cb\u003EZwi\u0119kszenie\u003C\/b\u003E\u003C\/div\u003E\n\u003C\/td\u003E\n\u003C\/tr\u003E\n\u003Ctr\u003E\n\u003Ctd width=\u002245\u0022\u003E\n\u003Cdiv align=\u0022center\u0022\u003E600\u003C\/div\u003E\n\u003C\/td\u003E\n\u003Ctd width=\u002254\u0022\u003E\n\u003Cdiv align=\u0022center\u0022\u003E\u00a0\u003C\/div\u003E\n\u003C\/td\u003E\n\u003Ctd width=\u002254\u0022\u003E\n\u003Cdiv align=\u0022center\u0022\u003E\u00a0\u003C\/div\u003E\n\u003C\/td\u003E\n\u003Ctd width=\u0022327\u0022\u003E\u003Cb\u003ETransport i \u0142\u0105czno\u015b\u0107\u003C\/b\u003E\u003C\/td\u003E\n\u003Ctd width=\u0022110\u0022\u003E\n\u003Cdiv align=\u0022right\u0022\u003E3.464.272\u003C\/div\u003E\n\u003C\/td\u003E\n\u003C\/tr\u003E\n\u003Ctr\u003E\n\u003Ctd width=\u002245\u0022\u003E\n\u003Cdiv align=\u0022center\u0022\u003E\u00a0\u003C\/div\u003E\n\u003C\/td\u003E\n\u003Ctd width=\u002254\u0022\u003E\n\u003Cdiv align=\u0022center\u0022\u003E60013\u003C\/div\u003E\n\u003C\/td\u003E\n\u003Ctd width=\u002254\u0022\u003E\n\u003Cdiv align=\u0022center\u0022\u003E\u00a0\u003C\/div\u003E\n\u003C\/td\u003E\n\u003Ctd width=\u0022327\u0022\u003E\u003Ci\u003EDrogi publiczne wojew\u00f3dzkie\u003C\/i\u003E\u003C\/td\u003E\n\u003Ctd width=\u0022110\u0022\u003E\n\u003Cdiv align=\u0022right\u0022\u003E\u003C\/div\u003E\n\u003C\/td\u003E\n\u003C\/tr\u003E\n\u003Ctr\u003E\n\u003Ctd width=\u002245\u0022\u003E\n\u003Cdiv align=\u0022center\u0022\u003E\u00a0\u003C\/div\u003E\n\u003C\/td\u003E\n\u003Ctd width=\u002254\u0022\u003E\n\u003Cdiv align=\u0022center\u0022\u003E\u00a0\u003C\/div\u003E\n\u003C\/td\u003E\n\u003Ctd width=\u002254\u0022\u003E\n\u003Cdiv align=\u0022center\u0022\u003E2320\u003C\/div\u003E\n\u003C\/td\u003E\n\u003Ctd width=\u0022327\u0022\u003EDotacje celowe przekazane dla powiatu na zadania bie\u017c\u0105ce realizowane na podstawie porozumie\u0144 (um\u00f3w) mi\u0119dzy jednostkami samorz\u0105du terytorialnego\u003C\/td\u003E\n\u003Ctd width=\u0022110\u0022\u003E\n\u003Cdiv align=\u0022right\u0022\u003E988.260\u003C\/div\u003E\n\u003C\/td\u003E\n\u003C\/tr\u003E\n\u003Ctr\u003E\n\u003Ctd width=\u002245\u0022\u003E\n\u003Cdiv align=\u0022center\u0022\u003E\u00a0\u003C\/div\u003E\n\u003C\/td\u003E\n\u003Ctd width=\u002254\u0022\u003E\n\u003Cdiv align=\u0022center\u0022\u003E\u00a0\u003C\/div\u003E\n\u003C\/td\u003E\n\u003Ctd width=\u002254\u0022\u003E\n\u003Cdiv align=\u0022center\u0022\u003E4300\u003C\/div\u003E\n\u003C\/td\u003E\n\u003Ctd width=\u0022327\u0022\u003EZakup us\u0142ug pozosta\u0142ych\u003C\/td\u003E\n\u003Ctd width=\u0022110\u0022\u003E\n\u003Cdiv align=\u0022right\u0022\u003E484.695\u003C\/div\u003E\n\u003C\/td\u003E\n\u003C\/tr\u003E\n\u003Ctr\u003E\n\u003Ctd width=\u002245\u0022\u003E\n\u003Cdiv align=\u0022center\u0022\u003E\u00a0\u003C\/div\u003E\n\u003C\/td\u003E\n\u003Ctd width=\u002254\u0022\u003E\n\u003Cdiv align=\u0022center\u0022\u003E\u00a0\u003C\/div\u003E\n\u003C\/td\u003E\n\u003Ctd width=\u002254\u0022\u003E\n\u003Cdiv align=\u0022center\u0022\u003E6050\u003C\/div\u003E\n\u003C\/td\u003E\n\u003Ctd width=\u0022327\u0022\u003EWydatki inwestycyjne jednostek bud\u017cetowych\u003C\/td\u003E\n\u003Ctd width=\u0022110\u0022\u003E\n\u003Cdiv align=\u0022right\u0022\u003E991.317\u003C\/div\u003E\n\u003C\/td\u003E\n\u003C\/tr\u003E\n\u003Ctr\u003E\n\u003Ctd width=\u002245\u0022\u003E\n\u003Cdiv align=\u0022center\u0022\u003E\u00a0\u003C\/div\u003E\n\u003C\/td\u003E\n\u003Ctd width=\u002254\u0022\u003E\n\u003Cdiv align=\u0022center\u0022\u003E\u00a0\u003C\/div\u003E\n\u003C\/td\u003E\n\u003Ctd width=\u002254\u0022\u003E\n\u003Cdiv align=\u0022center\u0022\u003E6060\u003C\/div\u003E\n\u003C\/td\u003E\n\u003Ctd width=\u0022327\u0022\u003EWydatki na zakupy inwestycyjne jednostek bud\u017cetowych\u003C\/td\u003E\n\u003Ctd width=\u0022110\u0022\u003E\n\u003Cdiv align=\u0022right\u0022\u003E1.000.000\u003C\/div\u003E\n\u003C\/td\u003E\n\u003C\/tr\u003E\n\u003Ctr\u003E\n\u003Ctd width=\u002245\u0022\u003E\n\u003Cdiv align=\u0022center\u0022\u003E750\u003C\/div\u003E\n\u003C\/td\u003E\n\u003Ctd width=\u002254\u0022\u003E\n\u003Cdiv align=\u0022center\u0022\u003E\u00a0\u003C\/div\u003E\n\u003C\/td\u003E\n\u003Ctd width=\u002254\u0022\u003E\n\u003Cdiv align=\u0022center\u0022\u003E\u00a0\u003C\/div\u003E\n\u003C\/td\u003E\n\u003Ctd width=\u0022327\u0022\u003E\u003Cb\u003EAdministracja publiczna\u003C\/b\u003E\u003C\/td\u003E\n\u003Ctd width=\u0022110\u0022\u003E\n\u003Cdiv align=\u0022right\u0022\u003E\u003Cb\u003E225.300\u003C\/b\u003E\u003C\/div\u003E\n\u003C\/td\u003E\n\u003C\/tr\u003E\n\u003Ctr\u003E\n\u003Ctd width=\u002245\u0022\u003E\n\u003Cdiv align=\u0022center\u0022\u003E\u00a0\u003C\/div\u003E\n\u003C\/td\u003E\n\u003Ctd width=\u002254\u0022\u003E\n\u003Cdiv align=\u0022center\u0022\u003E75000\u003C\/div\u003E\n\u003C\/td\u003E\n\u003Ctd width=\u002254\u0022\u003E\n\u003Cdiv align=\u0022center\u0022\u003E\u00a0\u003C\/div\u003E\n\u003C\/td\u003E\n\u003Ctd width=\u0022327\u0022\u003E\u003Ci\u003EIntegracja z Uni\u0105 Europejsk\u0105 \u003C\/i\u003E\u003C\/td\u003E\n\u003Ctd width=\u0022110\u0022\u003E\n\u003Cdiv align=\u0022right\u0022\u003E\u003Ci\u003E225.300\u003C\/i\u003E\u003C\/div\u003E\n\u003C\/td\u003E\n\u003C\/tr\u003E\n\u003Ctr\u003E\n\u003Ctd width=\u002245\u0022\u003E\n\u003Cdiv align=\u0022center\u0022\u003E\u00a0\u003C\/div\u003E\n\u003C\/td\u003E\n\u003Ctd width=\u002254\u0022\u003E\n\u003Cdiv align=\u0022center\u0022\u003E\u00a0\u003C\/div\u003E\n\u003C\/td\u003E\n\u003Ctd width=\u002254\u0022\u003E\n\u003Cdiv align=\u0022center\u0022\u003E4301\u003C\/div\u003E\n\u003C\/td\u003E\n\u003Ctd width=\u0022327\u0022\u003EZakup us\u0142ug pozosta\u0142ych\u003C\/td\u003E\n\u003Ctd width=\u0022110\u0022\u003E\n\u003Cdiv align=\u0022right\u0022\u003E162.000\u003C\/div\u003E\n\u003C\/td\u003E\n\u003C\/tr\u003E\n\u003Ctr\u003E\n\u003Ctd width=\u002245\u0022\u003E\n\u003Cdiv align=\u0022center\u0022\u003E\u00a0\u003C\/div\u003E\n\u003C\/td\u003E\n\u003Ctd width=\u002254\u0022\u003E\n\u003Cdiv align=\u0022center\u0022\u003E\u00a0\u003C\/div\u003E\n\u003C\/td\u003E\n\u003Ctd width=\u002254\u0022\u003E\n\u003Cdiv align=\u0022center\u0022\u003E4302\u003C\/div\u003E\n\u003C\/td\u003E\n\u003Ctd width=\u0022327\u0022\u003EZakup us\u0142ug pozosta\u0142ych\u003C\/td\u003E\n\u003Ctd width=\u0022110\u0022\u003E\n\u003Cdiv align=\u0022right\u0022\u003E63.300\u003C\/div\u003E\n\u003C\/td\u003E\n\u003C\/tr\u003E\n\u003Ctr\u003E\n\u003Ctd width=\u002245\u0022\u003E\n\u003Cdiv align=\u0022center\u0022\u003E801\u003C\/div\u003E\n\u003C\/td\u003E\n\u003Ctd width=\u002254\u0022\u003E\n\u003Cdiv align=\u0022center\u0022\u003E\u00a0\u003C\/div\u003E\n\u003C\/td\u003E\n\u003Ctd width=\u002254\u0022\u003E\n\u003Cdiv align=\u0022center\u0022\u003E\u00a0\u003C\/div\u003E\n\u003C\/td\u003E\n\u003Ctd width=\u0022327\u0022\u003E\u003Cb\u003EO\u015bwiata i wychowanie \u003C\/b\u003E\u003C\/td\u003E\n\u003Ctd width=\u0022110\u0022\u003E\n\u003Cdiv align=\u0022right\u0022\u003E\u003Cb\u003E388.450\u003C\/b\u003E\u003C\/div\u003E\n\u003C\/td\u003E\n\u003C\/tr\u003E\n\u003Ctr\u003E\n\u003Ctd width=\u002245\u0022\u003E\n\u003Cdiv align=\u0022center\u0022\u003E\u00a0\u003C\/div\u003E\n\u003C\/td\u003E\n\u003Ctd width=\u002254\u0022\u003E\n\u003Cdiv align=\u0022center\u0022\u003E80102\u003C\/div\u003E\n\u003C\/td\u003E\n\u003Ctd width=\u002254\u0022\u003E\n\u003Cdiv align=\u0022center\u0022\u003E\u00a0\u003C\/div\u003E\n\u003C\/td\u003E\n\u003Ctd width=\u0022327\u0022\u003E\u003Ci\u003ESzko\u0142y podstawowe specjalne\u003C\/i\u003E\u003C\/td\u003E\n\u003Ctd width=\u0022110\u0022\u003E\n\u003Cdiv align=\u0022right\u0022\u003E\u003Ci\u003E45.736\u003C\/i\u003E\u003C\/div\u003E\n\u003C\/td\u003E\n\u003C\/tr\u003E\n\u003Ctr\u003E\n\u003Ctd width=\u002245\u0022\u003E\n\u003Cdiv align=\u0022center\u0022\u003E\u00a0\u003C\/div\u003E\n\u003C\/td\u003E\n\u003Ctd width=\u002254\u0022\u003E\n\u003Cdiv align=\u0022center\u0022\u003E\u00a0\u003C\/div\u003E\n\u003C\/td\u003E\n\u003Ctd width=\u002254\u0022\u003E\n\u003Cdiv align=\u0022center\u0022\u003E4440\u003C\/div\u003E\n\u003C\/td\u003E\n\u003Ctd width=\u0022327\u0022\u003EOdpisy na zak\u0142adowy fundusz \u015bwiadcze\u0144 socjalnych\u003C\/td\u003E\n\u003Ctd width=\u0022110\u0022\u003E\n\u003Cdiv align=\u0022right\u0022\u003E45.736\u003C\/div\u003E\n\u003C\/td\u003E\n\u003C\/tr\u003E\n\u003Ctr\u003E\n\u003Ctd width=\u002245\u0022\u003E\n\u003Cdiv align=\u0022center\u0022\u003E\u00a0\u003C\/div\u003E\n\u003C\/td\u003E\n\u003Ctd width=\u002254\u0022\u003E\n\u003Cdiv align=\u0022center\u0022\u003E\u003Ci\u003E80111\u003C\/i\u003E\u003C\/div\u003E\n\u003C\/td\u003E\n\u003Ctd width=\u002254\u0022\u003E\n\u003Cdiv align=\u0022center\u0022\u003E\u00a0\u003C\/div\u003E\n\u003C\/td\u003E\n\u003Ctd width=\u0022327\u0022\u003E\u003Ci\u003EGimnazja specjalne\u003C\/i\u003E\u003C\/td\u003E\n\u003Ctd width=\u0022110\u0022\u003E\n\u003Cdiv align=\u0022right\u0022\u003E\u003Ci\u003E18.460\u003C\/i\u003E\u003C\/div\u003E\n\u003C\/td\u003E\n\u003C\/tr\u003E\n\u003Ctr\u003E\n\u003Ctd width=\u002245\u0022\u003E\n\u003Cdiv align=\u0022center\u0022\u003E\u00a0\u003C\/div\u003E\n\u003C\/td\u003E\n\u003Ctd width=\u002254\u0022\u003E\n\u003Cdiv align=\u0022center\u0022\u003E\u00a0\u003C\/div\u003E\n\u003C\/td\u003E\n\u003Ctd width=\u002254\u0022\u003E\n\u003Cdiv align=\u0022center\u0022\u003E4440\u003C\/div\u003E\n\u003C\/td\u003E\n\u003Ctd width=\u0022327\u0022\u003EOdpisy na zak\u0142adowy fundusz \u015bwiadcze\u0144 socjalnych\u003C\/td\u003E\n\u003Ctd width=\u0022110\u0022\u003E\n\u003Cdiv align=\u0022right\u0022\u003E18.460\u003C\/div\u003E\n\u003C\/td\u003E\n\u003C\/tr\u003E\n\u003Ctr\u003E\n\u003Ctd width=\u002245\u0022\u003E\n\u003Cdiv align=\u0022center\u0022\u003E\u00a0\u003C\/div\u003E\n\u003C\/td\u003E\n\u003Ctd width=\u002254\u0022\u003E\n\u003Cdiv align=\u0022center\u0022\u003E80121\u003C\/div\u003E\n\u003C\/td\u003E\n\u003Ctd width=\u002254\u0022\u003E\n\u003Cdiv align=\u0022center\u0022\u003E\u00a0\u003C\/div\u003E\n\u003C\/td\u003E\n\u003Ctd width=\u0022327\u0022\u003ELicea og\u00f3lnokszta\u0142c\u0105ce specjalne\u003C\/td\u003E\n\u003Ctd width=\u0022110\u0022\u003E\n\u003Cdiv align=\u0022right\u0022\u003E2.475\u003C\/div\u003E\n\u003C\/td\u003E\n\u003C\/tr\u003E\n\u003Ctr\u003E\n\u003Ctd width=\u002245\u0022\u003E\n\u003Cdiv align=\u0022center\u0022\u003E\u00a0\u003C\/div\u003E\n\u003C\/td\u003E\n\u003Ctd width=\u002254\u0022\u003E\n\u003Cdiv align=\u0022center\u0022\u003E\u00a0\u003C\/div\u003E\n\u003C\/td\u003E\n\u003Ctd width=\u002254\u0022\u003E\n\u003Cdiv align=\u0022center\u0022\u003E4440\u003C\/div\u003E\n\u003C\/td\u003E\n\u003Ctd width=\u0022327\u0022\u003EOdpisy na zak\u0142adowy fundusz \u015bwiadcze\u0144 socjalnych\u003C\/td\u003E\n\u003Ctd width=\u0022110\u0022\u003E\n\u003Cdiv align=\u0022right\u0022\u003E2.475\u003C\/div\u003E\n\u003C\/td\u003E\n\u003C\/tr\u003E\n\u003Ctr\u003E\n\u003Ctd width=\u002245\u0022\u003E\n\u003Cdiv align=\u0022center\u0022\u003E\u00a0\u003C\/div\u003E\n\u003C\/td\u003E\n\u003Ctd width=\u002254\u0022\u003E\n\u003Cdiv align=\u0022center\u0022\u003E\u003Ci\u003E80130\u003C\/i\u003E\u003C\/div\u003E\n\u003C\/td\u003E\n\u003Ctd width=\u002254\u0022\u003E\n\u003Cdiv align=\u0022center\u0022\u003E\u00a0\u003C\/div\u003E\n\u003C\/td\u003E\n\u003Ctd width=\u0022327\u0022\u003E\u003Ci\u003ESzko\u0142y zawodowe\u003C\/i\u003E\u003C\/td\u003E\n\u003Ctd width=\u0022110\u0022\u003E\n\u003Cdiv align=\u0022right\u0022\u003E\u003Ci\u003E3.285\u003C\/i\u003E\u003C\/div\u003E\n\u003C\/td\u003E\n\u003C\/tr\u003E\n\u003Ctr\u003E\n\u003Ctd width=\u002245\u0022\u003E\n\u003Cdiv align=\u0022center\u0022\u003E\u00a0\u003C\/div\u003E\n\u003C\/td\u003E\n\u003Ctd width=\u002254\u0022\u003E\n\u003Cdiv align=\u0022center\u0022\u003E\u00a0\u003C\/div\u003E\n\u003C\/td\u003E\n\u003Ctd width=\u002254\u0022\u003E\n\u003Cdiv align=\u0022center\u0022\u003E4440\u003C\/div\u003E\n\u003C\/td\u003E\n\u003Ctd width=\u0022327\u0022\u003EOdpisy na zak\u0142adowy fundusz \u015bwiadcze\u0144 socjalnych\u003C\/td\u003E\n\u003Ctd width=\u0022110\u0022\u003E\n\u003Cdiv align=\u0022right\u0022\u003E3.285\u003C\/div\u003E\n\u003C\/td\u003E\n\u003C\/tr\u003E\n\u003Ctr\u003E\n\u003Ctd width=\u002245\u0022\u003E\n\u003Cdiv align=\u0022center\u0022\u003E\u00a0\u003C\/div\u003E\n\u003C\/td\u003E\n\u003Ctd width=\u002254\u0022\u003E\n\u003Cdiv align=\u0022center\u0022\u003E80133\u003C\/div\u003E\n\u003C\/td\u003E\n\u003Ctd width=\u002254\u0022\u003E\n\u003Cdiv align=\u0022center\u0022\u003E\u00a0\u003C\/div\u003E\n\u003C\/td\u003E\n\u003Ctd width=\u0022327\u0022\u003E\u003Ci\u003ESzko\u0142y pomaturalne i policealne\u003C\/i\u003E\u003C\/td\u003E\n\u003Ctd width=\u0022110\u0022\u003E\n\u003Cdiv align=\u0022right\u0022\u003E\u003Ci\u003E195.666\u003C\/i\u003E\u003C\/div\u003E\n\u003C\/td\u003E\n\u003C\/tr\u003E\n\u003Ctr\u003E\n\u003Ctd width=\u002245\u0022\u003E\n\u003Cdiv align=\u0022center\u0022\u003E\u00a0\u003C\/div\u003E\n\u003C\/td\u003E\n\u003Ctd width=\u002254\u0022\u003E\n\u003Cdiv align=\u0022center\u0022\u003E\u00a0\u003C\/div\u003E\n\u003C\/td\u003E\n\u003Ctd width=\u002254\u0022\u003E\n\u003Cdiv align=\u0022center\u0022\u003E4440\u003C\/div\u003E\n\u003C\/td\u003E\n\u003Ctd width=\u0022327\u0022\u003EOdpisy na zak\u0142adowy fundusz \u015bwiadcze\u0144 socjalnych\u003C\/td\u003E\n\u003Ctd width=\u0022110\u0022\u003E\n\u003Cdiv align=\u0022right\u0022\u003E195.666\u003C\/div\u003E\n\u003C\/td\u003E\n\u003C\/tr\u003E\n\u003Ctr\u003E\n\u003Ctd width=\u002245\u0022\u003E\n\u003Cdiv align=\u0022center\u0022\u003E\u00a0\u003C\/div\u003E\n\u003C\/td\u003E\n\u003Ctd width=\u002254\u0022\u003E\n\u003Cdiv align=\u0022center\u0022\u003E80134\u003C\/div\u003E\n\u003C\/td\u003E\n\u003Ctd width=\u002254\u0022\u003E\n\u003Cdiv align=\u0022center\u0022\u003E\u00a0\u003C\/div\u003E\n\u003C\/td\u003E\n\u003Ctd width=\u0022327\u0022\u003ESzko\u0142y zawodowe specjalne\u003C\/td\u003E\n\u003Ctd width=\u0022110\u0022\u003E\n\u003Cdiv align=\u0022right\u0022\u003E1.706\u003C\/div\u003E\n\u003C\/td\u003E\n\u003C\/tr\u003E\n\u003Ctr\u003E\n\u003Ctd width=\u002245\u0022\u003E\n\u003Cdiv align=\u0022center\u0022\u003E\u00a0\u003C\/div\u003E\n\u003C\/td\u003E\n\u003Ctd width=\u002254\u0022\u003E\n\u003Cdiv align=\u0022center\u0022\u003E\u00a0\u003C\/div\u003E\n\u003C\/td\u003E\n\u003Ctd width=\u002254\u0022\u003E\n\u003Cdiv align=\u0022center\u0022\u003E4440\u003C\/div\u003E\n\u003C\/td\u003E\n\u003Ctd width=\u0022327\u0022\u003EOdpisy na zak\u0142adowy fundusz \u015bwiadcze\u0144 socjalnych\u003C\/td\u003E\n\u003Ctd width=\u0022110\u0022\u003E\n\u003Cdiv align=\u0022right\u0022\u003E1.706\u003C\/div\u003E\n\u003C\/td\u003E\n\u003C\/tr\u003E\n\u003Ctr\u003E\n\u003Ctd width=\u002245\u0022\u003E\n\u003Cdiv align=\u0022center\u0022\u003E\u00a0\u003C\/div\u003E\n\u003C\/td\u003E\n\u003Ctd width=\u002254\u0022\u003E\n\u003Cdiv align=\u0022center\u0022\u003E80141\u003C\/div\u003E\n\u003C\/td\u003E\n\u003Ctd width=\u002254\u0022\u003E\n\u003Cdiv align=\u0022center\u0022\u003E\u00a0\u003C\/div\u003E\n\u003C\/td\u003E\n\u003Ctd width=\u0022327\u0022\u003EKolegia nauczycielskie i nauczycielskie kolegia j\u0119zyk\u00f3w obcych\u003C\/td\u003E\n\u003Ctd width=\u0022110\u0022\u003E\n\u003Cdiv align=\u0022right\u0022\u003E121.122\u003C\/div\u003E\n\u003C\/td\u003E\n\u003C\/tr\u003E\n\u003Ctr\u003E\n\u003Ctd width=\u002245\u0022\u003E\n\u003Cdiv align=\u0022center\u0022\u003E\u00a0\u003C\/div\u003E\n\u003C\/td\u003E\n\u003Ctd width=\u002254\u0022\u003E\n\u003Cdiv align=\u0022center\u0022\u003E\u00a0\u003C\/div\u003E\n\u003C\/td\u003E\n\u003Ctd width=\u002254\u0022\u003E\n\u003Cdiv align=\u0022center\u0022\u003E4440\u003C\/div\u003E\n\u003C\/td\u003E\n\u003Ctd width=\u0022327\u0022\u003EOdpisy na zak\u0142adowy fundusz \u015bwiadcze\u0144 socjalnych\u003C\/td\u003E\n\u003Ctd width=\u0022110\u0022\u003E\n\u003Cdiv align=\u0022right\u0022\u003E121.122\u003C\/div\u003E\n\u003C\/td\u003E\n\u003C\/tr\u003E\n\u003Ctr\u003E\n\u003Ctd width=\u002245\u0022\u003E\n\u003Cdiv align=\u0022center\u0022\u003E\u00a0\u003C\/div\u003E\n\u003C\/td\u003E\n\u003Ctd width=\u002254\u0022\u003E\n\u003Cdiv align=\u0022center\u0022\u003E\u00a0\u003C\/div\u003E\n\u003C\/td\u003E\n\u003Ctd width=\u002254\u0022\u003E\n\u003Cdiv align=\u0022center\u0022\u003E\u00a0\u003C\/div\u003E\n\u003C\/td\u003E\n\u003Ctd width=\u0022327\u0022\u003E\u003Cb\u003ERAZEM\u003C\/b\u003E\u003C\/td\u003E\n\u003Ctd width=\u0022110\u0022\u003E\n\u003Cdiv align=\u0022right\u0022\u003E\u003Cb\u003E4.078.022 \u003C\/b\u003E\u003C\/div\u003E\n\u003C\/td\u003E\n\u003C\/tr\u003E\n\u003C\/tbody\u003E\n\u003C\/table\u003E\n\u003C\/div\u003E","promotion":false}},{"id":"bf6dbc25-d119-11e7-80a9-005056b46601","type":"Gallery","name":"Galeria","description":"Galeria"},{"id":"bf6e1f6b-d119-11e7-80a9-005056b46601","type":"Attachment","name":"Za\u0142\u0105czniki","description":"Za\u0142\u0105czniki do strony"},{"id":"eba03b25-d9a7-11e7-b355-005056b70dba","type":"PageTitle","name":"","description":"Tytu\u0142 strony","content":{"title":"Uchwa\u0142a Sejmiku nr I\/51\/7\/2002 z dnia 2002-06-17"}},{"id":"eba07701-d9a7-11e7-b355-005056b70dba","type":"PageDescription","name":"","description":"Zajawka strony","content":[]},{"id":"1b1a7940-ff78-11e7-b81e-005056b7801d","type":"SectionDescription","name":"","description":"Zajawka sekcji","content":[]}]}