{"id":26921,"name":"uchwala-sejmiku-nr-i53152002-z-dnia-2002-07-08","title":"Uchwa\u0142a Sejmiku nr I\/53\/15\/2002 z dnia 2002-07-08","desc":"","header":"Uchwa\u0142a Sejmiku nr I\/53\/15\/2002 z dnia 2002-07-08","lead":"","keywords":"","changes":"migracja danych","menu":"","path":"\/sejmik_wojewodztwa\/sesje_sejmiku\/uchwaly\/uchwala-sejmiku-nr-i53152002-z-dnia-2002-07-08.html","url":"\/sejmik_wojewodztwa\/sesje_sejmiku\/uchwaly\/uchwala-sejmiku-nr-i53152002-z-dnia-2002-07-08.html","infoOwner":"Urz\u0105d Marsza\u0142kowski Wojew\u00f3dztwa \u015al\u0105skiego","dateFirstPublicate":"2022-02-21 07:30:52","dateLastVersionPublicate":"2022-02-21 07:30:52","dateAvailableFrom":"","dateAvailableTo":"","type":"Uchwa\u0142a Sejmiku","pageParams":[{"id":"225","name":"DATA_OGLOSZENIA","description":"Data og\u0142oszenia","value":"2002-07-08"},{"id":"235","name":"W sprawie","description":"W sprawie","value":"przyj\u0119cia o\u015bwiadczenia dotycz\u0105cego nazw podregion\u00f3w Wojew\u00f3dztwa \u015al\u0105skiego (POZIOM 3 NTS) zastosowanych w Rozporz\u0105dzeniu Rady Ministr\u00f3w z dnia 14 marca 2002 roku (Dz.U. Nr 34, poz. 311)"},{"id":"299","name":"NUMER_UCHWALY_SEJMIKU","description":"Numer uchwa\u0142y","value":"I\/53\/15\/2002"}],"components":[{"id":"bf6d5eba-d119-11e7-80a9-005056b46601","type":"ContentWYSIWYG","name":"Tre\u015b\u0107","description":"Tre\u015b\u0107 strony","content":{"content":"\u003Cdiv class=\u0022lead1\u0022\u003ENa podstawie\u003Cbr \/\u003Eart.18 pkt. 20\u003Cbr \/\u003E ustawy z dnia 5 czerwca 1998 roku o samorz\u0105dzie wojew\u00f3dztwa\u003Cbr \/\u003E (t.j. Dz.U. Nr 142 z 2001 roku, poz. 1590 z p\u00f3\u017an. zm.)\u003Cbr \/\u003E w zwi\u0105zku z \u00a7 2 ust. 2 pkt 4\u003Cbr \/\u003E Regulaminu Sejmiku Wojew\u00f3dztwa \u015al\u0105skiego\u003Cbr \/\u003E stanowi\u0105cego za\u0142\u0105cznik nr 1 do Statutu Wojew\u00f3dztwa \u015al\u0105skiego\u003Cbr \/\u003E (Dz. Urz. Woj. \u015al. Nr 26 z dnia 12 maja 2001 roku, poz. 657)\u003C\/div\u003E\n\u003Cdiv class=\u0022tresc\u0022\u003E\n\u003Cp align=\u0022center\u0022\u003E\u00a7 1\u003C\/p\u003E\n\u003Cbr \/\u003E\n\u003Cp\u003EWyra\u017cenie sprzeciwu wobec zastosowanych w wy\u017cej wymienionym Rozporz\u0105dzeniu Rady Ministr\u00f3w nazw podregion\u00f3w Wojew\u00f3dztwa \u015al\u0105skiego okre\u015blaj\u0105cych POZIOM 3 Nomenklatury Jednostek Terytorialnych do Cel\u00f3w Statystycznych, tj.:\u003C\/p\u003E\n\u003Cbr \/\u003E\n\u003Cp\u003E- podregion 31 \u2013 cz\u0119stochowski (symbol 3. 24. 31),\u003C\/p\u003E\n\u003Cbr \/\u003E\n\u003Cp\u003E- podregion 32 \u2013 bielsko \u2013 bialski (symbol 3. 24. 32),\u003C\/p\u003E\n\u003Cbr \/\u003E\n\u003Cp\u003E- podregion 33 \u2013 centralny \u015bl\u0105ski (symbol 3. 24. 33)\u003C\/p\u003E\n\u003Cbr \/\u003E\n\u003Cp\u003E- podregion 45 \u2013 rybnicko - jastrz\u0119bski (symbol 3. 24. 45)\u003C\/p\u003E\n\u003Cbr \/\u003E\n\u003Cp\u003Ejako niezgodnych z uchwalonym przez Sejmik Wojew\u00f3dztwa \u015al\u0105skiego i przyj\u0119tym w \u201eStrategii Rozwoju Wojew\u00f3dztwa \u015al\u0105skiego na lata 2000-2015\u201d nazewnictwem.\u003C\/p\u003E\n\u003Cbr \/\u003E\n\u003Cp align=\u0022center\u0022\u003E\u00a7 2\u003C\/p\u003E\n\u003Cbr \/\u003E\n\u003Cp\u003ESejmik Wojew\u00f3dztwa \u015al\u0105skiego stoi na stanowisku, by nazwy podregion\u00f3w odpowiada\u0142y terminologii przyj\u0119tej w wy\u017cej wymienionej \u201eStrategii...\u201d, tj.:\u003C\/p\u003E\n\u003Cbr \/\u003E\n\u003Cp\u003E- podregion 31 \u2013 obszar p\u00f3\u0142nocny (symbol 3. 24. 31),\u003C\/p\u003E\n\u003Cbr \/\u003E\n\u003Cp\u003E- podregion 32 \u2013 obszar po\u0142udniowy (symbol 3. 24. 32),\u003C\/p\u003E\n\u003Cbr \/\u003E\n\u003Cp\u003E- podregion 33 \u2013 obszar \u015brodkowy (symbol 3. 24. 33)\u003C\/p\u003E\n\u003Cbr \/\u003E\n\u003Cp\u003E- podregion 45 \u2013 obszar zachodni (symbol 3. 24. 45)\u003C\/p\u003E\n\u003Cbr \/\u003E\n\u003Cp align=\u0022center\u0022\u003E\u00a7 3\u003C\/p\u003E\n\u003Cbr \/\u003E\n\u003Cp\u003EPrzekaza\u0107 sprzeciw, o kt\u00f3rym mowa w \u00a7 1, Prezesowi G\u0142\u00f3wnego Urz\u0119du Statystycznego.\u003C\/p\u003E\n\u003Cbr \/\u003E\n\u003Cp align=\u0022center\u0022\u003E\u00a7 4\u003C\/p\u003E\n\u003Cbr \/\u003E\n\u003Cp\u003EWykonanie uchwa\u0142y powierzy\u0107 Zarz\u0105dowi Wojew\u00f3dztwa \u015al\u0105skiego.\u003C\/p\u003E\n\u003Cbr \/\u003E\n\u003Cp align=\u0022center\u0022\u003E\u00a7 5\u003C\/p\u003E\n\u003Cbr \/\u003E\n\u003Cp\u003EUchwa\u0142a wchodzi w \u017cycie z dniem podj\u0119cia.\u003C\/p\u003E\n\u003Cbr \/\u003E \u003Cbr \/\u003E Ryszard Ostrowski\u003Cbr \/\u003EPrzewodnicz\u0105cy Sejmiku\u003Cbr \/\u003EWojew\u00f3dztwa \u015al\u0105skiego\u003C\/div\u003E","promotion":false}},{"id":"bf6dbc25-d119-11e7-80a9-005056b46601","type":"Gallery","name":"Galeria","description":"Galeria"},{"id":"bf6e1f6b-d119-11e7-80a9-005056b46601","type":"Attachment","name":"Za\u0142\u0105czniki","description":"Za\u0142\u0105czniki do strony"},{"id":"eba03b25-d9a7-11e7-b355-005056b70dba","type":"PageTitle","name":"","description":"Tytu\u0142 strony","content":{"title":"Uchwa\u0142a Sejmiku nr I\/53\/15\/2002 z dnia 2002-07-08"}},{"id":"eba07701-d9a7-11e7-b355-005056b70dba","type":"PageDescription","name":"","description":"Zajawka strony","content":[]},{"id":"1b1a7940-ff78-11e7-b81e-005056b7801d","type":"SectionDescription","name":"","description":"Zajawka sekcji","content":[]}]}