{"id":26888,"name":"uchwala-sejmiku-nr-i5552002-z-dnia-2002-08-26","title":"Uchwa\u0142a Sejmiku nr I\/55\/5\/2002 z dnia 2002-08-26","desc":"","header":"Uchwa\u0142a Sejmiku nr I\/55\/5\/2002 z dnia 2002-08-26","lead":"","keywords":"","changes":"migracja danych","menu":"","path":"\/sejmik_wojewodztwa\/sesje_sejmiku\/uchwaly\/uchwala-sejmiku-nr-i5552002-z-dnia-2002-08-26.html","url":"\/sejmik_wojewodztwa\/sesje_sejmiku\/uchwaly\/uchwala-sejmiku-nr-i5552002-z-dnia-2002-08-26.html","infoOwner":"Urz\u0105d Marsza\u0142kowski Wojew\u00f3dztwa \u015al\u0105skiego","dateFirstPublicate":"2022-02-18 12:49:59","dateLastVersionPublicate":"2022-02-18 13:10:58","dateAvailableFrom":"","dateAvailableTo":"","type":"Uchwa\u0142a Sejmiku","pageParams":[{"id":"225","name":"DATA_OGLOSZENIA","description":"Data og\u0142oszenia","value":"2002-08-26"},{"id":"235","name":"W sprawie","description":"W sprawie","value":"zmiany nazwy Centrum Dziedzictwa Kulturowego G\u00f3rnego \u015al\u0105ska w Katowicach na \u015al\u0105skie Centrum Dziedzictwa Kulturowego w Katowicach oraz nadania statutu"},{"id":"299","name":"NUMER_UCHWALY_SEJMIKU","description":"Numer uchwa\u0142y","value":"I\/55\/05\/2002"}],"components":[{"id":"bf6d5eba-d119-11e7-80a9-005056b46601","type":"ContentWYSIWYG","name":"Tre\u015b\u0107","description":"Tre\u015b\u0107 strony","content":{"content":"\u003Cdiv class=\u0022lead1\u0022\u003ENa podstawie\u003Cbr \/\u003Eart. 18 pkt 20\u003Cbr \/\u003E ustawy z dnia 5 czerwca 1998 roku o samorz\u0105dzie wojew\u00f3dztwa\u003Cbr \/\u003E (t.j. Dz. U. Nr 142 z 2001 r., poz. 1590 z p\u00f3\u017an. zm.)\u003Cbr \/\u003E oraz art.13 ust.1 i 2\u003Cbr \/\u003E ustawy z dnia 25 pa\u017adziernika 1991 roku o organizowaniu i prowadzeniu dzia\u0142alno\u015bci kulturalnej (t.j. Dz. U. Nr 13 z 2001 r., poz. 123)\u003C\/div\u003E\n\u003Cdiv class=\u0022tresc\u0022\u003E\n\u003Cp align=\u0022center\u0022\u003E\u00a7 1\u003C\/p\u003E\n\u003Cbr \/\u003E\n\u003Cp\u003EZmieni\u0107 nazw\u0119 Centrum Dziedzictwa Kulturowego G\u00f3rnego \u015al\u0105ska w Katowicach na \u015al\u0105skie Centrum Dziedzictwa Kulturowego w Katowicach\u003C\/p\u003E\n\u003Cbr \/\u003E\n\u003Cp align=\u0022center\u0022\u003E\u00a7 2\u003C\/p\u003E\n\u003Cbr \/\u003E\n\u003Cp\u003ENada\u0107 statut \u015al\u0105skiemu Centrum Dziedzictwa Kulturowego w Katowicach, stanowi\u0105cy za\u0142\u0105cznik do niniejszej uchwa\u0142y.\u003C\/p\u003E\n\u003Cbr \/\u003E\n\u003Cp align=\u0022center\u0022\u003E\u00a7 3\u003C\/p\u003E\n\u003Cbr \/\u003E\n\u003Cp\u003ETraci moc dotychczasowy statut nadany Zarz\u0105dzeniem Nr 88\/95 Wojewody Katowickiego z dnia 19 czerwca 1995 roku w sprawie nadania statutu Centrum Dziedzictwa Kulturowego G\u00f3rnego \u015al\u0105ska w Katowicach oraz Zarz\u0105dzeniem Nr 120\/98 Wojewody Katowickiego z dnia 19 maja 1998 roku w sprawie zmian w statucie Centrum Dziedzictwa Kulturowego G\u00f3rnego \u015al\u0105ska w Katowicach.\u003C\/p\u003E\n\u003Cbr \/\u003E\n\u003Cp align=\u0022center\u0022\u003E\u00a7 4\u003C\/p\u003E\n\u003Cbr \/\u003E\n\u003Cp\u003EWykonanie uchwa\u0142y powierzy\u0107 Zarz\u0105dowi Wojew\u00f3dztwa \u015al\u0105skiego.\u003C\/p\u003E\n\u003Cbr \/\u003E\n\u003Cp align=\u0022center\u0022\u003E\u00a7 5\u003C\/p\u003E\n\u003Cbr \/\u003E\n\u003Cp\u003EUchwa\u0142a wchodzi w \u017cycie z dniem podj\u0119cia.\u003C\/p\u003E\n\u003Cbr \/\u003E \u003Cbr \/\u003E Ryszard Ostrowski\u003Cbr \/\u003EPrzewodnicz\u0105cy Sejmiku\u003Cbr \/\u003EWojew\u00f3dztwa \u015al\u0105skiego\u003C\/div\u003E\n\u003Cdiv class=\u0022tresc\u0022\u003E\u003C\/div\u003E\n\u003Cdiv class=\u0022tresc\u0022\u003E\u003C\/div\u003E\n\u003Cdiv class=\u0022tresc\u0022\u003E\n\u003Cp class=\u0022tekst\u0022 style=\u0022text-align: left;\u0022 align=\u0022right\u0022\u003EZa\u0142\u0105cznik do Uchwa\u0142y Nr I\/55\/5\/2002 \u003Cbr \/\u003E Sejmiku Wojew\u00f3dztwa \u015al\u0105skiego\u003Cbr \/\u003E z dnia26 sierpnia 2002 roku\u003C\/p\u003E\n\u003Cp class=\u0022tekst\u0022 align=\u0022center\u0022\u003E\u003Cb\u003ESTATUT \u003Cbr \/\u003E \u015aL\u0104SKIEGO CENTRUM DZIEDZICTWA KULTUROWEGO w KATOWICACH\u003C\/b\u003E\u003C\/p\u003E\n\u003Cp class=\u0022tekst\u0022 align=\u0022center\u0022\u003E\u003Cbr \/\u003E Rozdzia\u0142 I\u003Cbr \/\u003E POSTANOWIENIA OG\u00d3LNE\u003C\/p\u003E\n\u003Cp class=\u0022tekst\u0022 align=\u0022center\u0022\u003E\u00a7 1.\u003C\/p\u003E\n\u003Cp class=\u0022tekst\u0022\u003E\u015al\u0105skie Centrum Dziedzictwa Kulturowego w Katowicach, zwane dalej \u0022Centrum\u0022, jest wojew\u00f3dzk\u0105 samorz\u0105dow\u0105 instytucj\u0105 kultury o charakterze naukowo-badawczym i upowszechnieniowym dzia\u0142aj\u0105c\u0105 na podstawie:\u003Cbr \/\u003E 1\/ ustawy z dnia 25 pa\u017adziernika 1991 roku o organizowaniu i prowadzeniu dzia\u0142alno\u015bci kulturalnej (tekst jednolity Dz.U. Nr 13 z 2001 r., poz. 123);\u003Cbr \/\u003E 2\/ ustawy z dnia 5 czerwca 1998 roku o samorz\u0105dzie wojew\u00f3dztwa (tekst jednolity Dz.U. Nr 142 z 2001 r., poz. 1590 z p\u00f3\u017cn. zm.);\u003Cbr \/\u003E 3\/ ustawy z dnia 15 lutego 1962 roku o ochronie d\u00f3br kultury (Dz.U. Nr 98 z 1999 r., poz. 1150 z p\u00f3\u017aniejszymi zmianami);\u003Cbr \/\u003E 4\/ niniejszego statutu.\u003C\/p\u003E\n\u003Cp class=\u0022tekst\u0022 align=\u0022center\u0022\u003E\u003Cbr \/\u003E \u00a7 2.\u003C\/p\u003E\n\u003Cp class=\u0022tekst\u0022\u003ESiedzib\u0105 Centrum jest miasto Katowice, a terenem dzia\u0142ania obszar wojew\u00f3dztwa \u015bl\u0105skiego.\u003C\/p\u003E\n\u003Cp class=\u0022tekst\u0022 align=\u0022center\u0022\u003E\u003Cbr \/\u003E \u00a7 3.\u003C\/p\u003E\n\u003Cp class=\u0022tekst\u0022\u003EOrganizatorem Centrum jest Wojew\u00f3dztwo \u015al\u0105skie. Bezpo\u015bredni nadz\u00f3r nad Centrum sprawuje Zarz\u0105d Wojew\u00f3dztwa \u015al\u0105skiego.\u003C\/p\u003E\n\u003Cp class=\u0022tekst\u0022 align=\u0022center\u0022\u003E\u003Cbr \/\u003E \u00a7 4.\u003C\/p\u003E\n\u003Cp class=\u0022tekst\u0022\u003ECentrum posiada osobowo\u015b\u0107 prawn\u0105 i jest wpisane do rejestru instytucji kultury prowadzonego przez organizatora.\u003C\/p\u003E\n\u003Cp class=\u0022tekst\u0022 align=\u0022center\u0022\u003E\u003Cbr \/\u003E \u00a7 5.\u003C\/p\u003E\n\u003Cp class=\u0022tekst\u0022\u003ECentrum u\u017cywa piecz\u0119ci pod\u0142u\u017cnej o tre\u015bci:\u003Cbr \/\u003E \u0022\u015al\u0105skie Centrum Dziedzictwa Kulturowego w Katowicach\u0022.\u003C\/p\u003E\n\u003Cp class=\u0022tekst\u0022 align=\u0022center\u0022\u003E\u003Cbr \/\u003E Rozdzia\u0142 II\u003Cbr \/\u003E ZAKRES DZIA\u0141ANIA CENTRUM\u003C\/p\u003E\n\u003Cp class=\u0022tekst\u0022 align=\u0022center\u0022\u003E\u003Cbr \/\u003E \u00a7 6.\u003C\/p\u003E\n\u003Cp class=\u0022tekst\u0022\u003E1. Centrum upowszechnia warto\u015bci dziedzictwa kulturowego ziem wchodz\u0105cych w sk\u0142ad wojew\u00f3dztwa \u015bl\u0105skiego poprzez dzia\u0142ania edukacyjne, dokumentacyjne, informacyjne i wydawnicze oraz dzia\u0142a na rzecz ochrony tego dziedzictwa dla zachowania to\u017csamo\u015bci kulturowej regionu.\u003Cbr \/\u003E 2. W sferze zainteresowania Centrum pozostaj\u0105 warto\u015bci materialne i niematerialne dziedzictwa kulturowego, a w szczeg\u00f3lno\u015bci:\u003Cbr \/\u003E 1\/ ruchome i nieruchome dobra kultury i ich tw\u00f3rcy,\u003Cbr \/\u003E 2\/ zabytki techniki i kultury materialnej oraz obiekty i zespo\u0142y budownictwa przemys\u0142owego,\u003Cbr \/\u003E 3\/ dzie\u0142a budownictwa, urbanistyki i architektury, jak historyczne za\u0142o\u017cenia urbanistyczne miast i osiedli, parki, ogrody, cmentarze,\u003Cbr \/\u003E 4\/ obiekty etnograficzne, jak typowe uk\u0142ady ruralistyczne zabudowy osiedli wiejskich i budowle wiejskie, r\u00f3\u017cnorakie aspekty i formy kultury ludowej,\u003Cbr \/\u003E 5\/ zespo\u0142y architektury i krajobrazu kulturowego, w tym za\u0142o\u017cenia zieleni komponowanej,\u003Cbr \/\u003E 6\/ obiekty archeologiczne, jak \u015blady terenowe pierwotnego osadnictwa i dzia\u0142alno\u015bci cz\u0142owieka oraz wszelkie wytwory dawnych kultur,\u003Cbr \/\u003E 7\/ tradycje grup zawodowych, wyznaniowych, etnicznych oraz lokalnych spo\u0142eczno\u015bci.\u003C\/p\u003E\n\u003Cp class=\u0022tekst\u0022 align=\u0022center\u0022\u003E\u003Cbr \/\u003E \u00a7 7.\u003C\/p\u003E\n\u003Cp class=\u0022tekst\u0022\u003ECentrum realizuje zadania, o kt\u00f3rych mowa w \u00a7 6, w szczeg\u00f3lno\u015bci przez:\u003Cbr \/\u003E 1\/ opracowywanie program\u00f3w edukacyjnych oraz prowadzenie w\u0142asnych przedsi\u0119wzi\u0119\u0107 edukacyjnych,\u003Cbr \/\u003E 2\/ promocj\u0119 dziedzictwa kulturowego regionu z wykorzystaniem r\u00f3\u017cnorodnych rodzaj\u00f3w i form przekazu,\u003Cbr \/\u003E 3\/ przygotowywanie wystaw, szkole\u0144, odczyt\u00f3w i konferencji,\u003Cbr \/\u003E 4\/ prowadzenie prac badawczych, studialnych, projektowych i dokumentacyjnych, sporz\u0105dzanie dokumentacji konserwatorskich,\u003Cbr \/\u003E 5\/ dokumentowanie oraz gromadzenie danych i materia\u0142\u00f3w \u017ar\u00f3d\u0142owych z zakresu dziedzictwa kulturowego ziem wchodz\u0105cych w sk\u0142ad wojew\u00f3dztwa \u015bl\u0105skiego, w tym prowadzenie komputerowego banku danych,\u003Cbr \/\u003E 6\/ opracowywanie ekspertyz, opinii i raport\u00f3w,\u003Cbr \/\u003E 7\/ diagnozowanie stanu i prognozowanie zmian w \u015brodowisku kulturowym,\u003Cbr \/\u003E 8\/ dzia\u0142alno\u015b\u0107 konsultacyjn\u0105,\u003Cbr \/\u003E 9\/ dzia\u0142alno\u015b\u0107 wydawnicz\u0105 i informacyjn\u0105,\u003Cbr \/\u003E 10\/ dzia\u0142alno\u015b\u0107 biblioteczn\u0105 i archiwaln\u0105.\u003C\/p\u003E\n\u003Cp class=\u0022tekst\u0022 align=\u0022center\u0022\u003E\u003Cbr \/\u003E \u00a7 8.\u003C\/p\u003E\n\u003Cp class=\u0022tekst\u0022\u003ECentrum wsp\u00f3\u0142pracuje i wsp\u00f3\u0142dzia\u0142a ze s\u0142u\u017cbami konserwatorskimi w realizacji cel\u00f3w polityki konserwatorskiej wojew\u00f3dztwa \u015bl\u0105skiego, z samorz\u0105dami terytorialnymi, muzeami, instytucjami o\u015bwiatowymi, organizacjami i stowarzyszeniami, kt\u00f3rych cele i dzia\u0142ania zbli\u017cone s\u0105 do statutowych zada\u0144 Centrum.\u003C\/p\u003E\n\u003Cp class=\u0022tekst\u0022 align=\u0022center\u0022\u003E\u003Cbr \/\u003E Rozdzia\u0142 III\u003Cbr \/\u003E ORGANIZACJA CENTRUM\u003C\/p\u003E\n\u003Cp class=\u0022tekst\u0022 align=\u0022center\u0022\u003E\u003Cbr \/\u003E \u00a7 9.\u003C\/p\u003E\n\u003Cp class=\u0022tekst\u0022\u003ESzczeg\u00f3\u0142ow\u0105 struktur\u0119 organizacyjn\u0105 Centrum oraz zakres dzia\u0142ania samodzielnych stanowisk pracy okre\u015bla regulamin organizacyjny nadany przez Dyrektora Centrum po zasi\u0119gni\u0119ciu opinii Zarz\u0105du Wojew\u00f3dztwa \u015al\u0105skiego i dzia\u0142aj\u0105cych w Centrum organizacji zwi\u0105zkowych oraz stowarzysze\u0144 zawodowych i tw\u00f3rczych.\u003C\/p\u003E\n\u003Cp class=\u0022tekst\u0022 align=\u0022center\u0022\u003E\u003Cbr \/\u003E \u00a7 10.\u003C\/p\u003E\n\u003Cp class=\u0022tekst\u0022\u003E1. Na czele Centrum stoi Dyrektor, zwany dalej \u0022Dyrektorem\u0022.\u003Cbr \/\u003E 2. Dyrektora powo\u0142uje i odwo\u0142uje Zarz\u0105d Wojew\u00f3dztwa \u015al\u0105skiego po zasi\u0119gni\u0119ciu opinii Ministra Kultury oraz w\u0142a\u015bciwych zwi\u0105zk\u00f3w zawodowych i stowarzysze\u0144 tw\u00f3rczych.\u003C\/p\u003E\n\u003Cp class=\u0022tekst\u0022 align=\u0022center\u0022\u003E\u003Cbr \/\u003E \u00a7 11.\u003C\/p\u003E\n\u003Cp class=\u0022tekst\u0022\u003E1. Dyrektor kieruje ca\u0142okszta\u0142tem dzia\u0142alno\u015bci Centrum i reprezentuje go na zewn\u0105trz. Do zakresu jego dzia\u0142ania nale\u017cy w szczeg\u00f3lno\u015bci:\u003Cbr \/\u003E 1\/ prowadzenie dzia\u0142alno\u015bci zgodnie ze statutem,\u003Cbr \/\u003E 2\/ tworzenie warunk\u00f3w do realizacji zada\u0144 okre\u015blonych w \u00a7 6 statutu oraz w regulaminie organizacyjnym,\u003Cbr \/\u003E 3\/ dba\u0142o\u015b\u0107 o mienie i w\u0142a\u015bciwa gospodarka tym mieniem oraz \u015brodkami finansowymi,\u003Cbr \/\u003E 4\/ zatwierdzanie planu dzia\u0142alno\u015bci Centrum,\u003Cbr \/\u003E 5\/ zawieranie i rozwi\u0105zywanie um\u00f3w o prac\u0119 z pracownikami oraz zawieranie innych um\u00f3w cywilno-prawnych,\u003Cbr \/\u003E 6\/ wydawanie w obowi\u0105zuj\u0105cym trybie regulamin\u00f3w, instrukcji i zarz\u0105dze\u0144 wewn\u0119trznych.\u003Cbr \/\u003E 2. Dyrektor przedstawia Zarz\u0105dowi Wojew\u00f3dztwa \u015al\u0105skiego:\u003Cbr \/\u003E 1\/ plan dzia\u0142alno\u015bci instytucji, obejmuj\u0105cy plan us\u0142ug, przychod\u00f3w i koszt\u00f3w, plan remont\u00f3w i konserwacji \u015brodk\u00f3w trwa\u0142ych oraz plan inwestycji - w terminie 14 dni po zawiadomieniu o wysoko\u015bci uchwalonej przez Sejmik Wojew\u00f3dztwa \u015al\u0105skiego dotacji na dany rok,\u003Cbr \/\u003E 2\/ sprawozdania finansowe w terminach okre\u015blonych w przepisach szczeg\u00f3\u0142owych dotycz\u0105cych sprawozdawczo\u015bci,\u003Cbr \/\u003E 3\/ plan dzia\u0142alno\u015bci merytorycznej na rok kalendarzowy oraz sprawozdanie z jego realizacji za rok ubieg\u0142y w terminie do 31 stycznia ka\u017cdego roku.\u003C\/p\u003E\n\u003Cp class=\u0022tekst\u0022 align=\u0022center\u0022\u003E\u003Cbr \/\u003E \u00a7 12.\u003C\/p\u003E\n\u003Cp class=\u0022tekst\u0022\u003ESzczeg\u00f3\u0142owe zakresy czynno\u015bci poszczeg\u00f3lnych pracownik\u00f3w i tryb za\u0142atwiania powierzonych im spraw ustala Dyrektor Centrum w wydawanych przez siebie regulaminach i zarz\u0105dzeniach.\u003C\/p\u003E\n\u003Cp class=\u0022tekst\u0022 align=\u0022center\u0022\u003E\u003Cbr \/\u003E \u00a7 13.\u003C\/p\u003E\n\u003Cp class=\u0022tekst\u0022\u003E1. Zarz\u0105d Wojew\u00f3dztwa \u015al\u0105skiego powo\u0142uje Rad\u0119 Programow\u0105 jako organ doradczy Dyrektora, opiniuj\u0105cy plany dzia\u0142alno\u015bci merytorycznej i ich realizacj\u0119.\u003Cbr \/\u003E 2. Zasady dzia\u0142ania Rady Programowej Centrum okre\u015bla jej regulamin nadany przez Zarz\u0105d Wojew\u00f3dztwa \u015al\u0105skiego.\u003Cbr \/\u003E 3. Dyrektor mo\u017ce powo\u0142ywa\u0107 inne cia\u0142a doradcze dla rozwi\u0105zywania okre\u015blonych problem\u00f3w.\u003C\/p\u003E\n\u003Cp class=\u0022tekst\u0022 align=\u0022center\u0022\u003E\u003Cbr \/\u003E Rozdzia\u0142 IV\u003Cbr \/\u003E MIENIE I FINANSE\u003C\/p\u003E\n\u003Cp class=\u0022tekst\u0022 align=\u0022center\u0022\u003E\u003Cbr \/\u003E \u00a7 14.\u003C\/p\u003E\n\u003Cp class=\u0022tekst\u0022\u003E1. Centrum prowadzi samodzieln\u0105 gospodark\u0119 finansow\u0105 w ramach posiadanych \u015brodk\u00f3w oraz na podstawie planu dzia\u0142alno\u015bci instytucji, kieruj\u0105c si\u0119 zasad\u0105 efektywno\u015bci ich wykorzystania.\u003Cbr \/\u003E 2. Przychodami Centrum s\u0105:\u003Cbr \/\u003E 1\/ wp\u0142ywy z prowadzonej dzia\u0142alno\u015bci,\u003Cbr \/\u003E 2\/ dotacje bud\u017cetowe,\u003Cbr \/\u003E 3\/ \u015brodki otrzymywane od os\u00f3b fizycznych i prawnych oraz z innych \u017ar\u00f3de\u0142.\u003Cbr \/\u003E 3. Koszty bie\u017c\u0105cej dzia\u0142alno\u015bci i zobowi\u0105zania Centrum pokrywa z uzyskanych przychod\u00f3w.\u003Cbr \/\u003E 4. Centrum prowadzi rachunkowo\u015b\u0107 wed\u0142ug zasad okre\u015blonych w odr\u0119bnych przepisach o rachunkowo\u015bci.\u003Cbr \/\u003E 5. Do sk\u0142adania o\u015bwiadcze\u0144 w imieniu Centrum w zakresie praw i obowi\u0105zk\u00f3w maj\u0105tkowych i finansowych wymagane s\u0105 podpisy dw\u00f3ch os\u00f3b: Dyrektora i g\u0142\u00f3wnego ksi\u0119gowego lub os\u00f3b upowa\u017cnionych przez Dyrektora, przy czym ka\u017cdorazowo wymagany jest podpis Dyrektora lub g\u0142\u00f3wnego ksi\u0119gowego.\u003C\/p\u003E\n\u003Cp\u003E\u00a0\u003C\/p\u003E\n\u003Cp\u003E\u00a0\u003C\/p\u003E\n\u003Cp class=\u0022tekst\u0022 align=\u0022center\u0022\u003E\u003Cbr \/\u003E \u00a7 15.\u003C\/p\u003E\n\u003Cp class=\u0022tekst\u0022\u003E1. Centrum mo\u017ce prowadzi\u0107 - jako dodatkow\u0105 - dzia\u0142alno\u015b\u0107 gospodarcz\u0105, w zakresie:\u003Cbr \/\u003E 1\/ wykonywania ekspertyz naukowych i specjalistycznych,\u003Cbr \/\u003E 2\/ sporz\u0105dzania studialnych opracowa\u0144 naukowych, projekt\u00f3w oraz dokumentacji konserwatorskich,\u003Cbr \/\u003E 3\/ przygotowywania wydawnictw,\u003Cbr \/\u003E 4\/ organizacji imprez i dzia\u0142a\u0144 edukacyjnych.\u003Cbr \/\u003E 2. \u015arodki uzyskane z dzia\u0142alno\u015bci gospodarczej Centrum mog\u0105 by\u0107 wykorzystane wy\u0142\u0105cznie dla realizacji cel\u00f3w statutowych.\u003C\/p\u003E\n\u003Cp class=\u0022tekst\u0022 align=\u0022center\u0022\u003E\u003Cbr \/\u003E Rozdzia\u0142 V\u003Cbr \/\u003E POSTANOWIENIA KO\u0143COWE\u003C\/p\u003E\n\u003Cp class=\u0022tekst\u0022 align=\u0022center\u0022\u003E\u003Cbr \/\u003E \u00a7 16.\u003C\/p\u003E\n\u003Cp\u003E\u003Cspan class=\u0022tekst\u0022\u003E1. Statut Centrum nadawany jest uchwa\u0142\u0105 Sejmiku Wojew\u00f3dztwa \u015al\u0105skiego.\u003Cbr \/\u003E 2. Po\u0142\u0105czenia, podzia\u0142u lub likwidacji Centrum mo\u017ce dokona\u0107 Sejmik Wojew\u00f3dztwa \u015al\u0105skiego na warunkach i w trybie przewidzianym w obowi\u0105zuj\u0105cych przepisach.\u003Cbr \/\u003E 3. Zmiany w statucie mog\u0105 by\u0107 wprowadzone w trybie jego nadania.\u003C\/span\u003E\u003C\/p\u003E\n\u003C\/div\u003E","promotion":false}},{"id":"bf6dbc25-d119-11e7-80a9-005056b46601","type":"Gallery","name":"Galeria","description":"Galeria"},{"id":"bf6e1f6b-d119-11e7-80a9-005056b46601","type":"Attachment","name":"Za\u0142\u0105czniki","description":"Za\u0142\u0105czniki do strony"},{"id":"eba03b25-d9a7-11e7-b355-005056b70dba","type":"PageTitle","name":"","description":"Tytu\u0142 strony","content":{"title":"Uchwa\u0142a Sejmiku nr I\/55\/5\/2002 z dnia 2002-08-26"}},{"id":"eba07701-d9a7-11e7-b355-005056b70dba","type":"PageDescription","name":"","description":"Zajawka strony","content":[]},{"id":"1b1a7940-ff78-11e7-b81e-005056b7801d","type":"SectionDescription","name":"","description":"Zajawka sekcji","content":[]}]}