{"id":26891,"name":"uchwala-sejmiku-nr-i5582002-z-dnia-2002-08-26","title":"Uchwa\u0142a Sejmiku nr I\/55\/8\/2002 z dnia 2002-08-26","desc":"","header":"Uchwa\u0142a Sejmiku nr I\/55\/8\/2002 z dnia 2002-08-26","lead":"","keywords":"","changes":"migracja danych","menu":"","path":"\/sejmik_wojewodztwa\/sesje_sejmiku\/uchwaly\/uchwala-sejmiku-nr-i5582002-z-dnia-2002-08-26.html","url":"\/sejmik_wojewodztwa\/sesje_sejmiku\/uchwaly\/uchwala-sejmiku-nr-i5582002-z-dnia-2002-08-26.html","infoOwner":"Urz\u0105d Marsza\u0142kowski Wojew\u00f3dztwa \u015al\u0105skiego","dateFirstPublicate":"2022-02-18 13:01:15","dateLastVersionPublicate":"2022-02-18 13:01:15","dateAvailableFrom":"","dateAvailableTo":"","type":"Uchwa\u0142a Sejmiku","pageParams":[{"id":"225","name":"DATA_OGLOSZENIA","description":"Data og\u0142oszenia","value":"2002-08-26"},{"id":"235","name":"W sprawie","description":"W sprawie","value":"zmiany w bud\u017cecie Wojew\u00f3dztwa \u015al\u0105skiego na rok 2002"},{"id":"299","name":"NUMER_UCHWALY_SEJMIKU","description":"Numer uchwa\u0142y","value":"I\/55\/08\/2002"}],"components":[{"id":"bf6d5eba-d119-11e7-80a9-005056b46601","type":"ContentWYSIWYG","name":"Tre\u015b\u0107","description":"Tre\u015b\u0107 strony","content":{"content":"\u003Cdiv class=\u0022tresc1\u0022\u003E\n\u003Cdiv class=\u0022lead1\u0022\u003ENa podstawie\u003Cbr \/\u003Eart. 18 pkt 6 \u003Cbr \/\u003E ustawy z dnia 5 czerwca 1998 roku o samorz\u0105dzie wojew\u00f3dztwa \u003Cbr \/\u003E (t.j. Dz. U. nr 142 z 2001r., poz. 1590 z p\u00f3\u017an. zm.)\u003C\/div\u003E\n\u003Cdiv class=\u0022tresc\u0022\u003E\n\u003Cp align=\u0022center\u0022\u003E\u00a7 1\u003C\/p\u003E\n\u003Cbr \/\u003E\n\u003Cp\u003EDokona\u0107 przeniesienia w planie wydatk\u00f3w bud\u017cetu Wojew\u00f3dztwa \u015al\u0105skiego na 2002 rok kwoty 100.000 z\u0142 mi\u0119dzy dzia\u0142ami, rozdzia\u0142ami i paragrafami klasyfikacji bud\u017cetowej, wed\u0142ug poni\u017cszego wyszczeg\u00f3lnienia:\u003C\/p\u003E\n\u003Cbr \/\u003E\n\u003Ctable width=\u0022530\u0022 cellspacing=\u00221\u0022 cellpadding=\u00221\u0022 border=\u00221\u0022\u003E\n\u003Ctbody\u003E\n\u003Ctr\u003E\n\u003Ctd\u003E\u003Cbr \/\u003E\n\u003Cdiv align=\u0022center\u0022\u003E\u003Cspan style=\u0022font-family: Verdana, Arial, Helvetica, sans-serif; font-size: xx-small;\u0022 size=\u00221\u0022 face=\u0022Verdana, Arial, Helvetica, sans-serif\u0022\u003E\u003Cb\u003EDzia\u0142\u003C\/b\u003E\u003C\/span\u003E\u003C\/div\u003E\n\u003C\/td\u003E\n\u003Ctd\u003E\u003Cbr \/\u003E\n\u003Cdiv align=\u0022center\u0022\u003E\u003Cspan style=\u0022font-family: Verdana, Arial, Helvetica, sans-serif; font-size: xx-small;\u0022 size=\u00221\u0022 face=\u0022Verdana, Arial, Helvetica, sans-serif\u0022\u003E\u003Cb\u003ERozdz.\u003C\/b\u003E\u003C\/span\u003E\u003C\/div\u003E\n\u003C\/td\u003E\n\u003Ctd\u003E\u003Cbr \/\u003E\n\u003Cdiv align=\u0022center\u0022\u003E\u003Cspan style=\u0022font-family: Verdana, Arial, Helvetica, sans-serif; font-size: xx-small;\u0022 size=\u00221\u0022 face=\u0022Verdana, Arial, Helvetica, sans-serif\u0022\u003E\u003Cb\u003E\u00a7\u003C\/b\u003E\u003C\/span\u003E\u003C\/div\u003E\n\u003C\/td\u003E\n\u003Ctd\u003E\u003Cbr \/\u003E\n\u003Cdiv align=\u0022center\u0022\u003E\u003Cspan style=\u0022font-family: Verdana, Arial, Helvetica, sans-serif; font-size: xx-small;\u0022 size=\u00221\u0022 face=\u0022Verdana, Arial, Helvetica, sans-serif\u0022\u003E\u003Cb\u003ENazwa\u003C\/b\u003E\u003C\/span\u003E\u003C\/div\u003E\n\u003C\/td\u003E\n\u003Ctd\u003E\u003Cbr \/\u003E\n\u003Cdiv align=\u0022center\u0022\u003E\u003Cspan style=\u0022font-family: Verdana, Arial, Helvetica, sans-serif; font-size: xx-small;\u0022 size=\u00221\u0022 face=\u0022Verdana, Arial, Helvetica, sans-serif\u0022\u003E\u003Cb\u003EZmniejszenie\u003C\/b\u003E\u003C\/span\u003E\u003C\/div\u003E\n\u003C\/td\u003E\n\u003Ctd\u003E\u003Cbr \/\u003E\n\u003Cdiv align=\u0022center\u0022\u003E\u003Cspan style=\u0022font-family: Verdana, Arial, Helvetica, sans-serif; font-size: xx-small;\u0022 size=\u00221\u0022 face=\u0022Verdana, Arial, Helvetica, sans-serif\u0022\u003E\u003Cb\u003EZwi\u0119kszenie\u003C\/b\u003E\u003C\/span\u003E\u003C\/div\u003E\n\u003C\/td\u003E\n\u003C\/tr\u003E\n\u003Ctr\u003E\n\u003Ctd\u003E\u003Cbr \/\u003E\n\u003Cdiv align=\u0022center\u0022\u003E\u003Cspan style=\u0022font-family: Verdana, Arial, Helvetica, sans-serif; font-size: xx-small;\u0022 size=\u00221\u0022 face=\u0022Verdana, Arial, Helvetica, sans-serif\u0022\u003E600\u003C\/span\u003E\u003C\/div\u003E\n\u003C\/td\u003E\n\u003Ctd\u003E\u003Cbr \/\u003E\n\u003Cdiv align=\u0022center\u0022\u003E\u003Cspan style=\u0022font-family: Verdana, Arial, Helvetica, sans-serif;\u0022 face=\u0022Verdana, Arial, Helvetica, sans-serif\u0022\u003E\u003Cspan style=\u0022font-size: xx-small;\u0022 size=\u00221\u0022\u003E\u003C\/span\u003E\u003C\/span\u003E\u003C\/div\u003E\n\u003C\/td\u003E\n\u003Ctd\u003E\u003Cbr \/\u003E\n\u003Cdiv align=\u0022center\u0022\u003E\u003Cspan style=\u0022font-family: Verdana, Arial, Helvetica, sans-serif;\u0022 face=\u0022Verdana, Arial, Helvetica, sans-serif\u0022\u003E\u003Cspan style=\u0022font-size: xx-small;\u0022 size=\u00221\u0022\u003E\u003C\/span\u003E\u003C\/span\u003E\u003C\/div\u003E\n\u003C\/td\u003E\n\u003Ctd\u003E\u003Cbr \/\u003E\n\u003Cdiv align=\u0022center\u0022\u003E\u003Cspan style=\u0022font-family: Verdana, Arial, Helvetica, sans-serif; font-size: xx-small;\u0022 size=\u00221\u0022 face=\u0022Verdana, Arial, Helvetica, sans-serif\u0022\u003ETransport i \u0142\u0105czno\u015b\u0107\u003C\/span\u003E\u003C\/div\u003E\n\u003C\/td\u003E\n\u003Ctd\u003E\u003Cbr \/\u003E\n\u003Cdiv align=\u0022center\u0022\u003E\u003Cspan style=\u0022font-family: Verdana, Arial, Helvetica, sans-serif; font-size: xx-small;\u0022 size=\u00221\u0022 face=\u0022Verdana, Arial, Helvetica, sans-serif\u0022\u003E100.000 \u003C\/span\u003E\u003C\/div\u003E\n\u003C\/td\u003E\n\u003Ctd\u003E\u003Cbr \/\u003E\n\u003Cdiv align=\u0022center\u0022\u003E\u003Cspan style=\u0022font-family: Verdana, Arial, Helvetica, sans-serif; font-size: xx-small;\u0022 size=\u00221\u0022 face=\u0022Verdana, Arial, Helvetica, sans-serif\u0022\u003E\u003C\/span\u003E\u00a0\u003C\/div\u003E\n\u003C\/td\u003E\n\u003C\/tr\u003E\n\u003Ctr\u003E\n\u003Ctd\u003E\u003Cbr \/\u003E\n\u003Cdiv align=\u0022center\u0022\u003E\u003Cspan style=\u0022font-family: Verdana, Arial, Helvetica, sans-serif; font-size: xx-small;\u0022 size=\u00221\u0022 face=\u0022Verdana, Arial, Helvetica, sans-serif\u0022\u003E\u003C\/span\u003E\u00a0\u003C\/div\u003E\n\u003C\/td\u003E\n\u003Ctd\u003E\u003Cbr \/\u003E\n\u003Cdiv align=\u0022center\u0022\u003E\u003Cspan style=\u0022font-family: Verdana, Arial, Helvetica, sans-serif; font-size: xx-small;\u0022 size=\u00221\u0022 face=\u0022Verdana, Arial, Helvetica, sans-serif\u0022\u003E60095\u003C\/span\u003E\u003C\/div\u003E\n\u003C\/td\u003E\n\u003Ctd\u003E\u003Cbr \/\u003E\n\u003Cdiv align=\u0022center\u0022\u003E\u003Cspan style=\u0022font-family: Verdana, Arial, Helvetica, sans-serif;\u0022 face=\u0022Verdana, Arial, Helvetica, sans-serif\u0022\u003E\u003Cspan style=\u0022font-size: xx-small;\u0022 size=\u00221\u0022\u003E\u003C\/span\u003E\u003C\/span\u003E\u003C\/div\u003E\n\u003C\/td\u003E\n\u003Ctd\u003E\u003Cbr \/\u003E\n\u003Cdiv align=\u0022center\u0022\u003E\u003Cspan style=\u0022font-family: Verdana, Arial, Helvetica, sans-serif; font-size: xx-small;\u0022 size=\u00221\u0022 face=\u0022Verdana, Arial, Helvetica, sans-serif\u0022\u003EPozosta\u0142a dzia\u0142alno\u015b\u0107\u003C\/span\u003E\u003C\/div\u003E\n\u003C\/td\u003E\n\u003Ctd\u003E\u003Cbr \/\u003E\n\u003Cdiv align=\u0022center\u0022\u003E\u003Cspan style=\u0022font-family: Verdana, Arial, Helvetica, sans-serif; font-size: xx-small;\u0022 size=\u00221\u0022 face=\u0022Verdana, Arial, Helvetica, sans-serif\u0022\u003E100.000\u003C\/span\u003E\u003C\/div\u003E\n\u003C\/td\u003E\n\u003Ctd\u003E\u003Cbr \/\u003E\n\u003Cdiv align=\u0022center\u0022\u003E\u003Cspan style=\u0022font-family: Verdana, Arial, Helvetica, sans-serif; font-size: xx-small;\u0022 size=\u00221\u0022 face=\u0022Verdana, Arial, Helvetica, sans-serif\u0022\u003E\u003C\/span\u003E\u00a0\u003C\/div\u003E\n\u003C\/td\u003E\n\u003C\/tr\u003E\n\u003Ctr\u003E\n\u003Ctd\u003E\u003Cbr \/\u003E\n\u003Cdiv align=\u0022center\u0022\u003E\u003Cspan style=\u0022font-family: Verdana, Arial, Helvetica, sans-serif; font-size: xx-small;\u0022 size=\u00221\u0022 face=\u0022Verdana, Arial, Helvetica, sans-serif\u0022\u003E\u003C\/span\u003E\u00a0\u003C\/div\u003E\n\u003C\/td\u003E\n\u003Ctd\u003E\u003Cbr \/\u003E\n\u003Cdiv align=\u0022center\u0022\u003E\u003Cspan style=\u0022font-family: Verdana, Arial, Helvetica, sans-serif; font-size: xx-small;\u0022 size=\u00221\u0022 face=\u0022Verdana, Arial, Helvetica, sans-serif\u0022\u003E\u003C\/span\u003E\u00a0\u003C\/div\u003E\n\u003C\/td\u003E\n\u003Ctd\u003E\u003Cbr \/\u003E\n\u003Cdiv align=\u0022center\u0022\u003E\u003Cspan style=\u0022font-family: Verdana, Arial, Helvetica, sans-serif; font-size: xx-small;\u0022 size=\u00221\u0022 face=\u0022Verdana, Arial, Helvetica, sans-serif\u0022\u003E2570\u003C\/span\u003E\u003C\/div\u003E\n\u003C\/td\u003E\n\u003Ctd\u003E\u003Cbr \/\u003E\n\u003Cdiv align=\u0022center\u0022\u003E\u003Cspan style=\u0022font-family: Verdana, Arial, Helvetica, sans-serif; font-size: xx-small;\u0022 size=\u00221\u0022 face=\u0022Verdana, Arial, Helvetica, sans-serif\u0022\u003EDotacja podmiotowa z bud\u017cetu dla pozosta\u0142ych jednostek sektora finans\u00f3w publicznych\u003C\/span\u003E\u003C\/div\u003E\n\u003C\/td\u003E\n\u003Ctd\u003E\u003Cbr \/\u003E\n\u003Cdiv align=\u0022center\u0022\u003E\u003Cspan style=\u0022font-family: Verdana, Arial, Helvetica, sans-serif; font-size: xx-small;\u0022 size=\u00221\u0022 face=\u0022Verdana, Arial, Helvetica, sans-serif\u0022\u003E100.000 \u003C\/span\u003E\u003C\/div\u003E\n\u003C\/td\u003E\n\u003Ctd\u003E\u003Cbr \/\u003E\n\u003Cdiv align=\u0022center\u0022\u003E\u003Cspan style=\u0022font-family: Verdana, Arial, Helvetica, sans-serif; font-size: xx-small;\u0022 size=\u00221\u0022 face=\u0022Verdana, Arial, Helvetica, sans-serif\u0022\u003E\u003C\/span\u003E\u00a0\u003C\/div\u003E\n\u003C\/td\u003E\n\u003C\/tr\u003E\n\u003Ctr\u003E\n\u003Ctd\u003E\u003Cbr \/\u003E\n\u003Cdiv align=\u0022center\u0022\u003E\u003Cspan style=\u0022font-family: Verdana, Arial, Helvetica, sans-serif; font-size: xx-small;\u0022 size=\u00221\u0022 face=\u0022Verdana, Arial, Helvetica, sans-serif\u0022\u003E757\u003C\/span\u003E\u003C\/div\u003E\n\u003C\/td\u003E\n\u003Ctd\u003E\u003Cbr \/\u003E\n\u003Cdiv align=\u0022center\u0022\u003E\u003Cspan style=\u0022font-family: Verdana, Arial, Helvetica, sans-serif; font-size: xx-small;\u0022 size=\u00221\u0022 face=\u0022Verdana, Arial, Helvetica, sans-serif\u0022\u003E\u003C\/span\u003E\u00a0\u003C\/div\u003E\n\u003C\/td\u003E\n\u003Ctd\u003E\u003Cbr \/\u003E\n\u003Cdiv align=\u0022center\u0022\u003E\u003Cspan style=\u0022font-family: Verdana, Arial, Helvetica, sans-serif; font-size: xx-small;\u0022 size=\u00221\u0022 face=\u0022Verdana, Arial, Helvetica, sans-serif\u0022\u003E\u003C\/span\u003E\u00a0\u003C\/div\u003E\n\u003C\/td\u003E\n\u003Ctd\u003E\u003Cbr \/\u003E\n\u003Cdiv align=\u0022center\u0022\u003E\u003Cspan style=\u0022font-family: Verdana, Arial, Helvetica, sans-serif; font-size: xx-small;\u0022 size=\u00221\u0022 face=\u0022Verdana, Arial, Helvetica, sans-serif\u0022\u003EObs\u0142uga d\u0142ugu publicznego\u003C\/span\u003E\u003C\/div\u003E\n\u003C\/td\u003E\n\u003Ctd\u003E\u003Cbr \/\u003E\n\u003Cdiv align=\u0022center\u0022\u003E\u003Cspan style=\u0022font-family: Verdana, Arial, Helvetica, sans-serif; font-size: xx-small;\u0022 size=\u00221\u0022 face=\u0022Verdana, Arial, Helvetica, sans-serif\u0022\u003E\u003C\/span\u003E\u00a0\u003C\/div\u003E\n\u003C\/td\u003E\n\u003Ctd\u003E\u003Cbr \/\u003E\n\u003Cdiv align=\u0022center\u0022\u003E\u003Cspan style=\u0022font-family: Verdana, Arial, Helvetica, sans-serif; font-size: xx-small;\u0022 size=\u00221\u0022 face=\u0022Verdana, Arial, Helvetica, sans-serif\u0022\u003E100.000\u003C\/span\u003E\u003C\/div\u003E\n\u003C\/td\u003E\n\u003C\/tr\u003E\n\u003Ctr\u003E\n\u003Ctd\u003E\u003Cbr \/\u003E\n\u003Cdiv align=\u0022center\u0022\u003E\u003Cspan style=\u0022font-family: Verdana, Arial, Helvetica, sans-serif; font-size: xx-small;\u0022 size=\u00221\u0022 face=\u0022Verdana, Arial, Helvetica, sans-serif\u0022\u003E\u003C\/span\u003E\u00a0\u003C\/div\u003E\n\u003C\/td\u003E\n\u003Ctd\u003E\u003Cbr \/\u003E\n\u003Cdiv align=\u0022center\u0022\u003E\u003Cspan style=\u0022font-family: Verdana, Arial, Helvetica, sans-serif; font-size: xx-small;\u0022 size=\u00221\u0022 face=\u0022Verdana, Arial, Helvetica, sans-serif\u0022\u003E75705\u003C\/span\u003E\u003C\/div\u003E\n\u003C\/td\u003E\n\u003Ctd\u003E\u003Cbr \/\u003E\n\u003Cdiv align=\u0022center\u0022\u003E\u003Cspan style=\u0022font-family: Verdana, Arial, Helvetica, sans-serif; font-size: xx-small;\u0022 size=\u00221\u0022 face=\u0022Verdana, Arial, Helvetica, sans-serif\u0022\u003E\u003C\/span\u003E\u00a0\u003C\/div\u003E\n\u003C\/td\u003E\n\u003Ctd\u003E\u003Cbr \/\u003E\n\u003Cdiv align=\u0022center\u0022\u003E\u003Cspan style=\u0022font-family: Verdana, Arial, Helvetica, sans-serif; font-size: xx-small;\u0022 size=\u00221\u0022 face=\u0022Verdana, Arial, Helvetica, sans-serif\u0022\u003EObs\u0142uga kredyt\u00f3w podmiot\u00f3w krajowych \u003C\/span\u003E\u003C\/div\u003E\n\u003C\/td\u003E\n\u003Ctd\u003E\u003Cbr \/\u003E\n\u003Cdiv align=\u0022center\u0022\u003E\u003Cspan style=\u0022font-family: Verdana, Arial, Helvetica, sans-serif; font-size: xx-small;\u0022 size=\u00221\u0022 face=\u0022Verdana, Arial, Helvetica, sans-serif\u0022\u003E\u003C\/span\u003E\u00a0\u003C\/div\u003E\n\u003C\/td\u003E\n\u003Ctd\u003E\u003Cbr \/\u003E\n\u003Cdiv align=\u0022center\u0022\u003E\u003Cspan style=\u0022font-family: Verdana, Arial, Helvetica, sans-serif; font-size: xx-small;\u0022 size=\u00221\u0022 face=\u0022Verdana, Arial, Helvetica, sans-serif\u0022\u003E100.000\u003C\/span\u003E\u003C\/div\u003E\n\u003C\/td\u003E\n\u003C\/tr\u003E\n\u003Ctr\u003E\n\u003Ctd\u003E\u003Cbr \/\u003E\n\u003Cdiv align=\u0022center\u0022\u003E\u003Cspan style=\u0022font-family: Verdana, Arial, Helvetica, sans-serif; font-size: xx-small;\u0022 size=\u00221\u0022 face=\u0022Verdana, Arial, Helvetica, sans-serif\u0022\u003E\u003C\/span\u003E\u00a0\u003C\/div\u003E\n\u003C\/td\u003E\n\u003Ctd\u003E\u003Cbr \/\u003E\n\u003Cdiv align=\u0022center\u0022\u003E\u003Cspan style=\u0022font-family: Verdana, Arial, Helvetica, sans-serif; font-size: xx-small;\u0022 size=\u00221\u0022 face=\u0022Verdana, Arial, Helvetica, sans-serif\u0022\u003E\u003C\/span\u003E\u00a0\u003C\/div\u003E\n\u003C\/td\u003E\n\u003Ctd\u003E\u003Cbr \/\u003E\n\u003Cdiv align=\u0022center\u0022\u003E\u003Cspan style=\u0022font-family: Verdana, Arial, Helvetica, sans-serif; font-size: xx-small;\u0022 size=\u00221\u0022 face=\u0022Verdana, Arial, Helvetica, sans-serif\u0022\u003E8010\u003C\/span\u003E\u003C\/div\u003E\n\u003C\/td\u003E\n\u003Ctd\u003E\u003Cbr \/\u003E\n\u003Cdiv align=\u0022center\u0022\u003E\u003Cspan style=\u0022font-family: Verdana, Arial, Helvetica, sans-serif; font-size: xx-small;\u0022 size=\u00221\u0022 face=\u0022Verdana, Arial, Helvetica, sans-serif\u0022\u003ERozliczenia z bankami zwi\u0105zane z obs\u0142ug\u0105 d\u0142ugu publicznego\u003C\/span\u003E\u003C\/div\u003E\n\u003C\/td\u003E\n\u003Ctd\u003E\u003Cbr \/\u003E\n\u003Cdiv align=\u0022center\u0022\u003E\u003Cspan style=\u0022font-family: Verdana, Arial, Helvetica, sans-serif; font-size: xx-small;\u0022 size=\u00221\u0022 face=\u0022Verdana, Arial, Helvetica, sans-serif\u0022\u003E\u003C\/span\u003E\u00a0\u003C\/div\u003E\n\u003C\/td\u003E\n\u003Ctd\u003E\u003Cbr \/\u003E\n\u003Cdiv align=\u0022center\u0022\u003E\u003Cspan style=\u0022font-family: Verdana, Arial, Helvetica, sans-serif; font-size: xx-small;\u0022 size=\u00221\u0022 face=\u0022Verdana, Arial, Helvetica, sans-serif\u0022\u003E100.000\u003C\/span\u003E\u003C\/div\u003E\n\u003C\/td\u003E\n\u003C\/tr\u003E\n\u003Ctr\u003E\n\u003Ctd colspan=\u00224\u0022\u003E\u003Cbr \/\u003E\n\u003Cdiv align=\u0022center\u0022\u003E\u003Cspan style=\u0022font-family: Verdana, Arial, Helvetica, sans-serif; font-size: xx-small;\u0022 size=\u00221\u0022 face=\u0022Verdana, Arial, Helvetica, sans-serif\u0022\u003ERAZEM\u003C\/span\u003E\u003C\/div\u003E\n\u003C\/td\u003E\n\u003Ctd\u003E\u003Cbr \/\u003E\n\u003Cdiv align=\u0022center\u0022\u003E\u003Cspan style=\u0022font-family: Verdana, Arial, Helvetica, sans-serif; font-size: xx-small;\u0022 size=\u00221\u0022 face=\u0022Verdana, Arial, Helvetica, sans-serif\u0022\u003E100.000 \u003C\/span\u003E\u003C\/div\u003E\n\u003C\/td\u003E\n\u003Ctd\u003E\u003Cbr \/\u003E\n\u003Cdiv align=\u0022center\u0022\u003E\u003Cspan style=\u0022font-family: Verdana, Arial, Helvetica, sans-serif; font-size: xx-small;\u0022 size=\u00221\u0022 face=\u0022Verdana, Arial, Helvetica, sans-serif\u0022\u003E100.000\u003C\/span\u003E\u003C\/div\u003E\n\u003C\/td\u003E\n\u003C\/tr\u003E\n\u003C\/tbody\u003E\n\u003C\/table\u003E\n\u003Cbr \/\u003E\n\u003Cp\u003Ez przeznaczeniem na pe\u0142ne pokrycie prowizji bankowej kredytu zaci\u0105gni\u0119tego przez Wojew\u00f3dztwo \u015al\u0105skie w kwocie 20.000.000 z\u0142 na wydatki bie\u017c\u0105ce w zakresie integracji komunikacji w aglomeracji katowickiej z systemem regionalnych kolejowych przewoz\u00f3w pasa\u017cerskich.\u003C\/p\u003E\n\u003Cbr \/\u003E\n\u003Cp align=\u0022center\u0022\u003E\u00a7 2\u003C\/p\u003E\n\u003Cbr \/\u003E\n\u003Cp\u003EWykonanie niniejszej uchwa\u0142y powierzy\u0107 Zarz\u0105dowi Wojew\u00f3dztwa \u015al\u0105skiego.\u003C\/p\u003E\n\u003Cbr \/\u003E\n\u003Cp align=\u0022center\u0022\u003E\u00a7 3\u003C\/p\u003E\n\u003Cbr \/\u003E\n\u003Cp\u003EUchwa\u0142a wchodzi w \u017cycie z dniem podj\u0119cia.\u003C\/p\u003E\n\u003Cbr \/\u003E \u003Cbr \/\u003E Ryszard Ostrowski\u003Cbr \/\u003EPrzewodnicz\u0105cy Sejmiku\u003Cbr \/\u003EWojew\u00f3dztwa \u015al\u0105skiego\u003C\/div\u003E\n\u003C\/div\u003E","promotion":false}},{"id":"bf6dbc25-d119-11e7-80a9-005056b46601","type":"Gallery","name":"Galeria","description":"Galeria"},{"id":"bf6e1f6b-d119-11e7-80a9-005056b46601","type":"Attachment","name":"Za\u0142\u0105czniki","description":"Za\u0142\u0105czniki do strony"},{"id":"eba03b25-d9a7-11e7-b355-005056b70dba","type":"PageTitle","name":"","description":"Tytu\u0142 strony","content":{"title":"Uchwa\u0142a Sejmiku nr I\/55\/8\/2002 z dnia 2002-08-26"}},{"id":"eba07701-d9a7-11e7-b355-005056b70dba","type":"PageDescription","name":"","description":"Zajawka strony","content":[]},{"id":"1b1a7940-ff78-11e7-b81e-005056b7801d","type":"SectionDescription","name":"","description":"Zajawka sekcji","content":[]}]}