{"id":27166,"name":"uchwala-sejmiku-nr-ii1012003-z-dnia-2003-07-07","title":"Uchwa\u0142a Sejmiku nr II\/10\/1\/2003 z dnia 2003-07-07","desc":"","header":"Uchwa\u0142a Sejmiku nr II\/10\/1\/2003 z dnia 2003-07-07","lead":"","keywords":"","changes":"Migracja danych","menu":"","path":"\/sejmik_wojewodztwa\/sesje_sejmiku\/uchwaly\/uchwala-sejmiku-nr-ii1012003-z-dnia-2003-07-07.html","url":"\/sejmik_wojewodztwa\/sesje_sejmiku\/uchwaly\/uchwala-sejmiku-nr-ii1012003-z-dnia-2003-07-07.html","infoOwner":"Urz\u0105d Marsza\u0142kowski Wojew\u00f3dztwa \u015al\u0105skiego","dateFirstPublicate":"2022-02-28 08:37:47","dateLastVersionPublicate":"2022-02-28 08:37:47","dateAvailableFrom":"2022-02-28 08:36:13","dateAvailableTo":"","type":"Uchwa\u0142a Sejmiku","pageParams":[{"id":"225","name":"DATA_OGLOSZENIA","description":"Data og\u0142oszenia","value":"2003-07-07"},{"id":"235","name":"W sprawie","description":"W sprawie","value":"zmiany uchwa\u0142y nr I\/57\/2\/2002 z dnia 7 pa\u017adziernika 2002 roku w sprawie okre\u015blenia zasad udzielania zni\u017cek nauczycielom pe\u0142ni\u0105cym funkcje kierownicze w szko\u0142ach i plac\u00f3wkach o\u015bwiatowych prowadzonych przez Wojew\u00f3dztwo \u015al\u0105skie w zakresie tygodniowego obowi\u0105zkowego wymiaru godzin zaj\u0119\u0107 dydaktycznych, wychowawczych i opieku\u0144czych"},{"id":"299","name":"NUMER_UCHWALY_SEJMIKU","description":"Numer uchwa\u0142y","value":"II\/10\/01\/2003"}],"components":[{"id":"bf6d5eba-d119-11e7-80a9-005056b46601","type":"ContentWYSIWYG","name":"Tre\u015b\u0107","description":"Tre\u015b\u0107 strony","content":{"content":"\u003Cdiv class=\u0022tresc1\u0022\u003E\n\u003Cdiv class=\u0022lead1\u0022\u003ENa podstawie\u003Cbr \/\u003Eart. 18 pkt 20\u003Cbr \/\u003E ustawy z dnia 5 czerwca 1998 roku o samorz\u0105dzie wojew\u00f3dztwa\u003Cbr \/\u003E (t.j. Dz. U. Nr 142 z 2001 roku, poz. 1590 z p\u00f3\u017an. zm.)\u003Cbr \/\u003E i art. 42 ust. 7 pkt 2\u003Cbr \/\u003E ustawy z dnia 26 stycznia 1982 roku Karta Nauczyciela\u003Cbr \/\u003E (t.j. Dz. U. Nr 56 z 1997 roku, poz. 357 z p\u00f3\u017an. zm.)po uzyskaniu opinii Ministra Edukacji Narodowej i Sportu i \u015al\u0105skiego Kuratora O\u015bwiaty\u003C\/div\u003E\n\u003Cdiv class=\u0022tresc\u0022\u003E\n\u003Cp align=\u0022center\u0022\u003E\u00a7 1\u003C\/p\u003E\n\u003Cbr \/\u003E\n\u003Cp\u003EZmieni\u0107 uchwa\u0142\u0119 nr I\/57\/2\/2002 z dnia 7 pa\u017adziernika 2002 roku w sprawie okre\u015blenia zasad udzielania zni\u017cek nauczycielom pe\u0142ni\u0105cym funkcje kierownicze w szko\u0142ach i plac\u00f3wkach o\u015bwiatowych prowadzonych przez Wojew\u00f3dztwo \u015al\u0105skie w zakresie tygodniowego obowi\u0105zkowego wymiaru godzin zaj\u0119\u0107 dydaktycznych, wychowawczych i opieku\u0144czych, stanowi\u0105cym za\u0142\u0105cznik do uchwa\u0142y wprowadza si\u0119 nast\u0119puj\u0105ce zmiany:\u003C\/p\u003E\n\u003Cbr \/\u003E\n\u003Cp\u003E1) w tabeli okre\u015blonej w \u00a7 3 pkt 1 i 3 otrzymuj\u0105 brzmienie:\u003C\/p\u003E\n\u003Cbr \/\u003E\u003Cbr \/\u003E\n\u003Ctable width=\u0022100%\u0022 cellspacing=\u00220\u0022 cellpadding=\u00220\u0022 border=\u00220\u0022\u003E\n\u003Ctbody\u003E\n\u003Ctr\u003E\n\u003Ctd rowspan=\u002216\u0022 valign=\u0022top\u0022\u003E\u003Cbr \/\u003E\n\u003Cdiv align=\u0022center\u0022\u003E\u003Cspan style=\u0022font-family: Verdana, Arial, Helvetica, sans-serif; font-size: xx-small;\u0022 size=\u00221\u0022 face=\u0022Verdana, Arial, Helvetica, sans-serif\u0022\u003E\u003Cstrong\u003E\u003Cu\u003E1. \u003C\/u\u003E\u003C\/strong\u003E\u003C\/span\u003E\u003C\/div\u003E\n\u003Cbr \/\u003E\n\u003Cdiv align=\u0022center\u0022\u003E\u003Cspan style=\u0022font-family: Verdana, Arial, Helvetica, sans-serif; font-size: xx-small;\u0022 size=\u00221\u0022 face=\u0022Verdana, Arial, Helvetica, sans-serif\u0022\u003E\u003C\/span\u003E\u003C\/div\u003E\n\u003Cbr \/\u003E\n\u003Cdiv align=\u0022center\u0022\u003E\u003Cspan style=\u0022font-family: Verdana, Arial, Helvetica, sans-serif; font-size: xx-small;\u0022 size=\u00221\u0022 face=\u0022Verdana, Arial, Helvetica, sans-serif\u0022\u003E\u003C\/span\u003E\u003C\/div\u003E\n\u003Cbr \/\u003E\n\u003Cdiv align=\u0022center\u0022\u003E\u003Cspan style=\u0022font-family: Verdana, Arial, Helvetica, sans-serif; font-size: xx-small;\u0022 size=\u00221\u0022 face=\u0022Verdana, Arial, Helvetica, sans-serif\u0022\u003E\u003C\/span\u003E\u003C\/div\u003E\n\u003Cbr \/\u003E\n\u003Cdiv align=\u0022center\u0022\u003E\u003Cspan style=\u0022font-family: Verdana, Arial, Helvetica, sans-serif; font-size: xx-small;\u0022 size=\u00221\u0022 face=\u0022Verdana, Arial, Helvetica, sans-serif\u0022\u003E\u003C\/span\u003E\u003C\/div\u003E\n\u003Cbr \/\u003E\n\u003Cdiv align=\u0022center\u0022\u003E\u003Cspan style=\u0022font-family: Verdana, Arial, Helvetica, sans-serif; font-size: xx-small;\u0022 size=\u00221\u0022 face=\u0022Verdana, Arial, Helvetica, sans-serif\u0022\u003E\u003C\/span\u003E\u003C\/div\u003E\n\u003Cbr \/\u003E\n\u003Cdiv align=\u0022center\u0022\u003E\u003Cspan style=\u0022font-family: Verdana, Arial, Helvetica, sans-serif; font-size: xx-small;\u0022 size=\u00221\u0022 face=\u0022Verdana, Arial, Helvetica, sans-serif\u0022\u003E\u003C\/span\u003E\u003C\/div\u003E\n\u003Cbr \/\u003E\n\u003Cdiv align=\u0022center\u0022\u003E\u003Cspan style=\u0022font-family: Verdana, Arial, Helvetica, sans-serif; font-size: xx-small;\u0022 size=\u00221\u0022 face=\u0022Verdana, Arial, Helvetica, sans-serif\u0022\u003E\u003C\/span\u003E\u003C\/div\u003E\n\u003Cbr \/\u003E\n\u003Cdiv align=\u0022center\u0022\u003E\u003Cspan style=\u0022font-family: Verdana, Arial, Helvetica, sans-serif; font-size: xx-small;\u0022 size=\u00221\u0022 face=\u0022Verdana, Arial, Helvetica, sans-serif\u0022\u003E\u003C\/span\u003E\u003C\/div\u003E\n\u003Cbr \/\u003E\n\u003Cdiv align=\u0022center\u0022\u003E\u003Cspan style=\u0022font-family: Verdana, Arial, Helvetica, sans-serif; font-size: xx-small;\u0022 size=\u00221\u0022 face=\u0022Verdana, Arial, Helvetica, sans-serif\u0022\u003E\u003C\/span\u003E\u003C\/div\u003E\n\u003Cbr \/\u003E\n\u003Cdiv align=\u0022center\u0022\u003E\u003Cspan style=\u0022font-family: Verdana, Arial, Helvetica, sans-serif; font-size: xx-small;\u0022 size=\u00221\u0022 face=\u0022Verdana, Arial, Helvetica, sans-serif\u0022\u003E\u003C\/span\u003E\u003C\/div\u003E\n\u003Cbr \/\u003E\n\u003Cdiv align=\u0022center\u0022\u003E\u003Cspan style=\u0022font-family: Verdana, Arial, Helvetica, sans-serif; font-size: xx-small;\u0022 size=\u00221\u0022 face=\u0022Verdana, Arial, Helvetica, sans-serif\u0022\u003E\u003C\/span\u003E\u003C\/div\u003E\n\u003Cbr \/\u003E\n\u003Cdiv align=\u0022center\u0022\u003E\u003Cspan style=\u0022font-family: Verdana, Arial, Helvetica, sans-serif; font-size: xx-small;\u0022 size=\u00221\u0022 face=\u0022Verdana, Arial, Helvetica, sans-serif\u0022\u003E\u003C\/span\u003E\u003C\/div\u003E\n\u003Cbr \/\u003E\n\u003Cdiv align=\u0022center\u0022\u003E\u003Cspan style=\u0022font-family: Verdana, Arial, Helvetica, sans-serif; font-size: xx-small;\u0022 size=\u00221\u0022 face=\u0022Verdana, Arial, Helvetica, sans-serif\u0022\u003E\u003C\/span\u003E\u003C\/div\u003E\n\u003Cbr \/\u003E\n\u003Cdiv align=\u0022center\u0022\u003E\u003Cspan style=\u0022font-family: Verdana, Arial, Helvetica, sans-serif; font-size: xx-small;\u0022 size=\u00221\u0022 face=\u0022Verdana, Arial, Helvetica, sans-serif\u0022\u003E\u003C\/span\u003E\u003C\/div\u003E\n\u003Cbr \/\u003E\n\u003Cdiv align=\u0022center\u0022\u003E\u003Cspan style=\u0022font-family: Verdana, Arial, Helvetica, sans-serif; font-size: xx-small;\u0022 size=\u00221\u0022 face=\u0022Verdana, Arial, Helvetica, sans-serif\u0022\u003E\u003C\/span\u003E\u003C\/div\u003E\n\u003C\/td\u003E\n\u003Ctd width=\u002266%\u0022\u003E\u003Cspan style=\u0022font-family: Verdana, Arial, Helvetica, sans-serif; font-size: xx-small;\u0022 size=\u00221\u0022 face=\u0022Verdana, Arial, Helvetica, sans-serif\u0022\u003EZespo\u0142y Szk\u00f3\u0142 Specjalnych \u003C\/span\u003E\u003C\/td\u003E\n\u003Ctd width=\u002230%\u0022\u003E\u003Cbr \/\u003E\n\u003Cdiv align=\u0022center\u0022\u003E\u003Cspan style=\u0022font-family: Verdana, Arial, Helvetica, sans-serif; font-size: xx-small;\u0022 size=\u00221\u0022 face=\u0022Verdana, Arial, Helvetica, sans-serif\u0022\u003E\u003C\/span\u003E\u003C\/div\u003E\n\u003C\/td\u003E\n\u003C\/tr\u003E\n\u003Ctr\u003E\n\u003Ctd width=\u002266%\u0022\u003E\u003Cspan style=\u0022font-family: Verdana, Arial, Helvetica, sans-serif; font-size: xx-small;\u0022 size=\u00221\u0022 face=\u0022Verdana, Arial, Helvetica, sans-serif\u0022\u003Ea) dyrektor szko\u0142y (zespo\u0142u) licz\u0105cej: \u003C\/span\u003E\u003C\/td\u003E\n\u003Ctd width=\u002230%\u0022\u003E\u003Cbr \/\u003E\n\u003Cdiv align=\u0022center\u0022\u003E\u003Cspan style=\u0022font-family: Verdana, Arial, Helvetica, sans-serif; font-size: xx-small;\u0022 size=\u00221\u0022 face=\u0022Verdana, Arial, Helvetica, sans-serif\u0022\u003E\u003C\/span\u003E\u003C\/div\u003E\n\u003C\/td\u003E\n\u003C\/tr\u003E\n\u003Ctr\u003E\n\u003Ctd width=\u002266%\u0022\u003E\u003Cspan style=\u0022font-family: Verdana, Arial, Helvetica, sans-serif; font-size: xx-small;\u0022 size=\u00221\u0022 face=\u0022Verdana, Arial, Helvetica, sans-serif\u0022\u003E- do 4 oddzia\u0142\u00f3w \u003C\/span\u003E\u003C\/td\u003E\n\u003Ctd width=\u002230%\u0022\u003E\u003Cbr \/\u003E\n\u003Cdiv align=\u0022center\u0022\u003E\u003Cspan style=\u0022font-family: Verdana, Arial, Helvetica, sans-serif; font-size: xx-small;\u0022 size=\u00221\u0022 face=\u0022Verdana, Arial, Helvetica, sans-serif\u0022\u003E6\u003C\/span\u003E\u003C\/div\u003E\n\u003C\/td\u003E\n\u003C\/tr\u003E\n\u003Ctr\u003E\n\u003Ctd width=\u002266%\u0022\u003E\u003Cspan style=\u0022font-family: Verdana, Arial, Helvetica, sans-serif; font-size: xx-small;\u0022 size=\u00221\u0022 face=\u0022Verdana, Arial, Helvetica, sans-serif\u0022\u003E- 5 - 6 oddzia\u0142\u00f3w \u003C\/span\u003E\u003C\/td\u003E\n\u003Ctd width=\u002230%\u0022\u003E\u003Cbr \/\u003E\n\u003Cdiv align=\u0022center\u0022\u003E\u003Cspan style=\u0022font-family: Verdana, Arial, Helvetica, sans-serif; font-size: xx-small;\u0022 size=\u00221\u0022 face=\u0022Verdana, Arial, Helvetica, sans-serif\u0022\u003E8\u003C\/span\u003E\u003C\/div\u003E\n\u003C\/td\u003E\n\u003C\/tr\u003E\n\u003Ctr\u003E\n\u003Ctd width=\u002266%\u0022\u003E\u003Cspan style=\u0022font-family: Verdana, Arial, Helvetica, sans-serif; font-size: xx-small;\u0022 size=\u00221\u0022 face=\u0022Verdana, Arial, Helvetica, sans-serif\u0022\u003E- 7 - 8 oddzia\u0142\u00f3w\u003C\/span\u003E\u003C\/td\u003E\n\u003Ctd width=\u002230%\u0022\u003E\u003Cbr \/\u003E\n\u003Cdiv align=\u0022center\u0022\u003E\u003Cspan style=\u0022font-family: Verdana, Arial, Helvetica, sans-serif; font-size: xx-small;\u0022 size=\u00221\u0022 face=\u0022Verdana, Arial, Helvetica, sans-serif\u0022\u003E10\u003C\/span\u003E\u003C\/div\u003E\n\u003C\/td\u003E\n\u003C\/tr\u003E\n\u003Ctr\u003E\n\u003Ctd width=\u002266%\u0022\u003E\u003Cspan style=\u0022font-family: Verdana, Arial, Helvetica, sans-serif; font-size: xx-small;\u0022 size=\u00221\u0022 face=\u0022Verdana, Arial, Helvetica, sans-serif\u0022\u003E- 9 \u2013 16 oddzia\u0142\u00f3w\u003C\/span\u003E\u003C\/td\u003E\n\u003Ctd width=\u002230%\u0022\u003E\u003Cbr \/\u003E\n\u003Cdiv align=\u0022center\u0022\u003E\u003Cspan style=\u0022font-family: Verdana, Arial, Helvetica, sans-serif; font-size: xx-small;\u0022 size=\u00221\u0022 face=\u0022Verdana, Arial, Helvetica, sans-serif\u0022\u003E13\u003C\/span\u003E\u003C\/div\u003E\n\u003C\/td\u003E\n\u003C\/tr\u003E\n\u003Ctr\u003E\n\u003Ctd width=\u002266%\u0022\u003E\u003Cspan style=\u0022font-family: Verdana, Arial, Helvetica, sans-serif; font-size: xx-small;\u0022 size=\u00221\u0022 face=\u0022Verdana, Arial, Helvetica, sans-serif\u0022\u003E- 17 i wi\u0119cej\u003C\/span\u003E\u003C\/td\u003E\n\u003Ctd width=\u002230%\u0022\u003E\u003Cbr \/\u003E\n\u003Cdiv align=\u0022center\u0022\u003E\u003Cspan style=\u0022font-family: Verdana, Arial, Helvetica, sans-serif; font-size: xx-small;\u0022 size=\u00221\u0022 face=\u0022Verdana, Arial, Helvetica, sans-serif\u0022\u003E15\u003C\/span\u003E\u003C\/div\u003E\n\u003C\/td\u003E\n\u003C\/tr\u003E\n\u003Ctr\u003E\n\u003Ctd width=\u002266%\u0022\u003E\u003Cspan style=\u0022font-family: Verdana, Arial, Helvetica, sans-serif; font-size: xx-small;\u0022 size=\u00221\u0022 face=\u0022Verdana, Arial, Helvetica, sans-serif\u0022\u003Eb) wicedyrektor szko\u0142y (zespo\u0142u) licz\u0105cej: \u003C\/span\u003E\u003C\/td\u003E\n\u003Ctd width=\u002230%\u0022\u003E\u003Cbr \/\u003E\n\u003Cdiv align=\u0022center\u0022\u003E\u003Cspan style=\u0022font-family: Verdana, Arial, Helvetica, sans-serif; font-size: xx-small;\u0022 size=\u00221\u0022 face=\u0022Verdana, Arial, Helvetica, sans-serif\u0022\u003E\u003C\/span\u003E\u003C\/div\u003E\n\u003C\/td\u003E\n\u003C\/tr\u003E\n\u003Ctr\u003E\n\u003Ctd width=\u002266%\u0022\u003E\u003Cspan style=\u0022font-family: Verdana, Arial, Helvetica, sans-serif; font-size: xx-small;\u0022 size=\u00221\u0022 face=\u0022Verdana, Arial, Helvetica, sans-serif\u0022\u003E- 12 \u2013 16 oddzia\u0142\u00f3w \u003C\/span\u003E\u003C\/td\u003E\n\u003Ctd width=\u002230%\u0022\u003E\u003Cbr \/\u003E\n\u003Cdiv align=\u0022center\u0022\u003E\u003Cspan style=\u0022font-family: Verdana, Arial, Helvetica, sans-serif; font-size: xx-small;\u0022 size=\u00221\u0022 face=\u0022Verdana, Arial, Helvetica, sans-serif\u0022\u003E9\u003C\/span\u003E\u003C\/div\u003E\n\u003C\/td\u003E\n\u003C\/tr\u003E\n\u003Ctr\u003E\n\u003Ctd width=\u002266%\u0022\u003E\u003Cspan style=\u0022font-family: Verdana, Arial, Helvetica, sans-serif; font-size: xx-small;\u0022 size=\u00221\u0022 face=\u0022Verdana, Arial, Helvetica, sans-serif\u0022\u003E- 17 i wi\u0119cej oddzia\u0142\u00f3w \u003C\/span\u003E\u003C\/td\u003E\n\u003Ctd width=\u002230%\u0022\u003E\u003Cbr \/\u003E\n\u003Cdiv align=\u0022center\u0022\u003E\u003Cspan style=\u0022font-family: Verdana, Arial, Helvetica, sans-serif; font-size: xx-small;\u0022 size=\u00221\u0022 face=\u0022Verdana, Arial, Helvetica, sans-serif\u0022\u003E11\u003C\/span\u003E\u003C\/div\u003E\n\u003C\/td\u003E\n\u003C\/tr\u003E\n\u003Ctr\u003E\n\u003Ctd width=\u002266%\u0022\u003E\u003Cspan style=\u0022font-family: Verdana, Arial, Helvetica, sans-serif; font-size: xx-small;\u0022 size=\u00221\u0022 face=\u0022Verdana, Arial, Helvetica, sans-serif\u0022\u003Ec) kierownik szkolenia praktycznego \u003C\/span\u003E\u003C\/td\u003E\n\u003Ctd width=\u002230%\u0022\u003E\u003Cbr \/\u003E\n\u003Cdiv align=\u0022center\u0022\u003E\u003Cspan style=\u0022font-family: Verdana, Arial, Helvetica, sans-serif; font-size: xx-small;\u0022 size=\u00221\u0022 face=\u0022Verdana, Arial, Helvetica, sans-serif\u0022\u003E18\u003C\/span\u003E\u003C\/div\u003E\n\u003C\/td\u003E\n\u003C\/tr\u003E\n\u003Ctr\u003E\n\u003Ctd width=\u002266%\u0022\u003E\u003Cspan style=\u0022font-family: Verdana, Arial, Helvetica, sans-serif; font-size: xx-small;\u0022 size=\u00221\u0022 face=\u0022Verdana, Arial, Helvetica, sans-serif\u0022\u003Ed) zast\u0119pca kierownika szkolenia praktycznego \u003C\/span\u003E\u003C\/td\u003E\n\u003Ctd width=\u002230%\u0022\u003E\u003Cbr \/\u003E\n\u003Cdiv align=\u0022center\u0022\u003E\u003Cspan style=\u0022font-family: Verdana, Arial, Helvetica, sans-serif; font-size: xx-small;\u0022 size=\u00221\u0022 face=\u0022Verdana, Arial, Helvetica, sans-serif\u0022\u003E10\u003C\/span\u003E\u003C\/div\u003E\n\u003C\/td\u003E\n\u003C\/tr\u003E\n\u003Ctr\u003E\n\u003Ctd width=\u002266%\u0022\u003E\u003Cspan style=\u0022font-family: Verdana, Arial, Helvetica, sans-serif; font-size: xx-small;\u0022 size=\u00221\u0022 face=\u0022Verdana, Arial, Helvetica, sans-serif\u0022\u003Ee) kierownik wychowania zespo\u0142u pozalekcyjnych zaj\u0119\u0107 wychowawczych, przy liczbie dzieci: \u003C\/span\u003E\u003C\/td\u003E\n\u003Ctd width=\u002230%\u0022\u003E\u003Cbr \/\u003E\n\u003Cdiv align=\u0022center\u0022\u003E\u003Cspan style=\u0022font-family: Verdana, Arial, Helvetica, sans-serif; font-size: xx-small;\u0022 size=\u00221\u0022 face=\u0022Verdana, Arial, Helvetica, sans-serif\u0022\u003E\u003C\/span\u003E\u003C\/div\u003E\n\u003C\/td\u003E\n\u003C\/tr\u003E\n\u003Ctr\u003E\n\u003Ctd width=\u002266%\u0022\u003E\u003Cspan style=\u0022font-family: Verdana, Arial, Helvetica, sans-serif; font-size: xx-small;\u0022 size=\u00221\u0022 face=\u0022Verdana, Arial, Helvetica, sans-serif\u0022\u003E- do 120 \u003C\/span\u003E\u003C\/td\u003E\n\u003Ctd width=\u002230%\u0022\u003E\u003Cbr \/\u003E\n\u003Cdiv align=\u0022center\u0022\u003E\u003Cspan style=\u0022font-family: Verdana, Arial, Helvetica, sans-serif; font-size: xx-small;\u0022 size=\u00221\u0022 face=\u0022Verdana, Arial, Helvetica, sans-serif\u0022\u003E12\u003C\/span\u003E\u003C\/div\u003E\n\u003C\/td\u003E\n\u003C\/tr\u003E\n\u003Ctr\u003E\n\u003Ctd width=\u002266%\u0022\u003E\u003Cspan style=\u0022font-family: Verdana, Arial, Helvetica, sans-serif; font-size: xx-small;\u0022 size=\u00221\u0022 face=\u0022Verdana, Arial, Helvetica, sans-serif\u0022\u003E- od 121 do 200 \u003C\/span\u003E\u003C\/td\u003E\n\u003Ctd width=\u002230%\u0022\u003E\u003Cbr \/\u003E\n\u003Cdiv align=\u0022center\u0022\u003E\u003Cspan style=\u0022font-family: Verdana, Arial, Helvetica, sans-serif; font-size: xx-small;\u0022 size=\u00221\u0022 face=\u0022Verdana, Arial, Helvetica, sans-serif\u0022\u003E14\u003C\/span\u003E\u003C\/div\u003E\n\u003C\/td\u003E\n\u003C\/tr\u003E\n\u003Ctr\u003E\n\u003Ctd width=\u002266%\u0022\u003E\u003Cspan style=\u0022font-family: Verdana, Arial, Helvetica, sans-serif; font-size: xx-small;\u0022 size=\u00221\u0022 face=\u0022Verdana, Arial, Helvetica, sans-serif\u0022\u003E- powy\u017cej 200 \u003C\/span\u003E\u003C\/td\u003E\n\u003Ctd width=\u002230%\u0022\u003E\u003Cbr \/\u003E\n\u003Cdiv align=\u0022center\u0022\u003E\u003Cspan style=\u0022font-family: Verdana, Arial, Helvetica, sans-serif; font-size: xx-small;\u0022 size=\u00221\u0022 face=\u0022Verdana, Arial, Helvetica, sans-serif\u0022\u003E16\u003C\/span\u003E\u003C\/div\u003E\n\u003C\/td\u003E\n\u003C\/tr\u003E\n\u003Ctr\u003E\n\u003Ctd rowspan=\u002218\u0022 valign=\u0022top\u0022\u003E\u003Cbr \/\u003E\n\u003Cdiv align=\u0022center\u0022\u003E\u003Cspan style=\u0022font-family: Verdana, Arial, Helvetica, sans-serif; font-size: xx-small;\u0022 size=\u00221\u0022 face=\u0022Verdana, Arial, Helvetica, sans-serif\u0022\u003E\u003Cstrong\u003E\u003Cu\u003E3.\u003C\/u\u003E\u003C\/strong\u003E\u003C\/span\u003E\u003C\/div\u003E\n\u003Cbr \/\u003E\n\u003Cdiv align=\u0022center\u0022\u003E\u003Cspan style=\u0022font-family: Verdana, Arial, Helvetica, sans-serif; font-size: xx-small;\u0022 size=\u00221\u0022 face=\u0022Verdana, Arial, Helvetica, sans-serif\u0022\u003E\u003C\/span\u003E\u003C\/div\u003E\n\u003Cbr \/\u003E\n\u003Cdiv align=\u0022center\u0022\u003E\u003Cspan style=\u0022font-family: Verdana, Arial, Helvetica, sans-serif; font-size: xx-small;\u0022 size=\u00221\u0022 face=\u0022Verdana, Arial, Helvetica, sans-serif\u0022\u003E\u003C\/span\u003E\u003C\/div\u003E\n\u003Cbr \/\u003E\n\u003Cdiv align=\u0022center\u0022\u003E\u003Cspan style=\u0022font-family: Verdana, Arial, Helvetica, sans-serif; font-size: xx-small;\u0022 size=\u00221\u0022 face=\u0022Verdana, Arial, Helvetica, sans-serif\u0022\u003E\u003C\/span\u003E\u003C\/div\u003E\n\u003Cbr \/\u003E\n\u003Cdiv align=\u0022center\u0022\u003E\u003Cspan style=\u0022font-family: Verdana, Arial, Helvetica, sans-serif; font-size: xx-small;\u0022 size=\u00221\u0022 face=\u0022Verdana, Arial, Helvetica, sans-serif\u0022\u003E\u003C\/span\u003E\u003C\/div\u003E\n\u003Cbr \/\u003E\n\u003Cdiv align=\u0022center\u0022\u003E\u003Cspan style=\u0022font-family: Verdana, Arial, Helvetica, sans-serif; font-size: xx-small;\u0022 size=\u00221\u0022 face=\u0022Verdana, Arial, Helvetica, sans-serif\u0022\u003E\u003C\/span\u003E\u003C\/div\u003E\n\u003Cbr \/\u003E\n\u003Cdiv align=\u0022center\u0022\u003E\u003Cspan style=\u0022font-family: Verdana, Arial, Helvetica, sans-serif; font-size: xx-small;\u0022 size=\u00221\u0022 face=\u0022Verdana, Arial, Helvetica, sans-serif\u0022\u003E\u003C\/span\u003E\u003C\/div\u003E\n\u003Cbr \/\u003E\n\u003Cdiv align=\u0022center\u0022\u003E\u003Cspan style=\u0022font-family: Verdana, Arial, Helvetica, sans-serif; font-size: xx-small;\u0022 size=\u00221\u0022 face=\u0022Verdana, Arial, Helvetica, sans-serif\u0022\u003E\u003C\/span\u003E\u003C\/div\u003E\n\u003Cbr \/\u003E\n\u003Cdiv align=\u0022center\u0022\u003E\u003Cspan style=\u0022font-family: Verdana, Arial, Helvetica, sans-serif; font-size: xx-small;\u0022 size=\u00221\u0022 face=\u0022Verdana, Arial, Helvetica, sans-serif\u0022\u003E\u003C\/span\u003E\u003C\/div\u003E\n\u003Cbr \/\u003E\n\u003Cdiv align=\u0022center\u0022\u003E\u003Cspan style=\u0022font-family: Verdana, Arial, Helvetica, sans-serif; font-size: xx-small;\u0022 size=\u00221\u0022 face=\u0022Verdana, Arial, Helvetica, sans-serif\u0022\u003E\u003C\/span\u003E\u003C\/div\u003E\n\u003Cbr \/\u003E\n\u003Cdiv align=\u0022center\u0022\u003E\u003Cspan style=\u0022font-family: Verdana, Arial, Helvetica, sans-serif; font-size: xx-small;\u0022 size=\u00221\u0022 face=\u0022Verdana, Arial, Helvetica, sans-serif\u0022\u003E\u003C\/span\u003E\u003C\/div\u003E\n\u003Cbr \/\u003E\n\u003Cdiv align=\u0022center\u0022\u003E\u003Cspan style=\u0022font-family: Verdana, Arial, Helvetica, sans-serif; font-size: xx-small;\u0022 size=\u00221\u0022 face=\u0022Verdana, Arial, Helvetica, sans-serif\u0022\u003E\u003C\/span\u003E\u003C\/div\u003E\n\u003Cbr \/\u003E\n\u003Cdiv align=\u0022center\u0022\u003E\u003Cspan style=\u0022font-family: Verdana, Arial, Helvetica, sans-serif; font-size: xx-small;\u0022 size=\u00221\u0022 face=\u0022Verdana, Arial, Helvetica, sans-serif\u0022\u003E\u003C\/span\u003E\u003C\/div\u003E\n\u003Cbr \/\u003E\n\u003Cdiv align=\u0022center\u0022\u003E\u003Cspan style=\u0022font-family: Verdana, Arial, Helvetica, sans-serif; font-size: xx-small;\u0022 size=\u00221\u0022 face=\u0022Verdana, Arial, Helvetica, sans-serif\u0022\u003E\u003C\/span\u003E\u003C\/div\u003E\n\u003Cbr \/\u003E\n\u003Cdiv align=\u0022center\u0022\u003E\u003Cspan style=\u0022font-family: Verdana, Arial, Helvetica, sans-serif; font-size: xx-small;\u0022 size=\u00221\u0022 face=\u0022Verdana, Arial, Helvetica, sans-serif\u0022\u003E\u003C\/span\u003E\u003C\/div\u003E\n\u003Cbr \/\u003E\n\u003Cdiv align=\u0022center\u0022\u003E\u003Cspan style=\u0022font-family: Verdana, Arial, Helvetica, sans-serif; font-size: xx-small;\u0022 size=\u00221\u0022 face=\u0022Verdana, Arial, Helvetica, sans-serif\u0022\u003E\u003C\/span\u003E\u003C\/div\u003E\n\u003Cbr \/\u003E\n\u003Cdiv align=\u0022center\u0022\u003E\u003Cspan style=\u0022font-family: Verdana, Arial, Helvetica, sans-serif; font-size: xx-small;\u0022 size=\u00221\u0022 face=\u0022Verdana, Arial, Helvetica, sans-serif\u0022\u003E\u003C\/span\u003E\u003C\/div\u003E\n\u003Cbr \/\u003E\n\u003Cdiv align=\u0022center\u0022\u003E\u003Cspan style=\u0022font-family: Verdana, Arial, Helvetica, sans-serif; font-size: xx-small;\u0022 size=\u00221\u0022 face=\u0022Verdana, Arial, Helvetica, sans-serif\u0022\u003E\u003C\/span\u003E\u003C\/div\u003E\n\u003C\/td\u003E\n\u003Ctd width=\u002266%\u0022\u003E\u003Cspan style=\u0022font-family: Verdana, Arial, Helvetica, sans-serif; font-size: xx-small;\u0022 size=\u00221\u0022 face=\u0022Verdana, Arial, Helvetica, sans-serif\u0022\u003EKolegia Nauczycielskie\u003C\/span\u003E\u003C\/td\u003E\n\u003Ctd width=\u002230%\u0022\u003E\u003Cbr \/\u003E\n\u003Cdiv align=\u0022center\u0022\u003E\u003Cspan style=\u0022font-family: Verdana, Arial, Helvetica, sans-serif; font-size: xx-small;\u0022 size=\u00221\u0022 face=\u0022Verdana, Arial, Helvetica, sans-serif\u0022\u003E\u003C\/span\u003E\u003C\/div\u003E\n\u003C\/td\u003E\n\u003C\/tr\u003E\n\u003Ctr\u003E\n\u003Ctd width=\u002266%\u0022\u003E\u003Cspan style=\u0022font-family: Verdana, Arial, Helvetica, sans-serif; font-size: xx-small;\u0022 size=\u00221\u0022 face=\u0022Verdana, Arial, Helvetica, sans-serif\u0022\u003Ea) dyrektor kolegium licz\u0105cego:\u003C\/span\u003E\u003C\/td\u003E\n\u003Ctd width=\u002230%\u0022\u003E\u003Cbr \/\u003E\n\u003Cdiv align=\u0022center\u0022\u003E\u003Cspan style=\u0022font-family: Verdana, Arial, Helvetica, sans-serif; font-size: xx-small;\u0022 size=\u00221\u0022 face=\u0022Verdana, Arial, Helvetica, sans-serif\u0022\u003E\u003C\/span\u003E\u003C\/div\u003E\n\u003C\/td\u003E\n\u003C\/tr\u003E\n\u003Ctr\u003E\n\u003Ctd width=\u002266%\u0022\u003E\u003Cspan style=\u0022font-family: Verdana, Arial, Helvetica, sans-serif; font-size: xx-small;\u0022 size=\u00221\u0022 face=\u0022Verdana, Arial, Helvetica, sans-serif\u0022\u003E- do 5 oddzia\u0142\u00f3w\u003C\/span\u003E\u003C\/td\u003E\n\u003Ctd width=\u002230%\u0022\u003E\u003Cbr \/\u003E\n\u003Cdiv align=\u0022center\u0022\u003E\u003Cspan style=\u0022font-family: Verdana, Arial, Helvetica, sans-serif; font-size: xx-small;\u0022 size=\u00221\u0022 face=\u0022Verdana, Arial, Helvetica, sans-serif\u0022\u003E9\u003C\/span\u003E\u003C\/div\u003E\n\u003C\/td\u003E\n\u003C\/tr\u003E\n\u003Ctr\u003E\n\u003Ctd width=\u002266%\u0022\u003E\u003Cspan style=\u0022font-family: Verdana, Arial, Helvetica, sans-serif; font-size: xx-small;\u0022 size=\u00221\u0022 face=\u0022Verdana, Arial, Helvetica, sans-serif\u0022\u003E- od 6 do 11 oddzia\u0142\u00f3w\u003C\/span\u003E\u003C\/td\u003E\n\u003Ctd width=\u002230%\u0022\u003E\u003Cbr \/\u003E\n\u003Cdiv align=\u0022center\u0022\u003E\u003Cspan style=\u0022font-family: Verdana, Arial, Helvetica, sans-serif; font-size: xx-small;\u0022 size=\u00221\u0022 face=\u0022Verdana, Arial, Helvetica, sans-serif\u0022\u003E11\u003C\/span\u003E\u003C\/div\u003E\n\u003C\/td\u003E\n\u003C\/tr\u003E\n\u003Ctr\u003E\n\u003Ctd width=\u002266%\u0022\u003E\u003Cspan style=\u0022font-family: Verdana, Arial, Helvetica, sans-serif; font-size: xx-small;\u0022 size=\u00221\u0022 face=\u0022Verdana, Arial, Helvetica, sans-serif\u0022\u003E- 12 i wi\u0119cej oddzia\u0142\u00f3w\u003C\/span\u003E\u003C\/td\u003E\n\u003Ctd width=\u002230%\u0022\u003E\u003Cbr \/\u003E\n\u003Cdiv align=\u0022center\u0022\u003E\u003Cspan style=\u0022font-family: Verdana, Arial, Helvetica, sans-serif; font-size: xx-small;\u0022 size=\u00221\u0022 face=\u0022Verdana, Arial, Helvetica, sans-serif\u0022\u003E12\u003C\/span\u003E\u003C\/div\u003E\n\u003C\/td\u003E\n\u003C\/tr\u003E\n\u003Ctr\u003E\n\u003Ctd width=\u002266%\u0022\u003E\u003Cspan style=\u0022font-family: Verdana, Arial, Helvetica, sans-serif; font-size: xx-small;\u0022 size=\u00221\u0022 face=\u0022Verdana, Arial, Helvetica, sans-serif\u0022\u003Eb) wicedyrektor\u003C\/span\u003E\u003C\/td\u003E\n\u003Ctd width=\u002230%\u0022\u003E\u003Cbr \/\u003E\n\u003Cdiv align=\u0022center\u0022\u003E\u003Cspan style=\u0022font-family: Verdana, Arial, Helvetica, sans-serif; font-size: xx-small;\u0022 size=\u00221\u0022 face=\u0022Verdana, Arial, Helvetica, sans-serif\u0022\u003E9\u003C\/span\u003E\u003C\/div\u003E\n\u003C\/td\u003E\n\u003C\/tr\u003E\n\u003Ctr\u003E\n\u003Ctd width=\u002266%\u0022\u003E\u003Cspan style=\u0022font-family: Verdana, Arial, Helvetica, sans-serif; font-size: xx-small;\u0022 size=\u00221\u0022 face=\u0022Verdana, Arial, Helvetica, sans-serif\u0022\u003Ec) kierownik praktyki pedagogicznej\u003C\/span\u003E\u003C\/td\u003E\n\u003Ctd width=\u002230%\u0022\u003E\u003Cbr \/\u003E\n\u003Cdiv align=\u0022center\u0022\u003E\u003Cspan style=\u0022font-family: Verdana, Arial, Helvetica, sans-serif; font-size: xx-small;\u0022 size=\u00221\u0022 face=\u0022Verdana, Arial, Helvetica, sans-serif\u0022\u003E9\u003C\/span\u003E\u003C\/div\u003E\n\u003C\/td\u003E\n\u003C\/tr\u003E\n\u003Ctr\u003E\n\u003Ctd width=\u002266%\u0022\u003E\u003Cspan style=\u0022font-family: Verdana, Arial, Helvetica, sans-serif; font-size: xx-small;\u0022 size=\u00221\u0022 face=\u0022Verdana, Arial, Helvetica, sans-serif\u0022\u003Ed) kierownik specjalno\u015bci \u003C\/span\u003E\u003C\/td\u003E\n\u003Ctd width=\u002230%\u0022\u003E\u003Cbr \/\u003E\n\u003Cdiv align=\u0022center\u0022\u003E\u003Cspan style=\u0022font-family: Verdana, Arial, Helvetica, sans-serif; font-size: xx-small;\u0022 size=\u00221\u0022 face=\u0022Verdana, Arial, Helvetica, sans-serif\u0022\u003E7\u003C\/span\u003E\u003C\/div\u003E\n\u003C\/td\u003E\n\u003C\/tr\u003E\n\u003Ctr\u003E\n\u003Ctd width=\u002266%\u0022\u003E\u003Cspan style=\u0022font-family: Verdana, Arial, Helvetica, sans-serif; font-size: xx-small;\u0022 size=\u00221\u0022 face=\u0022Verdana, Arial, Helvetica, sans-serif\u0022\u003Ee) kierownik biblioteki\u003C\/span\u003E\u003C\/td\u003E\n\u003Ctd width=\u002230%\u0022\u003E\u003Cbr \/\u003E\n\u003Cdiv align=\u0022center\u0022\u003E\u003Cspan style=\u0022font-family: Verdana, Arial, Helvetica, sans-serif; font-size: xx-small;\u0022 size=\u00221\u0022 face=\u0022Verdana, Arial, Helvetica, sans-serif\u0022\u003E10\u003C\/span\u003E\u003C\/div\u003E\n\u003C\/td\u003E\n\u003C\/tr\u003E\n\u003Ctr\u003E\n\u003Ctd width=\u002266%\u0022\u003E\u003Cspan style=\u0022font-family: Verdana, Arial, Helvetica, sans-serif; font-size: xx-small;\u0022 size=\u00221\u0022 face=\u0022Verdana, Arial, Helvetica, sans-serif\u0022\u003ENauczycielskie Kolegia J\u0119zyk\u00f3w Obcych\u003C\/span\u003E\u003C\/td\u003E\n\u003Ctd width=\u002230%\u0022\u003E\u003Cbr \/\u003E\n\u003Cdiv align=\u0022center\u0022\u003E\u003Cspan style=\u0022font-family: Verdana, Arial, Helvetica, sans-serif; font-size: xx-small;\u0022 size=\u00221\u0022 face=\u0022Verdana, Arial, Helvetica, sans-serif\u0022\u003E\u003C\/span\u003E\u003C\/div\u003E\n\u003C\/td\u003E\n\u003C\/tr\u003E\n\u003Ctr\u003E\n\u003Ctd width=\u002266%\u0022\u003E\u003Cspan style=\u0022font-family: Verdana, Arial, Helvetica, sans-serif; font-size: xx-small;\u0022 size=\u00221\u0022 face=\u0022Verdana, Arial, Helvetica, sans-serif\u0022\u003Ea) dyrektor kolegium licz\u0105cego:\u003C\/span\u003E\u003C\/td\u003E\n\u003Ctd width=\u002230%\u0022\u003E\u003Cbr \/\u003E\n\u003Cdiv align=\u0022center\u0022\u003E\u003Cspan style=\u0022font-family: Verdana, Arial, Helvetica, sans-serif; font-size: xx-small;\u0022 size=\u00221\u0022 face=\u0022Verdana, Arial, Helvetica, sans-serif\u0022\u003E\u003C\/span\u003E\u003C\/div\u003E\n\u003C\/td\u003E\n\u003C\/tr\u003E\n\u003Ctr\u003E\n\u003Ctd width=\u002266%\u0022\u003E\u003Cspan style=\u0022font-family: Verdana, Arial, Helvetica, sans-serif; font-size: xx-small;\u0022 size=\u00221\u0022 face=\u0022Verdana, Arial, Helvetica, sans-serif\u0022\u003E- do 5 oddzia\u0142\u00f3w\u003C\/span\u003E\u003C\/td\u003E\n\u003Ctd width=\u002230%\u0022\u003E\u003Cbr \/\u003E\n\u003Cdiv align=\u0022center\u0022\u003E\u003Cspan style=\u0022font-family: Verdana, Arial, Helvetica, sans-serif; font-size: xx-small;\u0022 size=\u00221\u0022 face=\u0022Verdana, Arial, Helvetica, sans-serif\u0022\u003E6\u003C\/span\u003E\u003C\/div\u003E\n\u003C\/td\u003E\n\u003C\/tr\u003E\n\u003Ctr\u003E\n\u003Ctd width=\u002266%\u0022\u003E\u003Cspan style=\u0022font-family: Verdana, Arial, Helvetica, sans-serif; font-size: xx-small;\u0022 size=\u00221\u0022 face=\u0022Verdana, Arial, Helvetica, sans-serif\u0022\u003E- od 6 do 11 oddzia\u0142\u00f3w\u003C\/span\u003E\u003C\/td\u003E\n\u003Ctd width=\u002230%\u0022\u003E\u003Cbr \/\u003E\n\u003Cdiv align=\u0022center\u0022\u003E\u003Cspan style=\u0022font-family: Verdana, Arial, Helvetica, sans-serif; font-size: xx-small;\u0022 size=\u00221\u0022 face=\u0022Verdana, Arial, Helvetica, sans-serif\u0022\u003E8\u003C\/span\u003E\u003C\/div\u003E\n\u003C\/td\u003E\n\u003C\/tr\u003E\n\u003Ctr\u003E\n\u003Ctd width=\u002266%\u0022\u003E\u003Cspan style=\u0022font-family: Verdana, Arial, Helvetica, sans-serif; font-size: xx-small;\u0022 size=\u00221\u0022 face=\u0022Verdana, Arial, Helvetica, sans-serif\u0022\u003E- 12 i wi\u0119cej oddzia\u0142\u00f3w\u003C\/span\u003E\u003C\/td\u003E\n\u003Ctd width=\u002230%\u0022\u003E\u003Cbr \/\u003E\n\u003Cdiv align=\u0022center\u0022\u003E\u003Cspan style=\u0022font-family: Verdana, Arial, Helvetica, sans-serif; font-size: xx-small;\u0022 size=\u00221\u0022 face=\u0022Verdana, Arial, Helvetica, sans-serif\u0022\u003E9\u003C\/span\u003E\u003C\/div\u003E\n\u003C\/td\u003E\n\u003C\/tr\u003E\n\u003Ctr\u003E\n\u003Ctd width=\u002266%\u0022\u003E\u003Cspan style=\u0022font-family: Verdana, Arial, Helvetica, sans-serif; font-size: xx-small;\u0022 size=\u00221\u0022 face=\u0022Verdana, Arial, Helvetica, sans-serif\u0022\u003Eb) wicedyrektor\u003C\/span\u003E\u003C\/td\u003E\n\u003Ctd width=\u002230%\u0022\u003E\u003Cbr \/\u003E\n\u003Cdiv align=\u0022center\u0022\u003E\u003Cspan style=\u0022font-family: Verdana, Arial, Helvetica, sans-serif; font-size: xx-small;\u0022 size=\u00221\u0022 face=\u0022Verdana, Arial, Helvetica, sans-serif\u0022\u003E6\u003C\/span\u003E\u003C\/div\u003E\n\u003C\/td\u003E\n\u003C\/tr\u003E\n\u003Ctr\u003E\n\u003Ctd width=\u002266%\u0022\u003E\u003Cspan style=\u0022font-family: Verdana, Arial, Helvetica, sans-serif; font-size: xx-small;\u0022 size=\u00221\u0022 face=\u0022Verdana, Arial, Helvetica, sans-serif\u0022\u003Ec) kierownik praktyki pedagogicznej\u003C\/span\u003E\u003C\/td\u003E\n\u003Ctd width=\u002230%\u0022\u003E\u003Cbr \/\u003E\n\u003Cdiv align=\u0022center\u0022\u003E\u003Cspan style=\u0022font-family: Verdana, Arial, Helvetica, sans-serif; font-size: xx-small;\u0022 size=\u00221\u0022 face=\u0022Verdana, Arial, Helvetica, sans-serif\u0022\u003E6\u003C\/span\u003E\u003C\/div\u003E\n\u003C\/td\u003E\n\u003C\/tr\u003E\n\u003Ctr\u003E\n\u003Ctd width=\u002266%\u0022\u003E\u003Cspan style=\u0022font-family: Verdana, Arial, Helvetica, sans-serif; font-size: xx-small;\u0022 size=\u00221\u0022 face=\u0022Verdana, Arial, Helvetica, sans-serif\u0022\u003Ed) kierownik specjalno\u015bci\u003C\/span\u003E\u003C\/td\u003E\n\u003Ctd width=\u002230%\u0022\u003E\u003Cbr \/\u003E\n\u003Cdiv align=\u0022center\u0022\u003E\u003Cspan style=\u0022font-family: Verdana, Arial, Helvetica, sans-serif; font-size: xx-small;\u0022 size=\u00221\u0022 face=\u0022Verdana, Arial, Helvetica, sans-serif\u0022\u003E4\u003C\/span\u003E\u003C\/div\u003E\n\u003C\/td\u003E\n\u003C\/tr\u003E\n\u003Ctr\u003E\n\u003Ctd width=\u002266%\u0022\u003E\u003Cspan style=\u0022font-family: Verdana, Arial, Helvetica, sans-serif; font-size: xx-small;\u0022 size=\u00221\u0022 face=\u0022Verdana, Arial, Helvetica, sans-serif\u0022\u003Ee) kierownik biblioteki\u003C\/span\u003E\u003C\/td\u003E\n\u003Ctd width=\u002230%\u0022\u003E\u003Cbr \/\u003E\n\u003Cdiv align=\u0022center\u0022\u003E\u003Cspan style=\u0022font-family: Verdana, Arial, Helvetica, sans-serif; font-size: xx-small;\u0022 size=\u00221\u0022 face=\u0022Verdana, Arial, Helvetica, sans-serif\u0022\u003E10\u003C\/span\u003E\u003C\/div\u003E\n\u003C\/td\u003E\n\u003C\/tr\u003E\n\u003C\/tbody\u003E\n\u003C\/table\u003E\n\u003Cbr \/\u003E\n\u003Cp\u003E\u00a0\u003C\/p\u003E\n\u003Cbr \/\u003E\n\u003Cp\u003E2) w \u00a7 4 wyraz \u201eZarz\u0105d\u201d zast\u0119puje si\u0119 wyrazami \u201eMarsza\u0142ek Wojew\u00f3dztwa.\u201d\u003C\/p\u003E\n\u003Cbr \/\u003E\n\u003Cp align=\u0022center\u0022\u003E\u00a7 2\u003C\/p\u003E\n\u003Cbr \/\u003E\n\u003Cp\u003EWykonanie uchwa\u0142y powierzy\u0107 Zarz\u0105dowi Wojew\u00f3dztwa \u015al\u0105skiego.\u003C\/p\u003E\n\u003Cbr \/\u003E\n\u003Cp align=\u0022center\u0022\u003E\u00a7 3\u003C\/p\u003E\n\u003Cbr \/\u003E\n\u003Cp\u003EUchwa\u0142a wchodzi w \u017cycie po up\u0142ywie 14 dni od og\u0142oszenia w Dzienniku Urz\u0119dowym Wojew\u00f3dztwa \u015al\u0105skiego.\u003C\/p\u003E\n\u003Cbr \/\u003E \u003Cbr \/\u003E Zbigniew Wieczorek \u003Cbr \/\u003E Przewodnicz\u0105cy Sejmiku \u003Cbr \/\u003E Wojew\u00f3dztwa \u015al\u0105skiego\u003C\/div\u003E\n\u003C\/div\u003E","promotion":false}},{"id":"bf6dbc25-d119-11e7-80a9-005056b46601","type":"Gallery","name":"Galeria","description":"Galeria"},{"id":"bf6e1f6b-d119-11e7-80a9-005056b46601","type":"Attachment","name":"Za\u0142\u0105czniki","description":"Za\u0142\u0105czniki do strony"},{"id":"eba03b25-d9a7-11e7-b355-005056b70dba","type":"PageTitle","name":"","description":"Tytu\u0142 strony","content":{"title":"Uchwa\u0142a Sejmiku nr II\/10\/1\/2003 z dnia 2003-07-07"}},{"id":"eba07701-d9a7-11e7-b355-005056b70dba","type":"PageDescription","name":"","description":"Zajawka strony","content":[]},{"id":"1b1a7940-ff78-11e7-b81e-005056b7801d","type":"SectionDescription","name":"","description":"Zajawka sekcji","content":[]}]}