{"id":27319,"name":"uchwala-sejmiku-nr-ii10162003-z-dnia-2003-07-07","title":"Uchwa\u0142a Sejmiku nr II\/10\/16\/2003 z dnia 2003-07-07","desc":"","header":"Uchwa\u0142a Sejmiku nr II\/10\/16\/2003 z dnia 2003-07-07","lead":"","keywords":"","changes":"Migracja danych","menu":"","path":"\/sejmik_wojewodztwa\/sesje_sejmiku\/uchwaly\/uchwala-sejmiku-nr-ii10162003-z-dnia-2003-07-07.html","url":"\/sejmik_wojewodztwa\/sesje_sejmiku\/uchwaly\/uchwala-sejmiku-nr-ii10162003-z-dnia-2003-07-07.html","infoOwner":"Urz\u0105d Marsza\u0142kowski Wojew\u00f3dztwa \u015al\u0105skiego","dateFirstPublicate":"2022-03-04 11:48:44","dateLastVersionPublicate":"2022-03-04 11:48:44","dateAvailableFrom":"2022-03-04 11:44:43","dateAvailableTo":"","type":"Uchwa\u0142a Sejmiku","pageParams":[{"id":"225","name":"DATA_OGLOSZENIA","description":"Data og\u0142oszenia","value":"2003-07-07"},{"id":"235","name":"W sprawie","description":"W sprawie","value":"w sprawie pozbawienia kategorii dr\u00f3g wojew\u00f3dzkich niekt\u00f3rych ulic le\u017c\u0105cych w ci\u0105gach dr\u00f3g wojew\u00f3dzkich Nr 932 i 935 na terenie miasta \u017bory i zaliczenia do kategorii dr\u00f3g wojew\u00f3dzkich innych ulic zlokalizowanych na terenie miasta \u017bory oraz ustalenia przebiegu dr\u00f3g wojew\u00f3dzkich w granicach administracyjnych miasta \u017bory"},{"id":"299","name":"NUMER_UCHWALY_SEJMIKU","description":"Numer uchwa\u0142y","value":"II\/10\/16\/2003"}],"components":[{"id":"bf6d5eba-d119-11e7-80a9-005056b46601","type":"ContentWYSIWYG","name":"Tre\u015b\u0107","description":"Tre\u015b\u0107 strony","content":{"content":"\u003Cdiv class=\u0022lead1\u0022\u003ENa podstawie\u003Cbr \/\u003Eart. 14 ust. 1 pkt 10 oraz art. 18 pkt 20\u003Cbr \/\u003E ustawy z dnia 5 czerwca 1998 roku o samorz\u0105dzie wojew\u00f3dztwa\u003Cbr \/\u003E (Dz. U. Nr 142 z 2001 roku, poz. 1590 z p\u00f3\u017an. zm.)\u003Cbr \/\u003E w zwi\u0105zku z art. 6 oraz art. 10 ust. 1\u003Cbr \/\u003E ustawy z dnia 21 marca 1985 roku o drogach publicznych\u003Cbr \/\u003E (Dz. U. Nr 71 z 2000 roku, poz. 838 z p\u00f3\u017an. zm.)\u003Cbr \/\u003E po zasi\u0119gni\u0119ciu opinii Prezydenta Miasta \u017bory oraz w porozumieniu z Ministrem Obrony Narodowej i Ministrem Infrastruktury\u003C\/div\u003E\n\u003Cdiv class=\u0022tresc\u0022\u003E\n\u003Cp align=\u0022center\u0022\u003E\u00a7 1\u003C\/p\u003E\n\u003Cbr \/\u003E\n\u003Cp\u003EPozbawi\u0107 kategorii drogi wojew\u00f3dzkiej odcinek le\u017c\u0105cy w ci\u0105gu drogi wojew\u00f3dzkiej nr 932 tj. ul. Wodzis\u0142awsk\u0105 (od skrzy\u017cowania z al. Armii Krajowej do ronda z ul. Stodoln\u0105), celem zaliczenia go w trybie uchwa\u0142y Rady Miasta \u017bory do kategorii dr\u00f3g powiatowych.\u003C\/p\u003E\n\u003Cbr \/\u003E\n\u003Cp align=\u0022center\u0022\u003E\u00a7 2\u003C\/p\u003E\n\u003Cbr \/\u003E\n\u003Cp\u003EPozbawi\u0107 kategorii drogi wojew\u00f3dzkiej odcinek przebiegaj\u0105cy w ci\u0105gu drogi wojew\u00f3dzkiej nr 935, tj. ul. Rybnick\u0105 pocz\u0105wszy od skrzy\u017cowania z ul. Szczejkowick\u0105, nast\u0119pnie fragment ul M\u0119czennik\u00f3w O\u015bwi\u0119cimskich i ul. Pszczy\u0144skiej do skrzy\u017cowania z ul. Katowick\u0105, celem zaliczenia go w trybie uchwa\u0142y Rady Miasta \u017bory do kategorii dr\u00f3g powiatowych.\u003C\/p\u003E\n\u003Cbr \/\u003E\n\u003Cp align=\u0022center\u0022\u003E\u00a7 3\u003C\/p\u003E\n\u003Cbr \/\u003E\n\u003Cp\u003EZaliczy\u0107 do kategorii dr\u00f3g wojew\u00f3dzkich Al. Armii Krajowej (od skrzy\u017cowania z ul. Rybnick\u0105 do skrzy\u017cowania z al. Armii Ludowej), po uprzednim pozbawieniu jej kategorii drogi powiatowej w trybie uchwa\u0142y Rady Miasta \u017bory, celem przy\u0142\u0105czenia ww. odcinka drogi do ci\u0105gu drogi wojew\u00f3dzkiej Nr 935.\u003C\/p\u003E\n\u003Cbr \/\u003E\n\u003Cp align=\u0022center\u0022\u003E\u00a7 4\u003C\/p\u003E\n\u003Cbr \/\u003E\n\u003Cp\u003EZaliczy\u0107 do kategorii dr\u00f3g wojew\u00f3dzkich Al. Armii Ludowej (od skrzy\u017cowania z Al. Armii Krajowej do skrzy\u017cowania z ul. Ko\u015bciuszki), po uprzednim pozbawieniu jej kategorii drogi powiatowej w trybie uchwa\u0142y Rady Miasta \u017bory, celem przy\u0142\u0105czenia wy\u017cej wymienionego odcinka drogi do ci\u0105gu drogi wojew\u00f3dzkiej Nr 935.\u003C\/p\u003E\n\u003Cbr \/\u003E\n\u003Cp align=\u0022center\u0022\u003E\u00a7 5\u003C\/p\u003E\n\u003Cbr \/\u003E\n\u003Cp\u003EUstali\u0107 nast\u0119puj\u0105cy przebieg dr\u00f3g wojew\u00f3dzkich na terenie miasta \u017bory:\u003C\/p\u003E\n\u003Cbr \/\u003E\n\u003Ctable width=\u0022100%\u0022 cellspacing=\u00221\u0022 cellpadding=\u00221\u0022 border=\u00221\u0022\u003E\n\u003Ctbody\u003E\n\u003Ctr\u003E\n\u003Ctd width=\u002214%\u0022\u003E\u003Cbr \/\u003E\n\u003Cdiv align=\u0022center\u0022\u003E\u003Cspan style=\u0022font-family: Verdana, Arial, Helvetica, sans-serif; font-size: xx-small;\u0022 size=\u00221\u0022 face=\u0022Verdana, Arial, Helvetica, sans-serif\u0022\u003E\u003Cb\u003ENr drogi wojew\u00f3dzkiej\u003C\/b\u003E\u003C\/span\u003E\u003C\/div\u003E\n\u003C\/td\u003E\n\u003Ctd width=\u002226%\u0022\u003E\u003Cbr \/\u003E\n\u003Cdiv align=\u0022center\u0022\u003E\u003Cspan style=\u0022font-family: Verdana, Arial, Helvetica, sans-serif; font-size: xx-small;\u0022 size=\u00221\u0022 face=\u0022Verdana, Arial, Helvetica, sans-serif\u0022\u003E\u003Cb\u003EPrzebieg ulicami \u003C\/b\u003E\u003C\/span\u003E\u003C\/div\u003E\n\u003C\/td\u003E\n\u003Ctd width=\u002230%\u0022\u003E\u003Cbr \/\u003E\n\u003Cdiv align=\u0022center\u0022\u003E\u003Cspan style=\u0022font-family: Verdana, Arial, Helvetica, sans-serif; font-size: xx-small;\u0022 size=\u00221\u0022 face=\u0022Verdana, Arial, Helvetica, sans-serif\u0022\u003E\u003Cb\u003EOd ....\u003C\/b\u003E\u003C\/span\u003E\u003C\/div\u003E\n\u003C\/td\u003E\n\u003Ctd width=\u002230%\u0022\u003E\u003Cbr \/\u003E\n\u003Cdiv align=\u0022center\u0022\u003E\u003Cspan style=\u0022font-family: Verdana, Arial, Helvetica, sans-serif; font-size: xx-small;\u0022 size=\u00221\u0022 face=\u0022Verdana, Arial, Helvetica, sans-serif\u0022\u003E\u003Cb\u003EDo .....\u003C\/b\u003E\u003C\/span\u003E\u003C\/div\u003E\n\u003C\/td\u003E\n\u003C\/tr\u003E\n\u003Ctr\u003E\n\u003Ctd rowspan=\u00222\u0022 width=\u002214%\u0022 valign=\u0022top\u0022\u003E\u003Cbr \/\u003E\n\u003Cdiv align=\u0022center\u0022\u003E\u003Cspan style=\u0022font-family: Verdana, Arial, Helvetica, sans-serif; font-size: xx-small;\u0022 size=\u00221\u0022 face=\u0022Verdana, Arial, Helvetica, sans-serif\u0022\u003EDW 924\u003C\/span\u003E\u003C\/div\u003E\n\u003C\/td\u003E\n\u003Ctd width=\u002226%\u0022\u003E\u003Cspan style=\u0022font-family: Verdana, Arial, Helvetica, sans-serif; font-size: xx-small;\u0022 size=\u00221\u0022 face=\u0022Verdana, Arial, Helvetica, sans-serif\u0022\u003Eul. Szczejkowicka\u003C\/span\u003E\u003C\/td\u003E\n\u003Ctd width=\u002230%\u0022\u003E\u003Cspan style=\u0022font-family: Verdana, Arial, Helvetica, sans-serif; font-size: xx-small;\u0022 size=\u00221\u0022 face=\u0022Verdana, Arial, Helvetica, sans-serif\u0022\u003Egranica miasta\u003C\/span\u003E\u003C\/td\u003E\n\u003Ctd width=\u002230%\u0022\u003E\u003Cspan style=\u0022font-family: Verdana, Arial, Helvetica, sans-serif; font-size: xx-small;\u0022 size=\u00221\u0022 face=\u0022Verdana, Arial, Helvetica, sans-serif\u0022\u003Ekrzy\u017c. z ul. Rybnick\u0105 \u003C\/span\u003E\u003C\/td\u003E\n\u003C\/tr\u003E\n\u003Ctr\u003E\n\u003Ctd width=\u002226%\u0022\u003E\u003Cspan style=\u0022font-family: Verdana, Arial, Helvetica, sans-serif; font-size: xx-small;\u0022 size=\u00221\u0022 face=\u0022Verdana, Arial, Helvetica, sans-serif\u0022\u003Eul. Rybnicka\u003C\/span\u003E\u003C\/td\u003E\n\u003Ctd width=\u002230%\u0022\u003E\u003Cspan style=\u0022font-family: Verdana, Arial, Helvetica, sans-serif; font-size: xx-small;\u0022 size=\u00221\u0022 face=\u0022Verdana, Arial, Helvetica, sans-serif\u0022\u003Eskrzy\u017c. z ul. Szczejkowick\u0105\u003C\/span\u003E\u003C\/td\u003E\n\u003Ctd width=\u002230%\u0022\u003E\u003Cspan style=\u0022font-family: Verdana, Arial, Helvetica, sans-serif; font-size: xx-small;\u0022 size=\u00221\u0022 face=\u0022Verdana, Arial, Helvetica, sans-serif\u0022\u003Eskrzy\u017c. z al. Armii Krajowej \u003C\/span\u003E\u003C\/td\u003E\n\u003C\/tr\u003E\n\u003Ctr\u003E\n\u003Ctd width=\u002214%\u0022\u003E\u003Cbr \/\u003E\n\u003Cdiv align=\u0022center\u0022\u003E\u003Cspan style=\u0022font-family: Verdana, Arial, Helvetica, sans-serif; font-size: xx-small;\u0022 size=\u00221\u0022 face=\u0022Verdana, Arial, Helvetica, sans-serif\u0022\u003EDW 932\u003C\/span\u003E\u003C\/div\u003E\n\u003C\/td\u003E\n\u003Ctd width=\u002226%\u0022\u003E\u003Cspan style=\u0022font-family: Verdana, Arial, Helvetica, sans-serif; font-size: xx-small;\u0022 size=\u00221\u0022 face=\u0022Verdana, Arial, Helvetica, sans-serif\u0022\u003Eul. Wodzis\u0142awska\u003C\/span\u003E\u003C\/td\u003E\n\u003Ctd width=\u002230%\u0022\u003E\u003Cspan style=\u0022font-family: Verdana, Arial, Helvetica, sans-serif; font-size: xx-small;\u0022 size=\u00221\u0022 face=\u0022Verdana, Arial, Helvetica, sans-serif\u0022\u003Egranica miasta\u003C\/span\u003E\u003C\/td\u003E\n\u003Ctd width=\u002230%\u0022\u003E\u003Cspan style=\u0022font-family: Verdana, Arial, Helvetica, sans-serif; font-size: xx-small;\u0022 size=\u00221\u0022 face=\u0022Verdana, Arial, Helvetica, sans-serif\u0022\u003Eskrzy\u017c z al. Armii Krajowej\u003C\/span\u003E\u003C\/td\u003E\n\u003C\/tr\u003E\n\u003Ctr\u003E\n\u003Ctd rowspan=\u00228\u0022 width=\u002214%\u0022 valign=\u0022top\u0022\u003E\u003Cbr \/\u003E\n\u003Cdiv align=\u0022center\u0022\u003E\u003Cspan style=\u0022font-family: Verdana, Arial, Helvetica, sans-serif; font-size: xx-small;\u0022 size=\u00221\u0022 face=\u0022Verdana, Arial, Helvetica, sans-serif\u0022\u003EDW 935\u003C\/span\u003E\u003C\/div\u003E\n\u003C\/td\u003E\n\u003Ctd width=\u002226%\u0022\u003E\u003Cspan style=\u0022font-family: Verdana, Arial, Helvetica, sans-serif; font-size: xx-small;\u0022 size=\u00221\u0022 face=\u0022Verdana, Arial, Helvetica, sans-serif\u0022\u003Eul. Rybnicka\u003C\/span\u003E\u003C\/td\u003E\n\u003Ctd width=\u002230%\u0022\u003E\u003Cspan style=\u0022font-family: Verdana, Arial, Helvetica, sans-serif; font-size: xx-small;\u0022 size=\u00221\u0022 face=\u0022Verdana, Arial, Helvetica, sans-serif\u0022\u003Egranica miasta\u003C\/span\u003E\u003C\/td\u003E\n\u003Ctd width=\u002230%\u0022\u003E\u003Cspan style=\u0022font-family: Verdana, Arial, Helvetica, sans-serif; font-size: xx-small;\u0022 size=\u00221\u0022 face=\u0022Verdana, Arial, Helvetica, sans-serif\u0022\u003Eskrzy\u017c. z al. Armii Krajowej\u003C\/span\u003E\u003C\/td\u003E\n\u003C\/tr\u003E\n\u003Ctr\u003E\n\u003Ctd width=\u002226%\u0022\u003E\u003Cspan style=\u0022font-family: Verdana, Arial, Helvetica, sans-serif; font-size: xx-small;\u0022 size=\u00221\u0022 face=\u0022Verdana, Arial, Helvetica, sans-serif\u0022\u003Eal. Armii Krajowej\u003C\/span\u003E\u003C\/td\u003E\n\u003Ctd width=\u002230%\u0022\u003E\u003Cspan style=\u0022font-family: Verdana, Arial, Helvetica, sans-serif; font-size: xx-small;\u0022 size=\u00221\u0022 face=\u0022Verdana, Arial, Helvetica, sans-serif\u0022\u003Eskrzy\u017c. z ul. Rybnick\u0105\u003C\/span\u003E\u003C\/td\u003E\n\u003Ctd width=\u002230%\u0022\u003E\u003Cspan style=\u0022font-family: Verdana, Arial, Helvetica, sans-serif; font-size: xx-small;\u0022 size=\u00221\u0022 face=\u0022Verdana, Arial, Helvetica, sans-serif\u0022\u003Eskrzy\u017c. z al. Armii Ludowej\u003C\/span\u003E\u003C\/td\u003E\n\u003C\/tr\u003E\n\u003Ctr\u003E\n\u003Ctd width=\u002226%\u0022\u003E\u003Cspan style=\u0022font-family: Verdana, Arial, Helvetica, sans-serif; font-size: xx-small;\u0022 size=\u00221\u0022 face=\u0022Verdana, Arial, Helvetica, sans-serif\u0022\u003Eal. Armii Ludowej \u003C\/span\u003E\u003C\/td\u003E\n\u003Ctd width=\u002230%\u0022\u003E\u003Cspan style=\u0022font-family: Verdana, Arial, Helvetica, sans-serif; font-size: xx-small;\u0022 size=\u00221\u0022 face=\u0022Verdana, Arial, Helvetica, sans-serif\u0022\u003Eskrzy\u017c. z al. Armii Krajowej\u003C\/span\u003E\u003C\/td\u003E\n\u003Ctd width=\u002230%\u0022\u003E\u003Cspan style=\u0022font-family: Verdana, Arial, Helvetica, sans-serif; font-size: xx-small;\u0022 size=\u00221\u0022 face=\u0022Verdana, Arial, Helvetica, sans-serif\u0022\u003Eskrzy\u017c. z ul. Ko\u015bciuszki\u003C\/span\u003E\u003C\/td\u003E\n\u003C\/tr\u003E\n\u003Ctr\u003E\n\u003Ctd width=\u002226%\u0022 height=\u002215\u0022\u003E\u003Cspan style=\u0022font-family: Verdana, Arial, Helvetica, sans-serif; font-size: xx-small;\u0022 size=\u00221\u0022 face=\u0022Verdana, Arial, Helvetica, sans-serif\u0022\u003Eul. Ko\u015bciuszki (po \u015bladze DK 81)\u003C\/span\u003E\u003C\/td\u003E\n\u003Ctd width=\u002230%\u0022 height=\u002215\u0022\u003E\u003Cspan style=\u0022font-family: Verdana, Arial, Helvetica, sans-serif; font-size: xx-small;\u0022 size=\u00221\u0022 face=\u0022Verdana, Arial, Helvetica, sans-serif\u0022\u003Eskrzy\u017c z al. Armii Ludowej\u003C\/span\u003E\u003C\/td\u003E\n\u003Ctd width=\u002230%\u0022 height=\u002215\u0022\u003E\u003Cspan style=\u0022font-family: Verdana, Arial, Helvetica, sans-serif; font-size: xx-small;\u0022 size=\u00221\u0022 face=\u0022Verdana, Arial, Helvetica, sans-serif\u0022\u003Eskrzy\u017c. ul. Katowick\u0105 \u003C\/span\u003E\u003C\/td\u003E\n\u003C\/tr\u003E\n\u003Ctr\u003E\n\u003Ctd width=\u002226%\u0022\u003E\u003Cspan style=\u0022font-family: Verdana, Arial, Helvetica, sans-serif; font-size: xx-small;\u0022 size=\u00221\u0022 face=\u0022Verdana, Arial, Helvetica, sans-serif\u0022\u003Eul. Katowicka (po \u015bladzie DK 81)\u003C\/span\u003E\u003C\/td\u003E\n\u003Ctd width=\u002230%\u0022\u003E\u003Cspan style=\u0022font-family: Verdana, Arial, Helvetica, sans-serif; font-size: xx-small;\u0022 size=\u00221\u0022 face=\u0022Verdana, Arial, Helvetica, sans-serif\u0022\u003Eskrzy\u017c. z ul. Ko\u015bciuszki\u003C\/span\u003E\u003C\/td\u003E\n\u003Ctd width=\u002230%\u0022\u003E\u003Cspan style=\u0022font-family: Verdana, Arial, Helvetica, sans-serif; font-size: xx-small;\u0022 size=\u00221\u0022 face=\u0022Verdana, Arial, Helvetica, sans-serif\u0022\u003Eskrzy\u017c. z ul. Pszczy\u0144sk\u0105\u003C\/span\u003E\u003C\/td\u003E\n\u003C\/tr\u003E\n\u003Ctr\u003E\n\u003Ctd width=\u002226%\u0022\u003E\u003Cspan style=\u0022font-family: Verdana, Arial, Helvetica, sans-serif; font-size: xx-small;\u0022 size=\u00221\u0022 face=\u0022Verdana, Arial, Helvetica, sans-serif\u0022\u003Eul. Pszczy\u0144ska \u003C\/span\u003E\u003C\/td\u003E\n\u003Ctd width=\u002230%\u0022\u003E\u003Cspan style=\u0022font-family: Verdana, Arial, Helvetica, sans-serif; font-size: xx-small;\u0022 size=\u00221\u0022 face=\u0022Verdana, Arial, Helvetica, sans-serif\u0022\u003Eskrzy\u017c. z ul. Katowick\u0105\u003C\/span\u003E\u003C\/td\u003E\n\u003Ctd width=\u002230%\u0022\u003E\u003Cspan style=\u0022font-family: Verdana, Arial, Helvetica, sans-serif; font-size: xx-small;\u0022 size=\u00221\u0022 face=\u0022Verdana, Arial, Helvetica, sans-serif\u0022\u003Eskrzy\u017c. z ul. Nowopszczy\u0144sk\u0105\u003C\/span\u003E\u003C\/td\u003E\n\u003C\/tr\u003E\n\u003Ctr\u003E\n\u003Ctd width=\u002226%\u0022\u003E\u003Cspan style=\u0022font-family: Verdana, Arial, Helvetica, sans-serif; font-size: xx-small;\u0022 size=\u00221\u0022 face=\u0022Verdana, Arial, Helvetica, sans-serif\u0022\u003Eul. Nowopszczy\u0144ska (obej\u015bcie)\u003C\/span\u003E\u003C\/td\u003E\n\u003Ctd width=\u002230%\u0022\u003E\u003Cspan style=\u0022font-family: Verdana, Arial, Helvetica, sans-serif; font-size: xx-small;\u0022 size=\u00221\u0022 face=\u0022Verdana, Arial, Helvetica, sans-serif\u0022\u003Eskrzy\u017c. z ul. Pszczy\u0144sk\u0105 \u003C\/span\u003E\u003C\/td\u003E\n\u003Ctd width=\u002230%\u0022\u003E\u003Cspan style=\u0022font-family: Verdana, Arial, Helvetica, sans-serif; font-size: xx-small;\u0022 size=\u00221\u0022 face=\u0022Verdana, Arial, Helvetica, sans-serif\u0022\u003Eskrzy\u017c. z ul. Pszczy\u0144sk\u0105\u003C\/span\u003E\u003C\/td\u003E\n\u003C\/tr\u003E\n\u003Ctr\u003E\n\u003Ctd width=\u002226%\u0022\u003E\u003Cspan style=\u0022font-family: Verdana, Arial, Helvetica, sans-serif; font-size: xx-small;\u0022 size=\u00221\u0022 face=\u0022Verdana, Arial, Helvetica, sans-serif\u0022\u003Eul. Pszczy\u0144ska\u003C\/span\u003E\u003C\/td\u003E\n\u003Ctd width=\u002230%\u0022\u003E\u003Cspan style=\u0022font-family: Verdana, Arial, Helvetica, sans-serif; font-size: xx-small;\u0022 size=\u00221\u0022 face=\u0022Verdana, Arial, Helvetica, sans-serif\u0022\u003Eskrzy\u017c. z ul. Nowopszczy\u0144sk\u0105\u003C\/span\u003E\u003C\/td\u003E\n\u003Ctd width=\u002230%\u0022\u003E\u003Cbr \/\u003E\n\u003Cp\u003E\u003Cspan style=\u0022font-family: Verdana, Arial, Helvetica, sans-serif; font-size: xx-small;\u0022 size=\u00221\u0022 face=\u0022Verdana, Arial, Helvetica, sans-serif\u0022\u003Egranica miasta \u003C\/span\u003E\u003C\/p\u003E\n\u003Cbr \/\u003E\n\u003Cp\u003E\u00a0\u003C\/p\u003E\n\u003C\/td\u003E\n\u003C\/tr\u003E\n\u003C\/tbody\u003E\n\u003C\/table\u003E\n\u003Cbr \/\u003E\n\u003Cp\u003EPrzebieg dr\u00f3g wojew\u00f3dzkich na terenie miasta \u017bory przedstawiony jest odpowiednio w za\u0142\u0105cznikach:\u003C\/p\u003E\n\u003Cbr \/\u003E\u003Cbr \/\u003E\n\u003Cul\u003E\n\u003Cli\u003EZa\u0142\u0105cznik Nr 1 \u2013 przed wprowadzeniem zmian wynikaj\u0105cych z niniejszej uchwa\u0142y\u003C\/li\u003E\n\u003Cli\u003EZa\u0142\u0105cznik Nr 2 \u2013 po wprowadzeniu zmian wynikaj\u0105cych z niniejszej uchwa\u0142y.\u003C\/li\u003E\n\u003C\/ul\u003E\n\u003Cbr \/\u003E\n\u003Cp align=\u0022center\u0022\u003E\u00a7 6\u003C\/p\u003E\n\u003Cbr \/\u003E\n\u003Cp\u003EWykonanie uchwa\u0142y powierzy\u0107 Zarz\u0105dowi Wojew\u00f3dztwa \u015al\u0105skiego.\u003C\/p\u003E\n\u003Cbr \/\u003E\n\u003Cp align=\u0022center\u0022\u003E\u00a7 7\u003C\/p\u003E\n\u003Cbr \/\u003E\n\u003Cp\u003EUchwa\u0142a podlega publikacji w Dzienniku Urz\u0119dowym Wojew\u00f3dztwa \u015al\u0105skiego.\u003C\/p\u003E\n\u003Cbr \/\u003E\n\u003Cp align=\u0022center\u0022\u003E\u00a7 8\u003C\/p\u003E\n\u003Cbr \/\u003E\n\u003Cp\u003EUchwa\u0142a wchodzi w \u017cycie po up\u0142ywie 14-tu dni od og\u0142oszenia w Dzienniku Urz\u0119dowym Wojew\u00f3dztwa \u015al\u0105skiego, z moc\u0105 obowi\u0105zuj\u0105c\u0105 od 1 stycznia 2004 roku.\u003C\/p\u003E\n\u003Cbr \/\u003E \u003Cbr \/\u003E Zbigniew Wieczorek \u003Cbr \/\u003E Przewodnicz\u0105cy Sejmiku \u003Cbr \/\u003E Wojew\u00f3dztwa \u015al\u0105skiego\u003C\/div\u003E","promotion":false}},{"id":"bf6dbc25-d119-11e7-80a9-005056b46601","type":"Gallery","name":"Galeria","description":"Galeria"},{"id":"bf6e1f6b-d119-11e7-80a9-005056b46601","type":"Attachment","name":"Za\u0142\u0105czniki","description":"Za\u0142\u0105czniki do strony","content":[{"src":"\/resource\/47146\/Za%25C5%2582%25C4%2585cznik+nr+1+do+uchwa%25C5%2582y+II-10-16-2003.jpg","extension":"JPG","name":"db55c763cd7dd517d4a2a447eaf54a3c.jpg","size":"196.79 KB"},{"src":"\/resource\/47146\/Za%25C5%2582%25C4%2585cznik+nr+2+do+uchwa%25C5%2582y+II-10-16-2003.jpg","extension":"JPG","name":"7bc787426d700c99797b716a115f8066.jpg","size":"195.08 KB"}]},{"id":"eba03b25-d9a7-11e7-b355-005056b70dba","type":"PageTitle","name":"","description":"Tytu\u0142 strony","content":{"title":"Uchwa\u0142a Sejmiku nr II\/10\/16\/2003 z dnia 2003-07-07"}},{"id":"eba07701-d9a7-11e7-b355-005056b70dba","type":"PageDescription","name":"","description":"Zajawka strony","content":[]},{"id":"1b1a7940-ff78-11e7-b81e-005056b7801d","type":"SectionDescription","name":"","description":"Zajawka sekcji","content":[]}]}