{"id":27169,"name":"uchwala-sejmiku-nr-ii1042003-z-dnia-2003-07-07","title":"Uchwa\u0142a Sejmiku nr II\/10\/4\/2003 z dnia 2003-07-07","desc":"","header":"Uchwa\u0142a Sejmiku nr II\/10\/4\/2003 z dnia 2003-07-07","lead":"","keywords":"","changes":"Migracja danych","menu":"","path":"\/sejmik_wojewodztwa\/sesje_sejmiku\/uchwaly\/uchwala-sejmiku-nr-ii1042003-z-dnia-2003-07-07.html","url":"\/sejmik_wojewodztwa\/sesje_sejmiku\/uchwaly\/uchwala-sejmiku-nr-ii1042003-z-dnia-2003-07-07.html","infoOwner":"Urz\u0105d Marsza\u0142kowski Wojew\u00f3dztwa \u015al\u0105skiego","dateFirstPublicate":"2022-02-28 08:48:33","dateLastVersionPublicate":"2022-02-28 08:48:33","dateAvailableFrom":"2022-02-28 08:47:44","dateAvailableTo":"","type":"Uchwa\u0142a Sejmiku","pageParams":[{"id":"225","name":"DATA_OGLOSZENIA","description":"Data og\u0142oszenia","value":"2003-07-07"},{"id":"235","name":"W sprawie","description":"W sprawie","value":"zmiany do uchwa\u0142y nr I\/39\/12\/2001 Sejmiku Wojew\u00f3dztwa \u015al\u0105skiego z dnia 28 sierpnia 2001 roku w sprawie utworzenia \u015brodka specjalnego przy Regionalnym O\u015brodku Doskonalenia Nauczycieli \u201eWOM\u201d w Bielsku-Bia\u0142ej"},{"id":"299","name":"NUMER_UCHWALY_SEJMIKU","description":"Numer uchwa\u0142y","value":"II\/10\/04\/2003"}],"components":[{"id":"bf6d5eba-d119-11e7-80a9-005056b46601","type":"ContentWYSIWYG","name":"Tre\u015b\u0107","description":"Tre\u015b\u0107 strony","content":{"content":"\u003Cdiv class=\u0022tresc1\u0022\u003E\n\u003Cdiv class=\u0022lead1\u0022\u003ENa podstawie\u003Cbr \/\u003Eart. 18 pkt 20\u003Cbr \/\u003E ustawy z dnia 5 czerwca 1998 roku o samorz\u0105dzie wojew\u00f3dztwa\u003Cbr \/\u003E (t.j. Dz. U. Nr 142 z 2001 roku, poz. 1590 z p\u00f3\u017an. zm.)\u003Cbr \/\u003E w zwi\u0105zku z art. 21\u003Cbr \/\u003E ustawy z dnia 26 listopada 1998 roku o finansach publicznych\u003Cbr \/\u003E (t.j. Dz. U Nr 15 z 2003 roku, poz. 148)\u003C\/div\u003E\n\u003Cdiv class=\u0022tresc\u0022\u003E\n\u003Cp align=\u0022center\u0022\u003E\u00a7 1\u003C\/p\u003E\n\u003Cbr \/\u003E\n\u003Cp\u003EW uchwale nr I\/39\/12\/2001 Sejmiku Wojew\u00f3dztwa \u015al\u0105skiego dokonuje si\u0119 nast\u0119puj\u0105cych zmian:\u003C\/p\u003E\n\u003Cbr \/\u003E\n\u003Cp\u003E- w \u00a7 2 dodaje si\u0119 zwrot \u201ewp\u0142aty od r\u00f3\u017cnych organizacji krajowych i zagranicznych w zwi\u0105zku z realizacj\u0105 program\u00f3w unijnych\u201d,\u003C\/p\u003E\n\u003Cbr \/\u003E\n\u003Cp\u003E-\u00a0w \u00a7 3 dodaje si\u0119 zwrot: \u201ewydatki wynikaj\u0105ce z przyznanych \u015brodk\u00f3w przez organizacje krajowe i zagraniczne\u201d.\u003C\/p\u003E\n\u003Cbr \/\u003E\n\u003Cp align=\u0022center\u0022\u003E\u00a7 2\u003C\/p\u003E\n\u003Cbr \/\u003E\n\u003Cp\u003EWykonanie uchwa\u0142y powierzy\u0107 Zarz\u0105dowi Wojew\u00f3dztwa \u015al\u0105skiego.\u003C\/p\u003E\n\u003Cbr \/\u003E\n\u003Cp align=\u0022center\u0022\u003E\u00a7 3\u003C\/p\u003E\n\u003Cbr \/\u003E\n\u003Cp\u003EUchwa\u0142a wchodzi w \u017cycie z dniem podj\u0119cia.\u003C\/p\u003E\n\u003Cbr \/\u003E \u003Cbr \/\u003E Zbigniew Wieczorek \u003Cbr \/\u003E Przewodnicz\u0105cy Sejmiku \u003Cbr \/\u003E Wojew\u00f3dztwa \u015al\u0105skiego\u003C\/div\u003E\n\u003C\/div\u003E","promotion":false}},{"id":"bf6dbc25-d119-11e7-80a9-005056b46601","type":"Gallery","name":"Galeria","description":"Galeria"},{"id":"bf6e1f6b-d119-11e7-80a9-005056b46601","type":"Attachment","name":"Za\u0142\u0105czniki","description":"Za\u0142\u0105czniki do strony"},{"id":"eba03b25-d9a7-11e7-b355-005056b70dba","type":"PageTitle","name":"","description":"Tytu\u0142 strony","content":{"title":"Uchwa\u0142a Sejmiku nr II\/10\/4\/2003 z dnia 2003-07-07"}},{"id":"eba07701-d9a7-11e7-b355-005056b70dba","type":"PageDescription","name":"","description":"Zajawka strony","content":[]},{"id":"1b1a7940-ff78-11e7-b81e-005056b7801d","type":"SectionDescription","name":"","description":"Zajawka sekcji","content":[]}]}