{"id":29765,"name":"uchwala-sejmiku-nr-ii111998-z-dnia-1998-12-14","title":"Uchwa\u0142a Sejmiku nr II\/11\/1998 z dnia 1998-12-14","desc":"","header":"Uchwa\u0142a Sejmiku nr II\/11\/1998 z dnia 1998-12-14","lead":"","keywords":"","changes":"Migracja danych","menu":"","path":"\/sejmik_wojewodztwa\/sesje_sejmiku\/uchwaly\/uchwala-sejmiku-nr-ii111998-z-dnia-1998-12-14.html","url":"\/sejmik_wojewodztwa\/sesje_sejmiku\/uchwaly\/uchwala-sejmiku-nr-ii111998-z-dnia-1998-12-14.html","infoOwner":"Urz\u0105d Marsza\u0142kowski Wojew\u00f3dztwa \u015al\u0105skiego","dateFirstPublicate":"2022-05-17 10:34:21","dateLastVersionPublicate":"2022-05-17 10:34:21","dateAvailableFrom":"2022-05-17 10:33:50","dateAvailableTo":"","type":"Uchwa\u0142a Sejmiku","pageParams":[{"id":"225","name":"DATA_OGLOSZENIA","description":"Data og\u0142oszenia","value":"1998-12-14"},{"id":"235","name":"W sprawie","description":"W sprawie","value":"zatrudnienia cz\u0142onk\u00f3w Zarz\u0105du Wojew\u00f3dztwa"},{"id":"299","name":"NUMER_UCHWALY_SEJMIKU","description":"Numer uchwa\u0142y","value":"II\/11\/1998"}],"components":[{"id":"bf6d5eba-d119-11e7-80a9-005056b46601","type":"ContentWYSIWYG","name":"Tre\u015b\u0107","description":"Tre\u015b\u0107 strony","content":{"content":"\u003Cdiv class=\u0022lead1\u0022\u003ENa podstawie\u003Cbr \/\u003Eart. 18 pkt. 15 i 21\u003Cbr \/\u003E ustawy z dnia 5 czerwca 1998 roku o samorz\u0105dzie wojew\u00f3dztwa\u003Cbr \/\u003E (Dz.U. Nr 91 poz. 576) w zw. z art. 73 \u00a7 1 Kodeksu pracy\u003C\/div\u003E\n\u003Cdiv class=\u0022tresc\u0022\u003E\n\u003Cdiv align=\u0022center\u0022\u003E\u00a7 1\u003C\/div\u003E\n\u003Cbr \/\u003E \u003Cbr \/\u003E 1. Postanawia si\u0119 z dniem 01.01.1999 roku nawi\u0105za\u0107 stosunek pracy na podstawie wyboru:\u003Cbr \/\u003E 1) z Marsza\u0142kiem Wojew\u00f3dztwa \u015al\u0105skiego Panem Janem Olbrychtem\u003Cbr \/\u003E 2) z Wiceprzewodnicz\u0105cymi Zarz\u0105du Wojew\u00f3dztwa \u015al\u0105skiego: Panem Janem Rzyme\u0142k\u0105\u003Cbr \/\u003E Panem Grzegorzem Szpyrk\u0105\u003Cbr \/\u003E 3) z cz\u0142onkami Zarz\u0105du Wojew\u00f3dztwa \u015al\u0105skiego: Panem Jerzym Gu\u0142\u0105\u003Cbr \/\u003E Panem Lucjanem K\u0119pk\u0105\u003Cbr \/\u003E 2. Wymienionych w ust. 1 cz\u0142onk\u00f3w Zarz\u0105du Wojew\u00f3dztwa zatrudnia si\u0119 na stanowiskach wynikaj\u0105cych z przeprowadzonych wybor\u00f3w i okre\u015blonych w stosownej uchwale Sejmiku \u015al\u0105skiego.\u003Cbr \/\u003E \u003Cbr \/\u003E\n\u003Cdiv align=\u0022center\u0022\u003E\u00a7 2\u003C\/div\u003E\n\u003Cbr \/\u003E \u003Cbr \/\u003E Wynagrodzenie cz\u0142onk\u00f3w Zarz\u0105du Wojew\u00f3dztwa zatrudnionych zgodnie z \u00a7 1 zostanie ustalone po wydaniu odpowiednich przepis\u00f3w w tym przedmiocie z tym \u017ce:\u003Cbr \/\u003E 1) Wynagrodzenie Marsza\u0142ka Wojew\u00f3dztwa ustali Sejmik odr\u0119bn\u0105 uchwa\u0142\u0105,\u003Cbr \/\u003E 2) Wynagrodzenie Wiceprzewodnicz\u0105cych i pozosta\u0142ych cz\u0142onk\u00f3w zarz\u0105du ustali Marsza\u0142ek Wojew\u00f3dztwa.\u003Cbr \/\u003E \u003Cbr \/\u003E\n\u003Cdiv align=\u0022center\u0022\u003E\u00a7 3\u003C\/div\u003E\n\u003Cbr \/\u003E \u003Cbr \/\u003E Upowa\u017cnia si\u0119 Przewodnicz\u0105cego Sejmiku \u015al\u0105skiego do podpisania stosownych dokument\u00f3w, potwierdzaj\u0105cych nawi\u0105zanie stosunku pracy zgodnie z tre\u015bci\u0105 nin. uchwa\u0142y.\u003Cbr \/\u003E \u003Cbr \/\u003E\n\u003Cdiv align=\u0022center\u0022\u003E\u00a7 4\u003C\/div\u003E\n\u003Cbr \/\u003E \u003Cbr \/\u003E Uchwa\u0142a wchodzi w \u017cycie z dniem og\u0142oszenia, z moc\u0105 obowi\u0105zuj\u0105c\u0105 od 01.01.1999 r.\u003Cbr \/\u003E \u003Cbr \/\u003E \u003Cbr \/\u003E Ryszard Ostrowski\u003Cbr \/\u003EPrzewodnicz\u0105cy Sejmiku\u003Cbr \/\u003EWojew\u00f3dztwa \u015al\u0105skiego\u003C\/div\u003E","promotion":false}},{"id":"bf6dbc25-d119-11e7-80a9-005056b46601","type":"Gallery","name":"Galeria","description":"Galeria"},{"id":"bf6e1f6b-d119-11e7-80a9-005056b46601","type":"Attachment","name":"Za\u0142\u0105czniki","description":"Za\u0142\u0105czniki do strony"},{"id":"eba03b25-d9a7-11e7-b355-005056b70dba","type":"PageTitle","name":"","description":"Tytu\u0142 strony","content":{"title":"Uchwa\u0142a Sejmiku nr II\/11\/1998 z dnia 1998-12-14"}},{"id":"eba07701-d9a7-11e7-b355-005056b70dba","type":"PageDescription","name":"","description":"Zajawka strony","content":[]},{"id":"1b1a7940-ff78-11e7-b81e-005056b7801d","type":"SectionDescription","name":"","description":"Zajawka sekcji","content":[]}]}