{"id":26797,"name":"uchwala-sejmiku-nr-ii1292003-z-dnia-2003-09-26","title":"Uchwa\u0142a Sejmiku nr II\/12\/9\/2003 z dnia 2003-09-26","desc":"","header":"Uchwa\u0142a Sejmiku nr II\/12\/9\/2003 z dnia 2003-09-26","lead":"","keywords":"","changes":"Migracja danych","menu":"","path":"\/sejmik_wojewodztwa\/sesje_sejmiku\/uchwaly\/uchwala-sejmiku-nr-ii1292003-z-dnia-2003-09-26.html","url":"\/sejmik_wojewodztwa\/sesje_sejmiku\/uchwaly\/uchwala-sejmiku-nr-ii1292003-z-dnia-2003-09-26.html","infoOwner":"Urz\u0105d Marsza\u0142kowski Wojew\u00f3dztwa \u015al\u0105skiego","dateFirstPublicate":"2022-02-17 11:42:17","dateLastVersionPublicate":"2022-02-17 11:42:17","dateAvailableFrom":"2022-02-17 11:41:26","dateAvailableTo":"","type":"Uchwa\u0142a Sejmiku","pageParams":[{"id":"225","name":"DATA_OGLOSZENIA","description":"Data og\u0142oszenia","value":"2003-09-26"},{"id":"235","name":"W sprawie","description":"W sprawie","value":"zmiany uchwa\u0142y nr II\/11\/19\/2003 Sejmiku Wojew\u00f3dztwa \u015al\u0105skiego z dnia25 sierpnia 2003 roku w sprawie przyznania dotacji na pierwsze wyposa\u017cenie gospodarstwa pomocniczego pod nazw\u0105 \u015al\u0105ski Zarz\u0105d Nieruchomo\u015bci i zwi\u0119kszenia planu finansowego \u015brodk\u00f3w specjalnych oraz gospodarstw pomocniczych"},{"id":"299","name":"NUMER_UCHWALY_SEJMIKU","description":"Numer uchwa\u0142y","value":"II\/12\/09\/2003"}],"components":[{"id":"bf6d5eba-d119-11e7-80a9-005056b46601","type":"ContentWYSIWYG","name":"Tre\u015b\u0107","description":"Tre\u015b\u0107 strony","content":{"content":"\u003Cdiv class=\u0022tresc1\u0022\u003E\n\u003Cdiv class=\u0022lead1\u0022\u003ENa podstawie\u003Cbr \/\u003Eart. 18 pkt 20\u003Cbr \/\u003E ustawy z dnia 5 czerwca 1998 roku o samorz\u0105dzie wojew\u00f3dztwa\u003Cbr \/\u003E (t. j. Dz. U. Nr 142 z 2001 roku, poz. 1590 z p\u00f3\u017an. zm.)\u003Cbr \/\u003E oraz art. 20 ust. 8 i art. 109 ust. 2 lit. a\u003Cbr \/\u003E ustawy z dnia 26 listopada 1998 roku o finansach publicznych\u003Cbr \/\u003E (t. j. Dz. U. Nr 15 z 2003 roku, poz. 148 z p\u00f3\u017an. zm.)\u003C\/div\u003E\n\u003Cdiv class=\u0022tresc\u0022\u003E\n\u003Cdiv align=\u0022center\u0022\u003E\u00a7 1\u003C\/div\u003E\n\u003Cbr \/\u003E \u003Cbr \/\u003E\n\u003Col\u003E\n\u003Cli\u003EDokona\u0107 zmian w uchwale nr II\/11\/19\/2003 Sejmiku Wojew\u00f3dztwa \u015al\u0105skiego z dnia 25 sierpnia 2003 roku w sprawie przyznania dotacji na pierwsze wyposa\u017cenie gospodarstwa pomocniczego pod nazw\u0105 \u015al\u0105ski Zarz\u0105d Nieruchomo\u015bci i zwi\u0119kszenia planu finansowego \u015brodk\u00f3w specjalnych oraz gospodarstw pomocniczych poprzez:\u003Cbr \/\u003E\n\u003Col\u003E\n\u003Cli\u003Ezast\u0105pienie w \u00a7 2 pkt b przecinka kropk\u0105, a nast\u0119pnie wykre\u015blenie wyraz\u00f3w: \u0022zgodnie z za\u0142\u0105cznikiem nr 1 do niniejszej uchwa\u0142y\u0022,\u003C\/li\u003E\n\u003Cli\u003Ewykre\u015blenie w \u00a7 3 wyraz\u00f3w: \u0022zgodnie z za\u0142\u0105cznikiem nr 2\u0022.\u003C\/li\u003E\n\u003C\/ol\u003E\n\u003C\/li\u003E\n\u003Cli\u003EPozosta\u0142e postanowienia uchwa\u0142y nie ulegaj\u0105 zmianie.\u003C\/li\u003E\n\u003C\/ol\u003E\n\u003Cbr \/\u003E \u003Cbr \/\u003E\n\u003Cdiv align=\u0022center\u0022\u003E\u00a7 2\u003C\/div\u003E\n\u003Cbr \/\u003E \u003Cbr \/\u003E Wykonanie uchwa\u0142y powierzy\u0107 Zarz\u0105dowi Wojew\u00f3dztwa \u015al\u0105skiego.\u003Cbr \/\u003E \u003Cbr \/\u003E\n\u003Cdiv align=\u0022center\u0022\u003E\u00a7 3\u003C\/div\u003E\n\u003Cbr \/\u003E \u003Cbr \/\u003E Uchwa\u0142a wchodzi w \u017cycie z dniem podj\u0119cia.\u003Cbr \/\u003E \u003Cbr \/\u003E Zbigniew Wieczorek \u003Cbr \/\u003E Przewodnicz\u0105cy Sejmiku \u003Cbr \/\u003E Wojew\u00f3dztwa \u015al\u0105skiego\u003C\/div\u003E\n\u003C\/div\u003E","promotion":false}},{"id":"bf6dbc25-d119-11e7-80a9-005056b46601","type":"Gallery","name":"Galeria","description":"Galeria"},{"id":"bf6e1f6b-d119-11e7-80a9-005056b46601","type":"Attachment","name":"Za\u0142\u0105czniki","description":"Za\u0142\u0105czniki do strony"},{"id":"eba03b25-d9a7-11e7-b355-005056b70dba","type":"PageTitle","name":"","description":"Tytu\u0142 strony","content":{"title":"Uchwa\u0142a Sejmiku nr II\/12\/9\/2003 z dnia 2003-09-26"}},{"id":"eba07701-d9a7-11e7-b355-005056b70dba","type":"PageDescription","name":"","description":"Zajawka strony","content":[]},{"id":"1b1a7940-ff78-11e7-b81e-005056b7801d","type":"SectionDescription","name":"","description":"Zajawka sekcji","content":[]}]}