{"id":26622,"name":"uchwala-sejmiku-nr-ii1712004-z-dnia-2004-02-16","title":"Uchwa\u0142a Sejmiku nr II\/17\/1\/2004 z dnia 2004-02-16","desc":"","header":"Uchwa\u0142a Sejmiku nr II\/17\/1\/2004 z dnia 2004-02-16","lead":"","keywords":"","changes":"migracja danych","menu":"","path":"\/sejmik_wojewodztwa\/sesje_sejmiku\/uchwaly\/uchwala-sejmiku-nr-ii1712004-z-dnia-2004-02-16.html","url":"\/sejmik_wojewodztwa\/sesje_sejmiku\/uchwaly\/uchwala-sejmiku-nr-ii1712004-z-dnia-2004-02-16.html","infoOwner":"Urz\u0105d Marsza\u0142kowski Wojew\u00f3dztwa \u015al\u0105skiego","dateFirstPublicate":"2022-02-11 10:46:34","dateLastVersionPublicate":"2022-02-11 10:46:34","dateAvailableFrom":"","dateAvailableTo":"","type":"Uchwa\u0142a Sejmiku","pageParams":[{"id":"225","name":"DATA_OGLOSZENIA","description":"Data og\u0142oszenia","value":"2004-02-16"},{"id":"235","name":"W sprawie","description":"W sprawie","value":"okre\u015blenia \u201eKryteri\u00f3w podzia\u0142u kwot Funduszu Pracy dla samorz\u0105d\u00f3w powiatowych Wojew\u00f3dztwa \u015al\u0105skiego na finansowanie program\u00f3w aktywnego przeciwdzia\u0142ania bezrobociu oraz innych zada\u0144 fakultatywnych\u201d"},{"id":"299","name":"NUMER_UCHWALY_SEJMIKU","description":"Numer uchwa\u0142y","value":"II\/17\/1\/2004"}],"components":[{"id":"bf6d5eba-d119-11e7-80a9-005056b46601","type":"ContentWYSIWYG","name":"Tre\u015b\u0107","description":"Tre\u015b\u0107 strony","content":{"content":"\u003Cdiv class=\u0022lead1\u0022\u003ENa podstawie\u003Cbr \/\u003Eart. 41 ust. 1\u003Cbr \/\u003E ustawy z dnia 5 czerwca 1998 roku o samorz\u0105dzie wojew\u00f3dztwa\u003Cbr \/\u003E (t. j. Dz. U. Nr 142 z 2001 roku, poz. 1590 z p\u00f3\u017an. zm.)\u003Cbr \/\u003E w zwi\u0105zku z art. 5 ust. 1 pkt 3 oraz art. 57 a ust. 6\u003Cbr \/\u003E ustawy z dnia 14 grudnia 1994 roku o zatrudnieniu i przeciwdzia\u0142aniu bezrobociu\u003Cbr \/\u003E (t. j. Dz. U. Nr 58 z 2003 roku, poz. 514 z p\u00f3\u017an. zm.)\u003C\/div\u003E\n\u003Cdiv class=\u0022tresc\u0022\u003E\n\u003Cp align=\u0022center\u0022\u003E\u00a7 1\u003C\/p\u003E\n\u003Cbr \/\u003E\n\u003Cp\u003EOkre\u015bli\u0107 \u201eKryteria podzia\u0142u kwot Funduszu Pracy dla samorz\u0105d\u00f3w powiatowych Wojew\u00f3dztwa \u015al\u0105skiego na finansowanie program\u00f3w aktywnego przeciwdzia\u0142ania bezrobociu oraz innych zada\u0144 fakultatywnych\u201d, w brzmieniu stanowi\u0105cym za\u0142\u0105cznik do niniejszej uchwa\u0142y.\u003C\/p\u003E\n\u003Cbr \/\u003E\n\u003Cp align=\u0022center\u0022\u003E\u00a7 2\u003C\/p\u003E\n\u003Cbr \/\u003E\n\u003Cp\u003EWykonanie uchwa\u0142y powierzy\u0107 Zarz\u0105dowi Wojew\u00f3dztwa \u015al\u0105skiego.\u003C\/p\u003E\n\u003Cbr \/\u003E\n\u003Cp align=\u0022center\u0022\u003E\u00a7 3\u003C\/p\u003E\n\u003Cbr \/\u003E\n\u003Cp\u003EUchwa\u0142a wchodzi w \u017cycie z dniem podj\u0119cia.\u003C\/p\u003E\n\u003C\/div\u003E","promotion":false}},{"id":"bf6dbc25-d119-11e7-80a9-005056b46601","type":"Gallery","name":"Galeria","description":"Galeria"},{"id":"bf6e1f6b-d119-11e7-80a9-005056b46601","type":"Attachment","name":"Za\u0142\u0105czniki","description":"Za\u0142\u0105czniki do strony","content":[{"src":"\/resource\/46432\/1077278700.rtf","extension":"RTF","name":"6a1766bbcbb49f50321722d664d157dc.rtf","size":"40.64 KB"}]},{"id":"eba03b25-d9a7-11e7-b355-005056b70dba","type":"PageTitle","name":"","description":"Tytu\u0142 strony","content":{"title":"Uchwa\u0142a Sejmiku nr II\/17\/1\/2004 z dnia 2004-02-16"}},{"id":"eba07701-d9a7-11e7-b355-005056b70dba","type":"PageDescription","name":"","description":"Zajawka strony","content":[]},{"id":"1b1a7940-ff78-11e7-b81e-005056b7801d","type":"SectionDescription","name":"","description":"Zajawka sekcji","content":[]}]}