{"id":26513,"name":"uchwala-sejmiku-nr-ii2132004-z-dnia-2004-06-21","title":"Uchwa\u0142a Sejmiku nr II\/21\/3\/2004 z dnia 2004-06-21","desc":"","header":"Uchwa\u0142a Sejmiku nr II\/21\/3\/2004 z dnia 2004-06-21","lead":"","keywords":"","changes":"migracja danych","menu":"","path":"\/sejmik_wojewodztwa\/sesje_sejmiku\/uchwaly\/uchwala-sejmiku-nr-ii2132004-z-dnia-2004-06-21.html","url":"\/sejmik_wojewodztwa\/sesje_sejmiku\/uchwaly\/uchwala-sejmiku-nr-ii2132004-z-dnia-2004-06-21.html","infoOwner":"Urz\u0105d Marsza\u0142kowski Wojew\u00f3dztwa \u015al\u0105skiego","dateFirstPublicate":"2022-02-10 09:54:49","dateLastVersionPublicate":"2022-02-10 09:54:49","dateAvailableFrom":"","dateAvailableTo":"","type":"Uchwa\u0142a Sejmiku","pageParams":[{"id":"225","name":"DATA_OGLOSZENIA","description":"Data og\u0142oszenia","value":"2004-06-21"},{"id":"235","name":"W sprawie","description":"W sprawie","value":"zmian bud\u017cetu Wojew\u00f3dztwa \u015al\u0105skiego na 2004 rok"},{"id":"299","name":"NUMER_UCHWALY_SEJMIKU","description":"Numer uchwa\u0142y","value":"II\/21\/03\/2004"}],"components":[{"id":"bf6d5eba-d119-11e7-80a9-005056b46601","type":"ContentWYSIWYG","name":"Tre\u015b\u0107","description":"Tre\u015b\u0107 strony","content":{"content":"\u003Cdiv class=\u0022lead1\u0022\u003ENa podstawie\u003Cbr \/\u003Eart. 18 pkt 6 ustawy z dnia 5 czerwca 1998 roku o samorz\u0105dzie wojew\u00f3dztwa (t. j. Dz. U. Nr 142 z 2001 roku, poz. 1590 z p\u00f3\u017an. zm.),\u003Cbr \/\u003E art. 112 ust. 1 i 2 pkt 5 i 6 ustawy z dnia 26 listopada 1998 roku o finansach publicznych (t. j. Dz. U. Nr 15 z 2003 roku, poz. 148 z p\u00f3\u017an. zm.)\u003C\/div\u003E\n\u003Cdiv class=\u0022tresc\u0022\u003E\n\u003Cdiv align=\u0022center\u0022\u003E\u003Cb\u003E\u00a7 1 \u003C\/b\u003E\u003C\/div\u003E\n\u003Cp\u003E1. Zmniejszy\u0107 dochody bud\u017cetu Wojew\u00f3dztwa \u015al\u0105skiego na rok 2004 w\u003C\/p\u003E\n\u003Cp\u003Edz. 758 - R\u00f3\u017cne rozliczenia\u003C\/p\u003E\n\u003Cp\u003Erozdz. 75801 - Cz\u0119\u015b\u0107 o\u015bwiatowa subwencji og\u00f3lnej dla jednostek samorz\u0105du terytorialnego\u003C\/p\u003E\n\u003Cp align=\u0022center\u0022\u003E\u003Cb\u003Eo kwot\u0119 660.323 z\u0142\u003C\/b\u003E\u003C\/p\u003E\n\u003Cp\u003Ena podstawie pisma Ministra Finans\u00f3w nr ST4-4820\/120\/2004\/259 z dnia 16 lutego 2004 roku ustalaj\u0105cego ostateczne wielko\u015bci przyznanej cz\u0119\u015bci o\u015bwiatowej subwencji og\u00f3lnej dla Wojew\u00f3dztwa \u015al\u0105skiego.\u003C\/p\u003E\n\u003Cp\u003E2. Zwi\u0119kszy\u0107 przychody bud\u017cetu Wojew\u00f3dztwa \u015al\u0105skiego na 2004 rok o kwot\u0119 \u003Cb\u003E660.323 z\u0142\u003C\/b\u003E z wolnych \u015brodk\u00f3w z lat ubieg\u0142ych jako pokrycie zmniejszonej cz\u0119\u015bci o\u015bwiatowej subwencji og\u00f3lnej.\u003C\/p\u003E\n\u003Cp\u003E\u00a7 957 - Nadwy\u017cki z lat ubieg\u0142ych.\u003C\/p\u003E\n\u003Cp align=\u0022center\u0022\u003E\u003Cb\u003E\u00a7 2\u003C\/b\u003E\u003C\/p\u003E\n\u003Cp\u003E1. Zwi\u0119kszy\u0107 wydatki bud\u017cetu Wojew\u00f3dztwa \u015al\u0105skiego na rok 2004 o \u0142\u0105czn\u0105 kwot\u0119 \u003Cb\u003E12.076.901 z\u0142 \u003C\/b\u003E:\u003C\/p\u003E\n\u003Col type=\u0022a\u0022\u003E\n\u003Cli\u003Ew dziale 600 - Transport i \u0142\u0105czno\u015b\u0107 o kwot\u0119 \u003Cb\u003E5.000.000\u003C\/b\u003E \u003Cb\u003Ez\u0142 \u003C\/b\u003Eprzeznaczon\u0105 na:\n\u003Cul\u003E\n\u003Cli\u003Ewydatki zwi\u0105zane z letnim i zimowym utrzymaniem dr\u00f3g wojew\u00f3dzkich,\u003C\/li\u003E\n\u003Cli\u003Ezadania remontowe na drogach wojew\u00f3dzkich,\u003C\/li\u003E\n\u003Cli\u003Ezwi\u0119kszenie \u0022Planu rzeczowo-finansowego inwestycji i remont\u00f3w na drogach wojew\u00f3dzkich w roku 2004\u0022 oraz wsp\u00f3\u0142finansowanie zada\u0144 inwestycyjnych w ramach procedury Wsp\u00f3\u0142finansowanie Infrastruktury Drogowej,\u003C\/li\u003E\n\u003Cli\u003Eaktualizacj\u0119 dokumentacji zwi\u0105zanej z budow\u0105 p\u00f3\u0142nocnego obej\u015bcia \u017bywca - etap II, oraz przygotowanie dokumentacji zada\u0144 przewidzianych do finansowania ze \u015brodk\u00f3w strukturalnych Zintegrowanego Programu Operacyjnego Rozwoju Regionalnego,\u003C\/li\u003E\n\u003C\/ul\u003E\n\u003C\/li\u003E\n\u003Cli\u003Ew dziale 700 - Gospodarka mieszkaniowa o kwot\u0119 \u003Cb\u003E835.000 z\u0142 \u003C\/b\u003Eprzeznaczon\u0105 na sfinansowanie koszt\u00f3w utrzymania nieruchomo\u015bci przez gospodarstwo pomocnicze - \u015al\u0105ski Zarz\u0105d Nieruchomo\u015bci\u003C\/li\u003E\n\u003Cli\u003Ew dziale 750 - Administracja publiczna o kwot\u0119 \u003Cb\u003E366.001 z\u0142\u003C\/b\u003E przeznaczon\u0105 na:\n\u003Cul\u003E\n\u003Cli\u003Eopracowanie studium wykonalno\u015bci do projektu Systemu Elektronicznej Komunikacji dla Administracji Publicznej w Wojew\u00f3dztwie \u015al\u0105skim,\u003Cbr \/\u003E koszty operacyjne wdra\u017cania trzech dzia\u0142a\u0144 w ramach Sektorowego Programu Operacyjnego restrukturyzacji i modernizacji sektora \u017cywno\u015bciowego i rozwoju obszar\u00f3w wiejskich,\u003C\/li\u003E\n\u003Cli\u003Eorganizacj\u0119 szkole\u0144 i konferencji w ramach projekt\u00f3w RIS-SILESIA i PRELUDE,\u003C\/li\u003E\n\u003Cli\u003Ezadania realizowane w ramach Inicjatywy Wsp\u00f3lnotowej INTERREG III,\u003C\/li\u003E\n\u003Cli\u003Ewydatki na us\u0142ugi w zakresie weryfikacji i windykacji op\u0142at za korzystanie ze \u015brodowiska,\u003C\/li\u003E\n\u003C\/ul\u003E\n\u003C\/li\u003E\n\u003Cli\u003Ew dziale 801 - O\u015bwiata i wychowanie o kwot\u0119 \u003Cb\u003E980.600 z\u0142\u003C\/b\u003E przeznaczon\u0105 na:\n\u003Cul\u003E\n\u003Cli\u003Epokrycie koszt\u00f3w zwi\u0105zanych z po\u0142\u0105czeniem plac\u00f3wek medycznych w Gliwicach,\u003C\/li\u003E\n\u003Cli\u003Eutworzenie Centrum Kszta\u0142cenia Ustawicznego w Sosnowcu,\u003C\/li\u003E\n\u003Cli\u003Epokrycie koszt\u00f3w najmu pomieszcze\u0144 w Nauczycielskim Kolegium J\u0119zyk\u00f3w Obcych w Gliwicach,\u003C\/li\u003E\n\u003Cli\u003Epokrycie koszt\u00f3w adaptacji pomieszcze\u0144 w zwi\u0105zku z planowan\u0105 przeprowadzk\u0105 Nauczycielskiego Kolegium J\u0119zyk\u00f3w Obcych w Tychach,\u003C\/li\u003E\n\u003Cli\u003Emodernizacj\u0119 O\u015brodka Szkoleniowego w Z\u0142otym Potoku,\u003C\/li\u003E\n\u003C\/ul\u003E\n\u003C\/li\u003E\n\u003Cli\u003Ew dziale 851 - Ochrona zdrowia o \u0142\u0105czn\u0105 kwot\u0119 \u003Cb\u003E3.183.522 z\u0142\u003C\/b\u003E przeznaczon\u0105 na zadania inwestycyjne w ochronie zdrowia, z tego dla:\n\u003Cul\u003E\n\u003Cli\u003EWojew\u00f3dzkiego Szpitala Specjalistycznego nr 4 w Bytomiu,\u003C\/li\u003E\n\u003Cli\u003EWojew\u00f3dzkiego Szpitala Specjalistycznego im. NMP w Cz\u0119stochowie,\u003C\/li\u003E\n\u003Cli\u003EWojew\u00f3dzkiego Szpitala Rehabilitacyjnego dla Dzieci w Jastrz\u0119biu Zdroju,\u003C\/li\u003E\n\u003Cli\u003EBeskidzkiego Zespo\u0142u Leczniczo-Rehabilitacyjnego, Szpital Opieki D\u0142ugoterminowej w Jaworzu,\u003C\/li\u003E\n\u003Cli\u003EOkr\u0119gowego Szpitala Kolejowego w Katowicach,\u003C\/li\u003E\n\u003Cli\u003EWojew\u00f3dzkiego Szpitala Specjalistycznego nr 5 im. \u015bw. Barbary w Sosnowcu,\u003C\/li\u003E\n\u003Cli\u003EWojew\u00f3dzkiego Szpitala Specjalistycznego nr 1 w Tychach,\u003C\/li\u003E\n\u003Cli\u003E\u015al\u0105skiego Centrum Rehabilitacyjnego w Ustroniu,\u003C\/li\u003E\n\u003Cli\u003EWojew\u00f3dzkiego Szpitala Chor\u00f3b P\u0142uc w Wodzis\u0142awiu \u015al\u0105skim,\u003C\/li\u003E\n\u003Cli\u003EG\u00f3rno\u015bl\u0105skiego O\u015brodka Rehabilitacji Dzieci w Rabce,\u003C\/li\u003E\n\u003Cli\u003ESzpitala Centrum Psychiatrii w Katowicach,\u003C\/li\u003E\n\u003Cli\u003EZespo\u0142u Wojew\u00f3dzkich Przychodni Specjalistycznych w Katowicach,\u003C\/li\u003E\n\u003Cli\u003EWojew\u00f3dzkiego Zak\u0142adu Opieki nad Matk\u0105, Dzieckiem i M\u0142odzie\u017c\u0105 w Cz\u0119stochowie,\u003C\/li\u003E\n\u003Cli\u003EWojew\u00f3dzkiej Specjalistycznej Przychodni Stomatologicznej w Katowicach,\u003C\/li\u003E\n\u003C\/ul\u003E\n\u003C\/li\u003E\n\u003Cli\u003Ew dziale 853 - Pozosta\u0142e zadania w zakresie polityki spo\u0142ecznej o kwot\u0119 \u003Cb\u003E280.478 z\u0142 \u003C\/b\u003Eprzeznaczon\u0105 na pokrycie koszt\u00f3w funkcjonowania powo\u0142anej w 2004 roku Wojew\u00f3dzkiej Spo\u0142ecznej Rady ds. Os\u00f3b Niepe\u0142nosprawnych oraz zakup sprz\u0119tu informatycznego i oprogramowania na obs\u0142ug\u0119 dzia\u0142a\u0144 wynikaj\u0105cych z ustawy o rehabilitacji zawodowej i spo\u0142ecznej oraz zatrudnianiu os\u00f3b niepe\u0142nosprawnych (Dz.U. nr 123, poz. 776 z p\u00f3\u013dniejszymi zmianami),\u003C\/li\u003E\n\u003Cli\u003Ew dziale 921 - Kultura i ochrona dziedzictwa narodowego o \u0142\u0105czn\u0105 kwot\u0119 \u003Cb\u003E1.327.300 z\u0142\u003C\/b\u003E przeznaczon\u0105 na zapewnienie wk\u0142adu w\u0142asnego dla projekt\u00f3w przygotowywanych przez instytucje kultury pod fundusze strukturalne w ramach Zintegrowanego Programu Operacyjnego Rozwoju Regionalnego, z tego na:\n\u003Cul\u003E\n\u003Cli\u003Emodernizacj\u0119 kina Kosmos,\u003C\/li\u003E\n\u003Cli\u003Erewitalizacj\u0119 kompleksu pa\u0142acowo-parkowego w Kosz\u0119cinie,\u003C\/li\u003E\n\u003Cli\u003Edla \u015al\u0105skiej Internetowej Biblioteki Zbior\u00f3w Zabytkowych,\u003C\/li\u003E\n\u003Cli\u003Eadaptacj\u0119 Skansen\u00f3w G\u00f3rniczych: Kr\u00f3lowa Luiza i Guido oraz G\u0142\u00f3wnej Kluczowej Sztolni Dziedzicznej,\u003C\/li\u003E\n\u003Cli\u003Erewitalizacj\u0119 Zamku Su\u0142kowskich,\u003C\/li\u003E\n\u003C\/ul\u003E\n\u003C\/li\u003E\n\u003Cli\u003Ew dziale 926 - Kultura fizyczna i sport o \u0142\u0105czn\u0105 kwot\u0119 \u003Cb\u003E104.000 z\u0142 \u003C\/b\u003Eprzeznaczon\u0105 dla Wojew\u00f3dzkiego O\u015brodka Sportu i Rekreacji \u0022Stadion \u015al\u0105ski\u0022 w Chorzowie na zwi\u0119kszenie dotacji przedmiotowej tj. do wysoko\u015bci 50% planowanych wydatk\u00f3w zwi\u0119kszaj\u0105c stawk\u0119 dotacji przedmiotowej z 75,625% kosztu jednostkowego do 81,675%.\u003C\/li\u003E\n\u003C\/ol\u003E\n\u003Cp\u003Ewed\u0142ug wykazu stanowi\u0105cego za\u0142\u0105cznik 1 do niniejszej uchwa\u0142y.\u003C\/p\u003E\n\u003Cp align=\u0022center\u0022\u003E\u003Cb\u003E\u00a7 3\u003C\/b\u003E\u003C\/p\u003E\n\u003Cp\u003E\u0179r\u00f3d\u0142em pokrycia zwi\u0119kszonych wydatk\u00f3w bud\u017cetu Wojew\u00f3dztwa \u015al\u0105skiego na 2004 rok w wysoko\u015bci \u003Cb\u003E12.076.901 z\u003C\/b\u003E\u0142 s\u0105:\u003C\/p\u003E\n\u003Cul\u003E\n\u003Cli\u003Enadwy\u017cka bud\u017cetowa uzyskana za rok 2003 w wysoko\u015bci \u003Cb\u003E5.633.769 z\u0142\u003C\/b\u003E,\u003C\/li\u003E\n\u003Cli\u003Ewolne \u015brodki wynikaj\u0105ce z rozlicze\u0144 kredyt\u00f3w w wysoko\u015bci \u003Cb\u003E6.443.132 z\u0142,\u003C\/b\u003E\u003C\/li\u003E\n\u003C\/ul\u003E\n\u003Cp\u003E\u00a7 957 - Nadwy\u017cki z lat ubieg\u0142ych.\u003C\/p\u003E\n\u003Cp align=\u0022center\u0022\u003E\u003Cb\u003E\u00a7 4\u003C\/b\u003E\u003C\/p\u003E\n\u003Cp\u003EWykonanie uchwa\u0142y powierzy\u0107 Zarz\u0105dowi Wojew\u00f3dztwa \u015al\u0105skiego.\u003C\/p\u003E\n\u003Cp align=\u0022center\u0022\u003E\u003Cb\u003E\u00a7 5\u003C\/b\u003E\u003C\/p\u003E\n\u003Cp\u003EUchwa\u0142a wchodzi w \u017cycie z dniem podj\u0119cia.\u003C\/p\u003E\n\u003C\/div\u003E","promotion":false}},{"id":"bf6dbc25-d119-11e7-80a9-005056b46601","type":"Gallery","name":"Galeria","description":"Galeria"},{"id":"bf6e1f6b-d119-11e7-80a9-005056b46601","type":"Attachment","name":"Za\u0142\u0105czniki","description":"Za\u0142\u0105czniki do strony","content":[{"src":"\/resource\/46323\/1088591241.rtf","extension":"RTF","name":"059ec4f116b829d6daa315074b239c3b.rtf","size":"119.41 KB"}]},{"id":"eba03b25-d9a7-11e7-b355-005056b70dba","type":"PageTitle","name":"","description":"Tytu\u0142 strony","content":{"title":"Uchwa\u0142a Sejmiku nr II\/21\/3\/2004 z dnia 2004-06-21"}},{"id":"eba07701-d9a7-11e7-b355-005056b70dba","type":"PageDescription","name":"","description":"Zajawka strony","content":[]},{"id":"1b1a7940-ff78-11e7-b81e-005056b7801d","type":"SectionDescription","name":"","description":"Zajawka sekcji","content":[]}]}