{"id":26711,"name":"uchwala-sejmiku-nr-ii252002-z-dnia-2002-12-16","title":"Uchwa\u0142a Sejmiku nr II\/2\/5\/2002 z dnia 2002-12-16","desc":"","header":"Uchwa\u0142a Sejmiku nr II\/2\/5\/2002 z dnia 2002-12-16","lead":"","keywords":"","changes":"migracja danych","menu":"","path":"\/sejmik_wojewodztwa\/sesje_sejmiku\/uchwaly\/uchwala-sejmiku-nr-ii252002-z-dnia-2002-12-16.html","url":"\/sejmik_wojewodztwa\/sesje_sejmiku\/uchwaly\/uchwala-sejmiku-nr-ii252002-z-dnia-2002-12-16.html","infoOwner":"Urz\u0105d Marsza\u0142kowski Wojew\u00f3dztwa \u015al\u0105skiego","dateFirstPublicate":"2022-02-15 09:53:02","dateLastVersionPublicate":"2022-02-15 09:53:02","dateAvailableFrom":"","dateAvailableTo":"","type":"Uchwa\u0142a Sejmiku","pageParams":[{"id":"225","name":"DATA_OGLOSZENIA","description":"Data og\u0142oszenia","value":"2002-12-16"},{"id":"235","name":"W sprawie","description":"W sprawie","value":"wynagrodzenia Marsza\u0142ka Wojew\u00f3dztwa \u015al\u0105skiego"},{"id":"299","name":"NUMER_UCHWALY_SEJMIKU","description":"Numer uchwa\u0142y","value":"II\/2\/05\/2002"}],"components":[{"id":"bf6d5eba-d119-11e7-80a9-005056b46601","type":"ContentWYSIWYG","name":"Tre\u015b\u0107","description":"Tre\u015b\u0107 strony","content":{"content":"\u003Cdiv class=\u0022tresc1\u0022\u003E\n\u003Cdiv class=\u0022lead1\u0022\u003ENa podstawie\u003Cbr \/\u003Eart. 18 pkt 20\u003Cbr \/\u003E ustawy z dnia 5 czerwca 1998 roku o samorz\u0105dzie wojew\u00f3dztwa\u003Cbr \/\u003E (t.j. Dz.U. Nr 142 z 2001 roku, poz. 1590 z p\u00f3\u017an. zm.)\u003Cbr \/\u003E art. 4 pkt 1 i art. 20 ust. 2 i 3\u003Cbr \/\u003E ustawy z dnia 22 marca 1990 roku o pracownikach samorz\u0105dowych\u003Cbr \/\u003E (t.j. Dz.U. Nr 142 z 2001 roku, poz. 1593 z p\u00f3\u017an. zm.)\u003Cbr \/\u003E oraz zgodnie z Za\u0142\u0105cznikiem nr 1, 2 i Za\u0142\u0105cznikiem nr 3 Tabela III\u003Cbr \/\u003E Rozporz\u0105dzenia Rady Ministr\u00f3w z dnia 26 lipca 2000 roku\u003Cbr \/\u003E w sprawie zasad wynagradzania i wymaga\u0144 kwalifikacyjnych pracownik\u00f3w samorz\u0105dowych\u003Cbr \/\u003E zatrudnionych w urz\u0119dach gmin, starostwach powiatowych i urz\u0119dach marsza\u0142kowskich\u003Cbr \/\u003E (Dz.U. Nr 61 z 2000 roku, poz. 707 z p\u00f3\u017an. zm.)\u003C\/div\u003E\n\u003Cdiv class=\u0022tresc\u0022\u003E\n\u003Cp align=\u0022center\u0022\u003E\u00a7 1\u003C\/p\u003E\n\u003Cbr \/\u003E\n\u003Cp\u003E1. Ustali\u0107 sk\u0142adniki miesi\u0119cznego wynagrodzenia Marsza\u0142ka Wojew\u00f3dztwa \u015al\u0105skiego\u00a0- Pana Micha\u0142a Czarskiego, w nast\u0119puj\u0105cej wysoko\u015bci:\u003C\/p\u003E\n\u003Cbr \/\u003E\n\u003Cblockquote style=\u0022margin-right: 0px;\u0022\u003E\u003Cbr \/\u003E\n\u003Cp\u003Ea) wynagrodzenie zasadnicze wed\u0142ug XXIII kategorii zaszeregowania w kwocie - 5.150,00 z\u0142,\u003C\/p\u003E\n\u003Cbr \/\u003E\n\u003Cp\u003Eb) dodatek funkcyjny - 300% wed\u0142ug 10 stawki dodatku w kwocie - 2.130,00 z\u0142,\u003C\/p\u003E\n\u003Cbr \/\u003E\n\u003Cp\u003Ec) dodatek specjalny - 40% \u0142\u0105cznie od wynagrodzenia zasadniczego i dodatku funkcyjnego w kwocie - 2.912,00 z\u0142 - przyznany na okres od dnia 26 listopada 2002 roku do dnia 31 pa\u013ddziernika 2003 roku,\u003C\/p\u003E\n\u003Cbr \/\u003E\n\u003Cp\u003Ed) dodatek za wys\u0142ug\u0119 lat w kwocie - 1.030,00 z\u0142 stanowi\u0105cy 20% wynagrodzenia zasadniczego.\u003C\/p\u003E\n\u003C\/blockquote\u003E\n\u003Cbr \/\u003E\n\u003Cp\u003E2. Og\u00f3\u0142em miesi\u0119cznie wynagrodzenie wynosi - 11.222,00 z\u0142.\u003C\/p\u003E\n\u003Cbr \/\u003E\n\u003Cp align=\u0022center\u0022\u003E\u00a7 2\u003C\/p\u003E\n\u003Cbr \/\u003E\n\u003Cp\u003EWykonanie uchwa\u0142y powierzy\u0107 Przewodnicz\u0105cemu Sejmiku Wojew\u00f3dztwa \u015al\u0105skiego.\u003C\/p\u003E\n\u003Cbr \/\u003E\n\u003Cp align=\u0022center\u0022\u003E\u00a7 3\u003C\/p\u003E\n\u003Cbr \/\u003E\n\u003Cp\u003EUchwa\u0142a wchodzi w \u017cycie z dniem podj\u0119cia, z moc\u0105 obowi\u0105zuj\u0105c\u0105 od dnia 26 listopada 2002 roku.\u003C\/p\u003E\n\u003Cbr \/\u003E \u003Cbr \/\u003E Zbigniew Wieczorek \u003Cbr \/\u003E Przewodnicz\u0105cy Sejmiku \u003Cbr \/\u003E Wojew\u00f3dztwa \u015al\u0105skiego\u003C\/div\u003E\n\u003C\/div\u003E","promotion":false}},{"id":"bf6dbc25-d119-11e7-80a9-005056b46601","type":"Gallery","name":"Galeria","description":"Galeria"},{"id":"bf6e1f6b-d119-11e7-80a9-005056b46601","type":"Attachment","name":"Za\u0142\u0105czniki","description":"Za\u0142\u0105czniki do strony"},{"id":"eba03b25-d9a7-11e7-b355-005056b70dba","type":"PageTitle","name":"","description":"Tytu\u0142 strony","content":{"title":"Uchwa\u0142a Sejmiku nr II\/2\/5\/2002 z dnia 2002-12-16"}},{"id":"eba07701-d9a7-11e7-b355-005056b70dba","type":"PageDescription","name":"","description":"Zajawka strony","content":[]},{"id":"1b1a7940-ff78-11e7-b81e-005056b7801d","type":"SectionDescription","name":"","description":"Zajawka sekcji","content":[]}]}