{"id":26365,"name":"uchwala-sejmiku-nr-ii27292004-z-dnia-2004-11-15","title":"Uchwa\u0142a Sejmiku nr II\/27\/29\/2004 z dnia 2004-11-15","desc":"","header":"Uchwa\u0142a Sejmiku nr II\/27\/29\/2004 z dnia 2004-11-15","lead":"","keywords":"","changes":"migracja danych","menu":"","path":"\/sejmik_wojewodztwa\/sesje_sejmiku\/uchwaly\/uchwala-sejmiku-nr-ii27292004-z-dnia-2004-11-15.html","url":"\/sejmik_wojewodztwa\/sesje_sejmiku\/uchwaly\/uchwala-sejmiku-nr-ii27292004-z-dnia-2004-11-15.html","infoOwner":"Urz\u0105d Marsza\u0142kowski Wojew\u00f3dztwa \u015al\u0105skiego","dateFirstPublicate":"2022-02-08 15:03:51","dateLastVersionPublicate":"2022-02-08 15:03:51","dateAvailableFrom":"","dateAvailableTo":"","type":"Uchwa\u0142a Sejmiku","pageParams":[{"id":"225","name":"DATA_OGLOSZENIA","description":"Data og\u0142oszenia","value":"2004-11-15"},{"id":"235","name":"W sprawie","description":"W sprawie","value":"utworzenia \u015brodka specjalnego przy Kolegium Nauczycielskim w Bytomiu"},{"id":"299","name":"NUMER_UCHWALY_SEJMIKU","description":"Numer uchwa\u0142y","value":"II\/27\/29\/2004"}],"components":[{"id":"bf6d5eba-d119-11e7-80a9-005056b46601","type":"ContentWYSIWYG","name":"Tre\u015b\u0107","description":"Tre\u015b\u0107 strony","content":{"content":"\u003Cdiv class=\u0022lead1\u0022\u003ENa podstawie\u003Cbr \/\u003Eart. 18 pkt 20 ustawy z dnia 5 czerwca 1998 roku o samorz\u0105dzie wojew\u00f3dztwa (Dz. U. Nr 142 z 2001 roku, poz. 1590 z p\u00f3\u017an. zm.) w zwi\u0105zku z art. 21 ust. 1 pkt 1 i ust. 2 pkt 1 ustawy z dnia 26 listopada 1998 roku o finansach publicznych (Dz. U. Nr 15 z 2003 roku, poz. 148 z p\u00f3\u017an. zm.)\u003C\/div\u003E\n\u003Cdiv class=\u0022tresc\u0022\u003E\n\u003Cdiv align=\u0022center\u0022\u003E\u003Cb\u003E\u00a7 1 \u003C\/b\u003E\u003C\/div\u003E\n\u003Cp\u003EUtworzy\u0107 \u015brodek specjalny o nazwie \u0022Poprawa warunk\u00f3w realizacji ustawowych i statutowych zada\u0144 w plac\u00f3wce\u0022 przy Kolegium Nauczycielskim w Bytomiu.\u003C\/p\u003E\n\u003Cp align=\u0022center\u0022\u003E\u003Cb\u003E\u00a7 2\u003C\/b\u003E\u003C\/p\u003E\n\u003Cp\u003E\u0179r\u00f3d\u0142em przychod\u00f3w \u015brodka specjalnego b\u0119d\u0105: wp\u0142aty od s\u0142uchaczy za powtarzanie roku, wp\u0142aty za zaj\u0119cia dydaktyczne w systemie wieczorowym i zaocznym, wp\u0142aty za publikacje i wydawnictwa, wp\u0142aty z tytu\u0142u organizacji kurs\u00f3w i szkole\u0144 oraz innych form doskonalenia nauczycieli, op\u0142aty wpisowe, op\u0142aty za materia\u0142y rekrutacyjne, wp\u0142aty za egzaminy, odsetki od \u015brodk\u00f3w zgromadzonych na rachunku bankowym \u015brodka specjalnego, op\u0142aty za wydawanie duplikat\u00f3w dokument\u00f3w, inne wp\u0142ywy z tytu\u0142u \u015bwiadczonych us\u0142ug.\u003C\/p\u003E\n\u003Cp align=\u0022center\u0022\u003E\u003Cb\u003E\u00a7 3\u003C\/b\u003E\u003C\/p\u003E\n\u003Cp\u003E\u015arodki specjalne przeznacza si\u0119 na: wynagrodzenia dla nauczycieli prowadz\u0105cych zaj\u0119cia dydaktyczne w systemie wieczorowym i zaocznym, wynagrodzenia dla nauczycieli i organizator\u00f3w kurs\u00f3w i szkole\u0144 oraz innych form doskonalenia nauczycieli, wynagrodzenia za dzia\u0142alno\u015b\u0107 wydawnicz\u0105, wynagrodzenia z tytu\u0142u um\u00f3w zlecenia i um\u00f3w o dzie\u0142o, pochodne od wynagrodze\u0144, zakup materia\u0142\u00f3w i wyposa\u017cenia, zakup pomocy naukowych, dydaktycznych i ksi\u0105\u017cek, op\u0142aty za media, zakup us\u0142ug remontowych, zakup us\u0142ug pozosta\u0142ych, r\u00f3\u017cne op\u0142aty i sk\u0142adki, koszty podr\u00f3\u017cy s\u0142u\u017cbowych krajowych i zagranicznych, wydatki inwestycyjne i wydatki na zakupy inwestycyjne, wydatki na pomoc materialn\u0105 dla uczni\u00f3w, wydatki zwi\u0105zane z dzia\u0142alno\u015bci\u0105 wydawniczo-publikacyjn\u0105, inne wydatki zwi\u0105zane z przychodami \u015brodka specjalnego.\u003C\/p\u003E\n\u003Cp align=\u0022center\u0022\u003E\u003Cb\u003E\u00a7 4\u003C\/b\u003E\u003C\/p\u003E\n\u003Cp\u003EWykonanie uchwa\u0142y powierzy\u0107 Zarz\u0105dowi Wojew\u00f3dztwa \u015al\u0105skiego.\u003C\/p\u003E\n\u003Cp align=\u0022center\u0022\u003E\u003Cb\u003E\u00a7 5\u003C\/b\u003E\u003C\/p\u003E\n\u003Cp\u003ETraci moc uchwa\u0142a nr I\/45\/19\/2001 Sejmiku Wojew\u00f3dztwa \u015al\u0105skiego z dnia 28 grudnia 2001 roku w sprawie utworzenia \u015brodka specjalnego przy Kolegium Nauczycielskim w Bytomiu.\u003C\/p\u003E\n\u003Cp align=\u0022center\u0022\u003E\u003Cb\u003E\u00a7 6\u003C\/b\u003E\u003C\/p\u003E\n\u003Cp\u003EUchwa\u0142a wchodzi w \u017cycie z dniem podj\u0119cia.\u003C\/p\u003E\n\u003C\/div\u003E","promotion":false}},{"id":"bf6dbc25-d119-11e7-80a9-005056b46601","type":"Gallery","name":"Galeria","description":"Galeria"},{"id":"bf6e1f6b-d119-11e7-80a9-005056b46601","type":"Attachment","name":"Za\u0142\u0105czniki","description":"Za\u0142\u0105czniki do strony"},{"id":"eba03b25-d9a7-11e7-b355-005056b70dba","type":"PageTitle","name":"","description":"Tytu\u0142 strony","content":{"title":"Uchwa\u0142a Sejmiku nr II\/27\/29\/2004 z dnia 2004-11-15"}},{"id":"eba07701-d9a7-11e7-b355-005056b70dba","type":"PageDescription","name":"","description":"Zajawka strony","content":[]},{"id":"1b1a7940-ff78-11e7-b81e-005056b7801d","type":"SectionDescription","name":"","description":"Zajawka sekcji","content":[]}]}