{"id":26307,"name":"uchwala-sejmiku-nr-ii2752004-z-dnia-2004-11-15","title":"Uchwa\u0142a Sejmiku nr II\/27\/5\/2004 z dnia 2004-11-15","desc":"","header":"Uchwa\u0142a Sejmiku nr II\/27\/5\/2004 z dnia 2004-11-15","lead":"","keywords":"","changes":"migracja danych","menu":"","path":"\/sejmik_wojewodztwa\/sesje_sejmiku\/uchwaly\/uchwala-sejmiku-nr-ii2752004-z-dnia-2004-11-15.html","url":"\/sejmik_wojewodztwa\/sesje_sejmiku\/uchwaly\/uchwala-sejmiku-nr-ii2752004-z-dnia-2004-11-15.html","infoOwner":"Urz\u0105d Marsza\u0142kowski Wojew\u00f3dztwa \u015al\u0105skiego","dateFirstPublicate":"2022-02-08 10:28:57","dateLastVersionPublicate":"2022-02-08 10:28:57","dateAvailableFrom":"","dateAvailableTo":"","type":"Uchwa\u0142a Sejmiku","pageParams":[{"id":"225","name":"DATA_OGLOSZENIA","description":"Data og\u0142oszenia","value":"2004-11-15"},{"id":"235","name":"W sprawie","description":"W sprawie","value":"zmiany bud\u017cetu Wojew\u00f3dztwa \u015al\u0105skiego na 2004 rok"},{"id":"299","name":"NUMER_UCHWALY_SEJMIKU","description":"Numer uchwa\u0142y","value":"II\/27\/05\/2004"}],"components":[{"id":"bf6d5eba-d119-11e7-80a9-005056b46601","type":"ContentWYSIWYG","name":"Tre\u015b\u0107","description":"Tre\u015b\u0107 strony","content":{"content":"\u003Cdiv id=\u0022content\u0022\u003E\n\u003Cdiv id=\u0022aktualnosci\u0022 class=\u0022kontener\u0022\u003E\n\u003Cdiv class=\u0022tresc1\u0022\u003E\n\u003Cdiv class=\u0022lead1\u0022\u003ENa podstawie\u003Cbr \/\u003Eart. 18 pkt 6 ustawy z dnia 5 czerwca 1998 roku o samorz\u0105dzie wojew\u00f3dztwa (t. j. Dz. U. Nr 142 z 2001 roku, poz. 1590 z p\u00f3\u017an. zm.)\u003C\/div\u003E\n\u003Cdiv class=\u0022tresc\u0022\u003E\n\u003Cdiv align=\u0022center\u0022\u003E\u003Cb\u003E\u00a7 1 \u003C\/b\u003E\u003C\/div\u003E\n\u003Cp\u003EZwi\u0119kszy\u0107 o kwot\u0119 \u003Cb\u003E16.057.931 z\u0142 \u003C\/b\u003Edochody i wydatki bud\u017cetu Wojew\u00f3dztwa \u015al\u0105skiego na 2004 rok w zakresie zada\u0144 w\u0142asnych samorz\u0105du wojew\u00f3dztwa, zgodnie z wyszczeg\u00f3lnieniem:\u003C\/p\u003E\n\u003Cdiv align=\u0022right\u0022\u003Ew z\u0142\u003C\/div\u003E\n\u003Ctable class=\u0022tekst\u0022 cellspacing=\u00221\u0022 cellpadding=\u00221\u0022 border=\u00221\u0022 align=\u0022center\u0022\u003E\n\u003Ctbody\u003E\n\u003Ctr\u003E\n\u003Ctd\u003E\n\u003Cdiv align=\u0022center\u0022\u003E\u003Cb\u003EDzia\u0142\u003C\/b\u003E\u003C\/div\u003E\n\u003C\/td\u003E\n\u003Ctd\u003E\n\u003Cdiv align=\u0022center\u0022\u003E\u003Cb\u003ERozdzia\u0142\u003C\/b\u003E\u003C\/div\u003E\n\u003C\/td\u003E\n\u003Ctd\u003E\n\u003Cdiv align=\u0022center\u0022\u003E\u003Cb\u003E\u00a7\u003C\/b\u003E\u003C\/div\u003E\n\u003C\/td\u003E\n\u003Ctd\u003E\n\u003Cdiv align=\u0022center\u0022\u003E\u003Cb\u003ETre\u015b\u0107\u003C\/b\u003E\u003C\/div\u003E\n\u003C\/td\u003E\n\u003Ctd\u003E\n\u003Cdiv align=\u0022center\u0022\u003E\u003Cb\u003EDochody\u003C\/b\u003E\u003C\/div\u003E\n\u003C\/td\u003E\n\u003Ctd\u003E\n\u003Cdiv align=\u0022center\u0022\u003E\u003Cb\u003EWydatki\u003C\/b\u003E\u003C\/div\u003E\n\u003C\/td\u003E\n\u003C\/tr\u003E\n\u003Ctr\u003E\n\u003Ctd rowspan=\u00223\u0022\u003E756\u003C\/td\u003E\n\u003Ctd colspan=\u00223\u0022\u003EDochody od os\u00f3b prawnych, od os\u00f3b fizycznych i od innych jednostek nieposiadaj\u0105cych osobowo\u015bci prawnej oraz wydatki zwi\u0105zane z ich poborem\u003C\/td\u003E\n\u003Ctd\u003E\n\u003Cdiv align=\u0022right\u0022\u003E16.057.931\u003C\/div\u003E\n\u003C\/td\u003E\n\u003Ctd\u003E\n\u003Cdiv align=\u0022right\u0022\u003E16.057.931\u003C\/div\u003E\n\u003C\/td\u003E\n\u003C\/tr\u003E\n\u003Ctr\u003E\n\u003Ctd rowspan=\u00222\u0022\u003E75623\u003C\/td\u003E\n\u003Ctd colspan=\u00222\u0022\u003EUdzia\u0142y wojew\u00f3dztw w podatkach stanowi\u0105cych doch\u00f3d bud\u017cetu pa\u0144stwa\u003C\/td\u003E\n\u003Ctd\u003E\n\u003Cdiv align=\u0022right\u0022\u003E16.057.931\u003C\/div\u003E\n\u003C\/td\u003E\n\u003Ctd\u003E\n\u003Cdiv align=\u0022right\u0022\u003E\u00a0\u003C\/div\u003E\n\u003C\/td\u003E\n\u003C\/tr\u003E\n\u003Ctr\u003E\n\u003Ctd\u003E20\u003C\/td\u003E\n\u003Ctd\u003EPodatek dochodowy od os\u00f3b prawnych\u003C\/td\u003E\n\u003Ctd\u003E\n\u003Cdiv align=\u0022right\u0022\u003E16.057.931\u003C\/div\u003E\n\u003C\/td\u003E\n\u003Ctd\u003E\n\u003Cdiv align=\u0022right\u0022\u003E\u00a0\u003C\/div\u003E\n\u003C\/td\u003E\n\u003C\/tr\u003E\n\u003Ctr\u003E\n\u003Ctd rowspan=\u002210\u0022\u003E710\u003C\/td\u003E\n\u003Ctd colspan=\u00223\u0022\u003EDzia\u0142alno\u015b\u0107 us\u0142ugowa\u003C\/td\u003E\n\u003Ctd\u003E\n\u003Cdiv align=\u0022right\u0022\u003E\u00a0\u003C\/div\u003E\n\u003C\/td\u003E\n\u003Ctd\u003E\n\u003Cdiv align=\u0022right\u0022\u003E1.011.692\u003C\/div\u003E\n\u003C\/td\u003E\n\u003C\/tr\u003E\n\u003Ctr\u003E\n\u003Ctd rowspan=\u00229\u0022\u003E71095\u003C\/td\u003E\n\u003Ctd colspan=\u00222\u0022\u003EPozosta\u0142a dzia\u0142alno\u015b\u0107\u003C\/td\u003E\n\u003Ctd\u003E\n\u003Cdiv align=\u0022right\u0022\u003E\u00a0\u003C\/div\u003E\n\u003C\/td\u003E\n\u003Ctd\u003E\n\u003Cdiv align=\u0022right\u0022\u003E1.011.692\u003C\/div\u003E\n\u003C\/td\u003E\n\u003C\/tr\u003E\n\u003Ctr\u003E\n\u003Ctd\u003E2318\u003C\/td\u003E\n\u003Ctd\u003EDotacje celowe przekazane gminie na zadania bie\u017c\u0105ce realizowane na podstawie porozumie\u0144 (um\u00f3w) mi\u0119dzy jednostkami samorz\u0105du terytorialnego\u003C\/td\u003E\n\u003Ctd\u003E\n\u003Cdiv align=\u0022right\u0022\u003E\u00a0\u003C\/div\u003E\n\u003C\/td\u003E\n\u003Ctd\u003E\n\u003Cdiv align=\u0022right\u0022\u003E93.309\u003C\/div\u003E\n\u003C\/td\u003E\n\u003C\/tr\u003E\n\u003Ctr\u003E\n\u003Ctd\u003E2528\u003C\/td\u003E\n\u003Ctd\u003EDotacja podmiotowa z bud\u017cetu dla szko\u0142y wy\u017cszej\u003C\/td\u003E\n\u003Ctd\u003E\n\u003Cdiv align=\u0022right\u0022\u003E\u00a0\u003C\/div\u003E\n\u003C\/td\u003E\n\u003Ctd\u003E\n\u003Cdiv align=\u0022right\u0022\u003E42.725\u003C\/div\u003E\n\u003C\/td\u003E\n\u003C\/tr\u003E\n\u003Ctr\u003E\n\u003Ctd\u003E2538\u003C\/td\u003E\n\u003Ctd\u003EDotacja podmiotowa z bud\u017cetu dla jednostek naukowych i badawczo-rozwojowych\u003C\/td\u003E\n\u003Ctd\u003E\n\u003Cdiv align=\u0022right\u0022\u003E\u00a0\u003C\/div\u003E\n\u003C\/td\u003E\n\u003Ctd\u003E\n\u003Cdiv align=\u0022right\u0022\u003E267.725\u003C\/div\u003E\n\u003C\/td\u003E\n\u003C\/tr\u003E\n\u003Ctr\u003E\n\u003Ctd\u003E2588\u003C\/td\u003E\n\u003Ctd\u003EDotacja podmiotowa z bud\u017cetu dla jednostek niezaliczanych do sektora finans\u00f3w publicznych\u003C\/td\u003E\n\u003Ctd\u003E\n\u003Cdiv align=\u0022right\u0022\u003E\u00a0\u003C\/div\u003E\n\u003C\/td\u003E\n\u003Ctd\u003E\n\u003Cdiv align=\u0022right\u0022\u003E406.933\u003C\/div\u003E\n\u003C\/td\u003E\n\u003C\/tr\u003E\n\u003Ctr\u003E\n\u003Ctd\u003E4218\u003C\/td\u003E\n\u003Ctd\u003EZakup materia\u0142\u00f3w i wyposa\u017cenia\u003C\/td\u003E\n\u003Ctd\u003E\n\u003Cdiv align=\u0022right\u0022\u003E\u00a0\u003C\/div\u003E\n\u003C\/td\u003E\n\u003Ctd\u003E\n\u003Cdiv align=\u0022right\u0022\u003E4.800\u003C\/div\u003E\n\u003C\/td\u003E\n\u003C\/tr\u003E\n\u003Ctr\u003E\n\u003Ctd\u003E4308\u003C\/td\u003E\n\u003Ctd\u003EZakup us\u0142ug pozosta\u0142ych\u003C\/td\u003E\n\u003Ctd\u003E\n\u003Cdiv align=\u0022right\u0022\u003E\u00a0\u003C\/div\u003E\n\u003C\/td\u003E\n\u003Ctd\u003E\n\u003Cdiv align=\u0022right\u0022\u003E179.700\u003C\/div\u003E\n\u003C\/td\u003E\n\u003C\/tr\u003E\n\u003Ctr\u003E\n\u003Ctd\u003E4418\u003C\/td\u003E\n\u003Ctd\u003EPodr\u00f3\u017ce s\u0142u\u017cbowe krajowe\u003C\/td\u003E\n\u003Ctd\u003E\n\u003Cdiv align=\u0022right\u0022\u003E\u00a0\u003C\/div\u003E\n\u003C\/td\u003E\n\u003Ctd\u003E\n\u003Cdiv align=\u0022right\u0022\u003E9.450\u003C\/div\u003E\n\u003C\/td\u003E\n\u003C\/tr\u003E\n\u003Ctr\u003E\n\u003Ctd\u003E4428\u003C\/td\u003E\n\u003Ctd\u003EPodr\u00f3\u017ce s\u0142u\u017cbowe zagraniczne\u003C\/td\u003E\n\u003Ctd\u003E\n\u003Cdiv align=\u0022right\u0022\u003E\u00a0\u003C\/div\u003E\n\u003C\/td\u003E\n\u003Ctd\u003E\n\u003Cdiv align=\u0022right\u0022\u003E7.050\u003C\/div\u003E\n\u003C\/td\u003E\n\u003C\/tr\u003E\n\u003Ctr\u003E\n\u003Ctd rowspan=\u00224\u0022\u003E803\u003C\/td\u003E\n\u003Ctd colspan=\u00223\u0022\u003ESzkolnictwo wy\u017csze\u003C\/td\u003E\n\u003Ctd\u003E\n\u003Cdiv align=\u0022right\u0022\u003E\u00a0\u003C\/div\u003E\n\u003C\/td\u003E\n\u003Ctd\u003E\n\u003Cdiv align=\u0022right\u0022\u003E1.211.849\u003C\/div\u003E\n\u003C\/td\u003E\n\u003C\/tr\u003E\n\u003Ctr\u003E\n\u003Ctd rowspan=\u00223\u0022\u003E80309\u003C\/td\u003E\n\u003Ctd colspan=\u00222\u0022\u003EPomoc materialna dla student\u00f3w\u003C\/td\u003E\n\u003Ctd\u003E\n\u003Cdiv align=\u0022right\u0022\u003E\u00a0\u003C\/div\u003E\n\u003C\/td\u003E\n\u003Ctd\u003E\n\u003Cdiv align=\u0022right\u0022\u003E1.211.849\u003C\/div\u003E\n\u003C\/td\u003E\n\u003C\/tr\u003E\n\u003Ctr\u003E\n\u003Ctd\u003E2318\u003C\/td\u003E\n\u003Ctd\u003EDotacje celowe przekazane gminie na zadania bie\u017c\u0105ce realizowane na podstawie porozumie\u0144 (um\u00f3w) mi\u0119dzy jednostkami samorz\u0105du terytorialnego\u003C\/td\u003E\n\u003Ctd\u003E\n\u003Cdiv align=\u0022right\u0022\u003E\u00a0\u003C\/div\u003E\n\u003C\/td\u003E\n\u003Ctd\u003E\n\u003Cdiv align=\u0022right\u0022\u003E424.147\u003C\/div\u003E\n\u003C\/td\u003E\n\u003C\/tr\u003E\n\u003Ctr\u003E\n\u003Ctd\u003E2328\u003C\/td\u003E\n\u003Ctd\u003EDotacje celowe przekazane dla powiatu na zadania bie\u017c\u0105ce realizowane na podstawie porozumie\u0144 (um\u00f3w) mi\u0119dzy jednostkami samorz\u0105du terytorialnego\u003C\/td\u003E\n\u003Ctd\u003E\n\u003Cdiv align=\u0022right\u0022\u003E\u00a0\u003C\/div\u003E\n\u003C\/td\u003E\n\u003Ctd\u003E\n\u003Cdiv align=\u0022right\u0022\u003E787.702\u003C\/div\u003E\n\u003C\/td\u003E\n\u003C\/tr\u003E\n\u003Ctr\u003E\n\u003Ctd rowspan=\u00224\u0022\u003E853\u003C\/td\u003E\n\u003Ctd colspan=\u00223\u0022\u003EPozosta\u0142e zadania w zakresie polityki spo\u0142ecznej\u003C\/td\u003E\n\u003Ctd\u003E\n\u003Cdiv align=\u0022right\u0022\u003E\u00a0\u003C\/div\u003E\n\u003C\/td\u003E\n\u003Ctd\u003E\n\u003Cdiv align=\u0022right\u0022\u003E7.163.684\u003C\/div\u003E\n\u003C\/td\u003E\n\u003C\/tr\u003E\n\u003Ctr\u003E\n\u003Ctd rowspan=\u00223\u0022\u003E85332\u003C\/td\u003E\n\u003Ctd colspan=\u00222\u0022\u003EWojew\u00f3dzkie urz\u0119dy pracy\u003C\/td\u003E\n\u003Ctd\u003E\n\u003Cdiv align=\u0022right\u0022\u003E\u00a0\u003C\/div\u003E\n\u003C\/td\u003E\n\u003Ctd\u003E\n\u003Cdiv align=\u0022right\u0022\u003E7.163.684\u003C\/div\u003E\n\u003C\/td\u003E\n\u003C\/tr\u003E\n\u003Ctr\u003E\n\u003Ctd\u003E2578\u003C\/td\u003E\n\u003Ctd\u003EDotacja podmiotowa z bud\u017cetu dla pozosta\u0142ych jednostek sektora finans\u00f3w publicznych\u003C\/td\u003E\n\u003Ctd\u003E\n\u003Cdiv align=\u0022right\u0022\u003E\u00a0\u003C\/div\u003E\n\u003C\/td\u003E\n\u003Ctd\u003E\n\u003Cdiv align=\u0022right\u0022\u003E2.149.105\u003C\/div\u003E\n\u003C\/td\u003E\n\u003C\/tr\u003E\n\u003Ctr\u003E\n\u003Ctd\u003E2588\u003C\/td\u003E\n\u003Ctd\u003EDotacja podmiotowa z bud\u017cetu dla jednostek niezaliczanych do sektora finans\u00f3w publicznych\u003C\/td\u003E\n\u003Ctd\u003E\n\u003Cdiv align=\u0022right\u0022\u003E\u00a0\u003C\/div\u003E\n\u003C\/td\u003E\n\u003Ctd\u003E\n\u003Cdiv align=\u0022right\u0022\u003E5.014.579\u003C\/div\u003E\n\u003C\/td\u003E\n\u003C\/tr\u003E\n\u003Ctr\u003E\n\u003Ctd rowspan=\u00224\u0022\u003E854\u003C\/td\u003E\n\u003Ctd colspan=\u00223\u0022\u003EEdukacyjna opieka wychowawcza\u003C\/td\u003E\n\u003Ctd\u003E\n\u003Cdiv align=\u0022right\u0022\u003E\u00a0\u003C\/div\u003E\n\u003C\/td\u003E\n\u003Ctd\u003E\n\u003Cdiv align=\u0022right\u0022\u003E6.670.706\u003C\/div\u003E\n\u003C\/td\u003E\n\u003C\/tr\u003E\n\u003Ctr\u003E\n\u003Ctd rowspan=\u00223\u0022\u003E85415\u003C\/td\u003E\n\u003Ctd colspan=\u00222\u0022\u003EPomoc materialna dla uczni\u00f3w\u003C\/td\u003E\n\u003Ctd\u003E\n\u003Cdiv align=\u0022right\u0022\u003E\u00a0\u003C\/div\u003E\n\u003C\/td\u003E\n\u003Ctd\u003E\n\u003Cdiv align=\u0022right\u0022\u003E6.670.706\u003C\/div\u003E\n\u003C\/td\u003E\n\u003C\/tr\u003E\n\u003Ctr\u003E\n\u003Ctd\u003E2318\u003C\/td\u003E\n\u003Ctd\u003EDotacje celowe przekazane dla powiatu na zadania bie\u017c\u0105ce realizowane na podstawie porozumie\u0144 (um\u00f3w) mi\u0119dzy jednostkami samorz\u0105du terytorialnego\u003C\/td\u003E\n\u003Ctd\u003E\n\u003Cdiv align=\u0022right\u0022\u003E\u00a0\u003C\/div\u003E\n\u003C\/td\u003E\n\u003Ctd\u003E\n\u003Cdiv align=\u0022right\u0022\u003E1.667.677\u003C\/div\u003E\n\u003C\/td\u003E\n\u003C\/tr\u003E\n\u003Ctr\u003E\n\u003Ctd\u003E2328\u003C\/td\u003E\n\u003Ctd\u003EDotacje celowe przekazane dla powiatu na zadania bie\u017c\u0105ce realizowane na podstawie porozumie\u0144 (um\u00f3w) mi\u0119dzy jednostkami samorz\u0105du terytorialnego\u003C\/td\u003E\n\u003Ctd\u003E\n\u003Cdiv align=\u0022right\u0022\u003E\u00a0\u003C\/div\u003E\n\u003C\/td\u003E\n\u003Ctd\u003E\n\u003Cdiv align=\u0022right\u0022\u003E5.003.029\u003C\/div\u003E\n\u003C\/td\u003E\n\u003C\/tr\u003E\n\u003Ctr\u003E\n\u003Ctd colspan=\u00224\u0022\u003E\n\u003Cdiv align=\u0022right\u0022\u003E\u003Cb\u003ERAZEM\u003C\/b\u003E\u003C\/div\u003E\n\u003C\/td\u003E\n\u003Ctd\u003E\n\u003Cdiv align=\u0022right\u0022\u003E\u003Cb\u003E16.057.931\u003C\/b\u003E\u003C\/div\u003E\n\u003C\/td\u003E\n\u003Ctd\u003E\n\u003Cdiv align=\u0022right\u0022\u003E\u003Cb\u003E16.057.931\u003C\/b\u003E\u003C\/div\u003E\n\u003C\/td\u003E\n\u003C\/tr\u003E\n\u003C\/tbody\u003E\n\u003C\/table\u003E\n\u003Cp\u003EPowy\u017cszych zmian dokonuje si\u0119 w zwi\u0105zku ze zwi\u0119kszeniem dochod\u00f3w bud\u017cetu Wojew\u00f3dztwa \u015al\u0105skiego z tytu\u0142u udzia\u0142u w podatku dochodowym od os\u00f3b prawnych (CIT) z przeznaczeniem na zabezpieczenie \u015brodk\u00f3w na finansowanie dzia\u0142a\u0144 w ramach Priorytetu II Zintegrowanego Programu Operacyjnego Rozwoju Regionalnego w 2004 roku.\u003C\/p\u003E\n\u003Cp align=\u0022center\u0022\u003E\u003Cb\u003E\u00a7 2\u003C\/b\u003E\u003C\/p\u003E\n\u003Cp\u003EWykonanie uchwa\u0142y powierzy\u0107 Zarz\u0105dowi Wojew\u00f3dztwa \u015al\u0105skiego.\u003C\/p\u003E\n\u003Cp align=\u0022center\u0022\u003E\u003Cb\u003E\u00a7 3\u003C\/b\u003E\u003C\/p\u003E\n\u003Cp\u003EUchwa\u0142a wchodzi w \u017cycie z dniem podj\u0119cia.\u003C\/p\u003E\n\u003C\/div\u003E\n\u003C\/div\u003E\n\u003C\/div\u003E\n\u003C\/div\u003E","promotion":false}},{"id":"bf6dbc25-d119-11e7-80a9-005056b46601","type":"Gallery","name":"Galeria","description":"Galeria"},{"id":"bf6e1f6b-d119-11e7-80a9-005056b46601","type":"Attachment","name":"Za\u0142\u0105czniki","description":"Za\u0142\u0105czniki do strony"},{"id":"eba03b25-d9a7-11e7-b355-005056b70dba","type":"PageTitle","name":"","description":"Tytu\u0142 strony","content":{"title":"Uchwa\u0142a Sejmiku nr II\/27\/5\/2004 z dnia 2004-11-15"}},{"id":"eba07701-d9a7-11e7-b355-005056b70dba","type":"PageDescription","name":"","description":"Zajawka strony","content":[]},{"id":"1b1a7940-ff78-11e7-b81e-005056b7801d","type":"SectionDescription","name":"","description":"Zajawka sekcji","content":[]}]}