{"id":26122,"name":"uchwala-sejmiku-nr-ii29132004-z-dnia-2004-12-20","title":"Uchwa\u0142a Sejmiku nr II\/29\/13\/2004 z dnia 2004-12-20","desc":"","header":"Uchwa\u0142a Sejmiku nr II\/29\/13\/2004 z dnia 2004-12-20","lead":"","keywords":"","changes":"migracja danych","menu":"","path":"\/sejmik_wojewodztwa\/sesje_sejmiku\/uchwaly\/uchwala-sejmiku-nr-ii29132004-z-dnia-2004-12-20.html","url":"\/sejmik_wojewodztwa\/sesje_sejmiku\/uchwaly\/uchwala-sejmiku-nr-ii29132004-z-dnia-2004-12-20.html","infoOwner":"Urz\u0105d Marsza\u0142kowski Wojew\u00f3dztwa \u015al\u0105skiego","dateFirstPublicate":"2022-02-01 13:45:57","dateLastVersionPublicate":"2022-02-01 13:45:57","dateAvailableFrom":"","dateAvailableTo":"","type":"Uchwa\u0142a Sejmiku","pageParams":[{"id":"225","name":"DATA_OGLOSZENIA","description":"Data og\u0142oszenia","value":"2004-12-20"},{"id":"235","name":"W sprawie","description":"W sprawie","value":"zmian bud\u017cetu i w bud\u017cecie Wojew\u00f3dztwa \u015al\u0105skiego na 2004 rok"},{"id":"299","name":"NUMER_UCHWALY_SEJMIKU","description":"Numer uchwa\u0142y","value":"II\/29\/13\/2004"}],"components":[{"id":"bf6d5eba-d119-11e7-80a9-005056b46601","type":"ContentWYSIWYG","name":"Tre\u015b\u0107","description":"Tre\u015b\u0107 strony","content":{"content":"\u003Cdiv class=\u0022lead1\u0022\u003ENa podstawie\u003Cbr \/\u003Eart. 18 pkt 6 ustawy z dnia 5 czerwca 1998 roku o samorz\u0105dzie wojew\u00f3dztwa (t. j. Dz. U. Nr 142 z 2001 roku, poz. 1590 z p\u00f3\u017an. zm.)\u003C\/div\u003E\n\u003Cdiv class=\u0022tresc\u0022\u003E\n\u003Cdiv align=\u0022center\u0022\u003E\u003Cb\u003E\u00a7 1 \u003C\/b\u003E\u003C\/div\u003E\n\u003Cp\u003E1. Zwi\u0119ksza si\u0119 o kwot\u0119 960.000 z\u0142 dochody i wydatki bud\u017cetu Wojew\u00f3dztwa \u015al\u0105skiego na 2004 rok w zakresie zada\u0144 w\u0142asnych, zgodnie z wyszczeg\u00f3lnieniem:\u003C\/p\u003E\n\u003Cdiv align=\u0022right\u0022\u003Ew z\u0142\u003C\/div\u003E\n\u003Ctable class=\u0022tekst\u0022 cellspacing=\u00221\u0022 cellpadding=\u00221\u0022 border=\u00221\u0022 align=\u0022center\u0022\u003E\n\u003Ctbody\u003E\n\u003Ctr\u003E\n\u003Ctd\u003E\n\u003Cdiv align=\u0022center\u0022\u003E\u003Cb\u003EDzia\u0142\u003C\/b\u003E\u003C\/div\u003E\n\u003C\/td\u003E\n\u003Ctd\u003E\n\u003Cdiv align=\u0022center\u0022\u003E\u003Cb\u003ERozdzia\u0142\u003C\/b\u003E\u003C\/div\u003E\n\u003C\/td\u003E\n\u003Ctd\u003E\n\u003Cdiv align=\u0022center\u0022\u003E\u003Cb\u003E\u00a7\u003C\/b\u003E\u003C\/div\u003E\n\u003C\/td\u003E\n\u003Ctd\u003E\n\u003Cdiv align=\u0022center\u0022\u003E\u003Cb\u003ETre\u015b\u0107\u003C\/b\u003E\u003C\/div\u003E\n\u003C\/td\u003E\n\u003Ctd\u003E\n\u003Cdiv align=\u0022center\u0022\u003E\u003Cb\u003EDochody\u003C\/b\u003E\u003C\/div\u003E\n\u003C\/td\u003E\n\u003Ctd\u003E\n\u003Cdiv align=\u0022center\u0022\u003E\u003Cb\u003EWydatki\u003C\/b\u003E\u003C\/div\u003E\n\u003C\/td\u003E\n\u003C\/tr\u003E\n\u003Ctr\u003E\n\u003Ctd rowspan=\u00227\u0022\u003E10\u003C\/td\u003E\n\u003Ctd colspan=\u00223\u0022\u003ERolnictwo i \u0142owiectwo\u003C\/td\u003E\n\u003Ctd\u003E\n\u003Cdiv align=\u0022right\u0022\u003E960.000\u003C\/div\u003E\n\u003C\/td\u003E\n\u003Ctd\u003E\n\u003Cdiv align=\u0022right\u0022\u003E960.000\u003C\/div\u003E\n\u003C\/td\u003E\n\u003C\/tr\u003E\n\u003Ctr\u003E\n\u003Ctd rowspan=\u00223\u0022\u003E1078\u003C\/td\u003E\n\u003Ctd colspan=\u00222\u0022\u003EUsuwanie skutk\u00f3w powodzi\u003C\/td\u003E\n\u003Ctd\u003E\n\u003Cdiv align=\u0022right\u0022\u003E500.000\u003C\/div\u003E\n\u003C\/td\u003E\n\u003Ctd\u003E\n\u003Cdiv align=\u0022right\u0022\u003E500.000\u003C\/div\u003E\n\u003C\/td\u003E\n\u003C\/tr\u003E\n\u003Ctr\u003E\n\u003Ctd\u003E6260\u003C\/td\u003E\n\u003Ctd\u003EDotacje otrzymane z funduszy celowych na finansowanie lub dofinansowanie koszt\u00f3w realizacji inwestycji i zakup\u00f3w inwestycyjnych jednostek sektora finans\u00f3w publicznych\u003C\/td\u003E\n\u003Ctd\u003E\n\u003Cdiv align=\u0022right\u0022\u003E500.000\u003C\/div\u003E\n\u003C\/td\u003E\n\u003Ctd\u003E\n\u003Cdiv align=\u0022right\u0022\u003E\u00a0\u003C\/div\u003E\n\u003C\/td\u003E\n\u003C\/tr\u003E\n\u003Ctr\u003E\n\u003Ctd\u003E6050\u003C\/td\u003E\n\u003Ctd\u003EWydatki inwestycyjne jednostek bud\u017cetowych\u003C\/td\u003E\n\u003Ctd\u003E\n\u003Cdiv align=\u0022right\u0022\u003E\u00a0\u003C\/div\u003E\n\u003C\/td\u003E\n\u003Ctd\u003E\n\u003Cdiv align=\u0022right\u0022\u003E500.000\u003C\/div\u003E\n\u003C\/td\u003E\n\u003C\/tr\u003E\n\u003Ctr\u003E\n\u003Ctd rowspan=\u00223\u0022\u003E1008\u003C\/td\u003E\n\u003Ctd colspan=\u00222\u0022\u003EMelioracje wodne\u003C\/td\u003E\n\u003Ctd\u003E\n\u003Cdiv align=\u0022right\u0022\u003E460.000\u003C\/div\u003E\n\u003C\/td\u003E\n\u003Ctd\u003E\n\u003Cdiv align=\u0022right\u0022\u003E460.000\u003C\/div\u003E\n\u003C\/td\u003E\n\u003C\/tr\u003E\n\u003Ctr\u003E\n\u003Ctd\u003E6260\u003C\/td\u003E\n\u003Ctd\u003EDotacje otrzymane z funduszy celowych na finansowanie lub dofinansowanie koszt\u00f3w realizacji inwestycji i zakup\u00f3w inwestycyjnych jednostek sektora finans\u00f3w publicznych\u003C\/td\u003E\n\u003Ctd\u003E\n\u003Cdiv align=\u0022right\u0022\u003E460.000\u003C\/div\u003E\n\u003C\/td\u003E\n\u003Ctd\u003E\n\u003Cdiv align=\u0022right\u0022\u003E\u00a0\u003C\/div\u003E\n\u003C\/td\u003E\n\u003C\/tr\u003E\n\u003Ctr\u003E\n\u003Ctd\u003E6050\u003C\/td\u003E\n\u003Ctd\u003EWydatki inwestycyjne jednostek bud\u017cetowych\u003C\/td\u003E\n\u003Ctd\u003E\n\u003Cdiv align=\u0022right\u0022\u003E\u00a0\u003C\/div\u003E\n\u003C\/td\u003E\n\u003Ctd\u003E\n\u003Cdiv align=\u0022right\u0022\u003E460.000\u003C\/div\u003E\n\u003C\/td\u003E\n\u003C\/tr\u003E\n\u003C\/tbody\u003E\n\u003C\/table\u003E\n\u003Cp\u003E2. Zwi\u0119kszenia bud\u017cetu dokonuje si\u0119 w zwi\u0105zku z zawarciem um\u00f3w dotacji Nr 468\/2004\/64\/GW\/pp\/D oraz 444\/2004\/6\/GW\/pp\/D pomi\u0119dzy Wojew\u00f3dztwem \u015al\u0105skim a Wojew\u00f3dzkim Funduszem Ochrony \u015arodowiska i Gospodarki Wodnej w Katowicach na odbudow\u0119 lewostronnego obwa\u0142owania rzeki Wis\u0142y w Bijasowicach oraz budow\u0119 lewostronnego obwa\u0142owania rzeki Odry w gminie Rudnik.\u003C\/p\u003E\n\u003Cp align=\u0022center\u0022\u003E\u003Cb\u003E\u00a7 2\u003C\/b\u003E\u003C\/p\u003E\n\u003Cp\u003E1. Przenosi si\u0119 kwot\u0119 w wysoko\u015bci 131.480 z\u0142 mi\u0119dzy dzia\u0142ami klasyfikacji bud\u017cetowej zgodnie z poni\u017cszym wyszczeg\u00f3lnieniem:\u003C\/p\u003E\n\u003Cdiv align=\u0022right\u0022\u003Ew z\u0142\u003C\/div\u003E\n\u003Ctable class=\u0022tekst\u0022 cellspacing=\u00221\u0022 cellpadding=\u00221\u0022 border=\u00221\u0022 align=\u0022center\u0022\u003E\n\u003Ctbody\u003E\n\u003Ctr\u003E\n\u003Ctd\u003E\n\u003Cdiv align=\u0022center\u0022\u003E\u003Cb\u003EDzia\u0142\u003C\/b\u003E\u003C\/div\u003E\n\u003C\/td\u003E\n\u003Ctd\u003E\n\u003Cdiv align=\u0022center\u0022\u003E\u003Cb\u003ERozdzia\u0142\u003C\/b\u003E\u003C\/div\u003E\n\u003C\/td\u003E\n\u003Ctd\u003E\n\u003Cdiv align=\u0022center\u0022\u003E\u003Cb\u003E\u00a7\u003C\/b\u003E\u003C\/div\u003E\n\u003C\/td\u003E\n\u003Ctd\u003E\n\u003Cdiv align=\u0022center\u0022\u003E\u003Cb\u003ETre\u015b\u0107\u003C\/b\u003E\u003C\/div\u003E\n\u003C\/td\u003E\n\u003Ctd\u003E\n\u003Cdiv align=\u0022center\u0022\u003E\u003Cb\u003EZmniejszenie\u003C\/b\u003E\u003C\/div\u003E\n\u003C\/td\u003E\n\u003Ctd\u003E\n\u003Cdiv align=\u0022center\u0022\u003E\u003Cb\u003EZwi\u0119kszenie\u003C\/b\u003E\u003C\/div\u003E\n\u003C\/td\u003E\n\u003C\/tr\u003E\n\u003Ctr\u003E\n\u003Ctd rowspan=\u002212\u0022\u003E801\u003C\/td\u003E\n\u003Ctd colspan=\u00223\u0022\u003EO\u015aWIATA I WYCHOWANIE\u003C\/td\u003E\n\u003Ctd\u003E\n\u003Cdiv align=\u0022right\u0022\u003E\u00a0\u003C\/div\u003E\n\u003C\/td\u003E\n\u003Ctd\u003E\n\u003Cdiv align=\u0022right\u0022\u003E131 480\u003C\/div\u003E\n\u003C\/td\u003E\n\u003C\/tr\u003E\n\u003Ctr\u003E\n\u003Ctd rowspan=\u00223\u0022\u003E80102\u003C\/td\u003E\n\u003Ctd colspan=\u00222\u0022\u003ESzko\u0142y podstawowe specjalne\u003C\/td\u003E\n\u003Ctd\u003E\n\u003Cdiv align=\u0022right\u0022\u003E\u00a0\u003C\/div\u003E\n\u003C\/td\u003E\n\u003Ctd\u003E\n\u003Cdiv align=\u0022right\u0022\u003E51 000\u003C\/div\u003E\n\u003C\/td\u003E\n\u003C\/tr\u003E\n\u003Ctr\u003E\n\u003Ctd\u003E4210\u003C\/td\u003E\n\u003Ctd\u003EZakup materia\u0142\u00f3w i wyposa\u017cenia\u003C\/td\u003E\n\u003Ctd\u003E\n\u003Cdiv align=\u0022right\u0022\u003E\u00a0\u003C\/div\u003E\n\u003C\/td\u003E\n\u003Ctd\u003E\n\u003Cdiv align=\u0022right\u0022\u003E24 000\u003C\/div\u003E\n\u003C\/td\u003E\n\u003C\/tr\u003E\n\u003Ctr\u003E\n\u003Ctd\u003E4240\u003C\/td\u003E\n\u003Ctd\u003EZakup pomocy naukowych, dydaktycznych i ksi\u0105\u017cek\u003C\/td\u003E\n\u003Ctd\u003E\n\u003Cdiv align=\u0022right\u0022\u003E\u00a0\u003C\/div\u003E\n\u003C\/td\u003E\n\u003Ctd\u003E\n\u003Cdiv align=\u0022right\u0022\u003E27 000\u003C\/div\u003E\n\u003C\/td\u003E\n\u003C\/tr\u003E\n\u003Ctr\u003E\n\u003Ctd rowspan=\u00223\u0022\u003E80111\u003C\/td\u003E\n\u003Ctd colspan=\u00222\u0022\u003EGimnazja specjalne\u003C\/td\u003E\n\u003Ctd\u003E\n\u003Cdiv align=\u0022right\u0022\u003E\u00a0\u003C\/div\u003E\n\u003C\/td\u003E\n\u003Ctd\u003E\n\u003Cdiv align=\u0022right\u0022\u003E17 000\u003C\/div\u003E\n\u003C\/td\u003E\n\u003C\/tr\u003E\n\u003Ctr\u003E\n\u003Ctd\u003E4210\u003C\/td\u003E\n\u003Ctd\u003EZakup materia\u0142\u00f3w i wyposa\u017cenia\u003C\/td\u003E\n\u003Ctd\u003E\n\u003Cdiv align=\u0022right\u0022\u003E\u00a0\u003C\/div\u003E\n\u003C\/td\u003E\n\u003Ctd\u003E\n\u003Cdiv align=\u0022right\u0022\u003E2 000\u003C\/div\u003E\n\u003C\/td\u003E\n\u003C\/tr\u003E\n\u003Ctr\u003E\n\u003Ctd\u003E4240\u003C\/td\u003E\n\u003Ctd\u003EZakup pomocy naukowych, dydaktycznych i ksi\u0105\u017cek\u003C\/td\u003E\n\u003Ctd\u003E\n\u003Cdiv align=\u0022right\u0022\u003E\u00a0\u003C\/div\u003E\n\u003C\/td\u003E\n\u003Ctd\u003E\n\u003Cdiv align=\u0022right\u0022\u003E15 000\u003C\/div\u003E\n\u003C\/td\u003E\n\u003C\/tr\u003E\n\u003Ctr\u003E\n\u003Ctd rowspan=\u00223\u0022\u003E80130\u003C\/td\u003E\n\u003Ctd colspan=\u00222\u0022\u003ESzko\u0142y zawodowe\u003C\/td\u003E\n\u003Ctd\u003E\n\u003Cdiv align=\u0022right\u0022\u003E\u00a0\u003C\/div\u003E\n\u003C\/td\u003E\n\u003Ctd\u003E\n\u003Cdiv align=\u0022right\u0022\u003E25 067\u003C\/div\u003E\n\u003C\/td\u003E\n\u003C\/tr\u003E\n\u003Ctr\u003E\n\u003Ctd\u003E4210\u003C\/td\u003E\n\u003Ctd\u003EZakup materia\u0142\u00f3w i wyposa\u017cenia\u003C\/td\u003E\n\u003Ctd\u003E\n\u003Cdiv align=\u0022right\u0022\u003E\u00a0\u003C\/div\u003E\n\u003C\/td\u003E\n\u003Ctd\u003E\n\u003Cdiv align=\u0022right\u0022\u003E10 000\u003C\/div\u003E\n\u003C\/td\u003E\n\u003C\/tr\u003E\n\u003Ctr\u003E\n\u003Ctd\u003E4240\u003C\/td\u003E\n\u003Ctd\u003EZakup pomocy naukowych, dydaktycznych i ksi\u0105\u017cek\u003C\/td\u003E\n\u003Ctd\u003E\n\u003Cdiv align=\u0022right\u0022\u003E\u00a0\u003C\/div\u003E\n\u003C\/td\u003E\n\u003Ctd\u003E\n\u003Cdiv align=\u0022right\u0022\u003E15 067\u003C\/div\u003E\n\u003C\/td\u003E\n\u003C\/tr\u003E\n\u003Ctr\u003E\n\u003Ctd rowspan=\u00222\u0022\u003E80147\u003C\/td\u003E\n\u003Ctd colspan=\u00222\u0022\u003EBiblioteki pedagogiczne\u003C\/td\u003E\n\u003Ctd\u003E\n\u003Cdiv align=\u0022right\u0022\u003E\u00a0\u003C\/div\u003E\n\u003C\/td\u003E\n\u003Ctd\u003E\n\u003Cdiv align=\u0022right\u0022\u003E38 413\u003C\/div\u003E\n\u003C\/td\u003E\n\u003C\/tr\u003E\n\u003Ctr\u003E\n\u003Ctd\u003E4270\u003C\/td\u003E\n\u003Ctd\u003EZakup us\u0142ug remontowych\u003C\/td\u003E\n\u003Ctd\u003E\n\u003Cdiv align=\u0022right\u0022\u003E\u00a0\u003C\/div\u003E\n\u003C\/td\u003E\n\u003Ctd\u003E\n\u003Cdiv align=\u0022right\u0022\u003E38 413\u003C\/div\u003E\n\u003C\/td\u003E\n\u003C\/tr\u003E\n\u003Ctr\u003E\n\u003Ctd rowspan=\u00229\u0022\u003E854\u003C\/td\u003E\n\u003Ctd colspan=\u00223\u0022\u003EEDUKACYJNA OPIEKA WYCHOWAWCZA\u003C\/td\u003E\n\u003Ctd\u003E\n\u003Cdiv align=\u0022right\u0022\u003E131 480\u003C\/div\u003E\n\u003C\/td\u003E\n\u003Ctd\u003E\n\u003Cdiv align=\u0022right\u0022\u003E\u00a0\u003C\/div\u003E\n\u003C\/td\u003E\n\u003C\/tr\u003E\n\u003Ctr\u003E\n\u003Ctd rowspan=\u00224\u0022\u003E85403\u003C\/td\u003E\n\u003Ctd colspan=\u00222\u0022\u003ESpecjalne o\u015brodki szkolno-wychowawcze\u003C\/td\u003E\n\u003Ctd\u003E\n\u003Cdiv align=\u0022right\u0022\u003E93 067\u003C\/div\u003E\n\u003C\/td\u003E\n\u003Ctd\u003E\n\u003Cdiv align=\u0022right\u0022\u003E\u00a0\u003C\/div\u003E\n\u003C\/td\u003E\n\u003C\/tr\u003E\n\u003Ctr\u003E\n\u003Ctd\u003E4010\u003C\/td\u003E\n\u003Ctd\u003EWynagrodzenia osobowe pracownik\u00f3w\u003C\/td\u003E\n\u003Ctd\u003E\n\u003Cdiv align=\u0022right\u0022\u003E70 849\u003C\/div\u003E\n\u003C\/td\u003E\n\u003Ctd\u003E\n\u003Cdiv align=\u0022right\u0022\u003E\u00a0\u003C\/div\u003E\n\u003C\/td\u003E\n\u003C\/tr\u003E\n\u003Ctr\u003E\n\u003Ctd\u003E4110\u003C\/td\u003E\n\u003Ctd\u003ESk\u0142adki na ubezpieczenia spo\u0142eczne\u003C\/td\u003E\n\u003Ctd\u003E\n\u003Cdiv align=\u0022right\u0022\u003E19 860\u003C\/div\u003E\n\u003C\/td\u003E\n\u003Ctd\u003E\n\u003Cdiv align=\u0022right\u0022\u003E\u00a0\u003C\/div\u003E\n\u003C\/td\u003E\n\u003C\/tr\u003E\n\u003Ctr\u003E\n\u003Ctd\u003E4120\u003C\/td\u003E\n\u003Ctd\u003ESk\u0142adki na Fundusz Pracy\u003C\/td\u003E\n\u003Ctd\u003E\n\u003Cdiv align=\u0022right\u0022\u003E2 358\u003C\/div\u003E\n\u003C\/td\u003E\n\u003Ctd\u003E\n\u003Cdiv align=\u0022right\u0022\u003E\u00a0\u003C\/div\u003E\n\u003C\/td\u003E\n\u003C\/tr\u003E\n\u003Ctr\u003E\n\u003Ctd rowspan=\u00224\u0022\u003E85410\u003C\/td\u003E\n\u003Ctd colspan=\u00222\u0022\u003EInternaty i bursy szkolne\u003C\/td\u003E\n\u003Ctd\u003E\n\u003Cdiv align=\u0022right\u0022\u003E38 413\u003C\/div\u003E\n\u003C\/td\u003E\n\u003Ctd\u003E\n\u003Cdiv align=\u0022right\u0022\u003E\u00a0\u003C\/div\u003E\n\u003C\/td\u003E\n\u003C\/tr\u003E\n\u003Ctr\u003E\n\u003Ctd\u003E4010\u003C\/td\u003E\n\u003Ctd\u003EWynagrodzenia osobowe pracownik\u00f3w\u003C\/td\u003E\n\u003Ctd\u003E\n\u003Cdiv align=\u0022right\u0022\u003E29 558\u003C\/div\u003E\n\u003C\/td\u003E\n\u003Ctd\u003E\n\u003Cdiv align=\u0022right\u0022\u003E\u00a0\u003C\/div\u003E\n\u003C\/td\u003E\n\u003C\/tr\u003E\n\u003Ctr\u003E\n\u003Ctd\u003E4110\u003C\/td\u003E\n\u003Ctd\u003ESk\u0142adki na ubezpieczenia spo\u0142eczne\u003C\/td\u003E\n\u003Ctd\u003E\n\u003Cdiv align=\u0022right\u0022\u003E7 803\u003C\/div\u003E\n\u003C\/td\u003E\n\u003Ctd\u003E\n\u003Cdiv align=\u0022right\u0022\u003E\u00a0\u003C\/div\u003E\n\u003C\/td\u003E\n\u003C\/tr\u003E\n\u003Ctr\u003E\n\u003Ctd\u003E4120\u003C\/td\u003E\n\u003Ctd\u003ESk\u0142adki na Fundusz Pracy\u003C\/td\u003E\n\u003Ctd\u003E\n\u003Cdiv align=\u0022right\u0022\u003E1 052\u003C\/div\u003E\n\u003C\/td\u003E\n\u003Ctd\u003E\n\u003Cdiv align=\u0022right\u0022\u003E\u00a0\u003C\/div\u003E\n\u003C\/td\u003E\n\u003C\/tr\u003E\n\u003Ctr\u003E\n\u003Ctd colspan=\u00224\u0022\u003E\n\u003Cdiv align=\u0022right\u0022\u003EOG\u00d3\u0141EM\u003C\/div\u003E\n\u003C\/td\u003E\n\u003Ctd\u003E\n\u003Cdiv align=\u0022right\u0022\u003E131 480\u003C\/div\u003E\n\u003C\/td\u003E\n\u003Ctd\u003E\n\u003Cdiv align=\u0022right\u0022\u003E131 480\u003C\/div\u003E\n\u003C\/td\u003E\n\u003C\/tr\u003E\n\u003C\/tbody\u003E\n\u003C\/table\u003E\n\u003Cp\u003E2. Powy\u017cszego przesuni\u0119cia dokonuje si\u0119 w zwi\u0105zku z konieczno\u015bci\u0105 dostosowania wydatk\u00f3w do faktycznych potrzeb jednostek o\u015bwiatowych.\u003C\/p\u003E\n\u003Cp align=\u0022center\u0022\u003E\u003Cb\u003E\u00a7 3\u003C\/b\u003E\u003C\/p\u003E\n\u003Cp\u003EWykonanie uchwa\u0142y powierza si\u0119 Zarz\u0105dowi Wojew\u00f3dztwa \u015al\u0105skiego.\u003C\/p\u003E\n\u003Cp align=\u0022center\u0022\u003E\u003Cb\u003E\u00a7 4\u003C\/b\u003E\u003C\/p\u003E\n\u003Cp\u003EUchwa\u0142a wchodzi w \u017cycie z dniem podj\u0119cia.\u003C\/p\u003E\n\u003C\/div\u003E","promotion":false}},{"id":"bf6dbc25-d119-11e7-80a9-005056b46601","type":"Gallery","name":"Galeria","description":"Galeria"},{"id":"bf6e1f6b-d119-11e7-80a9-005056b46601","type":"Attachment","name":"Za\u0142\u0105czniki","description":"Za\u0142\u0105czniki do strony"},{"id":"eba03b25-d9a7-11e7-b355-005056b70dba","type":"PageTitle","name":"","description":"Tytu\u0142 strony","content":{"title":"Uchwa\u0142a Sejmiku nr II\/29\/13\/2004 z dnia 2004-12-20"}},{"id":"eba07701-d9a7-11e7-b355-005056b70dba","type":"PageDescription","name":"","description":"Zajawka strony","content":[]},{"id":"1b1a7940-ff78-11e7-b81e-005056b7801d","type":"SectionDescription","name":"","description":"Zajawka sekcji","content":[]}]}