{"id":26006,"name":"uchwala-sejmiku-nr-ii34162005-z-dnia-2005-04-25","title":"Uchwa\u0142a Sejmiku nr II\/34\/16\/2005 z dnia 2005-04-25","desc":"","header":"Uchwa\u0142a Sejmiku nr II\/34\/16\/2005 z dnia 2005-04-25","lead":"","keywords":"","changes":"Migracja danych","menu":"","path":"\/sejmik_wojewodztwa\/sesje_sejmiku\/uchwaly\/uchwala-sejmiku-nr-ii34162005-z-dnia-2005-04-25.html","url":"\/sejmik_wojewodztwa\/sesje_sejmiku\/uchwaly\/uchwala-sejmiku-nr-ii34162005-z-dnia-2005-04-25.html","infoOwner":"Urz\u0105d Marsza\u0142kowski Wojew\u00f3dztwa \u015al\u0105skiego","dateFirstPublicate":"2022-01-31 11:25:07","dateLastVersionPublicate":"2022-01-31 11:25:07","dateAvailableFrom":"","dateAvailableTo":"","type":"Uchwa\u0142a Sejmiku","pageParams":[{"id":"225","name":"DATA_OGLOSZENIA","description":"Data og\u0142oszenia","value":"2005-04-25"},{"id":"235","name":"W sprawie","description":"W sprawie","value":"przyj\u0119cia o\u015bwiadczenia Sejmiku Wojew\u00f3dztwa \u015al\u0105skiego dotycz\u0105cego og\u0142oszenia obszaru wojew\u00f3dztwa \u015bl\u0105skiego stref\u0105 woln\u0105 od organizm\u00f3w zmodyfikowanych genetycznie"},{"id":"299","name":"NUMER_UCHWALY_SEJMIKU","description":"Numer uchwa\u0142y","value":"II\/34\/16\/2005"}],"components":[{"id":"bf6d5eba-d119-11e7-80a9-005056b46601","type":"ContentWYSIWYG","name":"Tre\u015b\u0107","description":"Tre\u015b\u0107 strony","content":{"content":"\u003Cdiv id=\u0022content\u0022\u003E\n\u003Cdiv id=\u0022aktualnosci\u0022 class=\u0022kontener\u0022\u003E\n\u003Cdiv class=\u0022tresc1\u0022\u003E\n\u003Cdiv class=\u0022lead1\u0022\u003ENa podstawie\u003Cbr \/\u003E\u00a7 18 a ust. 2 pkt 4 Statutu Wojew\u00f3dztwa \u015al\u0105skiego (Dz. U. Woj. \u015al. Nr 26 z 2001 roku, poz. 657 z p\u00f3\u017an. zm.)\u003C\/div\u003E\n\u003Cdiv class=\u0022tresc\u0022\u003E\n\u003Cdiv align=\u0022center\u0022\u003E\u003Cb\u003E\u00a7 1 \u003C\/b\u003E\u003C\/div\u003E\n\u003Cp\u003EPrzyj\u0105\u0107 o\u015bwiadczenie Sejmiku Wojew\u00f3dztwa \u015al\u0105skiego dotycz\u0105ce og\u0142oszenia obszaru wojew\u00f3dztwa \u015bl\u0105skiego stref\u0105 woln\u0105 od organizm\u00f3w zmodyfikowanych genetycznie, stanowi\u0105ce za\u0142\u0105cznik do uchwa\u0142y.\u003C\/p\u003E\n\u003Cp align=\u0022center\u0022\u003E\u003Cb\u003E\u00a7 2\u003C\/b\u003E\u003C\/p\u003E\n\u003Cp\u003EWykonanie uchwa\u0142y powierzy\u0107 Zarz\u0105dowi Wojew\u00f3dztwa \u015al\u0105skiego.\u003C\/p\u003E\n\u003Cp align=\u0022center\u0022\u003E\u003Cb\u003E\u00a7 3\u003C\/b\u003E\u003C\/p\u003E\n\u003Cp\u003EUchwa\u0142a wchodzi w \u017cycie z dniem podj\u0119cia.\u003C\/p\u003E\n\u003Cp\u003E\u00a0\u003C\/p\u003E\n\u003Cdiv class=\u0022tresc1\u0022\u003E\n\u003Cdiv class=\u0022lead1\u0022\u003EZa\u0142\u0105cznik do uchwa\u0142y Sejmiku Wojew\u00f3dztwa \u015al\u0105skiego Nr II\/34\/16\/2005 z dnia 25 kwietnia 2005 roku\u003C\/div\u003E\n\u003Cdiv class=\u0022tresc\u0022\u003E\u003Chr \/\u003E\n\u003Cp align=\u0022center\u0022\u003E\u003Cb\u003EO\u015aWIADCZENIE SEJMIKU WOJEW\u00d3DZTWA \u015aL\u0104SKIEGO\u003Cbr \/\u003E DOTYCZ\u0104CE OG\u0141OSZENIA OBSZARU WOJEW\u00d3DZTWA \u015aL\u0104SKIEGO \u003Cbr \/\u003ESTREF\u0104 WOLN\u0104 OD ORGANIZM\u00d3W ZMODYFIKOWANYCH GENETYCZNIE\u003C\/b\u003E\u003C\/p\u003E\n\u003Cp\u003E\u003Cbr \/\u003E\u003Cbr \/\u003E Sejmik Wojew\u00f3dztwa \u015al\u0105skiego jest zaniepokojony decyzj\u0105 Komisji Europejskiej z dnia 8 wrze\u015bnia 2004 roku dotycz\u0105c\u0105 wprowadzenia 17 odmian genetycznie modyfikowanej kukurydzy (gen MON 810) do Europejskiej Listy Nasion.\u003Cbr \/\u003E Wizerunek Polski jako kraju - producenta zdrowej \u017cywno\u015bci to wizyt\u00f3wka otwieraj\u0105ca rynki zbytu w Europie i \u015bwiecie. Produkcja i zbyt zdrowej \u017cywno\u015bci to przeciwdzia\u0142anie wzrostowi bezrobocia, zdrowe spo\u0142ecze\u0144stwo i \u015brodowisko naturalne. Taka produkcja \u003Cbr \/\u003E jest mo\u017cliwa w tradycyjnych gospodarstwach rolnych nastawionych na upraw\u0119 \u017cywno\u015bci metodami naturalnymi.\u003C\/p\u003E\n\u003Cp\u003EProdukcja rolna w zakresie GMO prowadzona w USA okaza\u0142a negatywne strony, odwrotne od zamierzonych, takie jak: wyja\u0142owienie gleby, niskie plony zagro\u017cone chorobami, zagro\u017cenie dla zdrowia, \u015brodowiska, rolnictwa, lokalnej ekonomii i warto\u015bci moralnych.\u003Cbr \/\u003ERolnicy nabywaj\u0105cy ziarno genetycznie modyfikowane uzale\u017cniaj\u0105 si\u0119 na d\u0142ugie lata od chemicznych korporacji. W\u0142adze pa\u0144stwowe b\u0119d\u0105 zmuszone po\u015bwi\u0119ci\u0107 wi\u0119ksze \u015brodki na monitoring i zabezpieczenie \u017cywno\u015bci oraz inne dzia\u0142ania. S\u0105 to podstawowe, do\u015bwiadczone fakty o GMO.\u003C\/p\u003E\n\u003Cp\u003EZaniepokojeni i pe\u0142ni obawy domagamy si\u0119 podj\u0119cia dzia\u0142a\u0144, kt\u00f3re wprowadz\u0105 zakaz stosowania GMO na teren wojew\u00f3dztwa \u015bl\u0105skiego.\u003Cbr \/\u003E Jednocze\u015bnie Sejmik Wojew\u00f3dztwa \u015al\u0105skiego w pe\u0142ni popiera stanowisko rz\u0105du polskiego, przed\u0142o\u017cone we wniosku skierowanym do Rady Unii Europejskiej, w sprawie dwuletniego zakazu stosowania w Polsce materia\u0142u siewnego genetycznie zmodyfikowanych odmian kukurydzy MON 810 oraz obrotu tym materia\u0142em w Polsce.\u003C\/p\u003E\n\u003C\/div\u003E\n\u003C\/div\u003E\n\u003C\/div\u003E\n\u003C\/div\u003E\n\u003C\/div\u003E\n\u003C\/div\u003E","promotion":false}},{"id":"bf6dbc25-d119-11e7-80a9-005056b46601","type":"Gallery","name":"Galeria","description":"Galeria"},{"id":"bf6e1f6b-d119-11e7-80a9-005056b46601","type":"Attachment","name":"Za\u0142\u0105czniki","description":"Za\u0142\u0105czniki do strony"},{"id":"eba03b25-d9a7-11e7-b355-005056b70dba","type":"PageTitle","name":"","description":"Tytu\u0142 strony","content":{"title":"Uchwa\u0142a Sejmiku nr II\/34\/16\/2005 z dnia 2005-04-25"}},{"id":"eba07701-d9a7-11e7-b355-005056b70dba","type":"PageDescription","name":"","description":"Zajawka strony","content":[]},{"id":"1b1a7940-ff78-11e7-b81e-005056b7801d","type":"SectionDescription","name":"","description":"Zajawka sekcji","content":[]}]}