{"id":25773,"name":"uchwala-sejmiku-nr-ii39202005-z-dnia-2005-09-26","title":"Uchwa\u0142a Sejmiku nr II\/39\/20\/2005 z dnia 2005-09-26","desc":"","header":"Uchwa\u0142a Sejmiku nr II\/39\/20\/2005 z dnia 2005-09-26","lead":"","keywords":"","changes":"migracja danych","menu":"","path":"\/sejmik_wojewodztwa\/sesje_sejmiku\/uchwaly\/uchwala-sejmiku-nr-ii39202005-z-dnia-2005-09-26.html","url":"\/sejmik_wojewodztwa\/sesje_sejmiku\/uchwaly\/uchwala-sejmiku-nr-ii39202005-z-dnia-2005-09-26.html","infoOwner":"Urz\u0105d Marsza\u0142kowski Wojew\u00f3dztwa \u015al\u0105skiego","dateFirstPublicate":"2022-01-27 11:18:32","dateLastVersionPublicate":"2022-01-27 11:18:32","dateAvailableFrom":"","dateAvailableTo":"","type":"Uchwa\u0142a Sejmiku","pageParams":[{"id":"225","name":"DATA_OGLOSZENIA","description":"Data og\u0142oszenia","value":"2005-09-26"},{"id":"235","name":"W sprawie","description":"W sprawie","value":"zmian bud\u017cetu Wojew\u00f3dztwa \u015al\u0105skiego na 2005 rok"},{"id":"299","name":"NUMER_UCHWALY_SEJMIKU","description":"Numer uchwa\u0142y","value":"II\/39\/20\/2005"}],"components":[{"id":"bf6d5eba-d119-11e7-80a9-005056b46601","type":"ContentWYSIWYG","name":"Tre\u015b\u0107","description":"Tre\u015b\u0107 strony","content":{"content":"\u003Cdiv class=\u0022tresc1\u0022\u003E\n\u003Cdiv class=\u0022lead1\u0022\u003ENa podstawie\u003Cbr \/\u003Eart. 18 pkt 6\u003Cbr \/\u003E ustawy z dnia 5 czerwca 1998 roku o samorz\u0105dzie wojew\u00f3dztwa\u003Cbr \/\u003E (t. j. Dz. U. Nr 142 z 2001 roku, poz. 1590 z p\u00f3\u017an. zm.)\u003C\/div\u003E\n\u003Cdiv class=\u0022tresc\u0022\u003E\n\u003Cp align=\u0022center\u0022\u003E\u00a7 1\u003C\/p\u003E\n\u003Cbr \/\u003E\n\u003Col\u003E\n\u003Cli\u003EDokonuje si\u0119 zwi\u0119kszenia dochod\u00f3w i wydatk\u00f3w bud\u017cetu Wojew\u00f3dztwa \u015al\u0105skiego na 2005 rok o kwot\u0119 3.459.850 z\u0142 w ramach zada\u0144 w\u0142asnych samorz\u0105du, zgodnie z wyszczeg\u00f3lnieniem:\u003C\/li\u003E\n\u003C\/ol\u003E\n\u003Cbr \/\u003E\n\u003Cp align=\u0022right\u0022\u003Ew z\u0142\u003C\/p\u003E\n\u003Cbr \/\u003E\n\u003Ctable width=\u0022100%\u0022 border=\u00221\u0022\u003E\n\u003Ctbody\u003E\n\u003Ctr\u003E\n\u003Ctd\u003E\u003Cbr \/\u003E\n\u003Cdiv align=\u0022center\u0022\u003E\u003Cspan style=\u0022font-family: Verdana, Arial, Helvetica, sans-serif; font-size: xx-small;\u0022 size=\u00221\u0022 face=\u0022Verdana, Arial, Helvetica, sans-serif\u0022\u003E\u003Cb\u003EDz.\u003C\/b\u003E\u003C\/span\u003E\u003C\/div\u003E\n\u003C\/td\u003E\n\u003Ctd\u003E\u003Cbr \/\u003E\n\u003Cdiv align=\u0022center\u0022\u003E\u003Cspan style=\u0022font-family: Verdana, Arial, Helvetica, sans-serif; font-size: xx-small;\u0022 size=\u00221\u0022 face=\u0022Verdana, Arial, Helvetica, sans-serif\u0022\u003E\u003Cb\u003ERozdz.\u003C\/b\u003E\u003C\/span\u003E\u003C\/div\u003E\n\u003C\/td\u003E\n\u003Ctd\u003E\u003Cbr \/\u003E\n\u003Cdiv align=\u0022center\u0022\u003E\u003Cspan style=\u0022font-family: Verdana, Arial, Helvetica, sans-serif; font-size: xx-small;\u0022 size=\u00221\u0022 face=\u0022Verdana, Arial, Helvetica, sans-serif\u0022\u003E\u003Cb\u003E\u00a7\u003C\/b\u003E\u003C\/span\u003E\u003C\/div\u003E\n\u003C\/td\u003E\n\u003Ctd\u003E\u003Cbr \/\u003E\n\u003Cdiv align=\u0022center\u0022\u003E\u003Cspan style=\u0022font-family: Verdana, Arial, Helvetica, sans-serif; font-size: xx-small;\u0022 size=\u00221\u0022 face=\u0022Verdana, Arial, Helvetica, sans-serif\u0022\u003E\u003Cb\u003EWyszczeg\u00f3lnienie\u003C\/b\u003E\u003C\/span\u003E\u003C\/div\u003E\n\u003C\/td\u003E\n\u003Ctd\u003E\u003Cbr \/\u003E\n\u003Cdiv align=\u0022center\u0022\u003E\u003Cspan style=\u0022font-family: Verdana, Arial, Helvetica, sans-serif; font-size: xx-small;\u0022 size=\u00221\u0022 face=\u0022Verdana, Arial, Helvetica, sans-serif\u0022\u003E\u003Cb\u003EDochody\u003C\/b\u003E\u003C\/span\u003E\u003C\/div\u003E\n\u003C\/td\u003E\n\u003Ctd\u003E\u003Cbr \/\u003E\n\u003Cdiv align=\u0022center\u0022\u003E\u003Cspan style=\u0022font-family: Verdana, Arial, Helvetica, sans-serif; font-size: xx-small;\u0022 size=\u00221\u0022 face=\u0022Verdana, Arial, Helvetica, sans-serif\u0022\u003E\u003Cb\u003EWydatki\u003C\/b\u003E\u003C\/span\u003E\u003C\/div\u003E\n\u003C\/td\u003E\n\u003C\/tr\u003E\n\u003Ctr\u003E\n\u003Ctd\u003E\u003Cb\u003E\u003Cspan style=\u0022font-family: Verdana, Arial, Helvetica, sans-serif; font-size: xx-small;\u0022 size=\u00221\u0022 face=\u0022Verdana, Arial, Helvetica, sans-serif\u0022\u003E010\u003C\/span\u003E\u003C\/b\u003E\u003C\/td\u003E\n\u003Ctd colspan=\u00223\u0022\u003E\u003Cb\u003E\u003Cspan style=\u0022font-family: Verdana, Arial, Helvetica, sans-serif; font-size: xx-small;\u0022 size=\u00221\u0022 face=\u0022Verdana, Arial, Helvetica, sans-serif\u0022\u003ERolnictwo i \u0142owiectwo\u003C\/span\u003E\u003C\/b\u003E\u003C\/td\u003E\n\u003Ctd\u003E\u003Cbr \/\u003E\n\u003Cdiv align=\u0022right\u0022\u003E\u003Cspan style=\u0022font-family: Verdana, Arial, Helvetica, sans-serif; font-size: xx-small;\u0022 size=\u00221\u0022 face=\u0022Verdana, Arial, Helvetica, sans-serif\u0022\u003E\u003Cb\u003E66.000\u003C\/b\u003E\u003C\/span\u003E\u003C\/div\u003E\n\u003C\/td\u003E\n\u003Ctd\u003E\u003Cbr \/\u003E\n\u003Cdiv align=\u0022right\u0022\u003E\u003Cspan style=\u0022font-family: Verdana, Arial, Helvetica, sans-serif; font-size: xx-small;\u0022 size=\u00221\u0022 face=\u0022Verdana, Arial, Helvetica, sans-serif\u0022\u003E\u003Cb\u003E66.000\u003C\/b\u003E\u003C\/span\u003E\u003C\/div\u003E\n\u003C\/td\u003E\n\u003C\/tr\u003E\n\u003Ctr\u003E\n\u003Ctd rowspan=\u00224\u0022\u003E\u003Cspan style=\u0022font-family: Verdana, Arial, Helvetica, sans-serif; font-size: xx-small;\u0022 size=\u00221\u0022 face=\u0022Verdana, Arial, Helvetica, sans-serif\u0022\u003E\u00a0\u003C\/span\u003E\u003C\/td\u003E\n\u003Ctd\u003E\u003Cbr \/\u003E\n\u003Cdiv align=\u0022center\u0022\u003E\u003Cspan style=\u0022font-family: Verdana, Arial, Helvetica, sans-serif; font-size: xx-small;\u0022 size=\u00221\u0022 face=\u0022Verdana, Arial, Helvetica, sans-serif\u0022\u003E\u003Ci\u003E01008\u003C\/i\u003E\u003C\/span\u003E\u003C\/div\u003E\n\u003C\/td\u003E\n\u003Ctd colspan=\u00222\u0022\u003E\u003Ci\u003E\u003Cspan style=\u0022font-family: Verdana, Arial, Helvetica, sans-serif; font-size: xx-small;\u0022 size=\u00221\u0022 face=\u0022Verdana, Arial, Helvetica, sans-serif\u0022\u003EMelioracje wodne\u003C\/span\u003E\u003C\/i\u003E\u003C\/td\u003E\n\u003Ctd\u003E\u003Cbr \/\u003E\n\u003Cdiv align=\u0022right\u0022\u003E\u003Cspan style=\u0022font-family: Verdana, Arial, Helvetica, sans-serif; font-size: xx-small;\u0022 size=\u00221\u0022 face=\u0022Verdana, Arial, Helvetica, sans-serif\u0022\u003E\u003Ci\u003E66.000\u003C\/i\u003E\u003C\/span\u003E\u003C\/div\u003E\n\u003C\/td\u003E\n\u003Ctd\u003E\u003Cbr \/\u003E\n\u003Cdiv align=\u0022right\u0022\u003E\u003Cspan style=\u0022font-family: Verdana, Arial, Helvetica, sans-serif; font-size: xx-small;\u0022 size=\u00221\u0022 face=\u0022Verdana, Arial, Helvetica, sans-serif\u0022\u003E\u003Ci\u003E66.000\u003C\/i\u003E\u003C\/span\u003E\u003C\/div\u003E\n\u003C\/td\u003E\n\u003C\/tr\u003E\n\u003Ctr\u003E\n\u003Ctd rowspan=\u00223\u0022\u003E\u003Cspan style=\u0022font-family: Verdana, Arial, Helvetica, sans-serif; font-size: xx-small;\u0022 size=\u00221\u0022 face=\u0022Verdana, Arial, Helvetica, sans-serif\u0022\u003E\u00a0\u003C\/span\u003E\u003C\/td\u003E\n\u003Ctd\u003E\u003Cspan style=\u0022font-family: Verdana, Arial, Helvetica, sans-serif; font-size: xx-small;\u0022 size=\u00221\u0022 face=\u0022Verdana, Arial, Helvetica, sans-serif\u0022\u003E2440\u003C\/span\u003E\u003C\/td\u003E\n\u003Ctd\u003E\u003Cspan style=\u0022font-family: Verdana, Arial, Helvetica, sans-serif; font-size: xx-small;\u0022 size=\u00221\u0022 face=\u0022Verdana, Arial, Helvetica, sans-serif\u0022\u003EDotacje otrzymane z funduszy celowych na realizacj\u0119 zada\u0144 bie\u017c\u0105cych jednostek sektora finans\u00f3w publicznych\u003C\/span\u003E\u003C\/td\u003E\n\u003Ctd\u003E\u003Cbr \/\u003E\n\u003Cdiv align=\u0022right\u0022\u003E\u003Cspan style=\u0022font-family: Verdana, Arial, Helvetica, sans-serif; font-size: xx-small;\u0022 size=\u00221\u0022 face=\u0022Verdana, Arial, Helvetica, sans-serif\u0022\u003E61.000\u003C\/span\u003E\u003C\/div\u003E\n\u003C\/td\u003E\n\u003Ctd\u003E\u003Cbr \/\u003E\n\u003Cdiv align=\u0022right\u0022\u003E\u003Cspan style=\u0022font-family: Verdana, Arial, Helvetica, sans-serif;\u0022 face=\u0022Verdana, Arial, Helvetica, sans-serif\u0022\u003E\u003Cspan style=\u0022font-size: xx-small;\u0022 size=\u00221\u0022\u003E\u003C\/span\u003E\u003C\/span\u003E\u00a0\u003C\/div\u003E\n\u003C\/td\u003E\n\u003C\/tr\u003E\n\u003Ctr\u003E\n\u003Ctd\u003E\u003Cspan style=\u0022font-family: Verdana, Arial, Helvetica, sans-serif; font-size: xx-small;\u0022 size=\u00221\u0022 face=\u0022Verdana, Arial, Helvetica, sans-serif\u0022\u003E2710\u003C\/span\u003E\u003C\/td\u003E\n\u003Ctd\u003E\u003Cspan style=\u0022font-family: Verdana, Arial, Helvetica, sans-serif; font-size: xx-small;\u0022 size=\u00221\u0022 face=\u0022Verdana, Arial, Helvetica, sans-serif\u0022\u003EWp\u0142ywy z tytu\u0142u pomocy finansowej udzielanej mi\u0119dzy jednostkami samorz\u0105du terytorialnego na dofinansowanie w\u0142asnych zada\u0144 bie\u017c\u0105cych\u003C\/span\u003E\u003C\/td\u003E\n\u003Ctd\u003E\u003Cbr \/\u003E\n\u003Cdiv align=\u0022right\u0022\u003E\u003Cspan style=\u0022font-family: Verdana, Arial, Helvetica, sans-serif; font-size: xx-small;\u0022 size=\u00221\u0022 face=\u0022Verdana, Arial, Helvetica, sans-serif\u0022\u003E5.000\u003C\/span\u003E\u003C\/div\u003E\n\u003C\/td\u003E\n\u003Ctd\u003E\u003Cbr \/\u003E\n\u003Cdiv align=\u0022right\u0022\u003E\u003Cspan style=\u0022font-family: Verdana, Arial, Helvetica, sans-serif;\u0022 face=\u0022Verdana, Arial, Helvetica, sans-serif\u0022\u003E\u003Cspan style=\u0022font-size: xx-small;\u0022 size=\u00221\u0022\u003E\u003C\/span\u003E\u003C\/span\u003E\u00a0\u003C\/div\u003E\n\u003C\/td\u003E\n\u003C\/tr\u003E\n\u003Ctr\u003E\n\u003Ctd\u003E\u003Cspan style=\u0022font-family: Verdana, Arial, Helvetica, sans-serif; font-size: xx-small;\u0022 size=\u00221\u0022 face=\u0022Verdana, Arial, Helvetica, sans-serif\u0022\u003E2570\u003C\/span\u003E\u003C\/td\u003E\n\u003Ctd\u003E\u003Cspan style=\u0022font-family: Verdana, Arial, Helvetica, sans-serif; font-size: xx-small;\u0022 size=\u00221\u0022 face=\u0022Verdana, Arial, Helvetica, sans-serif\u0022\u003EDotacja podmiotowa z bud\u017cetu dla pozosta\u0142ych jednostek sektora finans\u00f3w publicznych\u003C\/span\u003E\u003C\/td\u003E\n\u003Ctd\u003E\u003Cbr \/\u003E\n\u003Cdiv align=\u0022right\u0022\u003E\u003Cspan style=\u0022font-family: Verdana, Arial, Helvetica, sans-serif;\u0022 face=\u0022Verdana, Arial, Helvetica, sans-serif\u0022\u003E\u003Cspan style=\u0022font-size: xx-small;\u0022 size=\u00221\u0022\u003E\u003C\/span\u003E\u003C\/span\u003E\u00a0\u003C\/div\u003E\n\u003C\/td\u003E\n\u003Ctd\u003E\u003Cbr \/\u003E\n\u003Cdiv align=\u0022right\u0022\u003E\u003Cspan style=\u0022font-family: Verdana, Arial, Helvetica, sans-serif; font-size: xx-small;\u0022 size=\u00221\u0022 face=\u0022Verdana, Arial, Helvetica, sans-serif\u0022\u003E66.000\u003C\/span\u003E\u003C\/div\u003E\n\u003C\/td\u003E\n\u003C\/tr\u003E\n\u003Ctr\u003E\n\u003Ctd\u003E\u003Cb\u003E\u003Cspan style=\u0022font-family: Verdana, Arial, Helvetica, sans-serif; font-size: xx-small;\u0022 size=\u00221\u0022 face=\u0022Verdana, Arial, Helvetica, sans-serif\u0022\u003E750\u003C\/span\u003E\u003C\/b\u003E\u003C\/td\u003E\n\u003Ctd colspan=\u00223\u0022\u003E\u003Cb\u003E\u003Cspan style=\u0022font-family: Verdana, Arial, Helvetica, sans-serif; font-size: xx-small;\u0022 size=\u00221\u0022 face=\u0022Verdana, Arial, Helvetica, sans-serif\u0022\u003EAdministracja publiczna\u003C\/span\u003E\u003C\/b\u003E\u003C\/td\u003E\n\u003Ctd\u003E\u003Cbr \/\u003E\n\u003Cdiv align=\u0022right\u0022\u003E\u003Cspan style=\u0022font-family: Verdana, Arial, Helvetica, sans-serif; font-size: xx-small;\u0022 size=\u00221\u0022 face=\u0022Verdana, Arial, Helvetica, sans-serif\u0022\u003E\u003Cb\u003E3.393.850\u003C\/b\u003E\u003C\/span\u003E\u003C\/div\u003E\n\u003C\/td\u003E\n\u003Ctd\u003E\u003Cbr \/\u003E\n\u003Cdiv align=\u0022right\u0022\u003E\u003Cspan style=\u0022font-family: Verdana, Arial, Helvetica, sans-serif; font-size: xx-small;\u0022 size=\u00221\u0022 face=\u0022Verdana, Arial, Helvetica, sans-serif\u0022\u003E\u003Cb\u003E3.393.850\u003C\/b\u003E\u003C\/span\u003E\u003C\/div\u003E\n\u003C\/td\u003E\n\u003C\/tr\u003E\n\u003Ctr\u003E\n\u003Ctd rowspan=\u00224\u0022\u003E\u003Cspan style=\u0022font-family: Verdana, Arial, Helvetica, sans-serif; font-size: xx-small;\u0022 size=\u00221\u0022 face=\u0022Verdana, Arial, Helvetica, sans-serif\u0022\u003E\u00a0\u003C\/span\u003E\u003C\/td\u003E\n\u003Ctd\u003E\u003Ci\u003E\u003Cspan style=\u0022font-family: Verdana, Arial, Helvetica, sans-serif; font-size: xx-small;\u0022 size=\u00221\u0022 face=\u0022Verdana, Arial, Helvetica, sans-serif\u0022\u003E75018\u003C\/span\u003E\u003C\/i\u003E\u003C\/td\u003E\n\u003Ctd colspan=\u00222\u0022\u003E\u003Ci\u003E\u003Cspan style=\u0022font-family: Verdana, Arial, Helvetica, sans-serif; font-size: xx-small;\u0022 size=\u00221\u0022 face=\u0022Verdana, Arial, Helvetica, sans-serif\u0022\u003EUrz\u0119dy marsza\u0142kowskie\u003C\/span\u003E\u003C\/i\u003E\u003C\/td\u003E\n\u003Ctd\u003E\u003Cbr \/\u003E\n\u003Cdiv align=\u0022right\u0022\u003E\u003Cspan style=\u0022font-family: Verdana, Arial, Helvetica, sans-serif; font-size: xx-small;\u0022 size=\u00221\u0022 face=\u0022Verdana, Arial, Helvetica, sans-serif\u0022\u003E\u003Ci\u003E3.393.850\u003C\/i\u003E\u003C\/span\u003E\u003C\/div\u003E\n\u003C\/td\u003E\n\u003Ctd\u003E\u003Cbr \/\u003E\n\u003Cdiv align=\u0022right\u0022\u003E\u003Cspan style=\u0022font-family: Verdana, Arial, Helvetica, sans-serif; font-size: xx-small;\u0022 size=\u00221\u0022 face=\u0022Verdana, Arial, Helvetica, sans-serif\u0022\u003E\u003Ci\u003E3.393.850 \u003C\/i\u003E\u003C\/span\u003E\u003C\/div\u003E\n\u003C\/td\u003E\n\u003C\/tr\u003E\n\u003Ctr\u003E\n\u003Ctd rowspan=\u00223\u0022\u003E\u003Cspan style=\u0022font-family: Verdana, Arial, Helvetica, sans-serif; font-size: xx-small;\u0022 size=\u00221\u0022 face=\u0022Verdana, Arial, Helvetica, sans-serif\u0022\u003E\u00a0\u003C\/span\u003E\u003C\/td\u003E\n\u003Ctd\u003E\u003Cspan style=\u0022font-family: Verdana, Arial, Helvetica, sans-serif; font-size: xx-small;\u0022 size=\u00221\u0022 face=\u0022Verdana, Arial, Helvetica, sans-serif\u0022\u003E0970\u003C\/span\u003E\u003C\/td\u003E\n\u003Ctd\u003E\u003Cspan style=\u0022font-family: Verdana, Arial, Helvetica, sans-serif; font-size: xx-small;\u0022 size=\u00221\u0022 face=\u0022Verdana, Arial, Helvetica, sans-serif\u0022\u003EWp\u0142ywy z r\u00f3\u017cnych dochod\u00f3w\u003C\/span\u003E\u003C\/td\u003E\n\u003Ctd\u003E\u003Cbr \/\u003E\n\u003Cdiv align=\u0022right\u0022\u003E\u003Cspan style=\u0022font-family: Verdana, Arial, Helvetica, sans-serif; font-size: xx-small;\u0022 size=\u00221\u0022 face=\u0022Verdana, Arial, Helvetica, sans-serif\u0022\u003E3.393.850\u003C\/span\u003E\u003C\/div\u003E\n\u003C\/td\u003E\n\u003Ctd\u003E\u003Cbr \/\u003E\n\u003Cdiv align=\u0022right\u0022\u003E\u00a0\u003C\/div\u003E\n\u003C\/td\u003E\n\u003C\/tr\u003E\n\u003Ctr\u003E\n\u003Ctd\u003E\u003Cspan style=\u0022font-family: Verdana, Arial, Helvetica, sans-serif; font-size: xx-small;\u0022 size=\u00221\u0022 face=\u0022Verdana, Arial, Helvetica, sans-serif\u0022\u003E6050\u003C\/span\u003E\u003C\/td\u003E\n\u003Ctd\u003E\u003Cspan style=\u0022font-family: Verdana, Arial, Helvetica, sans-serif; font-size: xx-small;\u0022 size=\u00221\u0022 face=\u0022Verdana, Arial, Helvetica, sans-serif\u0022\u003EWydatki inwestycyjne jednostek bud\u017cetowych\u003C\/span\u003E\u003C\/td\u003E\n\u003Ctd\u003E\u003Cbr \/\u003E\n\u003Cdiv align=\u0022right\u0022\u003E\u00a0\u003C\/div\u003E\n\u003C\/td\u003E\n\u003Ctd\u003E\u003Cbr \/\u003E\n\u003Cdiv align=\u0022right\u0022\u003E\u003Cspan style=\u0022font-family: Verdana, Arial, Helvetica, sans-serif; font-size: xx-small;\u0022 size=\u00221\u0022 face=\u0022Verdana, Arial, Helvetica, sans-serif\u0022\u003E3.393.850\u003C\/span\u003E\u003C\/div\u003E\n\u003C\/td\u003E\n\u003C\/tr\u003E\n\u003Ctr\u003E\n\u003Ctd\u003E\u003Cspan style=\u0022font-family: Verdana, Arial, Helvetica, sans-serif; font-size: xx-small;\u0022 size=\u00221\u0022 face=\u0022Verdana, Arial, Helvetica, sans-serif\u0022\u003E\u00a0\u003C\/span\u003E\u003C\/td\u003E\n\u003Ctd\u003E\u003Cbr \/\u003E\n\u003Cdiv align=\u0022right\u0022\u003E\u003Cspan style=\u0022font-family: Verdana, Arial, Helvetica, sans-serif; font-size: xx-small;\u0022 size=\u00221\u0022 face=\u0022Verdana, Arial, Helvetica, sans-serif\u0022\u003E\u003Cb\u003ERAZEM\u003C\/b\u003E\u003C\/span\u003E\u003C\/div\u003E\n\u003C\/td\u003E\n\u003Ctd\u003E\u003Cbr \/\u003E\n\u003Cdiv align=\u0022right\u0022\u003E\u003Cspan style=\u0022font-family: Verdana, Arial, Helvetica, sans-serif; font-size: xx-small;\u0022 size=\u00221\u0022 face=\u0022Verdana, Arial, Helvetica, sans-serif\u0022\u003E\u003Cb\u003E3.459.850\u003C\/b\u003E\u003C\/span\u003E\u003C\/div\u003E\n\u003C\/td\u003E\n\u003Ctd\u003E\u003Cbr \/\u003E\n\u003Cp align=\u0022right\u0022\u003E\u003Cspan style=\u0022font-family: Verdana, Arial, Helvetica, sans-serif; font-size: xx-small;\u0022 size=\u00221\u0022 face=\u0022Verdana, Arial, Helvetica, sans-serif\u0022\u003E\u003Cb\u003E3.459.850 \u003C\/b\u003E\u003C\/span\u003E\u003C\/p\u003E\n\u003C\/td\u003E\n\u003C\/tr\u003E\n\u003C\/tbody\u003E\n\u003C\/table\u003E\n\u003Cbr \/\u003E\n\u003Cp\u003E2. Zwi\u0119ksze\u0144, o kt\u00f3rych mowa w ust. 1, dokonuje si\u0119 w:\u003C\/p\u003E\n\u003Cbr \/\u003E\n\u003Cp\u003Ea) dz. 010 - celem przyj\u0119cia pomocy finansowej w wysoko\u015bci 5.000 z\u0142 od gminy Gocza\u0142kowice-Zdr\u00f3j na dofinansowanie prac konserwacyjnych na ciekach gocza\u0142kowickich w 2005 roku oraz celem przyj\u0119cia pomocy finansowej w wysoko\u015bci 61.000 z\u0142 od Miasta Tychy na cz\u0119\u015bciowe pokrycie koszt\u00f3w utrzymania rzeki Mlecznej i cieku Potok Tyski.\u003C\/p\u003E\n\u003Cbr \/\u003E\n\u003Cp\u003Eb) dz. 750 - w zwi\u0105zku z uzyskaniem nieplanowanych dochod\u00f3w bud\u017cetu z tytu\u0142u niezrealizowanych wydatk\u00f3w w ramach \u015brodk\u00f3w niewygasaj\u0105cych w bud\u017cecie 2004 roku, kt\u00f3rych termin up\u0142ywa z dniem 30 wrze\u015bnia 2005 roku. \u015arodki przeznacza si\u0119 na zadanie pod nazw\u0105: \u201ePrzebudowa i rozbudowa budynku biurowego przy ulicy D\u0105browskiego 23 w Katowicach\u201d.\u003C\/p\u003E\n\u003Cbr \/\u003E\n\u003Cp align=\u0022center\u0022\u003E\u00a7 2\u003C\/p\u003E\n\u003Cbr \/\u003E\n\u003Cp\u003EWykonanie uchwa\u0142y powierza si\u0119 Zarz\u0105dowi Wojew\u00f3dztwa \u015al\u0105skiego.\u003C\/p\u003E\n\u003Cbr \/\u003E\n\u003Cp align=\u0022center\u0022\u003E\u00a7 3\u003C\/p\u003E\n\u003Cbr \/\u003E\n\u003Cp\u003EUchwa\u0142a wchodzi w \u017cycie z dniem podj\u0119cia.\u003C\/p\u003E\n\u003C\/div\u003E\n\u003C\/div\u003E","promotion":false}},{"id":"bf6dbc25-d119-11e7-80a9-005056b46601","type":"Gallery","name":"Galeria","description":"Galeria"},{"id":"bf6e1f6b-d119-11e7-80a9-005056b46601","type":"Attachment","name":"Za\u0142\u0105czniki","description":"Za\u0142\u0105czniki do strony"},{"id":"eba03b25-d9a7-11e7-b355-005056b70dba","type":"PageTitle","name":"","description":"Tytu\u0142 strony","content":{"title":"Uchwa\u0142a Sejmiku nr II\/39\/20\/2005 z dnia 2005-09-26"}},{"id":"eba07701-d9a7-11e7-b355-005056b70dba","type":"PageDescription","name":"","description":"Zajawka strony","content":[]},{"id":"1b1a7940-ff78-11e7-b81e-005056b7801d","type":"SectionDescription","name":"","description":"Zajawka sekcji","content":[]}]}