{"id":25665,"name":"uchwala-sejmiku-nr-ii3952005-z-dnia-2005-09-26","title":"Uchwa\u0142a Sejmiku nr II\/39\/5\/2005 z dnia 2005-09-26","desc":"","header":"Uchwa\u0142a Sejmiku nr II\/39\/5\/2005 z dnia 2005-09-26","lead":"","keywords":"","changes":"migracja danych","menu":"","path":"\/sejmik_wojewodztwa\/sesje_sejmiku\/uchwaly\/uchwala-sejmiku-nr-ii3952005-z-dnia-2005-09-26.html","url":"\/sejmik_wojewodztwa\/sesje_sejmiku\/uchwaly\/uchwala-sejmiku-nr-ii3952005-z-dnia-2005-09-26.html","infoOwner":"Urz\u0105d Marsza\u0142kowski Wojew\u00f3dztwa \u015al\u0105skiego","dateFirstPublicate":"2022-01-26 14:36:43","dateLastVersionPublicate":"2022-01-26 14:36:43","dateAvailableFrom":"","dateAvailableTo":"","type":"Uchwa\u0142a Sejmiku","pageParams":[{"id":"225","name":"DATA_OGLOSZENIA","description":"Data og\u0142oszenia","value":"2005-09-26"},{"id":"235","name":"W sprawie","description":"W sprawie","value":"zmian bud\u017cetu i w bud\u017cecie Wojew\u00f3dztwa \u015al\u0105skiego na 2005 rok"},{"id":"299","name":"NUMER_UCHWALY_SEJMIKU","description":"Numer uchwa\u0142y","value":"II\/39\/05\/2005"}],"components":[{"id":"bf6d5eba-d119-11e7-80a9-005056b46601","type":"ContentWYSIWYG","name":"Tre\u015b\u0107","description":"Tre\u015b\u0107 strony","content":{"content":"\u003Cdiv class=\u0022lead1\u0022\u003ENa podstawie\u003Cbr \/\u003Eart. 18 pkt 6\u003Cbr \/\u003E ustawy z dnia 5 czerwca 1998 roku o samorz\u0105dzie wojew\u00f3dztwa\u003Cbr \/\u003E (t. j. Dz. U. Nr 142 z 2001 roku, poz. 1590 z p\u00f3\u017an. zm.)\u003C\/div\u003E\n\u003Cdiv class=\u0022tresc\u0022\u003E\n\u003Cp align=\u0022center\u0022\u003E\u00a7 1\u003C\/p\u003E\n\u003Cbr \/\u003E\n\u003Cp\u003E1. Dokonuje si\u0119 zwi\u0119kszenia dochod\u00f3w i wydatk\u00f3w bud\u017cetu Wojew\u00f3dztwa \u015al\u0105skiego na 2005 rok w ramach zada\u0144 w\u0142asnych samorz\u0105du w wysoko\u015bci \u003Cstrong\u003E151.873 z\u0142\u003C\/strong\u003E zgodnie z wyszczeg\u00f3lnieniem:\u003C\/p\u003E\n\u003Cbr \/\u003E\n\u003Cp align=\u0022right\u0022\u003Ew z\u0142\u003C\/p\u003E\n\u003Ctable width=\u0022100%\u0022 border=\u00221\u0022\u003E\n\u003Ctbody\u003E\n\u003Ctr\u003E\n\u003Ctd width=\u00222%\u0022 height=\u002224\u0022\u003E\u003Cbr \/\u003E\n\u003Cdiv align=\u0022center\u0022\u003E\u003Cspan style=\u0022font-family: Verdana, Arial, Helvetica, sans-serif; font-size: xx-small;\u0022 size=\u00221\u0022 face=\u0022Verdana, Arial, Helvetica, sans-serif\u0022\u003E\u003Cb\u003EDz.\u003C\/b\u003E\u003C\/span\u003E\u003C\/div\u003E\n\u003C\/td\u003E\n\u003Ctd width=\u00224%\u0022 height=\u002224\u0022\u003E\u003Cbr \/\u003E\n\u003Cdiv align=\u0022center\u0022\u003E\u003Cspan style=\u0022font-family: Verdana, Arial, Helvetica, sans-serif; font-size: xx-small;\u0022 size=\u00221\u0022 face=\u0022Verdana, Arial, Helvetica, sans-serif\u0022\u003E\u003Cb\u003ERozdz.\u003C\/b\u003E\u003C\/span\u003E\u003C\/div\u003E\n\u003C\/td\u003E\n\u003Ctd width=\u00223%\u0022 height=\u002224\u0022\u003E\u003Cbr \/\u003E\n\u003Cdiv align=\u0022center\u0022\u003E\u003Cspan style=\u0022font-family: Verdana, Arial, Helvetica, sans-serif; font-size: xx-small;\u0022 size=\u00221\u0022 face=\u0022Verdana, Arial, Helvetica, sans-serif\u0022\u003E\u003Cb\u003E\u00a7\u003C\/b\u003E\u003C\/span\u003E\u003C\/div\u003E\n\u003C\/td\u003E\n\u003Ctd width=\u002280%\u0022 height=\u002224\u0022\u003E\u003Cbr \/\u003E\n\u003Cdiv align=\u0022center\u0022\u003E\u003Cspan style=\u0022font-family: Verdana, Arial, Helvetica, sans-serif; font-size: xx-small;\u0022 size=\u00221\u0022 face=\u0022Verdana, Arial, Helvetica, sans-serif\u0022\u003E\u003Cb\u003EWyszczeg\u00f3lnienie\u003C\/b\u003E\u003C\/span\u003E\u003C\/div\u003E\n\u003C\/td\u003E\n\u003Ctd width=\u00225%\u0022 height=\u002224\u0022\u003E\u003Cbr \/\u003E\n\u003Cdiv align=\u0022center\u0022\u003E\u003Cspan style=\u0022font-family: Verdana, Arial, Helvetica, sans-serif; font-size: xx-small;\u0022 size=\u00221\u0022 face=\u0022Verdana, Arial, Helvetica, sans-serif\u0022\u003E\u003Cb\u003EDochody\u003C\/b\u003E\u003C\/span\u003E\u003C\/div\u003E\n\u003C\/td\u003E\n\u003Ctd width=\u00226%\u0022 height=\u002224\u0022\u003E\u003Cbr \/\u003E\n\u003Cdiv align=\u0022center\u0022\u003E\u003Cspan style=\u0022font-family: Verdana, Arial, Helvetica, sans-serif; font-size: xx-small;\u0022 size=\u00221\u0022 face=\u0022Verdana, Arial, Helvetica, sans-serif\u0022\u003E\u003Cb\u003EWydatki\u003C\/b\u003E\u003C\/span\u003E\u003C\/div\u003E\n\u003C\/td\u003E\n\u003C\/tr\u003E\n\u003Ctr\u003E\n\u003Ctd width=\u00222%\u0022\u003E\u003Cb\u003E\u003Cspan style=\u0022font-family: Verdana, Arial, Helvetica, sans-serif; font-size: xx-small;\u0022 size=\u00221\u0022 face=\u0022Verdana, Arial, Helvetica, sans-serif\u0022\u003E010\u003C\/span\u003E\u003C\/b\u003E\u003C\/td\u003E\n\u003Ctd colspan=\u00223\u0022\u003E\u003Cb\u003E\u003Cspan style=\u0022font-family: Verdana, Arial, Helvetica, sans-serif; font-size: xx-small;\u0022 size=\u00221\u0022 face=\u0022Verdana, Arial, Helvetica, sans-serif\u0022\u003ERolnictwo i \u0142owiectwo\u003C\/span\u003E\u003C\/b\u003E\u003C\/td\u003E\n\u003Ctd width=\u00225%\u0022\u003E\u003Cbr \/\u003E\n\u003Cdiv align=\u0022right\u0022\u003E\u003Cspan style=\u0022font-family: Verdana, Arial, Helvetica, sans-serif; font-size: xx-small;\u0022 size=\u00221\u0022 face=\u0022Verdana, Arial, Helvetica, sans-serif\u0022\u003E\u003Cb\u003E20.000\u003C\/b\u003E\u003C\/span\u003E\u003C\/div\u003E\n\u003C\/td\u003E\n\u003Ctd width=\u00226%\u0022\u003E\u003Cbr \/\u003E\n\u003Cdiv align=\u0022right\u0022\u003E\u003Cspan style=\u0022font-family: Verdana, Arial, Helvetica, sans-serif; font-size: xx-small;\u0022 size=\u00221\u0022 face=\u0022Verdana, Arial, Helvetica, sans-serif\u0022\u003E\u003Cb\u003E20.000\u003C\/b\u003E\u003C\/span\u003E\u003C\/div\u003E\n\u003C\/td\u003E\n\u003C\/tr\u003E\n\u003Ctr\u003E\n\u003Ctd rowspan=\u00223\u0022 width=\u00222%\u0022\u003E\u00a0\u003C\/td\u003E\n\u003Ctd width=\u00224%\u0022\u003E\u003Ci\u003E\u003Cspan style=\u0022font-family: Verdana, Arial, Helvetica, sans-serif; font-size: xx-small;\u0022 size=\u00221\u0022 face=\u0022Verdana, Arial, Helvetica, sans-serif\u0022\u003E01008\u003C\/span\u003E\u003C\/i\u003E\u003C\/td\u003E\n\u003Ctd colspan=\u00222\u0022\u003E\u003Ci\u003E\u003Cspan style=\u0022font-family: Verdana, Arial, Helvetica, sans-serif; font-size: xx-small;\u0022 size=\u00221\u0022 face=\u0022Verdana, Arial, Helvetica, sans-serif\u0022\u003EMelioracje wodne\u003C\/span\u003E\u003C\/i\u003E\u003C\/td\u003E\n\u003Ctd width=\u00225%\u0022\u003E\u003Cbr \/\u003E\n\u003Cdiv align=\u0022right\u0022\u003E\u003Cspan style=\u0022font-family: Verdana, Arial, Helvetica, sans-serif; font-size: xx-small;\u0022 size=\u00221\u0022 face=\u0022Verdana, Arial, Helvetica, sans-serif\u0022\u003E\u003Ci\u003E20.000\u003C\/i\u003E\u003C\/span\u003E\u003C\/div\u003E\n\u003C\/td\u003E\n\u003Ctd width=\u00226%\u0022\u003E\u003Cbr \/\u003E\n\u003Cdiv align=\u0022right\u0022\u003E\u003Cspan style=\u0022font-family: Verdana, Arial, Helvetica, sans-serif; font-size: xx-small;\u0022 size=\u00221\u0022 face=\u0022Verdana, Arial, Helvetica, sans-serif\u0022\u003E\u003Ci\u003E20.000\u003C\/i\u003E\u003C\/span\u003E\u003C\/div\u003E\n\u003C\/td\u003E\n\u003C\/tr\u003E\n\u003Ctr\u003E\n\u003Ctd rowspan=\u00222\u0022 width=\u00224%\u0022\u003E\u003Cspan style=\u0022font-family: Verdana, Arial, Helvetica, sans-serif; font-size: xx-small;\u0022 size=\u00221\u0022 face=\u0022Verdana, Arial, Helvetica, sans-serif\u0022\u003E\u00a0\u003C\/span\u003E\u003C\/td\u003E\n\u003Ctd width=\u00223%\u0022\u003E\u003Cbr \/\u003E\n\u003Cdiv align=\u0022center\u0022\u003E\u003Cspan style=\u0022font-family: Verdana, Arial, Helvetica, sans-serif; font-size: xx-small;\u0022 size=\u00221\u0022 face=\u0022Verdana, Arial, Helvetica, sans-serif\u0022\u003E2440\u003C\/span\u003E\u003C\/div\u003E\n\u003C\/td\u003E\n\u003Ctd width=\u002280%\u0022\u003E\u003Cspan style=\u0022font-family: Verdana, Arial, Helvetica, sans-serif; font-size: xx-small;\u0022 size=\u00221\u0022 face=\u0022Verdana, Arial, Helvetica, sans-serif\u0022\u003EDotacje otrzymane z funduszy celowych na realizacj\u0119 zada\u0144 bie\u017c\u0105cych jednostek sektora finans\u00f3w publicznych\u003C\/span\u003E\u003C\/td\u003E\n\u003Ctd width=\u00225%\u0022\u003E\u003Cspan style=\u0022font-family: Verdana, Arial, Helvetica, sans-serif; font-size: xx-small;\u0022 size=\u00221\u0022 face=\u0022Verdana, Arial, Helvetica, sans-serif\u0022\u003E20.000\u003C\/span\u003E\u003C\/td\u003E\n\u003Ctd width=\u00226%\u0022\u003E\u003Cspan style=\u0022font-family: Verdana, Arial, Helvetica, sans-serif; font-size: xx-small;\u0022 size=\u00221\u0022 face=\u0022Verdana, Arial, Helvetica, sans-serif\u0022\u003E\u00a0\u003C\/span\u003E\u003C\/td\u003E\n\u003C\/tr\u003E\n\u003Ctr\u003E\n\u003Ctd width=\u00223%\u0022\u003E\u003Cbr \/\u003E\n\u003Cdiv align=\u0022center\u0022\u003E\u003Cspan style=\u0022font-family: Verdana, Arial, Helvetica, sans-serif; font-size: xx-small;\u0022 size=\u00221\u0022 face=\u0022Verdana, Arial, Helvetica, sans-serif\u0022\u003E2570\u003C\/span\u003E\u003C\/div\u003E\n\u003C\/td\u003E\n\u003Ctd width=\u002280%\u0022\u003E\u003Cspan style=\u0022font-family: Verdana, Arial, Helvetica, sans-serif; font-size: xx-small;\u0022 size=\u00221\u0022 face=\u0022Verdana, Arial, Helvetica, sans-serif\u0022\u003EDotacja podmiotowa z bud\u017cetu dla pozosta\u0142ych jednostek sektora finans\u00f3w publicznych\u003C\/span\u003E\u003C\/td\u003E\n\u003Ctd width=\u00225%\u0022\u003E\u003Cspan style=\u0022font-family: Verdana, Arial, Helvetica, sans-serif; font-size: xx-small;\u0022 size=\u00221\u0022 face=\u0022Verdana, Arial, Helvetica, sans-serif\u0022\u003E\u00a0\u003C\/span\u003E\u003C\/td\u003E\n\u003Ctd width=\u00226%\u0022\u003E\u003Cbr \/\u003E\n\u003Cdiv align=\u0022right\u0022\u003E\u003Cspan style=\u0022font-family: Verdana, Arial, Helvetica, sans-serif; font-size: xx-small;\u0022 size=\u00221\u0022 face=\u0022Verdana, Arial, Helvetica, sans-serif\u0022\u003E20.000\u003C\/span\u003E\u003C\/div\u003E\n\u003C\/td\u003E\n\u003C\/tr\u003E\n\u003Ctr\u003E\n\u003Ctd width=\u00222%\u0022\u003E\u003Cb\u003E\u003Cspan style=\u0022font-family: Verdana, Arial, Helvetica, sans-serif; font-size: xx-small;\u0022 size=\u00221\u0022 face=\u0022Verdana, Arial, Helvetica, sans-serif\u0022\u003E851\u003C\/span\u003E\u003C\/b\u003E\u003C\/td\u003E\n\u003Ctd colspan=\u00223\u0022\u003E\u003Cb\u003E\u003Cspan style=\u0022font-family: Verdana, Arial, Helvetica, sans-serif; font-size: xx-small;\u0022 size=\u00221\u0022 face=\u0022Verdana, Arial, Helvetica, sans-serif\u0022\u003EOchrona zdrowia\u003C\/span\u003E\u003C\/b\u003E\u003C\/td\u003E\n\u003Ctd width=\u00225%\u0022\u003E\u003Cbr \/\u003E\n\u003Cdiv align=\u0022right\u0022\u003E\u003Cspan style=\u0022font-family: Verdana, Arial, Helvetica, sans-serif; font-size: xx-small;\u0022 size=\u00221\u0022 face=\u0022Verdana, Arial, Helvetica, sans-serif\u0022\u003E\u003Cb\u003E5.000\u003C\/b\u003E\u003C\/span\u003E\u003C\/div\u003E\n\u003C\/td\u003E\n\u003Ctd width=\u00226%\u0022\u003E\u003Cbr \/\u003E\n\u003Cdiv align=\u0022right\u0022\u003E\u003Cspan style=\u0022font-family: Verdana, Arial, Helvetica, sans-serif; font-size: xx-small;\u0022 size=\u00221\u0022 face=\u0022Verdana, Arial, Helvetica, sans-serif\u0022\u003E\u003Cb\u003E5.000\u003C\/b\u003E\u003C\/span\u003E\u003C\/div\u003E\n\u003C\/td\u003E\n\u003C\/tr\u003E\n\u003Ctr\u003E\n\u003Ctd rowspan=\u00223\u0022 width=\u00222%\u0022\u003E\u003Cspan style=\u0022font-family: Verdana, Arial, Helvetica, sans-serif; font-size: xx-small;\u0022 size=\u00221\u0022 face=\u0022Verdana, Arial, Helvetica, sans-serif\u0022\u003E\u00a0\u003C\/span\u003E\u003C\/td\u003E\n\u003Ctd width=\u00224%\u0022\u003E\u003Ci\u003E\u003Cspan style=\u0022font-family: Verdana, Arial, Helvetica, sans-serif; font-size: xx-small;\u0022 size=\u00221\u0022 face=\u0022Verdana, Arial, Helvetica, sans-serif\u0022\u003E85111\u003C\/span\u003E\u003C\/i\u003E\u003C\/td\u003E\n\u003Ctd colspan=\u00222\u0022\u003E\u003Ci\u003E\u003Cspan style=\u0022font-family: Verdana, Arial, Helvetica, sans-serif; font-size: xx-small;\u0022 size=\u00221\u0022 face=\u0022Verdana, Arial, Helvetica, sans-serif\u0022\u003ESzpitale og\u00f3lne\u003C\/span\u003E\u003C\/i\u003E\u003C\/td\u003E\n\u003Ctd width=\u00225%\u0022\u003E\u003Cbr \/\u003E\n\u003Cdiv align=\u0022right\u0022\u003E\u003Cspan style=\u0022font-family: Verdana, Arial, Helvetica, sans-serif; font-size: xx-small;\u0022 size=\u00221\u0022 face=\u0022Verdana, Arial, Helvetica, sans-serif\u0022\u003E\u003Ci\u003E5.000\u003C\/i\u003E\u003C\/span\u003E\u003C\/div\u003E\n\u003C\/td\u003E\n\u003Ctd width=\u00226%\u0022\u003E\u003Cbr \/\u003E\n\u003Cdiv align=\u0022right\u0022\u003E\u003Cspan style=\u0022font-family: Verdana, Arial, Helvetica, sans-serif; font-size: xx-small;\u0022 size=\u00221\u0022 face=\u0022Verdana, Arial, Helvetica, sans-serif\u0022\u003E\u003Ci\u003E5.000 \u003C\/i\u003E\u003C\/span\u003E\u003C\/div\u003E\n\u003C\/td\u003E\n\u003C\/tr\u003E\n\u003Ctr\u003E\n\u003Ctd rowspan=\u00222\u0022 width=\u00224%\u0022\u003E\u00a0\u003C\/td\u003E\n\u003Ctd width=\u00223%\u0022\u003E\u003Cbr \/\u003E\n\u003Cdiv align=\u0022center\u0022\u003E\u003Cspan style=\u0022font-family: Verdana, Arial, Helvetica, sans-serif; font-size: xx-small;\u0022 size=\u00221\u0022 face=\u0022Verdana, Arial, Helvetica, sans-serif\u0022\u003E6300\u003C\/span\u003E\u003C\/div\u003E\n\u003C\/td\u003E\n\u003Ctd width=\u002280%\u0022\u003E\u003Cspan style=\u0022font-family: Verdana, Arial, Helvetica, sans-serif; font-size: xx-small;\u0022 size=\u00221\u0022 face=\u0022Verdana, Arial, Helvetica, sans-serif\u0022\u003EWp\u0142ywy z tytu\u0142u pomocy finansowej udzielanej mi\u0119dzy jednostkami samorz\u0105du terytorialnego na dofinansowanie w\u0142asnych zada\u0144 inwestycyjnych i zakup\u00f3w inwestycyjnych\u003C\/span\u003E\u003C\/td\u003E\n\u003Ctd width=\u00225%\u0022\u003E\u003Cbr \/\u003E\n\u003Cdiv align=\u0022right\u0022\u003E\u003Cspan style=\u0022font-family: Verdana, Arial, Helvetica, sans-serif; font-size: xx-small;\u0022 size=\u00221\u0022 face=\u0022Verdana, Arial, Helvetica, sans-serif\u0022\u003E5.000\u003C\/span\u003E\u003C\/div\u003E\n\u003C\/td\u003E\n\u003Ctd width=\u00226%\u0022\u003E\u003Cspan style=\u0022font-family: Verdana, Arial, Helvetica, sans-serif; font-size: xx-small;\u0022 size=\u00221\u0022 face=\u0022Verdana, Arial, Helvetica, sans-serif\u0022\u003E\u00a0\u003C\/span\u003E\u003C\/td\u003E\n\u003C\/tr\u003E\n\u003Ctr\u003E\n\u003Ctd width=\u00223%\u0022\u003E\u003Cbr \/\u003E\n\u003Cdiv align=\u0022center\u0022\u003E\u003Cspan style=\u0022font-family: Verdana, Arial, Helvetica, sans-serif; font-size: xx-small;\u0022 size=\u00221\u0022 face=\u0022Verdana, Arial, Helvetica, sans-serif\u0022\u003E6220\u003C\/span\u003E\u003C\/div\u003E\n\u003C\/td\u003E\n\u003Ctd width=\u002280%\u0022\u003E\u003Cspan style=\u0022font-family: Verdana, Arial, Helvetica, sans-serif; font-size: xx-small;\u0022 size=\u00221\u0022 face=\u0022Verdana, Arial, Helvetica, sans-serif\u0022\u003EDotacje celowe z bud\u017cetu na finansowanie lub dofinansowanie koszt\u00f3w realizacji inwestycji i zakup\u00f3w inwestycyjnych innych jednostek sektora finans\u00f3w publicznych\u003C\/span\u003E\u003C\/td\u003E\n\u003Ctd width=\u00225%\u0022\u003E\u003Cspan style=\u0022font-family: Verdana, Arial, Helvetica, sans-serif; font-size: xx-small;\u0022 size=\u00221\u0022 face=\u0022Verdana, Arial, Helvetica, sans-serif\u0022\u003E\u00a0\u003C\/span\u003E\u003C\/td\u003E\n\u003Ctd width=\u00226%\u0022\u003E\u003Cbr \/\u003E\n\u003Cdiv align=\u0022right\u0022\u003E\u003Cspan style=\u0022font-family: Verdana, Arial, Helvetica, sans-serif; font-size: xx-small;\u0022 size=\u00221\u0022 face=\u0022Verdana, Arial, Helvetica, sans-serif\u0022\u003E5.000\u003C\/span\u003E\u003C\/div\u003E\n\u003C\/td\u003E\n\u003C\/tr\u003E\n\u003Ctr\u003E\n\u003Ctd width=\u00222%\u0022\u003E\u003Cb\u003E\u003Cspan style=\u0022font-family: Verdana, Arial, Helvetica, sans-serif; font-size: xx-small;\u0022 size=\u00221\u0022 face=\u0022Verdana, Arial, Helvetica, sans-serif\u0022\u003E853\u003C\/span\u003E\u003C\/b\u003E\u003C\/td\u003E\n\u003Ctd colspan=\u00223\u0022\u003E\u003Cb\u003E\u003Cspan style=\u0022font-family: Verdana, Arial, Helvetica, sans-serif; font-size: xx-small;\u0022 size=\u00221\u0022 face=\u0022Verdana, Arial, Helvetica, sans-serif\u0022\u003EPozosta\u0142e zadania w zakresie polityki spo\u0142ecznej\u003C\/span\u003E\u003C\/b\u003E\u003C\/td\u003E\n\u003Ctd width=\u00225%\u0022\u003E\u003Cbr \/\u003E\n\u003Cdiv align=\u0022right\u0022\u003E\u003Cspan style=\u0022font-family: Verdana, Arial, Helvetica, sans-serif; font-size: xx-small;\u0022 size=\u00221\u0022 face=\u0022Verdana, Arial, Helvetica, sans-serif\u0022\u003E\u003Cb\u003E106.873\u003C\/b\u003E\u003C\/span\u003E\u003C\/div\u003E\n\u003C\/td\u003E\n\u003Ctd width=\u00226%\u0022\u003E\u003Cbr \/\u003E\n\u003Cdiv align=\u0022right\u0022\u003E\u003Cspan style=\u0022font-family: Verdana, Arial, Helvetica, sans-serif; font-size: xx-small;\u0022 size=\u00221\u0022 face=\u0022Verdana, Arial, Helvetica, sans-serif\u0022\u003E\u003Cb\u003E106.873\u003C\/b\u003E\u003C\/span\u003E\u003C\/div\u003E\n\u003C\/td\u003E\n\u003C\/tr\u003E\n\u003Ctr\u003E\n\u003Ctd rowspan=\u002211\u0022 width=\u00222%\u0022\u003E\u003Cspan style=\u0022font-family: Verdana, Arial, Helvetica, sans-serif; font-size: xx-small;\u0022 size=\u00221\u0022 face=\u0022Verdana, Arial, Helvetica, sans-serif\u0022\u003E\u00a0\u003C\/span\u003E\u003C\/td\u003E\n\u003Ctd width=\u00224%\u0022\u003E\u003Ci\u003E\u003Cspan style=\u0022font-family: Verdana, Arial, Helvetica, sans-serif; font-size: xx-small;\u0022 size=\u00221\u0022 face=\u0022Verdana, Arial, Helvetica, sans-serif\u0022\u003E85332\u003C\/span\u003E\u003C\/i\u003E\u003C\/td\u003E\n\u003Ctd colspan=\u00222\u0022\u003E\u003Ci\u003E\u003Cspan style=\u0022font-family: Verdana, Arial, Helvetica, sans-serif; font-size: xx-small;\u0022 size=\u00221\u0022 face=\u0022Verdana, Arial, Helvetica, sans-serif\u0022\u003EWojew\u00f3dzkie urz\u0119dy pracy \u003C\/span\u003E\u003C\/i\u003E\u003C\/td\u003E\n\u003Ctd width=\u00225%\u0022\u003E\u003Cbr \/\u003E\n\u003Cdiv align=\u0022right\u0022\u003E\u003Cspan style=\u0022font-family: Verdana, Arial, Helvetica, sans-serif; font-size: xx-small;\u0022 size=\u00221\u0022 face=\u0022Verdana, Arial, Helvetica, sans-serif\u0022\u003E\u003Ci\u003E106.873\u003C\/i\u003E\u003C\/span\u003E\u003C\/div\u003E\n\u003C\/td\u003E\n\u003Ctd width=\u00226%\u0022\u003E\u003Cbr \/\u003E\n\u003Cdiv align=\u0022right\u0022\u003E\u003Cspan style=\u0022font-family: Verdana, Arial, Helvetica, sans-serif; font-size: xx-small;\u0022 size=\u00221\u0022 face=\u0022Verdana, Arial, Helvetica, sans-serif\u0022\u003E\u003Ci\u003E106.873\u003C\/i\u003E\u003C\/span\u003E\u003C\/div\u003E\n\u003C\/td\u003E\n\u003C\/tr\u003E\n\u003Ctr\u003E\n\u003Ctd rowspan=\u002210\u0022 width=\u00224%\u0022\u003E\u003Cspan style=\u0022font-family: Verdana, Arial, Helvetica, sans-serif; font-size: xx-small;\u0022 size=\u00221\u0022 face=\u0022Verdana, Arial, Helvetica, sans-serif\u0022\u003E\u00a0\u003C\/span\u003E\u003C\/td\u003E\n\u003Ctd width=\u00223%\u0022\u003E\u003Cbr \/\u003E\n\u003Cdiv align=\u0022center\u0022\u003E\u003Cspan style=\u0022font-family: Verdana, Arial, Helvetica, sans-serif; font-size: xx-small;\u0022 size=\u00221\u0022 face=\u0022Verdana, Arial, Helvetica, sans-serif\u0022\u003E2701\u003C\/span\u003E\u003C\/div\u003E\n\u003C\/td\u003E\n\u003Ctd width=\u002280%\u0022\u003E\u003Cspan style=\u0022font-family: Verdana, Arial, Helvetica, sans-serif; font-size: xx-small;\u0022 size=\u00221\u0022 face=\u0022Verdana, Arial, Helvetica, sans-serif\u0022\u003E\u015arodki na dofinansowanie w\u0142asnych zada\u0144 bie\u017c\u0105cych gmin (zwi\u0105zk\u00f3w gmin), powiat\u00f3w (zwi\u0105zk\u00f3w powiat\u00f3w), samorz\u0105d\u00f3w wojew\u00f3dztw, pozyskane z innych \u017ar\u00f3de\u0142 \u003Ci\u003E(finansowanie program\u00f3w ze \u015brodk\u00f3w bezzwrotnych pochodz\u0105cych z Unii Europejskiej) \u003C\/i\u003E\u003C\/span\u003E\u003C\/td\u003E\n\u003Ctd width=\u00225%\u0022\u003E\u003Cbr \/\u003E\n\u003Cdiv align=\u0022right\u0022\u003E\u003Cspan style=\u0022font-family: Verdana, Arial, Helvetica, sans-serif; font-size: xx-small;\u0022 size=\u00221\u0022 face=\u0022Verdana, Arial, Helvetica, sans-serif\u0022\u003E47.280\u003C\/span\u003E\u003C\/div\u003E\n\u003C\/td\u003E\n\u003Ctd width=\u00226%\u0022\u003E\u003Cspan style=\u0022font-family: Verdana, Arial, Helvetica, sans-serif; font-size: xx-small;\u0022 size=\u00221\u0022 face=\u0022Verdana, Arial, Helvetica, sans-serif\u0022\u003E\u00a0\u003C\/span\u003E\u003C\/td\u003E\n\u003C\/tr\u003E\n\u003Ctr\u003E\n\u003Ctd width=\u00223%\u0022\u003E\u003Cbr \/\u003E\n\u003Cdiv align=\u0022center\u0022\u003E\u003Cspan style=\u0022font-family: Verdana, Arial, Helvetica, sans-serif; font-size: xx-small;\u0022 size=\u00221\u0022 face=\u0022Verdana, Arial, Helvetica, sans-serif\u0022\u003E2705\u003C\/span\u003E\u003C\/div\u003E\n\u003C\/td\u003E\n\u003Ctd width=\u002280%\u0022\u003E\u003Cspan style=\u0022font-family: Verdana, Arial, Helvetica, sans-serif; font-size: xx-small;\u0022 size=\u00221\u0022 face=\u0022Verdana, Arial, Helvetica, sans-serif\u0022\u003E\u015arodki na dofinansowanie w\u0142asnych zada\u0144 bie\u017c\u0105cych gmin (zwi\u0105zk\u00f3w gmin), powiat\u00f3w (zwi\u0105zk\u00f3w powiat\u00f3w), samorz\u0105d\u00f3w wojew\u00f3dztw, pozyskane z innych \u017ar\u00f3de\u0142 \u003Ci\u003E(finansowane z innych \u015brodk\u00f3w bezzwrotnych)\u003C\/i\u003E\u003C\/span\u003E\u003C\/td\u003E\n\u003Ctd width=\u00225%\u0022\u003E\u003Cbr \/\u003E\n\u003Cdiv align=\u0022right\u0022\u003E\u003Cspan style=\u0022font-family: Verdana, Arial, Helvetica, sans-serif; font-size: xx-small;\u0022 size=\u00221\u0022 face=\u0022Verdana, Arial, Helvetica, sans-serif\u0022\u003E59.593\u003C\/span\u003E\u003C\/div\u003E\n\u003C\/td\u003E\n\u003Ctd width=\u00226%\u0022\u003E\u003Cspan style=\u0022font-family: Verdana, Arial, Helvetica, sans-serif; font-size: xx-small;\u0022 size=\u00221\u0022 face=\u0022Verdana, Arial, Helvetica, sans-serif\u0022\u003E\u00a0\u003C\/span\u003E\u003C\/td\u003E\n\u003C\/tr\u003E\n\u003Ctr\u003E\n\u003Ctd width=\u00223%\u0022\u003E\u003Cbr \/\u003E\n\u003Cdiv align=\u0022center\u0022\u003E\u003Cspan style=\u0022font-family: Verdana, Arial, Helvetica, sans-serif; font-size: xx-small;\u0022 size=\u00221\u0022 face=\u0022Verdana, Arial, Helvetica, sans-serif\u0022\u003E4301\u003C\/span\u003E\u003C\/div\u003E\n\u003C\/td\u003E\n\u003Ctd width=\u002280%\u0022\u003E\u003Cspan style=\u0022font-family: Verdana, Arial, Helvetica, sans-serif; font-size: xx-small;\u0022 size=\u00221\u0022 face=\u0022Verdana, Arial, Helvetica, sans-serif\u0022\u003EZakup us\u0142ug pozosta\u0142ych \u003Ci\u003E(finansowanie program\u00f3w ze \u015brodk\u00f3w bezzwrotnych pochodz\u0105cych z Unii Europejskiej) \u003C\/i\u003E\u003C\/span\u003E\u003C\/td\u003E\n\u003Ctd width=\u00225%\u0022\u003E\u003Cspan style=\u0022font-family: Verdana, Arial, Helvetica, sans-serif; font-size: xx-small;\u0022 size=\u00221\u0022 face=\u0022Verdana, Arial, Helvetica, sans-serif\u0022\u003E\u00a0\u003C\/span\u003E\u003C\/td\u003E\n\u003Ctd width=\u00226%\u0022\u003E\u003Cbr \/\u003E\n\u003Cdiv align=\u0022right\u0022\u003E\u003Cspan style=\u0022font-family: Verdana, Arial, Helvetica, sans-serif; font-size: xx-small;\u0022 size=\u00221\u0022 face=\u0022Verdana, Arial, Helvetica, sans-serif\u0022\u003E2.000\u003C\/span\u003E\u003C\/div\u003E\n\u003C\/td\u003E\n\u003C\/tr\u003E\n\u003Ctr\u003E\n\u003Ctd width=\u00223%\u0022\u003E\u003Cbr \/\u003E\n\u003Cdiv align=\u0022center\u0022\u003E\u003Cspan style=\u0022font-family: Verdana, Arial, Helvetica, sans-serif; font-size: xx-small;\u0022 size=\u00221\u0022 face=\u0022Verdana, Arial, Helvetica, sans-serif\u0022\u003E4421\u003C\/span\u003E\u003C\/div\u003E\n\u003C\/td\u003E\n\u003Ctd width=\u002280%\u0022\u003E\u003Cspan style=\u0022font-family: Verdana, Arial, Helvetica, sans-serif; font-size: xx-small;\u0022 size=\u00221\u0022 face=\u0022Verdana, Arial, Helvetica, sans-serif\u0022\u003EPodr\u00f3\u017ce s\u0142u\u017cbowe zagraniczne \u003Ci\u003E(finansowanie program\u00f3w ze \u015brodk\u00f3w bezzwrotnych pochodz\u0105cych z Unii Europejskiej)\u003C\/i\u003E\u003C\/span\u003E\u003C\/td\u003E\n\u003Ctd width=\u00225%\u0022\u003E\u003Cspan style=\u0022font-family: Verdana, Arial, Helvetica, sans-serif; font-size: xx-small;\u0022 size=\u00221\u0022 face=\u0022Verdana, Arial, Helvetica, sans-serif\u0022\u003E\u00a0\u003C\/span\u003E\u003C\/td\u003E\n\u003Ctd width=\u00226%\u0022\u003E\u003Cbr \/\u003E\n\u003Cdiv align=\u0022right\u0022\u003E\u003Cspan style=\u0022font-family: Verdana, Arial, Helvetica, sans-serif; font-size: xx-small;\u0022 size=\u00221\u0022 face=\u0022Verdana, Arial, Helvetica, sans-serif\u0022\u003E40.280\u003C\/span\u003E\u003C\/div\u003E\n\u003C\/td\u003E\n\u003C\/tr\u003E\n\u003Ctr\u003E\n\u003Ctd width=\u00223%\u0022\u003E\u003Cbr \/\u003E\n\u003Cdiv align=\u0022center\u0022\u003E\u003Cspan style=\u0022font-family: Verdana, Arial, Helvetica, sans-serif; font-size: xx-small;\u0022 size=\u00221\u0022 face=\u0022Verdana, Arial, Helvetica, sans-serif\u0022\u003E4431\u003C\/span\u003E\u003C\/div\u003E\n\u003C\/td\u003E\n\u003Ctd width=\u002280%\u0022\u003E\u003Cspan style=\u0022font-family: Verdana, Arial, Helvetica, sans-serif; font-size: xx-small;\u0022 size=\u00221\u0022 face=\u0022Verdana, Arial, Helvetica, sans-serif\u0022\u003ER\u00f3\u017cne op\u0142aty i sk\u0142adki \u003Ci\u003E(finansowanie program\u00f3w ze \u015brodk\u00f3w bezzwrotnych pochodz\u0105cych z Unii Europejskiej) \u003C\/i\u003E\u003C\/span\u003E\u003C\/td\u003E\n\u003Ctd width=\u00225%\u0022\u003E\u003Cspan style=\u0022font-family: Verdana, Arial, Helvetica, sans-serif; font-size: xx-small;\u0022 size=\u00221\u0022 face=\u0022Verdana, Arial, Helvetica, sans-serif\u0022\u003E\u00a0\u003C\/span\u003E\u003C\/td\u003E\n\u003Ctd width=\u00226%\u0022\u003E\u003Cbr \/\u003E\n\u003Cdiv align=\u0022right\u0022\u003E\u003Cspan style=\u0022font-family: Verdana, Arial, Helvetica, sans-serif; font-size: xx-small;\u0022 size=\u00221\u0022 face=\u0022Verdana, Arial, Helvetica, sans-serif\u0022\u003E5.000\u003C\/span\u003E\u003C\/div\u003E\n\u003C\/td\u003E\n\u003C\/tr\u003E\n\u003Ctr\u003E\n\u003Ctd width=\u00223%\u0022\u003E\u003Cbr \/\u003E\n\u003Cdiv align=\u0022center\u0022\u003E\u003Cspan style=\u0022font-family: Verdana, Arial, Helvetica, sans-serif; font-size: xx-small;\u0022 size=\u00221\u0022 face=\u0022Verdana, Arial, Helvetica, sans-serif\u0022\u003E4175\u003C\/span\u003E\u003C\/div\u003E\n\u003C\/td\u003E\n\u003Ctd width=\u002280%\u0022\u003E\u003Cspan style=\u0022font-family: Verdana, Arial, Helvetica, sans-serif; font-size: xx-small;\u0022 size=\u00221\u0022 face=\u0022Verdana, Arial, Helvetica, sans-serif\u0022\u003EWynagrodzenia bezosobowe \u003Ci\u003E(finansowane z innych \u015brodk\u00f3w bezzwrotnych)\u003C\/i\u003E\u003C\/span\u003E\u003C\/td\u003E\n\u003Ctd width=\u00225%\u0022\u003E\u003Cspan style=\u0022font-family: Verdana, Arial, Helvetica, sans-serif; font-size: xx-small;\u0022 size=\u00221\u0022 face=\u0022Verdana, Arial, Helvetica, sans-serif\u0022\u003E\u00a0\u003C\/span\u003E\u003C\/td\u003E\n\u003Ctd width=\u00226%\u0022\u003E\u003Cbr \/\u003E\n\u003Cdiv align=\u0022right\u0022\u003E\u003Cspan style=\u0022font-family: Verdana, Arial, Helvetica, sans-serif; font-size: xx-small;\u0022 size=\u00221\u0022 face=\u0022Verdana, Arial, Helvetica, sans-serif\u0022\u003E5.000\u003C\/span\u003E\u003C\/div\u003E\n\u003C\/td\u003E\n\u003C\/tr\u003E\n\u003Ctr\u003E\n\u003Ctd width=\u00223%\u0022\u003E\u003Cbr \/\u003E\n\u003Cdiv align=\u0022center\u0022\u003E\u003Cspan style=\u0022font-family: Verdana, Arial, Helvetica, sans-serif; font-size: xx-small;\u0022 size=\u00221\u0022 face=\u0022Verdana, Arial, Helvetica, sans-serif\u0022\u003E4215\u003C\/span\u003E\u003C\/div\u003E\n\u003C\/td\u003E\n\u003Ctd width=\u002280%\u0022\u003E\u003Cspan style=\u0022font-family: Verdana, Arial, Helvetica, sans-serif; font-size: xx-small;\u0022 size=\u00221\u0022 face=\u0022Verdana, Arial, Helvetica, sans-serif\u0022\u003EZakup materia\u0142\u00f3w i wyposa\u017cenia \u2013 finansowanie z innych \u015brodk\u00f3w bezzwrotnych\u003Ci\u003E (finansowane z innych \u015brodk\u00f3w bezzwrotnych)\u003C\/i\u003E\u003C\/span\u003E\u003C\/td\u003E\n\u003Ctd width=\u00225%\u0022\u003E\u003Cspan style=\u0022font-family: Verdana, Arial, Helvetica, sans-serif; font-size: xx-small;\u0022 size=\u00221\u0022 face=\u0022Verdana, Arial, Helvetica, sans-serif\u0022\u003E\u00a0\u003C\/span\u003E\u003C\/td\u003E\n\u003Ctd width=\u00226%\u0022\u003E\u003Cbr \/\u003E\n\u003Cdiv align=\u0022right\u0022\u003E\u003Cspan style=\u0022font-family: Verdana, Arial, Helvetica, sans-serif; font-size: xx-small;\u0022 size=\u00221\u0022 face=\u0022Verdana, Arial, Helvetica, sans-serif\u0022\u003E5.200\u003C\/span\u003E\u003C\/div\u003E\n\u003C\/td\u003E\n\u003C\/tr\u003E\n\u003Ctr\u003E\n\u003Ctd width=\u00223%\u0022\u003E\u003Cbr \/\u003E\n\u003Cdiv align=\u0022center\u0022\u003E\u003Cspan style=\u0022font-family: Verdana, Arial, Helvetica, sans-serif; font-size: xx-small;\u0022 size=\u00221\u0022 face=\u0022Verdana, Arial, Helvetica, sans-serif\u0022\u003E4305\u003C\/span\u003E\u003C\/div\u003E\n\u003C\/td\u003E\n\u003Ctd width=\u002280%\u0022\u003E\u003Cspan style=\u0022font-family: Verdana, Arial, Helvetica, sans-serif; font-size: xx-small;\u0022 size=\u00221\u0022 face=\u0022Verdana, Arial, Helvetica, sans-serif\u0022\u003EZakup us\u0142ug pozosta\u0142ych \u2013 finansowanie z innych \u015brodk\u00f3w bezzwrotnych \u003Ci\u003E(finansowane z innych \u015brodk\u00f3w bezzwrotnych)\u003C\/i\u003E\u003C\/span\u003E\u003C\/td\u003E\n\u003Ctd width=\u00225%\u0022\u003E\u003Cspan style=\u0022font-family: Verdana, Arial, Helvetica, sans-serif; font-size: xx-small;\u0022 size=\u00221\u0022 face=\u0022Verdana, Arial, Helvetica, sans-serif\u0022\u003E\u00a0\u003C\/span\u003E\u003C\/td\u003E\n\u003Ctd width=\u00226%\u0022\u003E\u003Cbr \/\u003E\n\u003Cdiv align=\u0022right\u0022\u003E\u003Cspan style=\u0022font-family: Verdana, Arial, Helvetica, sans-serif; font-size: xx-small;\u0022 size=\u00221\u0022 face=\u0022Verdana, Arial, Helvetica, sans-serif\u0022\u003E40.548\u003C\/span\u003E\u003C\/div\u003E\n\u003C\/td\u003E\n\u003C\/tr\u003E\n\u003Ctr\u003E\n\u003Ctd width=\u00223%\u0022\u003E\u003Cbr \/\u003E\n\u003Cdiv align=\u0022center\u0022\u003E\u003Cspan style=\u0022font-family: Verdana, Arial, Helvetica, sans-serif; font-size: xx-small;\u0022 size=\u00221\u0022 face=\u0022Verdana, Arial, Helvetica, sans-serif\u0022\u003E4415\u003C\/span\u003E\u003C\/div\u003E\n\u003C\/td\u003E\n\u003Ctd width=\u002280%\u0022\u003E\u003Cspan style=\u0022font-family: Verdana, Arial, Helvetica, sans-serif; font-size: xx-small;\u0022 size=\u00221\u0022 face=\u0022Verdana, Arial, Helvetica, sans-serif\u0022\u003EPodr\u00f3\u017ce s\u0142u\u017cbowe krajowe \u2013 finansowanie z innych \u015brodk\u00f3w bezzwrotnych \u003Ci\u003E(finansowane z innych \u015brodk\u00f3w bezzwrotnych)\u003C\/i\u003E\u003C\/span\u003E\u003C\/td\u003E\n\u003Ctd width=\u00225%\u0022\u003E\u003Cspan style=\u0022font-family: Verdana, Arial, Helvetica, sans-serif; font-size: xx-small;\u0022 size=\u00221\u0022 face=\u0022Verdana, Arial, Helvetica, sans-serif\u0022\u003E\u00a0\u003C\/span\u003E\u003C\/td\u003E\n\u003Ctd width=\u00226%\u0022\u003E\u003Cbr \/\u003E\n\u003Cdiv align=\u0022right\u0022\u003E\u003Cspan style=\u0022font-family: Verdana, Arial, Helvetica, sans-serif; font-size: xx-small;\u0022 size=\u00221\u0022 face=\u0022Verdana, Arial, Helvetica, sans-serif\u0022\u003E2.580\u003C\/span\u003E\u003C\/div\u003E\n\u003C\/td\u003E\n\u003C\/tr\u003E\n\u003Ctr\u003E\n\u003Ctd width=\u00223%\u0022\u003E\u003Cbr \/\u003E\n\u003Cdiv align=\u0022center\u0022\u003E\u003Cspan style=\u0022font-family: Verdana, Arial, Helvetica, sans-serif; font-size: xx-small;\u0022 size=\u00221\u0022 face=\u0022Verdana, Arial, Helvetica, sans-serif\u0022\u003E4425\u003C\/span\u003E\u003C\/div\u003E\n\u003C\/td\u003E\n\u003Ctd width=\u002280%\u0022\u003E\u003Cspan style=\u0022font-family: Verdana, Arial, Helvetica, sans-serif; font-size: xx-small;\u0022 size=\u00221\u0022 face=\u0022Verdana, Arial, Helvetica, sans-serif\u0022\u003EPodr\u00f3\u017ce s\u0142u\u017cbowe zagraniczne-finansowane z innych \u015brodk\u00f3w bezzwrotnych \u003Ci\u003E(finansowane z innych \u015brodk\u00f3w bezzwrotnych) \u003C\/i\u003E\u003C\/span\u003E\u003C\/td\u003E\n\u003Ctd width=\u00225%\u0022\u003E\u003Cspan style=\u0022font-family: Verdana, Arial, Helvetica, sans-serif; font-size: xx-small;\u0022 size=\u00221\u0022 face=\u0022Verdana, Arial, Helvetica, sans-serif\u0022\u003E\u00a0\u003C\/span\u003E\u003C\/td\u003E\n\u003Ctd width=\u00226%\u0022\u003E\u003Cbr \/\u003E\n\u003Cdiv align=\u0022right\u0022\u003E\u003Cspan style=\u0022font-family: Verdana, Arial, Helvetica, sans-serif; font-size: xx-small;\u0022 size=\u00221\u0022 face=\u0022Verdana, Arial, Helvetica, sans-serif\u0022\u003E6.265\u003C\/span\u003E\u003C\/div\u003E\n\u003C\/td\u003E\n\u003C\/tr\u003E\n\u003Ctr\u003E\n\u003Ctd width=\u00222%\u0022\u003E\u003Cb\u003E\u003Cspan style=\u0022font-family: Verdana, Arial, Helvetica, sans-serif; font-size: xx-small;\u0022 size=\u00221\u0022 face=\u0022Verdana, Arial, Helvetica, sans-serif\u0022\u003E921\u003C\/span\u003E\u003C\/b\u003E\u003C\/td\u003E\n\u003Ctd colspan=\u00223\u0022\u003E\u003Cb\u003E\u003Cspan style=\u0022font-family: Verdana, Arial, Helvetica, sans-serif; font-size: xx-small;\u0022 size=\u00221\u0022 face=\u0022Verdana, Arial, Helvetica, sans-serif\u0022\u003EKultura i ochrona dziedzictwa narodowego\u003C\/span\u003E\u003C\/b\u003E\u003C\/td\u003E\n\u003Ctd width=\u00225%\u0022\u003E\u003Cbr \/\u003E\n\u003Cdiv align=\u0022right\u0022\u003E\u003Cspan style=\u0022font-family: Verdana, Arial, Helvetica, sans-serif; font-size: xx-small;\u0022 size=\u00221\u0022 face=\u0022Verdana, Arial, Helvetica, sans-serif\u0022\u003E\u003Cb\u003E20.000 \u003C\/b\u003E\u003C\/span\u003E\u003C\/div\u003E\n\u003C\/td\u003E\n\u003Ctd width=\u00226%\u0022\u003E\u003Cbr \/\u003E\n\u003Cdiv align=\u0022right\u0022\u003E\u003Cspan style=\u0022font-family: Verdana, Arial, Helvetica, sans-serif; font-size: xx-small;\u0022 size=\u00221\u0022 face=\u0022Verdana, Arial, Helvetica, sans-serif\u0022\u003E\u003Cb\u003E20.000\u003C\/b\u003E\u003C\/span\u003E\u003C\/div\u003E\n\u003C\/td\u003E\n\u003C\/tr\u003E\n\u003Ctr\u003E\n\u003Ctd rowspan=\u00224\u0022 width=\u00222%\u0022\u003E\u003Cspan style=\u0022font-family: Verdana, Arial, Helvetica, sans-serif; font-size: xx-small;\u0022 size=\u00221\u0022 face=\u0022Verdana, Arial, Helvetica, sans-serif\u0022\u003E\u00a0\u003C\/span\u003E\u003C\/td\u003E\n\u003Ctd width=\u00224%\u0022\u003E\u003Cspan style=\u0022font-family: Verdana, Arial, Helvetica, sans-serif; font-size: xx-small;\u0022 size=\u00221\u0022 face=\u0022Verdana, Arial, Helvetica, sans-serif\u0022\u003E92120\u003C\/span\u003E\u003C\/td\u003E\n\u003Ctd colspan=\u00222\u0022\u003E\u003Cspan style=\u0022font-family: Verdana, Arial, Helvetica, sans-serif; font-size: xx-small;\u0022 size=\u00221\u0022 face=\u0022Verdana, Arial, Helvetica, sans-serif\u0022\u003EOchrona i konserwacja zabytk\u00f3w \u003C\/span\u003E\u003C\/td\u003E\n\u003Ctd width=\u00225%\u0022\u003E\u003Cspan style=\u0022font-family: Verdana, Arial, Helvetica, sans-serif; font-size: xx-small;\u0022 size=\u00221\u0022 face=\u0022Verdana, Arial, Helvetica, sans-serif\u0022\u003E\u00a0\u003C\/span\u003E\u003C\/td\u003E\n\u003Ctd width=\u00226%\u0022\u003E\u003Cbr \/\u003E\n\u003Cdiv align=\u0022right\u0022\u003E\u003Cspan style=\u0022font-family: Verdana, Arial, Helvetica, sans-serif; font-size: xx-small;\u0022 size=\u00221\u0022 face=\u0022Verdana, Arial, Helvetica, sans-serif\u0022\u003E20.000\u003C\/span\u003E\u003C\/div\u003E\n\u003C\/td\u003E\n\u003C\/tr\u003E\n\u003Ctr\u003E\n\u003Ctd width=\u00224%\u0022\u003E\u003Cspan style=\u0022font-family: Verdana, Arial, Helvetica, sans-serif; font-size: xx-small;\u0022 size=\u00221\u0022 face=\u0022Verdana, Arial, Helvetica, sans-serif\u0022\u003E\u00a0\u003C\/span\u003E\u003C\/td\u003E\n\u003Ctd width=\u00223%\u0022\u003E\u003Cbr \/\u003E\n\u003Cdiv align=\u0022center\u0022\u003E\u003Cspan style=\u0022font-family: Verdana, Arial, Helvetica, sans-serif; font-size: xx-small;\u0022 size=\u00221\u0022 face=\u0022Verdana, Arial, Helvetica, sans-serif\u0022\u003E2480\u003C\/span\u003E\u003C\/div\u003E\n\u003C\/td\u003E\n\u003Ctd width=\u002280%\u0022\u003E\u003Cspan style=\u0022font-family: Verdana, Arial, Helvetica, sans-serif; font-size: xx-small;\u0022 size=\u00221\u0022 face=\u0022Verdana, Arial, Helvetica, sans-serif\u0022\u003EDotacja podmiotowa z bud\u017cetu dla samorz\u0105dowej instytucji kultury\u003C\/span\u003E\u003C\/td\u003E\n\u003Ctd width=\u00225%\u0022\u003E\u003Cspan style=\u0022font-family: Verdana, Arial, Helvetica, sans-serif; font-size: xx-small;\u0022 size=\u00221\u0022 face=\u0022Verdana, Arial, Helvetica, sans-serif\u0022\u003E\u00a0\u003C\/span\u003E\u003C\/td\u003E\n\u003Ctd width=\u00226%\u0022\u003E\u003Cbr \/\u003E\n\u003Cdiv align=\u0022right\u0022\u003E\u003Cspan style=\u0022font-family: Verdana, Arial, Helvetica, sans-serif; font-size: xx-small;\u0022 size=\u00221\u0022 face=\u0022Verdana, Arial, Helvetica, sans-serif\u0022\u003E20.000\u003C\/span\u003E\u003C\/div\u003E\n\u003C\/td\u003E\n\u003C\/tr\u003E\n\u003Ctr\u003E\n\u003Ctd width=\u00224%\u0022\u003E\u003Ci\u003E\u003Cspan style=\u0022font-family: Verdana, Arial, Helvetica, sans-serif; font-size: xx-small;\u0022 size=\u00221\u0022 face=\u0022Verdana, Arial, Helvetica, sans-serif\u0022\u003E92195\u003C\/span\u003E\u003C\/i\u003E\u003C\/td\u003E\n\u003Ctd colspan=\u00222\u0022\u003E\u003Ci\u003E\u003Cspan style=\u0022font-family: Verdana, Arial, Helvetica, sans-serif; font-size: xx-small;\u0022 size=\u00221\u0022 face=\u0022Verdana, Arial, Helvetica, sans-serif\u0022\u003ETeatry muzyczne, opery, operetki \u003C\/span\u003E\u003C\/i\u003E\u003C\/td\u003E\n\u003Ctd width=\u00225%\u0022\u003E\u003Cbr \/\u003E\n\u003Cdiv align=\u0022right\u0022\u003E\u003Cspan style=\u0022font-family: Verdana, Arial, Helvetica, sans-serif; font-size: xx-small;\u0022 size=\u00221\u0022 face=\u0022Verdana, Arial, Helvetica, sans-serif\u0022\u003E\u003Ci\u003E20.000\u003C\/i\u003E\u003C\/span\u003E\u003C\/div\u003E\n\u003C\/td\u003E\n\u003Ctd width=\u00226%\u0022\u003E\u003Cspan style=\u0022font-family: Verdana, Arial, Helvetica, sans-serif;\u0022 face=\u0022Verdana, Arial, Helvetica, sans-serif\u0022\u003E\u00a0\u003C\/span\u003E\u003C\/td\u003E\n\u003C\/tr\u003E\n\u003Ctr\u003E\n\u003Ctd width=\u00224%\u0022\u003E\u003Cspan style=\u0022font-family: Verdana, Arial, Helvetica, sans-serif; font-size: xx-small;\u0022 size=\u00221\u0022 face=\u0022Verdana, Arial, Helvetica, sans-serif\u0022\u003E\u00a0\u003C\/span\u003E\u003C\/td\u003E\n\u003Ctd width=\u00223%\u0022\u003E\u003Cbr \/\u003E\n\u003Cdiv align=\u0022center\u0022\u003E\u003Cspan style=\u0022font-family: Verdana, Arial, Helvetica, sans-serif; font-size: xx-small;\u0022 size=\u00221\u0022 face=\u0022Verdana, Arial, Helvetica, sans-serif\u0022\u003E2440\u003C\/span\u003E\u003C\/div\u003E\n\u003C\/td\u003E\n\u003Ctd width=\u002280%\u0022\u003E\u003Cspan style=\u0022font-family: Verdana, Arial, Helvetica, sans-serif; font-size: xx-small;\u0022 size=\u00221\u0022 face=\u0022Verdana, Arial, Helvetica, sans-serif\u0022\u003EDotacja przekazane z funduszy celowych na realizacj\u0119 zada\u0144 bie\u017c\u0105cych dla jednostek sektora finans\u00f3w publicznych\u003C\/span\u003E\u003C\/td\u003E\n\u003Ctd width=\u00225%\u0022\u003E\u003Cbr \/\u003E\n\u003Cdiv align=\u0022right\u0022\u003E\u003Cspan style=\u0022font-family: Verdana, Arial, Helvetica, sans-serif; font-size: xx-small;\u0022 size=\u00221\u0022 face=\u0022Verdana, Arial, Helvetica, sans-serif\u0022\u003E20.000\u003C\/span\u003E\u003C\/div\u003E\n\u003C\/td\u003E\n\u003Ctd width=\u00226%\u0022\u003E\u003Cbr \/\u003E\n\u003Cdiv align=\u0022left\u0022\u003E\u003Cspan style=\u0022font-size: xx-small;\u0022 size=\u00221\u0022\u003E\u003Cspan style=\u0022font-family: Verdana, Arial, Helvetica, sans-serif;\u0022 face=\u0022Verdana, Arial, Helvetica, sans-serif\u0022\u003E\u003C\/span\u003E\u003C\/span\u003E\u00a0\u003C\/div\u003E\n\u003C\/td\u003E\n\u003C\/tr\u003E\n\u003Ctr\u003E\n\u003Ctd width=\u00222%\u0022\u003E\u003Cspan style=\u0022font-family: Verdana, Arial, Helvetica, sans-serif; font-size: xx-small;\u0022 size=\u00221\u0022 face=\u0022Verdana, Arial, Helvetica, sans-serif\u0022\u003E\u00a0\u003C\/span\u003E\u003C\/td\u003E\n\u003Ctd width=\u00224%\u0022\u003E\u003Cspan style=\u0022font-family: Verdana, Arial, Helvetica, sans-serif; font-size: xx-small;\u0022 size=\u00221\u0022 face=\u0022Verdana, Arial, Helvetica, sans-serif\u0022\u003E\u00a0\u003C\/span\u003E\u003C\/td\u003E\n\u003Ctd width=\u00223%\u0022\u003E\u003Cspan style=\u0022font-family: Verdana, Arial, Helvetica, sans-serif; font-size: xx-small;\u0022 size=\u00221\u0022 face=\u0022Verdana, Arial, Helvetica, sans-serif\u0022\u003E\u00a0\u003C\/span\u003E\u003C\/td\u003E\n\u003Ctd width=\u002280%\u0022\u003E\u003Cbr \/\u003E\n\u003Cdiv align=\u0022right\u0022\u003E\u003Cspan style=\u0022font-family: Verdana, Arial, Helvetica, sans-serif; font-size: xx-small;\u0022 size=\u00221\u0022 face=\u0022Verdana, Arial, Helvetica, sans-serif\u0022\u003E\u003Cb\u003ERAZEM\u003C\/b\u003E\u003C\/span\u003E\u003C\/div\u003E\n\u003C\/td\u003E\n\u003Ctd width=\u00225%\u0022\u003E\u003Cbr \/\u003E\n\u003Cdiv align=\u0022right\u0022\u003E\u003Cspan style=\u0022font-family: Verdana, Arial, Helvetica, sans-serif; font-size: xx-small;\u0022 size=\u00221\u0022 face=\u0022Verdana, Arial, Helvetica, sans-serif\u0022\u003E\u003Cb\u003E151.873\u003C\/b\u003E\u003C\/span\u003E\u003C\/div\u003E\n\u003C\/td\u003E\n\u003Ctd width=\u00226%\u0022\u003E\u003Cbr \/\u003E\n\u003Cdiv align=\u0022right\u0022\u003E\u003Cspan style=\u0022font-family: Verdana, Arial, Helvetica, sans-serif; font-size: xx-small;\u0022 size=\u00221\u0022 face=\u0022Verdana, Arial, Helvetica, sans-serif\u0022\u003E\u003Cb\u003E151.873 \u003C\/b\u003E\u003C\/span\u003E\u003C\/div\u003E\n\u003C\/td\u003E\n\u003C\/tr\u003E\n\u003C\/tbody\u003E\n\u003C\/table\u003E\n\u003Cbr \/\u003E2. Powy\u017cszych zwi\u0119ksze\u0144 dokonuje si\u0119:\n\u003Cp\u003E\u00a0\u003C\/p\u003E\n\u003Cp\u003Ea) w dz. 010 \u2013 na podstawie porozumienia nr 88\/OS\/2005 z dnia 23 sierpnia 2005 roku z gmin\u0105 Skocz\u00f3w w sprawie dofinansowania prac konserwacyjnych na ciekach: Pog\u00f3rzance, B\u0142adnicy i Graniczniku, na odcinkach znajduj\u0105cych si\u0119 w granicach administracyjnych miasta Skocz\u00f3w,\u003C\/p\u003E\n\u003Cbr \/\u003E\n\u003Cp\u003Eb) w dz. 851 \u2013 na podstawie Porozumienia nr 89\/ZD\/2005 z dnia 25 sierpnia 2005 roku w sprawie udzielenia przez powiat wodzis\u0142awski pomocy finansowej Wojew\u00f3dztwu \u015al\u0105skiemu z przeznaczeniem dla Wojew\u00f3dzkiego Szpitala Chor\u00f3b P\u0142uc im. dr. A. Pawelca w Wodzis\u0142awiu \u015al\u0105skim, na dofinansowanie zakupu wir\u00f3wki z ch\u0142odzeniem,\u003C\/p\u003E\n\u003Cbr \/\u003E\n\u003Cp\u003Ec) w dz. 853 \u2013 w zwi\u0105zku z dofinansowaniem przez Krajow\u0105 Agencj\u0119 Programu Leonardo da Vinci realizacji projektu \u201eHiszpa\u0144skie \u015bcie\u017cki wiedzy o rynku pracy\u201d realizowanego w ramach powy\u017cszego programu oraz w zwi\u0105zku z zawarciem Porozumienia nr 90\/WUP\/2005 z dnia 25 sierpnia 2005 roku w sprawie realizacji na terenie wojew\u00f3dztwa dzia\u0142a\u0144 zwi\u0105zanych z udzia\u0142em publicznych s\u0142u\u017cb zatrudnienia w sieci Europejskich S\u0142u\u017cb Zatrudnienia EURES,\u003C\/p\u003E\n\u003Cbr \/\u003E\n\u003Cp\u003Ed) w dz. 921 - na podstawie Porozumienia nr 91\/KL\/2005 z dnia 29 lipca 2005 roku zawartego pomi\u0119dzy Ministrem Kultury a Wojew\u00f3dztwem \u015al\u0105skim w sprawie udzielenia \u015brodk\u00f3w z funduszu celowego na realizacj\u0119 zadania pod nazw\u0105: \u201eBudowa bazy danych obiekt\u00f3w zabytkowych\u201d wykonywanego przez \u015al\u0105skie Centrum Dziedzictwa Kulturowego w Katowicach.\u003C\/p\u003E\n\u003Cbr \/\u003E\n\u003Cp align=\u0022center\u0022\u003E\u00a7 2\u003C\/p\u003E\n\u003Cbr \/\u003E\n\u003Cp\u003E1. Dokonuje si\u0119 zmian w planie wydatk\u00f3w w\u0142asnych bud\u017cetu Wojew\u00f3dztwa \u015al\u0105skiego polegaj\u0105cych na przeniesieniu \u015brodk\u00f3w pomi\u0119dzy dzia\u0142ami, rozdzia\u0142ami i paragrafami klasyfikacji bud\u017cetowej w kwocie og\u00f3\u0142em 541.980 z\u0142, zgodnie z wykazem stanowi\u0105cym za\u0142\u0105cznik do niniejszej uchwa\u0142y.\u003C\/p\u003E\n\u003Cbr \/\u003E\n\u003Cp\u003E2. Zmian dokonuje si\u0119 w:\u003C\/p\u003E\n\u003Cbr \/\u003E\n\u003Cp\u003Ea) w dz. 852 i 853 \u2013 celem dostosowania planu wydatk\u00f3w Regionalnego O\u015brodka Polityki Spo\u0142ecznej Wojew\u00f3dztwa \u015al\u0105skiego do faktycznych potrzeb zwi\u0105zanych z realizacj\u0105 projektu \u201eRegionalny Tr\u00f3jk\u0105t Weimarski\u201d INTERREG IIIC,\u003C\/p\u003E\n\u003Cbr \/\u003E\n\u003Cp\u003Eb) w dz. 801 i 854 \u2013 celem dostosowania planu wydatk\u00f3w szk\u00f3\u0142 i plac\u00f3wek o\u015bwiatowych Wojew\u00f3dztwa \u015al\u0105skiego do faktycznych potrzeb.\u003C\/p\u003E\n\u003Cbr \/\u003E\n\u003Cp align=\u0022center\u0022\u003E\u00a7 3\u003C\/p\u003E\n\u003Cbr \/\u003E\n\u003Cp\u003EWykonanie uchwa\u0142y powierza si\u0119 Zarz\u0105dowi Wojew\u00f3dztwa \u015al\u0105skiego.\u003C\/p\u003E\n\u003Cbr \/\u003E\n\u003Cp align=\u0022center\u0022\u003E\u00a7 4\u003C\/p\u003E\n\u003Cbr \/\u003E\n\u003Cp\u003EUchwa\u0142a wchodzi w \u017cycie z dniem podj\u0119cia.\u003C\/p\u003E\n\u003C\/div\u003E","promotion":false}},{"id":"bf6dbc25-d119-11e7-80a9-005056b46601","type":"Gallery","name":"Galeria","description":"Galeria"},{"id":"bf6e1f6b-d119-11e7-80a9-005056b46601","type":"Attachment","name":"Za\u0142\u0105czniki","description":"Za\u0142\u0105czniki do strony"},{"id":"eba03b25-d9a7-11e7-b355-005056b70dba","type":"PageTitle","name":"","description":"Tytu\u0142 strony","content":{"title":"Uchwa\u0142a Sejmiku nr II\/39\/5\/2005 z dnia 2005-09-26"}},{"id":"eba07701-d9a7-11e7-b355-005056b70dba","type":"PageDescription","name":"","description":"Zajawka strony","content":[]},{"id":"1b1a7940-ff78-11e7-b81e-005056b7801d","type":"SectionDescription","name":"","description":"Zajawka sekcji","content":[]}]}