{"id":25648,"name":"uchwala-sejmiku-nr-ii40162005-z-dnia-2005-10-17","title":"Uchwa\u0142a Sejmiku nr II\/40\/16\/2005 z dnia 2005-10-17","desc":"","header":"Uchwa\u0142a Sejmiku nr II\/40\/16\/2005 z dnia 2005-10-17","lead":"","keywords":"","changes":"migracja danych","menu":"","path":"\/sejmik_wojewodztwa\/sesje_sejmiku\/uchwaly\/uchwala-sejmiku-nr-ii40162005-z-dnia-2005-10-17.html","url":"\/sejmik_wojewodztwa\/sesje_sejmiku\/uchwaly\/uchwala-sejmiku-nr-ii40162005-z-dnia-2005-10-17.html","infoOwner":"Urz\u0105d Marsza\u0142kowski Wojew\u00f3dztwa \u015al\u0105skiego","dateFirstPublicate":"2022-01-26 12:24:18","dateLastVersionPublicate":"2022-01-26 12:24:18","dateAvailableFrom":"","dateAvailableTo":"","type":"Uchwa\u0142a Sejmiku","pageParams":[{"id":"225","name":"DATA_OGLOSZENIA","description":"Data og\u0142oszenia","value":"2005-10-17"},{"id":"235","name":"W sprawie","description":"W sprawie","value":"zmian bud\u017cetu i w bud\u017cecie Wojew\u00f3dztwa \u015al\u0105skiego na 2005 rok"},{"id":"299","name":"NUMER_UCHWALY_SEJMIKU","description":"Numer uchwa\u0142y","value":"II\/40\/16\/2005"}],"components":[{"id":"bf6d5eba-d119-11e7-80a9-005056b46601","type":"ContentWYSIWYG","name":"Tre\u015b\u0107","description":"Tre\u015b\u0107 strony","content":{"content":"\u003Cdiv class=\u0022lead1\u0022\u003ENa podstawie\u003Cbr \/\u003Eart. 18 pkt 6\u003Cbr \/\u003E ustawy z dnia 5 czerwca 1998 roku o samorz\u0105dzie wojew\u00f3dztwa\u003Cbr \/\u003E (t. j. Dz. U. Nr 142 z 2001 roku, poz. 1590 z p\u00f3\u017an. zm.)\u003C\/div\u003E\n\u003Cdiv class=\u0022tresc\u0022\u003E\n\u003Cp align=\u0022center\u0022\u003E\u00a7 1\u003C\/p\u003E\n\u003Cbr \/\u003E\n\u003Cp\u003E1. Dokonuje si\u0119 zwi\u0119kszenia dochod\u00f3w i wydatk\u00f3w bud\u017cetu w\u0142asnego Wojew\u00f3dztwa \u015al\u0105skiego na 2005 rok o kwot\u0119 og\u00f3\u0142em 2.475.197 z\u0142, zgodnie z wyszczeg\u00f3lnieniem:\u003C\/p\u003E\n\u003Cbr \/\u003E\n\u003Cp align=\u0022right\u0022\u003Ew z\u0142\u003C\/p\u003E\n\u003Cbr \/\u003E\n\u003Ctable width=\u0022100%\u0022 border=\u00221\u0022\u003E\n\u003Ctbody\u003E\n\u003Ctr\u003E\n\u003Ctd width=\u00223%\u0022\u003E\u003Cbr \/\u003E\n\u003Cdiv align=\u0022center\u0022\u003E\u003Cb\u003E\u003Cspan style=\u0022font-family: Verdana, Arial, Helvetica, sans-serif; font-size: xx-small;\u0022 size=\u00221\u0022 face=\u0022Verdana, Arial, Helvetica, sans-serif\u0022\u003EDz.\u003C\/span\u003E\u003C\/b\u003E\u003C\/div\u003E\n\u003C\/td\u003E\n\u003Ctd width=\u00224%\u0022\u003E\u003Cbr \/\u003E\n\u003Cdiv align=\u0022center\u0022\u003E\u003Cb\u003E\u003Cspan style=\u0022font-family: Verdana, Arial, Helvetica, sans-serif; font-size: xx-small;\u0022 size=\u00221\u0022 face=\u0022Verdana, Arial, Helvetica, sans-serif\u0022\u003ERozdz.\u003C\/span\u003E\u003C\/b\u003E\u003C\/div\u003E\n\u003C\/td\u003E\n\u003Ctd width=\u00227%\u0022\u003E\u003Cbr \/\u003E\n\u003Cdiv align=\u0022center\u0022\u003E\u003Cb\u003E\u003Cspan style=\u0022font-family: Verdana, Arial, Helvetica, sans-serif; font-size: xx-small;\u0022 size=\u00221\u0022 face=\u0022Verdana, Arial, Helvetica, sans-serif\u0022\u003E\u00a7\u003C\/span\u003E\u003C\/b\u003E\u003C\/div\u003E\n\u003C\/td\u003E\n\u003Ctd width=\u002273%\u0022\u003E\u003Cbr \/\u003E\n\u003Cdiv align=\u0022center\u0022\u003E\u003Cb\u003E\u003Cspan style=\u0022font-family: Verdana, Arial, Helvetica, sans-serif; font-size: xx-small;\u0022 size=\u00221\u0022 face=\u0022Verdana, Arial, Helvetica, sans-serif\u0022\u003EWyszczeg\u00f3lnienie\u003C\/span\u003E\u003C\/b\u003E\u003C\/div\u003E\n\u003C\/td\u003E\n\u003Ctd width=\u00226%\u0022\u003E\u003Cbr \/\u003E\n\u003Cdiv align=\u0022center\u0022\u003E\u003Cb\u003E\u003Cspan style=\u0022font-family: Verdana, Arial, Helvetica, sans-serif; font-size: xx-small;\u0022 size=\u00221\u0022 face=\u0022Verdana, Arial, Helvetica, sans-serif\u0022\u003EDochody\u003C\/span\u003E\u003C\/b\u003E\u003C\/div\u003E\n\u003C\/td\u003E\n\u003Ctd width=\u00227%\u0022\u003E\u003Cbr \/\u003E\n\u003Cdiv align=\u0022center\u0022\u003E\u003Cb\u003E\u003Cspan style=\u0022font-family: Verdana, Arial, Helvetica, sans-serif; font-size: xx-small;\u0022 size=\u00221\u0022 face=\u0022Verdana, Arial, Helvetica, sans-serif\u0022\u003EWydatki\u003C\/span\u003E\u003C\/b\u003E\u003C\/div\u003E\n\u003C\/td\u003E\n\u003C\/tr\u003E\n\u003Ctr\u003E\n\u003Ctd width=\u00223%\u0022\u003E\u003Cb\u003E\u003Cspan style=\u0022font-family: Verdana, Arial, Helvetica, sans-serif; font-size: xx-small;\u0022 size=\u00221\u0022 face=\u0022Verdana, Arial, Helvetica, sans-serif\u0022\u003E756\u003C\/span\u003E\u003C\/b\u003E\u003C\/td\u003E\n\u003Ctd colspan=\u00223\u0022\u003E\u003Cb\u003E\u003Cspan style=\u0022font-family: Verdana, Arial, Helvetica, sans-serif; font-size: xx-small;\u0022 size=\u00221\u0022 face=\u0022Verdana, Arial, Helvetica, sans-serif\u0022\u003EDochody od os\u00f3b prawnych, od os\u00f3b fizycznych i od innych jednostek nieposiadaj\u0105cych osobowo\u015bci prawnej oraz wydatki zwi\u0105zane z ich poborem\u003C\/span\u003E\u003C\/b\u003E\u003C\/td\u003E\n\u003Ctd width=\u00226%\u0022\u003E\u003Cbr \/\u003E\n\u003Cdiv align=\u0022right\u0022\u003E\u003Cb\u003E\u003Cspan style=\u0022font-family: Verdana, Arial, Helvetica, sans-serif; font-size: xx-small;\u0022 size=\u00221\u0022 face=\u0022Verdana, Arial, Helvetica, sans-serif\u0022\u003E2.473.349\u003C\/span\u003E\u003C\/b\u003E\u003C\/div\u003E\n\u003C\/td\u003E\n\u003Ctd width=\u00227%\u0022\u003E\u00a0\u003C\/td\u003E\n\u003C\/tr\u003E\n\u003Ctr\u003E\n\u003Ctd rowspan=\u00222\u0022 width=\u00223%\u0022\u003E\u00a0\u003C\/td\u003E\n\u003Ctd width=\u00224%\u0022\u003E\u003Cspan style=\u0022font-family: Verdana, Arial, Helvetica, sans-serif; font-size: xx-small;\u0022 size=\u00221\u0022 face=\u0022Verdana, Arial, Helvetica, sans-serif\u0022\u003E\u003Ci\u003E75623\u003C\/i\u003E\u003C\/span\u003E\u003C\/td\u003E\n\u003Ctd colspan=\u00222\u0022\u003E\u003Cspan style=\u0022font-family: Verdana, Arial, Helvetica, sans-serif; font-size: xx-small;\u0022 size=\u00221\u0022 face=\u0022Verdana, Arial, Helvetica, sans-serif\u0022\u003E\u003Ci\u003EUdzia\u0142y wojew\u00f3dztw w podatkach stanowi\u0105cych doch\u00f3d bud\u017cetu pa\u0144stwa\u003C\/i\u003E\u003C\/span\u003E\u003C\/td\u003E\n\u003Ctd width=\u00226%\u0022\u003E\u003Cbr \/\u003E\n\u003Cdiv align=\u0022right\u0022\u003E\u003Cspan style=\u0022font-family: Verdana, Arial, Helvetica, sans-serif; font-size: xx-small;\u0022 size=\u00221\u0022 face=\u0022Verdana, Arial, Helvetica, sans-serif\u0022\u003E2.473.349\u003C\/span\u003E\u003C\/div\u003E\n\u003C\/td\u003E\n\u003Ctd width=\u00227%\u0022\u003E\u00a0\u003C\/td\u003E\n\u003C\/tr\u003E\n\u003Ctr\u003E\n\u003Ctd width=\u00224%\u0022\u003E\u003Cspan style=\u0022font-family: Verdana, Arial, Helvetica, sans-serif; font-size: xx-small;\u0022 size=\u00221\u0022 face=\u0022Verdana, Arial, Helvetica, sans-serif\u0022\u003E\u003C\/span\u003E\u003C\/td\u003E\n\u003Ctd width=\u00227%\u0022\u003E\u003Cspan style=\u0022font-family: Verdana, Arial, Helvetica, sans-serif; font-size: xx-small;\u0022 size=\u00221\u0022 face=\u0022Verdana, Arial, Helvetica, sans-serif\u0022\u003E0020\u003C\/span\u003E\u003C\/td\u003E\n\u003Ctd width=\u002273%\u0022\u003E\u003Cspan style=\u0022font-family: Verdana, Arial, Helvetica, sans-serif; font-size: xx-small;\u0022 size=\u00221\u0022 face=\u0022Verdana, Arial, Helvetica, sans-serif\u0022\u003EPodatek dochodowy od os\u00f3b prawnych\u003C\/span\u003E\u003C\/td\u003E\n\u003Ctd width=\u00226%\u0022\u003E\u003Cbr \/\u003E\n\u003Cdiv align=\u0022right\u0022\u003E\u003Cspan style=\u0022font-family: Verdana, Arial, Helvetica, sans-serif; font-size: xx-small;\u0022 size=\u00221\u0022 face=\u0022Verdana, Arial, Helvetica, sans-serif\u0022\u003E2.473.349\u003C\/span\u003E\u003C\/div\u003E\n\u003C\/td\u003E\n\u003Ctd width=\u00227%\u0022\u003E\u00a0\u003C\/td\u003E\n\u003C\/tr\u003E\n\u003Ctr\u003E\n\u003Ctd width=\u00223%\u0022\u003E\u003Cb\u003E\u003Cspan style=\u0022font-family: Verdana, Arial, Helvetica, sans-serif; font-size: xx-small;\u0022 size=\u00221\u0022 face=\u0022Verdana, Arial, Helvetica, sans-serif\u0022\u003E710\u003C\/span\u003E\u003C\/b\u003E\u003C\/td\u003E\n\u003Ctd colspan=\u00223\u0022\u003E\u003Cb\u003E\u003Cspan style=\u0022font-family: Verdana, Arial, Helvetica, sans-serif; font-size: xx-small;\u0022 size=\u00221\u0022 face=\u0022Verdana, Arial, Helvetica, sans-serif\u0022\u003EDzia\u0142alno\u015b\u0107 us\u0142ugowa \u003C\/span\u003E\u003C\/b\u003E\u003C\/td\u003E\n\u003Ctd width=\u00226%\u0022\u003E\u00a0\u003C\/td\u003E\n\u003Ctd width=\u00227%\u0022\u003E\u003Cbr \/\u003E\n\u003Cdiv align=\u0022right\u0022\u003E\u003Cb\u003E\u003Cspan style=\u0022font-family: Verdana, Arial, Helvetica, sans-serif; font-size: xx-small;\u0022 size=\u00221\u0022 face=\u0022Verdana, Arial, Helvetica, sans-serif\u0022\u003E1.853.349\u003C\/span\u003E\u003C\/b\u003E\u003C\/div\u003E\n\u003C\/td\u003E\n\u003C\/tr\u003E\n\u003Ctr\u003E\n\u003Ctd width=\u00223%\u0022\u003E\u00a0\u003C\/td\u003E\n\u003Ctd width=\u00224%\u0022\u003E\u003Ci\u003E\u003Cspan style=\u0022font-family: Verdana, Arial, Helvetica, sans-serif; font-size: xx-small;\u0022 size=\u00221\u0022 face=\u0022Verdana, Arial, Helvetica, sans-serif\u0022\u003E71095\u003C\/span\u003E\u003C\/i\u003E\u003C\/td\u003E\n\u003Ctd colspan=\u00222\u0022\u003E\u003Ci\u003E\u003Cspan style=\u0022font-family: Verdana, Arial, Helvetica, sans-serif; font-size: xx-small;\u0022 size=\u00221\u0022 face=\u0022Verdana, Arial, Helvetica, sans-serif\u0022\u003EPozosta\u0142a dzia\u0142alno\u015b\u0107\u003C\/span\u003E\u003C\/i\u003E\u003C\/td\u003E\n\u003Ctd width=\u00226%\u0022\u003E\u00a0\u003C\/td\u003E\n\u003Ctd width=\u00227%\u0022\u003E\u003Cbr \/\u003E\n\u003Cdiv align=\u0022right\u0022\u003E\u003Ci\u003E\u003Cspan style=\u0022font-family: Verdana, Arial, Helvetica, sans-serif; font-size: xx-small;\u0022 size=\u00221\u0022 face=\u0022Verdana, Arial, Helvetica, sans-serif\u0022\u003E1.853.349\u003C\/span\u003E\u003C\/i\u003E\u003C\/div\u003E\n\u003C\/td\u003E\n\u003C\/tr\u003E\n\u003Ctr\u003E\n\u003Ctd width=\u00223%\u0022\u003E\u00a0\u003C\/td\u003E\n\u003Ctd width=\u00224%\u0022\u003E\u00a0\u003C\/td\u003E\n\u003Ctd width=\u00227%\u0022\u003E\u003Cspan style=\u0022font-family: Verdana, Arial, Helvetica, sans-serif; font-size: xx-small;\u0022 size=\u00221\u0022 face=\u0022Verdana, Arial, Helvetica, sans-serif\u0022\u003E6010\u003C\/span\u003E\u003C\/td\u003E\n\u003Ctd width=\u002273%\u0022\u003E\u003Cspan style=\u0022font-family: Verdana, Arial, Helvetica, sans-serif; font-size: xx-small;\u0022 size=\u00221\u0022 face=\u0022Verdana, Arial, Helvetica, sans-serif\u0022\u003EWydatki na zakup i obj\u0119cie akcji oraz wniesienie wk\u0142ad\u00f3w do sp\u00f3\u0142ek prawa handlowego\u003C\/span\u003E\u003C\/td\u003E\n\u003Ctd width=\u00226%\u0022\u003E\u00a0\u003C\/td\u003E\n\u003Ctd width=\u00227%\u0022\u003E\u003Cbr \/\u003E\n\u003Cdiv align=\u0022right\u0022\u003E\u003Cspan style=\u0022font-family: Verdana, Arial, Helvetica, sans-serif; font-size: xx-small;\u0022 size=\u00221\u0022 face=\u0022Verdana, Arial, Helvetica, sans-serif\u0022\u003E1.853.349\u003C\/span\u003E\u003C\/div\u003E\n\u003C\/td\u003E\n\u003C\/tr\u003E\n\u003Ctr\u003E\n\u003Ctd width=\u00223%\u0022\u003E\u003Cb\u003E\u003Cspan style=\u0022font-family: Verdana, Arial, Helvetica, sans-serif; font-size: xx-small;\u0022 size=\u00221\u0022 face=\u0022Verdana, Arial, Helvetica, sans-serif\u0022\u003E801\u003C\/span\u003E\u003C\/b\u003E\u003C\/td\u003E\n\u003Ctd colspan=\u00223\u0022\u003E\u003Cb\u003E\u003Cspan style=\u0022font-family: Verdana, Arial, Helvetica, sans-serif; font-size: xx-small;\u0022 size=\u00221\u0022 face=\u0022Verdana, Arial, Helvetica, sans-serif\u0022\u003EO\u015bwiata i wychowanie \u003C\/span\u003E\u003C\/b\u003E\u003C\/td\u003E\n\u003Ctd width=\u00226%\u0022\u003E\u003Cbr \/\u003E\n\u003Cdiv align=\u0022right\u0022\u003E\u003Cb\u003E\u003Cspan style=\u0022font-family: Verdana, Arial, Helvetica, sans-serif; font-size: xx-small;\u0022 size=\u00221\u0022 face=\u0022Verdana, Arial, Helvetica, sans-serif\u0022\u003E1.848\u003C\/span\u003E\u003C\/b\u003E\u003C\/div\u003E\n\u003C\/td\u003E\n\u003Ctd width=\u00227%\u0022\u003E\u003Cbr \/\u003E\n\u003Cdiv align=\u0022right\u0022\u003E\u003Cb\u003E\u003Cspan style=\u0022font-family: Verdana, Arial, Helvetica, sans-serif; font-size: xx-small;\u0022 size=\u00221\u0022 face=\u0022Verdana, Arial, Helvetica, sans-serif\u0022\u003E1.848\u003C\/span\u003E\u003C\/b\u003E\u003C\/div\u003E\n\u003C\/td\u003E\n\u003C\/tr\u003E\n\u003Ctr\u003E\n\u003Ctd rowspan=\u00223\u0022\u003E\u00a0\u003C\/td\u003E\n\u003Ctd width=\u00224%\u0022\u003E\u003Cspan style=\u0022font-family: Verdana, Arial, Helvetica, sans-serif; font-size: xx-small;\u0022 size=\u00221\u0022 face=\u0022Verdana, Arial, Helvetica, sans-serif\u0022\u003E80141\u003C\/span\u003E\u003C\/td\u003E\n\u003Ctd colspan=\u00222\u0022\u003E\u003Cspan style=\u0022font-family: Verdana, Arial, Helvetica, sans-serif; font-size: xx-small;\u0022 size=\u00221\u0022 face=\u0022Verdana, Arial, Helvetica, sans-serif\u0022\u003EZak\u0142ady kszta\u0142cenia nauczycieli\u003C\/span\u003E\u003C\/td\u003E\n\u003Ctd width=\u00226%\u0022\u003E\u003Cbr \/\u003E\n\u003Cdiv align=\u0022right\u0022\u003E\u003Cspan style=\u0022font-family: Verdana, Arial, Helvetica, sans-serif; font-size: xx-small;\u0022 size=\u00221\u0022 face=\u0022Verdana, Arial, Helvetica, sans-serif\u0022\u003E1.848\u003C\/span\u003E\u003C\/div\u003E\n\u003C\/td\u003E\n\u003Ctd width=\u00227%\u0022\u003E\u003Cbr \/\u003E\n\u003Cdiv align=\u0022right\u0022\u003E\u003Cspan style=\u0022font-family: Verdana, Arial, Helvetica, sans-serif; font-size: xx-small;\u0022 size=\u00221\u0022 face=\u0022Verdana, Arial, Helvetica, sans-serif\u0022\u003E1.848\u003C\/span\u003E\u003C\/div\u003E\n\u003C\/td\u003E\n\u003C\/tr\u003E\n\u003Ctr\u003E\n\u003Ctd rowspan=\u00222\u0022\u003E\u00a0\u003C\/td\u003E\n\u003Ctd width=\u00227%\u0022\u003E\u003Cspan style=\u0022font-family: Verdana, Arial, Helvetica, sans-serif; font-size: xx-small;\u0022 size=\u00221\u0022 face=\u0022Verdana, Arial, Helvetica, sans-serif\u0022\u003E2705\u003C\/span\u003E\u003C\/td\u003E\n\u003Ctd width=\u002273%\u0022\u003E\u003Cspan style=\u0022font-family: Verdana, Arial, Helvetica, sans-serif; font-size: xx-small;\u0022 size=\u00221\u0022 face=\u0022Verdana, Arial, Helvetica, sans-serif\u0022\u003E\u015arodki na dofinansowanie w\u0142asnych zada\u0144 bie\u017c\u0105cych gmin (zwi\u0105zk\u00f3w gmin), powiat\u00f3w (zwi\u0105zk\u00f3w powiat\u00f3w), samorz\u0105d\u00f3w wojew\u00f3dztw, pozyskane z innych \u013dr\u00f3de\u0142\u003Ci\u003E (finansowanie z innych \u015brodk\u00f3w bezzwrotnych)\u003C\/i\u003E\u003C\/span\u003E\u003C\/td\u003E\n\u003Ctd width=\u00226%\u0022\u003E\u003Cbr \/\u003E\n\u003Cdiv align=\u0022right\u0022\u003E\u003Cspan style=\u0022font-family: Verdana, Arial, Helvetica, sans-serif; font-size: xx-small;\u0022 size=\u00221\u0022 face=\u0022Verdana, Arial, Helvetica, sans-serif\u0022\u003E1.848\u003C\/span\u003E\u003C\/div\u003E\n\u003C\/td\u003E\n\u003Ctd width=\u00227%\u0022\u003E\u00a0\u003C\/td\u003E\n\u003C\/tr\u003E\n\u003Ctr\u003E\n\u003Ctd width=\u00227%\u0022\u003E\u003Cspan style=\u0022font-family: Verdana, Arial, Helvetica, sans-serif; font-size: xx-small;\u0022 size=\u00221\u0022 face=\u0022Verdana, Arial, Helvetica, sans-serif\u0022\u003E4305\u003C\/span\u003E\u003C\/td\u003E\n\u003Ctd width=\u002273%\u0022\u003E\u003Cspan style=\u0022font-family: Verdana, Arial, Helvetica, sans-serif; font-size: xx-small;\u0022 size=\u00221\u0022 face=\u0022Verdana, Arial, Helvetica, sans-serif\u0022\u003EZakup us\u0142ug pozosta\u0142ych \u003Ci\u003E(finansowanie z innych \u015brodk\u00f3w bezzwrotnych) \u003C\/i\u003E\u003C\/span\u003E\u003C\/td\u003E\n\u003Ctd width=\u00226%\u0022\u003E\u00a0\u003C\/td\u003E\n\u003Ctd width=\u00227%\u0022\u003E\u003Cbr \/\u003E\n\u003Cdiv align=\u0022right\u0022\u003E\u003Cspan style=\u0022font-family: Verdana, Arial, Helvetica, sans-serif; font-size: xx-small;\u0022 size=\u00221\u0022 face=\u0022Verdana, Arial, Helvetica, sans-serif\u0022\u003E1.848 \u003C\/span\u003E\u003C\/div\u003E\n\u003C\/td\u003E\n\u003C\/tr\u003E\n\u003Ctr\u003E\n\u003Ctd width=\u00223%\u0022\u003E\u003Cb\u003E\u003Cspan style=\u0022font-family: Verdana, Arial, Helvetica, sans-serif; font-size: xx-small;\u0022 size=\u00221\u0022 face=\u0022Verdana, Arial, Helvetica, sans-serif\u0022\u003E851\u003C\/span\u003E\u003C\/b\u003E\u003C\/td\u003E\n\u003Ctd colspan=\u00223\u0022\u003E\u003Cb\u003E\u003Cspan style=\u0022font-family: Verdana, Arial, Helvetica, sans-serif; font-size: xx-small;\u0022 size=\u00221\u0022 face=\u0022Verdana, Arial, Helvetica, sans-serif\u0022\u003EOchrona zdrowia \u003C\/span\u003E\u003C\/b\u003E\u003C\/td\u003E\n\u003Ctd width=\u00226%\u0022\u003E\u003Cb\u003E\u003C\/b\u003E\u003C\/td\u003E\n\u003Ctd width=\u00227%\u0022\u003E\u003Cbr \/\u003E\n\u003Cdiv align=\u0022right\u0022\u003E\u003Cb\u003E\u003Cspan style=\u0022font-family: Verdana, Arial, Helvetica, sans-serif; font-size: xx-small;\u0022 size=\u00221\u0022 face=\u0022Verdana, Arial, Helvetica, sans-serif\u0022\u003E620.000\u003C\/span\u003E\u003C\/b\u003E\u003C\/div\u003E\n\u003C\/td\u003E\n\u003C\/tr\u003E\n\u003Ctr\u003E\n\u003Ctd rowspan=\u00222\u0022 width=\u00223%\u0022\u003E\u00a0\u003C\/td\u003E\n\u003Ctd width=\u00224%\u0022\u003E\u003Cspan style=\u0022font-family: Verdana, Arial, Helvetica, sans-serif; font-size: xx-small;\u0022 size=\u00221\u0022 face=\u0022Verdana, Arial, Helvetica, sans-serif\u0022\u003E85111\u003C\/span\u003E\u003C\/td\u003E\n\u003Ctd colspan=\u00222\u0022\u003E\u003Cspan style=\u0022font-family: Verdana, Arial, Helvetica, sans-serif; font-size: xx-small;\u0022 size=\u00221\u0022 face=\u0022Verdana, Arial, Helvetica, sans-serif\u0022\u003ESzpitale og\u00f3lne\u003C\/span\u003E\u003Cspan style=\u0022font-family: Verdana, Arial, Helvetica, sans-serif; font-size: xx-small;\u0022 size=\u00221\u0022 face=\u0022Verdana, Arial, Helvetica, sans-serif\u0022\u003E\u003C\/span\u003E\u003C\/td\u003E\n\u003Ctd width=\u00226%\u0022\u003E\u00a0\u003C\/td\u003E\n\u003Ctd width=\u00227%\u0022\u003E\u003Cbr \/\u003E\n\u003Cdiv align=\u0022right\u0022\u003E\u003Cspan style=\u0022font-family: Verdana, Arial, Helvetica, sans-serif; font-size: xx-small;\u0022 size=\u00221\u0022 face=\u0022Verdana, Arial, Helvetica, sans-serif\u0022\u003E620.000 \u003C\/span\u003E\u003C\/div\u003E\n\u003C\/td\u003E\n\u003C\/tr\u003E\n\u003Ctr\u003E\n\u003Ctd width=\u00224%\u0022\u003E\u00a0\u003C\/td\u003E\n\u003Ctd width=\u00227%\u0022\u003E\u003Cspan style=\u0022font-family: Verdana, Arial, Helvetica, sans-serif; font-size: xx-small;\u0022 size=\u00221\u0022 face=\u0022Verdana, Arial, Helvetica, sans-serif\u0022\u003E6220\u003C\/span\u003E\u003C\/td\u003E\n\u003Ctd width=\u002273%\u0022\u003E\u003Cspan style=\u0022font-family: Verdana, Arial, Helvetica, sans-serif; font-size: xx-small;\u0022 size=\u00221\u0022 face=\u0022Verdana, Arial, Helvetica, sans-serif\u0022\u003EDotacje celowe z bud\u017cetu na finansowanie lub dofinansowanie koszt\u00f3w realizacji inwestycji i zakup\u00f3w inwestycyjnych innych jednostek sektora finans\u00f3w publicznych \u003C\/span\u003E\u003C\/td\u003E\n\u003Ctd width=\u00226%\u0022\u003E\u00a0\u003C\/td\u003E\n\u003Ctd width=\u00227%\u0022\u003E\u003Cbr \/\u003E\n\u003Cdiv align=\u0022right\u0022\u003E\u003Cspan style=\u0022font-family: Verdana, Arial, Helvetica, sans-serif; font-size: xx-small;\u0022 size=\u00221\u0022 face=\u0022Verdana, Arial, Helvetica, sans-serif\u0022\u003E620.000\u003C\/span\u003E\u003C\/div\u003E\n\u003C\/td\u003E\n\u003C\/tr\u003E\n\u003Ctr\u003E\n\u003Ctd width=\u00223%\u0022\u003E\u00a0\u003C\/td\u003E\n\u003Ctd width=\u00224%\u0022\u003E\u00a0\u003C\/td\u003E\n\u003Ctd width=\u00227%\u0022\u003E\u00a0\u003C\/td\u003E\n\u003Ctd width=\u002273%\u0022\u003E\u003Cbr \/\u003E\n\u003Cdiv align=\u0022right\u0022\u003E\u003Cb\u003E\u003Cspan style=\u0022font-family: Verdana, Arial, Helvetica, sans-serif; font-size: xx-small;\u0022 size=\u00221\u0022 face=\u0022Verdana, Arial, Helvetica, sans-serif\u0022\u003ERAZEM\u003C\/span\u003E\u003C\/b\u003E\u003C\/div\u003E\n\u003C\/td\u003E\n\u003Ctd width=\u00226%\u0022\u003E\u003Cbr \/\u003E\n\u003Cdiv align=\u0022right\u0022\u003E\u003Cb\u003E\u003Cspan style=\u0022font-family: Verdana, Arial, Helvetica, sans-serif; font-size: xx-small;\u0022 size=\u00221\u0022 face=\u0022Verdana, Arial, Helvetica, sans-serif\u0022\u003E2.475.197\u003C\/span\u003E\u003C\/b\u003E\u003C\/div\u003E\n\u003C\/td\u003E\n\u003Ctd width=\u00227%\u0022\u003E\u003Cbr \/\u003E\n\u003Cp align=\u0022right\u0022\u003E\u003Cb\u003E\u003Cspan style=\u0022font-family: Verdana, Arial, Helvetica, sans-serif; font-size: xx-small;\u0022 size=\u00221\u0022 face=\u0022Verdana, Arial, Helvetica, sans-serif\u0022\u003E2.475.197 \u003C\/span\u003E\u003C\/b\u003E\u003C\/p\u003E\n\u003C\/td\u003E\n\u003C\/tr\u003E\n\u003C\/tbody\u003E\n\u003C\/table\u003E\n\u003Cbr \/\u003E\n\u003Cp\u003E2. Powy\u017cszych zwi\u0119ksze\u0144 dokonuje si\u0119:\u003C\/p\u003E\n\u003Cbr \/\u003E\n\u003Cp\u003Ea) w dz. 710 \u2013 celem zabezpieczenia \u015brodk\u00f3w finansowych na obj\u0119cie akcji G\u00f3rno\u015bl\u0105skiego Towarzystwa Lotniczego SA,\u003C\/p\u003E\n\u003Cbr \/\u003E\n\u003Cp\u003Eb) w dz. 801 \u2013 w zwi\u0105zku z otrzymaniem przez Centrum J\u0119zyk\u00f3w Europejskich \u2013 Nauczycielskie Kolegium J\u0119zyk\u00f3w Obcych w Cz\u0119stochowie \u015brodk\u00f3w pomocowych z Unii Europejskiej na finansowanie sta\u017cu studenckiego przez Ambasad\u0119 Francji,\u003C\/p\u003E\n\u003Cbr \/\u003E\n\u003Cp\u003Ec) w dz. 851 \u2013 w zwi\u0105zku z konieczno\u015bci\u0105 udzielenia dotacji na modernizacj\u0119 sieci kanalizacyjnej w Centrum Psychiatrii w Katowicach.\u003C\/p\u003E\n\u003Cbr \/\u003E\n\u003Cp align=\u0022center\u0022\u003E\u00a7 2\u003C\/p\u003E\n\u003Cbr \/\u003E\n\u003Cp\u003E1. Dokonuje si\u0119 zmian w planie wydatk\u00f3w w\u0142asnych bud\u017cetu Wojew\u00f3dztwa \u015al\u0105skiego polegaj\u0105cych na przeniesieniu \u015brodk\u00f3w pomi\u0119dzy dzia\u0142ami, rozdzia\u0142ami i paragrafami klasyfikacji bud\u017cetowej w kwocie og\u00f3\u0142em 5.072.651 z\u0142, zgodnie z wykazem stanowi\u0105cym za\u0142\u0105cznik 1 do niniejszej uchwa\u0142y.\u003C\/p\u003E\n\u003Cbr \/\u003E\n\u003Cp\u003E2. Zmian dokonuje si\u0119 w zwi\u0105zku z obj\u0119ciem akcji G\u00f3rno\u015bl\u0105skiego Towarzystwa Lotniczego SA \u2013 w wysoko\u015bci 202.651 z\u0142 oraz na celem zakupu nieruchomo\u015bci Skarbu Pa\u0144stwa, po\u0142o\u017conej w Pyrzowicach, obj\u0119tej ksi\u0119g\u0105 wieczyst\u0105 nr KW 71630, oznaczonej jako dzia\u0142ki nr: 497\/64, 497\/69, 497\/70, 497\/71 i 497\/72 o \u0142\u0105cznej powierzchni 18,3954 ha w wysoko\u015bci 4.870.000 z\u0142.\u003C\/p\u003E\n\u003Cbr \/\u003E\n\u003Cp align=\u0022center\u0022\u003E\u00a7 3\u003C\/p\u003E\n\u003Cbr \/\u003E\n\u003Cp\u003E1. Zmniejsza si\u0119 wydatki bud\u017cetu w\u0142asnego Wojew\u00f3dztwa \u015al\u0105skiego na 2005 rok o kwot\u0119 3.147.000 z\u0142 w:\u003C\/p\u003E\n\u003Cbr \/\u003E\n\u003Cp\u003Edz. 851 \u2013 Ochrona zdrowia\u003C\/p\u003E\n\u003Cbr \/\u003E\n\u003Cp\u003Erozdz. 85121 \u2013 Lecznictwo ambulatoryjne\u003C\/p\u003E\n\u003Cbr \/\u003E\n\u003Cp\u003E\u00a7 4160 - Pokrycie ujemnego wyniku finansowego i przej\u0119tych zobowi\u0105za\u0144 po likwidowanych i przekszta\u0142canych jednostkach zaliczanych do sektora finans\u00f3w publicznych z r\u00f3wnoczesnym zwi\u0119kszeniem rozchod\u00f3w bud\u017cetu Wojew\u00f3dztwa \u015al\u0105skiego na 2005 rok o kwot\u0119 3.147.000 z\u0142\u003C\/p\u003E\n\u003Cbr \/\u003E\n\u003Cp\u003Ew \u00a7 991 \u2013 Udzielone po\u017cyczki i kredyty,\u003C\/p\u003E\n\u003Cbr \/\u003E\n\u003Cp\u003Ez przeznaczeniem na udzielenie po\u017cyczki na sp\u0142at\u0119 zobowi\u0105za\u0144 publicznoprawnych przez Obw\u00f3d Lecznictwa Kolejowego w Katowicach w zwi\u0105zku z ustaw\u0105 z dnia 15 kwietnia 2005 roku o pomocy publicznej i restrukturyzacji publicznych zak\u0142ad\u00f3w opieki zdrowotnej (Dz. U. z 2005, nr 78, poz. 684).\u003C\/p\u003E\n\u003Cbr \/\u003E\n\u003Cp\u003E2. Ustala si\u0119 maksymaln\u0105 wysoko\u015b\u0107 po\u017cyczek udzielanych przez Zarz\u0105d Wojew\u00f3dztwa \u015al\u0105skiego w roku bud\u017cetowym 2005 do kwoty 27.547.000 z\u0142.\u003C\/p\u003E\n\u003Cbr \/\u003E\n\u003Cp align=\u0022center\u0022\u003E\u00a7 4\u003C\/p\u003E\n\u003Cbr \/\u003E\n\u003Cp\u003EWykonanie uchwa\u0142y powierza si\u0119 Zarz\u0105dowi Wojew\u00f3dztwa \u015al\u0105skiego.\u003C\/p\u003E\n\u003Cbr \/\u003E\n\u003Cp align=\u0022center\u0022\u003E\u00a7 5\u003C\/p\u003E\n\u003Cbr \/\u003E\n\u003Cp\u003EUchwa\u0142a wchodzi w \u017cycie z dniem podj\u0119cia.\u003C\/p\u003E\n\u003C\/div\u003E","promotion":false}},{"id":"bf6dbc25-d119-11e7-80a9-005056b46601","type":"Gallery","name":"Galeria","description":"Galeria"},{"id":"bf6e1f6b-d119-11e7-80a9-005056b46601","type":"Attachment","name":"Za\u0142\u0105czniki","description":"Za\u0142\u0105czniki do strony","content":[{"src":"\/resource\/45448\/1130415900.xls","extension":"XLS","name":"bc488af5564c2b308ae68774fa84efd0.xls","size":"55 KB"}]},{"id":"eba03b25-d9a7-11e7-b355-005056b70dba","type":"PageTitle","name":"","description":"Tytu\u0142 strony","content":{"title":"Uchwa\u0142a Sejmiku nr II\/40\/16\/2005 z dnia 2005-10-17"}},{"id":"eba07701-d9a7-11e7-b355-005056b70dba","type":"PageDescription","name":"","description":"Zajawka strony","content":[]},{"id":"1b1a7940-ff78-11e7-b81e-005056b7801d","type":"SectionDescription","name":"","description":"Zajawka sekcji","content":[]}]}