{"id":25519,"name":"uchwala-sejmiku-nr-ii41122005-z-dnia-2005-11-14","title":"Uchwa\u0142a Sejmiku nr II\/41\/12\/2005 z dnia 2005-11-14","desc":"","header":"Uchwa\u0142a Sejmiku nr II\/41\/12\/2005 z dnia 2005-11-14","lead":"","keywords":"","changes":"migracja danych","menu":"","path":"\/sejmik_wojewodztwa\/sesje_sejmiku\/uchwaly\/uchwala-sejmiku-nr-ii41122005-z-dnia-2005-11-14.html","url":"\/sejmik_wojewodztwa\/sesje_sejmiku\/uchwaly\/uchwala-sejmiku-nr-ii41122005-z-dnia-2005-11-14.html","infoOwner":"Urz\u0105d Marsza\u0142kowski Wojew\u00f3dztwa \u015al\u0105skiego","dateFirstPublicate":"2022-01-24 12:04:25","dateLastVersionPublicate":"2022-01-24 12:04:25","dateAvailableFrom":"","dateAvailableTo":"","type":"Uchwa\u0142a Sejmiku","pageParams":[{"id":"225","name":"DATA_OGLOSZENIA","description":"Data og\u0142oszenia","value":"2005-11-14"},{"id":"235","name":"W sprawie","description":"W sprawie","value":"zmian bud\u017cetu i w bud\u017cecie Wojew\u00f3dztwa \u015al\u0105skiego na 2005 rok"},{"id":"299","name":"NUMER_UCHWALY_SEJMIKU","description":"Numer uchwa\u0142y","value":"II\/41\/12\/2005"}],"components":[{"id":"bf6d5eba-d119-11e7-80a9-005056b46601","type":"ContentWYSIWYG","name":"Tre\u015b\u0107","description":"Tre\u015b\u0107 strony","content":{"content":"\u003Cdiv class=\u0022lead1\u0022\u003ENa podstawie\u003Cbr \/\u003Eart. 18 pkt 6\u003Cbr \/\u003E ustawy z dnia 5 czerwca 1998 roku o samorz\u0105dzie wojew\u00f3dztwa\u003Cbr \/\u003E (t. j. Dz. U. Nr 142 z 2001 roku, poz. 1590 z p\u00f3\u017an. zm.)\u003C\/div\u003E\n\u003Cdiv class=\u0022tresc\u0022\u003E\n\u003Cp align=\u0022center\u0022\u003E\u00a7 1\u003C\/p\u003E\n\u003Cbr \/\u003E\n\u003Cp\u003E1. Dokonuje si\u0119 zwi\u0119kszenia dochod\u00f3w i wydatk\u00f3w bud\u017cetu w\u0142asnego Wojew\u00f3dztwa \u015al\u0105skiego na 2005 rok o kwot\u0119 86.080 z\u0142, zgodnie z wyszczeg\u00f3lnieniem:\u003C\/p\u003E\n\u003Cbr \/\u003E\n\u003Cp align=\u0022right\u0022\u003Ew z\u0142\u003C\/p\u003E\n\u003Cbr \/\u003E\n\u003Ctable width=\u0022100%\u0022 border=\u00221\u0022\u003E\n\u003Ctbody\u003E\n\u003Ctr\u003E\n\u003Ctd\u003E\u003Cbr \/\u003E\n\u003Cdiv align=\u0022center\u0022\u003E\u003Cspan style=\u0022font-family: Verdana, Arial, Helvetica, sans-serif; font-size: xx-small;\u0022 size=\u00221\u0022 face=\u0022Verdana, Arial, Helvetica, sans-serif\u0022\u003E\u003Cb\u003EDz.\u003C\/b\u003E\u003C\/span\u003E\u003C\/div\u003E\n\u003C\/td\u003E\n\u003Ctd\u003E\u003Cbr \/\u003E\n\u003Cdiv align=\u0022center\u0022\u003E\u003Cspan style=\u0022font-family: Verdana, Arial, Helvetica, sans-serif; font-size: xx-small;\u0022 size=\u00221\u0022 face=\u0022Verdana, Arial, Helvetica, sans-serif\u0022\u003E\u003Cb\u003ERozdz.\u003C\/b\u003E\u003C\/span\u003E\u003C\/div\u003E\n\u003C\/td\u003E\n\u003Ctd\u003E\u003Cbr \/\u003E\n\u003Cdiv align=\u0022center\u0022\u003E\u003Cspan style=\u0022font-family: Verdana, Arial, Helvetica, sans-serif; font-size: xx-small;\u0022 size=\u00221\u0022 face=\u0022Verdana, Arial, Helvetica, sans-serif\u0022\u003E\u003Cb\u003E\u00a7\u003C\/b\u003E\u003C\/span\u003E\u003C\/div\u003E\n\u003C\/td\u003E\n\u003Ctd\u003E\u003Cbr \/\u003E\n\u003Cdiv align=\u0022center\u0022\u003E\u003Cspan style=\u0022font-family: Verdana, Arial, Helvetica, sans-serif; font-size: xx-small;\u0022 size=\u00221\u0022 face=\u0022Verdana, Arial, Helvetica, sans-serif\u0022\u003E\u003Cb\u003EWyszczeg\u00f3lnienie\u003C\/b\u003E\u003C\/span\u003E\u003C\/div\u003E\n\u003C\/td\u003E\n\u003Ctd\u003E\u003Cbr \/\u003E\n\u003Cdiv align=\u0022center\u0022\u003E\u003Cspan style=\u0022font-family: Verdana, Arial, Helvetica, sans-serif; font-size: xx-small;\u0022 size=\u00221\u0022 face=\u0022Verdana, Arial, Helvetica, sans-serif\u0022\u003E\u003Cb\u003EDochody\u003C\/b\u003E\u003C\/span\u003E\u003C\/div\u003E\n\u003C\/td\u003E\n\u003Ctd\u003E\u003Cbr \/\u003E\n\u003Cdiv align=\u0022center\u0022\u003E\u003Cspan style=\u0022font-family: Verdana, Arial, Helvetica, sans-serif; font-size: xx-small;\u0022 size=\u00221\u0022 face=\u0022Verdana, Arial, Helvetica, sans-serif\u0022\u003E\u003Cb\u003EWydatki\u003C\/b\u003E\u003C\/span\u003E\u003C\/div\u003E\n\u003C\/td\u003E\n\u003C\/tr\u003E\n\u003Ctr\u003E\n\u003Ctd\u003E\u003Cb\u003E\u003Cspan style=\u0022font-family: Verdana, Arial, Helvetica, sans-serif; font-size: xx-small;\u0022 size=\u00221\u0022 face=\u0022Verdana, Arial, Helvetica, sans-serif\u0022\u003E710\u003C\/span\u003E\u003C\/b\u003E\u003C\/td\u003E\n\u003Ctd colspan=\u00223\u0022\u003E\u003Cb\u003E\u003Cspan style=\u0022font-family: Verdana, Arial, Helvetica, sans-serif; font-size: xx-small;\u0022 size=\u00221\u0022 face=\u0022Verdana, Arial, Helvetica, sans-serif\u0022\u003EDzia\u0142alno\u015b\u0107 us\u0142ugowa\u003C\/span\u003E\u003C\/b\u003E\u003C\/td\u003E\n\u003Ctd\u003E\u003Cbr \/\u003E\n\u003Cdiv align=\u0022right\u0022\u003E\u003Cspan style=\u0022font-family: Verdana, Arial, Helvetica, sans-serif; font-size: xx-small;\u0022 size=\u00221\u0022 face=\u0022Verdana, Arial, Helvetica, sans-serif\u0022\u003E\u003Cb\u003E6.000 \u003C\/b\u003E\u003C\/span\u003E\u003C\/div\u003E\n\u003C\/td\u003E\n\u003Ctd\u003E\u003Cbr \/\u003E\n\u003Cdiv align=\u0022right\u0022\u003E\u003Cspan style=\u0022font-family: Verdana, Arial, Helvetica, sans-serif; font-size: xx-small;\u0022 size=\u00221\u0022 face=\u0022Verdana, Arial, Helvetica, sans-serif\u0022\u003E\u003Cb\u003E6.000 \u003C\/b\u003E\u003C\/span\u003E\u003C\/div\u003E\n\u003C\/td\u003E\n\u003C\/tr\u003E\n\u003Ctr\u003E\n\u003Ctd rowspan=\u00223\u0022\u003E\u00a0\u003C\/td\u003E\n\u003Ctd\u003E\u003Cspan style=\u0022font-family: Verdana, Arial, Helvetica, sans-serif; font-size: xx-small;\u0022 size=\u00221\u0022 face=\u0022Verdana, Arial, Helvetica, sans-serif\u0022\u003E71095\u003C\/span\u003E\u003C\/td\u003E\n\u003Ctd colspan=\u00222\u0022\u003E\u003Cspan style=\u0022font-family: Verdana, Arial, Helvetica, sans-serif; font-size: xx-small;\u0022 size=\u00221\u0022 face=\u0022Verdana, Arial, Helvetica, sans-serif\u0022\u003EPozosta\u0142a dzia\u0142alno\u015b\u0107 \u003C\/span\u003E\u003C\/td\u003E\n\u003Ctd\u003E\u003Cbr \/\u003E\n\u003Cdiv align=\u0022right\u0022\u003E\u003Cspan style=\u0022font-family: Verdana, Arial, Helvetica, sans-serif; font-size: xx-small;\u0022 size=\u00221\u0022 face=\u0022Verdana, Arial, Helvetica, sans-serif\u0022\u003E6.000\u003C\/span\u003E\u003C\/div\u003E\n\u003C\/td\u003E\n\u003Ctd\u003E\u003Cbr \/\u003E\n\u003Cdiv align=\u0022right\u0022\u003E\u003Cspan style=\u0022font-family: Verdana, Arial, Helvetica, sans-serif; font-size: xx-small;\u0022 size=\u00221\u0022 face=\u0022Verdana, Arial, Helvetica, sans-serif\u0022\u003E6.000 \u003C\/span\u003E\u003C\/div\u003E\n\u003C\/td\u003E\n\u003C\/tr\u003E\n\u003Ctr\u003E\n\u003Ctd rowspan=\u00222\u0022\u003E\u00a0\u003C\/td\u003E\n\u003Ctd\u003E\u003Cspan style=\u0022font-family: Verdana, Arial, Helvetica, sans-serif; font-size: xx-small;\u0022 size=\u00221\u0022 face=\u0022Verdana, Arial, Helvetica, sans-serif\u0022\u003E2570\u003C\/span\u003E\u003C\/td\u003E\n\u003Ctd\u003E\u003Cspan style=\u0022font-family: Verdana, Arial, Helvetica, sans-serif; font-size: xx-small;\u0022 size=\u00221\u0022 face=\u0022Verdana, Arial, Helvetica, sans-serif\u0022\u003EDotacja podmiotowa z bud\u017cetu dla pozosta\u0142ych jednostek sektora finans\u00f3w publicznych\u003C\/span\u003E\u003C\/td\u003E\n\u003Ctd\u003E\u00a0\u003C\/td\u003E\n\u003Ctd\u003E\u003Cbr \/\u003E\n\u003Cdiv align=\u0022right\u0022\u003E\u003Cspan style=\u0022font-family: Verdana, Arial, Helvetica, sans-serif; font-size: xx-small;\u0022 size=\u00221\u0022 face=\u0022Verdana, Arial, Helvetica, sans-serif\u0022\u003E6.000\u003C\/span\u003E\u003C\/div\u003E\n\u003C\/td\u003E\n\u003C\/tr\u003E\n\u003Ctr\u003E\n\u003Ctd\u003E\u003Cspan style=\u0022font-family: Verdana, Arial, Helvetica, sans-serif; font-size: xx-small;\u0022 size=\u00221\u0022 face=\u0022Verdana, Arial, Helvetica, sans-serif\u0022\u003E2710\u003C\/span\u003E\u003C\/td\u003E\n\u003Ctd\u003E\u003Cspan style=\u0022font-family: Verdana, Arial, Helvetica, sans-serif; font-size: xx-small;\u0022 size=\u00221\u0022 face=\u0022Verdana, Arial, Helvetica, sans-serif\u0022\u003EWp\u0142ywy z tytu\u0142u pomocy finansowej udzielanej mi\u0119dzy jednostkami samorz\u0105du terytorialnego na dofinansowanie w\u0142asnych zada\u0144 bie\u017c\u0105cych\u003C\/span\u003E\u003C\/td\u003E\n\u003Ctd\u003E\u003Cbr \/\u003E\n\u003Cdiv align=\u0022right\u0022\u003E\u003Cspan style=\u0022font-family: Verdana, Arial, Helvetica, sans-serif; font-size: xx-small;\u0022 size=\u00221\u0022 face=\u0022Verdana, Arial, Helvetica, sans-serif\u0022\u003E6.000\u003C\/span\u003E\u003C\/div\u003E\n\u003C\/td\u003E\n\u003Ctd\u003E\u00a0\u003C\/td\u003E\n\u003C\/tr\u003E\n\u003Ctr\u003E\n\u003Ctd\u003E\u003Cb\u003E\u003Cspan style=\u0022font-family: Verdana, Arial, Helvetica, sans-serif; font-size: xx-small;\u0022 size=\u00221\u0022 face=\u0022Verdana, Arial, Helvetica, sans-serif\u0022\u003E801\u003C\/span\u003E\u003C\/b\u003E\u003C\/td\u003E\n\u003Ctd colspan=\u00223\u0022\u003E\u003Cb\u003E\u003Cspan style=\u0022font-family: Verdana, Arial, Helvetica, sans-serif; font-size: xx-small;\u0022 size=\u00221\u0022 face=\u0022Verdana, Arial, Helvetica, sans-serif\u0022\u003EO\u015bwiata i wychowanie\u003C\/span\u003E\u003C\/b\u003E\u003C\/td\u003E\n\u003Ctd\u003E\u003Cbr \/\u003E\n\u003Cdiv align=\u0022right\u0022\u003E\u003Cspan style=\u0022font-family: Verdana, Arial, Helvetica, sans-serif; font-size: xx-small;\u0022 size=\u00221\u0022 face=\u0022Verdana, Arial, Helvetica, sans-serif\u0022\u003E\u003Cb\u003E4.080\u003C\/b\u003E\u003C\/span\u003E\u003C\/div\u003E\n\u003C\/td\u003E\n\u003Ctd\u003E\u003Cbr \/\u003E\n\u003Cdiv align=\u0022right\u0022\u003E\u003Cspan style=\u0022font-family: Verdana, Arial, Helvetica, sans-serif; font-size: xx-small;\u0022 size=\u00221\u0022 face=\u0022Verdana, Arial, Helvetica, sans-serif\u0022\u003E\u003Cb\u003E4.080\u003C\/b\u003E\u003C\/span\u003E\u003C\/div\u003E\n\u003C\/td\u003E\n\u003C\/tr\u003E\n\u003Ctr\u003E\n\u003Ctd rowspan=\u00224\u0022\u003E\u00a0\u003C\/td\u003E\n\u003Ctd\u003E\u003Cspan style=\u0022font-family: Verdana, Arial, Helvetica, sans-serif; font-size: xx-small;\u0022 size=\u00221\u0022 face=\u0022Verdana, Arial, Helvetica, sans-serif\u0022\u003E80141\u003C\/span\u003E\u003C\/td\u003E\n\u003Ctd colspan=\u00222\u0022\u003E\u003Cspan style=\u0022font-family: Verdana, Arial, Helvetica, sans-serif; font-size: xx-small;\u0022 size=\u00221\u0022 face=\u0022Verdana, Arial, Helvetica, sans-serif\u0022\u003EZak\u0142ady kszta\u0142cenia nauczycieli \u003C\/span\u003E\u003C\/td\u003E\n\u003Ctd\u003E\u003Cbr \/\u003E\n\u003Cdiv align=\u0022right\u0022\u003E\u003Cspan style=\u0022font-family: Verdana, Arial, Helvetica, sans-serif; font-size: xx-small;\u0022 size=\u00221\u0022 face=\u0022Verdana, Arial, Helvetica, sans-serif\u0022\u003E4.080 \u003C\/span\u003E\u003C\/div\u003E\n\u003C\/td\u003E\n\u003Ctd\u003E\u003Cbr \/\u003E\n\u003Cdiv align=\u0022right\u0022\u003E\u003Cspan style=\u0022font-family: Verdana, Arial, Helvetica, sans-serif; font-size: xx-small;\u0022 size=\u00221\u0022 face=\u0022Verdana, Arial, Helvetica, sans-serif\u0022\u003E4.080\u003C\/span\u003E\u003C\/div\u003E\n\u003C\/td\u003E\n\u003C\/tr\u003E\n\u003Ctr\u003E\n\u003Ctd rowspan=\u00223\u0022\u003E\u00a0\u003C\/td\u003E\n\u003Ctd\u003E\u003Cspan style=\u0022font-family: Verdana, Arial, Helvetica, sans-serif; font-size: xx-small;\u0022 size=\u00221\u0022 face=\u0022Verdana, Arial, Helvetica, sans-serif\u0022\u003E2705\u003C\/span\u003E\u003C\/td\u003E\n\u003Ctd\u003E\u003Cspan style=\u0022font-family: Verdana, Arial, Helvetica, sans-serif; font-size: xx-small;\u0022 size=\u00221\u0022 face=\u0022Verdana, Arial, Helvetica, sans-serif\u0022\u003E\u015arodki na dofinansowanie w\u0142asnych zada\u0144 bie\u017c\u0105cych gmin (zwi\u0105zk\u00f3w gmin), powiat\u00f3w (zwi\u0105zk\u00f3w powiat\u00f3w), samorz\u0105d\u00f3w wojew\u00f3dztw, pozyskane z innych \u017ar\u00f3de\u0142 \u003Ci\u003E(finansowanie z innych \u015brodk\u00f3w bezzwrotnych)\u003C\/i\u003E\u003C\/span\u003E\u003C\/td\u003E\n\u003Ctd\u003E\u003Cbr \/\u003E\n\u003Cdiv align=\u0022right\u0022\u003E\u003Cspan style=\u0022font-family: Verdana, Arial, Helvetica, sans-serif; font-size: xx-small;\u0022 size=\u00221\u0022 face=\u0022Verdana, Arial, Helvetica, sans-serif\u0022\u003E4.080\u003C\/span\u003E\u003C\/div\u003E\n\u003C\/td\u003E\n\u003Ctd\u003E\u00a0\u003C\/td\u003E\n\u003C\/tr\u003E\n\u003Ctr\u003E\n\u003Ctd\u003E\u003Cspan style=\u0022font-family: Verdana, Arial, Helvetica, sans-serif; font-size: xx-small;\u0022 size=\u00221\u0022 face=\u0022Verdana, Arial, Helvetica, sans-serif\u0022\u003E4305\u003C\/span\u003E\u003C\/td\u003E\n\u003Ctd\u003E\u003Cspan style=\u0022font-family: Verdana, Arial, Helvetica, sans-serif; font-size: xx-small;\u0022 size=\u00221\u0022 face=\u0022Verdana, Arial, Helvetica, sans-serif\u0022\u003EZakup us\u0142ug pozosta\u0142ych \u003Ci\u003E(finansowanie z innych \u015brodk\u00f3w bezzwrotnych) \u003C\/i\u003E\u003C\/span\u003E\u003C\/td\u003E\n\u003Ctd\u003E\u00a0\u003C\/td\u003E\n\u003Ctd\u003E\u003Cbr \/\u003E\n\u003Cdiv align=\u0022right\u0022\u003E\u003Cspan style=\u0022font-family: Verdana, Arial, Helvetica, sans-serif; font-size: xx-small;\u0022 size=\u00221\u0022 face=\u0022Verdana, Arial, Helvetica, sans-serif\u0022\u003E3.790 \u003C\/span\u003E\u003C\/div\u003E\n\u003C\/td\u003E\n\u003C\/tr\u003E\n\u003Ctr\u003E\n\u003Ctd\u003E\u003Cspan style=\u0022font-family: Verdana, Arial, Helvetica, sans-serif; font-size: xx-small;\u0022 size=\u00221\u0022 face=\u0022Verdana, Arial, Helvetica, sans-serif\u0022\u003E4425\u003C\/span\u003E\u003C\/td\u003E\n\u003Ctd\u003E\u003Cspan style=\u0022font-family: Verdana, Arial, Helvetica, sans-serif; font-size: xx-small;\u0022 size=\u00221\u0022 face=\u0022Verdana, Arial, Helvetica, sans-serif\u0022\u003EPodr\u00f3\u017ce s\u0142u\u017cbowe zagraniczne \u003Ci\u003E(finansowanie z innych \u015brodk\u00f3w bezzwrotnych)\u003C\/i\u003E\u003C\/span\u003E\u003C\/td\u003E\n\u003Ctd\u003E\u00a0\u003C\/td\u003E\n\u003Ctd\u003E\u003Cbr \/\u003E\n\u003Cdiv align=\u0022right\u0022\u003E\u003Cspan style=\u0022font-family: Verdana, Arial, Helvetica, sans-serif; font-size: xx-small;\u0022 size=\u00221\u0022 face=\u0022Verdana, Arial, Helvetica, sans-serif\u0022\u003E290\u003C\/span\u003E\u003C\/div\u003E\n\u003C\/td\u003E\n\u003C\/tr\u003E\n\u003Ctr\u003E\n\u003Ctd\u003E\u003Cb\u003E\u003Cspan style=\u0022font-family: Verdana, Arial, Helvetica, sans-serif; font-size: xx-small;\u0022 size=\u00221\u0022 face=\u0022Verdana, Arial, Helvetica, sans-serif\u0022\u003E851 \u003C\/span\u003E\u003C\/b\u003E\u003C\/td\u003E\n\u003Ctd colspan=\u00223\u0022\u003E\u003Cb\u003E\u003Cspan style=\u0022font-family: Verdana, Arial, Helvetica, sans-serif; font-size: xx-small;\u0022 size=\u00221\u0022 face=\u0022Verdana, Arial, Helvetica, sans-serif\u0022\u003EOchrona zdrowia \u003C\/span\u003E\u003C\/b\u003E\u003C\/td\u003E\n\u003Ctd\u003E\u003Cbr \/\u003E\n\u003Cdiv align=\u0022right\u0022\u003E\u003Cspan style=\u0022font-family: Verdana, Arial, Helvetica, sans-serif; font-size: xx-small;\u0022 size=\u00221\u0022 face=\u0022Verdana, Arial, Helvetica, sans-serif\u0022\u003E\u003Cb\u003E76.000\u003C\/b\u003E\u003C\/span\u003E\u003C\/div\u003E\n\u003C\/td\u003E\n\u003Ctd\u003E\u003Cbr \/\u003E\n\u003Cdiv align=\u0022right\u0022\u003E\u003Cspan style=\u0022font-family: Verdana, Arial, Helvetica, sans-serif; font-size: xx-small;\u0022 size=\u00221\u0022 face=\u0022Verdana, Arial, Helvetica, sans-serif\u0022\u003E\u003Cb\u003E76.000\u003C\/b\u003E\u003C\/span\u003E\u003C\/div\u003E\n\u003C\/td\u003E\n\u003C\/tr\u003E\n\u003Ctr\u003E\n\u003Ctd rowspan=\u00223\u0022\u003E\u00a0\u003C\/td\u003E\n\u003Ctd height=\u002224\u0022\u003E\u003Ci\u003E\u003Cspan style=\u0022font-family: Verdana, Arial, Helvetica, sans-serif; font-size: xx-small;\u0022 size=\u00221\u0022 face=\u0022Verdana, Arial, Helvetica, sans-serif\u0022\u003E85111\u003C\/span\u003E\u003C\/i\u003E\u003C\/td\u003E\n\u003Ctd colspan=\u00222\u0022 height=\u002224\u0022\u003E\u003Ci\u003E\u003Cspan style=\u0022font-family: Verdana, Arial, Helvetica, sans-serif; font-size: xx-small;\u0022 size=\u00221\u0022 face=\u0022Verdana, Arial, Helvetica, sans-serif\u0022\u003ESzpitale og\u00f3lne\u003C\/span\u003E\u003C\/i\u003E\u003C\/td\u003E\n\u003Ctd height=\u002224\u0022\u003E\u003Cbr \/\u003E\n\u003Cdiv align=\u0022right\u0022\u003E\u003Cspan style=\u0022font-family: Verdana, Arial, Helvetica, sans-serif; font-size: xx-small;\u0022 size=\u00221\u0022 face=\u0022Verdana, Arial, Helvetica, sans-serif\u0022\u003E\u003Ci\u003E76.000\u003C\/i\u003E\u003C\/span\u003E\u003C\/div\u003E\n\u003C\/td\u003E\n\u003Ctd height=\u002224\u0022\u003E\u003Cbr \/\u003E\n\u003Cdiv align=\u0022right\u0022\u003E\u003Cspan style=\u0022font-family: Verdana, Arial, Helvetica, sans-serif; font-size: xx-small;\u0022 size=\u00221\u0022 face=\u0022Verdana, Arial, Helvetica, sans-serif\u0022\u003E\u003Ci\u003E76.000\u003C\/i\u003E\u003C\/span\u003E\u003C\/div\u003E\n\u003C\/td\u003E\n\u003C\/tr\u003E\n\u003Ctr\u003E\n\u003Ctd rowspan=\u00222\u0022\u003E\u00a0\u003C\/td\u003E\n\u003Ctd\u003E\u003Cspan style=\u0022font-family: Verdana, Arial, Helvetica, sans-serif; font-size: xx-small;\u0022 size=\u00221\u0022 face=\u0022Verdana, Arial, Helvetica, sans-serif\u0022\u003E6220\u003C\/span\u003E\u003C\/td\u003E\n\u003Ctd\u003E\u003Cspan style=\u0022font-family: Verdana, Arial, Helvetica, sans-serif; font-size: xx-small;\u0022 size=\u00221\u0022 face=\u0022Verdana, Arial, Helvetica, sans-serif\u0022\u003EDotacje celowe z bud\u017cetu na finansowanie lub dofinansowanie koszt\u00f3w realizacji inwestycji i zakup\u00f3w inwestycyjnych innych jednostek sektora finans\u00f3w publicznych\u003C\/span\u003E\u003C\/td\u003E\n\u003Ctd\u003E\u003Cbr \/\u003E\n\u003Cdiv align=\u0022right\u0022\u003E\u003Cspan style=\u0022font-family: Verdana, Arial, Helvetica, sans-serif; font-size: xx-small;\u0022 size=\u00221\u0022 face=\u0022Verdana, Arial, Helvetica, sans-serif\u0022\u003E76.000\u003C\/span\u003E\u003C\/div\u003E\n\u003C\/td\u003E\n\u003Ctd\u003E\u00a0\u003C\/td\u003E\n\u003C\/tr\u003E\n\u003Ctr\u003E\n\u003Ctd\u003E\u003Cspan style=\u0022font-family: Verdana, Arial, Helvetica, sans-serif; font-size: xx-small;\u0022 size=\u00221\u0022 face=\u0022Verdana, Arial, Helvetica, sans-serif\u0022\u003E6300\u003C\/span\u003E\u003C\/td\u003E\n\u003Ctd\u003E\u003Cspan style=\u0022font-family: Verdana, Arial, Helvetica, sans-serif; font-size: xx-small;\u0022 size=\u00221\u0022 face=\u0022Verdana, Arial, Helvetica, sans-serif\u0022\u003EWp\u0142ywy z tytu\u0142u pomocy finansowej udzielanej mi\u0119dzy jednostkami samorz\u0105du terytorialnego na dofinansowanie w\u0142asnych zada\u0144 inwestycyjnych i zakup\u00f3w inwestycyjnych\u003C\/span\u003E\u003C\/td\u003E\n\u003Ctd\u003E\u003Cbr \/\u003E\n\u003Cdiv align=\u0022right\u0022\u003E\u003Cspan style=\u0022font-family: Verdana, Arial, Helvetica, sans-serif; font-size: xx-small;\u0022 size=\u00221\u0022 face=\u0022Verdana, Arial, Helvetica, sans-serif\u0022\u003E76.000\u003C\/span\u003E\u003C\/div\u003E\n\u003C\/td\u003E\n\u003Ctd\u003E\u00a0\u003C\/td\u003E\n\u003C\/tr\u003E\n\u003C\/tbody\u003E\n\u003C\/table\u003E\n\u003Cbr \/\u003E\n\u003Cp\u003E2. Powy\u017cszych zwi\u0119ksze\u0144 dokonuje si\u0119:\u003C\/p\u003E\n\u003Cbr \/\u003E\n\u003Cp\u003Ea) w dz. 710 \u2013 w zwi\u0105zku z zawarciem aneksu do porozumienia nr 80\/OS\/2005 z dnia 9 sierpnia 2005 roku pomi\u0119dzy Wojew\u00f3dztwem \u015al\u0105skim a gmin\u0105 Mszana na dofinansowanie prac konserwacyjnych na ciekach: Kolej\u00f3wka i Mszanka,\u003C\/p\u003E\n\u003Cbr \/\u003E\n\u003Cp\u003Eb) w dz. 801 - w zwi\u0105zku z pozyskaniem \u015brodk\u00f3w przez Centrum J\u0119zyk\u00f3w Europejskich \u2013 Nauczycielskie Kolegium J\u0119zyk\u00f3w Obcych w Cz\u0119stochowie zwi\u0105zanych z realizacj\u0105 Polsko-Niemieckiego programu finansowania wsp\u00f3\u0142pracy m\u0142odzie\u017cy,\u003C\/p\u003E\n\u003Cbr \/\u003E\n\u003Cp\u003Ec) w dz. 851 \u2013 w zwi\u0105zku z otrzymaniem pomocy finansowej z powiatu bieru\u0144sko-l\u0119dzi\u0144skiego na zadanie inwestycyjne zwi\u0105zane z zakupem kardiomonitor\u00f3w dla potrzeb Oddzia\u0142u Ratunkowego Wojew\u00f3dzkiego Szpitala Specjalistycznego nr 1 w Tychach.\u003C\/p\u003E\n\u003Cbr \/\u003E\n\u003Cp align=\u0022center\u0022\u003E\u00a7 2\u003C\/p\u003E\n\u003Cbr \/\u003E\n\u003Cp\u003E1. Zwi\u0119ksza si\u0119 wydatki bud\u017cetu Wojew\u00f3dztwa \u015al\u0105skiego na 2005 rok o kwot\u0119 \u003Cstrong\u003E234.180 z\u0142\u003C\/strong\u003E w: \u003Cbr \/\u003Edz. 851 \u2013 Ochrona zdrowia, \u003Cbr \/\u003Erozdz. 85111 \u2013 Szpitale og\u00f3lne, \u003Cbr \/\u003E\u00a7 6220 \u2013 Dotacje celowe z bud\u017cetu na finansowanie lub dofinansowanie koszt\u00f3w realizacji inwestycji i zakup\u00f3w inwestycyjnych innych jednostek sektora finans\u00f3w publicznych, z przeznaczeniem na dofinansowanie zadania inwestycyjnego termomodernizacji budynk\u00f3w: Administracji, Przychodni Wielospecjalistycznej i Zak\u0142adu Anatomii Patologicznej w Wojew\u00f3dzkim Szpitalu Specjalistycznym nr 3 w Rybniku.\u003C\/p\u003E\n\u003Cbr \/\u003E\n\u003Cp\u003E2. \u0179r\u00f3d\u0142em pokrycia wydatk\u00f3w bud\u017cetowych, o kt\u00f3rych mowa w ust. 1 s\u0105 zwi\u0119kszone przychody bud\u017cetu Wojew\u00f3dztwa o kwot\u0119 234.180 z\u0142 w: \u003Cbr \/\u003E\u00a7 951 \u2013 Przychody ze sp\u0142at po\u017cyczek i kredyt\u00f3w udzielonych ze \u015brodk\u00f3w publicznych.\u003C\/p\u003E\n\u003Cbr \/\u003E\n\u003Cp align=\u0022center\u0022\u003E\u00a7 3\u003C\/p\u003E\n\u003Cbr \/\u003E\n\u003Cp\u003E1. Dokonuje si\u0119 zmian w planie wydatk\u00f3w w\u0142asnych bud\u017cetu Wojew\u00f3dztwa \u015al\u0105skiego polegaj\u0105cych na przeniesieniu \u015brodk\u00f3w pomi\u0119dzy dzia\u0142ami \u003Cstrong\u003Ew kwocie og\u00f3\u0142em\u003C\/strong\u003E \u003Cstrong\u003E168.000 z\u0142,\u003C\/strong\u003E zgodnie z wyszczeg\u00f3lnieniem:\u003C\/p\u003E\n\u003Cbr \/\u003E\n\u003Cp align=\u0022right\u0022\u003Ew z\u0142\u003C\/p\u003E\n\u003Cbr \/\u003E\n\u003Ctable width=\u0022100%\u0022 border=\u00221\u0022\u003E\n\u003Ctbody\u003E\n\u003Ctr\u003E\n\u003Ctd\u003E\n\u003Cdiv align=\u0022center\u0022\u003E\u003Cspan style=\u0022font-family: Verdana, Arial, Helvetica, sans-serif; font-size: xx-small;\u0022 size=\u00221\u0022 face=\u0022Verdana, Arial, Helvetica, sans-serif\u0022\u003E\u003Cb\u003EDzia\u0142\u003C\/b\u003E\u003C\/span\u003E\u003C\/div\u003E\n\u003C\/td\u003E\n\u003Ctd\u003E\u003Cbr \/\u003E\n\u003Cdiv align=\u0022center\u0022\u003E\u003Cspan style=\u0022font-family: Verdana, Arial, Helvetica, sans-serif; font-size: xx-small;\u0022 size=\u00221\u0022 face=\u0022Verdana, Arial, Helvetica, sans-serif\u0022\u003E\u003Cb\u003ERozdzia\u0142\u003C\/b\u003E\u003C\/span\u003E\u003C\/div\u003E\n\u003C\/td\u003E\n\u003Ctd\u003E\u003Cbr \/\u003E\n\u003Cdiv align=\u0022center\u0022\u003E\u003Cspan style=\u0022font-family: Verdana, Arial, Helvetica, sans-serif; font-size: xx-small;\u0022 size=\u00221\u0022 face=\u0022Verdana, Arial, Helvetica, sans-serif\u0022\u003E\u003Cb\u003E\u00a7\u003C\/b\u003E\u003C\/span\u003E\u003C\/div\u003E\n\u003C\/td\u003E\n\u003Ctd\u003E\u003Cbr \/\u003E\n\u003Cdiv align=\u0022center\u0022\u003E\u003Cspan style=\u0022font-family: Verdana, Arial, Helvetica, sans-serif; font-size: xx-small;\u0022 size=\u00221\u0022 face=\u0022Verdana, Arial, Helvetica, sans-serif\u0022\u003E\u003Cb\u003EWyszczeg\u00f3lnienie\u003C\/b\u003E\u003C\/span\u003E\u003C\/div\u003E\n\u003C\/td\u003E\n\u003Ctd\u003E\u003Cbr \/\u003E\n\u003Cdiv align=\u0022center\u0022\u003E\u003Cspan style=\u0022font-family: Verdana, Arial, Helvetica, sans-serif; font-size: xx-small;\u0022 size=\u00221\u0022 face=\u0022Verdana, Arial, Helvetica, sans-serif\u0022\u003E\u003Cb\u003EZmniejszenia\u003C\/b\u003E\u003C\/span\u003E\u003C\/div\u003E\n\u003C\/td\u003E\n\u003Ctd\u003E\u003Cbr \/\u003E\n\u003Cdiv align=\u0022center\u0022\u003E\u003Cspan style=\u0022font-family: Verdana, Arial, Helvetica, sans-serif; font-size: xx-small;\u0022 size=\u00221\u0022 face=\u0022Verdana, Arial, Helvetica, sans-serif\u0022\u003E\u003Cb\u003EZwi\u0119kszenia\u003C\/b\u003E\u003C\/span\u003E\u003C\/div\u003E\n\u003C\/td\u003E\n\u003C\/tr\u003E\n\u003Ctr\u003E\n\u003Ctd\u003E\u003Cbr \/\u003E\n\u003Cdiv align=\u0022center\u0022\u003E\u003Cspan style=\u0022font-family: Verdana, Arial, Helvetica, sans-serif; font-size: xx-small;\u0022 size=\u00221\u0022 face=\u0022Verdana, Arial, Helvetica, sans-serif\u0022\u003E\u003Cb\u003E600 \u003C\/b\u003E\u003C\/span\u003E\u003C\/div\u003E\n\u003C\/td\u003E\n\u003Ctd colspan=\u00223\u0022\u003E\u003Cb\u003E\u003Cspan style=\u0022font-family: Verdana, Arial, Helvetica, sans-serif; font-size: xx-small;\u0022 size=\u00221\u0022 face=\u0022Verdana, Arial, Helvetica, sans-serif\u0022\u003ETransport i \u0142\u0105czno\u015b\u0107\u003C\/span\u003E\u003C\/b\u003E\u003C\/td\u003E\n\u003Ctd\u003E\u003Cbr \/\u003E\n\u003Cdiv align=\u0022right\u0022\u003E\u003Cspan style=\u0022font-family: Verdana, Arial, Helvetica, sans-serif; font-size: xx-small;\u0022 size=\u00221\u0022 face=\u0022Verdana, Arial, Helvetica, sans-serif\u0022\u003E\u003Cb\u003E168 000\u003C\/b\u003E\u003C\/span\u003E\u003C\/div\u003E\n\u003C\/td\u003E\n\u003Ctd\u003E\u00a0\u003C\/td\u003E\n\u003C\/tr\u003E\n\u003Ctr\u003E\n\u003Ctd rowspan=\u00222\u0022\u003E\u00a0\u003C\/td\u003E\n\u003Ctd\u003E\u003Ci\u003E\u003Cspan style=\u0022font-family: Verdana, Arial, Helvetica, sans-serif; font-size: xx-small;\u0022 size=\u00221\u0022 face=\u0022Verdana, Arial, Helvetica, sans-serif\u0022\u003E60001\u003C\/span\u003E\u003C\/i\u003E\u003C\/td\u003E\n\u003Ctd colspan=\u00222\u0022\u003E\u003Ci\u003E\u003Cspan style=\u0022font-family: Verdana, Arial, Helvetica, sans-serif; font-size: xx-small;\u0022 size=\u00221\u0022 face=\u0022Verdana, Arial, Helvetica, sans-serif\u0022\u003EKrajowe pasa\u017cerskie przewozy kolejowe \u003C\/span\u003E\u003C\/i\u003E\u003C\/td\u003E\n\u003Ctd\u003E\u003Cbr \/\u003E\n\u003Cdiv align=\u0022right\u0022\u003E\u003Cspan style=\u0022font-family: Verdana, Arial, Helvetica, sans-serif; font-size: xx-small;\u0022 size=\u00221\u0022 face=\u0022Verdana, Arial, Helvetica, sans-serif\u0022\u003E\u003Ci\u003E168 000\u003C\/i\u003E\u003C\/span\u003E\u003C\/div\u003E\n\u003C\/td\u003E\n\u003Ctd\u003E\u00a0\u003C\/td\u003E\n\u003C\/tr\u003E\n\u003Ctr\u003E\n\u003Ctd\u003E\u00a0\u003C\/td\u003E\n\u003Ctd\u003E\u003Cspan style=\u0022font-family: Verdana, Arial, Helvetica, sans-serif; font-size: xx-small;\u0022 size=\u00221\u0022 face=\u0022Verdana, Arial, Helvetica, sans-serif\u0022\u003E6060\u003C\/span\u003E\u003C\/td\u003E\n\u003Ctd\u003E\u003Cspan style=\u0022font-family: Verdana, Arial, Helvetica, sans-serif; font-size: xx-small;\u0022 size=\u00221\u0022 face=\u0022Verdana, Arial, Helvetica, sans-serif\u0022\u003EWydatki na zakupy inwestycyjne jedn. bud\u017cet.\u003C\/span\u003E\u003C\/td\u003E\n\u003Ctd\u003E\u003Cbr \/\u003E\n\u003Cdiv align=\u0022right\u0022\u003E\u003Cspan style=\u0022font-family: Verdana, Arial, Helvetica, sans-serif; font-size: xx-small;\u0022 size=\u00221\u0022 face=\u0022Verdana, Arial, Helvetica, sans-serif\u0022\u003E168 000\u003C\/span\u003E\u003C\/div\u003E\n\u003C\/td\u003E\n\u003Ctd\u003E\u00a0\u003C\/td\u003E\n\u003C\/tr\u003E\n\u003Ctr\u003E\n\u003Ctd\u003E\u003Cbr \/\u003E\n\u003Cdiv align=\u0022center\u0022\u003E\u003Cspan style=\u0022font-family: Verdana, Arial, Helvetica, sans-serif; font-size: xx-small;\u0022 size=\u00221\u0022 face=\u0022Verdana, Arial, Helvetica, sans-serif\u0022\u003E\u003Cb\u003E700\u003C\/b\u003E\u003C\/span\u003E\u003C\/div\u003E\n\u003C\/td\u003E\n\u003Ctd colspan=\u00223\u0022\u003E\u003Cb\u003E\u003Cspan style=\u0022font-family: Verdana, Arial, Helvetica, sans-serif; font-size: xx-small;\u0022 size=\u00221\u0022 face=\u0022Verdana, Arial, Helvetica, sans-serif\u0022\u003EGospodarka mieszkaniowa \u003C\/span\u003E\u003C\/b\u003E\u003C\/td\u003E\n\u003Ctd\u003E\u00a0\u003C\/td\u003E\n\u003Ctd\u003E\u003Cbr \/\u003E\n\u003Cdiv align=\u0022right\u0022\u003E\u003Cspan style=\u0022font-family: Verdana, Arial, Helvetica, sans-serif; font-size: xx-small;\u0022 size=\u00221\u0022 face=\u0022Verdana, Arial, Helvetica, sans-serif\u0022\u003E\u003Cb\u003E168 000\u003C\/b\u003E\u003C\/span\u003E\u003C\/div\u003E\n\u003C\/td\u003E\n\u003C\/tr\u003E\n\u003Ctr\u003E\n\u003Ctd rowspan=\u00222\u0022\u003E\u00a0\u003C\/td\u003E\n\u003Ctd\u003E\u003Ci\u003E\u003Cspan style=\u0022font-family: Verdana, Arial, Helvetica, sans-serif; font-size: xx-small;\u0022 size=\u00221\u0022 face=\u0022Verdana, Arial, Helvetica, sans-serif\u0022\u003E70005\u003C\/span\u003E\u003C\/i\u003E\u003C\/td\u003E\n\u003Ctd colspan=\u00222\u0022\u003E\u003Ci\u003E\u003Cspan style=\u0022font-family: Verdana, Arial, Helvetica, sans-serif; font-size: xx-small;\u0022 size=\u00221\u0022 face=\u0022Verdana, Arial, Helvetica, sans-serif\u0022\u003EGospodarka gruntami i nieruchomo\u015bciami \u003C\/span\u003E\u003C\/i\u003E\u003C\/td\u003E\n\u003Ctd\u003E\u00a0\u003C\/td\u003E\n\u003Ctd\u003E\u003Cbr \/\u003E\n\u003Cdiv align=\u0022right\u0022\u003E\u003Cspan style=\u0022font-family: Verdana, Arial, Helvetica, sans-serif; font-size: xx-small;\u0022 size=\u00221\u0022 face=\u0022Verdana, Arial, Helvetica, sans-serif\u0022\u003E\u003Ci\u003E168 000\u003C\/i\u003E\u003C\/span\u003E\u003C\/div\u003E\n\u003C\/td\u003E\n\u003C\/tr\u003E\n\u003Ctr\u003E\n\u003Ctd\u003E\u00a0\u003C\/td\u003E\n\u003Ctd\u003E\u003Cspan style=\u0022font-family: Verdana, Arial, Helvetica, sans-serif; font-size: xx-small;\u0022 size=\u00221\u0022 face=\u0022Verdana, Arial, Helvetica, sans-serif\u0022\u003E4300\u003C\/span\u003E\u003C\/td\u003E\n\u003Ctd\u003E\u003Cspan style=\u0022font-family: Verdana, Arial, Helvetica, sans-serif; font-size: xx-small;\u0022 size=\u00221\u0022 face=\u0022Verdana, Arial, Helvetica, sans-serif\u0022\u003EZakup us\u0142ug pozosta\u0142ych\u003C\/span\u003E\u003C\/td\u003E\n\u003Ctd\u003E\u00a0\u003C\/td\u003E\n\u003Ctd\u003E\u003Cbr \/\u003E\n\u003Cp align=\u0022right\u0022\u003E\u003Cspan style=\u0022font-family: Verdana, Arial, Helvetica, sans-serif; font-size: xx-small;\u0022 size=\u00221\u0022 face=\u0022Verdana, Arial, Helvetica, sans-serif\u0022\u003E168 000\u003C\/span\u003E\u003C\/p\u003E\n\u003Cbr \/\u003E\n\u003Cp align=\u0022right\u0022\u003E\u003C\/p\u003E\n\u003C\/td\u003E\n\u003C\/tr\u003E\n\u003C\/tbody\u003E\n\u003C\/table\u003E\n\u003Cbr \/\u003E\n\u003Cp\u003E2. Zmian dokonuje si\u0119 w zwi\u0105zku z konieczno\u015bci\u0105 zabezpieczenia w 2005 roku \u015brodk\u00f3w na wykonanie czynno\u015bci geodezyjnych s\u0142u\u017c\u0105cych nabywaniu i gospodarowaniu nieruchomo\u015bciami drogowymi dr\u00f3g wojew\u00f3dzkich, dla kt\u00f3rych zarz\u0105dc\u0105 jest Zarz\u0105d Wojew\u00f3dztwa \u015al\u0105skiego.\u003C\/p\u003E\n\u003Cbr \/\u003E\n\u003Cp align=\u0022center\u0022\u003E\u00a7 4\u003C\/p\u003E\n\u003Cbr \/\u003E\n\u003Cp\u003EWykonanie uchwa\u0142y powierza si\u0119 Zarz\u0105dowi Wojew\u00f3dztwa \u015al\u0105skiego.\u003C\/p\u003E\n\u003Cbr \/\u003E\n\u003Cp align=\u0022center\u0022\u003E\u00a7 5\u003C\/p\u003E\n\u003Cbr \/\u003E\n\u003Cp\u003EUchwa\u0142a wchodzi w \u017cycie z dniem podj\u0119cia.\u003C\/p\u003E\n\u003C\/div\u003E","promotion":false}},{"id":"bf6dbc25-d119-11e7-80a9-005056b46601","type":"Gallery","name":"Galeria","description":"Galeria"},{"id":"bf6e1f6b-d119-11e7-80a9-005056b46601","type":"Attachment","name":"Za\u0142\u0105czniki","description":"Za\u0142\u0105czniki do strony"},{"id":"eba03b25-d9a7-11e7-b355-005056b70dba","type":"PageTitle","name":"","description":"Tytu\u0142 strony","content":{"title":"Uchwa\u0142a Sejmiku nr II\/41\/12\/2005 z dnia 2005-11-14"}},{"id":"eba07701-d9a7-11e7-b355-005056b70dba","type":"PageDescription","name":"","description":"Zajawka strony","content":[]},{"id":"1b1a7940-ff78-11e7-b81e-005056b7801d","type":"SectionDescription","name":"","description":"Zajawka sekcji","content":[]}]}