{"id":28477,"name":"uchwala-sejmiku-nr-ii782003-z-dnia-2003-04-14","title":"Uchwa\u0142a Sejmiku nr II\/7\/8\/2003 z dnia 2003-04-14","desc":"","header":"Uchwa\u0142a Sejmiku nr II\/7\/8\/2003 z dnia 2003-04-14","lead":"","keywords":"","changes":"Migracja danych","menu":"","path":"\/sejmik_wojewodztwa\/sesje_sejmiku\/uchwaly\/uchwala-sejmiku-nr-ii782003-z-dnia-2003-04-14.html","url":"\/sejmik_wojewodztwa\/sesje_sejmiku\/uchwaly\/uchwala-sejmiku-nr-ii782003-z-dnia-2003-04-14.html","infoOwner":"Urz\u0105d Marsza\u0142kowski Wojew\u00f3dztwa \u015al\u0105skiego","dateFirstPublicate":"2022-03-28 09:52:34","dateLastVersionPublicate":"2022-03-28 09:52:34","dateAvailableFrom":"2022-03-28 09:50:51","dateAvailableTo":"","type":"Uchwa\u0142a Sejmiku","pageParams":[{"id":"225","name":"DATA_OGLOSZENIA","description":"Data og\u0142oszenia","value":"2003-04-14"},{"id":"235","name":"W sprawie","description":"W sprawie","value":"przekszta\u0142cenia \u015al\u0105skiego Szpitala Reumatologiczno \u2013 Rehabilitacyjnego im. gen. Jerzego Zi\u0119tka w Ustroniu"},{"id":"299","name":"NUMER_UCHWALY_SEJMIKU","description":"Numer uchwa\u0142y","value":"II\/7\/08\/2003"}],"components":[{"id":"bf6d5eba-d119-11e7-80a9-005056b46601","type":"ContentWYSIWYG","name":"Tre\u015b\u0107","description":"Tre\u015b\u0107 strony","content":{"content":"\u003Cdiv class=\u0022lead1\u0022\u003ENa podstawie\u003Cbr \/\u003Eart. 18 pkt 20\u003Cbr \/\u003E ustawy z dnia 5 czerwca 1998 roku o samorz\u0105dzie wojew\u00f3dztwa\u003Cbr \/\u003E (t.j. Dz. U. Nr 142 z 2001 roku, poz. 1590 z p\u00f3\u017an. zm.)\u003Cbr \/\u003E oraz art. 36 i art.53 i 53 a\u003Cbr \/\u003E ustawy z dnia 30 sierpnia 1991 roku o zak\u0142adach opieki zdrowotnej\u003Cbr \/\u003E (Dz. U. Nr 91, poz. 408 z p\u00f3\u017an. zm.)\u003C\/div\u003E\n\u003Cdiv class=\u0022tresc\u0022\u003E\n\u003Cp align=\u0022center\u0022\u003E\u00a7 1\u003C\/p\u003E\n\u003Cbr \/\u003E\n\u003Cp\u003EPrzekszta\u0142ci\u0107 \u015al\u0105ski Szpital Reumatologiczno \u2013 Rehabilitacyjny im. gen. Jerzego Zi\u0119tka w Ustroniu, wpisany do rejestru publicznych zak\u0142ad\u00f3w opieki zdrowotnej, prowadzonego przez S\u0105d Rejonowy w Bielsku \u2013 Bia\u0142ej Wydzia\u0142 VI Gospodarczy pod nr PZOZ 11, w ten spos\u00f3b, \u017ce w\u0142\u0105czy\u0107 do jego struktury Centrum Diagnostyki Medycznej i Rehabilitacji w Ustroniu, wpisane do rejestru publicznych zak\u0142ad\u00f3w opieki zdrowotnej, prowadzonego przez S\u0105d Rejonowy w Katowicach Wydzia\u0142 Gospodarczy Krajowego Rejestru S\u0105dowego pod nr RKS 0000116429.\u003C\/p\u003E\n\u003Cbr \/\u003E\n\u003Cp align=\u0022center\u0022\u003E\u00a7 2\u003C\/p\u003E\n\u003Cbr \/\u003E\u003Cbr \/\u003E\n\u003Col\u003E\n\u003Cli\u003EMaj\u0105tek ruchomy Centrum Diagnostyki Medycznej i Rehabilitacji w Ustroniu, z dniem w\u0142\u0105czenia, przekaza\u0107 na w\u0142asno\u015b\u0107 \u015al\u0105skiego Szpitala Reumatologiczno \u2013 Rehabilitacyjnego im. gen. Jerzego Zi\u0119tka w Ustroniu.\u003C\/li\u003E\n\u003Cli\u003EFundusz za\u0142o\u017cycielski \u015al\u0105skiego Szpitala Reumatologiczno \u2013 Rehabilitacyjnego im. gen. Jerzego Zi\u0119tka w Ustroniu, z dniem w\u0142\u0105czenia, zwi\u0119kszy\u0107 o fundusz za\u0142o\u017cycielski Centrum Diagnostyki Medycznej i Rehabilitacji w Ustroniu.\u003C\/li\u003E\n\u003Cli\u003EFundusz zak\u0142adu \u015al\u0105skiego Szpitala Reumatologiczno \u2013 Rehabilitacyjnego im. gen. Jerzego Zi\u0119tka w Ustroniu, z dniem w\u0142\u0105czenia, zwi\u0119kszy\u0107 o fundusz zak\u0142adu Centrum Diagnostyki Medycznej i Rehabilitacji w Ustroniu.\u003C\/li\u003E\n\u003Cli\u003ENale\u017cno\u015bci i zobowi\u0105zania \u015al\u0105skiego Szpitala Reumatologiczno \u2013 Rehabilitacyjnego im. gen. Jerzego Zi\u0119tka w Ustroniu, z dniem w\u0142\u0105czenia, zwi\u0119kszy\u0107 o nale\u017cno\u015bci i zobowi\u0105zania Centrum Diagnostyki Medycznej i Rehabilitacji w Ustroniu.\u003C\/li\u003E\n\u003C\/ol\u003E\n\u003Cbr \/\u003E\n\u003Cp align=\u0022center\u0022\u003E\u00a7 3\u003C\/p\u003E\n\u003Cbr \/\u003E\n\u003Cp\u003ENieruchomo\u015b\u0107 zabudowan\u0105, po\u0142o\u017con\u0105 w Ustroniu przy ulicy Uzdrowiskowej 5, oznaczon\u0105 w ewidencji grunt\u00f3w jako dzia\u0142ka nr 3526\/2 o powierzchni 0,0696 ha, obj\u0119t\u0105 KW nr 21717, s\u0142u\u017c\u0105c\u0105 realizacji zada\u0144 statutowych Centrum Diagnostyki Medycznej i Rehabilitacji w Ustroniu, przekaza\u0107 w nieodp\u0142atne u\u017cytkowanie \u015al\u0105skiemu Szpitalowi Reumatologiczno \u2013 Rehabilitacyjnemu im. gen. Jerzego Zi\u0119tka w Ustroniu.\u003C\/p\u003E\n\u003Cbr \/\u003E\n\u003Cp align=\u0022center\u0022\u003E\u00a7 4\u003C\/p\u003E\n\u003Cbr \/\u003E\n\u003Cp\u003EWyrazi\u0107 zgod\u0119 na przej\u0119cie, w trybie art. 231 Kodeksu Pracy, pracownik\u00f3w Centrum Diagnostyki Medycznej i Rehabilitacji w Ustroniu przez \u015al\u0105ski Szpital Reumatologiczno \u2013 Rehabilitacyjny im. gen. Jerzego Zi\u0119tka w Ustroniu.\u003C\/p\u003E\n\u003Cbr \/\u003E\n\u003Cp align=\u0022center\u0022\u003E\u00a7 5\u003C\/p\u003E\n\u003Cbr \/\u003E\n\u003Cp\u003EOdwo\u0142a\u0107 z dniem w\u0142\u0105czenia Rad\u0119 Spo\u0142eczn\u0105 Centrum Diagnostyki Medycznej i Rehabilitacji w Ustroniu.\u003C\/p\u003E\n\u003Cbr \/\u003E\n\u003Cp align=\u0022center\u0022\u003E\u00a7 6\u003C\/p\u003E\n\u003Cbr \/\u003E\n\u003Cp\u003EZapewni\u0107 osobom korzystaj\u0105cym z dotychczasowych \u015bwiadcze\u0144 zdrowotnych Centrum Diagnostyki Medycznej i Rehabilitacji w Ustroniu dalsze uzyskiwanie tych \u015bwiadcze\u0144, bez istotnego ograniczenia ich dost\u0119pno\u015bci, warunk\u00f3w udzielania i jako\u015bci, z dniem w\u0142\u0105czenia, w \u015al\u0105skim Szpitalu Reumatologiczno \u2013 Rehabilitacyjnym im. gen. Jerzego Zi\u0119tka w Ustroniu.\u003C\/p\u003E\n\u003Cbr \/\u003E\n\u003Cp align=\u0022center\u0022\u003E\u00a7 7\u003C\/p\u003E\n\u003Cbr \/\u003E\n\u003Cp\u003EWskaza\u0107 niniejsz\u0105 uchwa\u0142\u0119 jako podstaw\u0119 do wykre\u015blenia Centrum Diagnostyki Medycznej i Rehabilitacji w Ustroniu z rejestru samodzielnych publicznych zak\u0142ad\u00f3w opieki zdrowotnej.\u003C\/p\u003E\n\u003Cbr \/\u003E\n\u003Cp align=\u0022center\u0022\u003E\u00a7 8\u003C\/p\u003E\n\u003Cbr \/\u003E\u003Cbr \/\u003E\n\u003Col\u003E\n\u003Cli\u003EDzie\u0144 podj\u0119cia uchwa\u0142y ustali\u0107 jako dzie\u0144 otwarcia post\u0119powania.\u003C\/li\u003E\n\u003Cli\u003EUstali\u0107 dzie\u0144 31 sierpnia 2003 roku jako dzie\u0144 zako\u0144czenia post\u0119powania.\u003C\/li\u003E\n\u003C\/ol\u003E\n\u003Cbr \/\u003E\n\u003Cp align=\u0022center\u0022\u003E\u00a7 9\u003C\/p\u003E\n\u003Cbr \/\u003E\n\u003Cp\u003EWykonanie uchwa\u0142y powierzy\u0107 Zarz\u0105dowi Wojew\u00f3dztwa \u015al\u0105skiego.\u003C\/p\u003E\n\u003Cbr \/\u003E\n\u003Cp align=\u0022center\u0022\u003E\u00a7 10\u003C\/p\u003E\n\u003Cbr \/\u003E\n\u003Cp\u003EUchwa\u0142a wchodzi w \u017cycie z dniem podj\u0119cia.\u003C\/p\u003E\n\u003Cbr \/\u003E \u003Cbr \/\u003E Zbigniew Wieczorek \u003Cbr \/\u003E Przewodnicz\u0105cy Sejmiku \u003Cbr \/\u003E Wojew\u00f3dztwa \u015al\u0105skiego\u003C\/div\u003E","promotion":false}},{"id":"bf6dbc25-d119-11e7-80a9-005056b46601","type":"Gallery","name":"Galeria","description":"Galeria"},{"id":"bf6e1f6b-d119-11e7-80a9-005056b46601","type":"Attachment","name":"Za\u0142\u0105czniki","description":"Za\u0142\u0105czniki do strony"},{"id":"eba03b25-d9a7-11e7-b355-005056b70dba","type":"PageTitle","name":"","description":"Tytu\u0142 strony","content":{"title":"Uchwa\u0142a Sejmiku nr II\/7\/8\/2003 z dnia 2003-04-14"}},{"id":"eba07701-d9a7-11e7-b355-005056b70dba","type":"PageDescription","name":"","description":"Zajawka strony","content":[]},{"id":"1b1a7940-ff78-11e7-b81e-005056b7801d","type":"SectionDescription","name":"","description":"Zajawka sekcji","content":[]}]}