{"id":24832,"name":"uchwala-sejmiku-nr-iii2552008-z-dnia-2008-06-19","title":"Uchwa\u0142a Sejmiku nr III\/25\/5\/2008 z dnia 2008-06-19","desc":"","header":"Uchwa\u0142a Sejmiku nr III\/25\/5\/2008 z dnia 2008-06-19","lead":"","keywords":"","changes":"migracja danych","menu":"","path":"\/sejmik_wojewodztwa\/sesje_sejmiku\/uchwaly\/uchwala-sejmiku-nr-iii2552008-z-dnia-2008-06-19.html","url":"\/sejmik_wojewodztwa\/sesje_sejmiku\/uchwaly\/uchwala-sejmiku-nr-iii2552008-z-dnia-2008-06-19.html","infoOwner":"Urz\u0105d Marsza\u0142kowski Wojew\u00f3dztwa \u015al\u0105skiego","dateFirstPublicate":"2022-01-11 10:36:45","dateLastVersionPublicate":"2022-01-11 10:36:45","dateAvailableFrom":"","dateAvailableTo":"","type":"Uchwa\u0142a Sejmiku","pageParams":[{"id":"225","name":"DATA_OGLOSZENIA","description":"Data og\u0142oszenia","value":"2008-06-19"},{"id":"235","name":"W sprawie","description":"W sprawie","value":"zmian bud\u017cetu Wojew\u00f3dztwa \u015al\u0105skiego na 2008 rok"},{"id":"299","name":"NUMER_UCHWALY_SEJMIKU","description":"Numer uchwa\u0142y","value":"III\/25\/05\/2008"}],"components":[{"id":"bf6d5eba-d119-11e7-80a9-005056b46601","type":"ContentWYSIWYG","name":"Tre\u015b\u0107","description":"Tre\u015b\u0107 strony","content":{"content":"\u003Cp\u003ENa podstawie\u003Cbr \/\u003Eart. 18 pkt 6\u003Cbr \/\u003E ustawy z dnia 5 czerwca 1998 roku o samorz\u0105dzie wojew\u00f3dztwa\u003Cbr \/\u003E (t. j. Dz. U. Nr 142 z 2001 roku, poz. 1590 z p\u00f3\u017an. zm.)\u003C\/p\u003E\n\u003Cul\u003E\n\u003Cli\u003E\u003Cb\u003E 1 \u003C\/b\u003E\u003C\/li\u003E\n\u003C\/ul\u003E\n\u003Col\u003E\n\u003Cli\u003E\u003Cbr \/\u003E \u003Cbr \/\u003E Dokonuje si\u0119 zwi\u0119kszenia bud\u017cetu Wojew\u00f3dztwa \u015al\u0105skiego na 2008 rok po stronie wydatk\u00f3w w zakresie zada\u0144 w\u0142asnych o\u003Cb\u003E kwot\u0119 8.747.402 z\u0142\u003C\/b\u003E, zgodnie z wyszczeg\u00f3lnieniem: \u003Cbr \/\u003E\u003Cbr \/\u003E\u003C\/li\u003E\n\u003C\/ol\u003E\n\u003Ctable width=\u0022562\u0022\u003E\n\u003Ctbody\u003E\n\u003Ctr\u003E\n\u003Ctd width=\u002243\u0022\u003E\u003Cbr \/\u003E\u003Cbr \/\u003E\u003C\/td\u003E\n\u003Ctd width=\u002259\u0022\u003E\u003Cbr \/\u003E\u003Cbr \/\u003E\u003C\/td\u003E\n\u003Ctd width=\u002249\u0022\u003E\u003Cbr \/\u003E\u003Cbr \/\u003E\u003C\/td\u003E\n\u003Ctd width=\u0022288\u0022\u003E\u003Cbr \/\u003E\u003Cbr \/\u003E\u003C\/td\u003E\n\u003Ctd width=\u0022123\u0022\u003E\u003Cbr \/\u003E\n\u003Cp\u003Ew z\u0142\u003C\/p\u003E\n\u003C\/td\u003E\n\u003C\/tr\u003E\n\u003Ctr\u003E\n\u003Ctd width=\u002243\u0022\u003E\u003Cbr \/\u003E\n\u003Cp\u003E\u003Cstrong\u003EDzia\u0142\u003C\/strong\u003E\u003C\/p\u003E\n\u003C\/td\u003E\n\u003Ctd width=\u002259\u0022\u003E\u003Cbr \/\u003E\n\u003Cp\u003E\u003Cstrong\u003ERozdzia\u0142\u003C\/strong\u003E\u003C\/p\u003E\n\u003C\/td\u003E\n\u003Ctd colspan=\u00222\u0022 width=\u0022337\u0022\u003E\u003Cbr \/\u003E\n\u003Cp\u003E\u003Cstrong\u003EWyszczeg\u00f3lnienie\u003C\/strong\u003E\u003C\/p\u003E\n\u003C\/td\u003E\n\u003Ctd width=\u0022123\u0022\u003E\u003Cbr \/\u003E\n\u003Cp\u003E\u003Cstrong\u003EWydatki\u003C\/strong\u003E\u003C\/p\u003E\n\u003C\/td\u003E\n\u003C\/tr\u003E\n\u003Ctr\u003E\n\u003Ctd width=\u002243\u0022\u003E\u003Cbr \/\u003E\n\u003Cp\u003E\u003Cstrong\u003E851\u003C\/strong\u003E\u003C\/p\u003E\n\u003C\/td\u003E\n\u003Ctd colspan=\u00223\u0022 width=\u0022396\u0022\u003E\u003Cbr \/\u003E\n\u003Cp\u003E\u003Cstrong\u003EOchrona zdrowia\u003C\/strong\u003E\u003C\/p\u003E\n\u003C\/td\u003E\n\u003Ctd width=\u0022123\u0022\u003E\u003Cbr \/\u003E\n\u003Cp\u003E\u003Cstrong\u003E5 000 000\u003C\/strong\u003E\u003C\/p\u003E\n\u003C\/td\u003E\n\u003C\/tr\u003E\n\u003Ctr\u003E\n\u003Ctd rowspan=\u00222\u0022 width=\u002243\u0022\u003E\u003Cbr \/\u003E\u003Cbr \/\u003E\u003Cbr \/\u003E\u003C\/td\u003E\n\u003Ctd width=\u002259\u0022\u003E\u003Cbr \/\u003E\n\u003Cp\u003E\u003Cstrong\u003E85111\u003C\/strong\u003E\u003C\/p\u003E\n\u003C\/td\u003E\n\u003Ctd colspan=\u00222\u0022 width=\u0022337\u0022\u003E\u003Cbr \/\u003E\n\u003Cp\u003E\u003Cstrong\u003ESzpitale og\u00f3lne\u003C\/strong\u003E\u003C\/p\u003E\n\u003C\/td\u003E\n\u003Ctd width=\u0022123\u0022\u003E\u003Cbr \/\u003E\n\u003Cp\u003E\u003Cstrong\u003E5 000 000\u003C\/strong\u003E\u003C\/p\u003E\n\u003C\/td\u003E\n\u003C\/tr\u003E\n\u003Ctr\u003E\n\u003Ctd width=\u002259\u0022\u003E\u003Cbr \/\u003E\u003Cbr \/\u003E\u003C\/td\u003E\n\u003Ctd colspan=\u00222\u0022 width=\u0022337\u0022\u003E\u003Cbr \/\u003E\n\u003Cp\u003EWydatki maj\u0105tkowe\u003C\/p\u003E\n\u003C\/td\u003E\n\u003Ctd width=\u0022123\u0022\u003E\u003Cbr \/\u003E\n\u003Cp\u003E5 000 000\u003C\/p\u003E\n\u003C\/td\u003E\n\u003C\/tr\u003E\n\u003Ctr\u003E\n\u003Ctd width=\u002243\u0022\u003E\u003Cbr \/\u003E\n\u003Cp\u003E\u003Cstrong\u003E925\u003C\/strong\u003E\u003C\/p\u003E\n\u003C\/td\u003E\n\u003Ctd colspan=\u00223\u0022 width=\u0022396\u0022\u003E\u003Cbr \/\u003E\n\u003Cp\u003E\u003Cstrong\u003EOgrody botaniczne i zoologiczne oraz naturalne obszary i obiekty chronionej przyrody\u003C\/strong\u003E\u003C\/p\u003E\n\u003C\/td\u003E\n\u003Ctd width=\u0022123\u0022\u003E\u003Cbr \/\u003E\n\u003Cp\u003E\u003Cstrong\u003E3 747 402\u003C\/strong\u003E\u003C\/p\u003E\n\u003C\/td\u003E\n\u003C\/tr\u003E\n\u003Ctr\u003E\n\u003Ctd width=\u002243\u0022\u003E\u003Cbr \/\u003E\u003Cbr \/\u003E\u003C\/td\u003E\n\u003Ctd width=\u002259\u0022\u003E\u003Cbr \/\u003E\n\u003Cp\u003E\u003Cstrong\u003E92504\u003C\/strong\u003E\u003C\/p\u003E\n\u003C\/td\u003E\n\u003Ctd colspan=\u00222\u0022 width=\u0022337\u0022\u003E\u003Cbr \/\u003E\n\u003Cp\u003E\u003Cstrong\u003EOgrody botaniczne i zoologiczne\u003C\/strong\u003E\u003C\/p\u003E\n\u003C\/td\u003E\n\u003Ctd width=\u0022123\u0022\u003E\u003Cbr \/\u003E\n\u003Cp\u003E\u003Cstrong\u003E3 747 402\u003C\/strong\u003E\u003C\/p\u003E\n\u003C\/td\u003E\n\u003C\/tr\u003E\n\u003Ctr\u003E\n\u003Ctd width=\u002243\u0022\u003E\u003Cbr \/\u003E\u003Cbr \/\u003E\u003C\/td\u003E\n\u003Ctd width=\u002259\u0022\u003E\u003Cbr \/\u003E\u003Cbr \/\u003E\u003C\/td\u003E\n\u003Ctd colspan=\u00222\u0022 width=\u0022337\u0022\u003E\u003Cbr \/\u003E\u003Cbr \/\u003E\n\u003Cp\u003EWydatki bie\u017c\u0105ce,\u003C\/p\u003E\n\u003C\/td\u003E\n\u003Ctd width=\u0022123\u0022\u003E\u003Cbr \/\u003E\n\u003Cp\u003E3 735 402\u003C\/p\u003E\n\u003C\/td\u003E\n\u003C\/tr\u003E\n\u003Ctr\u003E\n\u003Ctd width=\u002243\u0022\u003E\u003Cbr \/\u003E\u003Cbr \/\u003E\u003C\/td\u003E\n\u003Ctd width=\u002259\u0022\u003E\u003Cbr \/\u003E\u003Cbr \/\u003E\u003C\/td\u003E\n\u003Ctd colspan=\u00222\u0022 width=\u0022337\u0022\u003E\u003Cbr \/\u003E\n\u003Cp\u003Ew tym wynagrodzenia i pochodne od wynagrodze\u0144\u003C\/p\u003E\n\u003C\/td\u003E\n\u003Ctd width=\u0022123\u0022\u003E\u003Cbr \/\u003E\n\u003Cp\u003E1 366 302\u003C\/p\u003E\n\u003C\/td\u003E\n\u003C\/tr\u003E\n\u003Ctr\u003E\n\u003Ctd width=\u002243\u0022\u003E\u003Cbr \/\u003E\u003Cbr \/\u003E\u003C\/td\u003E\n\u003Ctd width=\u002259\u0022\u003E\u003Cbr \/\u003E\u003Cbr \/\u003E\u003C\/td\u003E\n\u003Ctd colspan=\u00222\u0022 width=\u0022337\u0022\u003E\u003Cbr \/\u003E\n\u003Cp\u003EWydatki maj\u0105tkowe\u003C\/p\u003E\n\u003C\/td\u003E\n\u003Ctd width=\u0022123\u0022\u003E\u003Cbr \/\u003E\n\u003Cp\u003E12 000\u003C\/p\u003E\n\u003C\/td\u003E\n\u003C\/tr\u003E\n\u003C\/tbody\u003E\n\u003C\/table\u003E\n\u003Col start=\u00222\u0022\u003E\n\u003Cli\u003E\u003Cbr \/\u003E\u003Cbr \/\u003E Powy\u017csze \u015brodki przeznacza si\u0119:\u003C\/li\u003E\n\u003C\/ol\u003E\n\u003Cp\u003E\u2013 w dz. 851 \u2013 w kwocie \u003Cb\u003E5.000.000 z\u0142\u003C\/b\u003E - na udzielenie pomocy finansowej Powiatowi Cieszy\u0144skiemu na finansowanie zadania inwestycyjnego pod nazw\u0105: Szpital \u015al\u0105ski w Cieszynie \u2013 rozbudowa i modernizacja, dzia\u0142 diagnostyczno-zabiegowy,\u003Cbr \/\u003E\u2013 w dz. 925 \u2013 w kwocie \u003Cb\u003E3.747.402 z\u0142\u003C\/b\u003E - na pokrycie koszt\u00f3w funkcjonowania jednostki bud\u017cetowej pod nazw\u0105 \u015al\u0105ski Ogr\u00f3d Zoologiczny w Chorzowie.\u003C\/p\u003E\n\u003Cul\u003E\n\u003Cli\u003E\u003Cb\u003E 2 \u003C\/b\u003E\u003C\/li\u003E\n\u003C\/ul\u003E\n\u003Cp\u003EDokonuje si\u0119 zwi\u0119kszenia bud\u017cetu Wojew\u00f3dztwa \u015al\u0105skiego na 2008 rok po stronie dochod\u00f3w w\u0142asnych \u003Cb\u003Eo kwot\u0119\u003C\/b\u003E \u003Cb\u003E1.124.900 z\u0142\u003C\/b\u003E, zgodnie z wyszczeg\u00f3lnieniem: \u003Cbr \/\u003E\u003Cbr \/\u003E\u003C\/p\u003E\n\u003Ctable width=\u0022562\u0022\u003E\n\u003Ctbody\u003E\n\u003Ctr\u003E\n\u003Ctd width=\u002243\u0022\u003E\u003Cbr \/\u003E\u003Cbr \/\u003E\u003C\/td\u003E\n\u003Ctd width=\u002259\u0022\u003E\u003Cbr \/\u003E\u003Cbr \/\u003E\u003C\/td\u003E\n\u003Ctd width=\u002249\u0022\u003E\u003Cbr \/\u003E\u003Cbr \/\u003E\u003C\/td\u003E\n\u003Ctd width=\u0022288\u0022\u003E\u003Cbr \/\u003E\u003Cbr \/\u003E\u003C\/td\u003E\n\u003Ctd width=\u0022123\u0022\u003E\u003Cbr \/\u003E\n\u003Cp\u003Ew z\u0142\u003C\/p\u003E\n\u003C\/td\u003E\n\u003C\/tr\u003E\n\u003Ctr\u003E\n\u003Ctd width=\u002243\u0022\u003E\u003Cbr \/\u003E\n\u003Cp\u003E\u003Cstrong\u003EDzia\u0142\u003C\/strong\u003E\u003C\/p\u003E\n\u003C\/td\u003E\n\u003Ctd width=\u002259\u0022\u003E\u003Cbr \/\u003E\n\u003Cp\u003E\u003Cstrong\u003ERozdzia\u0142\u003C\/strong\u003E\u003C\/p\u003E\n\u003C\/td\u003E\n\u003Ctd colspan=\u00222\u0022 width=\u0022337\u0022\u003E\u003Cbr \/\u003E\n\u003Cp\u003E\u003Cstrong\u003EWyszczeg\u00f3lnienie\u003C\/strong\u003E\u003C\/p\u003E\n\u003C\/td\u003E\n\u003Ctd width=\u0022123\u0022\u003E\u003Cbr \/\u003E\n\u003Cp\u003E\u003Cstrong\u003EDochody\u003C\/strong\u003E\u003C\/p\u003E\n\u003C\/td\u003E\n\u003C\/tr\u003E\n\u003Ctr\u003E\n\u003Ctd width=\u002243\u0022\u003E\u003Cbr \/\u003E\n\u003Cp\u003E\u003Cstrong\u003E925\u003C\/strong\u003E\u003C\/p\u003E\n\u003C\/td\u003E\n\u003Ctd colspan=\u00223\u0022 width=\u0022396\u0022\u003E\u003Cbr \/\u003E\n\u003Cp\u003E\u003Cstrong\u003EOgrody botaniczne i zoologiczne oraz naturalne obszary i obiekty chronionej przyrody\u003C\/strong\u003E\u003C\/p\u003E\n\u003C\/td\u003E\n\u003Ctd width=\u0022123\u0022\u003E\u003Cbr \/\u003E\n\u003Cp\u003E\u003Cstrong\u003E1 124 900\u003C\/strong\u003E\u003C\/p\u003E\n\u003C\/td\u003E\n\u003C\/tr\u003E\n\u003Ctr\u003E\n\u003Ctd width=\u002243\u0022\u003E\u003Cbr \/\u003E\u003Cbr \/\u003E\u003C\/td\u003E\n\u003Ctd width=\u002259\u0022\u003E\u003Cbr \/\u003E\n\u003Cp\u003E\u003Cstrong\u003E92504\u003C\/strong\u003E\u003C\/p\u003E\n\u003C\/td\u003E\n\u003Ctd colspan=\u00222\u0022 width=\u0022337\u0022\u003E\u003Cbr \/\u003E\n\u003Cp\u003E\u003Cstrong\u003EOgrody botaniczne i zoologiczne\u003C\/strong\u003E\u003C\/p\u003E\n\u003C\/td\u003E\n\u003Ctd width=\u0022123\u0022\u003E\u003Cbr \/\u003E\n\u003Cp\u003E\u003Cstrong\u003E1 124 900\u003C\/strong\u003E\u003C\/p\u003E\n\u003C\/td\u003E\n\u003C\/tr\u003E\n\u003Ctr\u003E\n\u003Ctd width=\u002243\u0022\u003E\u003Cbr \/\u003E\u003Cbr \/\u003E\u003C\/td\u003E\n\u003Ctd width=\u002259\u0022\u003E\u003Cbr \/\u003E\u003Cbr \/\u003E\u003C\/td\u003E\n\u003Ctd colspan=\u00222\u0022 width=\u0022337\u0022\u003E\u003Cbr \/\u003E\n\u003Cp\u003EDochody bud\u017cetu w\u0142asnego Wojew\u00f3dztwa \u015al\u0105skiego na 2008 rok. Dochody w\u0142asne, w tym bie\u017c\u0105ce. Dochody jednostek bud\u017cetowych, wp\u0142aty zak\u0142ad\u00f3w bud\u017cetowych\u003C\/p\u003E\n\u003C\/td\u003E\n\u003Ctd width=\u0022123\u0022\u003E\u003Cbr \/\u003E\n\u003Cp\u003E1 124 900\u003C\/p\u003E\n\u003C\/td\u003E\n\u003C\/tr\u003E\n\u003C\/tbody\u003E\n\u003C\/table\u003E\n\u003Cp\u003E\u00a0\u003C\/p\u003E\n\u003Cul\u003E\n\u003Cli\u003E\u003Cb\u003E 3 \u003C\/b\u003E\u003C\/li\u003E\n\u003C\/ul\u003E\n\u003Cp\u003E\u0179r\u00f3d\u0142em pokrycia zwi\u0119kszonych wydatk\u00f3w s\u0105 przychody z tytu\u0142u skumulowanej nadwy\u017cki bud\u017cetowej z lat ubieg\u0142ych \u2013 w wysoko\u015bci \u003Cb\u003E7.622.502 z\u0142\u003C\/b\u003E. \u003Cbr \/\u003E\u003Cbr \/\u003E\u003C\/p\u003E\n\u003Cul\u003E\n\u003Cli\u003E\u003Cb\u003E 4 \u003C\/b\u003E\u003C\/li\u003E\n\u003C\/ul\u003E\n\u003Cp\u003EWykonanie uchwa\u0142y powierza si\u0119 Zarz\u0105dowi Wojew\u00f3dztwa \u015al\u0105skiego.\u003C\/p\u003E\n\u003Cul\u003E\n\u003Cli\u003E\u003Cb\u003E 5 \u003C\/b\u003E\u003C\/li\u003E\n\u003C\/ul\u003E\n\u003Cp\u003EUchwa\u0142a wchodzi w \u017cycie z dniem podj\u0119cia.\u003C\/p\u003E","promotion":false}},{"id":"bf6dbc25-d119-11e7-80a9-005056b46601","type":"Gallery","name":"Galeria","description":"Galeria"},{"id":"bf6e1f6b-d119-11e7-80a9-005056b46601","type":"Attachment","name":"Za\u0142\u0105czniki","description":"Za\u0142\u0105czniki do strony"},{"id":"eba03b25-d9a7-11e7-b355-005056b70dba","type":"PageTitle","name":"","description":"Tytu\u0142 strony","content":{"title":"Uchwa\u0142a Sejmiku nr III\/25\/5\/2008 z dnia 2008-06-19"}},{"id":"eba07701-d9a7-11e7-b355-005056b70dba","type":"PageDescription","name":"","description":"Zajawka strony","content":[]},{"id":"1b1a7940-ff78-11e7-b81e-005056b7801d","type":"SectionDescription","name":"","description":"Zajawka sekcji","content":[]}]}