{"id":24701,"name":"uchwala-sejmiku-nr-iii2772008-z-dnia-2008-08-27","title":"Uchwa\u0142a Sejmiku nr III\/27\/7\/2008 z dnia 2008-08-27","desc":"","header":"Uchwa\u0142a Sejmiku nr III\/27\/7\/2008 z dnia 2008-08-27","lead":"","keywords":"","changes":"migracja danych","menu":"","path":"\/sejmik_wojewodztwa\/sesje_sejmiku\/uchwaly\/uchwala-sejmiku-nr-iii2772008-z-dnia-2008-08-27.html","url":"\/sejmik_wojewodztwa\/sesje_sejmiku\/uchwaly\/uchwala-sejmiku-nr-iii2772008-z-dnia-2008-08-27.html","infoOwner":"Urz\u0105d Marsza\u0142kowski Wojew\u00f3dztwa \u015al\u0105skiego","dateFirstPublicate":"2022-01-03 14:38:15","dateLastVersionPublicate":"2022-01-03 14:38:15","dateAvailableFrom":"","dateAvailableTo":"","type":"Uchwa\u0142a Sejmiku","pageParams":[{"id":"225","name":"DATA_OGLOSZENIA","description":"Data og\u0142oszenia","value":"2008-08-27"},{"id":"235","name":"W sprawie","description":"W sprawie","value":"zmian bud\u017cetu Wojew\u00f3dztwa \u015al\u0105skiego na 2008 rok"},{"id":"299","name":"NUMER_UCHWALY_SEJMIKU","description":"Numer uchwa\u0142y","value":"III\/27\/07\/2008"}],"components":[{"id":"bf6d5eba-d119-11e7-80a9-005056b46601","type":"ContentWYSIWYG","name":"Tre\u015b\u0107","description":"Tre\u015b\u0107 strony","content":{"content":"\u003Cp\u003Ea podstawie\u003Cbr \/\u003Eart. 18 pkt 6\u003Cbr \/\u003E ustawy z dnia 5 czerwca 1998 roku o samorz\u0105dzie wojew\u00f3dztwa\u003Cbr \/\u003E (t. j. Dz. U. Nr 142 z 2001 roku, poz. 1590 z p\u00f3\u017an. zm.)\u003C\/p\u003E\n\u003Cul\u003E\n\u003Cli\u003E\u003Cb\u003E 1 \u003C\/b\u003E\u003C\/li\u003E\n\u003C\/ul\u003E\n\u003Col\u003E\n\u003Cli\u003E\u003Cbr \/\u003E Dokonuje si\u0119 zwi\u0119kszenia dochod\u00f3w i wydatk\u00f3w bud\u017cetu w\u0142asnego Wojew\u00f3dztwa \u015al\u0105skiego na 2008 rok zgodnie z wyszczeg\u00f3lnieniem: \u003Cb\u003E\u003Cbr \/\u003E\u003C\/b\u003E\u003Cb\u003E w z\u0142\u003C\/b\u003E\u003C\/li\u003E\n\u003C\/ol\u003E\n\u003Ctable\u003E\n\u003Ctbody\u003E\n\u003Ctr\u003E\n\u003Ctd width=\u002239\u0022\u003E\u003Cbr \/\u003E\n\u003Cp\u003E\u003Cstrong\u003EDz.\u003C\/strong\u003E\u003C\/p\u003E\n\u003C\/td\u003E\n\u003Ctd width=\u002259\u0022\u003E\u003Cbr \/\u003E\n\u003Cp\u003E\u003Cstrong\u003ERozdz\u003C\/strong\u003E\u003C\/p\u003E\n\u003C\/td\u003E\n\u003Ctd width=\u002242\u0022\u003E\u003Cbr \/\u003E\n\u003Cp\u003E\u003Cstrong\u003E\u00a7\u003C\/strong\u003E\u003C\/p\u003E\n\u003C\/td\u003E\n\u003Ctd width=\u0022221\u0022\u003E\u003Cbr \/\u003E\n\u003Cp\u003E\u003Cstrong\u003EWyszczeg\u00f3lnienie\u003C\/strong\u003E\u003C\/p\u003E\n\u003C\/td\u003E\n\u003Ctd width=\u002276\u0022\u003E\u003Cbr \/\u003E\n\u003Cp\u003E\u003Cstrong\u003EDOCHODY\u003C\/strong\u003E\u003C\/p\u003E\n\u003C\/td\u003E\n\u003Ctd width=\u002276\u0022\u003E\u003Cbr \/\u003E\n\u003Cp\u003E\u003Cstrong\u003EWYDATKI\u003C\/strong\u003E\u003C\/p\u003E\n\u003C\/td\u003E\n\u003C\/tr\u003E\n\u003Ctr\u003E\n\u003Ctd width=\u002239\u0022\u003E\u003Cbr \/\u003E\n\u003Cp\u003E\u003Cstrong\u003E758\u003C\/strong\u003E\u003C\/p\u003E\n\u003C\/td\u003E\n\u003Ctd colspan=\u00223\u0022 width=\u0022322\u0022\u003E\u003Cbr \/\u003E\n\u003Cp\u003E\u003Cstrong\u003ER\u00f3\u017cne rozliczenia\u003C\/strong\u003E\u003C\/p\u003E\n\u003C\/td\u003E\n\u003Ctd width=\u002276\u0022\u003E\u003Cbr \/\u003E\n\u003Cp\u003E\u003Cstrong\u003E20\u00a0481\u003C\/strong\u003E\u003C\/p\u003E\n\u003C\/td\u003E\n\u003Ctd width=\u002276\u0022\u003E\u003Cbr \/\u003E\n\u003Cp\u003E\u003Cstrong\u003E\u00a0\u003C\/strong\u003E\u003C\/p\u003E\n\u003C\/td\u003E\n\u003C\/tr\u003E\n\u003Ctr\u003E\n\u003Ctd width=\u002239\u0022\u003E\u003Cbr \/\u003E\n\u003Cp\u003E\u003Cstrong\u003E\u00a0\u003C\/strong\u003E\u003C\/p\u003E\n\u003C\/td\u003E\n\u003Ctd width=\u002259\u0022\u003E\u003Cbr \/\u003E\n\u003Cp\u003E75801\u003C\/p\u003E\n\u003C\/td\u003E\n\u003Ctd colspan=\u00222\u0022 width=\u0022263\u0022\u003E\u003Cbr \/\u003E\n\u003Cp\u003ECz\u0119\u015b\u0107 o\u015bwiatowa subwencji og\u00f3lnej dla jednostek samorz\u0105du terytorialnego\u003C\/p\u003E\n\u003C\/td\u003E\n\u003Ctd width=\u002276\u0022\u003E\u003Cbr \/\u003E\n\u003Cp\u003E20\u00a0481\u003C\/p\u003E\n\u003C\/td\u003E\n\u003Ctd width=\u002276\u0022\u003E\u003Cbr \/\u003E\n\u003Cp\u003E\u00a0\u003C\/p\u003E\n\u003C\/td\u003E\n\u003C\/tr\u003E\n\u003Ctr\u003E\n\u003Ctd width=\u002239\u0022\u003E\u003Cbr \/\u003E\n\u003Cp\u003E\u003Cstrong\u003E\u00a0\u003C\/strong\u003E\u003C\/p\u003E\n\u003C\/td\u003E\n\u003Ctd width=\u002259\u0022\u003E\u003Cbr \/\u003E\n\u003Cp\u003E\u00a0\u003C\/p\u003E\n\u003C\/td\u003E\n\u003Ctd colspan=\u00222\u0022 width=\u0022263\u0022\u003E\u003Cbr \/\u003E\n\u003Cp\u003EDochody bud\u017cetu w\u0142asnego Wojew\u00f3dztwa \u015al\u0105skiego na 2008 rok. Subwencja og\u00f3lna. Cz\u0119\u015b\u0107 o\u015bwiatowa.\u003C\/p\u003E\n\u003C\/td\u003E\n\u003Ctd width=\u002276\u0022\u003E\u003Cbr \/\u003E\n\u003Cp\u003E20 481\u003C\/p\u003E\n\u003C\/td\u003E\n\u003Ctd width=\u002276\u0022\u003E\u003Cbr \/\u003E\u003Cbr \/\u003E\n\u003Cp\u003E\u00a0\u003C\/p\u003E\n\u003C\/td\u003E\n\u003C\/tr\u003E\n\u003Ctr\u003E\n\u003Ctd width=\u002239\u0022\u003E\u003Cbr \/\u003E\n\u003Cp\u003E\u003Cstrong\u003E801\u003C\/strong\u003E\u003C\/p\u003E\n\u003C\/td\u003E\n\u003Ctd colspan=\u00223\u0022 width=\u0022322\u0022\u003E\u003Cbr \/\u003E\n\u003Cp\u003E\u003Cstrong\u003EO\u015bwiata i wychowanie\u003C\/strong\u003E\u003C\/p\u003E\n\u003C\/td\u003E\n\u003Ctd width=\u002276\u0022\u003E\u003Cbr \/\u003E\n\u003Cp\u003E\u003Cstrong\u003E\u00a0\u003C\/strong\u003E\u003C\/p\u003E\n\u003C\/td\u003E\n\u003Ctd width=\u002276\u0022\u003E\u003Cbr \/\u003E\n\u003Cp\u003E\u003Cstrong\u003E3 500\u003C\/strong\u003E\u003C\/p\u003E\n\u003C\/td\u003E\n\u003C\/tr\u003E\n\u003Ctr\u003E\n\u003Ctd rowspan=\u00222\u0022 width=\u002239\u0022\u003E\u003Cbr \/\u003E\n\u003Cp\u003E\u003Cstrong\u003E\u00a0\u003C\/strong\u003E\u003C\/p\u003E\n\u003C\/td\u003E\n\u003Ctd width=\u002259\u0022\u003E\u003Cbr \/\u003E\n\u003Cp\u003E80102\u003C\/p\u003E\n\u003C\/td\u003E\n\u003Ctd colspan=\u00222\u0022 width=\u0022263\u0022\u003E\u003Cbr \/\u003E\n\u003Cp\u003ESzko\u0142y podstawowe specjalne\u003C\/p\u003E\n\u003C\/td\u003E\n\u003Ctd width=\u002276\u0022\u003E\u003Cbr \/\u003E\n\u003Cp\u003E\u00a0\u003C\/p\u003E\n\u003C\/td\u003E\n\u003Ctd width=\u002276\u0022\u003E\u003Cbr \/\u003E\n\u003Cp\u003E3500\u003C\/p\u003E\n\u003C\/td\u003E\n\u003C\/tr\u003E\n\u003Ctr\u003E\n\u003Ctd width=\u002259\u0022\u003E\u003Cbr \/\u003E\n\u003Cp\u003E\u00a0\u003C\/p\u003E\n\u003C\/td\u003E\n\u003Ctd colspan=\u00222\u0022 width=\u0022263\u0022\u003E\u003Cbr \/\u003E\n\u003Cp\u003EWydatki bie\u017c\u0105ce\u003C\/p\u003E\n\u003C\/td\u003E\n\u003Ctd width=\u002276\u0022\u003E\u003Cbr \/\u003E\n\u003Cp\u003E\u00a0\u003C\/p\u003E\n\u003C\/td\u003E\n\u003Ctd width=\u002276\u0022\u003E\u003Cbr \/\u003E\n\u003Cp\u003E3 500\u003C\/p\u003E\n\u003C\/td\u003E\n\u003C\/tr\u003E\n\u003Ctr\u003E\n\u003Ctd width=\u002239\u0022\u003E\u003Cbr \/\u003E\n\u003Cp\u003E\u003Cstrong\u003E854\u003C\/strong\u003E\u003C\/p\u003E\n\u003C\/td\u003E\n\u003Ctd colspan=\u00223\u0022 width=\u0022322\u0022\u003E\u003Cbr \/\u003E\n\u003Cp\u003E\u003Cstrong\u003EEdukacyjna opieka wychowawcza\u003C\/strong\u003E\u003C\/p\u003E\n\u003C\/td\u003E\n\u003Ctd width=\u002276\u0022\u003E\u003Cbr \/\u003E\n\u003Cp\u003E\u003Cstrong\u003E\u00a0\u003C\/strong\u003E\u003C\/p\u003E\n\u003C\/td\u003E\n\u003Ctd width=\u002276\u0022\u003E\u003Cbr \/\u003E\n\u003Cp\u003E\u003Cstrong\u003E16 981\u003C\/strong\u003E\u003C\/p\u003E\n\u003C\/td\u003E\n\u003C\/tr\u003E\n\u003Ctr\u003E\n\u003Ctd rowspan=\u00222\u0022 width=\u002239\u0022\u003E\u003Cbr \/\u003E\n\u003Cp\u003E\u00a0\u003C\/p\u003E\n\u003C\/td\u003E\n\u003Ctd width=\u002259\u0022\u003E\u003Cbr \/\u003E\n\u003Cp\u003E85420\u003C\/p\u003E\n\u003C\/td\u003E\n\u003Ctd colspan=\u00222\u0022 width=\u0022263\u0022\u003E\u003Cbr \/\u003E\n\u003Cp\u003EM\u0142odzie\u017cowe o\u015brodki wychowawcze\u003C\/p\u003E\n\u003C\/td\u003E\n\u003Ctd width=\u002276\u0022\u003E\u003Cbr \/\u003E\n\u003Cp\u003E\u00a0\u003C\/p\u003E\n\u003C\/td\u003E\n\u003Ctd width=\u002276\u0022\u003E\u003Cbr \/\u003E\n\u003Cp\u003E16 981\u003C\/p\u003E\n\u003C\/td\u003E\n\u003C\/tr\u003E\n\u003Ctr\u003E\n\u003Ctd width=\u002259\u0022\u003E\u003Cbr \/\u003E\n\u003Cp\u003E\u00a0\u003C\/p\u003E\n\u003C\/td\u003E\n\u003Ctd colspan=\u00222\u0022 width=\u0022263\u0022\u003E\u003Cbr \/\u003E\n\u003Cp\u003EWydatki bie\u017c\u0105ce\u003C\/p\u003E\n\u003C\/td\u003E\n\u003Ctd width=\u002276\u0022\u003E\u003Cbr \/\u003E\n\u003Cp\u003E\u00a0\u003C\/p\u003E\n\u003C\/td\u003E\n\u003Ctd width=\u002276\u0022\u003E\u003Cbr \/\u003E\n\u003Cp\u003E16 981\u003C\/p\u003E\n\u003C\/td\u003E\n\u003C\/tr\u003E\n\u003Ctr\u003E\n\u003Ctd width=\u002239\u0022\u003E\u003Cbr \/\u003E\n\u003Cp\u003E\u003Cstrong\u003E853\u003C\/strong\u003E\u003C\/p\u003E\n\u003C\/td\u003E\n\u003Ctd colspan=\u00223\u0022 width=\u0022322\u0022\u003E\u003Cbr \/\u003E\n\u003Cp\u003E\u003Cstrong\u003EPozosta\u0142e zadania w zakresie polityki spo\u0142ecznej\u003C\/strong\u003E\u003C\/p\u003E\n\u003C\/td\u003E\n\u003Ctd width=\u002276\u0022\u003E\u003Cbr \/\u003E\n\u003Cp\u003E\u003Cstrong\u003E62\u00a0653\u003C\/strong\u003E\u003C\/p\u003E\n\u003C\/td\u003E\n\u003Ctd width=\u002276\u0022\u003E\u003Cbr \/\u003E\n\u003Cp\u003E\u003Cstrong\u003E62\u00a0653\u003C\/strong\u003E\u003C\/p\u003E\n\u003C\/td\u003E\n\u003C\/tr\u003E\n\u003Ctr\u003E\n\u003Ctd rowspan=\u00223\u0022 width=\u002239\u0022\u003E\u003Cbr \/\u003E\n\u003Cp\u003E\u003Cstrong\u003E\u00a0\u003C\/strong\u003E\u003C\/p\u003E\n\u003C\/td\u003E\n\u003Ctd width=\u002259\u0022\u003E\u003Cbr \/\u003E\n\u003Cp\u003E85332\u003C\/p\u003E\n\u003C\/td\u003E\n\u003Ctd colspan=\u00222\u0022 width=\u0022263\u0022\u003E\u003Cbr \/\u003E\n\u003Cp\u003EWojew\u00f3dzkie urz\u0119dy pracy\u003C\/p\u003E\n\u003C\/td\u003E\n\u003Ctd width=\u002276\u0022\u003E\u003Cbr \/\u003E\n\u003Cp\u003E62 653\u003C\/p\u003E\n\u003C\/td\u003E\n\u003Ctd width=\u002276\u0022\u003E\u003Cbr \/\u003E\n\u003Cp\u003E62 653\u003C\/p\u003E\n\u003C\/td\u003E\n\u003C\/tr\u003E\n\u003Ctr\u003E\n\u003Ctd rowspan=\u00222\u0022 width=\u002259\u0022\u003E\u003Cbr \/\u003E\n\u003Cp\u003E\u00a0\u003C\/p\u003E\n\u003C\/td\u003E\n\u003Ctd colspan=\u00222\u0022 width=\u0022263\u0022\u003E\u003Cbr \/\u003E\n\u003Cp\u003EDochody bud\u017cetu w\u0142asnego Wojew\u00f3dztwa \u015al\u0105skiego na 2008 rok. Dochody w\u0142asne. \u015arodki ze \u013dr\u00f3de\u0142 pozabud\u017cetowych\u003C\/p\u003E\n\u003C\/td\u003E\n\u003Ctd width=\u002276\u0022\u003E\u003Cbr \/\u003E\n\u003Cp\u003E62\u00a0 653\u003C\/p\u003E\n\u003C\/td\u003E\n\u003Ctd width=\u002276\u0022\u003E\u003Cbr \/\u003E\n\u003Cp\u003E\u00a0\u003C\/p\u003E\n\u003C\/td\u003E\n\u003C\/tr\u003E\n\u003Ctr\u003E\n\u003Ctd colspan=\u00222\u0022 width=\u0022263\u0022\u003E\u003Cbr \/\u003E\n\u003Cp\u003EWydatki bie\u017c\u0105ce\u003C\/p\u003E\n\u003C\/td\u003E\n\u003Ctd width=\u002276\u0022\u003E\u003Cbr \/\u003E\n\u003Cp\u003E\u00a0\u003C\/p\u003E\n\u003C\/td\u003E\n\u003Ctd width=\u002276\u0022\u003E\u003Cbr \/\u003E\n\u003Cp\u003E62 653\u003C\/p\u003E\n\u003C\/td\u003E\n\u003C\/tr\u003E\n\u003Ctr\u003E\n\u003Ctd width=\u002239\u0022\u003E\u003Cbr \/\u003E\n\u003Cp\u003E\u003Cstrong\u003E900\u003C\/strong\u003E\u003C\/p\u003E\n\u003C\/td\u003E\n\u003Ctd colspan=\u00223\u0022 width=\u0022322\u0022\u003E\u003Cbr \/\u003E\n\u003Cp\u003E\u003Cstrong\u003EGospodarka komunalna i ochrona \u015brodowiska\u003C\/strong\u003E\u003C\/p\u003E\n\u003C\/td\u003E\n\u003Ctd width=\u002276\u0022\u003E\u003Cbr \/\u003E\n\u003Cp\u003E\u003Cstrong\u003E96 850\u003C\/strong\u003E\u003C\/p\u003E\n\u003C\/td\u003E\n\u003Ctd width=\u002276\u0022\u003E\u003Cbr \/\u003E\n\u003Cp\u003E\u003Cstrong\u003E96 850\u003C\/strong\u003E\u003C\/p\u003E\n\u003C\/td\u003E\n\u003C\/tr\u003E\n\u003Ctr\u003E\n\u003Ctd rowspan=\u00223\u0022 width=\u002239\u0022\u003E\u003Cbr \/\u003E\n\u003Cp\u003E\u003Cstrong\u003E\u00a0\u003C\/strong\u003E\u003C\/p\u003E\n\u003C\/td\u003E\n\u003Ctd width=\u002259\u0022\u003E\u003Cbr \/\u003E\n\u003Cp\u003E90010\u003C\/p\u003E\n\u003C\/td\u003E\n\u003Ctd colspan=\u00222\u0022 width=\u0022263\u0022\u003E\u003Cbr \/\u003E\n\u003Cp\u003EDzia\u0142alno\u015b\u0107 badawczo-rozwojowa\u003C\/p\u003E\n\u003C\/td\u003E\n\u003Ctd width=\u002276\u0022\u003E\u003Cbr \/\u003E\n\u003Cp\u003E96 850\u003C\/p\u003E\n\u003C\/td\u003E\n\u003Ctd width=\u002276\u0022\u003E\u003Cbr \/\u003E\n\u003Cp\u003E96 850\u003C\/p\u003E\n\u003C\/td\u003E\n\u003C\/tr\u003E\n\u003Ctr\u003E\n\u003Ctd rowspan=\u00222\u0022 width=\u002259\u0022\u003E\u003Cbr \/\u003E\n\u003Cp\u003E\u00a0\u003C\/p\u003E\n\u003C\/td\u003E\n\u003Ctd colspan=\u00222\u0022 width=\u0022263\u0022\u003E\u003Cbr \/\u003E\n\u003Cp\u003EDochody bud\u017cetu w\u0142asnego Wojew\u00f3dztwa \u015al\u0105skiego na 2008 rok. Dochody w\u0142asne. \u015arodki ze \u013dr\u00f3de\u0142 pozabud\u017cetowych\u003C\/p\u003E\n\u003C\/td\u003E\n\u003Ctd width=\u002276\u0022\u003E\u003Cbr \/\u003E\n\u003Cp\u003E96 850\u003C\/p\u003E\n\u003C\/td\u003E\n\u003Ctd width=\u002276\u0022\u003E\u003Cbr \/\u003E\n\u003Cp\u003E\u00a0\u003C\/p\u003E\n\u003C\/td\u003E\n\u003C\/tr\u003E\n\u003Ctr\u003E\n\u003Ctd colspan=\u00222\u0022 width=\u0022263\u0022\u003E\u003Cbr \/\u003E\n\u003Cp\u003EWydatki bie\u017c\u0105ce\u003C\/p\u003E\n\u003C\/td\u003E\n\u003Ctd width=\u002276\u0022\u003E\u003Cbr \/\u003E\n\u003Cp\u003E\u00a0\u003C\/p\u003E\n\u003C\/td\u003E\n\u003Ctd width=\u002276\u0022\u003E\u003Cbr \/\u003E\n\u003Cp\u003E96 850\u003C\/p\u003E\n\u003C\/td\u003E\n\u003C\/tr\u003E\n\u003Ctr\u003E\n\u003Ctd colspan=\u00224\u0022 width=\u0022360\u0022\u003E\u003Cbr \/\u003E\n\u003Cp\u003E\u003Cstrong\u003E\u00a0\u003C\/strong\u003E\u003C\/p\u003E\n\u003C\/td\u003E\n\u003Ctd width=\u002276\u0022\u003E\u003Cbr \/\u003E\n\u003Cp\u003E\u003Cstrong\u003E179 984\u003C\/strong\u003E\u003C\/p\u003E\n\u003C\/td\u003E\n\u003Ctd width=\u002276\u0022\u003E\u003Cbr \/\u003E\n\u003Cp\u003E\u003Cstrong\u003E179 984\u003C\/strong\u003E\u003C\/p\u003E\n\u003C\/td\u003E\n\u003C\/tr\u003E\n\u003C\/tbody\u003E\n\u003C\/table\u003E\n\u003Col start=\u00222\u0022\u003E\n\u003Cli\u003E\u003Cbr \/\u003E \u003Cbr \/\u003E Zwi\u0119ksze\u0144 powy\u017cszych dokonuje si\u0119 w:\u003C\/li\u003E\n\u003C\/ol\u003E\n\u003Cp\u003E\u2011 \u003Cb\u003Edz. 758 o kwot\u0119 20.481 z\u0142\u003C\/b\u003E w zwi\u0105zku z pismem Ministra Finans\u00f3w ST5\/4822\/8w\/BKU\/08 informuj\u0105cym o podziale \u015brodk\u00f3w rezerwy cz\u0119\u015bci o\u015bwiatowej subwencji og\u00f3lnej dla jednostek samorz\u0105du terytorialnego. Zwi\u0119kszenie przeznaczone jest na dofinansowanie wydatk\u00f3w zwi\u0105zanych z przeprowadzaniem remont\u00f3w bie\u017c\u0105cych w obiektach o\u015bwiatowych \u003Cb\u003Ew dz. 801 i 854\u003C\/b\u003E; \u003Cbr \/\u003E \u2011 \u003Cb\u003Edz. 853 o kwot\u0119 62.653,00 z\u0142\u003C\/b\u003E w zwi\u0105zku z realizacj\u0105 przez Wojew\u00f3dzki Urz\u0105d Pracy z Narodow\u0105 Agencj\u0105 Programu Leonardo da Vinci projektu pod nazw\u0105: \u201eIrlandzki rynek pracy wzorem dla \u015bl\u0105skich s\u0142u\u017cb zatrudnienia\u201d;\u003Cbr \/\u003E\u2011 \u003Cb\u003Edz. 900 o kwot\u0119 96.850,00 z\u0142\u003C\/b\u003E w zwi\u0105zku z otrzymaniem od Wojew\u00f3dzkiego Funduszu Ochrony \u015arodowiska i Gospodarki Wodnej w Katowicach promesy dofinansowania zadania pod nazw\u0105: \u201dProgram wykorzystania w\u00f3d podziemnych, w szczeg\u00f3lno\u015bci termalnych i leczniczych, w wybranych obszarach wojew\u00f3dztwa \u015bl\u0105skiego\u201d.\u003C\/p\u003E\n\u003Cul\u003E\n\u003Cli\u003E\u003Cb\u003E 2 \u003C\/b\u003E\u003C\/li\u003E\n\u003C\/ul\u003E\n\u003Cp\u003EWykonanie uchwa\u0142y powierza si\u0119 Zarz\u0105dowi Wojew\u00f3dztwa \u015al\u0105skiego. \u003Cbr \/\u003E\u003Cbr \/\u003E\u003C\/p\u003E\n\u003Cul\u003E\n\u003Cli\u003E\u003Cb\u003E 3 \u003C\/b\u003E\u003C\/li\u003E\n\u003C\/ul\u003E\n\u003Cp\u003EUchwa\u0142a wchodzi w \u017cycie z dniem podj\u0119cia.\u003C\/p\u003E","promotion":false}},{"id":"bf6dbc25-d119-11e7-80a9-005056b46601","type":"Gallery","name":"Galeria","description":"Galeria"},{"id":"bf6e1f6b-d119-11e7-80a9-005056b46601","type":"Attachment","name":"Za\u0142\u0105czniki","description":"Za\u0142\u0105czniki do strony"},{"id":"eba03b25-d9a7-11e7-b355-005056b70dba","type":"PageTitle","name":"","description":"Tytu\u0142 strony","content":{"title":"Uchwa\u0142a Sejmiku nr III\/27\/7\/2008 z dnia 2008-08-27"}},{"id":"eba07701-d9a7-11e7-b355-005056b70dba","type":"PageDescription","name":"","description":"Zajawka strony","content":[]},{"id":"1b1a7940-ff78-11e7-b81e-005056b7801d","type":"SectionDescription","name":"","description":"Zajawka sekcji","content":[]}]}