{"id":24214,"name":"uchwala-sejmiku-nr-iii4452009-z-dnia-2009-11-18","title":"Uchwa\u0142a Sejmiku nr III\/44\/5\/2009 z dnia 2009-11-18","desc":"","header":"Uchwa\u0142a Sejmiku nr III\/44\/5\/2009 z dnia 2009-11-18","lead":"","keywords":"","changes":"Migracja danych","menu":"","path":"\/sejmik_wojewodztwa\/sesje_sejmiku\/uchwaly\/uchwala-sejmiku-nr-iii4452009-z-dnia-2009-11-18.html","url":"\/sejmik_wojewodztwa\/sesje_sejmiku\/uchwaly\/uchwala-sejmiku-nr-iii4452009-z-dnia-2009-11-18.html","infoOwner":"Urz\u0105d Marsza\u0142kowski Wojew\u00f3dztwa \u015al\u0105skiego","dateFirstPublicate":"2021-12-27 13:04:00","dateLastVersionPublicate":"2021-12-27 13:04:00","dateAvailableFrom":"","dateAvailableTo":"","type":"Uchwa\u0142a Sejmiku","pageParams":[{"id":"225","name":"DATA_OGLOSZENIA","description":"Data og\u0142oszenia","value":"2009-11-18"},{"id":"235","name":"W sprawie","description":"W sprawie","value":"zmian bud\u017cetu i w bud\u017cecie Wojew\u00f3dztwa \u015al\u0105skiego na 2009 rok"},{"id":"299","name":"NUMER_UCHWALY_SEJMIKU","description":"Numer uchwa\u0142y","value":"III\/44\/05\/2009"}],"components":[{"id":"bf6d5eba-d119-11e7-80a9-005056b46601","type":"ContentWYSIWYG","name":"Tre\u015b\u0107","description":"Tre\u015b\u0107 strony","content":{"content":"\u003Cdiv class=\u0022lead1\u0022\u003ENa podstawie\u003Cbr \/\u003Eart. 18 pkt 6\u003Cbr \/\u003E ustawy z dnia 5 czerwca 1998 roku o samorz\u0105dzie wojew\u00f3dztwa\u003Cbr \/\u003E (t. j. Dz. U. Nr 142 z 2001 roku, poz. 1590 z p\u00f3\u017an. zm.)\u003C\/div\u003E\n\u003Cdiv class=\u0022tresc\u0022\u003E\n\u003Cdiv style=\u0022text-align: justify;\u0022\u003E\u003Cbr \/\u003E\n\u003Cdiv style=\u0022text-align: center;\u0022\u003E\u003Cspan style=\u0022font-weight: bold;\u0022\u003E\u00a7 1 \u003C\/span\u003E\u003C\/div\u003E\n\u003Cbr \/\u003E \u003Cbr \/\u003E1. Dokonuje si\u0119 zmian bud\u017cetu Wojew\u00f3dztwa \u015al\u0105skiego na 2009 rok polegaj\u0105cych na zmniejszeniu per saldo dochod\u00f3w i wydatk\u00f3w w\u0142asnych bud\u017cetu o kwot\u0119 \u003Cspan style=\u0022font-weight: bold;\u0022\u003E1.468.400 z\u0142,\u003C\/span\u003E zgodnie z wykazem stanowi\u0105cym za\u0142\u0105cznik nr 1 do niniejszej uchwa\u0142y. \u003Cbr \/\u003E\u003Cbr \/\u003E2. Zmian, o kt\u00f3rych mowa w ust. 1, dokonuje si\u0119 w: \u003Cbr \/\u003E\u003Cbr \/\u003E\u003Cbr \/\u003E\n\u003Cdiv style=\u0022margin-left: 40px;\u0022\u003Ea) \u003Cspan style=\u0022font-weight: bold;\u0022\u003Edz. 010\u003C\/span\u003E \u2013 zwi\u0119kszenie o kwot\u0119 \u003Cspan style=\u0022font-weight: bold;\u0022\u003E81.600 z\u0142\u003C\/span\u003E - w zwi\u0105zku z przyj\u0119ciem do bud\u017cetu Wojew\u00f3dztwa \u015al\u0105skiego dotacji celowej z gminnego funduszu ochrony \u015brodowiska i gospodarki wodnej na dofinansowanie zada\u0144 pod nazw\u0105: \u003Cspan style=\u0022font-style: italic;\u0022\u003EKonserwacja wa\u0142\u00f3w przeciwpowodziowych i mi\u0119dzywala kana\u0142u Kucelinka oraz Konserwacja i utrzymanie ciek\u00f3w wodnych na terenie miasta Cz\u0119stochowa\u003C\/span\u003E, \u003Cbr \/\u003E\u003Cbr \/\u003Eb) \u003Cspan style=\u0022font-weight: bold;\u0022\u003Edz. 900\u003C\/span\u003E \u2013 zmniejszenie o \u0142\u0105czn\u0105 kwot\u0119 \u003Cspan style=\u0022font-weight: bold;\u0022\u003E1.550.000 z\u0142\u003C\/span\u003E - w zwi\u0105zku z przesuni\u0119ciem na przysz\u0142y rok bud\u017cetowy realizacji zada\u0144 pod nazw\u0105: \u003Cspan style=\u0022font-style: italic;\u0022\u003EProgram ochrony \u015brodowiska przed ha\u0142asem dla Wojew\u00f3dztwa \u015al\u0105skiego na lata 2009-2013 dla teren\u00f3w poza aglomeracjami, po\u0142o\u017conych wzd\u0142u\u017c dr\u00f3g krajowych, ekspresowych, autostrad i linii kolejowych oraz zadania Program ochrony powietrza dla stref wojew\u00f3dztwa \u015bl\u0105skiego, w kt\u00f3rych stwierdzone zosta\u0142y ponadnormatywne poziomy substancji w powietrzu\u003C\/span\u003E.\u003C\/div\u003E\n\u003Cbr \/\u003E \u003Cbr \/\u003E\u003Cbr \/\u003E\n\u003Cdiv style=\u0022text-align: center;\u0022\u003E\u003Cspan style=\u0022font-weight: bold;\u0022\u003E\u00a7 2 \u003C\/span\u003E\u003C\/div\u003E\n\u003Cbr \/\u003E \u003Cbr \/\u003E1. Dokonuje si\u0119 zmian w bud\u017cecie Wojew\u00f3dztwa \u015al\u0105skiego na 2009 rok polegaj\u0105cych na przeniesieniu \u015brodk\u00f3w po stronie wydatk\u00f3w w\u0142asnych pomi\u0119dzy dzia\u0142ami i rozdzia\u0142ami klasyfikacji bud\u017cetowej, na \u0142\u0105czn\u0105 kwot\u0119 \u003Cspan style=\u0022font-weight: bold;\u0022\u003E63.684.517 z\u0142\u003C\/span\u003E, zgodnie z wykazem stanowi\u0105cym za\u0142\u0105cznik nr 2 do niniejszej uchwa\u0142y. \u003Cbr \/\u003E\u003Cbr \/\u003E2. Przeniesie\u0144, o kt\u00f3rych mowa w ust. 1, dokonuje si\u0119: \u003Cbr \/\u003E\u003Cbr \/\u003E\u003Cbr \/\u003E\n\u003Cdiv style=\u0022margin-left: 40px;\u0022\u003Ea) pomi\u0119dzy \u003Cspan style=\u0022font-weight: bold;\u0022\u003Edz. 801 a dz. 854\u003C\/span\u003E \u2013 na kwot\u0119 \u003Cspan style=\u0022font-weight: bold;\u0022\u003E300.000 z\u0142\u003C\/span\u003E - celem dostosowania planu wydatk\u00f3w szk\u00f3\u0142 i plac\u00f3wek o\u015bwiatowych Wojew\u00f3dztwa \u015al\u0105skiego do faktycznych potrzeb, \u003Cbr \/\u003E\u003Cbr \/\u003Eb) pomi\u0119dzy \u003Cspan style=\u0022font-weight: bold;\u0022\u003Edz. 010, dz. 150, dz. 600, dz. 630, dz. 801 rozdz. 80195, dz. 803, dz. 851, dz. 900, dz. 921, dz. 926\u003C\/span\u003E \u2013 na \u0142\u0105czn\u0105 kwot\u0119 \u003Cspan style=\u0022font-weight: bold;\u0022\u003E63.384.517 z\u0142\u003C\/span\u003E \u2013 celem zapewnienia prawid\u0142owej realizacji zada\u0144 uj\u0119tych w planie finansowym wydatk\u00f3w Wydzia\u0142u Rozwoju Regionalnego w ramach Regionalnego Programu Operacyjnego Wojew\u00f3dztwa \u015al\u0105skiego na lata 2007-2013.\u003C\/div\u003E\n\u003Cbr \/\u003E \u003Cbr \/\u003E\u003Cbr \/\u003E\n\u003Cdiv style=\u0022text-align: center;\u0022\u003E\u003Cspan style=\u0022font-weight: bold;\u0022\u003E\u00a7 3 \u003C\/span\u003E\u003C\/div\u003E\n\u003Cbr \/\u003E \u003Cbr \/\u003EWykonanie uchwa\u0142y powierza si\u0119 Zarz\u0105dowi Wojew\u00f3dztwa \u015al\u0105skiego. \u003Cbr \/\u003E\u003Cbr \/\u003E\u003Cbr \/\u003E\n\u003Cdiv style=\u0022text-align: center;\u0022\u003E\u003Cspan style=\u0022font-weight: bold;\u0022\u003E\u00a7 4 \u003C\/span\u003E\u003C\/div\u003E\n\u003Cbr \/\u003E \u003Cbr \/\u003EUchwa\u0142a wchodzi w \u017cycie z dniem podj\u0119cia.\u003C\/div\u003E\n\u003C\/div\u003E","promotion":false}},{"id":"bf6dbc25-d119-11e7-80a9-005056b46601","type":"Gallery","name":"Galeria","description":"Galeria"},{"id":"bf6e1f6b-d119-11e7-80a9-005056b46601","type":"Attachment","name":"Za\u0142\u0105czniki","description":"Za\u0142\u0105czniki do strony","content":[{"src":"\/resource\/43991\/Za%25C5%2582%25C4%2585cznik+1+do+uchwa%25C5%2582y+Nr+III-44-5-2009.xls","extension":"XLS","name":"24b4fec2e7dea5dc7ec00dc377e952fc.xls","size":"28.5 KB"},{"src":"\/resource\/43991\/Za%25C5%2582%25C4%2585cznik+2+do+uchwa%25C5%2582y+Nr+III-44-5-2009.xls","extension":"XLS","name":"6a6e9387ecc76ddf6215b996cc6b931a.xls","size":"35.5 KB"}]},{"id":"eba03b25-d9a7-11e7-b355-005056b70dba","type":"PageTitle","name":"","description":"Tytu\u0142 strony","content":{"title":"Uchwa\u0142a Sejmiku nr III\/44\/5\/2009 z dnia 2009-11-18"}},{"id":"eba07701-d9a7-11e7-b355-005056b70dba","type":"PageDescription","name":"","description":"Zajawka strony","content":[]},{"id":"1b1a7940-ff78-11e7-b81e-005056b7801d","type":"SectionDescription","name":"","description":"Zajawka sekcji","content":[]}]}