{"id":24194,"name":"uchwala-sejmiku-nr-iii45212009-z-dnia-2009-12-17","title":"Uchwa\u0142a Sejmiku nr III\/45\/21\/2009 z dnia 2009-12-17","desc":"","header":"Uchwa\u0142a Sejmiku nr III\/45\/21\/2009 z dnia 2009-12-17","lead":"","keywords":"","changes":"Migracja danych","menu":"","path":"\/sejmik_wojewodztwa\/sesje_sejmiku\/uchwaly\/uchwala-sejmiku-nr-iii45212009-z-dnia-2009-12-17.html","url":"\/sejmik_wojewodztwa\/sesje_sejmiku\/uchwaly\/uchwala-sejmiku-nr-iii45212009-z-dnia-2009-12-17.html","infoOwner":"Urz\u0105d Marsza\u0142kowski Wojew\u00f3dztwa \u015al\u0105skiego","dateFirstPublicate":"2021-12-27 11:48:42","dateLastVersionPublicate":"2021-12-27 11:48:42","dateAvailableFrom":"","dateAvailableTo":"","type":"Uchwa\u0142a Sejmiku","pageParams":[{"id":"225","name":"DATA_OGLOSZENIA","description":"Data og\u0142oszenia","value":"2009-12-17"},{"id":"235","name":"W sprawie","description":"W sprawie","value":"zmian w bud\u017cecie Wojew\u00f3dztwa \u015al\u0105skiego na 2009 rok"},{"id":"299","name":"NUMER_UCHWALY_SEJMIKU","description":"Numer uchwa\u0142y","value":"III\/45\/21\/2009"}],"components":[{"id":"bf6d5eba-d119-11e7-80a9-005056b46601","type":"ContentWYSIWYG","name":"Tre\u015b\u0107","description":"Tre\u015b\u0107 strony","content":{"content":"\u003Cp\u003ENa podstawie\u003Cbr \/\u003E art. 18 pkt 6\u003Cbr \/\u003E ustawy z dnia 5 czerwca 1998 roku o samorz\u0105dzie wojew\u00f3dztwa\u003Cbr \/\u003E (t. j. Dz. U. Nr 142 z 2001 roku, poz. 1590 z p\u00f3\u017an. zm.)\u003C\/p\u003E\n\u003Cp style=\u0022text-align: center;\u0022\u003E\u003Cstrong\u003E\u00a71 \u003C\/strong\u003E\u003C\/p\u003E\n\u003Cp\u003E\u0026nbsp;\u003C\/p\u003E\n\u003Col\u003E\n\u003Cli\u003EDokonuje si\u0119 zmian w bud\u017cecie Wojew\u00f3dztwa \u015al\u0105skiego na 2009 rok polegaj\u0105cych na przeniesieniu \u015brodk\u00f3w po stronie wydatk\u00f3w w\u0142asnych pomi\u0119dzy dzia\u0142ami i rozdzia\u0142ami klasyfikacji bud\u017cetowej, na \u0142\u0105czn\u0105 kwot\u0119 4.670.959 z\u0142, zgodnie z wyszczeg\u00f3lnieniem:\u003C\/li\u003E\n\u003C\/ol\u003E\n\u003Cp\u003E\u00a0\u003C\/p\u003E\n\u003Cp\u003Ew z\u0142\u003C\/p\u003E\n\u003Cp\u003E\u00a0\u003C\/p\u003E\n\u003Ctable width=\u0022564\u0022 border=\u0022black\u0022\u003E\n\u003Ctbody\u003E\n\u003Ctr\u003E\n\u003Ctd width=\u002234\u0022\u003E\n\u003Cp\u003E\u00a0\u003C\/p\u003E\n\u003Cp\u003E\u003Cstrong\u003EDz.\u003C\/strong\u003E\u003C\/p\u003E\n\u003C\/td\u003E\n\u003Ctd width=\u002257\u0022\u003E\n\u003Cp\u003E\u00a0\u003C\/p\u003E\n\u003Cp\u003E\u003Cstrong\u003ERozdz.\u003C\/strong\u003E\u003C\/p\u003E\n\u003C\/td\u003E\n\u003Ctd width=\u0022266\u0022\u003E\n\u003Cp\u003E\u00a0\u003C\/p\u003E\n\u003Cp\u003E\u003Cstrong\u003EWyszczeg\u00f3lnienie\u003C\/strong\u003E\u003C\/p\u003E\n\u003C\/td\u003E\n\u003Ctd width=\u0022104\u0022\u003E\n\u003Cp\u003E\u00a0\u003C\/p\u003E\n\u003Cp\u003E\u003Cstrong\u003EZmniejszenia\u003C\/strong\u003E\u003C\/p\u003E\n\u003C\/td\u003E\n\u003Ctd width=\u0022104\u0022\u003E\n\u003Cp\u003E\u00a0\u003C\/p\u003E\n\u003Cp\u003E\u003Cstrong\u003EZwi\u0119kszenia\u003C\/strong\u003E\u003C\/p\u003E\n\u003C\/td\u003E\n\u003C\/tr\u003E\n\u003Ctr\u003E\n\u003Ctd width=\u002234\u0022\u003E\n\u003Cp\u003E\u00a0\u003C\/p\u003E\n\u003Cp\u003E\u003Cstrong\u003E710\u003C\/strong\u003E\u003C\/p\u003E\n\u003C\/td\u003E\n\u003Ctd colspan=\u00222\u0022 width=\u0022322\u0022\u003E\n\u003Cp\u003E\u00a0\u003C\/p\u003E\n\u003Cp\u003E\u003Cstrong\u003EDzia\u0142alno\u015b\u0107 us\u0142ugowa\u003C\/strong\u003E\u003C\/p\u003E\n\u003C\/td\u003E\n\u003Ctd width=\u0022104\u0022\u003E\n\u003Cp\u003E\u00a0\u003C\/p\u003E\n\u003Cp\u003E\u003Cstrong\u003E\u00a0\u003C\/strong\u003E\u003C\/p\u003E\n\u003C\/td\u003E\n\u003Ctd width=\u0022104\u0022\u003E\n\u003Cp\u003E\u00a0\u003C\/p\u003E\n\u003Cp\u003E\u003Cstrong\u003E4 670 959\u003C\/strong\u003E\u003C\/p\u003E\n\u003C\/td\u003E\n\u003C\/tr\u003E\n\u003Ctr\u003E\n\u003Ctd width=\u002234\u0022\u003E\n\u003Cp\u003E\u00a0\u003C\/p\u003E\n\u003Cp\u003E\u00a0\u003C\/p\u003E\n\u003C\/td\u003E\n\u003Ctd width=\u002257\u0022\u003E\n\u003Cp\u003E\u00a0\u003C\/p\u003E\n\u003Cp\u003E71095\u003C\/p\u003E\n\u003C\/td\u003E\n\u003Ctd width=\u0022266\u0022\u003E\n\u003Cp\u003E\u00a0\u003C\/p\u003E\n\u003Cp\u003EPozosta\u0142a dzia\u0142alno\u015b\u0107\u003C\/p\u003E\n\u003C\/td\u003E\n\u003Ctd width=\u0022104\u0022\u003E\n\u003Cp\u003E\u00a0\u003C\/p\u003E\n\u003Cp\u003E\u00a0\u003C\/p\u003E\n\u003C\/td\u003E\n\u003Ctd width=\u0022104\u0022\u003E\n\u003Cp\u003E\u00a0\u003C\/p\u003E\n\u003Cp\u003E4 670 959\u003C\/p\u003E\n\u003C\/td\u003E\n\u003C\/tr\u003E\n\u003Ctr\u003E\n\u003Ctd width=\u002234\u0022\u003E\n\u003Cp\u003E\u00a0\u003C\/p\u003E\n\u003Cp\u003E\u00a0\u003C\/p\u003E\n\u003C\/td\u003E\n\u003Ctd width=\u002257\u0022\u003E\n\u003Cp\u003E\u00a0\u003C\/p\u003E\n\u003Cp\u003E\u00a0\u003C\/p\u003E\n\u003C\/td\u003E\n\u003Ctd width=\u0022266\u0022\u003E\n\u003Cp\u003E\u00a0\u003C\/p\u003E\n\u003Cp\u003EWydatki maj\u0105tkowe\u003C\/p\u003E\n\u003C\/td\u003E\n\u003Ctd width=\u0022104\u0022\u003E\n\u003Cp\u003E\u00a0\u003C\/p\u003E\n\u003Cp\u003E\u00a0\u003C\/p\u003E\n\u003C\/td\u003E\n\u003Ctd width=\u0022104\u0022\u003E\n\u003Cp\u003E\u00a0\u003C\/p\u003E\n\u003Cp\u003E4 670 959\u003C\/p\u003E\n\u003C\/td\u003E\n\u003C\/tr\u003E\n\u003Ctr\u003E\n\u003Ctd width=\u002234\u0022\u003E\n\u003Cp\u003E\u00a0\u003C\/p\u003E\n\u003Cp\u003E\u003Cstrong\u003E750\u003C\/strong\u003E\u003C\/p\u003E\n\u003C\/td\u003E\n\u003Ctd colspan=\u00222\u0022 width=\u0022322\u0022\u003E\n\u003Cp\u003E\u00a0\u003C\/p\u003E\n\u003Cp\u003E\u003Cstrong\u003EAdministracja publiczna\u003C\/strong\u003E\u003C\/p\u003E\n\u003C\/td\u003E\n\u003Ctd width=\u0022104\u0022\u003E\n\u003Cp\u003E\u00a0\u003C\/p\u003E\n\u003Cp\u003E\u003Cstrong\u003E4 670 959\u003C\/strong\u003E\u003C\/p\u003E\n\u003C\/td\u003E\n\u003Ctd width=\u0022104\u0022\u003E\n\u003Cp\u003E\u00a0\u003C\/p\u003E\n\u003Cp\u003E\u003Cstrong\u003E\u00a0\u003C\/strong\u003E\u003C\/p\u003E\n\u003C\/td\u003E\n\u003C\/tr\u003E\n\u003Ctr\u003E\n\u003Ctd width=\u002234\u0022\u003E\n\u003Cp\u003E\u00a0\u003C\/p\u003E\n\u003Cp\u003E\u00a0\u003C\/p\u003E\n\u003C\/td\u003E\n\u003Ctd width=\u002257\u0022\u003E\n\u003Cp\u003E\u00a0\u003C\/p\u003E\n\u003Cp\u003E75018\u003C\/p\u003E\n\u003C\/td\u003E\n\u003Ctd width=\u0022266\u0022\u003E\n\u003Cp\u003E\u00a0\u003C\/p\u003E\n\u003Cp\u003EUrz\u0119dy marsza\u0142kowskie\u003C\/p\u003E\n\u003C\/td\u003E\n\u003Ctd width=\u0022104\u0022\u003E\n\u003Cp\u003E\u00a0\u003C\/p\u003E\n\u003Cp\u003E4 670 959\u003C\/p\u003E\n\u003C\/td\u003E\n\u003Ctd width=\u0022104\u0022\u003E\n\u003Cp\u003E\u00a0\u003C\/p\u003E\n\u003Cp\u003E\u00a0\u003C\/p\u003E\n\u003C\/td\u003E\n\u003C\/tr\u003E\n\u003Ctr\u003E\n\u003Ctd width=\u002234\u0022\u003E\n\u003Cp\u003E\u00a0\u003C\/p\u003E\n\u003Cp\u003E\u00a0\u003C\/p\u003E\n\u003C\/td\u003E\n\u003Ctd width=\u002257\u0022\u003E\n\u003Cp\u003E\u00a0\u003C\/p\u003E\n\u003Cp\u003E\u00a0\u003C\/p\u003E\n\u003C\/td\u003E\n\u003Ctd width=\u0022266\u0022\u003E\n\u003Cp\u003E\u00a0\u003C\/p\u003E\n\u003Cp\u003EWydatki bie\u017c\u0105ce, w tym wynagrodzenia i pochodne od wynagrodze\u0144\u003C\/p\u003E\n\u003C\/td\u003E\n\u003Ctd width=\u0022104\u0022\u003E\n\u003Cp\u003E\u00a0\u003C\/p\u003E\n\u003Cp\u003E4 670 959\u003C\/p\u003E\n\u003C\/td\u003E\n\u003Ctd width=\u0022104\u0022\u003E\n\u003Cp\u003E\u00a0\u003C\/p\u003E\n\u003Cp\u003E\u00a0\u003C\/p\u003E\n\u003C\/td\u003E\n\u003C\/tr\u003E\n\u003C\/tbody\u003E\n\u003C\/table\u003E\n\u003Cp\u003E\u00a0\u003C\/p\u003E\n\u003Cp\u003E\u00a0\u003C\/p\u003E\n\u003Cp\u003E\u0026nbsp;\u003C\/p\u003E\n\u003Col start=\u00222\u0022\u003E\n\u003Cli\u003EPrzeniesie\u0144, o kt\u00f3rych mowa w ust. 1, dokonuje si\u0119 celem zabezpieczenia cz\u0119\u015bci \u015brodk\u00f3w na zakup akcji G\u00f3rno\u015bl\u0105skiego Towarzystwa Lotniczego SA w Katowicach.\u003C\/li\u003E\n\u003C\/ol\u003E\n\u003Cp style=\u0022text-align: center;\u0022\u003E\u003Cbr \/\u003E \u003Cstrong\u003E\u00a7\u003C\/strong\u003E\u003Cstrong\u003E2 \u003C\/strong\u003E\u003C\/p\u003E\n\u003Cp\u003E\u003Cbr \/\u003E \u003Cbr \/\u003E Wykonanie uchwa\u0142y powierza si\u0119 Zarz\u0105dowi Wojew\u00f3dztwa \u015al\u0105skiego.\u003C\/p\u003E\n\u003Cp style=\u0022text-align: center;\u0022\u003E\u003Cbr \/\u003E \u003Cstrong\u003E\u00a7\u003C\/strong\u003E\u003Cstrong\u003E3\u003C\/strong\u003E\u003C\/p\u003E\n\u003Cp\u003E\u003Cbr \/\u003E \u003Cbr \/\u003E Uchwa\u0142a wchodzi w \u017cycie z dniem podj\u0119cia.\u003C\/p\u003E","promotion":false}},{"id":"bf6dbc25-d119-11e7-80a9-005056b46601","type":"Gallery","name":"Galeria","description":"Galeria"},{"id":"bf6e1f6b-d119-11e7-80a9-005056b46601","type":"Attachment","name":"Za\u0142\u0105czniki","description":"Za\u0142\u0105czniki do strony"},{"id":"eba03b25-d9a7-11e7-b355-005056b70dba","type":"PageTitle","name":"","description":"Tytu\u0142 strony","content":{"title":"Uchwa\u0142a Sejmiku nr III\/45\/21\/2009 z dnia 2009-12-17"}},{"id":"eba07701-d9a7-11e7-b355-005056b70dba","type":"PageDescription","name":"","description":"Zajawka strony","content":[]},{"id":"1b1a7940-ff78-11e7-b81e-005056b7801d","type":"SectionDescription","name":"","description":"Zajawka sekcji","content":[]}]}