{"id":24414,"name":"uchwala-sejmiku-nr-iii46102010-z-dnia-2010-01-20","title":"Uchwa\u0142a Sejmiku nr III\/46\/10\/2010 z dnia 2010-01-20","desc":"","header":"Uchwa\u0142a Sejmiku nr III\/46\/10\/2010 z dnia 2010-01-20","lead":"","keywords":"","changes":"migracja danych","menu":"","path":"\/sejmik_wojewodztwa\/sesje_sejmiku\/uchwaly\/uchwala-sejmiku-nr-iii46102010-z-dnia-2010-01-20.html","url":"\/sejmik_wojewodztwa\/sesje_sejmiku\/uchwaly\/uchwala-sejmiku-nr-iii46102010-z-dnia-2010-01-20.html","infoOwner":"Urz\u0105d Marsza\u0142kowski Wojew\u00f3dztwa \u015al\u0105skiego","dateFirstPublicate":"2021-12-28 14:26:32","dateLastVersionPublicate":"2021-12-28 14:26:32","dateAvailableFrom":"","dateAvailableTo":"","type":"Uchwa\u0142a Sejmiku","pageParams":[{"id":"225","name":"DATA_OGLOSZENIA","description":"Data og\u0142oszenia","value":"2010-01-20"},{"id":"235","name":"W sprawie","description":"W sprawie","value":"wyra\u017cenia zgody na dokonanie przez Wojew\u00f3dztwo \u015al\u0105skie zamiany nieruchomo\u015bci stanowi\u0105cej w\u0142asno\u015b\u0107 Wojew\u00f3dztwa \u015al\u0105skiego, po\u0142o\u017conej w Zawierciu przy ulicy W\u0142adys\u0142awa \u017by\u0142y 16, na nieruchomo\u015b\u0107 stanowi\u0105c\u0105 w\u0142asno\u015b\u0107 Powiatu Zawiercia\u0144skiego, po\u0142o\u017con\u0105 w Zawierciu przy ulicy Obro\u0144c\u00f3w Poczty Gda\u0144skiej 93, bez obowi\u0105zku dokonywania dop\u0142at i uchylenia uchwa\u0142y Nr III\/41\/17\/2009 z dnia 26 sierpnia 2009 roku"},{"id":"299","name":"NUMER_UCHWALY_SEJMIKU","description":"Numer uchwa\u0142y","value":"III\/46\/10\/2010"}],"components":[{"id":"bf6d5eba-d119-11e7-80a9-005056b46601","type":"ContentWYSIWYG","name":"Tre\u015b\u0107","description":"Tre\u015b\u0107 strony","content":{"content":"\u003Cdiv class=\u0022lead1\u0022\u003ENa podstawie\u003Cbr \/\u003Eart. 18 pkt 20\u003Cbr \/\u003E ustawy z dnia 5 czerwca 1998 roku o samorz\u0105dzie wojew\u00f3dztwa\u003Cbr \/\u003E (t. j. Dz. U. Nr 142 z 2001 roku, poz. 1590 z p\u00f3\u017an. zm.)\u003Cbr \/\u003E w zwi\u0105zku z art. 14 ust. 3 i 5\u003Cbr \/\u003E ustawy z dnia 21 sierpnia 1997 roku o gospodarce nieruchomo\u015bciami\u003Cbr \/\u003E (t. j. Dz. U. Nr 261 z 2004 roku, poz. 2603 z p\u00f3\u017an. zm.)\u003C\/div\u003E\n\u003Cdiv class=\u0022tresc\u0022\u003E\n\u003Cdiv style=\u0022text-align: justify;\u0022\u003E\u003Cbr \/\u003E\n\u003Cdiv style=\u0022text-align: center;\u0022\u003E\u003Cspan style=\u0022font-weight: bold;\u0022\u003E\u00a7 1 \u003C\/span\u003E\u003C\/div\u003E\n\u003Cbr \/\u003E \u003Cbr \/\u003EWyra\u017ca si\u0119 zgod\u0119 na dokonanie przez Wojew\u00f3dztwo \u015al\u0105skie zamiany nieruchomo\u015bci zabudowanej, stanowi\u0105cej w\u0142asno\u015b\u0107 Wojew\u00f3dztwa \u015al\u0105skiego, po\u0142o\u017conej w Zawierciu, oznaczonej jako dzia\u0142ka nr 20\/2 karta mapy 12, o powierzchni 0,4470 ha, obj\u0119tej ksi\u0119g\u0105 wieczyst\u0105 nr KW CZ1Z\/00003335\/0, na nieruchomo\u015b\u0107 stanowi\u0105c\u0105 w\u0142asno\u015b\u0107 Powiatu Zawiercia\u0144skiego, po\u0142o\u017con\u0105 w Zawierciu przy ulicy Obro\u0144c\u00f3w Poczty Gda\u0144skiej 93, oznaczon\u0105 jako dzia\u0142ka nr 6\/85 karta mapy 64, o powierzchni 0,3261 ha, obj\u0119tej ksi\u0119g\u0105 wieczyst\u0105 nr CZ1Z\/00040908\/9. \u003Cbr \/\u003E\u003Cbr \/\u003E\u003Cbr \/\u003E\n\u003Cdiv style=\u0022text-align: center;\u0022\u003E\u003Cspan style=\u0022font-weight: bold;\u0022\u003E\u00a7 2 \u003C\/span\u003E\u003C\/div\u003E\n\u003Cbr \/\u003E \u003Cbr \/\u003EZamiana nast\u0105pi bez obowi\u0105zku dokonywania dop\u0142at. \u003Cbr \/\u003E\u003Cbr \/\u003E\u003Cbr \/\u003E\n\u003Cdiv style=\u0022text-align: center;\u0022\u003E\u003Cspan style=\u0022font-weight: bold;\u0022\u003E\u00a7 3 \u003C\/span\u003E\u003C\/div\u003E\n\u003Cbr \/\u003E \u003Cbr \/\u003EUchyla si\u0119 uchwa\u0142\u0119 Nr III\/41\/17\/2009 z dnia 26 sierpnia 2009 roku w sprawie wyra\u017cenia zgody na dokonanie przez Wojew\u00f3dztwo \u015al\u0105skie darowizny nieruchomo\u015bci stanowi\u0105cej w\u0142asno\u015b\u0107 Wojew\u00f3dztwa \u015al\u0105skiego, po\u0142o\u017conej w Zawierciu, na rzecz Powiatu Zawiercia\u0144skiego. \u003Cbr \/\u003E\u003Cbr \/\u003E\u003Cbr \/\u003E\n\u003Cdiv style=\u0022text-align: center;\u0022\u003E\u003Cspan style=\u0022font-weight: bold;\u0022\u003E\u00a7 4 \u003C\/span\u003E\u003C\/div\u003E\n\u003Cbr \/\u003E \u003Cbr \/\u003EWykonanie uchwa\u0142y powierza si\u0119 Zarz\u0105dowi Wojew\u00f3dztwa \u015al\u0105skiego. \u003Cbr \/\u003E\u003Cbr \/\u003E\u003Cbr \/\u003E\n\u003Cdiv style=\u0022text-align: center;\u0022\u003E\u003Cspan style=\u0022font-weight: bold;\u0022\u003E\u00a7 5 \u003C\/span\u003E\u003C\/div\u003E\n\u003Cbr \/\u003E \u003Cbr \/\u003EUchwa\u0142a wchodzi w \u017cycie z dniem podj\u0119cia.\u003C\/div\u003E\n\u003C\/div\u003E","promotion":false}},{"id":"bf6dbc25-d119-11e7-80a9-005056b46601","type":"Gallery","name":"Galeria","description":"Galeria"},{"id":"bf6e1f6b-d119-11e7-80a9-005056b46601","type":"Attachment","name":"Za\u0142\u0105czniki","description":"Za\u0142\u0105czniki do strony"},{"id":"eba03b25-d9a7-11e7-b355-005056b70dba","type":"PageTitle","name":"","description":"Tytu\u0142 strony","content":{"title":"Uchwa\u0142a Sejmiku nr III\/46\/10\/2010 z dnia 2010-01-20"}},{"id":"eba07701-d9a7-11e7-b355-005056b70dba","type":"PageDescription","name":"","description":"Zajawka strony","content":[]},{"id":"1b1a7940-ff78-11e7-b81e-005056b7801d","type":"SectionDescription","name":"","description":"Zajawka sekcji","content":[]}]}