{"id":24300,"name":"uchwala-sejmiku-nr-iii5132010-z-dnia-2010-05-12","title":"Uchwa\u0142a Sejmiku nr III\/51\/3\/2010 z dnia 2010-05-12","desc":"","header":"Uchwa\u0142a Sejmiku nr III\/51\/3\/2010 z dnia 2010-05-12","lead":"","keywords":"","changes":"migracja danych","menu":"","path":"\/sejmik_wojewodztwa\/sesje_sejmiku\/uchwaly\/uchwala-sejmiku-nr-iii5132010-z-dnia-2010-05-12.html","url":"\/sejmik_wojewodztwa\/sesje_sejmiku\/uchwaly\/uchwala-sejmiku-nr-iii5132010-z-dnia-2010-05-12.html","infoOwner":"Urz\u0105d Marsza\u0142kowski Wojew\u00f3dztwa \u015al\u0105skiego","dateFirstPublicate":"2021-12-28 10:12:56","dateLastVersionPublicate":"2021-12-28 10:12:56","dateAvailableFrom":"","dateAvailableTo":"","type":"Uchwa\u0142a Sejmiku","pageParams":[{"id":"225","name":"DATA_OGLOSZENIA","description":"Data og\u0142oszenia","value":"2010-05-12"},{"id":"235","name":"W sprawie","description":"W sprawie","value":"zmian bud\u017cetu i w bud\u017cecie Wojew\u00f3dztwa \u015al\u0105skiego na 2010 rok"},{"id":"299","name":"NUMER_UCHWALY_SEJMIKU","description":"Numer uchwa\u0142y","value":"III\/51\/03\/2010"}],"components":[{"id":"bf6d5eba-d119-11e7-80a9-005056b46601","type":"ContentWYSIWYG","name":"Tre\u015b\u0107","description":"Tre\u015b\u0107 strony","content":{"content":"\u003Cp\u003ENa podstawie\u003Cbr \/\u003Eart. 18 pkt 6\u003Cbr \/\u003E ustawy z dnia 5 czerwca 1998 roku o samorz\u0105dzie wojew\u00f3dztwa\u003Cbr \/\u003E (tekst jednolity Dz. U. Nr 142 z 2001 roku, poz. 1590 z p\u00f3\u017an. zm.)\u003C\/p\u003E\n\u003Cp\u003E\u003Cb\u003ESejmik Wojew\u00f3dztwa \u015al\u0105skiego \u003Cbr \/\u003Euchwala: \u003Cbr \/\u003E\u003Cbr \/\u003E\u00a7 1 \u003C\/b\u003E\u003C\/p\u003E\n\u003Col\u003E\n\u003Cli\u003E\u003Cbr \/\u003E Dokonuje si\u0119 zmian bud\u017cetu Wojew\u00f3dztwa \u015al\u0105skiego na 2010 rok, polegaj\u0105cych na zwi\u0119kszeniu dochod\u00f3w i wydatk\u00f3w w\u0142asnych bud\u017cetu o kwot\u0119 og\u00f3\u0142em \u003Cb\u003E416 939 z\u0142\u003C\/b\u003E, zgodnie z wykazem stanowi\u0105cym za\u0142\u0105cznik nr 1 do niniejszej uchwa\u0142y. \u003Cbr \/\u003E\u003Cbr \/\u003E2. Zwi\u0119ksze\u0144, o kt\u00f3rych mowa w ust. 1, dokonuje si\u0119:\u003C\/li\u003E\n\u003C\/ol\u003E\n\u003Cp\u003E1) po stronie dochod\u00f3w w \u003Cb\u003Edz. 758\u003C\/b\u003E oraz po stronie wydatk\u00f3w w \u003Cb\u003Edz. 150 i dz. 750\u003C\/b\u003E \u2013 o kwot\u0119 \u003Cb\u003E240 380 z\u0142\u003C\/b\u003E \u2013 celem wprowadzenia do bud\u017cetu Wojew\u00f3dztwa \u015al\u0105skiego na 2010 rok \u015brodk\u00f3w europejskich, kt\u00f3re b\u0119d\u0105 przekazywane przez Bank Gospodarstwa Krajowego na rachunek dochod\u00f3w bud\u017cetu Wojew\u00f3dztwa na projekty w\u0142asne realizowane przez jednostki organizacyjne Samorz\u0105du Wojew\u00f3dztwa, \u003Cbr \/\u003E\u003Cbr \/\u003E2) po stronie dochod\u00f3w i wydatk\u00f3w w \u003Cb\u003Edz. 801\u003C\/b\u003E \u2013 o kwot\u0119 \u003Cb\u003E38 499 z\u0142 \u003C\/b\u003E- celem przyj\u0119cia do bud\u017cetu \u015brodk\u00f3w na realizacj\u0119 projektu: Diagnoza potrzeb edukacji zawodowej w subregionie cz\u0119stochowskim, w ramach Programu Operacyjnego Kapita\u0142 Ludzki, Priorytet IX \u2013 Rozw\u00f3j wykszta\u0142cenia i kompetencji w regionach, Dzia\u0142anie 9.2 \u2013 Podniesienie atrakcyjno\u015bci i jako\u015bci szkolnictwa zawodowego, \u003Cbr \/\u003E\u003Cbr \/\u003E3) po stronie dochod\u00f3w i wydatk\u00f3w w \u003Cb\u003Edz. 853\u003C\/b\u003E \u2013 o kwot\u0119 \u003Cb\u003E138 060 z\u0142\u003C\/b\u003E - celem przyj\u0119cia do bud\u017cetu \u015brodk\u00f3w na finansowanie realizacji projektu: Wsparcie dla ma\u0142ych i \u015brednich przedsi\u0119biorstw w dobie kryzysu gospodarczego, realizowanego w ramach programu Leonardo da Vinci.\u003C\/p\u003E\n\u003Cul\u003E\n\u003Cli\u003E\u003Cb\u003E 2 \u003C\/b\u003E\u003C\/li\u003E\n\u003C\/ul\u003E\n\u003Col\u003E\n\u003Cli\u003E\u003Cbr \/\u003E Dokonuje si\u0119 zmian w bud\u017cecie Wojew\u00f3dztwa \u015al\u0105skiego na 2010 rok, polegaj\u0105cych na przeniesieniu \u015brodk\u00f3w pomi\u0119dzy \u013dr\u00f3d\u0142ami dochod\u00f3w w\u0142asnych bud\u017cetu na kwot\u0119 \u003Cb\u003E964 750 z\u0142,\u003C\/b\u003E zgodnie z wyszczeg\u00f3lnieniem:\u003C\/li\u003E\n\u003C\/ol\u003E\n\u003Cp\u003Ew z\u0142\u003C\/p\u003E\n\u003Ctable width=\u0022508\u0022\u003E\n\u003Ctbody\u003E\n\u003Ctr\u003E\n\u003Ctd width=\u002227\u0022\u003E\u003Cbr \/\u003E\n\u003Cp\u003E\u003Cstrong\u003EDz.\u003C\/strong\u003E\u003C\/p\u003E\n\u003C\/td\u003E\n\u003Ctd width=\u002269\u0022\u003E\u003Cbr \/\u003E\n\u003Cp\u003E\u003Cstrong\u003ERozdz.\u003C\/strong\u003E\u003C\/p\u003E\n\u003C\/td\u003E\n\u003Ctd width=\u0022260\u0022\u003E\u003Cbr \/\u003E\n\u003Cp\u003E\u003Cstrong\u003EWyszczeg\u00f3lnienie\u003C\/strong\u003E\u003C\/p\u003E\n\u003C\/td\u003E\n\u003Ctd width=\u002276\u0022\u003E\u003Cbr \/\u003E\n\u003Cp\u003E\u003Cstrong\u003EZmniejszenia\u003C\/strong\u003E\u003C\/p\u003E\n\u003C\/td\u003E\n\u003Ctd width=\u002275\u0022\u003E\u003Cbr \/\u003E\n\u003Cp\u003E\u003Cstrong\u003EZwi\u0119kszenia\u003C\/strong\u003E\u003C\/p\u003E\n\u003C\/td\u003E\n\u003C\/tr\u003E\n\u003Ctr\u003E\n\u003Ctd width=\u002227\u0022\u003E\u003Cbr \/\u003E\n\u003Cp\u003E\u003Cstrong\u003E758\u003C\/strong\u003E\u003C\/p\u003E\n\u003C\/td\u003E\n\u003Ctd colspan=\u00222\u0022 width=\u0022330\u0022\u003E\u003Cbr \/\u003E\n\u003Cp\u003E\u003Cstrong\u003ER\u00f3\u017cne rozliczenia\u003C\/strong\u003E\u003C\/p\u003E\n\u003C\/td\u003E\n\u003Ctd width=\u002276\u0022\u003E\u003Cbr \/\u003E\n\u003Cp\u003E\u003Cstrong\u003E964 750\u003C\/strong\u003E\u003C\/p\u003E\n\u003C\/td\u003E\n\u003Ctd width=\u002275\u0022\u003E\u003Cbr \/\u003E\n\u003Cp\u003E\u003Cstrong\u003E964 750\u003C\/strong\u003E\u003C\/p\u003E\n\u003C\/td\u003E\n\u003C\/tr\u003E\n\u003Ctr\u003E\n\u003Ctd width=\u002227\u0022\u003E\u003Cbr \/\u003E\n\u003Cp\u003E\u003Cstrong\u003E\u00a0\u003C\/strong\u003E\u003C\/p\u003E\n\u003C\/td\u003E\n\u003Ctd width=\u002269\u0022\u003E\u003Cbr \/\u003E\n\u003Cp\u003E75861\u003C\/p\u003E\n\u003C\/td\u003E\n\u003Ctd width=\u0022260\u0022\u003E\u003Cbr \/\u003E\n\u003Cp\u003ERegionalne Programy Operacyjne 2007-2013\u003C\/p\u003E\n\u003C\/td\u003E\n\u003Ctd width=\u002276\u0022\u003E\u003Cbr \/\u003E\n\u003Cp\u003E964 750\u003C\/p\u003E\n\u003C\/td\u003E\n\u003Ctd width=\u002275\u0022\u003E\u003Cbr \/\u003E\n\u003Cp\u003E964 750\u003C\/p\u003E\n\u003C\/td\u003E\n\u003C\/tr\u003E\n\u003Ctr\u003E\n\u003Ctd width=\u002227\u0022\u003E\u003Cbr \/\u003E\n\u003Cp\u003E\u003Cstrong\u003E\u00a0\u003C\/strong\u003E\u003C\/p\u003E\n\u003C\/td\u003E\n\u003Ctd width=\u002269\u0022\u003E\u003Cbr \/\u003E\n\u003Cp\u003E\u003Cstrong\u003E\u00a0\u003C\/strong\u003E\u003C\/p\u003E\n\u003C\/td\u003E\n\u003Ctd width=\u0022260\u0022\u003E\u003Cbr \/\u003E\n\u003Cp\u003EDochody bud\u017cetu w\u0142asnego Wojew\u00f3dztwa \u015al\u0105skiego na 2010 rok. Dochody w\u0142asne, w tym bie\u017c\u0105ce. Fundusze strukturalne\u003C\/p\u003E\n\u003C\/td\u003E\n\u003Ctd width=\u002276\u0022\u003E\u003Cbr \/\u003E\n\u003Cp\u003E964 750\u003C\/p\u003E\n\u003C\/td\u003E\n\u003Ctd width=\u002275\u0022\u003E\u003Cbr \/\u003E\n\u003Cp\u003E\u00a0\u003C\/p\u003E\n\u003C\/td\u003E\n\u003C\/tr\u003E\n\u003Ctr\u003E\n\u003Ctd width=\u002227\u0022\u003E\u003Cbr \/\u003E\n\u003Cp\u003E\u003Cstrong\u003E\u00a0\u003C\/strong\u003E\u003C\/p\u003E\n\u003C\/td\u003E\n\u003Ctd width=\u002269\u0022\u003E\u003Cbr \/\u003E\n\u003Cp\u003E\u00a0\u003C\/p\u003E\n\u003C\/td\u003E\n\u003Ctd width=\u0022260\u0022\u003E\u003Cbr \/\u003E\n\u003Cp\u003EDochody bud\u017cetu w\u0142asnego Wojew\u00f3dztwa \u015al\u0105skiego na 2010 rok. Dochody w\u0142asne, w tym maj\u0105tkowe. Fundusze strukturalne\u003C\/p\u003E\n\u003C\/td\u003E\n\u003Ctd width=\u002276\u0022\u003E\u003Cbr \/\u003E\n\u003Cp\u003E\u00a0\u003C\/p\u003E\n\u003C\/td\u003E\n\u003Ctd width=\u002275\u0022\u003E\u003Cbr \/\u003E\n\u003Cp\u003E964 750\u003C\/p\u003E\n\u003C\/td\u003E\n\u003C\/tr\u003E\n\u003Ctr\u003E\n\u003Ctd colspan=\u00223\u0022 width=\u0022357\u0022\u003E\u003Cbr \/\u003E\n\u003Cp\u003E\u003Cstrong\u003ERAZEM\u003C\/strong\u003E\u003C\/p\u003E\n\u003C\/td\u003E\n\u003Ctd width=\u002276\u0022\u003E\u003Cbr \/\u003E\n\u003Cp\u003E\u003Cstrong\u003E964 750\u003C\/strong\u003E\u003C\/p\u003E\n\u003C\/td\u003E\n\u003Ctd width=\u002275\u0022\u003E\u003Cbr \/\u003E\n\u003Cp\u003E\u003Cstrong\u003E964 750\u003C\/strong\u003E\u003C\/p\u003E\n\u003C\/td\u003E\n\u003C\/tr\u003E\n\u003C\/tbody\u003E\n\u003C\/table\u003E\n\u003Col start=\u00222\u0022\u003E\n\u003Cli\u003E\u003Cbr \/\u003E Przeniesie\u0144, o kt\u00f3rych mowa w ust. 1, dokonuje si\u0119 celem dostosowania planu dochod\u00f3w Wydzia\u0142u Rozwoju Regionalnego do faktycznych potrzeb zwi\u0105zanych z prawid\u0142ow\u0105 realizacj\u0105 Dzia\u0142ania 2.2 \u2013 Rozw\u00f3j elektronicznych us\u0142ug publicznych w ramach Regionalnego Programu Operacyjnego Wojew\u00f3dztwa \u015al\u0105skiego na lata 2007-2013.\u003C\/li\u003E\n\u003C\/ol\u003E\n\u003Cul\u003E\n\u003Cli\u003E\u003Cb\u003E 3 \u003C\/b\u003E\u003C\/li\u003E\n\u003C\/ul\u003E\n\u003Col\u003E\n\u003Cli\u003E\u003Cbr \/\u003E \u003Cbr \/\u003E Dokonuje si\u0119 zmian w bud\u017cecie Wojew\u00f3dztwa \u015al\u0105skiego na 2010 rok, polegaj\u0105cych na przeniesieniu \u015brodk\u00f3w pomi\u0119dzy dzia\u0142ami i rozdzia\u0142ami klasyfikacji bud\u017cetowej wydatk\u00f3w w\u0142asnych na kwot\u0119 \u003Cb\u003E50 000 z\u0142\u003C\/b\u003E, zgodnie z wykazem stanowi\u0105cym za\u0142\u0105cznik nr 2 do niniejszej uchwa\u0142y.\u003Cbr \/\u003E\u003Cbr \/\u003E2. Przeniesie\u0144, o kt\u00f3rych mowa w ust. 1, dokonuje si\u0119 celem zapewnienia \u015brodk\u00f3w dla Centrum Dziedzictwa Przyrody G\u00f3rnego \u015al\u0105ska na pokrycie koszt\u00f3w monitoringu przyrodniczego prowadzonego w ramach \u003Ci\u003EProgramu Aktywizacji Gospodarczej oraz Zachowania Dziedzictwa Kulturowego Beskid\u00f3w i Jury Krakowsko-Cz\u0119stochowskiej na lata 2010 \u2013 2014\u003C\/i\u003E.\u003C\/li\u003E\n\u003C\/ol\u003E\n\u003Cul\u003E\n\u003Cli\u003E\u003Cb\u003E 4 \u003C\/b\u003E\u003C\/li\u003E\n\u003C\/ul\u003E\n\u003Cp\u003EWykonanie uchwa\u0142y powierza si\u0119 Zarz\u0105dowi Wojew\u00f3dztwa \u015al\u0105skiego.\u003C\/p\u003E\n\u003Cul\u003E\n\u003Cli\u003E\u003Cb\u003E 5 \u003C\/b\u003E\u003C\/li\u003E\n\u003C\/ul\u003E\n\u003Cp\u003EUchwa\u0142a wchodzi w \u017cycie z dniem podj\u0119cia.\u003C\/p\u003E","promotion":false}},{"id":"bf6dbc25-d119-11e7-80a9-005056b46601","type":"Gallery","name":"Galeria","description":"Galeria"},{"id":"bf6e1f6b-d119-11e7-80a9-005056b46601","type":"Attachment","name":"Za\u0142\u0105czniki","description":"Za\u0142\u0105czniki do strony","content":[{"src":"\/resource\/44077\/1274097583.pdf","extension":"PDF","name":"6bcd49af9e944241607d91aaba31954e.pdf","size":"199.97 KB"},{"src":"\/resource\/44077\/1274097609.pdf","extension":"PDF","name":"6c4e9d79e8ebe6d3af0d02247018edfa.pdf","size":"132.99 KB"}]},{"id":"eba03b25-d9a7-11e7-b355-005056b70dba","type":"PageTitle","name":"","description":"Tytu\u0142 strony","content":{"title":"Uchwa\u0142a Sejmiku nr III\/51\/3\/2010 z dnia 2010-05-12"}},{"id":"eba07701-d9a7-11e7-b355-005056b70dba","type":"PageDescription","name":"","description":"Zajawka strony","content":[]},{"id":"1b1a7940-ff78-11e7-b81e-005056b7801d","type":"SectionDescription","name":"","description":"Zajawka sekcji","content":[]}]}